{"id":99,"date":"2019-10-17T17:31:35","date_gmt":"2019-10-17T15:31:35","guid":{"rendered":"http:\/\/einsiedel-architekten.de\/cms\/?page_id=99"},"modified":"2019-12-10T13:22:49","modified_gmt":"2019-12-10T12:22:49","slug":"lehre","status":"publish","type":"page","link":"http:\/\/einsiedel-architekten.de\/cms\/lehre\/","title":{"rendered":"LEHRE"},"content":{"rendered":"\n<div class=\"wp-block-nk-visual-portfolio\">\n<div class=\"vp-portfolio vp-uid-92739cdb vp-id-461 \"\n\tdata-vp-layout=\"slider\" data-vp-content-source=\"images\" data-vp-items-style=\"fade\" data-vp-items-click-action=\"\" data-vp-items-gap=\"15\" data-vp-items-gap-vertical=\"\" data-vp-pagination=\"load-more\" data-vp-next-page-url=\"\" data-vp-slider-effect=\"slide\" data-vp-slider-items-height=\"60%\" data-vp-slider-items-min-height=\"\" data-vp-slider-slides-per-view=\"2\" data-vp-slider-speed=\"1.5\" data-vp-slider-autoplay=\"4\" data-vp-slider-autoplay-hover-pause=\"false\" data-vp-slider-centered-slides=\"true\" data-vp-slider-loop=\"false\" data-vp-slider-free-mode=\"false\" data-vp-slider-free-mode-sticky=\"false\" data-vp-slider-arrows=\"true\" data-vp-slider-bullets=\"true\" data-vp-slider-bullets-dynamic=\"false\" data-vp-slider-mousewheel=\"false\" data-vp-slider-thumbnails=\"false\" >\n\t<div class=\"vp-portfolio__preloader-wrap\">\n\t\t<div class=\"vp-portfolio__preloader\">\n\t\t\t<img decoding=\"async\" loading=\"eager\" src=\"http:\/\/einsiedel-architekten.de\/cms\/wp-content\/plugins\/visual-portfolio\/assets\/images\/logo-dark.svg\" alt=\"Visual Portfolio, Posts &amp; Image Gallery for WordPress\" width=\"20\" height=\"20\" data-skip-lazy>\n\t\t<\/div>\n\t<\/div>\n\t\t<div class=\"vp-portfolio__items-wrap\">\n\t\t\t\n<div class=\"vp-portfolio__items vp-portfolio__items-style-fade vp-portfolio__items-show-overlay-hover\">\n\n\t\t<div\t\tclass=\"vp-portfolio__item-wrap vp-portfolio__item-uid-b28407ba\" data-vp-filter=\"\" \t\t>\n\t\t\t\t\t\t\t\t\t<figure class=\"vp-portfolio__item\">\n\t\t\t\t\n<div class=\"vp-portfolio__item-img-wrap\">\n\t<div class=\"vp-portfolio__item-img\">\n\t\t\n\t\t<noscript><img loading=\"lazy\" decoding=\"async\" width=\"827\" height=\"315\" data-skip-lazy src=\"http:\/\/einsiedel-architekten.de\/cms\/wp-content\/uploads\/2019\/10\/WS-17-Gleisbogen.jpg\" class=\"wp-image-467\" alt=\"\" srcset=\"http:\/\/einsiedel-architekten.de\/cms\/wp-content\/uploads\/2019\/10\/WS-17-Gleisbogen.jpg 827w, http:\/\/einsiedel-architekten.de\/cms\/wp-content\/uploads\/2019\/10\/WS-17-Gleisbogen-300x114.jpg 300w, http:\/\/einsiedel-architekten.de\/cms\/wp-content\/uploads\/2019\/10\/WS-17-Gleisbogen-768x293.jpg 768w, http:\/\/einsiedel-architekten.de\/cms\/wp-content\/uploads\/2019\/10\/WS-17-Gleisbogen-500x190.jpg 500w, http:\/\/einsiedel-architekten.de\/cms\/wp-content\/uploads\/2019\/10\/WS-17-Gleisbogen-800x305.jpg 800w\" sizes=\"auto, (max-width: 827px) 100vw, 827px\" \/><\/noscript><img fetchpriority=\"high\" decoding=\"async\" width=\"827\" height=\"315\" src=\"http:\/\/einsiedel-architekten.de\/cms\/wp-content\/uploads\/2019\/10\/WS-17-Gleisbogen.jpg\" class=\"wp-image-467 vp-lazyload\" alt srcset=\"data:image\/svg+xml;base64,PHN2ZyB3aWR0aD0iODI3IiBoZWlnaHQ9IjMxNSIgdmlld0JveD0iMCAwIDgyNyAzMTUiIGZpbGw9Im5vbmUiIHhtbG5zPSJodHRwOi8vd3d3LnczLm9yZy8yMDAwL3N2ZyI+PC9zdmc+\" data-src=\"http:\/\/einsiedel-architekten.de\/cms\/wp-content\/uploads\/2019\/10\/WS-17-Gleisbogen.jpg\" data-srcset=\"http:\/\/einsiedel-architekten.de\/cms\/wp-content\/uploads\/2019\/10\/WS-17-Gleisbogen.jpg 827w, http:\/\/einsiedel-architekten.de\/cms\/wp-content\/uploads\/2019\/10\/WS-17-Gleisbogen-300x114.jpg 300w, http:\/\/einsiedel-architekten.de\/cms\/wp-content\/uploads\/2019\/10\/WS-17-Gleisbogen-768x293.jpg 768w, http:\/\/einsiedel-architekten.de\/cms\/wp-content\/uploads\/2019\/10\/WS-17-Gleisbogen-500x190.jpg 500w, http:\/\/einsiedel-architekten.de\/cms\/wp-content\/uploads\/2019\/10\/WS-17-Gleisbogen-800x305.jpg 800w\" data-sizes=\"auto\" loading=\"eager\">\n\t\t\t<\/div>\n<\/div>\n\t<figcaption class=\"vp-portfolio__item-overlay vp-portfolio__item-overlay-text-align-center\">\n\t\t<div class=\"vp-portfolio__item-meta-wrap vp-portfolio__custom-scrollbar\">\n\t\t\t\t<span\t\t class=\"vp-portfolio__item-meta\" \t>\n\t\n<h2 class=\"vp-portfolio__item-meta-title\">\n\tEntwurfsprojekt WS 17\/18 Gleisbogen     |     Nachnutzung Industriedenkmal  S\u00fcdl. \u00dcberwerfungsbauwerk Bahngel\u00e4nde Stuttgart Rosenstein<\/h2>\n<\/span>\t\t<\/div>\n\t<\/figcaption>\n\t\t\t<\/figure>\n\t\t\t\t\t<\/div>\n\t\t\n\t\t<div\t\tclass=\"vp-portfolio__item-wrap vp-portfolio__item-uid-c0a7838a\" data-vp-filter=\"\" \t\t>\n\t\t\t\t\t\t\t\t\t<figure class=\"vp-portfolio__item\">\n\t\t\t\t\n<div class=\"vp-portfolio__item-img-wrap\">\n\t<div class=\"vp-portfolio__item-img\">\n\t\t\n\t\t<noscript><img loading=\"lazy\" decoding=\"async\" width=\"1920\" height=\"1442\" data-skip-lazy src=\"http:\/\/einsiedel-architekten.de\/cms\/wp-content\/uploads\/2019\/12\/WS-1516-JAH-Historisches-Bild-1920x1442.jpg\" class=\"wp-image-1735\" alt=\"\" srcset=\"http:\/\/einsiedel-architekten.de\/cms\/wp-content\/uploads\/2019\/12\/WS-1516-JAH-Historisches-Bild-1920x1442.jpg 1920w, http:\/\/einsiedel-architekten.de\/cms\/wp-content\/uploads\/2019\/12\/WS-1516-JAH-Historisches-Bild-300x225.jpg 300w, http:\/\/einsiedel-architekten.de\/cms\/wp-content\/uploads\/2019\/12\/WS-1516-JAH-Historisches-Bild-1024x769.jpg 1024w, http:\/\/einsiedel-architekten.de\/cms\/wp-content\/uploads\/2019\/12\/WS-1516-JAH-Historisches-Bild-768x577.jpg 768w, http:\/\/einsiedel-architekten.de\/cms\/wp-content\/uploads\/2019\/12\/WS-1516-JAH-Historisches-Bild-500x375.jpg 500w, http:\/\/einsiedel-architekten.de\/cms\/wp-content\/uploads\/2019\/12\/WS-1516-JAH-Historisches-Bild-800x601.jpg 800w, http:\/\/einsiedel-architekten.de\/cms\/wp-content\/uploads\/2019\/12\/WS-1516-JAH-Historisches-Bild-1280x961.jpg 1280w, http:\/\/einsiedel-architekten.de\/cms\/wp-content\/uploads\/2019\/12\/WS-1516-JAH-Historisches-Bild-1536x1154.jpg 1536w, http:\/\/einsiedel-architekten.de\/cms\/wp-content\/uploads\/2019\/12\/WS-1516-JAH-Historisches-Bild-2048x1538.jpg 2048w, http:\/\/einsiedel-architekten.de\/cms\/wp-content\/uploads\/2019\/12\/WS-1516-JAH-Historisches-Bild-879x660.jpg 879w\" sizes=\"auto, (max-width: 1920px) 100vw, 1920px\" \/><\/noscript><img decoding=\"async\" width=\"1920\" height=\"1442\" src=\"http:\/\/einsiedel-architekten.de\/cms\/wp-content\/uploads\/2019\/12\/WS-1516-JAH-Historisches-Bild-1920x1442.jpg\" class=\"wp-image-1735 vp-lazyload\" alt srcset=\"data:image\/svg+xml;base64,PHN2ZyB3aWR0aD0iMTkyMCIgaGVpZ2h0PSIxNDQyIiB2aWV3Qm94PSIwIDAgMTkyMCAxNDQyIiBmaWxsPSJub25lIiB4bWxucz0iaHR0cDovL3d3dy53My5vcmcvMjAwMC9zdmciPjwvc3ZnPg==\" data-src=\"http:\/\/einsiedel-architekten.de\/cms\/wp-content\/uploads\/2019\/12\/WS-1516-JAH-Historisches-Bild-1920x1442.jpg\" data-srcset=\"http:\/\/einsiedel-architekten.de\/cms\/wp-content\/uploads\/2019\/12\/WS-1516-JAH-Historisches-Bild-1920x1442.jpg 1920w, http:\/\/einsiedel-architekten.de\/cms\/wp-content\/uploads\/2019\/12\/WS-1516-JAH-Historisches-Bild-300x225.jpg 300w, http:\/\/einsiedel-architekten.de\/cms\/wp-content\/uploads\/2019\/12\/WS-1516-JAH-Historisches-Bild-1024x769.jpg 1024w, http:\/\/einsiedel-architekten.de\/cms\/wp-content\/uploads\/2019\/12\/WS-1516-JAH-Historisches-Bild-768x577.jpg 768w, http:\/\/einsiedel-architekten.de\/cms\/wp-content\/uploads\/2019\/12\/WS-1516-JAH-Historisches-Bild-500x375.jpg 500w, http:\/\/einsiedel-architekten.de\/cms\/wp-content\/uploads\/2019\/12\/WS-1516-JAH-Historisches-Bild-800x601.jpg 800w, http:\/\/einsiedel-architekten.de\/cms\/wp-content\/uploads\/2019\/12\/WS-1516-JAH-Historisches-Bild-1280x961.jpg 1280w, http:\/\/einsiedel-architekten.de\/cms\/wp-content\/uploads\/2019\/12\/WS-1516-JAH-Historisches-Bild-1536x1154.jpg 1536w, http:\/\/einsiedel-architekten.de\/cms\/wp-content\/uploads\/2019\/12\/WS-1516-JAH-Historisches-Bild-2048x1538.jpg 2048w, http:\/\/einsiedel-architekten.de\/cms\/wp-content\/uploads\/2019\/12\/WS-1516-JAH-Historisches-Bild-879x660.jpg 879w\" data-sizes=\"auto\" loading=\"eager\">\n\t\t\t<\/div>\n<\/div>\n\t<figcaption class=\"vp-portfolio__item-overlay vp-portfolio__item-overlay-text-align-center\">\n\t\t<div class=\"vp-portfolio__item-meta-wrap vp-portfolio__custom-scrollbar\">\n\t\t\t\t<span\t\t class=\"vp-portfolio__item-meta\" \t>\n\t\n<h2 class=\"vp-portfolio__item-meta-title\">\n\tEntwurfsprojekt WS 15\/16 Jakob-Andre\u00e4-Haus     |     Neugestaltung Kindergemeindezentrum, Waiblingen <\/h2>\n<\/span>\t\t<\/div>\n\t<\/figcaption>\n\t\t\t<\/figure>\n\t\t\t\t\t<\/div>\n\t\t\n\t\t<div\t\tclass=\"vp-portfolio__item-wrap vp-portfolio__item-uid-69099876\" data-vp-filter=\"\" \t\t>\n\t\t\t\t\t\t\t\t\t<figure class=\"vp-portfolio__item\">\n\t\t\t\t\n<div class=\"vp-portfolio__item-img-wrap\">\n\t<div class=\"vp-portfolio__item-img\">\n\t\t\n\t\t<noscript><img loading=\"lazy\" decoding=\"async\" width=\"419\" height=\"308\" data-skip-lazy src=\"http:\/\/einsiedel-architekten.de\/cms\/wp-content\/uploads\/2019\/12\/SS-15-Hochhaus-W\u00fcrzburg_3.jpg\" class=\"wp-image-1737\" alt=\"\" \/><\/noscript><img decoding=\"async\" width=\"419\" height=\"308\" src=\"data:image\/svg+xml;base64,PHN2ZyB3aWR0aD0iNDE5IiBoZWlnaHQ9IjMwOCIgdmlld0JveD0iMCAwIDQxOSAzMDgiIGZpbGw9Im5vbmUiIHhtbG5zPSJodHRwOi8vd3d3LnczLm9yZy8yMDAwL3N2ZyI+PC9zdmc+\" class=\"wp-image-1737 vp-lazyload\" alt data-src=\"http:\/\/einsiedel-architekten.de\/cms\/wp-content\/uploads\/2019\/12\/SS-15-Hochhaus-W\u00fcrzburg_3.jpg\" data-sizes=\"auto\" loading=\"eager\">\n\t\t\t<\/div>\n<\/div>\n\t<figcaption class=\"vp-portfolio__item-overlay vp-portfolio__item-overlay-text-align-center\">\n\t\t<div class=\"vp-portfolio__item-meta-wrap vp-portfolio__custom-scrollbar\">\n\t\t\t\t<span\t\t class=\"vp-portfolio__item-meta\" \t>\n\t\n<h2 class=\"vp-portfolio__item-meta-title\">\n\tEntwurfsprojekt SS 15 Hochhaus W\u00fcrzburg   |   Umbau eines Baudenkmals der 30er Jahre <\/h2>\n<\/span>\t\t<\/div>\n\t<\/figcaption>\n\t\t\t<\/figure>\n\t\t\t\t\t<\/div>\n\t\t\n\t\t<div\t\tclass=\"vp-portfolio__item-wrap vp-portfolio__item-uid-c9406d9a\" data-vp-filter=\"\" \t\t>\n\t\t\t\t\t\t\t\t\t<figure class=\"vp-portfolio__item\">\n\t\t\t\t\n<div class=\"vp-portfolio__item-img-wrap\">\n\t<div class=\"vp-portfolio__item-img\">\n\t\t\n\t\t<noscript><img loading=\"lazy\" decoding=\"async\" width=\"620\" height=\"311\" data-skip-lazy src=\"http:\/\/einsiedel-architekten.de\/cms\/wp-content\/uploads\/2019\/10\/WS-1213-Weiternutzen-oder-Neubauen-e1571910202924.jpg\" class=\"wp-image-472\" alt=\"\" srcset=\"http:\/\/einsiedel-architekten.de\/cms\/wp-content\/uploads\/2019\/10\/WS-1213-Weiternutzen-oder-Neubauen-e1571910202924.jpg 620w, http:\/\/einsiedel-architekten.de\/cms\/wp-content\/uploads\/2019\/10\/WS-1213-Weiternutzen-oder-Neubauen-e1571910202924-300x150.jpg 300w, http:\/\/einsiedel-architekten.de\/cms\/wp-content\/uploads\/2019\/10\/WS-1213-Weiternutzen-oder-Neubauen-e1571910202924-500x251.jpg 500w\" sizes=\"auto, (max-width: 620px) 100vw, 620px\" \/><\/noscript><img decoding=\"async\" width=\"620\" height=\"311\" src=\"http:\/\/einsiedel-architekten.de\/cms\/wp-content\/uploads\/2019\/10\/WS-1213-Weiternutzen-oder-Neubauen-e1571910202924.jpg\" class=\"wp-image-472 vp-lazyload\" alt srcset=\"data:image\/svg+xml;base64,PHN2ZyB3aWR0aD0iNjIwIiBoZWlnaHQ9IjMxMSIgdmlld0JveD0iMCAwIDYyMCAzMTEiIGZpbGw9Im5vbmUiIHhtbG5zPSJodHRwOi8vd3d3LnczLm9yZy8yMDAwL3N2ZyI+PC9zdmc+\" data-src=\"http:\/\/einsiedel-architekten.de\/cms\/wp-content\/uploads\/2019\/10\/WS-1213-Weiternutzen-oder-Neubauen-e1571910202924.jpg\" data-srcset=\"http:\/\/einsiedel-architekten.de\/cms\/wp-content\/uploads\/2019\/10\/WS-1213-Weiternutzen-oder-Neubauen-e1571910202924.jpg 620w, http:\/\/einsiedel-architekten.de\/cms\/wp-content\/uploads\/2019\/10\/WS-1213-Weiternutzen-oder-Neubauen-e1571910202924-300x150.jpg 300w, http:\/\/einsiedel-architekten.de\/cms\/wp-content\/uploads\/2019\/10\/WS-1213-Weiternutzen-oder-Neubauen-e1571910202924-500x251.jpg 500w\" data-sizes=\"auto\" loading=\"eager\">\n\t\t\t<\/div>\n<\/div>\n\t<figcaption class=\"vp-portfolio__item-overlay vp-portfolio__item-overlay-text-align-center\">\n\t\t<div class=\"vp-portfolio__item-meta-wrap vp-portfolio__custom-scrollbar\">\n\t\t\t\t<span\t\t class=\"vp-portfolio__item-meta\" \t>\n\t\n<h2 class=\"vp-portfolio__item-meta-title\">\n\tEntwurfsprojekt WS 12\/13 Weiternutzen oder Neubauen   |   Erneuerung Gemeindezentrum Ev. Kirche Stuttgart Feuerbach <\/h2>\n<\/span>\t\t<\/div>\n\t<\/figcaption>\n\t\t\t<\/figure>\n\t\t\t\t\t<\/div>\n\t\t\n\t\t<div\t\tclass=\"vp-portfolio__item-wrap vp-portfolio__item-uid-cd9e0499\" data-vp-filter=\"\" \t\t>\n\t\t\t\t\t\t\t\t\t<figure class=\"vp-portfolio__item\">\n\t\t\t\t\n<div class=\"vp-portfolio__item-img-wrap\">\n\t<div class=\"vp-portfolio__item-img\">\n\t\t\n\t\t<noscript><img loading=\"lazy\" decoding=\"async\" width=\"620\" height=\"360\" data-skip-lazy src=\"http:\/\/einsiedel-architekten.de\/cms\/wp-content\/uploads\/2019\/10\/WS-1112-Ledermuseum-Schorndorf.jpg\" class=\"wp-image-471\" alt=\"\" srcset=\"http:\/\/einsiedel-architekten.de\/cms\/wp-content\/uploads\/2019\/10\/WS-1112-Ledermuseum-Schorndorf.jpg 620w, http:\/\/einsiedel-architekten.de\/cms\/wp-content\/uploads\/2019\/10\/WS-1112-Ledermuseum-Schorndorf-300x174.jpg 300w, http:\/\/einsiedel-architekten.de\/cms\/wp-content\/uploads\/2019\/10\/WS-1112-Ledermuseum-Schorndorf-500x290.jpg 500w\" sizes=\"auto, (max-width: 620px) 100vw, 620px\" \/><\/noscript><img decoding=\"async\" width=\"620\" height=\"360\" src=\"http:\/\/einsiedel-architekten.de\/cms\/wp-content\/uploads\/2019\/10\/WS-1112-Ledermuseum-Schorndorf.jpg\" class=\"wp-image-471 vp-lazyload\" alt srcset=\"data:image\/svg+xml;base64,PHN2ZyB3aWR0aD0iNjIwIiBoZWlnaHQ9IjM2MCIgdmlld0JveD0iMCAwIDYyMCAzNjAiIGZpbGw9Im5vbmUiIHhtbG5zPSJodHRwOi8vd3d3LnczLm9yZy8yMDAwL3N2ZyI+PC9zdmc+\" data-src=\"http:\/\/einsiedel-architekten.de\/cms\/wp-content\/uploads\/2019\/10\/WS-1112-Ledermuseum-Schorndorf.jpg\" data-srcset=\"http:\/\/einsiedel-architekten.de\/cms\/wp-content\/uploads\/2019\/10\/WS-1112-Ledermuseum-Schorndorf.jpg 620w, http:\/\/einsiedel-architekten.de\/cms\/wp-content\/uploads\/2019\/10\/WS-1112-Ledermuseum-Schorndorf-300x174.jpg 300w, http:\/\/einsiedel-architekten.de\/cms\/wp-content\/uploads\/2019\/10\/WS-1112-Ledermuseum-Schorndorf-500x290.jpg 500w\" data-sizes=\"auto\" loading=\"eager\">\n\t\t\t<\/div>\n<\/div>\n\t<figcaption class=\"vp-portfolio__item-overlay vp-portfolio__item-overlay-text-align-center\">\n\t\t<div class=\"vp-portfolio__item-meta-wrap vp-portfolio__custom-scrollbar\">\n\t\t\t\t<span\t\t class=\"vp-portfolio__item-meta\" \t>\n\t\n<h2 class=\"vp-portfolio__item-meta-title\">\n\tEntwurfsprojekt WS 11\/12 Ledermuseum Schorndorf   |   Umnutzung Industriebau zu Museum<\/h2>\n<\/span>\t\t<\/div>\n\t<\/figcaption>\n\t\t\t<\/figure>\n\t\t\t\t\t<\/div>\n\t\t\n\t\t<div\t\tclass=\"vp-portfolio__item-wrap vp-portfolio__item-uid-0225536a\" data-vp-filter=\"\" \t\t>\n\t\t\t\t\t\t\t\t\t<figure class=\"vp-portfolio__item\">\n\t\t\t\t\n<div class=\"vp-portfolio__item-img-wrap\">\n\t<div class=\"vp-portfolio__item-img\">\n\t\t\n\t\t<noscript><img loading=\"lazy\" decoding=\"async\" width=\"620\" height=\"360\" data-skip-lazy src=\"http:\/\/einsiedel-architekten.de\/cms\/wp-content\/uploads\/2019\/10\/WS-1011-Bestand-Umbauen.jpg\" class=\"wp-image-470\" alt=\"\" srcset=\"http:\/\/einsiedel-architekten.de\/cms\/wp-content\/uploads\/2019\/10\/WS-1011-Bestand-Umbauen.jpg 620w, http:\/\/einsiedel-architekten.de\/cms\/wp-content\/uploads\/2019\/10\/WS-1011-Bestand-Umbauen-300x174.jpg 300w, http:\/\/einsiedel-architekten.de\/cms\/wp-content\/uploads\/2019\/10\/WS-1011-Bestand-Umbauen-500x290.jpg 500w\" sizes=\"auto, (max-width: 620px) 100vw, 620px\" \/><\/noscript><img decoding=\"async\" width=\"620\" height=\"360\" src=\"http:\/\/einsiedel-architekten.de\/cms\/wp-content\/uploads\/2019\/10\/WS-1011-Bestand-Umbauen.jpg\" class=\"wp-image-470 vp-lazyload\" alt srcset=\"data:image\/svg+xml;base64,PHN2ZyB3aWR0aD0iNjIwIiBoZWlnaHQ9IjM2MCIgdmlld0JveD0iMCAwIDYyMCAzNjAiIGZpbGw9Im5vbmUiIHhtbG5zPSJodHRwOi8vd3d3LnczLm9yZy8yMDAwL3N2ZyI+PC9zdmc+\" data-src=\"http:\/\/einsiedel-architekten.de\/cms\/wp-content\/uploads\/2019\/10\/WS-1011-Bestand-Umbauen.jpg\" data-srcset=\"http:\/\/einsiedel-architekten.de\/cms\/wp-content\/uploads\/2019\/10\/WS-1011-Bestand-Umbauen.jpg 620w, http:\/\/einsiedel-architekten.de\/cms\/wp-content\/uploads\/2019\/10\/WS-1011-Bestand-Umbauen-300x174.jpg 300w, http:\/\/einsiedel-architekten.de\/cms\/wp-content\/uploads\/2019\/10\/WS-1011-Bestand-Umbauen-500x290.jpg 500w\" data-sizes=\"auto\" loading=\"eager\">\n\t\t\t<\/div>\n<\/div>\n\t<figcaption class=\"vp-portfolio__item-overlay vp-portfolio__item-overlay-text-align-center\">\n\t\t<div class=\"vp-portfolio__item-meta-wrap vp-portfolio__custom-scrollbar\">\n\t\t\t\t<span\t\t class=\"vp-portfolio__item-meta\" \t>\n\t\n<h2 class=\"vp-portfolio__item-meta-title\">\n\tEntwurfsprojekt WS 10\/11 Bestand - Umbauen   |   Umbau Kirchenpflege der 70er Jahre, Fellbach <\/h2>\n<\/span>\t\t<\/div>\n\t<\/figcaption>\n\t\t\t<\/figure>\n\t\t\t\t\t<\/div>\n\t\t\n\t\t<div\t\tclass=\"vp-portfolio__item-wrap vp-portfolio__item-uid-70577561\" data-vp-filter=\"\" \t\t>\n\t\t\t\t\t\t\t\t\t<figure class=\"vp-portfolio__item\">\n\t\t\t\t\n<div class=\"vp-portfolio__item-img-wrap\">\n\t<div class=\"vp-portfolio__item-img\">\n\t\t\n\t\t<noscript><img loading=\"lazy\" decoding=\"async\" width=\"620\" height=\"360\" data-skip-lazy src=\"http:\/\/einsiedel-architekten.de\/cms\/wp-content\/uploads\/2019\/10\/WS-0910-Bad-Building-2.0.jpg\" class=\"wp-image-469\" alt=\"\" srcset=\"http:\/\/einsiedel-architekten.de\/cms\/wp-content\/uploads\/2019\/10\/WS-0910-Bad-Building-2.0.jpg 620w, http:\/\/einsiedel-architekten.de\/cms\/wp-content\/uploads\/2019\/10\/WS-0910-Bad-Building-2.0-300x174.jpg 300w, http:\/\/einsiedel-architekten.de\/cms\/wp-content\/uploads\/2019\/10\/WS-0910-Bad-Building-2.0-500x290.jpg 500w\" sizes=\"auto, (max-width: 620px) 100vw, 620px\" \/><\/noscript><img decoding=\"async\" width=\"620\" height=\"360\" src=\"http:\/\/einsiedel-architekten.de\/cms\/wp-content\/uploads\/2019\/10\/WS-0910-Bad-Building-2.0.jpg\" class=\"wp-image-469 vp-lazyload\" alt srcset=\"data:image\/svg+xml;base64,PHN2ZyB3aWR0aD0iNjIwIiBoZWlnaHQ9IjM2MCIgdmlld0JveD0iMCAwIDYyMCAzNjAiIGZpbGw9Im5vbmUiIHhtbG5zPSJodHRwOi8vd3d3LnczLm9yZy8yMDAwL3N2ZyI+PC9zdmc+\" data-src=\"http:\/\/einsiedel-architekten.de\/cms\/wp-content\/uploads\/2019\/10\/WS-0910-Bad-Building-2.0.jpg\" data-srcset=\"http:\/\/einsiedel-architekten.de\/cms\/wp-content\/uploads\/2019\/10\/WS-0910-Bad-Building-2.0.jpg 620w, http:\/\/einsiedel-architekten.de\/cms\/wp-content\/uploads\/2019\/10\/WS-0910-Bad-Building-2.0-300x174.jpg 300w, http:\/\/einsiedel-architekten.de\/cms\/wp-content\/uploads\/2019\/10\/WS-0910-Bad-Building-2.0-500x290.jpg 500w\" data-sizes=\"auto\" loading=\"eager\">\n\t\t\t<\/div>\n<\/div>\n\t<figcaption class=\"vp-portfolio__item-overlay vp-portfolio__item-overlay-text-align-center\">\n\t\t<div class=\"vp-portfolio__item-meta-wrap vp-portfolio__custom-scrollbar\">\n\t\t\t\t<span\t\t class=\"vp-portfolio__item-meta\" \t>\n\t\n<h2 class=\"vp-portfolio__item-meta-title\">\n\tEntwurfsprojekt WS 09\/10 Bad Building   |   Umnutzung eines leerstehenden B\u00fcrogeb\u00e4udes der 60er Jahre, Stuttgart <\/h2>\n<\/span>\t\t<\/div>\n\t<\/figcaption>\n\t\t\t<\/figure>\n\t\t\t\t\t<\/div>\n\t\t\n\t\t<div\t\tclass=\"vp-portfolio__item-wrap vp-portfolio__item-uid-283efb1a\" data-vp-filter=\"\" \t\t>\n\t\t\t\t\t\t\t\t\t<figure class=\"vp-portfolio__item\">\n\t\t\t\t\n<div class=\"vp-portfolio__item-img-wrap\">\n\t<div class=\"vp-portfolio__item-img\">\n\t\t\n\t\t<noscript><img loading=\"lazy\" decoding=\"async\" width=\"620\" height=\"360\" data-skip-lazy src=\"http:\/\/einsiedel-architekten.de\/cms\/wp-content\/uploads\/2019\/10\/SS-08-M\u00fchlbachhofschule.jpg\" class=\"wp-image-463\" alt=\"\" srcset=\"http:\/\/einsiedel-architekten.de\/cms\/wp-content\/uploads\/2019\/10\/SS-08-M\u00fchlbachhofschule.jpg 620w, http:\/\/einsiedel-architekten.de\/cms\/wp-content\/uploads\/2019\/10\/SS-08-M\u00fchlbachhofschule-300x174.jpg 300w, http:\/\/einsiedel-architekten.de\/cms\/wp-content\/uploads\/2019\/10\/SS-08-M\u00fchlbachhofschule-500x290.jpg 500w\" sizes=\"auto, (max-width: 620px) 100vw, 620px\" \/><\/noscript><img decoding=\"async\" width=\"620\" height=\"360\" src=\"http:\/\/einsiedel-architekten.de\/cms\/wp-content\/uploads\/2019\/10\/SS-08-M\u00fchlbachhofschule.jpg\" class=\"wp-image-463 vp-lazyload\" alt srcset=\"data:image\/svg+xml;base64,PHN2ZyB3aWR0aD0iNjIwIiBoZWlnaHQ9IjM2MCIgdmlld0JveD0iMCAwIDYyMCAzNjAiIGZpbGw9Im5vbmUiIHhtbG5zPSJodHRwOi8vd3d3LnczLm9yZy8yMDAwL3N2ZyI+PC9zdmc+\" data-src=\"http:\/\/einsiedel-architekten.de\/cms\/wp-content\/uploads\/2019\/10\/SS-08-M\u00fchlbachhofschule.jpg\" data-srcset=\"http:\/\/einsiedel-architekten.de\/cms\/wp-content\/uploads\/2019\/10\/SS-08-M\u00fchlbachhofschule.jpg 620w, http:\/\/einsiedel-architekten.de\/cms\/wp-content\/uploads\/2019\/10\/SS-08-M\u00fchlbachhofschule-300x174.jpg 300w, http:\/\/einsiedel-architekten.de\/cms\/wp-content\/uploads\/2019\/10\/SS-08-M\u00fchlbachhofschule-500x290.jpg 500w\" data-sizes=\"auto\" loading=\"eager\">\n\t\t\t<\/div>\n<\/div>\n\t<figcaption class=\"vp-portfolio__item-overlay vp-portfolio__item-overlay-text-align-center\">\n\t\t<div class=\"vp-portfolio__item-meta-wrap vp-portfolio__custom-scrollbar\">\n\t\t\t\t<span\t\t class=\"vp-portfolio__item-meta\" \t>\n\t\n<h2 class=\"vp-portfolio__item-meta-title\">\n\tEntwurfsprojekt SS 08   |   M\u00fchlbachhofschule Erweiterung eines denkmalgesch\u00fctzten Schulbaus der 50er Jahre, Stuttgart Nord<\/h2>\n<\/span>\t\t<\/div>\n\t<\/figcaption>\n\t\t\t<\/figure>\n\t\t\t\t\t<\/div>\n\t\t\n\t\t<div\t\tclass=\"vp-portfolio__item-wrap vp-portfolio__item-uid-075adbda\" data-vp-filter=\"\" \t\t>\n\t\t\t\t\t\t\t\t\t<figure class=\"vp-portfolio__item\">\n\t\t\t\t\n<div class=\"vp-portfolio__item-img-wrap\">\n\t<div class=\"vp-portfolio__item-img\">\n\t\t\n\t\t<noscript><img loading=\"lazy\" decoding=\"async\" width=\"620\" height=\"360\" data-skip-lazy src=\"http:\/\/einsiedel-architekten.de\/cms\/wp-content\/uploads\/2019\/10\/SS-07-urban-upgrade.jpg\" class=\"wp-image-462\" alt=\"\" srcset=\"http:\/\/einsiedel-architekten.de\/cms\/wp-content\/uploads\/2019\/10\/SS-07-urban-upgrade.jpg 620w, http:\/\/einsiedel-architekten.de\/cms\/wp-content\/uploads\/2019\/10\/SS-07-urban-upgrade-300x174.jpg 300w, http:\/\/einsiedel-architekten.de\/cms\/wp-content\/uploads\/2019\/10\/SS-07-urban-upgrade-500x290.jpg 500w\" sizes=\"auto, (max-width: 620px) 100vw, 620px\" \/><\/noscript><img decoding=\"async\" width=\"620\" height=\"360\" src=\"http:\/\/einsiedel-architekten.de\/cms\/wp-content\/uploads\/2019\/10\/SS-07-urban-upgrade.jpg\" class=\"wp-image-462 vp-lazyload\" alt srcset=\"data:image\/svg+xml;base64,PHN2ZyB3aWR0aD0iNjIwIiBoZWlnaHQ9IjM2MCIgdmlld0JveD0iMCAwIDYyMCAzNjAiIGZpbGw9Im5vbmUiIHhtbG5zPSJodHRwOi8vd3d3LnczLm9yZy8yMDAwL3N2ZyI+PC9zdmc+\" data-src=\"http:\/\/einsiedel-architekten.de\/cms\/wp-content\/uploads\/2019\/10\/SS-07-urban-upgrade.jpg\" data-srcset=\"http:\/\/einsiedel-architekten.de\/cms\/wp-content\/uploads\/2019\/10\/SS-07-urban-upgrade.jpg 620w, http:\/\/einsiedel-architekten.de\/cms\/wp-content\/uploads\/2019\/10\/SS-07-urban-upgrade-300x174.jpg 300w, http:\/\/einsiedel-architekten.de\/cms\/wp-content\/uploads\/2019\/10\/SS-07-urban-upgrade-500x290.jpg 500w\" data-sizes=\"auto\" loading=\"eager\">\n\t\t\t<\/div>\n<\/div>\n\t<figcaption class=\"vp-portfolio__item-overlay vp-portfolio__item-overlay-text-align-center\">\n\t\t<div class=\"vp-portfolio__item-meta-wrap vp-portfolio__custom-scrollbar\">\n\t\t\t\t<span\t\t class=\"vp-portfolio__item-meta\" \t>\n\t\n<h2 class=\"vp-portfolio__item-meta-title\">\n\tEntwurfsprojekt SS 07 Urban Upgrade   |   Anpassung der Abelsberg-Siedlung, st\u00e4dtische Wohnsiedlung der 30er Jahre, Stuttgart-Ost<\/h2>\n<\/span>\t\t<\/div>\n\t<\/figcaption>\n\t\t\t<\/figure>\n\t\t\t\t\t<\/div>\n\t\t\n<\/div>\n\n<div class=\"vp-portfolio__items-arrow vp-portfolio__items-arrow-prev\" tabindex=\"0\" role=\"button\" aria-label=\"Previous Slide\">\n\t\n<svg class=\"vp-svg-icon\" width=\"20\" height=\"20\" viewBox=\"0 0 20 20\" fill=\"none\" xmlns=\"http:\/\/www.w3.org\/2000\/svg\">\n\t<path d=\"M12 4L6 10L12 16\" stroke=\"currentColor\" stroke-width=\"1.5\" stroke-linecap=\"round\" stroke-linejoin=\"round\" fill=\"transparent\" \/>\n<\/svg>\n<\/div>\n<div class=\"vp-portfolio__items-arrow vp-portfolio__items-arrow-next\" tabindex=\"0\" role=\"button\" aria-label=\"Next Slide\">\n\t\n<svg class=\"vp-svg-icon\" width=\"20\" height=\"20\" viewBox=\"0 0 20 20\" fill=\"none\" xmlns=\"http:\/\/www.w3.org\/2000\/svg\">\n\t<path d=\"M8 4L14 10L8 16\" stroke=\"currentColor\" stroke-width=\"1.5\" stroke-linecap=\"round\" stroke-linejoin=\"round\" fill=\"transparent\" \/>\n<\/svg>\n<\/div>\n\n<div class=\"vp-portfolio__items-bullets\"><\/div>\n\t\t<\/div>\n\t\t\n<\/div>\n<\/div>\n\n\n\n<p><\/p>\n\n\n\n<p style=\"color:#dd890b\" class=\"has-text-color\">2018 im Juni + Nov, 2017 im Feb + Dez <\/p>\n\n\n\n<p>Durchf\u00fchrung des Seminars &#8222;Sanieren im Denkmalschutz&#8220; am Institut Fortbildung Bau der AK Baden-W\u00fcrttemberg: Konkurrierende Belange: Denkmalschutzrechtliche Genehmigung im Spannungsfeld von Wirtschaftlichkeit, Bauordnungsrecht, Brandschutz und Barrierefreiheit &#8211; Praxisbericht.<br><br><\/p>\n\n\n\n<p style=\"color:#dd890b\" class=\"has-text-color\">2008 &#8211; 2010 <\/p>\n\n\n\n<p>Durchf\u00fchrung des Seminars &#8222;Planen und Bauen im Bestand&#8220;  am Institut Fortbildung Bau der AK Baden-W\u00fcrttemberg: &#8222;Begriffe, Methoden, Konzepte, Haltungen&#8220;<br><br><\/p>\n\n\n\n<p style=\"color:#dd890b\" class=\"has-text-color\">2010 <\/p>\n\n\n\n<p>Ernennung zum Honorarprofessor der Universit\u00e4t Stuttgart<br><br><\/p>\n\n\n\n<p style=\"color:#dd890b\" class=\"has-text-color\">seit 1999<\/p>\n\n\n\n<p>Lehrbeauftragter Universit\u00e4t Stuttgart, Institut f\u00fcr Baukonstruktion 1 f\u00fcr \u201ePlanen und Bauen im Bestand\u201c<br><br><br><\/p>\n\n\n\n<p style=\"color:#dd890b\" class=\"has-text-color\">VORTR\u00c4GE, TEILNAHME AN SYMPOSIEN<br><br><\/p>\n\n\n\n<p style=\"color:#dd890b\" class=\"has-text-color\">2019<\/p>\n\n\n\n<p>Teilnahme am Kongress \u201eZukunftsraum Schule\u201c, Stuttgart<br><br><\/p>\n\n\n\n<p style=\"color:#dd890b\" class=\"has-text-color\">2012<\/p>\n\n\n\n<p>Vorlesung Architekturfakult\u00e4t Stuttgart: &#8222;Nachhaltigkeit&#8220;<br><br><\/p>\n\n\n\n<p style=\"color:#dd890b\" class=\"has-text-color\">2011<\/p>\n\n\n\n<p>Antrittsvorlesung an Architekturfakult\u00e4t, Universit\u00e4t Stuttgart: &#8222;Umbaugeschichte(n)&#8220;<\/p>\n\n\n\n<p>Vorlesung am Institut f\u00fcr Architekturgeschichte, Universit\u00e4t Stuttgart: &#8222;Herz und Hand &#8211; Tradition und Fortschritt in Paul Schmitthenners Baugestaltung&#8220;<br><br><\/p>\n\n\n\n<p style=\"color:#dd890b\" class=\"has-text-color\">2006<\/p>\n\n\n\n<p>Vortrag zur Er\u00f6ffnung der Ausstellung &#8222;Viel Holz &#8211; Wohnbau zwischen Kochenhof und Wei\u00dfenhof&#8220; in der Architekturgalerie Wei\u00dfenhof: &#8222;Kochenhof &#8211; im Kern modern?&#8220;<br><br><\/p>\n\n\n\n<p style=\"color:#dd890b\" class=\"has-text-color\">2005 <\/p>\n\n\n\n<p>Vortrag Rotary-Club Stuttgart : &#8222;Stetig ist der Wandel &#8211; Strategien im Umgang mit Bestand&#8220; <br><br><\/p>\n\n\n\n<p style=\"color:#dd890b\" class=\"has-text-color\">2004<\/p>\n\n\n\n<p>Teilnahme an der 3.Akademie &#8222;Neues Bauen in historischer Umgebung&#8220; und an der 1.Europ. Konferenz &#8222;Denkmalpflege und Stadterneuerung&#8220;, Denkmal 2004, Leipzig <\/p>\n\n\n\n<p>Berufungsvortrag Uni Stuttgart ( Stiftungsprofessur Bauwerkserhaltung und Denkmalpflege ). &#8222;Zukunft ist Herkunft &#8211; Vom Umgang mit Baudenkmalen der Moderne&#8220; ( 2.Platz Liste )<br><br><\/p>\n\n\n\n<p style=\"color:#dd890b\" class=\"has-text-color\">2003 <\/p>\n\n\n\n<p>Teilnahme am Symposium \u201eStadtumbau\u201c, W\u00fcrzburg <br><br><\/p>\n\n\n\n<p style=\"color:#dd890b\" class=\"has-text-color\"> 2002<\/p>\n\n\n\n<p>Vortrag an der FH Hannover-Nienburg  &#8222;Perspektiven im Umgang mit dem baulichem und st\u00e4dtebaulichem Bestand&#8220;<\/p>\n\n\n\n<p>Berufungsvortrag TU Dresden ( Stiftungsprofessur Stadtumbau und Stadtforschung ) &#8220; Entwicklungsperspektiven ostdeutscher St\u00e4dte&#8220; <br><br><\/p>\n\n\n\n<p style=\"color:#dd890b\" class=\"has-text-color\"> 2001<\/p>\n\n\n\n<p>Leitung Exkursion Leipzig und Vorbereitung Exkursion Venedig im Rahmen des Lehrauftrags \u201ePlanen und Bauen im Bestand\u201c<\/p>\n\n\n\n<p>Vortrag Stuttgart : &#8222;Paul Schmitthenner &#8211; Das Deutsche Wohnhaus&#8220;<\/p>\n\n\n\n<p>Vortrag FH Augsburg &#8222;Entwerfen mit historischer Substanz&#8220;<br><br><\/p>\n\n\n\n<p style=\"color:#dd890b\" class=\"has-text-color\"> 2000<\/p>\n\n\n\n<p>Vortrag FH Karlsruhe \u201eBauen im Bestand \u2013 Verarmung oder Chance\u201c  <\/p>\n\n\n\n<p>Teilnahme am Symposium \u201eUmnutzung von Industriebrachen \/ Schlachthofareal Berlin-Friedrichshain\u201c <br><br><\/p>\n\n\n\n<p style=\"color:#dd890b\" class=\"has-text-color\"> 1999-2004<\/p>\n\n\n\n<p>Lehrauftrag an der Universit\u00e4t Stuttgart \u201c Planen und Bauen im Bestand\u201c ( Oberstufenseminar mit Vortr\u00e4gen und Betreuung von Entwurfsaufgaben ) am Institut f\u00fcr Baukonstruktion, Lehrstuhl I, Prof. Peter Cheret <br><br><\/p>\n\n\n\n<p style=\"color:#dd890b\" class=\"has-text-color\">1999<\/p>\n\n\n\n<p>Vortrag an der Fachhochschule Hamburg : Werkbericht&nbsp; \u201eBauen im Bestand : Projekte aus K\u00f6ln und Dresden\u201c<\/p>\n\n\n\n<p>Teilnahme am Workshop &#8222;Gestaltung von Bushaltestellen in der Altstadt von M\u00fcnster&#8220;<\/p>\n\n\n\n<p>Vortrag auf dem Symposium Architektur der Kinderg\u00e4rten, Ulm: \u201eKita Zugasse als Umbau und Umnutzung einer historischen Industriehalle\u201c<\/p>\n\n\n\n<p>Vortrag \u201eDrei Dresdner Regierungsbauten\u201c beim 21.Darmst\u00e4dter Massivbau-Seminar \u201eBauten im Wandel \u2013 Umnutzung, Anpassung, \u00d6kologie\u201c, TUD<br><br><\/p>\n\n\n\n<p style=\"color:#dd890b\" class=\"has-text-color\">1998<\/p>\n\n\n\n<p>Berufungsvortrag an der Hochschule f\u00fcr Wirtschaft, Technik und Kultur, Leipzig: ( Professur Entwurfsorientierte Denkmalpflege ) &#8222;Bauten und Projekte\u201c ( 2.Platz Liste ) <\/p>\n\n\n\n<p>Durchf\u00fchrung eines Entwurfseminars an der HWTK, Leipzig: \u201eBauen im Bestand\u201c am Beispiel der Deutschen Werkst\u00e4tten, Dresden-Hellerau <br><br><\/p>\n\n\n\n<p style=\"color:#dd890b\" class=\"has-text-color\">1992-95<\/p>\n\n\n\n<p> Vortr\u00e4ge und Moderation f\u00fcr Veranstaltungsreihe zu st\u00e4dtebaulichen Erneuerungskonzepte f\u00fcr die Dresdner Sanierungsgebiete \u00c4u\u00dfere Neustadt und Hechtviertel <\/p>\n","protected":false},"excerpt":{"rendered":"<p>2018 im Juni + Nov, 2017 im Feb + Dez Durchf\u00fchrung des Seminars &#8222;Sanieren im Denkmalschutz&#8220; am Institut Fortbildung Bau der AK Baden-W\u00fcrttemberg: Konkurrierende Belange: Denkmalschutzrechtliche Genehmigung im Spannungsfeld von Wirtschaftlichkeit, Bauordnungsrecht, Brandschutz und Barrierefreiheit &#8211; Praxisbericht. 2008 &#8211; 2010 Durchf\u00fchrung des Seminars &#8222;Planen und Bauen im Bestand&#8220; am Institut Fortbildung Bau der AK Baden-W\u00fcrttemberg: [&hellip;]<\/p>\n","protected":false},"author":2,"featured_media":0,"parent":0,"menu_order":0,"comment_status":"closed","ping_status":"closed","template":"","meta":{"_vp_format_video_url":"","_vp_image_focal_point":[],"footnotes":""},"folder":[4],"class_list":["post-99","page","type-page","status-publish","hentry"],"_links":{"self":[{"href":"http:\/\/einsiedel-architekten.de\/cms\/wp-json\/wp\/v2\/pages\/99","targetHints":{"allow":["GET"]}}],"collection":[{"href":"http:\/\/einsiedel-architekten.de\/cms\/wp-json\/wp\/v2\/pages"}],"about":[{"href":"http:\/\/einsiedel-architekten.de\/cms\/wp-json\/wp\/v2\/types\/page"}],"author":[{"embeddable":true,"href":"http:\/\/einsiedel-architekten.de\/cms\/wp-json\/wp\/v2\/users\/2"}],"replies":[{"embeddable":true,"href":"http:\/\/einsiedel-architekten.de\/cms\/wp-json\/wp\/v2\/comments?post=99"}],"version-history":[{"count":25,"href":"http:\/\/einsiedel-architekten.de\/cms\/wp-json\/wp\/v2\/pages\/99\/revisions"}],"predecessor-version":[{"id":1734,"href":"http:\/\/einsiedel-architekten.de\/cms\/wp-json\/wp\/v2\/pages\/99\/revisions\/1734"}],"wp:attachment":[{"href":"http:\/\/einsiedel-architekten.de\/cms\/wp-json\/wp\/v2\/media?parent=99"}],"wp:term":[{"taxonomy":"folder","embeddable":true,"href":"http:\/\/einsiedel-architekten.de\/cms\/wp-json\/wp\/v2\/folder?post=99"}],"curies":[{"name":"wp","href":"https:\/\/api.w.org\/{rel}","templated":true}]}}