{"id":906,"date":"2019-11-18T12:09:49","date_gmt":"2019-11-18T11:09:49","guid":{"rendered":"http:\/\/einsiedel-architekten.de\/cms\/?page_id=906"},"modified":"2022-07-19T10:32:06","modified_gmt":"2022-07-19T08:32:06","slug":"wettbewerbe","status":"publish","type":"page","link":"http:\/\/einsiedel-architekten.de\/cms\/wettbewerbe\/","title":{"rendered":"WETTBEWERBE"},"content":{"rendered":"\n<p><\/p>\n\n\n\n<p class=\"has-text-color\" style=\"color:#dd890b\">WETTBEWERBE 1988-2022<\/p>\n\n\n\n<p class=\"has-text-color\" style=\"color:#dd890b\"><br>2022 <\/p>\n\n\n\n<p>St\u00e4dtebaul. Wettbewerb Neuordnung Bahnhofsquartier Offenburg | Stadt Offenburg + DB | <strong>Finalist <\/strong><br><\/p>\n\n\n\n<p class=\"has-text-color\" style=\"color:#dd890b\">2021<\/p>\n\n\n\n<p>St\u00e4dtebaul. Wettbewerb &#8222;VFL-Post-Areal&#8220; in Pliensauvorstadt &nbsp;&nbsp; |&nbsp; &nbsp;Stadt Esslingen<br>Ideenwettbewerb \u201eFallenbrunnen Nordost\u201c in Friedrichshafen&nbsp;&nbsp; |&nbsp; &nbsp;Stadt Friedrichshafen&nbsp;&nbsp; |&nbsp; &nbsp;<strong>Anerkennung<\/strong><br>Ideen- und Realisierungswettbewerb &#8222;Quartier an der Leonhardstra\u00dfe&#8220;&nbsp;&nbsp;|&nbsp; &nbsp;Stadt Kempten<br>St\u00e4dtebaul. Wettbewerb \u201eWohngebiet Sieben-H\u00f6fe-Stra\u00dfe 109-111\u201c &nbsp;&nbsp;|&nbsp; &nbsp;Stadt T\u00fcbingen<br><br><\/p>\n\n\n\n<p class=\"has-text-color\" style=\"color:#dd890b\">2020<\/p>\n\n\n\n<p>St\u00e4dtebaul. Ideenwettbewerb \u201eSchlachthofquartier\u201c &nbsp;&nbsp;|&nbsp; &nbsp;Stadt Offenburg&nbsp;&nbsp; | &nbsp;<strong>Engere Wahl<\/strong><br>Realisierungswettbewerb &#8222;Grundschule mit Sportanlagen&#8220;&nbsp;&nbsp;|&nbsp; &nbsp;Stadt Donaustauf&nbsp;<br><br><\/p>\n\n\n\n<p class=\"has-text-color\" style=\"color:#dd890b\">2019<\/p>\n\n\n\n<p>Gutachten Modernisierung Jakob-Andre\u00e4-Haus, Waiblingen&nbsp;&nbsp; |&nbsp;&nbsp; Evangelische Kirchenpflege &nbsp;&nbsp; |&nbsp;&nbsp;  in Arge mit H.P.Matheis, architekturundenergie &nbsp;&nbsp; |&nbsp;&nbsp;   <strong>2.Rang<\/strong><br>St\u00e4dtebaul. Ideenwettbewerb Rosenstein \u201eIdeen f\u00fcr den neuen Stadtteil\u201c &nbsp; &nbsp;| &nbsp;&nbsp; Stadt Stuttgart &nbsp; &nbsp;| &nbsp;&nbsp; &nbsp;<strong>Finalist<\/strong> <br>Realisierungswettbewerb \u201eDer neue St\u00f6ckach\u201c   |   EnBW Energie Baden-W\u00fcrttemberg AG <br><br><\/p>\n\n\n\n<p class=\"has-text-color\" style=\"color:#dd890b\"> 2018<\/p>\n\n\n\n<p> St\u00e4dtebaul. Ideenwettbewerb \u201eSchieferbuckel\u201c &nbsp;&nbsp;|&nbsp; &nbsp;Stadt Reutlingen&nbsp;&nbsp; | &nbsp;<strong>Anerkennung<\/strong><br><br><\/p>\n\n\n\n<p class=\"has-text-color\" style=\"color:#dd890b\">2017<\/p>\n\n\n\n<p>St\u00e4dtebaul. Realisierungswettbewerb Konversion Darmstadt S\u00fcd&nbsp;&nbsp; |&nbsp;&nbsp; Stadt Darmstadt<br><br><\/p>\n\n\n\n<p class=\"has-text-color\" style=\"color:#dd890b\">2016<\/p>\n\n\n\n<p>St\u00e4dtebaul. Realisierungswettbewerb Hindenburgskaserne Ulm&nbsp; &nbsp;| &nbsp;&nbsp;Stadt Ulm &nbsp;&nbsp;|&nbsp; &nbsp;<strong>1. Preis<\/strong><br><br><\/p>\n\n\n\n<p class=\"has-text-color\" style=\"color:#dd890b\">2014<\/p>\n\n\n\n<p>Architekturwettbewerb Konversionsfl\u00e4che Rohrbach-Hospital &nbsp;&nbsp;|&nbsp; &nbsp;Stadt Heidelberg&nbsp; &nbsp;|&nbsp; <strong>&nbsp;Anerkennung<\/strong><br><br><\/p>\n\n\n\n<p class=\"has-text-color\" style=\"color:#dd890b\">2011<\/p>\n\n\n\n<p>Gutachten Erweiterung Internationale Schule Stuttgart &nbsp; &nbsp;| &nbsp;&nbsp; Stuttgart International School &nbsp; &nbsp;| &nbsp;&nbsp; in Arge mit Cheret + Bozic Architekten, Stuttgart &nbsp; &nbsp;| &nbsp;&nbsp; <strong>2.Rang<\/strong><br><br><\/p>\n\n\n\n<p class=\"has-text-color\" style=\"color:#dd890b\">2010<\/p>\n\n\n\n<p>WB Residenz und Hofstra\u00dfe &nbsp;&nbsp;| &nbsp;&nbsp;Stadt W\u00fcrzburg<br><br><\/p>\n\n\n\n<p class=\"has-text-color\" style=\"color:#dd890b\">2009<\/p>\n\n\n\n<p>Gutachten Umbau Benazet-Saal Kurhaus Baden-Baden &nbsp;&nbsp;| &nbsp;&nbsp;Verm\u00f6gen und BauBW &nbsp;&nbsp;| &nbsp;&nbsp;<strong>2. Rang<\/strong><br>Gutachten Erweiterung M\u00fchlbachhofschule mit Neubau Sporthalle&nbsp; &nbsp;|&nbsp; &nbsp;Stadt Stutgart&nbsp; &nbsp;|&nbsp; &nbsp;<strong>2. Rang<\/strong><br><br><\/p>\n\n\n\n<p class=\"has-text-color\" style=\"color:#dd890b\">2007<\/p>\n\n\n\n<p>Realisierungswettbewerb Umbau Kindertagesst\u00e4tte St.Maria in Wasseralfingen&nbsp; &nbsp;| &nbsp;&nbsp;Kath.Kirchengemeinde St.Stephanus&nbsp; &nbsp;|&nbsp; &nbsp;<strong>3. Preis<\/strong><br><br><\/p>\n\n\n\n<p class=\"has-text-color\" style=\"color:#dd890b\">2005<\/p>\n\n\n\n<p>Realisierungswettbewerb Kunsthalle im Ernst-Sachs-Bad Schweinfurt &nbsp;&nbsp;|&nbsp;&nbsp; Stadt Schweinfurt<br>St\u00e4dtebaul. Ideenwettbewerb Marktplatz Stuttgart&nbsp;&nbsp; |&nbsp;&nbsp; Stadt Stuttgart<br><br><\/p>\n\n\n\n<p class=\"has-text-color\" style=\"color:#dd890b\">2004<\/p>\n\n\n\n<p>Realisierungswettbewerb Erweiterung R\u00f6mermuseum Osterburken&nbsp;&nbsp; |&nbsp;&nbsp; Stadt Osterburken Volksbank Kirnau&nbsp;&nbsp; |&nbsp;&nbsp; <strong>Anerkennung<\/strong><br>Realisierungswettbewerb Umbau Pfarrzentrum St.Bonifatius in Herbrechtingen&nbsp;&nbsp; |&nbsp; &nbsp;Kath. Pfarramt St.Bonifatius<br><br><\/p>\n\n\n\n<p class=\"has-text-color\" style=\"color:#dd890b\">2003<\/p>\n\n\n\n<p>St\u00e4dtebaul. Wettbewerb Campus Westend&nbsp;&nbsp; |&nbsp; &nbsp;Universit\u00e4t Frankfurt \/M Staatshochbauamt<br>St\u00e4dtebaul. Ideenwettbewerb Bockenheim &nbsp;&nbsp;|&nbsp;&nbsp; Stadt Frankfurt \/M Land Hessen<br><br><\/p>\n\n\n\n<p class=\"has-text-color\" style=\"color:#dd890b\">2002<\/p>\n\n\n\n<p>Realisierungswettbewerb Realschule H\u00f6chstadt&nbsp;&nbsp; |&nbsp;&nbsp; Landratsamt Erlangen-H\u00f6chstadt&nbsp;&nbsp; |&nbsp;&nbsp; <strong>Anerkennung<\/strong><br><br><\/p>\n\n\n\n<p class=\"has-text-color\" style=\"color:#dd890b\">2001<\/p>\n\n\n\n<p>Realisierungswettbewerb Hauptschule K\u00f6nigsbrunn&nbsp;&nbsp; |&nbsp; &nbsp;Stadt K\u00f6nigsbrunn &nbsp;&nbsp;|&nbsp;&nbsp; <strong>Anerkennung<\/strong><br>Realisierungswettbewerb Kath. Gemeindezentrum &nbsp;&nbsp;|&nbsp;&nbsp; Kirchengemeinde St.Johann in Bondorf<br><br><\/p>\n\n\n\n<p class=\"has-text-color\" style=\"color:#dd890b\">2000<\/p>\n\n\n\n<p>Architektenwettbewerb Kreishausareal Siegburg &nbsp;&nbsp;|&nbsp;&nbsp; Kreisverwaltung Siegburg&nbsp;&nbsp; |&nbsp; &nbsp;<strong>1. Preis<\/strong><br>Realisierungswettbewerb \u201eMuseum f\u00fcr Kunst und Design\u201c&nbsp;&nbsp; |&nbsp; Stadt Ingolstadt<br>Realisierungswettbewerb Hauptschule &nbsp;&nbsp;|&nbsp;&nbsp; Stadt Dinkelsb\u00fchl<br>Ideenwettbewerb Project Futuro&nbsp;&nbsp; |&nbsp;&nbsp; Basellandschaftliche Geb\u00e4udeversicherung<br><br><\/p>\n\n\n\n<p class=\"has-text-color\" style=\"color:#dd890b\">1999<\/p>\n\n\n\n<p>Realisierungswettbewerb Ausstellungszentrum \u201eJapanisches Palais\u201c&nbsp;&nbsp; |&nbsp;&nbsp; Staatshochbauamt Dresden&nbsp;&nbsp; <strong>|&nbsp;&nbsp; 2. Preis<\/strong><br>Gutachterverfahren : Wohnungsbau auf dem Grothe-Gel\u00e4nde &nbsp;&nbsp;|&nbsp;&nbsp; Fa. Bauwens, K\u00f6ln&nbsp;&nbsp; |&nbsp;&nbsp; <strong>2. Rang<\/strong><br>Wettbewerb Gestaltung Bushaltestellen in der Altstadt &nbsp;&nbsp;|&nbsp;&nbsp; Stadtverwaltung M\u00fcnster&nbsp;&nbsp; |&nbsp;&nbsp; <strong>4. Rang<\/strong><br>Realisierungswettbewerb Kongresszentrum&nbsp;&nbsp; |&nbsp; &nbsp;Stadt Dresden und Hochtief AG &nbsp;&nbsp;|&nbsp;&nbsp; <strong>Anerkennung<\/strong><br>St\u00e4dtebaulicher Realisierungswettbewerb : Neugestaltung &#8222;Neumarkt&#8220;&nbsp;&nbsp; |&nbsp;&nbsp; Stadt Senftenberg<br>Realisierungswettbewerb Service-Zentrum &nbsp;&nbsp;|&nbsp;&nbsp; Ernsting\u00b4s family, Coesfeld-Lette<br><br><\/p>\n\n\n\n<p class=\"has-text-color\" style=\"color:#dd890b\">1998<\/p>\n\n\n\n<p>Gutachtenverfahren Neubau Radio u. B\u00fcrohaus ORB&nbsp;&nbsp; |&nbsp;&nbsp; Ostdeutscher Rundfunk, Potsdam Babelsberg &nbsp;&nbsp;|&nbsp; &nbsp;<strong>1. Preis<\/strong><br>Ausschreibung Wohnbebauung Dresden-Mockritz \u201eS\u00fcdh\u00f6he\u201c&nbsp;&nbsp; |&nbsp;&nbsp; Stadt Dresden Wohnungsamt&nbsp;&nbsp; |&nbsp;&nbsp; <strong>1. Rang<\/strong><br>Realisierungswettbewerb Heimatkundemuseum R\u00f6merbad&nbsp;&nbsp; | &nbsp;&nbsp;Stadt Z\u00fclpich&nbsp;&nbsp; |&nbsp; <strong>&nbsp;4. Preis<\/strong><br>Realisierungswettbewerb Neubau Synagoge&nbsp;&nbsp; |&nbsp;&nbsp; J\u00fcdische Gemeinde und Stadt Dresden<br>St\u00e4dtebaulicher Ideenwettbewerb: Von der Wohnsiedlung zur Stadt&nbsp;&nbsp; |&nbsp;&nbsp; Stadt Hoyerswerda<br><br><\/p>\n\n\n\n<p class=\"has-text-color\" style=\"color:#dd890b\">1997<\/p>\n\n\n\n<p>Gutachten Wohnen im Gr\u00fcnen in Dresden-Trachau St\u00e4dtebaul. Rahmenplanung&nbsp;&nbsp; |&nbsp;&nbsp; DWG Dresden&nbsp;&nbsp; |&nbsp;&nbsp; <strong>1. Rang<\/strong><br>Realisierungswettbewerb Kindertagesst\u00e4tte H\u00fcrth-Mitte&nbsp;&nbsp; |&nbsp;&nbsp; Stadt H\u00fcrth&nbsp;&nbsp; |&nbsp;&nbsp; <strong>2. Preis<\/strong><br>St\u00e4dtebaul. Ideenwettbewerb Ostra-Allee und Neue Trasse &nbsp;&nbsp;|&nbsp;&nbsp; Stadt Dresden&nbsp;&nbsp; |&nbsp;&nbsp; <strong>3. Preis<\/strong><br>St\u00e4dtebaul. Ideenwettbewerb Erweiterung der Gartenstadt Hellerau &nbsp;&nbsp;|&nbsp;&nbsp; Deutsche Werkst\u00e4tten Hellerau Dresden&nbsp;&nbsp; |&nbsp;&nbsp; <strong>3. Preis<\/strong><br><br><\/p>\n\n\n\n<p class=\"has-text-color\" style=\"color:#dd890b\">1996<\/p>\n\n\n\n<p>Gutachten Wohnungsbau in Dresden-Nickern&nbsp;&nbsp; |&nbsp;&nbsp; Stadt Dresden&nbsp;&nbsp; |&nbsp;&nbsp; <strong>1. Rang<\/strong><br>Realisierungswettbewerb Sozialer Wohnungsbau u. Kindertagesst\u00e4tte K\u00f6ln-Ehrenfeld&nbsp;&nbsp; |&nbsp;&nbsp; Stadt K\u00f6ln&nbsp;&nbsp; |&nbsp;&nbsp; <strong>4. Preis<\/strong><br>Realisierungswettbewerb Neubau Wallraff-Richarz-Museum&nbsp;&nbsp; |&nbsp;&nbsp; Stadt K\u00f6ln Hochbauamt<br><br><\/p>\n\n\n\n<p class=\"has-text-color\" style=\"color:#dd890b\">1995<\/p>\n\n\n\n<p>Gutachterverfahren Kindertagesst\u00e4tte K\u00f6ln-Eigelstein &nbsp;&nbsp;|&nbsp;&nbsp; Stadterneuerungsamt K\u00f6ln&nbsp;&nbsp; |&nbsp;&nbsp; <strong>2. Rang<\/strong><br>St\u00e4dtebaul. Ideenwettbewerb \u00d6stl. Altstadtring&nbsp;&nbsp; |&nbsp; &nbsp;Stadt Dresden<br>St\u00e4dtebaul. Ideen- und Realisierungswettbewerb Universit\u00e4t und Universit\u00e4tsbibliothek &nbsp;&nbsp;|&nbsp;&nbsp; Staatshochbauamt Erfurt<br><br><\/p>\n\n\n\n<p class=\"has-text-color\" style=\"color:#dd890b\">1994<\/p>\n\n\n\n<p>St\u00e4dtebaul. Ideenwettbewerb Alaun-und Louisenstr.&nbsp;&nbsp; |&nbsp;&nbsp; Stadt Dresden&nbsp;&nbsp; |&nbsp;&nbsp; <strong>1. Preis<\/strong><br><br><\/p>\n\n\n\n<p class=\"has-text-color\" style=\"color:#dd890b\">1993<\/p>\n\n\n\n<p>St\u00e4dtebaul. Ideenwettbewerb Wohnbebauung Dresden-Hellerau&nbsp;&nbsp; |&nbsp;&nbsp; Stadt Dresden Stadtplanungsamt&nbsp;&nbsp; |&nbsp;&nbsp; <strong>3. Preis<\/strong><br>St\u00e4dtebaul. Ideenwettbewerb Regierungsviertel Dresden-Neustadt &nbsp;&nbsp;&nbsp;|&nbsp;&nbsp; Staatshochbauamt Dresden<br><br><\/p>\n\n\n\n<p class=\"has-text-color\" style=\"color:#dd890b\">1992<\/p>\n\n\n\n<p>St\u00e4dtebaul. Ideenwettbewerb Postplatz&nbsp;&nbsp; |&nbsp;&nbsp; Stadt Dresden &nbsp;&nbsp;|&nbsp;&nbsp; <strong>Finalist <\/strong><br><br><\/p>\n\n\n\n<p class=\"has-text-color\" style=\"color:#dd890b\">1991<\/p>\n\n\n\n<p>St\u00e4dtebaul. Ideenwettbewerb Wohnungsbau im Sanierungsgebiet Ostend&nbsp;&nbsp; |&nbsp;&nbsp; Stadt Frankfurt<br><br><\/p>\n\n\n\n<p class=\"has-text-color\" style=\"color:#dd890b\">1990<\/p>\n\n\n\n<p>\u00dcberarbeitung Wettbewerb Howaldstr. Frankfurt als Realisierungswettbewerb&nbsp;&nbsp; |&nbsp;&nbsp; Stadt Frankfurt&nbsp;&nbsp; |&nbsp;&nbsp; <strong>3. Preis<\/strong> <\/p>\n\n\n\n<p>St\u00e4dtebaul. Ideenwettbewerb Sozialer Wohnungsbau Howaldstr.&nbsp;&nbsp; |&nbsp;&nbsp; Stadt Frankfurt&nbsp;&nbsp; |&nbsp;&nbsp; <strong>3. Preis<\/strong><br>Realisierungswettbewerb Umspannwerk Media Park&nbsp;&nbsp; |&nbsp;&nbsp; GEW K\u00f6ln&nbsp;&nbsp; |&nbsp;&nbsp; <strong>1. Preis<\/strong><br><br><\/p>\n\n\n\n<p class=\"has-text-color\" style=\"color:#dd890b\">1989<\/p>\n\n\n\n<p>Realisierungswettbewerb f\u00fcr Forum- und Depotgel\u00e4nde Fachbereichsbibliothek und -institute der J.W.Goethe Universit\u00e4t Frankfurt&nbsp;&nbsp; |&nbsp;&nbsp; Staatshochbauamt Frankfurt&nbsp;&nbsp; |&nbsp;&nbsp; <strong>2. Preis<\/strong><br>Gutachten Elsa\u00dfstr. Sozialer Wohnungsbau und Platzgestaltung&nbsp;&nbsp; |&nbsp;&nbsp; Stadt K\u00f6ln&nbsp;&nbsp; |&nbsp;&nbsp; <strong>2. Rang<\/strong><br><br><\/p>\n\n\n\n<p class=\"has-text-color\" style=\"color:#dd890b\">1988<\/p>\n\n\n\n<p>St\u00e4dtebaul. Grundsatz-Wettbewerb Erweiterung und Neuordnung der J.W. Goethe Universit\u00e4t Frankfurt&nbsp;&nbsp; |&nbsp;&nbsp; Staatshochbauamt Frankfurt&nbsp;&nbsp; |&nbsp;&nbsp; <strong>1. Preis<\/strong><br>St\u00e4dtebaul. Wettbewerb Burg Bad M\u00fcnstereifel&nbsp;&nbsp; |&nbsp;&nbsp; Stadt Bad M\u00fcnstereifel&nbsp;&nbsp; |&nbsp;&nbsp; <strong>2. Preis<\/strong><br>Realisierungswettbewerb Postamt 1&nbsp;&nbsp; |&nbsp;&nbsp; Oberpostdirektion K\u00f6ln&nbsp;&nbsp; |&nbsp;&nbsp; <strong>4. Preis<\/strong><br>Internationaler Ideenwettbewerb Media-Park&nbsp;&nbsp; |&nbsp;&nbsp; Stadt K\u00f6ln&nbsp;&nbsp; |&nbsp;&nbsp; <strong>Finalist<\/strong><\/p>\n","protected":false},"excerpt":{"rendered":"<p>WETTBEWERBE 1988-2022 2022 St\u00e4dtebaul. Wettbewerb Neuordnung Bahnhofsquartier Offenburg | Stadt Offenburg + DB | Finalist 2021 St\u00e4dtebaul. Wettbewerb &#8222;VFL-Post-Areal&#8220; in Pliensauvorstadt &nbsp;&nbsp; |&nbsp; &nbsp;Stadt EsslingenIdeenwettbewerb \u201eFallenbrunnen Nordost\u201c in Friedrichshafen&nbsp;&nbsp; |&nbsp; &nbsp;Stadt Friedrichshafen&nbsp;&nbsp; |&nbsp; &nbsp;AnerkennungIdeen- und Realisierungswettbewerb &#8222;Quartier an der Leonhardstra\u00dfe&#8220;&nbsp;&nbsp;|&nbsp; &nbsp;Stadt KemptenSt\u00e4dtebaul. Wettbewerb \u201eWohngebiet Sieben-H\u00f6fe-Stra\u00dfe 109-111\u201c &nbsp;&nbsp;|&nbsp; &nbsp;Stadt T\u00fcbingen 2020 St\u00e4dtebaul. Ideenwettbewerb \u201eSchlachthofquartier\u201c &nbsp;&nbsp;|&nbsp; &nbsp;Stadt [&hellip;]<\/p>\n","protected":false},"author":2,"featured_media":0,"parent":0,"menu_order":0,"comment_status":"closed","ping_status":"closed","template":"","meta":{"_vp_format_video_url":"","_vp_image_focal_point":[],"footnotes":""},"folder":[4],"class_list":["post-906","page","type-page","status-publish","hentry"],"_links":{"self":[{"href":"http:\/\/einsiedel-architekten.de\/cms\/wp-json\/wp\/v2\/pages\/906","targetHints":{"allow":["GET"]}}],"collection":[{"href":"http:\/\/einsiedel-architekten.de\/cms\/wp-json\/wp\/v2\/pages"}],"about":[{"href":"http:\/\/einsiedel-architekten.de\/cms\/wp-json\/wp\/v2\/types\/page"}],"author":[{"embeddable":true,"href":"http:\/\/einsiedel-architekten.de\/cms\/wp-json\/wp\/v2\/users\/2"}],"replies":[{"embeddable":true,"href":"http:\/\/einsiedel-architekten.de\/cms\/wp-json\/wp\/v2\/comments?post=906"}],"version-history":[{"count":75,"href":"http:\/\/einsiedel-architekten.de\/cms\/wp-json\/wp\/v2\/pages\/906\/revisions"}],"predecessor-version":[{"id":2116,"href":"http:\/\/einsiedel-architekten.de\/cms\/wp-json\/wp\/v2\/pages\/906\/revisions\/2116"}],"wp:attachment":[{"href":"http:\/\/einsiedel-architekten.de\/cms\/wp-json\/wp\/v2\/media?parent=906"}],"wp:term":[{"taxonomy":"folder","embeddable":true,"href":"http:\/\/einsiedel-architekten.de\/cms\/wp-json\/wp\/v2\/folder?post=906"}],"curies":[{"name":"wp","href":"https:\/\/api.w.org\/{rel}","templated":true}]}}