{"id":85,"date":"2019-10-17T17:02:59","date_gmt":"2019-10-17T15:02:59","guid":{"rendered":"http:\/\/einsiedel-architekten.de\/cms\/?page_id=85"},"modified":"2019-11-25T12:51:17","modified_gmt":"2019-11-25T11:51:17","slug":"wb-hindenburgkaserne","status":"publish","type":"page","link":"http:\/\/einsiedel-architekten.de\/cms\/wb-hindenburgkaserne\/","title":{"rendered":"2016 wb hindenburgkaserne, ulm"},"content":{"rendered":"\n<div class=\"wp-block-nk-visual-portfolio\">\n<div class=\"vp-portfolio vp-uid-fac03322 vp-id-574 \"\n\tdata-vp-layout=\"slider\" data-vp-content-source=\"images\" data-vp-items-style=\"fly\" data-vp-items-click-action=\"popup_gallery\" data-vp-items-gap=\"15\" data-vp-items-gap-vertical=\"\" data-vp-pagination=\"load-more\" data-vp-next-page-url=\"\" data-vp-slider-effect=\"slide\" data-vp-slider-items-height=\"80%\" data-vp-slider-items-min-height=\"\" data-vp-slider-slides-per-view=\"2\" data-vp-slider-speed=\"1.5\" data-vp-slider-autoplay=\"4\" data-vp-slider-autoplay-hover-pause=\"false\" data-vp-slider-centered-slides=\"true\" data-vp-slider-loop=\"false\" data-vp-slider-free-mode=\"false\" data-vp-slider-free-mode-sticky=\"false\" data-vp-slider-arrows=\"true\" data-vp-slider-bullets=\"false\" data-vp-slider-bullets-dynamic=\"false\" data-vp-slider-mousewheel=\"false\" data-vp-slider-thumbnails=\"false\" >\n\t<div class=\"vp-portfolio__preloader-wrap\">\n\t\t<div class=\"vp-portfolio__preloader\">\n\t\t\t<img decoding=\"async\" loading=\"eager\" src=\"http:\/\/einsiedel-architekten.de\/cms\/wp-content\/plugins\/visual-portfolio\/assets\/images\/logo-dark.svg\" alt=\"Visual Portfolio, Posts &amp; Image Gallery for WordPress\" width=\"20\" height=\"20\" data-skip-lazy>\n\t\t<\/div>\n\t<\/div>\n\t\t<div class=\"vp-portfolio__items-wrap\">\n\t\t\t\n<div class=\"vp-portfolio__items vp-portfolio__items-style-fly vp-portfolio__items-show-overlay-hover\">\n\n\t\t<div\t\tclass=\"vp-portfolio__item-wrap vp-portfolio__item-uid-b3466d8d\" data-vp-filter=\"\" \t\t>\n\t\t\t<template class=\"vp-portfolio__item-popup\" data-vp-popup-img=\"http:\/\/einsiedel-architekten.de\/cms\/wp-content\/uploads\/2019\/11\/171113_Visualisierung-Bauschild-90dpi2.jpg\" data-vp-popup-img-srcset=\"http:\/\/einsiedel-architekten.de\/cms\/wp-content\/uploads\/2019\/11\/171113_Visualisierung-Bauschild-90dpi2.jpg 1417w, http:\/\/einsiedel-architekten.de\/cms\/wp-content\/uploads\/2019\/11\/171113_Visualisierung-Bauschild-90dpi2-300x169.jpg 300w, http:\/\/einsiedel-architekten.de\/cms\/wp-content\/uploads\/2019\/11\/171113_Visualisierung-Bauschild-90dpi2-768x431.jpg 768w, http:\/\/einsiedel-architekten.de\/cms\/wp-content\/uploads\/2019\/11\/171113_Visualisierung-Bauschild-90dpi2-1024x575.jpg 1024w, http:\/\/einsiedel-architekten.de\/cms\/wp-content\/uploads\/2019\/11\/171113_Visualisierung-Bauschild-90dpi2-500x281.jpg 500w, http:\/\/einsiedel-architekten.de\/cms\/wp-content\/uploads\/2019\/11\/171113_Visualisierung-Bauschild-90dpi2-800x449.jpg 800w, http:\/\/einsiedel-architekten.de\/cms\/wp-content\/uploads\/2019\/11\/171113_Visualisierung-Bauschild-90dpi2-1280x719.jpg 1280w, http:\/\/einsiedel-architekten.de\/cms\/wp-content\/uploads\/2019\/11\/171113_Visualisierung-Bauschild-90dpi2-1170x657.jpg 1170w\" data-vp-popup-img-size=\"1417x796\" data-vp-popup-md-img=\"http:\/\/einsiedel-architekten.de\/cms\/wp-content\/uploads\/2019\/11\/171113_Visualisierung-Bauschild-90dpi2-800x449.jpg\" data-vp-popup-md-img-size=\"800x449\" data-vp-popup-sm-img=\"http:\/\/einsiedel-architekten.de\/cms\/wp-content\/uploads\/2019\/11\/171113_Visualisierung-Bauschild-90dpi2-500x281.jpg\" data-vp-popup-sm-img-size=\"500x281\">\n\t<\/template>\n\t\t\t\t\t\t<figure class=\"vp-portfolio__item\">\n\t\t\t\t\n<div class=\"vp-portfolio__item-img-wrap\">\n\t<div class=\"vp-portfolio__item-img\">\n\t\t\t<a\n\t\thref=\"http:\/\/einsiedel-architekten.de\/cms\/wp-content\/uploads\/2019\/11\/171113_Visualisierung-Bauschild-90dpi2.jpg\"\n\t\taria-label=\"WB HIN Iso\" \t data-rel=\"lightbox-image-0\" data-rl_title=\"\" data-rl_caption=\"\" title=\"\">\n\t\n\t\t<noscript><img loading=\"lazy\" decoding=\"async\" width=\"1417\" height=\"796\" data-skip-lazy src=\"http:\/\/einsiedel-architekten.de\/cms\/wp-content\/uploads\/2019\/11\/171113_Visualisierung-Bauschild-90dpi2.jpg\" class=\"wp-image-567\" alt=\"\" srcset=\"http:\/\/einsiedel-architekten.de\/cms\/wp-content\/uploads\/2019\/11\/171113_Visualisierung-Bauschild-90dpi2.jpg 1417w, http:\/\/einsiedel-architekten.de\/cms\/wp-content\/uploads\/2019\/11\/171113_Visualisierung-Bauschild-90dpi2-300x169.jpg 300w, http:\/\/einsiedel-architekten.de\/cms\/wp-content\/uploads\/2019\/11\/171113_Visualisierung-Bauschild-90dpi2-768x431.jpg 768w, http:\/\/einsiedel-architekten.de\/cms\/wp-content\/uploads\/2019\/11\/171113_Visualisierung-Bauschild-90dpi2-1024x575.jpg 1024w, http:\/\/einsiedel-architekten.de\/cms\/wp-content\/uploads\/2019\/11\/171113_Visualisierung-Bauschild-90dpi2-500x281.jpg 500w, http:\/\/einsiedel-architekten.de\/cms\/wp-content\/uploads\/2019\/11\/171113_Visualisierung-Bauschild-90dpi2-800x449.jpg 800w, http:\/\/einsiedel-architekten.de\/cms\/wp-content\/uploads\/2019\/11\/171113_Visualisierung-Bauschild-90dpi2-1280x719.jpg 1280w, http:\/\/einsiedel-architekten.de\/cms\/wp-content\/uploads\/2019\/11\/171113_Visualisierung-Bauschild-90dpi2-1170x657.jpg 1170w\" sizes=\"auto, (max-width: 1417px) 100vw, 1417px\" \/><\/noscript><img fetchpriority=\"high\" decoding=\"async\" width=\"1417\" height=\"796\" src=\"http:\/\/einsiedel-architekten.de\/cms\/wp-content\/uploads\/2019\/11\/171113_Visualisierung-Bauschild-90dpi2.jpg\" class=\"wp-image-567 vp-lazyload\" alt srcset=\"data:image\/svg+xml;base64,PHN2ZyB3aWR0aD0iMTQxNyIgaGVpZ2h0PSI3OTYiIHZpZXdCb3g9IjAgMCAxNDE3IDc5NiIgZmlsbD0ibm9uZSIgeG1sbnM9Imh0dHA6Ly93d3cudzMub3JnLzIwMDAvc3ZnIj48L3N2Zz4=\" data-src=\"http:\/\/einsiedel-architekten.de\/cms\/wp-content\/uploads\/2019\/11\/171113_Visualisierung-Bauschild-90dpi2.jpg\" data-srcset=\"http:\/\/einsiedel-architekten.de\/cms\/wp-content\/uploads\/2019\/11\/171113_Visualisierung-Bauschild-90dpi2.jpg 1417w, http:\/\/einsiedel-architekten.de\/cms\/wp-content\/uploads\/2019\/11\/171113_Visualisierung-Bauschild-90dpi2-300x169.jpg 300w, http:\/\/einsiedel-architekten.de\/cms\/wp-content\/uploads\/2019\/11\/171113_Visualisierung-Bauschild-90dpi2-768x431.jpg 768w, http:\/\/einsiedel-architekten.de\/cms\/wp-content\/uploads\/2019\/11\/171113_Visualisierung-Bauschild-90dpi2-1024x575.jpg 1024w, http:\/\/einsiedel-architekten.de\/cms\/wp-content\/uploads\/2019\/11\/171113_Visualisierung-Bauschild-90dpi2-500x281.jpg 500w, http:\/\/einsiedel-architekten.de\/cms\/wp-content\/uploads\/2019\/11\/171113_Visualisierung-Bauschild-90dpi2-800x449.jpg 800w, http:\/\/einsiedel-architekten.de\/cms\/wp-content\/uploads\/2019\/11\/171113_Visualisierung-Bauschild-90dpi2-1280x719.jpg 1280w, http:\/\/einsiedel-architekten.de\/cms\/wp-content\/uploads\/2019\/11\/171113_Visualisierung-Bauschild-90dpi2-1170x657.jpg 1170w\" data-sizes=\"auto\" loading=\"eager\">\n\t\t<\/a>\t<\/div>\n<\/div>\n\t<div class=\"vp-portfolio__item-overlay\">\n\t\t\t<a\n\t\thref=\"http:\/\/einsiedel-architekten.de\/cms\/wp-content\/uploads\/2019\/11\/171113_Visualisierung-Bauschild-90dpi2.jpg\"\n\t\ttabindex=\"-1\" class=\"vp-portfolio__item-meta\" aria-label=\"WB HIN Iso\" \t data-rel=\"lightbox-image-1\" data-rl_title=\"\" data-rl_caption=\"\" title=\"\">\n\t\t\t<\/a>\t<\/div>\n\t\t\t\t<\/figure>\n\t\t\t\t\t<\/div>\n\t\t\n\t\t<div\t\tclass=\"vp-portfolio__item-wrap vp-portfolio__item-uid-9b451779\" data-vp-filter=\"\" \t\t>\n\t\t\t<template class=\"vp-portfolio__item-popup\" data-vp-popup-img=\"http:\/\/einsiedel-architekten.de\/cms\/wp-content\/uploads\/2019\/11\/Masterplan-1712x1920.jpg\" data-vp-popup-img-srcset=\"http:\/\/einsiedel-architekten.de\/cms\/wp-content\/uploads\/2019\/11\/Masterplan-1712x1920.jpg 1712w, http:\/\/einsiedel-architekten.de\/cms\/wp-content\/uploads\/2019\/11\/Masterplan-268x300.jpg 268w, http:\/\/einsiedel-architekten.de\/cms\/wp-content\/uploads\/2019\/11\/Masterplan-768x861.jpg 768w, http:\/\/einsiedel-architekten.de\/cms\/wp-content\/uploads\/2019\/11\/Masterplan-913x1024.jpg 913w, http:\/\/einsiedel-architekten.de\/cms\/wp-content\/uploads\/2019\/11\/Masterplan-446x500.jpg 446w, http:\/\/einsiedel-architekten.de\/cms\/wp-content\/uploads\/2019\/11\/Masterplan-713x800.jpg 713w, http:\/\/einsiedel-architekten.de\/cms\/wp-content\/uploads\/2019\/11\/Masterplan-1141x1280.jpg 1141w, http:\/\/einsiedel-architekten.de\/cms\/wp-content\/uploads\/2019\/11\/Masterplan-589x660.jpg 589w\" data-vp-popup-img-size=\"1712x1920\" data-vp-popup-md-img=\"http:\/\/einsiedel-architekten.de\/cms\/wp-content\/uploads\/2019\/11\/Masterplan-713x800.jpg\" data-vp-popup-md-img-size=\"713x800\" data-vp-popup-sm-img=\"http:\/\/einsiedel-architekten.de\/cms\/wp-content\/uploads\/2019\/11\/Masterplan-446x500.jpg\" data-vp-popup-sm-img-size=\"446x500\">\n\t<\/template>\n\t\t\t\t\t\t<figure class=\"vp-portfolio__item\">\n\t\t\t\t\n<div class=\"vp-portfolio__item-img-wrap\">\n\t<div class=\"vp-portfolio__item-img\">\n\t\t\t<a\n\t\thref=\"http:\/\/einsiedel-architekten.de\/cms\/wp-content\/uploads\/2019\/11\/Masterplan-1712x1920.jpg\"\n\t\taria-label=\"WB HIN Masterplan\" \t data-rel=\"lightbox-image-2\" data-rl_title=\"\" data-rl_caption=\"\" title=\"\">\n\t\n\t\t<noscript><img loading=\"lazy\" decoding=\"async\" width=\"1712\" height=\"1920\" data-skip-lazy src=\"http:\/\/einsiedel-architekten.de\/cms\/wp-content\/uploads\/2019\/11\/Masterplan-1712x1920.jpg\" class=\"wp-image-568\" alt=\"\" srcset=\"http:\/\/einsiedel-architekten.de\/cms\/wp-content\/uploads\/2019\/11\/Masterplan-1712x1920.jpg 1712w, http:\/\/einsiedel-architekten.de\/cms\/wp-content\/uploads\/2019\/11\/Masterplan-268x300.jpg 268w, http:\/\/einsiedel-architekten.de\/cms\/wp-content\/uploads\/2019\/11\/Masterplan-768x861.jpg 768w, http:\/\/einsiedel-architekten.de\/cms\/wp-content\/uploads\/2019\/11\/Masterplan-913x1024.jpg 913w, http:\/\/einsiedel-architekten.de\/cms\/wp-content\/uploads\/2019\/11\/Masterplan-446x500.jpg 446w, http:\/\/einsiedel-architekten.de\/cms\/wp-content\/uploads\/2019\/11\/Masterplan-713x800.jpg 713w, http:\/\/einsiedel-architekten.de\/cms\/wp-content\/uploads\/2019\/11\/Masterplan-1141x1280.jpg 1141w, http:\/\/einsiedel-architekten.de\/cms\/wp-content\/uploads\/2019\/11\/Masterplan-589x660.jpg 589w\" sizes=\"auto, (max-width: 1712px) 100vw, 1712px\" \/><\/noscript><img decoding=\"async\" width=\"1712\" height=\"1920\" src=\"http:\/\/einsiedel-architekten.de\/cms\/wp-content\/uploads\/2019\/11\/Masterplan-1712x1920.jpg\" class=\"wp-image-568 vp-lazyload\" alt srcset=\"data:image\/svg+xml;base64,PHN2ZyB3aWR0aD0iMTcxMiIgaGVpZ2h0PSIxOTIwIiB2aWV3Qm94PSIwIDAgMTcxMiAxOTIwIiBmaWxsPSJub25lIiB4bWxucz0iaHR0cDovL3d3dy53My5vcmcvMjAwMC9zdmciPjwvc3ZnPg==\" data-src=\"http:\/\/einsiedel-architekten.de\/cms\/wp-content\/uploads\/2019\/11\/Masterplan-1712x1920.jpg\" data-srcset=\"http:\/\/einsiedel-architekten.de\/cms\/wp-content\/uploads\/2019\/11\/Masterplan-1712x1920.jpg 1712w, http:\/\/einsiedel-architekten.de\/cms\/wp-content\/uploads\/2019\/11\/Masterplan-268x300.jpg 268w, http:\/\/einsiedel-architekten.de\/cms\/wp-content\/uploads\/2019\/11\/Masterplan-768x861.jpg 768w, http:\/\/einsiedel-architekten.de\/cms\/wp-content\/uploads\/2019\/11\/Masterplan-913x1024.jpg 913w, http:\/\/einsiedel-architekten.de\/cms\/wp-content\/uploads\/2019\/11\/Masterplan-446x500.jpg 446w, http:\/\/einsiedel-architekten.de\/cms\/wp-content\/uploads\/2019\/11\/Masterplan-713x800.jpg 713w, http:\/\/einsiedel-architekten.de\/cms\/wp-content\/uploads\/2019\/11\/Masterplan-1141x1280.jpg 1141w, http:\/\/einsiedel-architekten.de\/cms\/wp-content\/uploads\/2019\/11\/Masterplan-589x660.jpg 589w\" data-sizes=\"auto\" loading=\"eager\">\n\t\t<\/a>\t<\/div>\n<\/div>\n\t<div class=\"vp-portfolio__item-overlay\">\n\t\t\t<a\n\t\thref=\"http:\/\/einsiedel-architekten.de\/cms\/wp-content\/uploads\/2019\/11\/Masterplan-1712x1920.jpg\"\n\t\ttabindex=\"-1\" class=\"vp-portfolio__item-meta\" aria-label=\"WB HIN Masterplan\" \t data-rel=\"lightbox-image-3\" data-rl_title=\"\" data-rl_caption=\"\" title=\"\">\n\t\t\t<\/a>\t<\/div>\n\t\t\t\t<\/figure>\n\t\t\t\t\t<\/div>\n\t\t\n\t\t<div\t\tclass=\"vp-portfolio__item-wrap vp-portfolio__item-uid-db2d9a0f\" data-vp-filter=\"\" \t\t>\n\t\t\t<template class=\"vp-portfolio__item-popup\" data-vp-popup-img=\"http:\/\/einsiedel-architekten.de\/cms\/wp-content\/uploads\/2019\/12\/wb-hindenburgkaserne.jpg\" data-vp-popup-img-srcset=\"http:\/\/einsiedel-architekten.de\/cms\/wp-content\/uploads\/2019\/12\/wb-hindenburgkaserne-300x297.jpg 300w, http:\/\/einsiedel-architekten.de\/cms\/wp-content\/uploads\/2019\/12\/wb-hindenburgkaserne-1024x1013.jpg 1024w, http:\/\/einsiedel-architekten.de\/cms\/wp-content\/uploads\/2019\/12\/wb-hindenburgkaserne-768x760.jpg 768w, http:\/\/einsiedel-architekten.de\/cms\/wp-content\/uploads\/2019\/12\/wb-hindenburgkaserne-500x495.jpg 500w, http:\/\/einsiedel-architekten.de\/cms\/wp-content\/uploads\/2019\/12\/wb-hindenburgkaserne-800x792.jpg 800w, http:\/\/einsiedel-architekten.de\/cms\/wp-content\/uploads\/2019\/12\/wb-hindenburgkaserne-1280x1267.jpg 1280w, http:\/\/einsiedel-architekten.de\/cms\/wp-content\/uploads\/2019\/12\/wb-hindenburgkaserne-1536x1520.jpg 1536w, http:\/\/einsiedel-architekten.de\/cms\/wp-content\/uploads\/2019\/12\/wb-hindenburgkaserne-667x660.jpg 667w\" data-vp-popup-img-size=\"1738x1720\" data-vp-popup-md-img=\"http:\/\/einsiedel-architekten.de\/cms\/wp-content\/uploads\/2019\/12\/wb-hindenburgkaserne-800x792.jpg\" data-vp-popup-md-img-size=\"800x792\" data-vp-popup-sm-img=\"http:\/\/einsiedel-architekten.de\/cms\/wp-content\/uploads\/2019\/12\/wb-hindenburgkaserne-500x495.jpg\" data-vp-popup-sm-img-size=\"500x495\">\n\t<\/template>\n\t\t\t\t\t\t<figure class=\"vp-portfolio__item\">\n\t\t\t\t\n<div class=\"vp-portfolio__item-img-wrap\">\n\t<div class=\"vp-portfolio__item-img\">\n\t\t\t<a\n\t\thref=\"http:\/\/einsiedel-architekten.de\/cms\/wp-content\/uploads\/2019\/12\/wb-hindenburgkaserne.jpg\"\n\t\taria-label=\"WB Konversion Kaserne, Ulm\" \t data-rel=\"lightbox-image-4\" data-rl_title=\"\" data-rl_caption=\"\" title=\"\">\n\t\n\t\t<noscript><img loading=\"lazy\" decoding=\"async\" width=\"1738\" height=\"1720\" data-skip-lazy src=\"http:\/\/einsiedel-architekten.de\/cms\/wp-content\/uploads\/2019\/12\/wb-hindenburgkaserne.jpg\" class=\"wp-image-1704\" alt=\"\" srcset=\"http:\/\/einsiedel-architekten.de\/cms\/wp-content\/uploads\/2019\/12\/wb-hindenburgkaserne-300x297.jpg 300w, http:\/\/einsiedel-architekten.de\/cms\/wp-content\/uploads\/2019\/12\/wb-hindenburgkaserne-1024x1013.jpg 1024w, http:\/\/einsiedel-architekten.de\/cms\/wp-content\/uploads\/2019\/12\/wb-hindenburgkaserne-768x760.jpg 768w, http:\/\/einsiedel-architekten.de\/cms\/wp-content\/uploads\/2019\/12\/wb-hindenburgkaserne-500x495.jpg 500w, http:\/\/einsiedel-architekten.de\/cms\/wp-content\/uploads\/2019\/12\/wb-hindenburgkaserne-800x792.jpg 800w, http:\/\/einsiedel-architekten.de\/cms\/wp-content\/uploads\/2019\/12\/wb-hindenburgkaserne-1280x1267.jpg 1280w, http:\/\/einsiedel-architekten.de\/cms\/wp-content\/uploads\/2019\/12\/wb-hindenburgkaserne-1536x1520.jpg 1536w, http:\/\/einsiedel-architekten.de\/cms\/wp-content\/uploads\/2019\/12\/wb-hindenburgkaserne-667x660.jpg 667w\" sizes=\"auto, (max-width: 1738px) 100vw, 1738px\" \/><\/noscript><img decoding=\"async\" width=\"1738\" height=\"1720\" src=\"http:\/\/einsiedel-architekten.de\/cms\/wp-content\/uploads\/2019\/12\/wb-hindenburgkaserne.jpg\" class=\"wp-image-1704 vp-lazyload\" alt srcset=\"data:image\/svg+xml;base64,PHN2ZyB3aWR0aD0iMTczOCIgaGVpZ2h0PSIxNzIwIiB2aWV3Qm94PSIwIDAgMTczOCAxNzIwIiBmaWxsPSJub25lIiB4bWxucz0iaHR0cDovL3d3dy53My5vcmcvMjAwMC9zdmciPjwvc3ZnPg==\" data-src=\"http:\/\/einsiedel-architekten.de\/cms\/wp-content\/uploads\/2019\/12\/wb-hindenburgkaserne.jpg\" data-srcset=\"http:\/\/einsiedel-architekten.de\/cms\/wp-content\/uploads\/2019\/12\/wb-hindenburgkaserne-300x297.jpg 300w, http:\/\/einsiedel-architekten.de\/cms\/wp-content\/uploads\/2019\/12\/wb-hindenburgkaserne-1024x1013.jpg 1024w, http:\/\/einsiedel-architekten.de\/cms\/wp-content\/uploads\/2019\/12\/wb-hindenburgkaserne-768x760.jpg 768w, http:\/\/einsiedel-architekten.de\/cms\/wp-content\/uploads\/2019\/12\/wb-hindenburgkaserne-500x495.jpg 500w, http:\/\/einsiedel-architekten.de\/cms\/wp-content\/uploads\/2019\/12\/wb-hindenburgkaserne-800x792.jpg 800w, http:\/\/einsiedel-architekten.de\/cms\/wp-content\/uploads\/2019\/12\/wb-hindenburgkaserne-1280x1267.jpg 1280w, http:\/\/einsiedel-architekten.de\/cms\/wp-content\/uploads\/2019\/12\/wb-hindenburgkaserne-1536x1520.jpg 1536w, http:\/\/einsiedel-architekten.de\/cms\/wp-content\/uploads\/2019\/12\/wb-hindenburgkaserne-667x660.jpg 667w\" data-sizes=\"auto\" loading=\"eager\">\n\t\t<\/a>\t<\/div>\n<\/div>\n\t<div class=\"vp-portfolio__item-overlay\">\n\t\t\t<a\n\t\thref=\"http:\/\/einsiedel-architekten.de\/cms\/wp-content\/uploads\/2019\/12\/wb-hindenburgkaserne.jpg\"\n\t\ttabindex=\"-1\" class=\"vp-portfolio__item-meta\" aria-label=\"WB Konversion Kaserne, Ulm\" \t data-rel=\"lightbox-image-5\" data-rl_title=\"\" data-rl_caption=\"\" title=\"\">\n\t\t\t<\/a>\t<\/div>\n\t\t\t\t<\/figure>\n\t\t\t\t\t<\/div>\n\t\t\n\t\t<div\t\tclass=\"vp-portfolio__item-wrap vp-portfolio__item-uid-268c6681\" data-vp-filter=\"\" \t\t>\n\t\t\t<template class=\"vp-portfolio__item-popup\" data-vp-popup-img=\"http:\/\/einsiedel-architekten.de\/cms\/wp-content\/uploads\/2019\/11\/Panzerhalle-1920x1440.jpg\" data-vp-popup-img-srcset=\"http:\/\/einsiedel-architekten.de\/cms\/wp-content\/uploads\/2019\/11\/Panzerhalle-1920x1440.jpg 1920w, http:\/\/einsiedel-architekten.de\/cms\/wp-content\/uploads\/2019\/11\/Panzerhalle-300x225.jpg 300w, http:\/\/einsiedel-architekten.de\/cms\/wp-content\/uploads\/2019\/11\/Panzerhalle-768x576.jpg 768w, http:\/\/einsiedel-architekten.de\/cms\/wp-content\/uploads\/2019\/11\/Panzerhalle-1024x768.jpg 1024w, http:\/\/einsiedel-architekten.de\/cms\/wp-content\/uploads\/2019\/11\/Panzerhalle-500x375.jpg 500w, http:\/\/einsiedel-architekten.de\/cms\/wp-content\/uploads\/2019\/11\/Panzerhalle-800x600.jpg 800w, http:\/\/einsiedel-architekten.de\/cms\/wp-content\/uploads\/2019\/11\/Panzerhalle-1280x960.jpg 1280w, http:\/\/einsiedel-architekten.de\/cms\/wp-content\/uploads\/2019\/11\/Panzerhalle-880x660.jpg 880w\" data-vp-popup-img-size=\"1920x1440\" data-vp-popup-md-img=\"http:\/\/einsiedel-architekten.de\/cms\/wp-content\/uploads\/2019\/11\/Panzerhalle-800x600.jpg\" data-vp-popup-md-img-size=\"800x600\" data-vp-popup-sm-img=\"http:\/\/einsiedel-architekten.de\/cms\/wp-content\/uploads\/2019\/11\/Panzerhalle-500x375.jpg\" data-vp-popup-sm-img-size=\"500x375\">\n\t<\/template>\n\t\t\t\t\t\t<figure class=\"vp-portfolio__item\">\n\t\t\t\t\n<div class=\"vp-portfolio__item-img-wrap\">\n\t<div class=\"vp-portfolio__item-img\">\n\t\t\t<a\n\t\thref=\"http:\/\/einsiedel-architekten.de\/cms\/wp-content\/uploads\/2019\/11\/Panzerhalle-1920x1440.jpg\"\n\t\taria-label=\"WB HIN Panzerhalle\" \t data-rel=\"lightbox-image-6\" data-rl_title=\"\" data-rl_caption=\"\" title=\"\">\n\t\n\t\t<noscript><img loading=\"lazy\" decoding=\"async\" width=\"1920\" height=\"1440\" data-skip-lazy src=\"http:\/\/einsiedel-architekten.de\/cms\/wp-content\/uploads\/2019\/11\/Panzerhalle-1920x1440.jpg\" class=\"wp-image-570\" alt=\"\" srcset=\"http:\/\/einsiedel-architekten.de\/cms\/wp-content\/uploads\/2019\/11\/Panzerhalle-1920x1440.jpg 1920w, http:\/\/einsiedel-architekten.de\/cms\/wp-content\/uploads\/2019\/11\/Panzerhalle-300x225.jpg 300w, http:\/\/einsiedel-architekten.de\/cms\/wp-content\/uploads\/2019\/11\/Panzerhalle-768x576.jpg 768w, http:\/\/einsiedel-architekten.de\/cms\/wp-content\/uploads\/2019\/11\/Panzerhalle-1024x768.jpg 1024w, http:\/\/einsiedel-architekten.de\/cms\/wp-content\/uploads\/2019\/11\/Panzerhalle-500x375.jpg 500w, http:\/\/einsiedel-architekten.de\/cms\/wp-content\/uploads\/2019\/11\/Panzerhalle-800x600.jpg 800w, http:\/\/einsiedel-architekten.de\/cms\/wp-content\/uploads\/2019\/11\/Panzerhalle-1280x960.jpg 1280w, http:\/\/einsiedel-architekten.de\/cms\/wp-content\/uploads\/2019\/11\/Panzerhalle-880x660.jpg 880w\" sizes=\"auto, (max-width: 1920px) 100vw, 1920px\" \/><\/noscript><img decoding=\"async\" width=\"1920\" height=\"1440\" src=\"http:\/\/einsiedel-architekten.de\/cms\/wp-content\/uploads\/2019\/11\/Panzerhalle-1920x1440.jpg\" class=\"wp-image-570 vp-lazyload\" alt srcset=\"data:image\/svg+xml;base64,PHN2ZyB3aWR0aD0iMTkyMCIgaGVpZ2h0PSIxNDQwIiB2aWV3Qm94PSIwIDAgMTkyMCAxNDQwIiBmaWxsPSJub25lIiB4bWxucz0iaHR0cDovL3d3dy53My5vcmcvMjAwMC9zdmciPjwvc3ZnPg==\" data-src=\"http:\/\/einsiedel-architekten.de\/cms\/wp-content\/uploads\/2019\/11\/Panzerhalle-1920x1440.jpg\" data-srcset=\"http:\/\/einsiedel-architekten.de\/cms\/wp-content\/uploads\/2019\/11\/Panzerhalle-1920x1440.jpg 1920w, http:\/\/einsiedel-architekten.de\/cms\/wp-content\/uploads\/2019\/11\/Panzerhalle-300x225.jpg 300w, http:\/\/einsiedel-architekten.de\/cms\/wp-content\/uploads\/2019\/11\/Panzerhalle-768x576.jpg 768w, http:\/\/einsiedel-architekten.de\/cms\/wp-content\/uploads\/2019\/11\/Panzerhalle-1024x768.jpg 1024w, http:\/\/einsiedel-architekten.de\/cms\/wp-content\/uploads\/2019\/11\/Panzerhalle-500x375.jpg 500w, http:\/\/einsiedel-architekten.de\/cms\/wp-content\/uploads\/2019\/11\/Panzerhalle-800x600.jpg 800w, http:\/\/einsiedel-architekten.de\/cms\/wp-content\/uploads\/2019\/11\/Panzerhalle-1280x960.jpg 1280w, http:\/\/einsiedel-architekten.de\/cms\/wp-content\/uploads\/2019\/11\/Panzerhalle-880x660.jpg 880w\" data-sizes=\"auto\" loading=\"eager\">\n\t\t<\/a>\t<\/div>\n<\/div>\n\t<div class=\"vp-portfolio__item-overlay\">\n\t\t\t<a\n\t\thref=\"http:\/\/einsiedel-architekten.de\/cms\/wp-content\/uploads\/2019\/11\/Panzerhalle-1920x1440.jpg\"\n\t\ttabindex=\"-1\" class=\"vp-portfolio__item-meta\" aria-label=\"WB HIN Panzerhalle\" \t data-rel=\"lightbox-image-7\" data-rl_title=\"\" data-rl_caption=\"\" title=\"\">\n\t\t\t<\/a>\t<\/div>\n\t\t\t\t<\/figure>\n\t\t\t\t\t<\/div>\n\t\t\n\t\t<div\t\tclass=\"vp-portfolio__item-wrap vp-portfolio__item-uid-55553f14\" data-vp-filter=\"\" \t\t>\n\t\t\t<template class=\"vp-portfolio__item-popup\" data-vp-popup-img=\"http:\/\/einsiedel-architekten.de\/cms\/wp-content\/uploads\/2019\/11\/Skizze-HF.jpg\" data-vp-popup-img-srcset=\"http:\/\/einsiedel-architekten.de\/cms\/wp-content\/uploads\/2019\/11\/Skizze-HF-292x300.jpg 292w, http:\/\/einsiedel-architekten.de\/cms\/wp-content\/uploads\/2019\/11\/Skizze-HF-768x789.jpg 768w, http:\/\/einsiedel-architekten.de\/cms\/wp-content\/uploads\/2019\/11\/Skizze-HF-997x1024.jpg 997w, http:\/\/einsiedel-architekten.de\/cms\/wp-content\/uploads\/2019\/11\/Skizze-HF-487x500.jpg 487w, http:\/\/einsiedel-architekten.de\/cms\/wp-content\/uploads\/2019\/11\/Skizze-HF-779x800.jpg 779w, http:\/\/einsiedel-architekten.de\/cms\/wp-content\/uploads\/2019\/11\/Skizze-HF-1247x1280.jpg 1247w, http:\/\/einsiedel-architekten.de\/cms\/wp-content\/uploads\/2019\/11\/Skizze-HF-643x660.jpg 643w\" data-vp-popup-img-size=\"1833x1882\" data-vp-popup-md-img=\"http:\/\/einsiedel-architekten.de\/cms\/wp-content\/uploads\/2019\/11\/Skizze-HF-779x800.jpg\" data-vp-popup-md-img-size=\"779x800\" data-vp-popup-sm-img=\"http:\/\/einsiedel-architekten.de\/cms\/wp-content\/uploads\/2019\/11\/Skizze-HF-487x500.jpg\" data-vp-popup-sm-img-size=\"487x500\">\n\t<\/template>\n\t\t\t\t\t\t<figure class=\"vp-portfolio__item\">\n\t\t\t\t\n<div class=\"vp-portfolio__item-img-wrap\">\n\t<div class=\"vp-portfolio__item-img\">\n\t\t\t<a\n\t\thref=\"http:\/\/einsiedel-architekten.de\/cms\/wp-content\/uploads\/2019\/11\/Skizze-HF.jpg\"\n\t\taria-label=\"WB HIN Iso Mews\" \t data-rel=\"lightbox-image-8\" data-rl_title=\"\" data-rl_caption=\"\" title=\"\">\n\t\n\t\t<noscript><img loading=\"lazy\" decoding=\"async\" width=\"1833\" height=\"1882\" data-skip-lazy src=\"http:\/\/einsiedel-architekten.de\/cms\/wp-content\/uploads\/2019\/11\/Skizze-HF.jpg\" class=\"wp-image-572\" alt=\"\" srcset=\"http:\/\/einsiedel-architekten.de\/cms\/wp-content\/uploads\/2019\/11\/Skizze-HF-292x300.jpg 292w, http:\/\/einsiedel-architekten.de\/cms\/wp-content\/uploads\/2019\/11\/Skizze-HF-768x789.jpg 768w, http:\/\/einsiedel-architekten.de\/cms\/wp-content\/uploads\/2019\/11\/Skizze-HF-997x1024.jpg 997w, http:\/\/einsiedel-architekten.de\/cms\/wp-content\/uploads\/2019\/11\/Skizze-HF-487x500.jpg 487w, http:\/\/einsiedel-architekten.de\/cms\/wp-content\/uploads\/2019\/11\/Skizze-HF-779x800.jpg 779w, http:\/\/einsiedel-architekten.de\/cms\/wp-content\/uploads\/2019\/11\/Skizze-HF-1247x1280.jpg 1247w, http:\/\/einsiedel-architekten.de\/cms\/wp-content\/uploads\/2019\/11\/Skizze-HF-643x660.jpg 643w\" sizes=\"auto, (max-width: 1833px) 100vw, 1833px\" \/><\/noscript><img decoding=\"async\" width=\"1833\" height=\"1882\" src=\"http:\/\/einsiedel-architekten.de\/cms\/wp-content\/uploads\/2019\/11\/Skizze-HF.jpg\" class=\"wp-image-572 vp-lazyload\" alt srcset=\"data:image\/svg+xml;base64,PHN2ZyB3aWR0aD0iMTgzMyIgaGVpZ2h0PSIxODgyIiB2aWV3Qm94PSIwIDAgMTgzMyAxODgyIiBmaWxsPSJub25lIiB4bWxucz0iaHR0cDovL3d3dy53My5vcmcvMjAwMC9zdmciPjwvc3ZnPg==\" data-src=\"http:\/\/einsiedel-architekten.de\/cms\/wp-content\/uploads\/2019\/11\/Skizze-HF.jpg\" data-srcset=\"http:\/\/einsiedel-architekten.de\/cms\/wp-content\/uploads\/2019\/11\/Skizze-HF-292x300.jpg 292w, http:\/\/einsiedel-architekten.de\/cms\/wp-content\/uploads\/2019\/11\/Skizze-HF-768x789.jpg 768w, http:\/\/einsiedel-architekten.de\/cms\/wp-content\/uploads\/2019\/11\/Skizze-HF-997x1024.jpg 997w, http:\/\/einsiedel-architekten.de\/cms\/wp-content\/uploads\/2019\/11\/Skizze-HF-487x500.jpg 487w, http:\/\/einsiedel-architekten.de\/cms\/wp-content\/uploads\/2019\/11\/Skizze-HF-779x800.jpg 779w, http:\/\/einsiedel-architekten.de\/cms\/wp-content\/uploads\/2019\/11\/Skizze-HF-1247x1280.jpg 1247w, http:\/\/einsiedel-architekten.de\/cms\/wp-content\/uploads\/2019\/11\/Skizze-HF-643x660.jpg 643w\" data-sizes=\"auto\" loading=\"eager\">\n\t\t<\/a>\t<\/div>\n<\/div>\n\t<div class=\"vp-portfolio__item-overlay\">\n\t\t\t<a\n\t\thref=\"http:\/\/einsiedel-architekten.de\/cms\/wp-content\/uploads\/2019\/11\/Skizze-HF.jpg\"\n\t\ttabindex=\"-1\" class=\"vp-portfolio__item-meta\" aria-label=\"WB HIN Iso Mews\" \t data-rel=\"lightbox-image-9\" data-rl_title=\"\" data-rl_caption=\"\" title=\"\">\n\t\t\t<\/a>\t<\/div>\n\t\t\t\t<\/figure>\n\t\t\t\t\t<\/div>\n\t\t\n\t\t<div\t\tclass=\"vp-portfolio__item-wrap vp-portfolio__item-uid-74e009cb\" data-vp-filter=\"\" \t\t>\n\t\t\t<template class=\"vp-portfolio__item-popup\" data-vp-popup-img=\"http:\/\/einsiedel-architekten.de\/cms\/wp-content\/uploads\/2019\/11\/Schnitte-1920x663.jpg\" data-vp-popup-img-srcset=\"http:\/\/einsiedel-architekten.de\/cms\/wp-content\/uploads\/2019\/11\/Schnitte-1920x663.jpg 1920w, http:\/\/einsiedel-architekten.de\/cms\/wp-content\/uploads\/2019\/11\/Schnitte-300x104.jpg 300w, http:\/\/einsiedel-architekten.de\/cms\/wp-content\/uploads\/2019\/11\/Schnitte-768x265.jpg 768w, http:\/\/einsiedel-architekten.de\/cms\/wp-content\/uploads\/2019\/11\/Schnitte-1024x354.jpg 1024w, http:\/\/einsiedel-architekten.de\/cms\/wp-content\/uploads\/2019\/11\/Schnitte-500x173.jpg 500w, http:\/\/einsiedel-architekten.de\/cms\/wp-content\/uploads\/2019\/11\/Schnitte-800x276.jpg 800w, http:\/\/einsiedel-architekten.de\/cms\/wp-content\/uploads\/2019\/11\/Schnitte-1280x442.jpg 1280w, http:\/\/einsiedel-architekten.de\/cms\/wp-content\/uploads\/2019\/11\/Schnitte-1170x404.jpg 1170w\" data-vp-popup-img-size=\"1920x663\" data-vp-popup-md-img=\"http:\/\/einsiedel-architekten.de\/cms\/wp-content\/uploads\/2019\/11\/Schnitte-800x276.jpg\" data-vp-popup-md-img-size=\"800x276\" data-vp-popup-sm-img=\"http:\/\/einsiedel-architekten.de\/cms\/wp-content\/uploads\/2019\/11\/Schnitte-500x173.jpg\" data-vp-popup-sm-img-size=\"500x173\">\n\t<\/template>\n\t\t\t\t\t\t<figure class=\"vp-portfolio__item\">\n\t\t\t\t\n<div class=\"vp-portfolio__item-img-wrap\">\n\t<div class=\"vp-portfolio__item-img\">\n\t\t\t<a\n\t\thref=\"http:\/\/einsiedel-architekten.de\/cms\/wp-content\/uploads\/2019\/11\/Schnitte-1920x663.jpg\"\n\t\taria-label=\"WB HIN Schnitte\" \t data-rel=\"lightbox-image-10\" data-rl_title=\"\" data-rl_caption=\"\" title=\"\">\n\t\n\t\t<noscript><img loading=\"lazy\" decoding=\"async\" width=\"1920\" height=\"663\" data-skip-lazy src=\"http:\/\/einsiedel-architekten.de\/cms\/wp-content\/uploads\/2019\/11\/Schnitte-1920x663.jpg\" class=\"wp-image-571\" alt=\"\" srcset=\"http:\/\/einsiedel-architekten.de\/cms\/wp-content\/uploads\/2019\/11\/Schnitte-1920x663.jpg 1920w, http:\/\/einsiedel-architekten.de\/cms\/wp-content\/uploads\/2019\/11\/Schnitte-300x104.jpg 300w, http:\/\/einsiedel-architekten.de\/cms\/wp-content\/uploads\/2019\/11\/Schnitte-768x265.jpg 768w, http:\/\/einsiedel-architekten.de\/cms\/wp-content\/uploads\/2019\/11\/Schnitte-1024x354.jpg 1024w, http:\/\/einsiedel-architekten.de\/cms\/wp-content\/uploads\/2019\/11\/Schnitte-500x173.jpg 500w, http:\/\/einsiedel-architekten.de\/cms\/wp-content\/uploads\/2019\/11\/Schnitte-800x276.jpg 800w, http:\/\/einsiedel-architekten.de\/cms\/wp-content\/uploads\/2019\/11\/Schnitte-1280x442.jpg 1280w, http:\/\/einsiedel-architekten.de\/cms\/wp-content\/uploads\/2019\/11\/Schnitte-1170x404.jpg 1170w\" sizes=\"auto, (max-width: 1920px) 100vw, 1920px\" \/><\/noscript><img decoding=\"async\" width=\"1920\" height=\"663\" src=\"http:\/\/einsiedel-architekten.de\/cms\/wp-content\/uploads\/2019\/11\/Schnitte-1920x663.jpg\" class=\"wp-image-571 vp-lazyload\" alt srcset=\"data:image\/svg+xml;base64,PHN2ZyB3aWR0aD0iMTkyMCIgaGVpZ2h0PSI2NjMiIHZpZXdCb3g9IjAgMCAxOTIwIDY2MyIgZmlsbD0ibm9uZSIgeG1sbnM9Imh0dHA6Ly93d3cudzMub3JnLzIwMDAvc3ZnIj48L3N2Zz4=\" data-src=\"http:\/\/einsiedel-architekten.de\/cms\/wp-content\/uploads\/2019\/11\/Schnitte-1920x663.jpg\" data-srcset=\"http:\/\/einsiedel-architekten.de\/cms\/wp-content\/uploads\/2019\/11\/Schnitte-1920x663.jpg 1920w, http:\/\/einsiedel-architekten.de\/cms\/wp-content\/uploads\/2019\/11\/Schnitte-300x104.jpg 300w, http:\/\/einsiedel-architekten.de\/cms\/wp-content\/uploads\/2019\/11\/Schnitte-768x265.jpg 768w, http:\/\/einsiedel-architekten.de\/cms\/wp-content\/uploads\/2019\/11\/Schnitte-1024x354.jpg 1024w, http:\/\/einsiedel-architekten.de\/cms\/wp-content\/uploads\/2019\/11\/Schnitte-500x173.jpg 500w, http:\/\/einsiedel-architekten.de\/cms\/wp-content\/uploads\/2019\/11\/Schnitte-800x276.jpg 800w, http:\/\/einsiedel-architekten.de\/cms\/wp-content\/uploads\/2019\/11\/Schnitte-1280x442.jpg 1280w, http:\/\/einsiedel-architekten.de\/cms\/wp-content\/uploads\/2019\/11\/Schnitte-1170x404.jpg 1170w\" data-sizes=\"auto\" loading=\"eager\">\n\t\t<\/a>\t<\/div>\n<\/div>\n\t<div class=\"vp-portfolio__item-overlay\">\n\t\t\t<a\n\t\thref=\"http:\/\/einsiedel-architekten.de\/cms\/wp-content\/uploads\/2019\/11\/Schnitte-1920x663.jpg\"\n\t\ttabindex=\"-1\" class=\"vp-portfolio__item-meta\" aria-label=\"WB HIN Schnitte\" \t data-rel=\"lightbox-image-11\" data-rl_title=\"\" data-rl_caption=\"\" title=\"\">\n\t\t\t<\/a>\t<\/div>\n\t\t\t\t<\/figure>\n\t\t\t\t\t<\/div>\n\t\t\n\t\t<div\t\tclass=\"vp-portfolio__item-wrap vp-portfolio__item-uid-71951f56\" data-vp-filter=\"\" \t\t>\n\t\t\t<template class=\"vp-portfolio__item-popup\" data-vp-popup-img=\"http:\/\/einsiedel-architekten.de\/cms\/wp-content\/uploads\/2019\/11\/Modell-1920x1238.jpg\" data-vp-popup-img-srcset=\"http:\/\/einsiedel-architekten.de\/cms\/wp-content\/uploads\/2019\/11\/Modell-1920x1238.jpg 1920w, http:\/\/einsiedel-architekten.de\/cms\/wp-content\/uploads\/2019\/11\/Modell-300x193.jpg 300w, http:\/\/einsiedel-architekten.de\/cms\/wp-content\/uploads\/2019\/11\/Modell-768x495.jpg 768w, http:\/\/einsiedel-architekten.de\/cms\/wp-content\/uploads\/2019\/11\/Modell-1024x660.jpg 1024w, http:\/\/einsiedel-architekten.de\/cms\/wp-content\/uploads\/2019\/11\/Modell-500x322.jpg 500w, http:\/\/einsiedel-architekten.de\/cms\/wp-content\/uploads\/2019\/11\/Modell-800x516.jpg 800w, http:\/\/einsiedel-architekten.de\/cms\/wp-content\/uploads\/2019\/11\/Modell-1280x825.jpg 1280w, http:\/\/einsiedel-architekten.de\/cms\/wp-content\/uploads\/2019\/11\/Modell-1023x660.jpg 1023w\" data-vp-popup-img-size=\"1920x1238\" data-vp-popup-md-img=\"http:\/\/einsiedel-architekten.de\/cms\/wp-content\/uploads\/2019\/11\/Modell-800x516.jpg\" data-vp-popup-md-img-size=\"800x516\" data-vp-popup-sm-img=\"http:\/\/einsiedel-architekten.de\/cms\/wp-content\/uploads\/2019\/11\/Modell-500x322.jpg\" data-vp-popup-sm-img-size=\"500x322\">\n\t<\/template>\n\t\t\t\t\t\t<figure class=\"vp-portfolio__item\">\n\t\t\t\t\n<div class=\"vp-portfolio__item-img-wrap\">\n\t<div class=\"vp-portfolio__item-img\">\n\t\t\t<a\n\t\thref=\"http:\/\/einsiedel-architekten.de\/cms\/wp-content\/uploads\/2019\/11\/Modell-1920x1238.jpg\"\n\t\taria-label=\"WB HIN Modell\" \t data-rel=\"lightbox-image-12\" data-rl_title=\"\" data-rl_caption=\"\" title=\"\">\n\t\n\t\t<noscript><img loading=\"lazy\" decoding=\"async\" width=\"1920\" height=\"1238\" data-skip-lazy src=\"http:\/\/einsiedel-architekten.de\/cms\/wp-content\/uploads\/2019\/11\/Modell-1920x1238.jpg\" class=\"wp-image-569\" alt=\"\" srcset=\"http:\/\/einsiedel-architekten.de\/cms\/wp-content\/uploads\/2019\/11\/Modell-1920x1238.jpg 1920w, http:\/\/einsiedel-architekten.de\/cms\/wp-content\/uploads\/2019\/11\/Modell-300x193.jpg 300w, http:\/\/einsiedel-architekten.de\/cms\/wp-content\/uploads\/2019\/11\/Modell-768x495.jpg 768w, http:\/\/einsiedel-architekten.de\/cms\/wp-content\/uploads\/2019\/11\/Modell-1024x660.jpg 1024w, http:\/\/einsiedel-architekten.de\/cms\/wp-content\/uploads\/2019\/11\/Modell-500x322.jpg 500w, http:\/\/einsiedel-architekten.de\/cms\/wp-content\/uploads\/2019\/11\/Modell-800x516.jpg 800w, http:\/\/einsiedel-architekten.de\/cms\/wp-content\/uploads\/2019\/11\/Modell-1280x825.jpg 1280w, http:\/\/einsiedel-architekten.de\/cms\/wp-content\/uploads\/2019\/11\/Modell-1023x660.jpg 1023w\" sizes=\"auto, (max-width: 1920px) 100vw, 1920px\" \/><\/noscript><img decoding=\"async\" width=\"1920\" height=\"1238\" src=\"http:\/\/einsiedel-architekten.de\/cms\/wp-content\/uploads\/2019\/11\/Modell-1920x1238.jpg\" class=\"wp-image-569 vp-lazyload\" alt srcset=\"data:image\/svg+xml;base64,PHN2ZyB3aWR0aD0iMTkyMCIgaGVpZ2h0PSIxMjM4IiB2aWV3Qm94PSIwIDAgMTkyMCAxMjM4IiBmaWxsPSJub25lIiB4bWxucz0iaHR0cDovL3d3dy53My5vcmcvMjAwMC9zdmciPjwvc3ZnPg==\" data-src=\"http:\/\/einsiedel-architekten.de\/cms\/wp-content\/uploads\/2019\/11\/Modell-1920x1238.jpg\" data-srcset=\"http:\/\/einsiedel-architekten.de\/cms\/wp-content\/uploads\/2019\/11\/Modell-1920x1238.jpg 1920w, http:\/\/einsiedel-architekten.de\/cms\/wp-content\/uploads\/2019\/11\/Modell-300x193.jpg 300w, http:\/\/einsiedel-architekten.de\/cms\/wp-content\/uploads\/2019\/11\/Modell-768x495.jpg 768w, http:\/\/einsiedel-architekten.de\/cms\/wp-content\/uploads\/2019\/11\/Modell-1024x660.jpg 1024w, http:\/\/einsiedel-architekten.de\/cms\/wp-content\/uploads\/2019\/11\/Modell-500x322.jpg 500w, http:\/\/einsiedel-architekten.de\/cms\/wp-content\/uploads\/2019\/11\/Modell-800x516.jpg 800w, http:\/\/einsiedel-architekten.de\/cms\/wp-content\/uploads\/2019\/11\/Modell-1280x825.jpg 1280w, http:\/\/einsiedel-architekten.de\/cms\/wp-content\/uploads\/2019\/11\/Modell-1023x660.jpg 1023w\" data-sizes=\"auto\" loading=\"eager\">\n\t\t<\/a>\t<\/div>\n<\/div>\n\t<div class=\"vp-portfolio__item-overlay\">\n\t\t\t<a\n\t\thref=\"http:\/\/einsiedel-architekten.de\/cms\/wp-content\/uploads\/2019\/11\/Modell-1920x1238.jpg\"\n\t\ttabindex=\"-1\" class=\"vp-portfolio__item-meta\" aria-label=\"WB HIN Modell\" \t data-rel=\"lightbox-image-13\" data-rl_title=\"\" data-rl_caption=\"\" title=\"\">\n\t\t\t<\/a>\t<\/div>\n\t\t\t\t<\/figure>\n\t\t\t\t\t<\/div>\n\t\t\n<\/div>\n\n<div class=\"vp-portfolio__items-arrow vp-portfolio__items-arrow-prev\" tabindex=\"0\" role=\"button\" aria-label=\"Previous Slide\">\n\t\n<svg class=\"vp-svg-icon\" width=\"20\" height=\"20\" viewBox=\"0 0 20 20\" fill=\"none\" xmlns=\"http:\/\/www.w3.org\/2000\/svg\">\n\t<path d=\"M12 4L6 10L12 16\" stroke=\"currentColor\" stroke-width=\"1.5\" stroke-linecap=\"round\" stroke-linejoin=\"round\" fill=\"transparent\" \/>\n<\/svg>\n<\/div>\n<div class=\"vp-portfolio__items-arrow vp-portfolio__items-arrow-next\" tabindex=\"0\" role=\"button\" aria-label=\"Next Slide\">\n\t\n<svg class=\"vp-svg-icon\" width=\"20\" height=\"20\" viewBox=\"0 0 20 20\" fill=\"none\" xmlns=\"http:\/\/www.w3.org\/2000\/svg\">\n\t<path d=\"M8 4L14 10L8 16\" stroke=\"currentColor\" stroke-width=\"1.5\" stroke-linecap=\"round\" stroke-linejoin=\"round\" fill=\"transparent\" \/>\n<\/svg>\n<\/div>\n\t\t<\/div>\n\t\t\n<\/div>\n<\/div>\n\n\n\n<p><\/p>\n\n\n\n<p style=\"color:#dd890b\" class=\"has-text-color\">ST\u00c4DTEBAULICHER REALISIERUNGSWETTBEWERB HINDENBURGKASERNE ULM<br>Stadt Ulm<br><strong>1. Preis<\/strong><br><br><\/p>\n\n\n\n<p>ECKDATEN<br>mit Coqui-Malakowska, Landschaftsarchitekten<br>9 ha, 112.000m\u00b2 BGF, 1.000 WE + Gewerbe<br><br><\/p>\n\n\n\n<p>NEUE MITTE F\u00dcR DEN STADTTEIL<br>Auf dem alten Kasernenareal entsteht ein neues Wohnquartier als Mitte des in die Jahre gekommenen Stadtteils Eselsberg mit lockerem Siedlungsbau der 60er.  Die bestehenden Mannschaftbauten und die Panzerhalle werden in die neue Bebauung integriert.<\/p>\n\n\n\n<p>BAUSTRUKTUR DES STADTQUARTIERS . RAND, INNERES, KERN <br>Das Quartier wird von einem pr\u00e4zisen \u00e4u\u00dferen Rand gefass, die Wohnbl\u00f6cke im Inneren variabel entwickelt.Der Kern stiftet Identit\u00e4t durch eine klare st\u00e4dtebauliche Gestaltung der \u00f6ffentlichen R\u00e4ume.<\/p>\n\n\n\n<p>SIGNIFIKANTE ACHSEN<br>Boulevard und Promenade kreuzen sich in der Mitte des Quartiers und verbinden es mit den benachbarten Stadtvierteln.<\/p>\n\n\n\n<p>INTEGRIERENDE MISCHUNG<br>Wohnen als dominante Nutzung des Quartiers, vertr\u00e4gliches und kleinteiliges Gewerbe mit 10% Fl\u00e4chenanteil und Gemeinbedarf.<\/p>\n\n\n\n<p>FREIRAUMKONZEPTE: GR\u00dcNE VIELFALT<br>Der begr\u00fcnte zentrale Boulevard bezieht sich auf die milit\u00e4rische Vergangenheit von Zitadelle und Kaserne. <br>Die Quartierspromenade verbindet die S-Bahn-Haltestelle mit zuk\u00fcnftigen Orten des Geschehens, dem Quartiers- und Festplatz an der Panzerhalle.<br>Die verkehrsberuhigte Promenade nutzt die sonnige S\u00fcdlage und die Nachbarschaft der Zitadelle.<\/p>\n","protected":false},"excerpt":{"rendered":"<p>ST\u00c4DTEBAULICHER REALISIERUNGSWETTBEWERB HINDENBURGKASERNE ULMStadt Ulm1. Preis ECKDATENmit Coqui-Malakowska, Landschaftsarchitekten9 ha, 112.000m\u00b2 BGF, 1.000 WE + Gewerbe NEUE MITTE F\u00dcR DEN STADTTEILAuf dem alten Kasernenareal entsteht ein neues Wohnquartier als Mitte des in die Jahre gekommenen Stadtteils Eselsberg mit lockerem Siedlungsbau der 60er. Die bestehenden Mannschaftbauten und die Panzerhalle werden in die neue Bebauung integriert. BAUSTRUKTUR [&hellip;]<\/p>\n","protected":false},"author":2,"featured_media":0,"parent":0,"menu_order":0,"comment_status":"closed","ping_status":"closed","template":"","meta":{"_vp_format_video_url":"","_vp_image_focal_point":[],"footnotes":""},"folder":[3],"class_list":["post-85","page","type-page","status-publish","hentry"],"_links":{"self":[{"href":"http:\/\/einsiedel-architekten.de\/cms\/wp-json\/wp\/v2\/pages\/85","targetHints":{"allow":["GET"]}}],"collection":[{"href":"http:\/\/einsiedel-architekten.de\/cms\/wp-json\/wp\/v2\/pages"}],"about":[{"href":"http:\/\/einsiedel-architekten.de\/cms\/wp-json\/wp\/v2\/types\/page"}],"author":[{"embeddable":true,"href":"http:\/\/einsiedel-architekten.de\/cms\/wp-json\/wp\/v2\/users\/2"}],"replies":[{"embeddable":true,"href":"http:\/\/einsiedel-architekten.de\/cms\/wp-json\/wp\/v2\/comments?post=85"}],"version-history":[{"count":15,"href":"http:\/\/einsiedel-architekten.de\/cms\/wp-json\/wp\/v2\/pages\/85\/revisions"}],"predecessor-version":[{"id":1441,"href":"http:\/\/einsiedel-architekten.de\/cms\/wp-json\/wp\/v2\/pages\/85\/revisions\/1441"}],"wp:attachment":[{"href":"http:\/\/einsiedel-architekten.de\/cms\/wp-json\/wp\/v2\/media?parent=85"}],"wp:term":[{"taxonomy":"folder","embeddable":true,"href":"http:\/\/einsiedel-architekten.de\/cms\/wp-json\/wp\/v2\/folder?post=85"}],"curies":[{"name":"wp","href":"https:\/\/api.w.org\/{rel}","templated":true}]}}