{"id":788,"date":"2019-11-15T10:53:37","date_gmt":"2019-11-15T09:53:37","guid":{"rendered":"http:\/\/einsiedel-architekten.de\/cms\/?page_id=788"},"modified":"2019-11-20T16:11:25","modified_gmt":"2019-11-20T15:11:25","slug":"schloss-reinhardtsgrimma","status":"publish","type":"page","link":"http:\/\/einsiedel-architekten.de\/cms\/schloss-reinhardtsgrimma\/","title":{"rendered":"1995 schloss reinhardtsgrimma, glash\u00fctte"},"content":{"rendered":"\n\n<div class=\"vp-portfolio vp-uid-ca5e0620 vp-id-805 \"\n\tdata-vp-layout=\"slider\" data-vp-content-source=\"images\" data-vp-items-style=\"fly\" data-vp-items-click-action=\"popup_gallery\" data-vp-items-gap=\"15\" data-vp-items-gap-vertical=\"\" data-vp-pagination=\"load-more\" data-vp-next-page-url=\"\" data-vp-slider-effect=\"slide\" data-vp-slider-items-height=\"80%\" data-vp-slider-items-min-height=\"\" data-vp-slider-slides-per-view=\"2\" data-vp-slider-speed=\"1.5\" data-vp-slider-autoplay=\"4\" data-vp-slider-autoplay-hover-pause=\"false\" data-vp-slider-centered-slides=\"true\" data-vp-slider-loop=\"false\" data-vp-slider-free-mode=\"false\" data-vp-slider-free-mode-sticky=\"false\" data-vp-slider-arrows=\"true\" data-vp-slider-bullets=\"true\" data-vp-slider-bullets-dynamic=\"false\" data-vp-slider-mousewheel=\"false\" data-vp-slider-thumbnails=\"false\" >\n\t<div class=\"vp-portfolio__preloader-wrap\">\n\t\t<div class=\"vp-portfolio__preloader\">\n\t\t\t<img decoding=\"async\" loading=\"eager\" src=\"http:\/\/einsiedel-architekten.de\/cms\/wp-content\/plugins\/visual-portfolio\/assets\/images\/logo-dark.svg\" alt=\"Visual Portfolio, Posts &amp; Image Gallery for WordPress\" width=\"20\" height=\"20\" data-skip-lazy>\n\t\t<\/div>\n\t<\/div>\n\t\t<div class=\"vp-portfolio__items-wrap\">\n\t\t\t\n<div class=\"vp-portfolio__items vp-portfolio__items-style-fly vp-portfolio__items-show-overlay-hover\">\n\n\t\t<div\t\tclass=\"vp-portfolio__item-wrap vp-portfolio__item-uid-73a0ccfb\" data-vp-filter=\"\" \t\t>\n\t\t\t<template class=\"vp-portfolio__item-popup\" data-vp-popup-img=\"http:\/\/einsiedel-architekten.de\/cms\/wp-content\/uploads\/2019\/11\/reinhardtsgrimma-fassade-1286x1920.jpg\" data-vp-popup-img-srcset=\"http:\/\/einsiedel-architekten.de\/cms\/wp-content\/uploads\/2019\/11\/reinhardtsgrimma-fassade-1286x1920.jpg 1286w, http:\/\/einsiedel-architekten.de\/cms\/wp-content\/uploads\/2019\/11\/reinhardtsgrimma-fassade-201x300.jpg 201w, http:\/\/einsiedel-architekten.de\/cms\/wp-content\/uploads\/2019\/11\/reinhardtsgrimma-fassade-686x1024.jpg 686w, http:\/\/einsiedel-architekten.de\/cms\/wp-content\/uploads\/2019\/11\/reinhardtsgrimma-fassade-768x1147.jpg 768w, http:\/\/einsiedel-architekten.de\/cms\/wp-content\/uploads\/2019\/11\/reinhardtsgrimma-fassade-335x500.jpg 335w, http:\/\/einsiedel-architekten.de\/cms\/wp-content\/uploads\/2019\/11\/reinhardtsgrimma-fassade-536x800.jpg 536w, http:\/\/einsiedel-architekten.de\/cms\/wp-content\/uploads\/2019\/11\/reinhardtsgrimma-fassade-857x1280.jpg 857w, http:\/\/einsiedel-architekten.de\/cms\/wp-content\/uploads\/2019\/11\/reinhardtsgrimma-fassade-1029x1536.jpg 1029w, http:\/\/einsiedel-architekten.de\/cms\/wp-content\/uploads\/2019\/11\/reinhardtsgrimma-fassade-1371x2048.jpg 1371w, http:\/\/einsiedel-architekten.de\/cms\/wp-content\/uploads\/2019\/11\/reinhardtsgrimma-fassade-442x660.jpg 442w, http:\/\/einsiedel-architekten.de\/cms\/wp-content\/uploads\/2019\/11\/reinhardtsgrimma-fassade-scaled.jpg 1714w\" data-vp-popup-img-size=\"1286x1920\" data-vp-popup-md-img=\"http:\/\/einsiedel-architekten.de\/cms\/wp-content\/uploads\/2019\/11\/reinhardtsgrimma-fassade-536x800.jpg\" data-vp-popup-md-img-size=\"536x800\" data-vp-popup-sm-img=\"http:\/\/einsiedel-architekten.de\/cms\/wp-content\/uploads\/2019\/11\/reinhardtsgrimma-fassade-335x500.jpg\" data-vp-popup-sm-img-size=\"335x500\">\n\t<\/template>\n\t\t\t\t\t\t<figure class=\"vp-portfolio__item\">\n\t\t\t\t\n<div class=\"vp-portfolio__item-img-wrap\">\n\t<div class=\"vp-portfolio__item-img\">\n\t\t\t<a\n\t\thref=\"http:\/\/einsiedel-architekten.de\/cms\/wp-content\/uploads\/2019\/11\/reinhardtsgrimma-fassade-1286x1920.jpg\"\n\t\taria-label=\"reinhardtsgrimma fassade\" \t data-rel=\"lightbox-image-0\" data-rl_title=\"\" data-rl_caption=\"\" title=\"\">\n\t\n\t\t<noscript><img loading=\"lazy\" decoding=\"async\" width=\"1286\" height=\"1920\" data-skip-lazy src=\"http:\/\/einsiedel-architekten.de\/cms\/wp-content\/uploads\/2019\/11\/reinhardtsgrimma-fassade-1286x1920.jpg\" class=\"wp-image-800\" alt=\"\" srcset=\"http:\/\/einsiedel-architekten.de\/cms\/wp-content\/uploads\/2019\/11\/reinhardtsgrimma-fassade-1286x1920.jpg 1286w, http:\/\/einsiedel-architekten.de\/cms\/wp-content\/uploads\/2019\/11\/reinhardtsgrimma-fassade-201x300.jpg 201w, http:\/\/einsiedel-architekten.de\/cms\/wp-content\/uploads\/2019\/11\/reinhardtsgrimma-fassade-686x1024.jpg 686w, http:\/\/einsiedel-architekten.de\/cms\/wp-content\/uploads\/2019\/11\/reinhardtsgrimma-fassade-768x1147.jpg 768w, http:\/\/einsiedel-architekten.de\/cms\/wp-content\/uploads\/2019\/11\/reinhardtsgrimma-fassade-335x500.jpg 335w, http:\/\/einsiedel-architekten.de\/cms\/wp-content\/uploads\/2019\/11\/reinhardtsgrimma-fassade-536x800.jpg 536w, http:\/\/einsiedel-architekten.de\/cms\/wp-content\/uploads\/2019\/11\/reinhardtsgrimma-fassade-857x1280.jpg 857w, http:\/\/einsiedel-architekten.de\/cms\/wp-content\/uploads\/2019\/11\/reinhardtsgrimma-fassade-1029x1536.jpg 1029w, http:\/\/einsiedel-architekten.de\/cms\/wp-content\/uploads\/2019\/11\/reinhardtsgrimma-fassade-1371x2048.jpg 1371w, http:\/\/einsiedel-architekten.de\/cms\/wp-content\/uploads\/2019\/11\/reinhardtsgrimma-fassade-442x660.jpg 442w, http:\/\/einsiedel-architekten.de\/cms\/wp-content\/uploads\/2019\/11\/reinhardtsgrimma-fassade-scaled.jpg 1714w\" sizes=\"auto, (max-width: 1286px) 100vw, 1286px\" \/><\/noscript><img fetchpriority=\"high\" decoding=\"async\" width=\"1286\" height=\"1920\" src=\"http:\/\/einsiedel-architekten.de\/cms\/wp-content\/uploads\/2019\/11\/reinhardtsgrimma-fassade-1286x1920.jpg\" class=\"wp-image-800 vp-lazyload\" alt srcset=\"data:image\/svg+xml;base64,PHN2ZyB3aWR0aD0iMTI4NiIgaGVpZ2h0PSIxOTIwIiB2aWV3Qm94PSIwIDAgMTI4NiAxOTIwIiBmaWxsPSJub25lIiB4bWxucz0iaHR0cDovL3d3dy53My5vcmcvMjAwMC9zdmciPjwvc3ZnPg==\" data-src=\"http:\/\/einsiedel-architekten.de\/cms\/wp-content\/uploads\/2019\/11\/reinhardtsgrimma-fassade-1286x1920.jpg\" data-srcset=\"http:\/\/einsiedel-architekten.de\/cms\/wp-content\/uploads\/2019\/11\/reinhardtsgrimma-fassade-1286x1920.jpg 1286w, http:\/\/einsiedel-architekten.de\/cms\/wp-content\/uploads\/2019\/11\/reinhardtsgrimma-fassade-201x300.jpg 201w, http:\/\/einsiedel-architekten.de\/cms\/wp-content\/uploads\/2019\/11\/reinhardtsgrimma-fassade-686x1024.jpg 686w, http:\/\/einsiedel-architekten.de\/cms\/wp-content\/uploads\/2019\/11\/reinhardtsgrimma-fassade-768x1147.jpg 768w, http:\/\/einsiedel-architekten.de\/cms\/wp-content\/uploads\/2019\/11\/reinhardtsgrimma-fassade-335x500.jpg 335w, http:\/\/einsiedel-architekten.de\/cms\/wp-content\/uploads\/2019\/11\/reinhardtsgrimma-fassade-536x800.jpg 536w, http:\/\/einsiedel-architekten.de\/cms\/wp-content\/uploads\/2019\/11\/reinhardtsgrimma-fassade-857x1280.jpg 857w, http:\/\/einsiedel-architekten.de\/cms\/wp-content\/uploads\/2019\/11\/reinhardtsgrimma-fassade-1029x1536.jpg 1029w, http:\/\/einsiedel-architekten.de\/cms\/wp-content\/uploads\/2019\/11\/reinhardtsgrimma-fassade-1371x2048.jpg 1371w, http:\/\/einsiedel-architekten.de\/cms\/wp-content\/uploads\/2019\/11\/reinhardtsgrimma-fassade-442x660.jpg 442w, http:\/\/einsiedel-architekten.de\/cms\/wp-content\/uploads\/2019\/11\/reinhardtsgrimma-fassade-scaled.jpg 1714w\" data-sizes=\"auto\" loading=\"eager\">\n\t\t<\/a>\t<\/div>\n<\/div>\n\t<div class=\"vp-portfolio__item-overlay\">\n\t\t\t<a\n\t\thref=\"http:\/\/einsiedel-architekten.de\/cms\/wp-content\/uploads\/2019\/11\/reinhardtsgrimma-fassade-1286x1920.jpg\"\n\t\ttabindex=\"-1\" class=\"vp-portfolio__item-meta\" aria-label=\"reinhardtsgrimma fassade\" \t data-rel=\"lightbox-image-1\" data-rl_title=\"\" data-rl_caption=\"\" title=\"\">\n\t\t\t<\/a>\t<\/div>\n\t\t\t\t<\/figure>\n\t\t\t\t\t<\/div>\n\t\t\n\t\t<div\t\tclass=\"vp-portfolio__item-wrap vp-portfolio__item-uid-685eef4e\" data-vp-filter=\"\" \t\t>\n\t\t\t<template class=\"vp-portfolio__item-popup\" data-vp-popup-img=\"http:\/\/einsiedel-architekten.de\/cms\/wp-content\/uploads\/2019\/11\/reinhardtsgrimma-fassade-2-1266x1920.jpg\" data-vp-popup-img-srcset=\"http:\/\/einsiedel-architekten.de\/cms\/wp-content\/uploads\/2019\/11\/reinhardtsgrimma-fassade-2-1266x1920.jpg 1266w, http:\/\/einsiedel-architekten.de\/cms\/wp-content\/uploads\/2019\/11\/reinhardtsgrimma-fassade-2-198x300.jpg 198w, http:\/\/einsiedel-architekten.de\/cms\/wp-content\/uploads\/2019\/11\/reinhardtsgrimma-fassade-2-675x1024.jpg 675w, http:\/\/einsiedel-architekten.de\/cms\/wp-content\/uploads\/2019\/11\/reinhardtsgrimma-fassade-2-768x1165.jpg 768w, http:\/\/einsiedel-architekten.de\/cms\/wp-content\/uploads\/2019\/11\/reinhardtsgrimma-fassade-2-330x500.jpg 330w, http:\/\/einsiedel-architekten.de\/cms\/wp-content\/uploads\/2019\/11\/reinhardtsgrimma-fassade-2-527x800.jpg 527w, http:\/\/einsiedel-architekten.de\/cms\/wp-content\/uploads\/2019\/11\/reinhardtsgrimma-fassade-2-844x1280.jpg 844w, http:\/\/einsiedel-architekten.de\/cms\/wp-content\/uploads\/2019\/11\/reinhardtsgrimma-fassade-2-1012x1536.jpg 1012w, http:\/\/einsiedel-architekten.de\/cms\/wp-content\/uploads\/2019\/11\/reinhardtsgrimma-fassade-2-1350x2048.jpg 1350w, http:\/\/einsiedel-architekten.de\/cms\/wp-content\/uploads\/2019\/11\/reinhardtsgrimma-fassade-2-435x660.jpg 435w, http:\/\/einsiedel-architekten.de\/cms\/wp-content\/uploads\/2019\/11\/reinhardtsgrimma-fassade-2-scaled.jpg 1687w\" data-vp-popup-img-size=\"1266x1920\" data-vp-popup-md-img=\"http:\/\/einsiedel-architekten.de\/cms\/wp-content\/uploads\/2019\/11\/reinhardtsgrimma-fassade-2-527x800.jpg\" data-vp-popup-md-img-size=\"527x800\" data-vp-popup-sm-img=\"http:\/\/einsiedel-architekten.de\/cms\/wp-content\/uploads\/2019\/11\/reinhardtsgrimma-fassade-2-330x500.jpg\" data-vp-popup-sm-img-size=\"330x500\">\n\t<\/template>\n\t\t\t\t\t\t<figure class=\"vp-portfolio__item\">\n\t\t\t\t\n<div class=\"vp-portfolio__item-img-wrap\">\n\t<div class=\"vp-portfolio__item-img\">\n\t\t\t<a\n\t\thref=\"http:\/\/einsiedel-architekten.de\/cms\/wp-content\/uploads\/2019\/11\/reinhardtsgrimma-fassade-2-1266x1920.jpg\"\n\t\taria-label=\"reinhardtsgrimma fassade 2\" \t data-rel=\"lightbox-image-2\" data-rl_title=\"\" data-rl_caption=\"\" title=\"\">\n\t\n\t\t<noscript><img loading=\"lazy\" decoding=\"async\" width=\"1266\" height=\"1920\" data-skip-lazy src=\"http:\/\/einsiedel-architekten.de\/cms\/wp-content\/uploads\/2019\/11\/reinhardtsgrimma-fassade-2-1266x1920.jpg\" class=\"wp-image-799\" alt=\"\" srcset=\"http:\/\/einsiedel-architekten.de\/cms\/wp-content\/uploads\/2019\/11\/reinhardtsgrimma-fassade-2-1266x1920.jpg 1266w, http:\/\/einsiedel-architekten.de\/cms\/wp-content\/uploads\/2019\/11\/reinhardtsgrimma-fassade-2-198x300.jpg 198w, http:\/\/einsiedel-architekten.de\/cms\/wp-content\/uploads\/2019\/11\/reinhardtsgrimma-fassade-2-675x1024.jpg 675w, http:\/\/einsiedel-architekten.de\/cms\/wp-content\/uploads\/2019\/11\/reinhardtsgrimma-fassade-2-768x1165.jpg 768w, http:\/\/einsiedel-architekten.de\/cms\/wp-content\/uploads\/2019\/11\/reinhardtsgrimma-fassade-2-330x500.jpg 330w, http:\/\/einsiedel-architekten.de\/cms\/wp-content\/uploads\/2019\/11\/reinhardtsgrimma-fassade-2-527x800.jpg 527w, http:\/\/einsiedel-architekten.de\/cms\/wp-content\/uploads\/2019\/11\/reinhardtsgrimma-fassade-2-844x1280.jpg 844w, http:\/\/einsiedel-architekten.de\/cms\/wp-content\/uploads\/2019\/11\/reinhardtsgrimma-fassade-2-1012x1536.jpg 1012w, http:\/\/einsiedel-architekten.de\/cms\/wp-content\/uploads\/2019\/11\/reinhardtsgrimma-fassade-2-1350x2048.jpg 1350w, http:\/\/einsiedel-architekten.de\/cms\/wp-content\/uploads\/2019\/11\/reinhardtsgrimma-fassade-2-435x660.jpg 435w, http:\/\/einsiedel-architekten.de\/cms\/wp-content\/uploads\/2019\/11\/reinhardtsgrimma-fassade-2-scaled.jpg 1687w\" sizes=\"auto, (max-width: 1266px) 100vw, 1266px\" \/><\/noscript><img decoding=\"async\" width=\"1266\" height=\"1920\" src=\"http:\/\/einsiedel-architekten.de\/cms\/wp-content\/uploads\/2019\/11\/reinhardtsgrimma-fassade-2-1266x1920.jpg\" class=\"wp-image-799 vp-lazyload\" alt srcset=\"data:image\/svg+xml;base64,PHN2ZyB3aWR0aD0iMTI2NiIgaGVpZ2h0PSIxOTIwIiB2aWV3Qm94PSIwIDAgMTI2NiAxOTIwIiBmaWxsPSJub25lIiB4bWxucz0iaHR0cDovL3d3dy53My5vcmcvMjAwMC9zdmciPjwvc3ZnPg==\" data-src=\"http:\/\/einsiedel-architekten.de\/cms\/wp-content\/uploads\/2019\/11\/reinhardtsgrimma-fassade-2-1266x1920.jpg\" data-srcset=\"http:\/\/einsiedel-architekten.de\/cms\/wp-content\/uploads\/2019\/11\/reinhardtsgrimma-fassade-2-1266x1920.jpg 1266w, http:\/\/einsiedel-architekten.de\/cms\/wp-content\/uploads\/2019\/11\/reinhardtsgrimma-fassade-2-198x300.jpg 198w, http:\/\/einsiedel-architekten.de\/cms\/wp-content\/uploads\/2019\/11\/reinhardtsgrimma-fassade-2-675x1024.jpg 675w, http:\/\/einsiedel-architekten.de\/cms\/wp-content\/uploads\/2019\/11\/reinhardtsgrimma-fassade-2-768x1165.jpg 768w, http:\/\/einsiedel-architekten.de\/cms\/wp-content\/uploads\/2019\/11\/reinhardtsgrimma-fassade-2-330x500.jpg 330w, http:\/\/einsiedel-architekten.de\/cms\/wp-content\/uploads\/2019\/11\/reinhardtsgrimma-fassade-2-527x800.jpg 527w, http:\/\/einsiedel-architekten.de\/cms\/wp-content\/uploads\/2019\/11\/reinhardtsgrimma-fassade-2-844x1280.jpg 844w, http:\/\/einsiedel-architekten.de\/cms\/wp-content\/uploads\/2019\/11\/reinhardtsgrimma-fassade-2-1012x1536.jpg 1012w, http:\/\/einsiedel-architekten.de\/cms\/wp-content\/uploads\/2019\/11\/reinhardtsgrimma-fassade-2-1350x2048.jpg 1350w, http:\/\/einsiedel-architekten.de\/cms\/wp-content\/uploads\/2019\/11\/reinhardtsgrimma-fassade-2-435x660.jpg 435w, http:\/\/einsiedel-architekten.de\/cms\/wp-content\/uploads\/2019\/11\/reinhardtsgrimma-fassade-2-scaled.jpg 1687w\" data-sizes=\"auto\" loading=\"eager\">\n\t\t<\/a>\t<\/div>\n<\/div>\n\t<div class=\"vp-portfolio__item-overlay\">\n\t\t\t<a\n\t\thref=\"http:\/\/einsiedel-architekten.de\/cms\/wp-content\/uploads\/2019\/11\/reinhardtsgrimma-fassade-2-1266x1920.jpg\"\n\t\ttabindex=\"-1\" class=\"vp-portfolio__item-meta\" aria-label=\"reinhardtsgrimma fassade 2\" \t data-rel=\"lightbox-image-3\" data-rl_title=\"\" data-rl_caption=\"\" title=\"\">\n\t\t\t<\/a>\t<\/div>\n\t\t\t\t<\/figure>\n\t\t\t\t\t<\/div>\n\t\t\n\t\t<div\t\tclass=\"vp-portfolio__item-wrap vp-portfolio__item-uid-dec4c069\" data-vp-filter=\"\" \t\t>\n\t\t\t<template class=\"vp-portfolio__item-popup\" data-vp-popup-img=\"http:\/\/einsiedel-architekten.de\/cms\/wp-content\/uploads\/2019\/11\/reinhardtsgrimma-treppe.jpg\" data-vp-popup-img-srcset=\"http:\/\/einsiedel-architekten.de\/cms\/wp-content\/uploads\/2019\/11\/reinhardtsgrimma-treppe-209x300.jpg 209w, http:\/\/einsiedel-architekten.de\/cms\/wp-content\/uploads\/2019\/11\/reinhardtsgrimma-treppe-715x1024.jpg 715w, http:\/\/einsiedel-architekten.de\/cms\/wp-content\/uploads\/2019\/11\/reinhardtsgrimma-treppe-768x1100.jpg 768w, http:\/\/einsiedel-architekten.de\/cms\/wp-content\/uploads\/2019\/11\/reinhardtsgrimma-treppe-349x500.jpg 349w, http:\/\/einsiedel-architekten.de\/cms\/wp-content\/uploads\/2019\/11\/reinhardtsgrimma-treppe-558x800.jpg 558w, http:\/\/einsiedel-architekten.de\/cms\/wp-content\/uploads\/2019\/11\/reinhardtsgrimma-treppe-893x1280.jpg 893w, http:\/\/einsiedel-architekten.de\/cms\/wp-content\/uploads\/2019\/11\/reinhardtsgrimma-treppe-1072x1536.jpg 1072w, http:\/\/einsiedel-architekten.de\/cms\/wp-content\/uploads\/2019\/11\/reinhardtsgrimma-treppe-461x660.jpg 461w\" data-vp-popup-img-size=\"1220x1748\" data-vp-popup-md-img=\"http:\/\/einsiedel-architekten.de\/cms\/wp-content\/uploads\/2019\/11\/reinhardtsgrimma-treppe-558x800.jpg\" data-vp-popup-md-img-size=\"558x800\" data-vp-popup-sm-img=\"http:\/\/einsiedel-architekten.de\/cms\/wp-content\/uploads\/2019\/11\/reinhardtsgrimma-treppe-349x500.jpg\" data-vp-popup-sm-img-size=\"349x500\">\n\t<\/template>\n\t\t\t\t\t\t<figure class=\"vp-portfolio__item\">\n\t\t\t\t\n<div class=\"vp-portfolio__item-img-wrap\">\n\t<div class=\"vp-portfolio__item-img\">\n\t\t\t<a\n\t\thref=\"http:\/\/einsiedel-architekten.de\/cms\/wp-content\/uploads\/2019\/11\/reinhardtsgrimma-treppe.jpg\"\n\t\taria-label=\"reinhardtsgrimma treppe\" \t data-rel=\"lightbox-image-4\" data-rl_title=\"\" data-rl_caption=\"\" title=\"\">\n\t\n\t\t<noscript><img loading=\"lazy\" decoding=\"async\" width=\"1220\" height=\"1748\" data-skip-lazy src=\"http:\/\/einsiedel-architekten.de\/cms\/wp-content\/uploads\/2019\/11\/reinhardtsgrimma-treppe.jpg\" class=\"wp-image-804\" alt=\"\" srcset=\"http:\/\/einsiedel-architekten.de\/cms\/wp-content\/uploads\/2019\/11\/reinhardtsgrimma-treppe-209x300.jpg 209w, http:\/\/einsiedel-architekten.de\/cms\/wp-content\/uploads\/2019\/11\/reinhardtsgrimma-treppe-715x1024.jpg 715w, http:\/\/einsiedel-architekten.de\/cms\/wp-content\/uploads\/2019\/11\/reinhardtsgrimma-treppe-768x1100.jpg 768w, http:\/\/einsiedel-architekten.de\/cms\/wp-content\/uploads\/2019\/11\/reinhardtsgrimma-treppe-349x500.jpg 349w, http:\/\/einsiedel-architekten.de\/cms\/wp-content\/uploads\/2019\/11\/reinhardtsgrimma-treppe-558x800.jpg 558w, http:\/\/einsiedel-architekten.de\/cms\/wp-content\/uploads\/2019\/11\/reinhardtsgrimma-treppe-893x1280.jpg 893w, http:\/\/einsiedel-architekten.de\/cms\/wp-content\/uploads\/2019\/11\/reinhardtsgrimma-treppe-1072x1536.jpg 1072w, http:\/\/einsiedel-architekten.de\/cms\/wp-content\/uploads\/2019\/11\/reinhardtsgrimma-treppe-461x660.jpg 461w\" sizes=\"auto, (max-width: 1220px) 100vw, 1220px\" \/><\/noscript><img decoding=\"async\" width=\"1220\" height=\"1748\" src=\"http:\/\/einsiedel-architekten.de\/cms\/wp-content\/uploads\/2019\/11\/reinhardtsgrimma-treppe.jpg\" class=\"wp-image-804 vp-lazyload\" alt srcset=\"data:image\/svg+xml;base64,PHN2ZyB3aWR0aD0iMTIyMCIgaGVpZ2h0PSIxNzQ4IiB2aWV3Qm94PSIwIDAgMTIyMCAxNzQ4IiBmaWxsPSJub25lIiB4bWxucz0iaHR0cDovL3d3dy53My5vcmcvMjAwMC9zdmciPjwvc3ZnPg==\" data-src=\"http:\/\/einsiedel-architekten.de\/cms\/wp-content\/uploads\/2019\/11\/reinhardtsgrimma-treppe.jpg\" data-srcset=\"http:\/\/einsiedel-architekten.de\/cms\/wp-content\/uploads\/2019\/11\/reinhardtsgrimma-treppe-209x300.jpg 209w, http:\/\/einsiedel-architekten.de\/cms\/wp-content\/uploads\/2019\/11\/reinhardtsgrimma-treppe-715x1024.jpg 715w, http:\/\/einsiedel-architekten.de\/cms\/wp-content\/uploads\/2019\/11\/reinhardtsgrimma-treppe-768x1100.jpg 768w, http:\/\/einsiedel-architekten.de\/cms\/wp-content\/uploads\/2019\/11\/reinhardtsgrimma-treppe-349x500.jpg 349w, http:\/\/einsiedel-architekten.de\/cms\/wp-content\/uploads\/2019\/11\/reinhardtsgrimma-treppe-558x800.jpg 558w, http:\/\/einsiedel-architekten.de\/cms\/wp-content\/uploads\/2019\/11\/reinhardtsgrimma-treppe-893x1280.jpg 893w, http:\/\/einsiedel-architekten.de\/cms\/wp-content\/uploads\/2019\/11\/reinhardtsgrimma-treppe-1072x1536.jpg 1072w, http:\/\/einsiedel-architekten.de\/cms\/wp-content\/uploads\/2019\/11\/reinhardtsgrimma-treppe-461x660.jpg 461w\" data-sizes=\"auto\" loading=\"eager\">\n\t\t<\/a>\t<\/div>\n<\/div>\n\t<div class=\"vp-portfolio__item-overlay\">\n\t\t\t<a\n\t\thref=\"http:\/\/einsiedel-architekten.de\/cms\/wp-content\/uploads\/2019\/11\/reinhardtsgrimma-treppe.jpg\"\n\t\ttabindex=\"-1\" class=\"vp-portfolio__item-meta\" aria-label=\"reinhardtsgrimma treppe\" \t data-rel=\"lightbox-image-5\" data-rl_title=\"\" data-rl_caption=\"\" title=\"\">\n\t\t\t<\/a>\t<\/div>\n\t\t\t\t<\/figure>\n\t\t\t\t\t<\/div>\n\t\t\n\t\t<div\t\tclass=\"vp-portfolio__item-wrap vp-portfolio__item-uid-8f1b0239\" data-vp-filter=\"\" \t\t>\n\t\t\t<template class=\"vp-portfolio__item-popup\" data-vp-popup-img=\"http:\/\/einsiedel-architekten.de\/cms\/wp-content\/uploads\/2019\/11\/reinhardtsgrimma-raum-1248x1920.jpg\" data-vp-popup-img-srcset=\"http:\/\/einsiedel-architekten.de\/cms\/wp-content\/uploads\/2019\/11\/reinhardtsgrimma-raum-1248x1920.jpg 1248w, http:\/\/einsiedel-architekten.de\/cms\/wp-content\/uploads\/2019\/11\/reinhardtsgrimma-raum-195x300.jpg 195w, http:\/\/einsiedel-architekten.de\/cms\/wp-content\/uploads\/2019\/11\/reinhardtsgrimma-raum-666x1024.jpg 666w, http:\/\/einsiedel-architekten.de\/cms\/wp-content\/uploads\/2019\/11\/reinhardtsgrimma-raum-768x1181.jpg 768w, http:\/\/einsiedel-architekten.de\/cms\/wp-content\/uploads\/2019\/11\/reinhardtsgrimma-raum-325x500.jpg 325w, http:\/\/einsiedel-architekten.de\/cms\/wp-content\/uploads\/2019\/11\/reinhardtsgrimma-raum-520x800.jpg 520w, http:\/\/einsiedel-architekten.de\/cms\/wp-content\/uploads\/2019\/11\/reinhardtsgrimma-raum-832x1280.jpg 832w, http:\/\/einsiedel-architekten.de\/cms\/wp-content\/uploads\/2019\/11\/reinhardtsgrimma-raum-999x1536.jpg 999w, http:\/\/einsiedel-architekten.de\/cms\/wp-content\/uploads\/2019\/11\/reinhardtsgrimma-raum-1331x2048.jpg 1331w, http:\/\/einsiedel-architekten.de\/cms\/wp-content\/uploads\/2019\/11\/reinhardtsgrimma-raum-429x660.jpg 429w, http:\/\/einsiedel-architekten.de\/cms\/wp-content\/uploads\/2019\/11\/reinhardtsgrimma-raum-scaled.jpg 1664w\" data-vp-popup-img-size=\"1248x1920\" data-vp-popup-md-img=\"http:\/\/einsiedel-architekten.de\/cms\/wp-content\/uploads\/2019\/11\/reinhardtsgrimma-raum-520x800.jpg\" data-vp-popup-md-img-size=\"520x800\" data-vp-popup-sm-img=\"http:\/\/einsiedel-architekten.de\/cms\/wp-content\/uploads\/2019\/11\/reinhardtsgrimma-raum-325x500.jpg\" data-vp-popup-sm-img-size=\"325x500\">\n\t<\/template>\n\t\t\t\t\t\t<figure class=\"vp-portfolio__item\">\n\t\t\t\t\n<div class=\"vp-portfolio__item-img-wrap\">\n\t<div class=\"vp-portfolio__item-img\">\n\t\t\t<a\n\t\thref=\"http:\/\/einsiedel-architekten.de\/cms\/wp-content\/uploads\/2019\/11\/reinhardtsgrimma-raum-1248x1920.jpg\"\n\t\taria-label=\"reinhardtsgrimma raum\" \t data-rel=\"lightbox-image-6\" data-rl_title=\"\" data-rl_caption=\"\" title=\"\">\n\t\n\t\t<noscript><img loading=\"lazy\" decoding=\"async\" width=\"1248\" height=\"1920\" data-skip-lazy src=\"http:\/\/einsiedel-architekten.de\/cms\/wp-content\/uploads\/2019\/11\/reinhardtsgrimma-raum-1248x1920.jpg\" class=\"wp-image-802\" alt=\"\" srcset=\"http:\/\/einsiedel-architekten.de\/cms\/wp-content\/uploads\/2019\/11\/reinhardtsgrimma-raum-1248x1920.jpg 1248w, http:\/\/einsiedel-architekten.de\/cms\/wp-content\/uploads\/2019\/11\/reinhardtsgrimma-raum-195x300.jpg 195w, http:\/\/einsiedel-architekten.de\/cms\/wp-content\/uploads\/2019\/11\/reinhardtsgrimma-raum-666x1024.jpg 666w, http:\/\/einsiedel-architekten.de\/cms\/wp-content\/uploads\/2019\/11\/reinhardtsgrimma-raum-768x1181.jpg 768w, http:\/\/einsiedel-architekten.de\/cms\/wp-content\/uploads\/2019\/11\/reinhardtsgrimma-raum-325x500.jpg 325w, http:\/\/einsiedel-architekten.de\/cms\/wp-content\/uploads\/2019\/11\/reinhardtsgrimma-raum-520x800.jpg 520w, http:\/\/einsiedel-architekten.de\/cms\/wp-content\/uploads\/2019\/11\/reinhardtsgrimma-raum-832x1280.jpg 832w, http:\/\/einsiedel-architekten.de\/cms\/wp-content\/uploads\/2019\/11\/reinhardtsgrimma-raum-999x1536.jpg 999w, http:\/\/einsiedel-architekten.de\/cms\/wp-content\/uploads\/2019\/11\/reinhardtsgrimma-raum-1331x2048.jpg 1331w, http:\/\/einsiedel-architekten.de\/cms\/wp-content\/uploads\/2019\/11\/reinhardtsgrimma-raum-429x660.jpg 429w, http:\/\/einsiedel-architekten.de\/cms\/wp-content\/uploads\/2019\/11\/reinhardtsgrimma-raum-scaled.jpg 1664w\" sizes=\"auto, (max-width: 1248px) 100vw, 1248px\" \/><\/noscript><img decoding=\"async\" width=\"1248\" height=\"1920\" src=\"http:\/\/einsiedel-architekten.de\/cms\/wp-content\/uploads\/2019\/11\/reinhardtsgrimma-raum-1248x1920.jpg\" class=\"wp-image-802 vp-lazyload\" alt srcset=\"data:image\/svg+xml;base64,PHN2ZyB3aWR0aD0iMTI0OCIgaGVpZ2h0PSIxOTIwIiB2aWV3Qm94PSIwIDAgMTI0OCAxOTIwIiBmaWxsPSJub25lIiB4bWxucz0iaHR0cDovL3d3dy53My5vcmcvMjAwMC9zdmciPjwvc3ZnPg==\" data-src=\"http:\/\/einsiedel-architekten.de\/cms\/wp-content\/uploads\/2019\/11\/reinhardtsgrimma-raum-1248x1920.jpg\" data-srcset=\"http:\/\/einsiedel-architekten.de\/cms\/wp-content\/uploads\/2019\/11\/reinhardtsgrimma-raum-1248x1920.jpg 1248w, http:\/\/einsiedel-architekten.de\/cms\/wp-content\/uploads\/2019\/11\/reinhardtsgrimma-raum-195x300.jpg 195w, http:\/\/einsiedel-architekten.de\/cms\/wp-content\/uploads\/2019\/11\/reinhardtsgrimma-raum-666x1024.jpg 666w, http:\/\/einsiedel-architekten.de\/cms\/wp-content\/uploads\/2019\/11\/reinhardtsgrimma-raum-768x1181.jpg 768w, http:\/\/einsiedel-architekten.de\/cms\/wp-content\/uploads\/2019\/11\/reinhardtsgrimma-raum-325x500.jpg 325w, http:\/\/einsiedel-architekten.de\/cms\/wp-content\/uploads\/2019\/11\/reinhardtsgrimma-raum-520x800.jpg 520w, http:\/\/einsiedel-architekten.de\/cms\/wp-content\/uploads\/2019\/11\/reinhardtsgrimma-raum-832x1280.jpg 832w, http:\/\/einsiedel-architekten.de\/cms\/wp-content\/uploads\/2019\/11\/reinhardtsgrimma-raum-999x1536.jpg 999w, http:\/\/einsiedel-architekten.de\/cms\/wp-content\/uploads\/2019\/11\/reinhardtsgrimma-raum-1331x2048.jpg 1331w, http:\/\/einsiedel-architekten.de\/cms\/wp-content\/uploads\/2019\/11\/reinhardtsgrimma-raum-429x660.jpg 429w, http:\/\/einsiedel-architekten.de\/cms\/wp-content\/uploads\/2019\/11\/reinhardtsgrimma-raum-scaled.jpg 1664w\" data-sizes=\"auto\" loading=\"eager\">\n\t\t<\/a>\t<\/div>\n<\/div>\n\t<div class=\"vp-portfolio__item-overlay\">\n\t\t\t<a\n\t\thref=\"http:\/\/einsiedel-architekten.de\/cms\/wp-content\/uploads\/2019\/11\/reinhardtsgrimma-raum-1248x1920.jpg\"\n\t\ttabindex=\"-1\" class=\"vp-portfolio__item-meta\" aria-label=\"reinhardtsgrimma raum\" \t data-rel=\"lightbox-image-7\" data-rl_title=\"\" data-rl_caption=\"\" title=\"\">\n\t\t\t<\/a>\t<\/div>\n\t\t\t\t<\/figure>\n\t\t\t\t\t<\/div>\n\t\t\n\t\t<div\t\tclass=\"vp-portfolio__item-wrap vp-portfolio__item-uid-8bc56b3a\" data-vp-filter=\"\" \t\t>\n\t\t\t<template class=\"vp-portfolio__item-popup\" data-vp-popup-img=\"http:\/\/einsiedel-architekten.de\/cms\/wp-content\/uploads\/2019\/11\/reinhardtsgrimma-grundriss-1920x1605.jpg\" data-vp-popup-img-srcset=\"http:\/\/einsiedel-architekten.de\/cms\/wp-content\/uploads\/2019\/11\/reinhardtsgrimma-grundriss-1920x1605.jpg 1920w, http:\/\/einsiedel-architekten.de\/cms\/wp-content\/uploads\/2019\/11\/reinhardtsgrimma-grundriss-300x251.jpg 300w, http:\/\/einsiedel-architekten.de\/cms\/wp-content\/uploads\/2019\/11\/reinhardtsgrimma-grundriss-1024x856.jpg 1024w, http:\/\/einsiedel-architekten.de\/cms\/wp-content\/uploads\/2019\/11\/reinhardtsgrimma-grundriss-768x642.jpg 768w, http:\/\/einsiedel-architekten.de\/cms\/wp-content\/uploads\/2019\/11\/reinhardtsgrimma-grundriss-500x418.jpg 500w, http:\/\/einsiedel-architekten.de\/cms\/wp-content\/uploads\/2019\/11\/reinhardtsgrimma-grundriss-800x669.jpg 800w, http:\/\/einsiedel-architekten.de\/cms\/wp-content\/uploads\/2019\/11\/reinhardtsgrimma-grundriss-1280x1070.jpg 1280w, http:\/\/einsiedel-architekten.de\/cms\/wp-content\/uploads\/2019\/11\/reinhardtsgrimma-grundriss-1536x1284.jpg 1536w, http:\/\/einsiedel-architekten.de\/cms\/wp-content\/uploads\/2019\/11\/reinhardtsgrimma-grundriss-2048x1712.jpg 2048w, http:\/\/einsiedel-architekten.de\/cms\/wp-content\/uploads\/2019\/11\/reinhardtsgrimma-grundriss-789x660.jpg 789w\" data-vp-popup-img-size=\"1920x1605\" data-vp-popup-md-img=\"http:\/\/einsiedel-architekten.de\/cms\/wp-content\/uploads\/2019\/11\/reinhardtsgrimma-grundriss-800x669.jpg\" data-vp-popup-md-img-size=\"800x669\" data-vp-popup-sm-img=\"http:\/\/einsiedel-architekten.de\/cms\/wp-content\/uploads\/2019\/11\/reinhardtsgrimma-grundriss-500x418.jpg\" data-vp-popup-sm-img-size=\"500x418\">\n\t<\/template>\n\t\t\t\t\t\t<figure class=\"vp-portfolio__item\">\n\t\t\t\t\n<div class=\"vp-portfolio__item-img-wrap\">\n\t<div class=\"vp-portfolio__item-img\">\n\t\t\t<a\n\t\thref=\"http:\/\/einsiedel-architekten.de\/cms\/wp-content\/uploads\/2019\/11\/reinhardtsgrimma-grundriss-1920x1605.jpg\"\n\t\taria-label=\"reinhardtsgrimma grundriss\" \t data-rel=\"lightbox-image-8\" data-rl_title=\"\" data-rl_caption=\"\" title=\"\">\n\t\n\t\t<noscript><img loading=\"lazy\" decoding=\"async\" width=\"1920\" height=\"1605\" data-skip-lazy src=\"http:\/\/einsiedel-architekten.de\/cms\/wp-content\/uploads\/2019\/11\/reinhardtsgrimma-grundriss-1920x1605.jpg\" class=\"wp-image-801\" alt=\"\" srcset=\"http:\/\/einsiedel-architekten.de\/cms\/wp-content\/uploads\/2019\/11\/reinhardtsgrimma-grundriss-1920x1605.jpg 1920w, http:\/\/einsiedel-architekten.de\/cms\/wp-content\/uploads\/2019\/11\/reinhardtsgrimma-grundriss-300x251.jpg 300w, http:\/\/einsiedel-architekten.de\/cms\/wp-content\/uploads\/2019\/11\/reinhardtsgrimma-grundriss-1024x856.jpg 1024w, http:\/\/einsiedel-architekten.de\/cms\/wp-content\/uploads\/2019\/11\/reinhardtsgrimma-grundriss-768x642.jpg 768w, http:\/\/einsiedel-architekten.de\/cms\/wp-content\/uploads\/2019\/11\/reinhardtsgrimma-grundriss-500x418.jpg 500w, http:\/\/einsiedel-architekten.de\/cms\/wp-content\/uploads\/2019\/11\/reinhardtsgrimma-grundriss-800x669.jpg 800w, http:\/\/einsiedel-architekten.de\/cms\/wp-content\/uploads\/2019\/11\/reinhardtsgrimma-grundriss-1280x1070.jpg 1280w, http:\/\/einsiedel-architekten.de\/cms\/wp-content\/uploads\/2019\/11\/reinhardtsgrimma-grundriss-1536x1284.jpg 1536w, http:\/\/einsiedel-architekten.de\/cms\/wp-content\/uploads\/2019\/11\/reinhardtsgrimma-grundriss-2048x1712.jpg 2048w, http:\/\/einsiedel-architekten.de\/cms\/wp-content\/uploads\/2019\/11\/reinhardtsgrimma-grundriss-789x660.jpg 789w\" sizes=\"auto, (max-width: 1920px) 100vw, 1920px\" \/><\/noscript><img decoding=\"async\" width=\"1920\" height=\"1605\" src=\"http:\/\/einsiedel-architekten.de\/cms\/wp-content\/uploads\/2019\/11\/reinhardtsgrimma-grundriss-1920x1605.jpg\" class=\"wp-image-801 vp-lazyload\" alt srcset=\"data:image\/svg+xml;base64,PHN2ZyB3aWR0aD0iMTkyMCIgaGVpZ2h0PSIxNjA1IiB2aWV3Qm94PSIwIDAgMTkyMCAxNjA1IiBmaWxsPSJub25lIiB4bWxucz0iaHR0cDovL3d3dy53My5vcmcvMjAwMC9zdmciPjwvc3ZnPg==\" data-src=\"http:\/\/einsiedel-architekten.de\/cms\/wp-content\/uploads\/2019\/11\/reinhardtsgrimma-grundriss-1920x1605.jpg\" data-srcset=\"http:\/\/einsiedel-architekten.de\/cms\/wp-content\/uploads\/2019\/11\/reinhardtsgrimma-grundriss-1920x1605.jpg 1920w, http:\/\/einsiedel-architekten.de\/cms\/wp-content\/uploads\/2019\/11\/reinhardtsgrimma-grundriss-300x251.jpg 300w, http:\/\/einsiedel-architekten.de\/cms\/wp-content\/uploads\/2019\/11\/reinhardtsgrimma-grundriss-1024x856.jpg 1024w, http:\/\/einsiedel-architekten.de\/cms\/wp-content\/uploads\/2019\/11\/reinhardtsgrimma-grundriss-768x642.jpg 768w, http:\/\/einsiedel-architekten.de\/cms\/wp-content\/uploads\/2019\/11\/reinhardtsgrimma-grundriss-500x418.jpg 500w, http:\/\/einsiedel-architekten.de\/cms\/wp-content\/uploads\/2019\/11\/reinhardtsgrimma-grundriss-800x669.jpg 800w, http:\/\/einsiedel-architekten.de\/cms\/wp-content\/uploads\/2019\/11\/reinhardtsgrimma-grundriss-1280x1070.jpg 1280w, http:\/\/einsiedel-architekten.de\/cms\/wp-content\/uploads\/2019\/11\/reinhardtsgrimma-grundriss-1536x1284.jpg 1536w, http:\/\/einsiedel-architekten.de\/cms\/wp-content\/uploads\/2019\/11\/reinhardtsgrimma-grundriss-2048x1712.jpg 2048w, http:\/\/einsiedel-architekten.de\/cms\/wp-content\/uploads\/2019\/11\/reinhardtsgrimma-grundriss-789x660.jpg 789w\" data-sizes=\"auto\" loading=\"eager\">\n\t\t<\/a>\t<\/div>\n<\/div>\n\t<div class=\"vp-portfolio__item-overlay\">\n\t\t\t<a\n\t\thref=\"http:\/\/einsiedel-architekten.de\/cms\/wp-content\/uploads\/2019\/11\/reinhardtsgrimma-grundriss-1920x1605.jpg\"\n\t\ttabindex=\"-1\" class=\"vp-portfolio__item-meta\" aria-label=\"reinhardtsgrimma grundriss\" \t data-rel=\"lightbox-image-9\" data-rl_title=\"\" data-rl_caption=\"\" title=\"\">\n\t\t\t<\/a>\t<\/div>\n\t\t\t\t<\/figure>\n\t\t\t\t\t<\/div>\n\t\t\n\t\t<div\t\tclass=\"vp-portfolio__item-wrap vp-portfolio__item-uid-dd776d73\" data-vp-filter=\"\" \t\t>\n\t\t\t<template class=\"vp-portfolio__item-popup\" data-vp-popup-img=\"http:\/\/einsiedel-architekten.de\/cms\/wp-content\/uploads\/2019\/11\/reinhardtsgrimma-schnitt-1638x1920.jpg\" data-vp-popup-img-srcset=\"http:\/\/einsiedel-architekten.de\/cms\/wp-content\/uploads\/2019\/11\/reinhardtsgrimma-schnitt-1638x1920.jpg 1638w, http:\/\/einsiedel-architekten.de\/cms\/wp-content\/uploads\/2019\/11\/reinhardtsgrimma-schnitt-256x300.jpg 256w, http:\/\/einsiedel-architekten.de\/cms\/wp-content\/uploads\/2019\/11\/reinhardtsgrimma-schnitt-874x1024.jpg 874w, http:\/\/einsiedel-architekten.de\/cms\/wp-content\/uploads\/2019\/11\/reinhardtsgrimma-schnitt-768x900.jpg 768w, http:\/\/einsiedel-architekten.de\/cms\/wp-content\/uploads\/2019\/11\/reinhardtsgrimma-schnitt-427x500.jpg 427w, http:\/\/einsiedel-architekten.de\/cms\/wp-content\/uploads\/2019\/11\/reinhardtsgrimma-schnitt-683x800.jpg 683w, http:\/\/einsiedel-architekten.de\/cms\/wp-content\/uploads\/2019\/11\/reinhardtsgrimma-schnitt-1092x1280.jpg 1092w, http:\/\/einsiedel-architekten.de\/cms\/wp-content\/uploads\/2019\/11\/reinhardtsgrimma-schnitt-1311x1536.jpg 1311w, http:\/\/einsiedel-architekten.de\/cms\/wp-content\/uploads\/2019\/11\/reinhardtsgrimma-schnitt-1748x2048.jpg 1748w, http:\/\/einsiedel-architekten.de\/cms\/wp-content\/uploads\/2019\/11\/reinhardtsgrimma-schnitt-563x660.jpg 563w\" data-vp-popup-img-size=\"1638x1920\" data-vp-popup-md-img=\"http:\/\/einsiedel-architekten.de\/cms\/wp-content\/uploads\/2019\/11\/reinhardtsgrimma-schnitt-683x800.jpg\" data-vp-popup-md-img-size=\"683x800\" data-vp-popup-sm-img=\"http:\/\/einsiedel-architekten.de\/cms\/wp-content\/uploads\/2019\/11\/reinhardtsgrimma-schnitt-427x500.jpg\" data-vp-popup-sm-img-size=\"427x500\">\n\t<\/template>\n\t\t\t\t\t\t<figure class=\"vp-portfolio__item\">\n\t\t\t\t\n<div class=\"vp-portfolio__item-img-wrap\">\n\t<div class=\"vp-portfolio__item-img\">\n\t\t\t<a\n\t\thref=\"http:\/\/einsiedel-architekten.de\/cms\/wp-content\/uploads\/2019\/11\/reinhardtsgrimma-schnitt-1638x1920.jpg\"\n\t\taria-label=\"reinhardtsgrimma schnitt\" \t data-rel=\"lightbox-image-10\" data-rl_title=\"\" data-rl_caption=\"\" title=\"\">\n\t\n\t\t<noscript><img loading=\"lazy\" decoding=\"async\" width=\"1638\" height=\"1920\" data-skip-lazy src=\"http:\/\/einsiedel-architekten.de\/cms\/wp-content\/uploads\/2019\/11\/reinhardtsgrimma-schnitt-1638x1920.jpg\" class=\"wp-image-803\" alt=\"\" srcset=\"http:\/\/einsiedel-architekten.de\/cms\/wp-content\/uploads\/2019\/11\/reinhardtsgrimma-schnitt-1638x1920.jpg 1638w, http:\/\/einsiedel-architekten.de\/cms\/wp-content\/uploads\/2019\/11\/reinhardtsgrimma-schnitt-256x300.jpg 256w, http:\/\/einsiedel-architekten.de\/cms\/wp-content\/uploads\/2019\/11\/reinhardtsgrimma-schnitt-874x1024.jpg 874w, http:\/\/einsiedel-architekten.de\/cms\/wp-content\/uploads\/2019\/11\/reinhardtsgrimma-schnitt-768x900.jpg 768w, http:\/\/einsiedel-architekten.de\/cms\/wp-content\/uploads\/2019\/11\/reinhardtsgrimma-schnitt-427x500.jpg 427w, http:\/\/einsiedel-architekten.de\/cms\/wp-content\/uploads\/2019\/11\/reinhardtsgrimma-schnitt-683x800.jpg 683w, http:\/\/einsiedel-architekten.de\/cms\/wp-content\/uploads\/2019\/11\/reinhardtsgrimma-schnitt-1092x1280.jpg 1092w, http:\/\/einsiedel-architekten.de\/cms\/wp-content\/uploads\/2019\/11\/reinhardtsgrimma-schnitt-1311x1536.jpg 1311w, http:\/\/einsiedel-architekten.de\/cms\/wp-content\/uploads\/2019\/11\/reinhardtsgrimma-schnitt-1748x2048.jpg 1748w, http:\/\/einsiedel-architekten.de\/cms\/wp-content\/uploads\/2019\/11\/reinhardtsgrimma-schnitt-563x660.jpg 563w\" sizes=\"auto, (max-width: 1638px) 100vw, 1638px\" \/><\/noscript><img decoding=\"async\" width=\"1638\" height=\"1920\" src=\"http:\/\/einsiedel-architekten.de\/cms\/wp-content\/uploads\/2019\/11\/reinhardtsgrimma-schnitt-1638x1920.jpg\" class=\"wp-image-803 vp-lazyload\" alt srcset=\"data:image\/svg+xml;base64,PHN2ZyB3aWR0aD0iMTYzOCIgaGVpZ2h0PSIxOTIwIiB2aWV3Qm94PSIwIDAgMTYzOCAxOTIwIiBmaWxsPSJub25lIiB4bWxucz0iaHR0cDovL3d3dy53My5vcmcvMjAwMC9zdmciPjwvc3ZnPg==\" data-src=\"http:\/\/einsiedel-architekten.de\/cms\/wp-content\/uploads\/2019\/11\/reinhardtsgrimma-schnitt-1638x1920.jpg\" data-srcset=\"http:\/\/einsiedel-architekten.de\/cms\/wp-content\/uploads\/2019\/11\/reinhardtsgrimma-schnitt-1638x1920.jpg 1638w, http:\/\/einsiedel-architekten.de\/cms\/wp-content\/uploads\/2019\/11\/reinhardtsgrimma-schnitt-256x300.jpg 256w, http:\/\/einsiedel-architekten.de\/cms\/wp-content\/uploads\/2019\/11\/reinhardtsgrimma-schnitt-874x1024.jpg 874w, http:\/\/einsiedel-architekten.de\/cms\/wp-content\/uploads\/2019\/11\/reinhardtsgrimma-schnitt-768x900.jpg 768w, http:\/\/einsiedel-architekten.de\/cms\/wp-content\/uploads\/2019\/11\/reinhardtsgrimma-schnitt-427x500.jpg 427w, http:\/\/einsiedel-architekten.de\/cms\/wp-content\/uploads\/2019\/11\/reinhardtsgrimma-schnitt-683x800.jpg 683w, http:\/\/einsiedel-architekten.de\/cms\/wp-content\/uploads\/2019\/11\/reinhardtsgrimma-schnitt-1092x1280.jpg 1092w, http:\/\/einsiedel-architekten.de\/cms\/wp-content\/uploads\/2019\/11\/reinhardtsgrimma-schnitt-1311x1536.jpg 1311w, http:\/\/einsiedel-architekten.de\/cms\/wp-content\/uploads\/2019\/11\/reinhardtsgrimma-schnitt-1748x2048.jpg 1748w, http:\/\/einsiedel-architekten.de\/cms\/wp-content\/uploads\/2019\/11\/reinhardtsgrimma-schnitt-563x660.jpg 563w\" data-sizes=\"auto\" loading=\"eager\">\n\t\t<\/a>\t<\/div>\n<\/div>\n\t<div class=\"vp-portfolio__item-overlay\">\n\t\t\t<a\n\t\thref=\"http:\/\/einsiedel-architekten.de\/cms\/wp-content\/uploads\/2019\/11\/reinhardtsgrimma-schnitt-1638x1920.jpg\"\n\t\ttabindex=\"-1\" class=\"vp-portfolio__item-meta\" aria-label=\"reinhardtsgrimma schnitt\" \t data-rel=\"lightbox-image-11\" data-rl_title=\"\" data-rl_caption=\"\" title=\"\">\n\t\t\t<\/a>\t<\/div>\n\t\t\t\t<\/figure>\n\t\t\t\t\t<\/div>\n\t\t\n<\/div>\n\n<div class=\"vp-portfolio__items-arrow vp-portfolio__items-arrow-prev\" tabindex=\"0\" role=\"button\" aria-label=\"Previous Slide\">\n\t\n<svg class=\"vp-svg-icon\" width=\"20\" height=\"20\" viewBox=\"0 0 20 20\" fill=\"none\" xmlns=\"http:\/\/www.w3.org\/2000\/svg\">\n\t<path d=\"M12 4L6 10L12 16\" stroke=\"currentColor\" stroke-width=\"1.5\" stroke-linecap=\"round\" stroke-linejoin=\"round\" fill=\"transparent\" \/>\n<\/svg>\n<\/div>\n<div class=\"vp-portfolio__items-arrow vp-portfolio__items-arrow-next\" tabindex=\"0\" role=\"button\" aria-label=\"Next Slide\">\n\t\n<svg class=\"vp-svg-icon\" width=\"20\" height=\"20\" viewBox=\"0 0 20 20\" fill=\"none\" xmlns=\"http:\/\/www.w3.org\/2000\/svg\">\n\t<path d=\"M8 4L14 10L8 16\" stroke=\"currentColor\" stroke-width=\"1.5\" stroke-linecap=\"round\" stroke-linejoin=\"round\" fill=\"transparent\" \/>\n<\/svg>\n<\/div>\n\n<div class=\"vp-portfolio__items-bullets\"><\/div>\n\t\t<\/div>\n\t\t\n<\/div>\n\n\n\n\n<p><\/p>\n\n\n\n<p style=\"color:#dd890b\" class=\"has-text-color\">SCHLOSS REINHARDTSGRIMMA<br>Reinhardtsgrimma, 01768 Glash\u00fctte, Sachsen<br>Sanierung und Umbau Schlo\u00df Reinhardtsgrimma zu Schule und G\u00e4stehaus des S\u00e4chsischen Ministeriums f\u00fcr Landwirtschaft<br><br><\/p>\n\n\n\n<p>ECKDATEN<br>Bauherr Staatshochbaumt Dresden II<br>BGF 3.150 qm HNF 1.780 qm <br>Planungs- und Bauzeit 1993 &#8211; 95<br>Planung und Bauleitung LP 5-8<br>Baukosten KG 300-400 f\u00fcr 1.-3-BA 5,3 Mio EUR<br>von Einsiedel Haeffner Architekten, Dresden<br><br><\/p>\n\n\n\n<p>Das Schlo\u00df wurde 1765-67 durch den Baurat J.F.Knoebel f\u00fcr den s\u00e4chsischen Kammerherrn Lippold errichtet. Der Eingangshof des 3-fl\u00fcgeligen Baus \u00f6ffnet sich zum angrenzenden Dorf, die Gartenfront mit Mittelrisalit zum Park, der in die freie Landschaft \u00fcbergeht. Mit der Enteignung 1945 gingen Schlo\u00df und Park ins Eigentum des Landes Sachsen \u00fcber. Die w\u00e4hrend der DDR-Zeit eingerichtete Fortbildungsst\u00e4tte wurde 1990 vom Freistaat Sachsen \u00fcbernommen und seitdem fortgef\u00fchrt. In einer behutsamen, eng mit dem Denkmalamt abgestimmten Sanierung und Modernisierung wurden bauliche und funktionale M\u00e4ngel beseitigt. <\/p>\n\n\n\n<p>1.BA Trockenlegung, Schwammsanierung, Sanierung Dach <br> 2.BA Einbau Gro\u00dfk\u00fcche u.Kantine UG, Dachausbau Wohnbereich<br> 3.BA Sanierung Fassade und Au\u00dfentreppen<br> 4.BA Rekonstruktion Schlo\u00dfpark ( nur teilweise ausgef\u00fchrt )<\/p>\n","protected":false},"excerpt":{"rendered":"<p>SCHLOSS REINHARDTSGRIMMAReinhardtsgrimma, 01768 Glash\u00fctte, SachsenSanierung und Umbau Schlo\u00df Reinhardtsgrimma zu Schule und G\u00e4stehaus des S\u00e4chsischen Ministeriums f\u00fcr Landwirtschaft ECKDATENBauherr Staatshochbaumt Dresden IIBGF 3.150 qm HNF 1.780 qm Planungs- und Bauzeit 1993 &#8211; 95Planung und Bauleitung LP 5-8Baukosten KG 300-400 f\u00fcr 1.-3-BA 5,3 Mio EURvon Einsiedel Haeffner Architekten, Dresden Das Schlo\u00df wurde 1765-67 durch den Baurat [&hellip;]<\/p>\n","protected":false},"author":2,"featured_media":0,"parent":0,"menu_order":0,"comment_status":"closed","ping_status":"closed","template":"","meta":{"_vp_format_video_url":"","_vp_image_focal_point":[],"footnotes":""},"folder":[5],"class_list":["post-788","page","type-page","status-publish","hentry"],"_links":{"self":[{"href":"http:\/\/einsiedel-architekten.de\/cms\/wp-json\/wp\/v2\/pages\/788","targetHints":{"allow":["GET"]}}],"collection":[{"href":"http:\/\/einsiedel-architekten.de\/cms\/wp-json\/wp\/v2\/pages"}],"about":[{"href":"http:\/\/einsiedel-architekten.de\/cms\/wp-json\/wp\/v2\/types\/page"}],"author":[{"embeddable":true,"href":"http:\/\/einsiedel-architekten.de\/cms\/wp-json\/wp\/v2\/users\/2"}],"replies":[{"embeddable":true,"href":"http:\/\/einsiedel-architekten.de\/cms\/wp-json\/wp\/v2\/comments?post=788"}],"version-history":[{"count":7,"href":"http:\/\/einsiedel-architekten.de\/cms\/wp-json\/wp\/v2\/pages\/788\/revisions"}],"predecessor-version":[{"id":1394,"href":"http:\/\/einsiedel-architekten.de\/cms\/wp-json\/wp\/v2\/pages\/788\/revisions\/1394"}],"wp:attachment":[{"href":"http:\/\/einsiedel-architekten.de\/cms\/wp-json\/wp\/v2\/media?parent=788"}],"wp:term":[{"taxonomy":"folder","embeddable":true,"href":"http:\/\/einsiedel-architekten.de\/cms\/wp-json\/wp\/v2\/folder?post=788"}],"curies":[{"name":"wp","href":"https:\/\/api.w.org\/{rel}","templated":true}]}}