{"id":709,"date":"2019-11-12T16:21:14","date_gmt":"2019-11-12T15:21:14","guid":{"rendered":"http:\/\/einsiedel-architekten.de\/cms\/?page_id=709"},"modified":"2019-11-20T16:13:50","modified_gmt":"2019-11-20T15:13:50","slug":"staatskanzlei","status":"publish","type":"page","link":"http:\/\/einsiedel-architekten.de\/cms\/staatskanzlei\/","title":{"rendered":"1999 staatskanzlei, dresden"},"content":{"rendered":"\n<div class=\"wp-block-nk-visual-portfolio\">\n<div class=\"vp-portfolio vp-uid-df74b445 vp-id-711 \"\n\tdata-vp-layout=\"slider\" data-vp-content-source=\"images\" data-vp-items-style=\"fly\" data-vp-items-click-action=\"popup_gallery\" data-vp-items-gap=\"15\" data-vp-items-gap-vertical=\"\" data-vp-pagination=\"load-more\" data-vp-next-page-url=\"\" data-vp-slider-effect=\"slide\" data-vp-slider-items-height=\"80%\" data-vp-slider-items-min-height=\"\" data-vp-slider-slides-per-view=\"2\" data-vp-slider-speed=\"1.5\" data-vp-slider-autoplay=\"4\" data-vp-slider-autoplay-hover-pause=\"false\" data-vp-slider-centered-slides=\"true\" data-vp-slider-loop=\"false\" data-vp-slider-free-mode=\"false\" data-vp-slider-free-mode-sticky=\"false\" data-vp-slider-arrows=\"true\" data-vp-slider-bullets=\"true\" data-vp-slider-bullets-dynamic=\"false\" data-vp-slider-mousewheel=\"false\" data-vp-slider-thumbnails=\"false\" >\n\t<div class=\"vp-portfolio__preloader-wrap\">\n\t\t<div class=\"vp-portfolio__preloader\">\n\t\t\t<img decoding=\"async\" loading=\"eager\" src=\"http:\/\/einsiedel-architekten.de\/cms\/wp-content\/plugins\/visual-portfolio\/assets\/images\/logo-dark.svg\" alt=\"Visual Portfolio, Posts &amp; Image Gallery for WordPress\" width=\"20\" height=\"20\" data-skip-lazy>\n\t\t<\/div>\n\t<\/div>\n\t\t<div class=\"vp-portfolio__items-wrap\">\n\t\t\t\n<div class=\"vp-portfolio__items vp-portfolio__items-style-fly vp-portfolio__items-show-overlay-hover\">\n\n\t\t<div\t\tclass=\"vp-portfolio__item-wrap vp-portfolio__item-uid-6f3c32b5\" data-vp-filter=\"\" \t\t>\n\t\t\t<template class=\"vp-portfolio__item-popup\" data-vp-popup-img=\"http:\/\/einsiedel-architekten.de\/cms\/wp-content\/uploads\/2019\/11\/staatskanzlei-luftbild-1324x1920.jpg\" data-vp-popup-img-srcset=\"http:\/\/einsiedel-architekten.de\/cms\/wp-content\/uploads\/2019\/11\/staatskanzlei-luftbild-1324x1920.jpg 1324w, http:\/\/einsiedel-architekten.de\/cms\/wp-content\/uploads\/2019\/11\/staatskanzlei-luftbild-207x300.jpg 207w, http:\/\/einsiedel-architekten.de\/cms\/wp-content\/uploads\/2019\/11\/staatskanzlei-luftbild-768x1114.jpg 768w, http:\/\/einsiedel-architekten.de\/cms\/wp-content\/uploads\/2019\/11\/staatskanzlei-luftbild-706x1024.jpg 706w, http:\/\/einsiedel-architekten.de\/cms\/wp-content\/uploads\/2019\/11\/staatskanzlei-luftbild-345x500.jpg 345w, http:\/\/einsiedel-architekten.de\/cms\/wp-content\/uploads\/2019\/11\/staatskanzlei-luftbild-552x800.jpg 552w, http:\/\/einsiedel-architekten.de\/cms\/wp-content\/uploads\/2019\/11\/staatskanzlei-luftbild-883x1280.jpg 883w, http:\/\/einsiedel-architekten.de\/cms\/wp-content\/uploads\/2019\/11\/staatskanzlei-luftbild-455x660.jpg 455w\" data-vp-popup-img-size=\"1324x1920\" data-vp-popup-md-img=\"http:\/\/einsiedel-architekten.de\/cms\/wp-content\/uploads\/2019\/11\/staatskanzlei-luftbild-552x800.jpg\" data-vp-popup-md-img-size=\"552x800\" data-vp-popup-sm-img=\"http:\/\/einsiedel-architekten.de\/cms\/wp-content\/uploads\/2019\/11\/staatskanzlei-luftbild-345x500.jpg\" data-vp-popup-sm-img-size=\"345x500\">\n\t<\/template>\n\t\t\t\t\t\t<figure class=\"vp-portfolio__item\">\n\t\t\t\t\n<div class=\"vp-portfolio__item-img-wrap\">\n\t<div class=\"vp-portfolio__item-img\">\n\t\t\t<a\n\t\thref=\"http:\/\/einsiedel-architekten.de\/cms\/wp-content\/uploads\/2019\/11\/staatskanzlei-luftbild-1324x1920.jpg\"\n\t\taria-label=\"staatskanzlei luftbild\" \t data-rel=\"lightbox-image-0\" data-rl_title=\"\" data-rl_caption=\"\" title=\"\">\n\t\n\t\t<noscript><img loading=\"lazy\" decoding=\"async\" width=\"1324\" height=\"1920\" data-skip-lazy src=\"http:\/\/einsiedel-architekten.de\/cms\/wp-content\/uploads\/2019\/11\/staatskanzlei-luftbild-1324x1920.jpg\" class=\"wp-image-718\" alt=\"\" srcset=\"http:\/\/einsiedel-architekten.de\/cms\/wp-content\/uploads\/2019\/11\/staatskanzlei-luftbild-1324x1920.jpg 1324w, http:\/\/einsiedel-architekten.de\/cms\/wp-content\/uploads\/2019\/11\/staatskanzlei-luftbild-207x300.jpg 207w, http:\/\/einsiedel-architekten.de\/cms\/wp-content\/uploads\/2019\/11\/staatskanzlei-luftbild-768x1114.jpg 768w, http:\/\/einsiedel-architekten.de\/cms\/wp-content\/uploads\/2019\/11\/staatskanzlei-luftbild-706x1024.jpg 706w, http:\/\/einsiedel-architekten.de\/cms\/wp-content\/uploads\/2019\/11\/staatskanzlei-luftbild-345x500.jpg 345w, http:\/\/einsiedel-architekten.de\/cms\/wp-content\/uploads\/2019\/11\/staatskanzlei-luftbild-552x800.jpg 552w, http:\/\/einsiedel-architekten.de\/cms\/wp-content\/uploads\/2019\/11\/staatskanzlei-luftbild-883x1280.jpg 883w, http:\/\/einsiedel-architekten.de\/cms\/wp-content\/uploads\/2019\/11\/staatskanzlei-luftbild-455x660.jpg 455w\" sizes=\"auto, (max-width: 1324px) 100vw, 1324px\" \/><\/noscript><img fetchpriority=\"high\" decoding=\"async\" width=\"1324\" height=\"1920\" src=\"http:\/\/einsiedel-architekten.de\/cms\/wp-content\/uploads\/2019\/11\/staatskanzlei-luftbild-1324x1920.jpg\" class=\"wp-image-718 vp-lazyload\" alt srcset=\"data:image\/svg+xml;base64,PHN2ZyB3aWR0aD0iMTMyNCIgaGVpZ2h0PSIxOTIwIiB2aWV3Qm94PSIwIDAgMTMyNCAxOTIwIiBmaWxsPSJub25lIiB4bWxucz0iaHR0cDovL3d3dy53My5vcmcvMjAwMC9zdmciPjwvc3ZnPg==\" data-src=\"http:\/\/einsiedel-architekten.de\/cms\/wp-content\/uploads\/2019\/11\/staatskanzlei-luftbild-1324x1920.jpg\" data-srcset=\"http:\/\/einsiedel-architekten.de\/cms\/wp-content\/uploads\/2019\/11\/staatskanzlei-luftbild-1324x1920.jpg 1324w, http:\/\/einsiedel-architekten.de\/cms\/wp-content\/uploads\/2019\/11\/staatskanzlei-luftbild-207x300.jpg 207w, http:\/\/einsiedel-architekten.de\/cms\/wp-content\/uploads\/2019\/11\/staatskanzlei-luftbild-768x1114.jpg 768w, http:\/\/einsiedel-architekten.de\/cms\/wp-content\/uploads\/2019\/11\/staatskanzlei-luftbild-706x1024.jpg 706w, http:\/\/einsiedel-architekten.de\/cms\/wp-content\/uploads\/2019\/11\/staatskanzlei-luftbild-345x500.jpg 345w, http:\/\/einsiedel-architekten.de\/cms\/wp-content\/uploads\/2019\/11\/staatskanzlei-luftbild-552x800.jpg 552w, http:\/\/einsiedel-architekten.de\/cms\/wp-content\/uploads\/2019\/11\/staatskanzlei-luftbild-883x1280.jpg 883w, http:\/\/einsiedel-architekten.de\/cms\/wp-content\/uploads\/2019\/11\/staatskanzlei-luftbild-455x660.jpg 455w\" data-sizes=\"auto\" loading=\"eager\">\n\t\t<\/a>\t<\/div>\n<\/div>\n\t<div class=\"vp-portfolio__item-overlay\">\n\t\t\t<a\n\t\thref=\"http:\/\/einsiedel-architekten.de\/cms\/wp-content\/uploads\/2019\/11\/staatskanzlei-luftbild-1324x1920.jpg\"\n\t\ttabindex=\"-1\" class=\"vp-portfolio__item-meta\" aria-label=\"staatskanzlei luftbild\" \t data-rel=\"lightbox-image-1\" data-rl_title=\"\" data-rl_caption=\"\" title=\"\">\n\t\t\t<\/a>\t<\/div>\n\t\t\t\t<\/figure>\n\t\t\t\t\t<\/div>\n\t\t\n\t\t<div\t\tclass=\"vp-portfolio__item-wrap vp-portfolio__item-uid-a0876546\" data-vp-filter=\"\" \t\t>\n\t\t\t<template class=\"vp-portfolio__item-popup\" data-vp-popup-img=\"http:\/\/einsiedel-architekten.de\/cms\/wp-content\/uploads\/2019\/11\/staatskanzlei-saal-2-1920x1319.jpg\" data-vp-popup-img-srcset=\"http:\/\/einsiedel-architekten.de\/cms\/wp-content\/uploads\/2019\/11\/staatskanzlei-saal-2-1920x1319.jpg 1920w, http:\/\/einsiedel-architekten.de\/cms\/wp-content\/uploads\/2019\/11\/staatskanzlei-saal-2-300x206.jpg 300w, http:\/\/einsiedel-architekten.de\/cms\/wp-content\/uploads\/2019\/11\/staatskanzlei-saal-2-768x528.jpg 768w, http:\/\/einsiedel-architekten.de\/cms\/wp-content\/uploads\/2019\/11\/staatskanzlei-saal-2-1024x704.jpg 1024w, http:\/\/einsiedel-architekten.de\/cms\/wp-content\/uploads\/2019\/11\/staatskanzlei-saal-2-500x344.jpg 500w, http:\/\/einsiedel-architekten.de\/cms\/wp-content\/uploads\/2019\/11\/staatskanzlei-saal-2-800x550.jpg 800w, http:\/\/einsiedel-architekten.de\/cms\/wp-content\/uploads\/2019\/11\/staatskanzlei-saal-2-1280x880.jpg 1280w, http:\/\/einsiedel-architekten.de\/cms\/wp-content\/uploads\/2019\/11\/staatskanzlei-saal-2-960x660.jpg 960w, http:\/\/einsiedel-architekten.de\/cms\/wp-content\/uploads\/2019\/11\/staatskanzlei-saal-2.jpg 2027w\" data-vp-popup-img-size=\"1920x1319\" data-vp-popup-md-img=\"http:\/\/einsiedel-architekten.de\/cms\/wp-content\/uploads\/2019\/11\/staatskanzlei-saal-2-800x550.jpg\" data-vp-popup-md-img-size=\"800x550\" data-vp-popup-sm-img=\"http:\/\/einsiedel-architekten.de\/cms\/wp-content\/uploads\/2019\/11\/staatskanzlei-saal-2-500x344.jpg\" data-vp-popup-sm-img-size=\"500x344\">\n\t<\/template>\n\t\t\t\t\t\t<figure class=\"vp-portfolio__item\">\n\t\t\t\t\n<div class=\"vp-portfolio__item-img-wrap\">\n\t<div class=\"vp-portfolio__item-img\">\n\t\t\t<a\n\t\thref=\"http:\/\/einsiedel-architekten.de\/cms\/wp-content\/uploads\/2019\/11\/staatskanzlei-saal-2-1920x1319.jpg\"\n\t\taria-label=\"staatskanzlei saal 2\" \t data-rel=\"lightbox-image-2\" data-rl_title=\"\" data-rl_caption=\"\" title=\"\">\n\t\n\t\t<noscript><img loading=\"lazy\" decoding=\"async\" width=\"1920\" height=\"1319\" data-skip-lazy src=\"http:\/\/einsiedel-architekten.de\/cms\/wp-content\/uploads\/2019\/11\/staatskanzlei-saal-2-1920x1319.jpg\" class=\"wp-image-719\" alt=\"\" srcset=\"http:\/\/einsiedel-architekten.de\/cms\/wp-content\/uploads\/2019\/11\/staatskanzlei-saal-2-1920x1319.jpg 1920w, http:\/\/einsiedel-architekten.de\/cms\/wp-content\/uploads\/2019\/11\/staatskanzlei-saal-2-300x206.jpg 300w, http:\/\/einsiedel-architekten.de\/cms\/wp-content\/uploads\/2019\/11\/staatskanzlei-saal-2-768x528.jpg 768w, http:\/\/einsiedel-architekten.de\/cms\/wp-content\/uploads\/2019\/11\/staatskanzlei-saal-2-1024x704.jpg 1024w, http:\/\/einsiedel-architekten.de\/cms\/wp-content\/uploads\/2019\/11\/staatskanzlei-saal-2-500x344.jpg 500w, http:\/\/einsiedel-architekten.de\/cms\/wp-content\/uploads\/2019\/11\/staatskanzlei-saal-2-800x550.jpg 800w, http:\/\/einsiedel-architekten.de\/cms\/wp-content\/uploads\/2019\/11\/staatskanzlei-saal-2-1280x880.jpg 1280w, http:\/\/einsiedel-architekten.de\/cms\/wp-content\/uploads\/2019\/11\/staatskanzlei-saal-2-960x660.jpg 960w, http:\/\/einsiedel-architekten.de\/cms\/wp-content\/uploads\/2019\/11\/staatskanzlei-saal-2.jpg 2027w\" sizes=\"auto, (max-width: 1920px) 100vw, 1920px\" \/><\/noscript><img decoding=\"async\" width=\"1920\" height=\"1319\" src=\"http:\/\/einsiedel-architekten.de\/cms\/wp-content\/uploads\/2019\/11\/staatskanzlei-saal-2-1920x1319.jpg\" class=\"wp-image-719 vp-lazyload\" alt srcset=\"data:image\/svg+xml;base64,PHN2ZyB3aWR0aD0iMTkyMCIgaGVpZ2h0PSIxMzE5IiB2aWV3Qm94PSIwIDAgMTkyMCAxMzE5IiBmaWxsPSJub25lIiB4bWxucz0iaHR0cDovL3d3dy53My5vcmcvMjAwMC9zdmciPjwvc3ZnPg==\" data-src=\"http:\/\/einsiedel-architekten.de\/cms\/wp-content\/uploads\/2019\/11\/staatskanzlei-saal-2-1920x1319.jpg\" data-srcset=\"http:\/\/einsiedel-architekten.de\/cms\/wp-content\/uploads\/2019\/11\/staatskanzlei-saal-2-1920x1319.jpg 1920w, http:\/\/einsiedel-architekten.de\/cms\/wp-content\/uploads\/2019\/11\/staatskanzlei-saal-2-300x206.jpg 300w, http:\/\/einsiedel-architekten.de\/cms\/wp-content\/uploads\/2019\/11\/staatskanzlei-saal-2-768x528.jpg 768w, http:\/\/einsiedel-architekten.de\/cms\/wp-content\/uploads\/2019\/11\/staatskanzlei-saal-2-1024x704.jpg 1024w, http:\/\/einsiedel-architekten.de\/cms\/wp-content\/uploads\/2019\/11\/staatskanzlei-saal-2-500x344.jpg 500w, http:\/\/einsiedel-architekten.de\/cms\/wp-content\/uploads\/2019\/11\/staatskanzlei-saal-2-800x550.jpg 800w, http:\/\/einsiedel-architekten.de\/cms\/wp-content\/uploads\/2019\/11\/staatskanzlei-saal-2-1280x880.jpg 1280w, http:\/\/einsiedel-architekten.de\/cms\/wp-content\/uploads\/2019\/11\/staatskanzlei-saal-2-960x660.jpg 960w, http:\/\/einsiedel-architekten.de\/cms\/wp-content\/uploads\/2019\/11\/staatskanzlei-saal-2.jpg 2027w\" data-sizes=\"auto\" loading=\"eager\">\n\t\t<\/a>\t<\/div>\n<\/div>\n\t<div class=\"vp-portfolio__item-overlay\">\n\t\t\t<a\n\t\thref=\"http:\/\/einsiedel-architekten.de\/cms\/wp-content\/uploads\/2019\/11\/staatskanzlei-saal-2-1920x1319.jpg\"\n\t\ttabindex=\"-1\" class=\"vp-portfolio__item-meta\" aria-label=\"staatskanzlei saal 2\" \t data-rel=\"lightbox-image-3\" data-rl_title=\"\" data-rl_caption=\"\" title=\"\">\n\t\t\t<\/a>\t<\/div>\n\t\t\t\t<\/figure>\n\t\t\t\t\t<\/div>\n\t\t\n\t\t<div\t\tclass=\"vp-portfolio__item-wrap vp-portfolio__item-uid-bb848683\" data-vp-filter=\"\" \t\t>\n\t\t\t<template class=\"vp-portfolio__item-popup\" data-vp-popup-img=\"http:\/\/einsiedel-architekten.de\/cms\/wp-content\/uploads\/2019\/11\/staatskanzlei-halle-1294x1920.jpg\" data-vp-popup-img-srcset=\"http:\/\/einsiedel-architekten.de\/cms\/wp-content\/uploads\/2019\/11\/staatskanzlei-halle-1294x1920.jpg 1294w, http:\/\/einsiedel-architekten.de\/cms\/wp-content\/uploads\/2019\/11\/staatskanzlei-halle-202x300.jpg 202w, http:\/\/einsiedel-architekten.de\/cms\/wp-content\/uploads\/2019\/11\/staatskanzlei-halle-768x1140.jpg 768w, http:\/\/einsiedel-architekten.de\/cms\/wp-content\/uploads\/2019\/11\/staatskanzlei-halle-690x1024.jpg 690w, http:\/\/einsiedel-architekten.de\/cms\/wp-content\/uploads\/2019\/11\/staatskanzlei-halle-337x500.jpg 337w, http:\/\/einsiedel-architekten.de\/cms\/wp-content\/uploads\/2019\/11\/staatskanzlei-halle-539x800.jpg 539w, http:\/\/einsiedel-architekten.de\/cms\/wp-content\/uploads\/2019\/11\/staatskanzlei-halle-862x1280.jpg 862w, http:\/\/einsiedel-architekten.de\/cms\/wp-content\/uploads\/2019\/11\/staatskanzlei-halle-445x660.jpg 445w\" data-vp-popup-img-size=\"1294x1920\" data-vp-popup-md-img=\"http:\/\/einsiedel-architekten.de\/cms\/wp-content\/uploads\/2019\/11\/staatskanzlei-halle-539x800.jpg\" data-vp-popup-md-img-size=\"539x800\" data-vp-popup-sm-img=\"http:\/\/einsiedel-architekten.de\/cms\/wp-content\/uploads\/2019\/11\/staatskanzlei-halle-337x500.jpg\" data-vp-popup-sm-img-size=\"337x500\">\n\t<\/template>\n\t\t\t\t\t\t<figure class=\"vp-portfolio__item\">\n\t\t\t\t\n<div class=\"vp-portfolio__item-img-wrap\">\n\t<div class=\"vp-portfolio__item-img\">\n\t\t\t<a\n\t\thref=\"http:\/\/einsiedel-architekten.de\/cms\/wp-content\/uploads\/2019\/11\/staatskanzlei-halle-1294x1920.jpg\"\n\t\taria-label=\"staatskanzlei halle\" \t data-rel=\"lightbox-image-4\" data-rl_title=\"\" data-rl_caption=\"\" title=\"\">\n\t\n\t\t<noscript><img loading=\"lazy\" decoding=\"async\" width=\"1294\" height=\"1920\" data-skip-lazy src=\"http:\/\/einsiedel-architekten.de\/cms\/wp-content\/uploads\/2019\/11\/staatskanzlei-halle-1294x1920.jpg\" class=\"wp-image-715\" alt=\"\" srcset=\"http:\/\/einsiedel-architekten.de\/cms\/wp-content\/uploads\/2019\/11\/staatskanzlei-halle-1294x1920.jpg 1294w, http:\/\/einsiedel-architekten.de\/cms\/wp-content\/uploads\/2019\/11\/staatskanzlei-halle-202x300.jpg 202w, http:\/\/einsiedel-architekten.de\/cms\/wp-content\/uploads\/2019\/11\/staatskanzlei-halle-768x1140.jpg 768w, http:\/\/einsiedel-architekten.de\/cms\/wp-content\/uploads\/2019\/11\/staatskanzlei-halle-690x1024.jpg 690w, http:\/\/einsiedel-architekten.de\/cms\/wp-content\/uploads\/2019\/11\/staatskanzlei-halle-337x500.jpg 337w, http:\/\/einsiedel-architekten.de\/cms\/wp-content\/uploads\/2019\/11\/staatskanzlei-halle-539x800.jpg 539w, http:\/\/einsiedel-architekten.de\/cms\/wp-content\/uploads\/2019\/11\/staatskanzlei-halle-862x1280.jpg 862w, http:\/\/einsiedel-architekten.de\/cms\/wp-content\/uploads\/2019\/11\/staatskanzlei-halle-445x660.jpg 445w\" sizes=\"auto, (max-width: 1294px) 100vw, 1294px\" \/><\/noscript><img decoding=\"async\" width=\"1294\" height=\"1920\" src=\"http:\/\/einsiedel-architekten.de\/cms\/wp-content\/uploads\/2019\/11\/staatskanzlei-halle-1294x1920.jpg\" class=\"wp-image-715 vp-lazyload\" alt srcset=\"data:image\/svg+xml;base64,PHN2ZyB3aWR0aD0iMTI5NCIgaGVpZ2h0PSIxOTIwIiB2aWV3Qm94PSIwIDAgMTI5NCAxOTIwIiBmaWxsPSJub25lIiB4bWxucz0iaHR0cDovL3d3dy53My5vcmcvMjAwMC9zdmciPjwvc3ZnPg==\" data-src=\"http:\/\/einsiedel-architekten.de\/cms\/wp-content\/uploads\/2019\/11\/staatskanzlei-halle-1294x1920.jpg\" data-srcset=\"http:\/\/einsiedel-architekten.de\/cms\/wp-content\/uploads\/2019\/11\/staatskanzlei-halle-1294x1920.jpg 1294w, http:\/\/einsiedel-architekten.de\/cms\/wp-content\/uploads\/2019\/11\/staatskanzlei-halle-202x300.jpg 202w, http:\/\/einsiedel-architekten.de\/cms\/wp-content\/uploads\/2019\/11\/staatskanzlei-halle-768x1140.jpg 768w, http:\/\/einsiedel-architekten.de\/cms\/wp-content\/uploads\/2019\/11\/staatskanzlei-halle-690x1024.jpg 690w, http:\/\/einsiedel-architekten.de\/cms\/wp-content\/uploads\/2019\/11\/staatskanzlei-halle-337x500.jpg 337w, http:\/\/einsiedel-architekten.de\/cms\/wp-content\/uploads\/2019\/11\/staatskanzlei-halle-539x800.jpg 539w, http:\/\/einsiedel-architekten.de\/cms\/wp-content\/uploads\/2019\/11\/staatskanzlei-halle-862x1280.jpg 862w, http:\/\/einsiedel-architekten.de\/cms\/wp-content\/uploads\/2019\/11\/staatskanzlei-halle-445x660.jpg 445w\" data-sizes=\"auto\" loading=\"eager\">\n\t\t<\/a>\t<\/div>\n<\/div>\n\t<div class=\"vp-portfolio__item-overlay\">\n\t\t\t<a\n\t\thref=\"http:\/\/einsiedel-architekten.de\/cms\/wp-content\/uploads\/2019\/11\/staatskanzlei-halle-1294x1920.jpg\"\n\t\ttabindex=\"-1\" class=\"vp-portfolio__item-meta\" aria-label=\"staatskanzlei halle\" \t data-rel=\"lightbox-image-5\" data-rl_title=\"\" data-rl_caption=\"\" title=\"\">\n\t\t\t<\/a>\t<\/div>\n\t\t\t\t<\/figure>\n\t\t\t\t\t<\/div>\n\t\t\n\t\t<div\t\tclass=\"vp-portfolio__item-wrap vp-portfolio__item-uid-ed3680ca\" data-vp-filter=\"\" \t\t>\n\t\t\t<template class=\"vp-portfolio__item-popup\" data-vp-popup-img=\"http:\/\/einsiedel-architekten.de\/cms\/wp-content\/uploads\/2019\/11\/staatskanzlei-konferenzraum.jpg\" data-vp-popup-img-srcset=\"http:\/\/einsiedel-architekten.de\/cms\/wp-content\/uploads\/2019\/11\/staatskanzlei-konferenzraum.jpg 1772w, http:\/\/einsiedel-architekten.de\/cms\/wp-content\/uploads\/2019\/11\/staatskanzlei-konferenzraum-300x209.jpg 300w, http:\/\/einsiedel-architekten.de\/cms\/wp-content\/uploads\/2019\/11\/staatskanzlei-konferenzraum-768x536.jpg 768w, http:\/\/einsiedel-architekten.de\/cms\/wp-content\/uploads\/2019\/11\/staatskanzlei-konferenzraum-1024x715.jpg 1024w, http:\/\/einsiedel-architekten.de\/cms\/wp-content\/uploads\/2019\/11\/staatskanzlei-konferenzraum-500x349.jpg 500w, http:\/\/einsiedel-architekten.de\/cms\/wp-content\/uploads\/2019\/11\/staatskanzlei-konferenzraum-800x558.jpg 800w, http:\/\/einsiedel-architekten.de\/cms\/wp-content\/uploads\/2019\/11\/staatskanzlei-konferenzraum-1280x894.jpg 1280w, http:\/\/einsiedel-architekten.de\/cms\/wp-content\/uploads\/2019\/11\/staatskanzlei-konferenzraum-945x660.jpg 945w\" data-vp-popup-img-size=\"1772x1237\" data-vp-popup-md-img=\"http:\/\/einsiedel-architekten.de\/cms\/wp-content\/uploads\/2019\/11\/staatskanzlei-konferenzraum-800x558.jpg\" data-vp-popup-md-img-size=\"800x558\" data-vp-popup-sm-img=\"http:\/\/einsiedel-architekten.de\/cms\/wp-content\/uploads\/2019\/11\/staatskanzlei-konferenzraum-500x349.jpg\" data-vp-popup-sm-img-size=\"500x349\">\n\t<\/template>\n\t\t\t\t\t\t<figure class=\"vp-portfolio__item\">\n\t\t\t\t\n<div class=\"vp-portfolio__item-img-wrap\">\n\t<div class=\"vp-portfolio__item-img\">\n\t\t\t<a\n\t\thref=\"http:\/\/einsiedel-architekten.de\/cms\/wp-content\/uploads\/2019\/11\/staatskanzlei-konferenzraum.jpg\"\n\t\taria-label=\"staatskanzlei konferenzraum\" \t data-rel=\"lightbox-image-6\" data-rl_title=\"\" data-rl_caption=\"\" title=\"\">\n\t\n\t\t<noscript><img loading=\"lazy\" decoding=\"async\" width=\"1772\" height=\"1237\" data-skip-lazy src=\"http:\/\/einsiedel-architekten.de\/cms\/wp-content\/uploads\/2019\/11\/staatskanzlei-konferenzraum.jpg\" class=\"wp-image-717\" alt=\"\" srcset=\"http:\/\/einsiedel-architekten.de\/cms\/wp-content\/uploads\/2019\/11\/staatskanzlei-konferenzraum.jpg 1772w, http:\/\/einsiedel-architekten.de\/cms\/wp-content\/uploads\/2019\/11\/staatskanzlei-konferenzraum-300x209.jpg 300w, http:\/\/einsiedel-architekten.de\/cms\/wp-content\/uploads\/2019\/11\/staatskanzlei-konferenzraum-768x536.jpg 768w, http:\/\/einsiedel-architekten.de\/cms\/wp-content\/uploads\/2019\/11\/staatskanzlei-konferenzraum-1024x715.jpg 1024w, http:\/\/einsiedel-architekten.de\/cms\/wp-content\/uploads\/2019\/11\/staatskanzlei-konferenzraum-500x349.jpg 500w, http:\/\/einsiedel-architekten.de\/cms\/wp-content\/uploads\/2019\/11\/staatskanzlei-konferenzraum-800x558.jpg 800w, http:\/\/einsiedel-architekten.de\/cms\/wp-content\/uploads\/2019\/11\/staatskanzlei-konferenzraum-1280x894.jpg 1280w, http:\/\/einsiedel-architekten.de\/cms\/wp-content\/uploads\/2019\/11\/staatskanzlei-konferenzraum-945x660.jpg 945w\" sizes=\"auto, (max-width: 1772px) 100vw, 1772px\" \/><\/noscript><img decoding=\"async\" width=\"1772\" height=\"1237\" src=\"http:\/\/einsiedel-architekten.de\/cms\/wp-content\/uploads\/2019\/11\/staatskanzlei-konferenzraum.jpg\" class=\"wp-image-717 vp-lazyload\" alt srcset=\"data:image\/svg+xml;base64,PHN2ZyB3aWR0aD0iMTc3MiIgaGVpZ2h0PSIxMjM3IiB2aWV3Qm94PSIwIDAgMTc3MiAxMjM3IiBmaWxsPSJub25lIiB4bWxucz0iaHR0cDovL3d3dy53My5vcmcvMjAwMC9zdmciPjwvc3ZnPg==\" data-src=\"http:\/\/einsiedel-architekten.de\/cms\/wp-content\/uploads\/2019\/11\/staatskanzlei-konferenzraum.jpg\" data-srcset=\"http:\/\/einsiedel-architekten.de\/cms\/wp-content\/uploads\/2019\/11\/staatskanzlei-konferenzraum.jpg 1772w, http:\/\/einsiedel-architekten.de\/cms\/wp-content\/uploads\/2019\/11\/staatskanzlei-konferenzraum-300x209.jpg 300w, http:\/\/einsiedel-architekten.de\/cms\/wp-content\/uploads\/2019\/11\/staatskanzlei-konferenzraum-768x536.jpg 768w, http:\/\/einsiedel-architekten.de\/cms\/wp-content\/uploads\/2019\/11\/staatskanzlei-konferenzraum-1024x715.jpg 1024w, http:\/\/einsiedel-architekten.de\/cms\/wp-content\/uploads\/2019\/11\/staatskanzlei-konferenzraum-500x349.jpg 500w, http:\/\/einsiedel-architekten.de\/cms\/wp-content\/uploads\/2019\/11\/staatskanzlei-konferenzraum-800x558.jpg 800w, http:\/\/einsiedel-architekten.de\/cms\/wp-content\/uploads\/2019\/11\/staatskanzlei-konferenzraum-1280x894.jpg 1280w, http:\/\/einsiedel-architekten.de\/cms\/wp-content\/uploads\/2019\/11\/staatskanzlei-konferenzraum-945x660.jpg 945w\" data-sizes=\"auto\" loading=\"eager\">\n\t\t<\/a>\t<\/div>\n<\/div>\n\t<div class=\"vp-portfolio__item-overlay\">\n\t\t\t<a\n\t\thref=\"http:\/\/einsiedel-architekten.de\/cms\/wp-content\/uploads\/2019\/11\/staatskanzlei-konferenzraum.jpg\"\n\t\ttabindex=\"-1\" class=\"vp-portfolio__item-meta\" aria-label=\"staatskanzlei konferenzraum\" \t data-rel=\"lightbox-image-7\" data-rl_title=\"\" data-rl_caption=\"\" title=\"\">\n\t\t\t<\/a>\t<\/div>\n\t\t\t\t<\/figure>\n\t\t\t\t\t<\/div>\n\t\t\n\t\t<div\t\tclass=\"vp-portfolio__item-wrap vp-portfolio__item-uid-008b4cfc\" data-vp-filter=\"\" \t\t>\n\t\t\t<template class=\"vp-portfolio__item-popup\" data-vp-popup-img=\"http:\/\/einsiedel-architekten.de\/cms\/wp-content\/uploads\/2019\/11\/staatskanzlei-besprechungsraum.jpg\" data-vp-popup-img-srcset=\"http:\/\/einsiedel-architekten.de\/cms\/wp-content\/uploads\/2019\/11\/staatskanzlei-besprechungsraum-232x300.jpg 232w, http:\/\/einsiedel-architekten.de\/cms\/wp-content\/uploads\/2019\/11\/staatskanzlei-besprechungsraum-768x993.jpg 768w, http:\/\/einsiedel-architekten.de\/cms\/wp-content\/uploads\/2019\/11\/staatskanzlei-besprechungsraum-792x1024.jpg 792w, http:\/\/einsiedel-architekten.de\/cms\/wp-content\/uploads\/2019\/11\/staatskanzlei-besprechungsraum-387x500.jpg 387w, http:\/\/einsiedel-architekten.de\/cms\/wp-content\/uploads\/2019\/11\/staatskanzlei-besprechungsraum-619x800.jpg 619w, http:\/\/einsiedel-architekten.de\/cms\/wp-content\/uploads\/2019\/11\/staatskanzlei-besprechungsraum-990x1280.jpg 990w, http:\/\/einsiedel-architekten.de\/cms\/wp-content\/uploads\/2019\/11\/staatskanzlei-besprechungsraum-511x660.jpg 511w\" data-vp-popup-img-size=\"1063x1374\" data-vp-popup-md-img=\"http:\/\/einsiedel-architekten.de\/cms\/wp-content\/uploads\/2019\/11\/staatskanzlei-besprechungsraum-619x800.jpg\" data-vp-popup-md-img-size=\"619x800\" data-vp-popup-sm-img=\"http:\/\/einsiedel-architekten.de\/cms\/wp-content\/uploads\/2019\/11\/staatskanzlei-besprechungsraum-387x500.jpg\" data-vp-popup-sm-img-size=\"387x500\">\n\t<\/template>\n\t\t\t\t\t\t<figure class=\"vp-portfolio__item\">\n\t\t\t\t\n<div class=\"vp-portfolio__item-img-wrap\">\n\t<div class=\"vp-portfolio__item-img\">\n\t\t\t<a\n\t\thref=\"http:\/\/einsiedel-architekten.de\/cms\/wp-content\/uploads\/2019\/11\/staatskanzlei-besprechungsraum.jpg\"\n\t\taria-label=\"staatskanzlei besprechungsraum\" \t data-rel=\"lightbox-image-8\" data-rl_title=\"\" data-rl_caption=\"\" title=\"\">\n\t\n\t\t<noscript><img loading=\"lazy\" decoding=\"async\" width=\"1063\" height=\"1374\" data-skip-lazy src=\"http:\/\/einsiedel-architekten.de\/cms\/wp-content\/uploads\/2019\/11\/staatskanzlei-besprechungsraum.jpg\" class=\"wp-image-712\" alt=\"\" srcset=\"http:\/\/einsiedel-architekten.de\/cms\/wp-content\/uploads\/2019\/11\/staatskanzlei-besprechungsraum-232x300.jpg 232w, http:\/\/einsiedel-architekten.de\/cms\/wp-content\/uploads\/2019\/11\/staatskanzlei-besprechungsraum-768x993.jpg 768w, http:\/\/einsiedel-architekten.de\/cms\/wp-content\/uploads\/2019\/11\/staatskanzlei-besprechungsraum-792x1024.jpg 792w, http:\/\/einsiedel-architekten.de\/cms\/wp-content\/uploads\/2019\/11\/staatskanzlei-besprechungsraum-387x500.jpg 387w, http:\/\/einsiedel-architekten.de\/cms\/wp-content\/uploads\/2019\/11\/staatskanzlei-besprechungsraum-619x800.jpg 619w, http:\/\/einsiedel-architekten.de\/cms\/wp-content\/uploads\/2019\/11\/staatskanzlei-besprechungsraum-990x1280.jpg 990w, http:\/\/einsiedel-architekten.de\/cms\/wp-content\/uploads\/2019\/11\/staatskanzlei-besprechungsraum-511x660.jpg 511w\" sizes=\"auto, (max-width: 1063px) 100vw, 1063px\" \/><\/noscript><img decoding=\"async\" width=\"1063\" height=\"1374\" src=\"http:\/\/einsiedel-architekten.de\/cms\/wp-content\/uploads\/2019\/11\/staatskanzlei-besprechungsraum.jpg\" class=\"wp-image-712 vp-lazyload\" alt srcset=\"data:image\/svg+xml;base64,PHN2ZyB3aWR0aD0iMTA2MyIgaGVpZ2h0PSIxMzc0IiB2aWV3Qm94PSIwIDAgMTA2MyAxMzc0IiBmaWxsPSJub25lIiB4bWxucz0iaHR0cDovL3d3dy53My5vcmcvMjAwMC9zdmciPjwvc3ZnPg==\" data-src=\"http:\/\/einsiedel-architekten.de\/cms\/wp-content\/uploads\/2019\/11\/staatskanzlei-besprechungsraum.jpg\" data-srcset=\"http:\/\/einsiedel-architekten.de\/cms\/wp-content\/uploads\/2019\/11\/staatskanzlei-besprechungsraum-232x300.jpg 232w, http:\/\/einsiedel-architekten.de\/cms\/wp-content\/uploads\/2019\/11\/staatskanzlei-besprechungsraum-768x993.jpg 768w, http:\/\/einsiedel-architekten.de\/cms\/wp-content\/uploads\/2019\/11\/staatskanzlei-besprechungsraum-792x1024.jpg 792w, http:\/\/einsiedel-architekten.de\/cms\/wp-content\/uploads\/2019\/11\/staatskanzlei-besprechungsraum-387x500.jpg 387w, http:\/\/einsiedel-architekten.de\/cms\/wp-content\/uploads\/2019\/11\/staatskanzlei-besprechungsraum-619x800.jpg 619w, http:\/\/einsiedel-architekten.de\/cms\/wp-content\/uploads\/2019\/11\/staatskanzlei-besprechungsraum-990x1280.jpg 990w, http:\/\/einsiedel-architekten.de\/cms\/wp-content\/uploads\/2019\/11\/staatskanzlei-besprechungsraum-511x660.jpg 511w\" data-sizes=\"auto\" loading=\"eager\">\n\t\t<\/a>\t<\/div>\n<\/div>\n\t<div class=\"vp-portfolio__item-overlay\">\n\t\t\t<a\n\t\thref=\"http:\/\/einsiedel-architekten.de\/cms\/wp-content\/uploads\/2019\/11\/staatskanzlei-besprechungsraum.jpg\"\n\t\ttabindex=\"-1\" class=\"vp-portfolio__item-meta\" aria-label=\"staatskanzlei besprechungsraum\" \t data-rel=\"lightbox-image-9\" data-rl_title=\"\" data-rl_caption=\"\" title=\"\">\n\t\t\t<\/a>\t<\/div>\n\t\t\t\t<\/figure>\n\t\t\t\t\t<\/div>\n\t\t\n\t\t<div\t\tclass=\"vp-portfolio__item-wrap vp-portfolio__item-uid-7d141976\" data-vp-filter=\"\" \t\t>\n\t\t\t<template class=\"vp-portfolio__item-popup\" data-vp-popup-img=\"http:\/\/einsiedel-architekten.de\/cms\/wp-content\/uploads\/2019\/11\/staatskanzlei-saal-1457x1920.jpg\" data-vp-popup-img-srcset=\"http:\/\/einsiedel-architekten.de\/cms\/wp-content\/uploads\/2019\/11\/staatskanzlei-saal-1457x1920.jpg 1457w, http:\/\/einsiedel-architekten.de\/cms\/wp-content\/uploads\/2019\/11\/staatskanzlei-saal-228x300.jpg 228w, http:\/\/einsiedel-architekten.de\/cms\/wp-content\/uploads\/2019\/11\/staatskanzlei-saal-768x1012.jpg 768w, http:\/\/einsiedel-architekten.de\/cms\/wp-content\/uploads\/2019\/11\/staatskanzlei-saal-777x1024.jpg 777w, http:\/\/einsiedel-architekten.de\/cms\/wp-content\/uploads\/2019\/11\/staatskanzlei-saal-379x500.jpg 379w, http:\/\/einsiedel-architekten.de\/cms\/wp-content\/uploads\/2019\/11\/staatskanzlei-saal-607x800.jpg 607w, http:\/\/einsiedel-architekten.de\/cms\/wp-content\/uploads\/2019\/11\/staatskanzlei-saal-971x1280.jpg 971w, http:\/\/einsiedel-architekten.de\/cms\/wp-content\/uploads\/2019\/11\/staatskanzlei-saal-501x660.jpg 501w\" data-vp-popup-img-size=\"1457x1920\" data-vp-popup-md-img=\"http:\/\/einsiedel-architekten.de\/cms\/wp-content\/uploads\/2019\/11\/staatskanzlei-saal-607x800.jpg\" data-vp-popup-md-img-size=\"607x800\" data-vp-popup-sm-img=\"http:\/\/einsiedel-architekten.de\/cms\/wp-content\/uploads\/2019\/11\/staatskanzlei-saal-379x500.jpg\" data-vp-popup-sm-img-size=\"379x500\">\n\t<\/template>\n\t\t\t\t\t\t<figure class=\"vp-portfolio__item\">\n\t\t\t\t\n<div class=\"vp-portfolio__item-img-wrap\">\n\t<div class=\"vp-portfolio__item-img\">\n\t\t\t<a\n\t\thref=\"http:\/\/einsiedel-architekten.de\/cms\/wp-content\/uploads\/2019\/11\/staatskanzlei-saal-1457x1920.jpg\"\n\t\taria-label=\"staatskanzlei saal\" \t data-rel=\"lightbox-image-10\" data-rl_title=\"\" data-rl_caption=\"\" title=\"\">\n\t\n\t\t<noscript><img loading=\"lazy\" decoding=\"async\" width=\"1457\" height=\"1920\" data-skip-lazy src=\"http:\/\/einsiedel-architekten.de\/cms\/wp-content\/uploads\/2019\/11\/staatskanzlei-saal-1457x1920.jpg\" class=\"wp-image-720\" alt=\"\" srcset=\"http:\/\/einsiedel-architekten.de\/cms\/wp-content\/uploads\/2019\/11\/staatskanzlei-saal-1457x1920.jpg 1457w, http:\/\/einsiedel-architekten.de\/cms\/wp-content\/uploads\/2019\/11\/staatskanzlei-saal-228x300.jpg 228w, http:\/\/einsiedel-architekten.de\/cms\/wp-content\/uploads\/2019\/11\/staatskanzlei-saal-768x1012.jpg 768w, http:\/\/einsiedel-architekten.de\/cms\/wp-content\/uploads\/2019\/11\/staatskanzlei-saal-777x1024.jpg 777w, http:\/\/einsiedel-architekten.de\/cms\/wp-content\/uploads\/2019\/11\/staatskanzlei-saal-379x500.jpg 379w, http:\/\/einsiedel-architekten.de\/cms\/wp-content\/uploads\/2019\/11\/staatskanzlei-saal-607x800.jpg 607w, http:\/\/einsiedel-architekten.de\/cms\/wp-content\/uploads\/2019\/11\/staatskanzlei-saal-971x1280.jpg 971w, http:\/\/einsiedel-architekten.de\/cms\/wp-content\/uploads\/2019\/11\/staatskanzlei-saal-501x660.jpg 501w\" sizes=\"auto, (max-width: 1457px) 100vw, 1457px\" \/><\/noscript><img decoding=\"async\" width=\"1457\" height=\"1920\" src=\"http:\/\/einsiedel-architekten.de\/cms\/wp-content\/uploads\/2019\/11\/staatskanzlei-saal-1457x1920.jpg\" class=\"wp-image-720 vp-lazyload\" alt srcset=\"data:image\/svg+xml;base64,PHN2ZyB3aWR0aD0iMTQ1NyIgaGVpZ2h0PSIxOTIwIiB2aWV3Qm94PSIwIDAgMTQ1NyAxOTIwIiBmaWxsPSJub25lIiB4bWxucz0iaHR0cDovL3d3dy53My5vcmcvMjAwMC9zdmciPjwvc3ZnPg==\" data-src=\"http:\/\/einsiedel-architekten.de\/cms\/wp-content\/uploads\/2019\/11\/staatskanzlei-saal-1457x1920.jpg\" data-srcset=\"http:\/\/einsiedel-architekten.de\/cms\/wp-content\/uploads\/2019\/11\/staatskanzlei-saal-1457x1920.jpg 1457w, http:\/\/einsiedel-architekten.de\/cms\/wp-content\/uploads\/2019\/11\/staatskanzlei-saal-228x300.jpg 228w, http:\/\/einsiedel-architekten.de\/cms\/wp-content\/uploads\/2019\/11\/staatskanzlei-saal-768x1012.jpg 768w, http:\/\/einsiedel-architekten.de\/cms\/wp-content\/uploads\/2019\/11\/staatskanzlei-saal-777x1024.jpg 777w, http:\/\/einsiedel-architekten.de\/cms\/wp-content\/uploads\/2019\/11\/staatskanzlei-saal-379x500.jpg 379w, http:\/\/einsiedel-architekten.de\/cms\/wp-content\/uploads\/2019\/11\/staatskanzlei-saal-607x800.jpg 607w, http:\/\/einsiedel-architekten.de\/cms\/wp-content\/uploads\/2019\/11\/staatskanzlei-saal-971x1280.jpg 971w, http:\/\/einsiedel-architekten.de\/cms\/wp-content\/uploads\/2019\/11\/staatskanzlei-saal-501x660.jpg 501w\" data-sizes=\"auto\" loading=\"eager\">\n\t\t<\/a>\t<\/div>\n<\/div>\n\t<div class=\"vp-portfolio__item-overlay\">\n\t\t\t<a\n\t\thref=\"http:\/\/einsiedel-architekten.de\/cms\/wp-content\/uploads\/2019\/11\/staatskanzlei-saal-1457x1920.jpg\"\n\t\ttabindex=\"-1\" class=\"vp-portfolio__item-meta\" aria-label=\"staatskanzlei saal\" \t data-rel=\"lightbox-image-11\" data-rl_title=\"\" data-rl_caption=\"\" title=\"\">\n\t\t\t<\/a>\t<\/div>\n\t\t\t\t<\/figure>\n\t\t\t\t\t<\/div>\n\t\t\n\t\t<div\t\tclass=\"vp-portfolio__item-wrap vp-portfolio__item-uid-dd85b4e1\" data-vp-filter=\"\" \t\t>\n\t\t\t<template class=\"vp-portfolio__item-popup\" data-vp-popup-img=\"http:\/\/einsiedel-architekten.de\/cms\/wp-content\/uploads\/2019\/11\/staatskanzlei-gang-ug.jpg\" data-vp-popup-img-srcset=\"http:\/\/einsiedel-architekten.de\/cms\/wp-content\/uploads\/2019\/11\/staatskanzlei-gang-ug.jpg 1681w, http:\/\/einsiedel-architekten.de\/cms\/wp-content\/uploads\/2019\/11\/staatskanzlei-gang-ug-300x196.jpg 300w, http:\/\/einsiedel-architekten.de\/cms\/wp-content\/uploads\/2019\/11\/staatskanzlei-gang-ug-768x501.jpg 768w, http:\/\/einsiedel-architekten.de\/cms\/wp-content\/uploads\/2019\/11\/staatskanzlei-gang-ug-1024x668.jpg 1024w, http:\/\/einsiedel-architekten.de\/cms\/wp-content\/uploads\/2019\/11\/staatskanzlei-gang-ug-500x326.jpg 500w, http:\/\/einsiedel-architekten.de\/cms\/wp-content\/uploads\/2019\/11\/staatskanzlei-gang-ug-800x522.jpg 800w, http:\/\/einsiedel-architekten.de\/cms\/wp-content\/uploads\/2019\/11\/staatskanzlei-gang-ug-1280x835.jpg 1280w, http:\/\/einsiedel-architekten.de\/cms\/wp-content\/uploads\/2019\/11\/staatskanzlei-gang-ug-1012x660.jpg 1012w\" data-vp-popup-img-size=\"1681x1096\" data-vp-popup-md-img=\"http:\/\/einsiedel-architekten.de\/cms\/wp-content\/uploads\/2019\/11\/staatskanzlei-gang-ug-800x522.jpg\" data-vp-popup-md-img-size=\"800x522\" data-vp-popup-sm-img=\"http:\/\/einsiedel-architekten.de\/cms\/wp-content\/uploads\/2019\/11\/staatskanzlei-gang-ug-500x326.jpg\" data-vp-popup-sm-img-size=\"500x326\">\n\t<\/template>\n\t\t\t\t\t\t<figure class=\"vp-portfolio__item\">\n\t\t\t\t\n<div class=\"vp-portfolio__item-img-wrap\">\n\t<div class=\"vp-portfolio__item-img\">\n\t\t\t<a\n\t\thref=\"http:\/\/einsiedel-architekten.de\/cms\/wp-content\/uploads\/2019\/11\/staatskanzlei-gang-ug.jpg\"\n\t\taria-label=\"staatskanzlei gang ug\" \t data-rel=\"lightbox-image-12\" data-rl_title=\"\" data-rl_caption=\"\" title=\"\">\n\t\n\t\t<noscript><img loading=\"lazy\" decoding=\"async\" width=\"1681\" height=\"1096\" data-skip-lazy src=\"http:\/\/einsiedel-architekten.de\/cms\/wp-content\/uploads\/2019\/11\/staatskanzlei-gang-ug.jpg\" class=\"wp-image-713\" alt=\"\" srcset=\"http:\/\/einsiedel-architekten.de\/cms\/wp-content\/uploads\/2019\/11\/staatskanzlei-gang-ug.jpg 1681w, http:\/\/einsiedel-architekten.de\/cms\/wp-content\/uploads\/2019\/11\/staatskanzlei-gang-ug-300x196.jpg 300w, http:\/\/einsiedel-architekten.de\/cms\/wp-content\/uploads\/2019\/11\/staatskanzlei-gang-ug-768x501.jpg 768w, http:\/\/einsiedel-architekten.de\/cms\/wp-content\/uploads\/2019\/11\/staatskanzlei-gang-ug-1024x668.jpg 1024w, http:\/\/einsiedel-architekten.de\/cms\/wp-content\/uploads\/2019\/11\/staatskanzlei-gang-ug-500x326.jpg 500w, http:\/\/einsiedel-architekten.de\/cms\/wp-content\/uploads\/2019\/11\/staatskanzlei-gang-ug-800x522.jpg 800w, http:\/\/einsiedel-architekten.de\/cms\/wp-content\/uploads\/2019\/11\/staatskanzlei-gang-ug-1280x835.jpg 1280w, http:\/\/einsiedel-architekten.de\/cms\/wp-content\/uploads\/2019\/11\/staatskanzlei-gang-ug-1012x660.jpg 1012w\" sizes=\"auto, (max-width: 1681px) 100vw, 1681px\" \/><\/noscript><img decoding=\"async\" width=\"1681\" height=\"1096\" src=\"http:\/\/einsiedel-architekten.de\/cms\/wp-content\/uploads\/2019\/11\/staatskanzlei-gang-ug.jpg\" class=\"wp-image-713 vp-lazyload\" alt srcset=\"data:image\/svg+xml;base64,PHN2ZyB3aWR0aD0iMTY4MSIgaGVpZ2h0PSIxMDk2IiB2aWV3Qm94PSIwIDAgMTY4MSAxMDk2IiBmaWxsPSJub25lIiB4bWxucz0iaHR0cDovL3d3dy53My5vcmcvMjAwMC9zdmciPjwvc3ZnPg==\" data-src=\"http:\/\/einsiedel-architekten.de\/cms\/wp-content\/uploads\/2019\/11\/staatskanzlei-gang-ug.jpg\" data-srcset=\"http:\/\/einsiedel-architekten.de\/cms\/wp-content\/uploads\/2019\/11\/staatskanzlei-gang-ug.jpg 1681w, http:\/\/einsiedel-architekten.de\/cms\/wp-content\/uploads\/2019\/11\/staatskanzlei-gang-ug-300x196.jpg 300w, http:\/\/einsiedel-architekten.de\/cms\/wp-content\/uploads\/2019\/11\/staatskanzlei-gang-ug-768x501.jpg 768w, http:\/\/einsiedel-architekten.de\/cms\/wp-content\/uploads\/2019\/11\/staatskanzlei-gang-ug-1024x668.jpg 1024w, http:\/\/einsiedel-architekten.de\/cms\/wp-content\/uploads\/2019\/11\/staatskanzlei-gang-ug-500x326.jpg 500w, http:\/\/einsiedel-architekten.de\/cms\/wp-content\/uploads\/2019\/11\/staatskanzlei-gang-ug-800x522.jpg 800w, http:\/\/einsiedel-architekten.de\/cms\/wp-content\/uploads\/2019\/11\/staatskanzlei-gang-ug-1280x835.jpg 1280w, http:\/\/einsiedel-architekten.de\/cms\/wp-content\/uploads\/2019\/11\/staatskanzlei-gang-ug-1012x660.jpg 1012w\" data-sizes=\"auto\" loading=\"eager\">\n\t\t<\/a>\t<\/div>\n<\/div>\n\t<div class=\"vp-portfolio__item-overlay\">\n\t\t\t<a\n\t\thref=\"http:\/\/einsiedel-architekten.de\/cms\/wp-content\/uploads\/2019\/11\/staatskanzlei-gang-ug.jpg\"\n\t\ttabindex=\"-1\" class=\"vp-portfolio__item-meta\" aria-label=\"staatskanzlei gang ug\" \t data-rel=\"lightbox-image-13\" data-rl_title=\"\" data-rl_caption=\"\" title=\"\">\n\t\t\t<\/a>\t<\/div>\n\t\t\t\t<\/figure>\n\t\t\t\t\t<\/div>\n\t\t\n\t\t<div\t\tclass=\"vp-portfolio__item-wrap vp-portfolio__item-uid-fb5d4627\" data-vp-filter=\"\" \t\t>\n\t\t\t<template class=\"vp-portfolio__item-popup\" data-vp-popup-img=\"http:\/\/einsiedel-architekten.de\/cms\/wp-content\/uploads\/2019\/11\/staatskanzlei-gang-1243x1920.jpg\" data-vp-popup-img-srcset=\"http:\/\/einsiedel-architekten.de\/cms\/wp-content\/uploads\/2019\/11\/staatskanzlei-gang-1243x1920.jpg 1243w, http:\/\/einsiedel-architekten.de\/cms\/wp-content\/uploads\/2019\/11\/staatskanzlei-gang-194x300.jpg 194w, http:\/\/einsiedel-architekten.de\/cms\/wp-content\/uploads\/2019\/11\/staatskanzlei-gang-768x1187.jpg 768w, http:\/\/einsiedel-architekten.de\/cms\/wp-content\/uploads\/2019\/11\/staatskanzlei-gang-663x1024.jpg 663w, http:\/\/einsiedel-architekten.de\/cms\/wp-content\/uploads\/2019\/11\/staatskanzlei-gang-324x500.jpg 324w, http:\/\/einsiedel-architekten.de\/cms\/wp-content\/uploads\/2019\/11\/staatskanzlei-gang-518x800.jpg 518w, http:\/\/einsiedel-architekten.de\/cms\/wp-content\/uploads\/2019\/11\/staatskanzlei-gang-828x1280.jpg 828w, http:\/\/einsiedel-architekten.de\/cms\/wp-content\/uploads\/2019\/11\/staatskanzlei-gang-427x660.jpg 427w\" data-vp-popup-img-size=\"1243x1920\" data-vp-popup-md-img=\"http:\/\/einsiedel-architekten.de\/cms\/wp-content\/uploads\/2019\/11\/staatskanzlei-gang-518x800.jpg\" data-vp-popup-md-img-size=\"518x800\" data-vp-popup-sm-img=\"http:\/\/einsiedel-architekten.de\/cms\/wp-content\/uploads\/2019\/11\/staatskanzlei-gang-324x500.jpg\" data-vp-popup-sm-img-size=\"324x500\">\n\t<\/template>\n\t\t\t\t\t\t<figure class=\"vp-portfolio__item\">\n\t\t\t\t\n<div class=\"vp-portfolio__item-img-wrap\">\n\t<div class=\"vp-portfolio__item-img\">\n\t\t\t<a\n\t\thref=\"http:\/\/einsiedel-architekten.de\/cms\/wp-content\/uploads\/2019\/11\/staatskanzlei-gang-1243x1920.jpg\"\n\t\taria-label=\"staatskanzlei gang\" \t data-rel=\"lightbox-image-14\" data-rl_title=\"\" data-rl_caption=\"\" title=\"\">\n\t\n\t\t<noscript><img loading=\"lazy\" decoding=\"async\" width=\"1243\" height=\"1920\" data-skip-lazy src=\"http:\/\/einsiedel-architekten.de\/cms\/wp-content\/uploads\/2019\/11\/staatskanzlei-gang-1243x1920.jpg\" class=\"wp-image-714\" alt=\"\" srcset=\"http:\/\/einsiedel-architekten.de\/cms\/wp-content\/uploads\/2019\/11\/staatskanzlei-gang-1243x1920.jpg 1243w, http:\/\/einsiedel-architekten.de\/cms\/wp-content\/uploads\/2019\/11\/staatskanzlei-gang-194x300.jpg 194w, http:\/\/einsiedel-architekten.de\/cms\/wp-content\/uploads\/2019\/11\/staatskanzlei-gang-768x1187.jpg 768w, http:\/\/einsiedel-architekten.de\/cms\/wp-content\/uploads\/2019\/11\/staatskanzlei-gang-663x1024.jpg 663w, http:\/\/einsiedel-architekten.de\/cms\/wp-content\/uploads\/2019\/11\/staatskanzlei-gang-324x500.jpg 324w, http:\/\/einsiedel-architekten.de\/cms\/wp-content\/uploads\/2019\/11\/staatskanzlei-gang-518x800.jpg 518w, http:\/\/einsiedel-architekten.de\/cms\/wp-content\/uploads\/2019\/11\/staatskanzlei-gang-828x1280.jpg 828w, http:\/\/einsiedel-architekten.de\/cms\/wp-content\/uploads\/2019\/11\/staatskanzlei-gang-427x660.jpg 427w\" sizes=\"auto, (max-width: 1243px) 100vw, 1243px\" \/><\/noscript><img decoding=\"async\" width=\"1243\" height=\"1920\" src=\"http:\/\/einsiedel-architekten.de\/cms\/wp-content\/uploads\/2019\/11\/staatskanzlei-gang-1243x1920.jpg\" class=\"wp-image-714 vp-lazyload\" alt srcset=\"data:image\/svg+xml;base64,PHN2ZyB3aWR0aD0iMTI0MyIgaGVpZ2h0PSIxOTIwIiB2aWV3Qm94PSIwIDAgMTI0MyAxOTIwIiBmaWxsPSJub25lIiB4bWxucz0iaHR0cDovL3d3dy53My5vcmcvMjAwMC9zdmciPjwvc3ZnPg==\" data-src=\"http:\/\/einsiedel-architekten.de\/cms\/wp-content\/uploads\/2019\/11\/staatskanzlei-gang-1243x1920.jpg\" data-srcset=\"http:\/\/einsiedel-architekten.de\/cms\/wp-content\/uploads\/2019\/11\/staatskanzlei-gang-1243x1920.jpg 1243w, http:\/\/einsiedel-architekten.de\/cms\/wp-content\/uploads\/2019\/11\/staatskanzlei-gang-194x300.jpg 194w, http:\/\/einsiedel-architekten.de\/cms\/wp-content\/uploads\/2019\/11\/staatskanzlei-gang-768x1187.jpg 768w, http:\/\/einsiedel-architekten.de\/cms\/wp-content\/uploads\/2019\/11\/staatskanzlei-gang-663x1024.jpg 663w, http:\/\/einsiedel-architekten.de\/cms\/wp-content\/uploads\/2019\/11\/staatskanzlei-gang-324x500.jpg 324w, http:\/\/einsiedel-architekten.de\/cms\/wp-content\/uploads\/2019\/11\/staatskanzlei-gang-518x800.jpg 518w, http:\/\/einsiedel-architekten.de\/cms\/wp-content\/uploads\/2019\/11\/staatskanzlei-gang-828x1280.jpg 828w, http:\/\/einsiedel-architekten.de\/cms\/wp-content\/uploads\/2019\/11\/staatskanzlei-gang-427x660.jpg 427w\" data-sizes=\"auto\" loading=\"eager\">\n\t\t<\/a>\t<\/div>\n<\/div>\n\t<div class=\"vp-portfolio__item-overlay\">\n\t\t\t<a\n\t\thref=\"http:\/\/einsiedel-architekten.de\/cms\/wp-content\/uploads\/2019\/11\/staatskanzlei-gang-1243x1920.jpg\"\n\t\ttabindex=\"-1\" class=\"vp-portfolio__item-meta\" aria-label=\"staatskanzlei gang\" \t data-rel=\"lightbox-image-15\" data-rl_title=\"\" data-rl_caption=\"\" title=\"\">\n\t\t\t<\/a>\t<\/div>\n\t\t\t\t<\/figure>\n\t\t\t\t\t<\/div>\n\t\t\n\t\t<div\t\tclass=\"vp-portfolio__item-wrap vp-portfolio__item-uid-4d30375d\" data-vp-filter=\"\" \t\t>\n\t\t\t<template class=\"vp-portfolio__item-popup\" data-vp-popup-img=\"http:\/\/einsiedel-architekten.de\/cms\/wp-content\/uploads\/2019\/11\/staatskanzlei-innenhof-1263x1920.jpg\" data-vp-popup-img-srcset=\"http:\/\/einsiedel-architekten.de\/cms\/wp-content\/uploads\/2019\/11\/staatskanzlei-innenhof-1263x1920.jpg 1263w, http:\/\/einsiedel-architekten.de\/cms\/wp-content\/uploads\/2019\/11\/staatskanzlei-innenhof-197x300.jpg 197w, http:\/\/einsiedel-architekten.de\/cms\/wp-content\/uploads\/2019\/11\/staatskanzlei-innenhof-768x1167.jpg 768w, http:\/\/einsiedel-architekten.de\/cms\/wp-content\/uploads\/2019\/11\/staatskanzlei-innenhof-674x1024.jpg 674w, http:\/\/einsiedel-architekten.de\/cms\/wp-content\/uploads\/2019\/11\/staatskanzlei-innenhof-329x500.jpg 329w, http:\/\/einsiedel-architekten.de\/cms\/wp-content\/uploads\/2019\/11\/staatskanzlei-innenhof-526x800.jpg 526w, http:\/\/einsiedel-architekten.de\/cms\/wp-content\/uploads\/2019\/11\/staatskanzlei-innenhof-842x1280.jpg 842w, http:\/\/einsiedel-architekten.de\/cms\/wp-content\/uploads\/2019\/11\/staatskanzlei-innenhof-434x660.jpg 434w\" data-vp-popup-img-size=\"1263x1920\" data-vp-popup-md-img=\"http:\/\/einsiedel-architekten.de\/cms\/wp-content\/uploads\/2019\/11\/staatskanzlei-innenhof-526x800.jpg\" data-vp-popup-md-img-size=\"526x800\" data-vp-popup-sm-img=\"http:\/\/einsiedel-architekten.de\/cms\/wp-content\/uploads\/2019\/11\/staatskanzlei-innenhof-329x500.jpg\" data-vp-popup-sm-img-size=\"329x500\">\n\t<\/template>\n\t\t\t\t\t\t<figure class=\"vp-portfolio__item\">\n\t\t\t\t\n<div class=\"vp-portfolio__item-img-wrap\">\n\t<div class=\"vp-portfolio__item-img\">\n\t\t\t<a\n\t\thref=\"http:\/\/einsiedel-architekten.de\/cms\/wp-content\/uploads\/2019\/11\/staatskanzlei-innenhof-1263x1920.jpg\"\n\t\taria-label=\"staatskanzlei innenhof\" \t data-rel=\"lightbox-image-16\" data-rl_title=\"\" data-rl_caption=\"\" title=\"\">\n\t\n\t\t<noscript><img loading=\"lazy\" decoding=\"async\" width=\"1263\" height=\"1920\" data-skip-lazy src=\"http:\/\/einsiedel-architekten.de\/cms\/wp-content\/uploads\/2019\/11\/staatskanzlei-innenhof-1263x1920.jpg\" class=\"wp-image-716\" alt=\"\" srcset=\"http:\/\/einsiedel-architekten.de\/cms\/wp-content\/uploads\/2019\/11\/staatskanzlei-innenhof-1263x1920.jpg 1263w, http:\/\/einsiedel-architekten.de\/cms\/wp-content\/uploads\/2019\/11\/staatskanzlei-innenhof-197x300.jpg 197w, http:\/\/einsiedel-architekten.de\/cms\/wp-content\/uploads\/2019\/11\/staatskanzlei-innenhof-768x1167.jpg 768w, http:\/\/einsiedel-architekten.de\/cms\/wp-content\/uploads\/2019\/11\/staatskanzlei-innenhof-674x1024.jpg 674w, http:\/\/einsiedel-architekten.de\/cms\/wp-content\/uploads\/2019\/11\/staatskanzlei-innenhof-329x500.jpg 329w, http:\/\/einsiedel-architekten.de\/cms\/wp-content\/uploads\/2019\/11\/staatskanzlei-innenhof-526x800.jpg 526w, http:\/\/einsiedel-architekten.de\/cms\/wp-content\/uploads\/2019\/11\/staatskanzlei-innenhof-842x1280.jpg 842w, http:\/\/einsiedel-architekten.de\/cms\/wp-content\/uploads\/2019\/11\/staatskanzlei-innenhof-434x660.jpg 434w\" sizes=\"auto, (max-width: 1263px) 100vw, 1263px\" \/><\/noscript><img decoding=\"async\" width=\"1263\" height=\"1920\" src=\"http:\/\/einsiedel-architekten.de\/cms\/wp-content\/uploads\/2019\/11\/staatskanzlei-innenhof-1263x1920.jpg\" class=\"wp-image-716 vp-lazyload\" alt srcset=\"data:image\/svg+xml;base64,PHN2ZyB3aWR0aD0iMTI2MyIgaGVpZ2h0PSIxOTIwIiB2aWV3Qm94PSIwIDAgMTI2MyAxOTIwIiBmaWxsPSJub25lIiB4bWxucz0iaHR0cDovL3d3dy53My5vcmcvMjAwMC9zdmciPjwvc3ZnPg==\" data-src=\"http:\/\/einsiedel-architekten.de\/cms\/wp-content\/uploads\/2019\/11\/staatskanzlei-innenhof-1263x1920.jpg\" data-srcset=\"http:\/\/einsiedel-architekten.de\/cms\/wp-content\/uploads\/2019\/11\/staatskanzlei-innenhof-1263x1920.jpg 1263w, http:\/\/einsiedel-architekten.de\/cms\/wp-content\/uploads\/2019\/11\/staatskanzlei-innenhof-197x300.jpg 197w, http:\/\/einsiedel-architekten.de\/cms\/wp-content\/uploads\/2019\/11\/staatskanzlei-innenhof-768x1167.jpg 768w, http:\/\/einsiedel-architekten.de\/cms\/wp-content\/uploads\/2019\/11\/staatskanzlei-innenhof-674x1024.jpg 674w, http:\/\/einsiedel-architekten.de\/cms\/wp-content\/uploads\/2019\/11\/staatskanzlei-innenhof-329x500.jpg 329w, http:\/\/einsiedel-architekten.de\/cms\/wp-content\/uploads\/2019\/11\/staatskanzlei-innenhof-526x800.jpg 526w, http:\/\/einsiedel-architekten.de\/cms\/wp-content\/uploads\/2019\/11\/staatskanzlei-innenhof-842x1280.jpg 842w, http:\/\/einsiedel-architekten.de\/cms\/wp-content\/uploads\/2019\/11\/staatskanzlei-innenhof-434x660.jpg 434w\" data-sizes=\"auto\" loading=\"eager\">\n\t\t<\/a>\t<\/div>\n<\/div>\n\t<div class=\"vp-portfolio__item-overlay\">\n\t\t\t<a\n\t\thref=\"http:\/\/einsiedel-architekten.de\/cms\/wp-content\/uploads\/2019\/11\/staatskanzlei-innenhof-1263x1920.jpg\"\n\t\ttabindex=\"-1\" class=\"vp-portfolio__item-meta\" aria-label=\"staatskanzlei innenhof\" \t data-rel=\"lightbox-image-17\" data-rl_title=\"\" data-rl_caption=\"\" title=\"\">\n\t\t\t<\/a>\t<\/div>\n\t\t\t\t<\/figure>\n\t\t\t\t\t<\/div>\n\t\t\n<\/div>\n\n<div class=\"vp-portfolio__items-arrow vp-portfolio__items-arrow-prev\" tabindex=\"0\" role=\"button\" aria-label=\"Previous Slide\">\n\t\n<svg class=\"vp-svg-icon\" width=\"20\" height=\"20\" viewBox=\"0 0 20 20\" fill=\"none\" xmlns=\"http:\/\/www.w3.org\/2000\/svg\">\n\t<path d=\"M12 4L6 10L12 16\" stroke=\"currentColor\" stroke-width=\"1.5\" stroke-linecap=\"round\" stroke-linejoin=\"round\" fill=\"transparent\" \/>\n<\/svg>\n<\/div>\n<div class=\"vp-portfolio__items-arrow vp-portfolio__items-arrow-next\" tabindex=\"0\" role=\"button\" aria-label=\"Next Slide\">\n\t\n<svg class=\"vp-svg-icon\" width=\"20\" height=\"20\" viewBox=\"0 0 20 20\" fill=\"none\" xmlns=\"http:\/\/www.w3.org\/2000\/svg\">\n\t<path d=\"M8 4L14 10L8 16\" stroke=\"currentColor\" stroke-width=\"1.5\" stroke-linecap=\"round\" stroke-linejoin=\"round\" fill=\"transparent\" \/>\n<\/svg>\n<\/div>\n\n<div class=\"vp-portfolio__items-bullets\"><\/div>\n\t\t<\/div>\n\t\t\n<\/div>\n<\/div>\n\n\n\n<p><\/p>\n\n\n\n<p style=\"color:#dd890b\" class=\"has-text-color\">S\u00c4CHSISCHE STAATSKANZLEI<br>Archivstra\u00dfe 1, 01097 Dresden <br>Restaurierung und Modernisierung Ministerialgeb\u00e4ude Archivstr. Dresden \/ S\u00e4chs. Staatskanzlei <br><br><\/p>\n\n\n\n<p>ECKDATEN<br>Bauherr Staatshochbauamt Dresden I<br>ab 1996 LP 3+5 f\u00fcr Teilbereiche u. k\u00fcnstlerische Gesamtleitung<br>von Einsiedel Haeffner Architekten, Dresden; LP 1-8 AIT GmbH<br>Planungs- und Bauzeit 1992-99<br>BGF 39.800 qm, HNF 13.650 qm, BRI 219.900 cbm<br>Baukosten KG 300-500 1.BA 5,1 Mio EUR, 2.BA 46,1 Mio EUR<br><br><\/p>\n\n\n\n<p>Als st\u00e4dtebauliches Pendant zum Finanzministerium wurde das Ministerialgeb\u00e4ude vom Architekten Edmund Waldow geplant und 1904 von drei Ministerien bezogen. 1945 wurde es teilweise kriegsbesch\u00e4digt, war Sitz des Bezirkstags und Rat des Bezirks bis zur Wende, ab 1991 S\u00e4chsische Staatskanzlei.<\/p>\n\n\n\n<p>Umbauphase 1992 &#8211; 93 Sicherung und Reparatur<br> Dringenden Reparatur- und Sicherungsarbeiten an der Geb\u00e4udeau\u00dfenhaut und provisorischen Erg\u00e4nzung haustechnischer Anlagen <\/p>\n\n\n\n<p>Umbauphase 1994 &#8211; 99 Restaurierung u. Modernisierung<br> Aufarbeitung der strassenseitigen Sandstein- und hofseitigen Klinkerfassade und der vielen noch vorhandenen historischen Interieurs, umfassende Modernisierung der Geb\u00e4udetechnik, behutsamer Umbau an wenigen Stellen, Erg\u00e4nzung mit neuen Bauelementen wo unbedingt erforderlich ( Vertikalerschlie\u00dfung \/ Aufz\u00fcge; Verbindung Geb\u00e4udefl\u00fcgel auf Ebene Dachgescho\u00dfe; Besprechungs- u. Schulungsr\u00e4ume, Bibliothek,Pressezentrum, Cafeteria; Brandschutz, Lichtplanung )<\/p>\n\n\n\n<p>Farbfassung und Beleuchtung der Halle<br> Wiederherstellung der originalen Fassung nach restauratorischen <br> Befunden neuer h\u00f6henverstellbarer und steuerbarer Leuchter f\u00fcr verschiedene Nutzungs-\/ Lichtszenarien <\/p>\n\n\n\n<p>Treppenhaus Ost <br> Reparatur und Erg\u00e4nzung Natursteintreppen und -gel\u00e4nder Rekonstruktion der Wandpaneele aus Sandstein<\/p>\n\n\n\n<p>Wandmalereien von O.Gussmann im Gro\u00dfen Sitzungssaal<br> seltenes Zeugnis des Dresdner Jugendstils; Freilegung, Konservierung und Erg\u00e4nzung der Bemalung im Sinn einer einheitlichen Raumwirkung<\/p>\n\n\n\n<p>Kleiner Kabinettsitzungssaal<br> keine Rekonstruktion Deckenstuck; Aufarbeitung der h\u00f6lzernen Wandvert\u00e4felungen; neuer Leuchter dem Jugendstilleuchter strukturell nachempfunden<\/p>\n\n\n\n<p>Pressezentrum im EG \/ ehem. Stenobibliothek <br> historische Raumgestalt mit Kreuzgew\u00f6lben bleibt unangetastet; Medien- und Klimatechnik in lamellenverkleideten Schr\u00e4nken, <br> Strahler und Monitore an demontablen Auslegern<br><\/p>\n\n\n\n<p>Cafeteria<br> Umbau ehemaliger Kassenr\u00e4ume im UG durch Reduzierung von W\u00e4nden auf Scheiben zu gegliedertem Raumzusammenhang<\/p>\n","protected":false},"excerpt":{"rendered":"<p>S\u00c4CHSISCHE STAATSKANZLEIArchivstra\u00dfe 1, 01097 Dresden Restaurierung und Modernisierung Ministerialgeb\u00e4ude Archivstr. Dresden \/ S\u00e4chs. Staatskanzlei ECKDATENBauherr Staatshochbauamt Dresden Iab 1996 LP 3+5 f\u00fcr Teilbereiche u. k\u00fcnstlerische Gesamtleitungvon Einsiedel Haeffner Architekten, Dresden; LP 1-8 AIT GmbHPlanungs- und Bauzeit 1992-99BGF 39.800 qm, HNF 13.650 qm, BRI 219.900 cbmBaukosten KG 300-500 1.BA 5,1 Mio EUR, 2.BA 46,1 Mio EUR [&hellip;]<\/p>\n","protected":false},"author":2,"featured_media":0,"parent":0,"menu_order":0,"comment_status":"closed","ping_status":"closed","template":"","meta":{"_vp_format_video_url":"","_vp_image_focal_point":[],"footnotes":""},"folder":[5],"class_list":["post-709","page","type-page","status-publish","hentry"],"_links":{"self":[{"href":"http:\/\/einsiedel-architekten.de\/cms\/wp-json\/wp\/v2\/pages\/709","targetHints":{"allow":["GET"]}}],"collection":[{"href":"http:\/\/einsiedel-architekten.de\/cms\/wp-json\/wp\/v2\/pages"}],"about":[{"href":"http:\/\/einsiedel-architekten.de\/cms\/wp-json\/wp\/v2\/types\/page"}],"author":[{"embeddable":true,"href":"http:\/\/einsiedel-architekten.de\/cms\/wp-json\/wp\/v2\/users\/2"}],"replies":[{"embeddable":true,"href":"http:\/\/einsiedel-architekten.de\/cms\/wp-json\/wp\/v2\/comments?post=709"}],"version-history":[{"count":9,"href":"http:\/\/einsiedel-architekten.de\/cms\/wp-json\/wp\/v2\/pages\/709\/revisions"}],"predecessor-version":[{"id":1397,"href":"http:\/\/einsiedel-architekten.de\/cms\/wp-json\/wp\/v2\/pages\/709\/revisions\/1397"}],"wp:attachment":[{"href":"http:\/\/einsiedel-architekten.de\/cms\/wp-json\/wp\/v2\/media?parent=709"}],"wp:term":[{"taxonomy":"folder","embeddable":true,"href":"http:\/\/einsiedel-architekten.de\/cms\/wp-json\/wp\/v2\/folder?post=709"}],"curies":[{"name":"wp","href":"https:\/\/api.w.org\/{rel}","templated":true}]}}