{"id":693,"date":"2019-11-12T15:55:01","date_gmt":"2019-11-12T14:55:01","guid":{"rendered":"http:\/\/einsiedel-architekten.de\/cms\/?page_id=693"},"modified":"2019-11-20T16:14:22","modified_gmt":"2019-11-20T15:14:22","slug":"dwh","status":"publish","type":"page","link":"http:\/\/einsiedel-architekten.de\/cms\/dwh\/","title":{"rendered":"2001 dwh, dresden"},"content":{"rendered":"\n<div class=\"wp-block-nk-visual-portfolio\">\n<div class=\"vp-portfolio vp-uid-11029063 vp-id-695 \"\n\tdata-vp-layout=\"slider\" data-vp-content-source=\"images\" data-vp-items-style=\"fly\" data-vp-items-click-action=\"popup_gallery\" data-vp-items-gap=\"15\" data-vp-items-gap-vertical=\"\" data-vp-pagination=\"load-more\" data-vp-next-page-url=\"\" data-vp-slider-effect=\"slide\" data-vp-slider-items-height=\"80%\" data-vp-slider-items-min-height=\"\" data-vp-slider-slides-per-view=\"2\" data-vp-slider-speed=\"1.5\" data-vp-slider-autoplay=\"4\" data-vp-slider-autoplay-hover-pause=\"false\" data-vp-slider-centered-slides=\"true\" data-vp-slider-loop=\"false\" data-vp-slider-free-mode=\"false\" data-vp-slider-free-mode-sticky=\"false\" data-vp-slider-arrows=\"true\" data-vp-slider-bullets=\"true\" data-vp-slider-bullets-dynamic=\"false\" data-vp-slider-mousewheel=\"false\" data-vp-slider-thumbnails=\"false\" >\n\t<div class=\"vp-portfolio__preloader-wrap\">\n\t\t<div class=\"vp-portfolio__preloader\">\n\t\t\t<img decoding=\"async\" loading=\"eager\" src=\"http:\/\/einsiedel-architekten.de\/cms\/wp-content\/plugins\/visual-portfolio\/assets\/images\/logo-dark.svg\" alt=\"Visual Portfolio, Posts &amp; Image Gallery for WordPress\" width=\"20\" height=\"20\" data-skip-lazy>\n\t\t<\/div>\n\t<\/div>\n\t\t<div class=\"vp-portfolio__items-wrap\">\n\t\t\t\n<div class=\"vp-portfolio__items vp-portfolio__items-style-fly vp-portfolio__items-show-overlay-hover\">\n\n\t\t<div\t\tclass=\"vp-portfolio__item-wrap vp-portfolio__item-uid-919f2ef3\" data-vp-filter=\"\" \t\t>\n\t\t\t<template class=\"vp-portfolio__item-popup\" data-vp-popup-img=\"http:\/\/einsiedel-architekten.de\/cms\/wp-content\/uploads\/2019\/11\/dwh-modell.jpg\" data-vp-popup-img-srcset=\"http:\/\/einsiedel-architekten.de\/cms\/wp-content\/uploads\/2019\/11\/dwh-modell.jpg 1772w, http:\/\/einsiedel-architekten.de\/cms\/wp-content\/uploads\/2019\/11\/dwh-modell-300x186.jpg 300w, http:\/\/einsiedel-architekten.de\/cms\/wp-content\/uploads\/2019\/11\/dwh-modell-768x476.jpg 768w, http:\/\/einsiedel-architekten.de\/cms\/wp-content\/uploads\/2019\/11\/dwh-modell-1024x635.jpg 1024w, http:\/\/einsiedel-architekten.de\/cms\/wp-content\/uploads\/2019\/11\/dwh-modell-500x310.jpg 500w, http:\/\/einsiedel-architekten.de\/cms\/wp-content\/uploads\/2019\/11\/dwh-modell-800x496.jpg 800w, http:\/\/einsiedel-architekten.de\/cms\/wp-content\/uploads\/2019\/11\/dwh-modell-1280x793.jpg 1280w, http:\/\/einsiedel-architekten.de\/cms\/wp-content\/uploads\/2019\/11\/dwh-modell-1065x660.jpg 1065w\" data-vp-popup-img-size=\"1772x1098\" data-vp-popup-md-img=\"http:\/\/einsiedel-architekten.de\/cms\/wp-content\/uploads\/2019\/11\/dwh-modell-800x496.jpg\" data-vp-popup-md-img-size=\"800x496\" data-vp-popup-sm-img=\"http:\/\/einsiedel-architekten.de\/cms\/wp-content\/uploads\/2019\/11\/dwh-modell-500x310.jpg\" data-vp-popup-sm-img-size=\"500x310\">\n\t\t\t<h3 class=\"vp-portfolio__item-popup-title\">2001 dwh modell<\/h3>\n\t\t<\/template>\n\t\t\t\t\t\t<figure class=\"vp-portfolio__item\">\n\t\t\t\t\n<div class=\"vp-portfolio__item-img-wrap\">\n\t<div class=\"vp-portfolio__item-img\">\n\t\t\t<a\n\t\thref=\"http:\/\/einsiedel-architekten.de\/cms\/wp-content\/uploads\/2019\/11\/dwh-modell.jpg\"\n\t\taria-label=\"dwh modell\" \t data-rel=\"lightbox-image-0\" data-rl_title=\"\" data-rl_caption=\"\" title=\"\">\n\t\n\t\t<noscript><img loading=\"lazy\" decoding=\"async\" width=\"1772\" height=\"1098\" data-skip-lazy src=\"http:\/\/einsiedel-architekten.de\/cms\/wp-content\/uploads\/2019\/11\/dwh-modell.jpg\" class=\"wp-image-706\" alt=\"\" srcset=\"http:\/\/einsiedel-architekten.de\/cms\/wp-content\/uploads\/2019\/11\/dwh-modell.jpg 1772w, http:\/\/einsiedel-architekten.de\/cms\/wp-content\/uploads\/2019\/11\/dwh-modell-300x186.jpg 300w, http:\/\/einsiedel-architekten.de\/cms\/wp-content\/uploads\/2019\/11\/dwh-modell-768x476.jpg 768w, http:\/\/einsiedel-architekten.de\/cms\/wp-content\/uploads\/2019\/11\/dwh-modell-1024x635.jpg 1024w, http:\/\/einsiedel-architekten.de\/cms\/wp-content\/uploads\/2019\/11\/dwh-modell-500x310.jpg 500w, http:\/\/einsiedel-architekten.de\/cms\/wp-content\/uploads\/2019\/11\/dwh-modell-800x496.jpg 800w, http:\/\/einsiedel-architekten.de\/cms\/wp-content\/uploads\/2019\/11\/dwh-modell-1280x793.jpg 1280w, http:\/\/einsiedel-architekten.de\/cms\/wp-content\/uploads\/2019\/11\/dwh-modell-1065x660.jpg 1065w\" sizes=\"auto, (max-width: 1772px) 100vw, 1772px\" \/><\/noscript><img fetchpriority=\"high\" decoding=\"async\" width=\"1772\" height=\"1098\" src=\"http:\/\/einsiedel-architekten.de\/cms\/wp-content\/uploads\/2019\/11\/dwh-modell.jpg\" class=\"wp-image-706 vp-lazyload\" alt srcset=\"data:image\/svg+xml;base64,PHN2ZyB3aWR0aD0iMTc3MiIgaGVpZ2h0PSIxMDk4IiB2aWV3Qm94PSIwIDAgMTc3MiAxMDk4IiBmaWxsPSJub25lIiB4bWxucz0iaHR0cDovL3d3dy53My5vcmcvMjAwMC9zdmciPjwvc3ZnPg==\" data-src=\"http:\/\/einsiedel-architekten.de\/cms\/wp-content\/uploads\/2019\/11\/dwh-modell.jpg\" data-srcset=\"http:\/\/einsiedel-architekten.de\/cms\/wp-content\/uploads\/2019\/11\/dwh-modell.jpg 1772w, http:\/\/einsiedel-architekten.de\/cms\/wp-content\/uploads\/2019\/11\/dwh-modell-300x186.jpg 300w, http:\/\/einsiedel-architekten.de\/cms\/wp-content\/uploads\/2019\/11\/dwh-modell-768x476.jpg 768w, http:\/\/einsiedel-architekten.de\/cms\/wp-content\/uploads\/2019\/11\/dwh-modell-1024x635.jpg 1024w, http:\/\/einsiedel-architekten.de\/cms\/wp-content\/uploads\/2019\/11\/dwh-modell-500x310.jpg 500w, http:\/\/einsiedel-architekten.de\/cms\/wp-content\/uploads\/2019\/11\/dwh-modell-800x496.jpg 800w, http:\/\/einsiedel-architekten.de\/cms\/wp-content\/uploads\/2019\/11\/dwh-modell-1280x793.jpg 1280w, http:\/\/einsiedel-architekten.de\/cms\/wp-content\/uploads\/2019\/11\/dwh-modell-1065x660.jpg 1065w\" data-sizes=\"auto\" loading=\"eager\">\n\t\t<\/a>\t<\/div>\n<\/div>\n\t<div class=\"vp-portfolio__item-overlay\">\n\t\t\t<a\n\t\thref=\"http:\/\/einsiedel-architekten.de\/cms\/wp-content\/uploads\/2019\/11\/dwh-modell.jpg\"\n\t\ttabindex=\"-1\" class=\"vp-portfolio__item-meta\" aria-label=\"dwh modell\" \t data-rel=\"lightbox-image-1\" data-rl_title=\"\" data-rl_caption=\"\" title=\"\">\n\t\t\t<\/a>\t<\/div>\n\t\t\t\t<\/figure>\n\t\t\t\t\t<\/div>\n\t\t\n\t\t<div\t\tclass=\"vp-portfolio__item-wrap vp-portfolio__item-uid-b747dc35\" data-vp-filter=\"\" \t\t>\n\t\t\t<template class=\"vp-portfolio__item-popup\" data-vp-popup-img=\"http:\/\/einsiedel-architekten.de\/cms\/wp-content\/uploads\/2019\/11\/dwh-grundrisse-1920x707.jpg\" data-vp-popup-img-srcset=\"http:\/\/einsiedel-architekten.de\/cms\/wp-content\/uploads\/2019\/11\/dwh-grundrisse-1920x707.jpg 1920w, http:\/\/einsiedel-architekten.de\/cms\/wp-content\/uploads\/2019\/11\/dwh-grundrisse-300x110.jpg 300w, http:\/\/einsiedel-architekten.de\/cms\/wp-content\/uploads\/2019\/11\/dwh-grundrisse-768x283.jpg 768w, http:\/\/einsiedel-architekten.de\/cms\/wp-content\/uploads\/2019\/11\/dwh-grundrisse-1024x377.jpg 1024w, http:\/\/einsiedel-architekten.de\/cms\/wp-content\/uploads\/2019\/11\/dwh-grundrisse-500x184.jpg 500w, http:\/\/einsiedel-architekten.de\/cms\/wp-content\/uploads\/2019\/11\/dwh-grundrisse-800x295.jpg 800w, http:\/\/einsiedel-architekten.de\/cms\/wp-content\/uploads\/2019\/11\/dwh-grundrisse-1280x471.jpg 1280w, http:\/\/einsiedel-architekten.de\/cms\/wp-content\/uploads\/2019\/11\/dwh-grundrisse-1170x431.jpg 1170w, http:\/\/einsiedel-architekten.de\/cms\/wp-content\/uploads\/2019\/11\/dwh-grundrisse.jpg 2080w\" data-vp-popup-img-size=\"1920x707\" data-vp-popup-md-img=\"http:\/\/einsiedel-architekten.de\/cms\/wp-content\/uploads\/2019\/11\/dwh-grundrisse-800x295.jpg\" data-vp-popup-md-img-size=\"800x295\" data-vp-popup-sm-img=\"http:\/\/einsiedel-architekten.de\/cms\/wp-content\/uploads\/2019\/11\/dwh-grundrisse-500x184.jpg\" data-vp-popup-sm-img-size=\"500x184\">\n\t\t\t<h3 class=\"vp-portfolio__item-popup-title\">2001 dwh grundrisse<\/h3>\n\t\t<\/template>\n\t\t\t\t\t\t<figure class=\"vp-portfolio__item\">\n\t\t\t\t\n<div class=\"vp-portfolio__item-img-wrap\">\n\t<div class=\"vp-portfolio__item-img\">\n\t\t\t<a\n\t\thref=\"http:\/\/einsiedel-architekten.de\/cms\/wp-content\/uploads\/2019\/11\/dwh-grundrisse-1920x707.jpg\"\n\t\taria-label=\"dwh grundrisse\" \t data-rel=\"lightbox-image-2\" data-rl_title=\"\" data-rl_caption=\"\" title=\"\">\n\t\n\t\t<noscript><img loading=\"lazy\" decoding=\"async\" width=\"1920\" height=\"707\" data-skip-lazy src=\"http:\/\/einsiedel-architekten.de\/cms\/wp-content\/uploads\/2019\/11\/dwh-grundrisse-1920x707.jpg\" class=\"wp-image-701\" alt=\"\" srcset=\"http:\/\/einsiedel-architekten.de\/cms\/wp-content\/uploads\/2019\/11\/dwh-grundrisse-1920x707.jpg 1920w, http:\/\/einsiedel-architekten.de\/cms\/wp-content\/uploads\/2019\/11\/dwh-grundrisse-300x110.jpg 300w, http:\/\/einsiedel-architekten.de\/cms\/wp-content\/uploads\/2019\/11\/dwh-grundrisse-768x283.jpg 768w, http:\/\/einsiedel-architekten.de\/cms\/wp-content\/uploads\/2019\/11\/dwh-grundrisse-1024x377.jpg 1024w, http:\/\/einsiedel-architekten.de\/cms\/wp-content\/uploads\/2019\/11\/dwh-grundrisse-500x184.jpg 500w, http:\/\/einsiedel-architekten.de\/cms\/wp-content\/uploads\/2019\/11\/dwh-grundrisse-800x295.jpg 800w, http:\/\/einsiedel-architekten.de\/cms\/wp-content\/uploads\/2019\/11\/dwh-grundrisse-1280x471.jpg 1280w, http:\/\/einsiedel-architekten.de\/cms\/wp-content\/uploads\/2019\/11\/dwh-grundrisse-1170x431.jpg 1170w, http:\/\/einsiedel-architekten.de\/cms\/wp-content\/uploads\/2019\/11\/dwh-grundrisse.jpg 2080w\" sizes=\"auto, (max-width: 1920px) 100vw, 1920px\" \/><\/noscript><img decoding=\"async\" width=\"1920\" height=\"707\" src=\"http:\/\/einsiedel-architekten.de\/cms\/wp-content\/uploads\/2019\/11\/dwh-grundrisse-1920x707.jpg\" class=\"wp-image-701 vp-lazyload\" alt srcset=\"data:image\/svg+xml;base64,PHN2ZyB3aWR0aD0iMTkyMCIgaGVpZ2h0PSI3MDciIHZpZXdCb3g9IjAgMCAxOTIwIDcwNyIgZmlsbD0ibm9uZSIgeG1sbnM9Imh0dHA6Ly93d3cudzMub3JnLzIwMDAvc3ZnIj48L3N2Zz4=\" data-src=\"http:\/\/einsiedel-architekten.de\/cms\/wp-content\/uploads\/2019\/11\/dwh-grundrisse-1920x707.jpg\" data-srcset=\"http:\/\/einsiedel-architekten.de\/cms\/wp-content\/uploads\/2019\/11\/dwh-grundrisse-1920x707.jpg 1920w, http:\/\/einsiedel-architekten.de\/cms\/wp-content\/uploads\/2019\/11\/dwh-grundrisse-300x110.jpg 300w, http:\/\/einsiedel-architekten.de\/cms\/wp-content\/uploads\/2019\/11\/dwh-grundrisse-768x283.jpg 768w, http:\/\/einsiedel-architekten.de\/cms\/wp-content\/uploads\/2019\/11\/dwh-grundrisse-1024x377.jpg 1024w, http:\/\/einsiedel-architekten.de\/cms\/wp-content\/uploads\/2019\/11\/dwh-grundrisse-500x184.jpg 500w, http:\/\/einsiedel-architekten.de\/cms\/wp-content\/uploads\/2019\/11\/dwh-grundrisse-800x295.jpg 800w, http:\/\/einsiedel-architekten.de\/cms\/wp-content\/uploads\/2019\/11\/dwh-grundrisse-1280x471.jpg 1280w, http:\/\/einsiedel-architekten.de\/cms\/wp-content\/uploads\/2019\/11\/dwh-grundrisse-1170x431.jpg 1170w, http:\/\/einsiedel-architekten.de\/cms\/wp-content\/uploads\/2019\/11\/dwh-grundrisse.jpg 2080w\" data-sizes=\"auto\" loading=\"eager\">\n\t\t<\/a>\t<\/div>\n<\/div>\n\t<div class=\"vp-portfolio__item-overlay\">\n\t\t\t<a\n\t\thref=\"http:\/\/einsiedel-architekten.de\/cms\/wp-content\/uploads\/2019\/11\/dwh-grundrisse-1920x707.jpg\"\n\t\ttabindex=\"-1\" class=\"vp-portfolio__item-meta\" aria-label=\"dwh grundrisse\" \t data-rel=\"lightbox-image-3\" data-rl_title=\"\" data-rl_caption=\"\" title=\"\">\n\t\t\t<\/a>\t<\/div>\n\t\t\t\t<\/figure>\n\t\t\t\t\t<\/div>\n\t\t\n\t\t<div\t\tclass=\"vp-portfolio__item-wrap vp-portfolio__item-uid-4c91d6ee\" data-vp-filter=\"\" \t\t>\n\t\t\t<template class=\"vp-portfolio__item-popup\" data-vp-popup-img=\"http:\/\/einsiedel-architekten.de\/cms\/wp-content\/uploads\/2019\/11\/dwh-ansichten-1920x796.jpg\" data-vp-popup-img-srcset=\"http:\/\/einsiedel-architekten.de\/cms\/wp-content\/uploads\/2019\/11\/dwh-ansichten-1920x796.jpg 1920w, http:\/\/einsiedel-architekten.de\/cms\/wp-content\/uploads\/2019\/11\/dwh-ansichten-300x124.jpg 300w, http:\/\/einsiedel-architekten.de\/cms\/wp-content\/uploads\/2019\/11\/dwh-ansichten-768x318.jpg 768w, http:\/\/einsiedel-architekten.de\/cms\/wp-content\/uploads\/2019\/11\/dwh-ansichten-1024x424.jpg 1024w, http:\/\/einsiedel-architekten.de\/cms\/wp-content\/uploads\/2019\/11\/dwh-ansichten-500x207.jpg 500w, http:\/\/einsiedel-architekten.de\/cms\/wp-content\/uploads\/2019\/11\/dwh-ansichten-800x332.jpg 800w, http:\/\/einsiedel-architekten.de\/cms\/wp-content\/uploads\/2019\/11\/dwh-ansichten-1280x531.jpg 1280w, http:\/\/einsiedel-architekten.de\/cms\/wp-content\/uploads\/2019\/11\/dwh-ansichten-1170x485.jpg 1170w\" data-vp-popup-img-size=\"1920x796\" data-vp-popup-md-img=\"http:\/\/einsiedel-architekten.de\/cms\/wp-content\/uploads\/2019\/11\/dwh-ansichten-800x332.jpg\" data-vp-popup-md-img-size=\"800x332\" data-vp-popup-sm-img=\"http:\/\/einsiedel-architekten.de\/cms\/wp-content\/uploads\/2019\/11\/dwh-ansichten-500x207.jpg\" data-vp-popup-sm-img-size=\"500x207\">\n\t\t\t<h3 class=\"vp-portfolio__item-popup-title\">2001 dwh ansichten<\/h3>\n\t\t<\/template>\n\t\t\t\t\t\t<figure class=\"vp-portfolio__item\">\n\t\t\t\t\n<div class=\"vp-portfolio__item-img-wrap\">\n\t<div class=\"vp-portfolio__item-img\">\n\t\t\t<a\n\t\thref=\"http:\/\/einsiedel-architekten.de\/cms\/wp-content\/uploads\/2019\/11\/dwh-ansichten-1920x796.jpg\"\n\t\taria-label=\"dwh ansichten\" \t data-rel=\"lightbox-image-4\" data-rl_title=\"\" data-rl_caption=\"\" title=\"\">\n\t\n\t\t<noscript><img loading=\"lazy\" decoding=\"async\" width=\"1920\" height=\"796\" data-skip-lazy src=\"http:\/\/einsiedel-architekten.de\/cms\/wp-content\/uploads\/2019\/11\/dwh-ansichten-1920x796.jpg\" class=\"wp-image-707\" alt=\"\" srcset=\"http:\/\/einsiedel-architekten.de\/cms\/wp-content\/uploads\/2019\/11\/dwh-ansichten-1920x796.jpg 1920w, http:\/\/einsiedel-architekten.de\/cms\/wp-content\/uploads\/2019\/11\/dwh-ansichten-300x124.jpg 300w, http:\/\/einsiedel-architekten.de\/cms\/wp-content\/uploads\/2019\/11\/dwh-ansichten-768x318.jpg 768w, http:\/\/einsiedel-architekten.de\/cms\/wp-content\/uploads\/2019\/11\/dwh-ansichten-1024x424.jpg 1024w, http:\/\/einsiedel-architekten.de\/cms\/wp-content\/uploads\/2019\/11\/dwh-ansichten-500x207.jpg 500w, http:\/\/einsiedel-architekten.de\/cms\/wp-content\/uploads\/2019\/11\/dwh-ansichten-800x332.jpg 800w, http:\/\/einsiedel-architekten.de\/cms\/wp-content\/uploads\/2019\/11\/dwh-ansichten-1280x531.jpg 1280w, http:\/\/einsiedel-architekten.de\/cms\/wp-content\/uploads\/2019\/11\/dwh-ansichten-1170x485.jpg 1170w\" sizes=\"auto, (max-width: 1920px) 100vw, 1920px\" \/><\/noscript><img decoding=\"async\" width=\"1920\" height=\"796\" src=\"http:\/\/einsiedel-architekten.de\/cms\/wp-content\/uploads\/2019\/11\/dwh-ansichten-1920x796.jpg\" class=\"wp-image-707 vp-lazyload\" alt srcset=\"data:image\/svg+xml;base64,PHN2ZyB3aWR0aD0iMTkyMCIgaGVpZ2h0PSI3OTYiIHZpZXdCb3g9IjAgMCAxOTIwIDc5NiIgZmlsbD0ibm9uZSIgeG1sbnM9Imh0dHA6Ly93d3cudzMub3JnLzIwMDAvc3ZnIj48L3N2Zz4=\" data-src=\"http:\/\/einsiedel-architekten.de\/cms\/wp-content\/uploads\/2019\/11\/dwh-ansichten-1920x796.jpg\" data-srcset=\"http:\/\/einsiedel-architekten.de\/cms\/wp-content\/uploads\/2019\/11\/dwh-ansichten-1920x796.jpg 1920w, http:\/\/einsiedel-architekten.de\/cms\/wp-content\/uploads\/2019\/11\/dwh-ansichten-300x124.jpg 300w, http:\/\/einsiedel-architekten.de\/cms\/wp-content\/uploads\/2019\/11\/dwh-ansichten-768x318.jpg 768w, http:\/\/einsiedel-architekten.de\/cms\/wp-content\/uploads\/2019\/11\/dwh-ansichten-1024x424.jpg 1024w, http:\/\/einsiedel-architekten.de\/cms\/wp-content\/uploads\/2019\/11\/dwh-ansichten-500x207.jpg 500w, http:\/\/einsiedel-architekten.de\/cms\/wp-content\/uploads\/2019\/11\/dwh-ansichten-800x332.jpg 800w, http:\/\/einsiedel-architekten.de\/cms\/wp-content\/uploads\/2019\/11\/dwh-ansichten-1280x531.jpg 1280w, http:\/\/einsiedel-architekten.de\/cms\/wp-content\/uploads\/2019\/11\/dwh-ansichten-1170x485.jpg 1170w\" data-sizes=\"auto\" loading=\"eager\">\n\t\t<\/a>\t<\/div>\n<\/div>\n\t<div class=\"vp-portfolio__item-overlay\">\n\t\t\t<a\n\t\thref=\"http:\/\/einsiedel-architekten.de\/cms\/wp-content\/uploads\/2019\/11\/dwh-ansichten-1920x796.jpg\"\n\t\ttabindex=\"-1\" class=\"vp-portfolio__item-meta\" aria-label=\"dwh ansichten\" \t data-rel=\"lightbox-image-5\" data-rl_title=\"\" data-rl_caption=\"\" title=\"\">\n\t\t\t<\/a>\t<\/div>\n\t\t\t\t<\/figure>\n\t\t\t\t\t<\/div>\n\t\t\n\t\t<div\t\tclass=\"vp-portfolio__item-wrap vp-portfolio__item-uid-c3954df2\" data-vp-filter=\"\" \t\t>\n\t\t\t<template class=\"vp-portfolio__item-popup\" data-vp-popup-img=\"http:\/\/einsiedel-architekten.de\/cms\/wp-content\/uploads\/2019\/11\/dwh-fassade-2-1300x1920.jpg\" data-vp-popup-img-srcset=\"http:\/\/einsiedel-architekten.de\/cms\/wp-content\/uploads\/2019\/11\/dwh-fassade-2-1300x1920.jpg 1300w, http:\/\/einsiedel-architekten.de\/cms\/wp-content\/uploads\/2019\/11\/dwh-fassade-2-203x300.jpg 203w, http:\/\/einsiedel-architekten.de\/cms\/wp-content\/uploads\/2019\/11\/dwh-fassade-2-768x1135.jpg 768w, http:\/\/einsiedel-architekten.de\/cms\/wp-content\/uploads\/2019\/11\/dwh-fassade-2-693x1024.jpg 693w, http:\/\/einsiedel-architekten.de\/cms\/wp-content\/uploads\/2019\/11\/dwh-fassade-2-338x500.jpg 338w, http:\/\/einsiedel-architekten.de\/cms\/wp-content\/uploads\/2019\/11\/dwh-fassade-2-541x800.jpg 541w, http:\/\/einsiedel-architekten.de\/cms\/wp-content\/uploads\/2019\/11\/dwh-fassade-2-866x1280.jpg 866w, http:\/\/einsiedel-architekten.de\/cms\/wp-content\/uploads\/2019\/11\/dwh-fassade-2-447x660.jpg 447w\" data-vp-popup-img-size=\"1300x1920\" data-vp-popup-md-img=\"http:\/\/einsiedel-architekten.de\/cms\/wp-content\/uploads\/2019\/11\/dwh-fassade-2-541x800.jpg\" data-vp-popup-md-img-size=\"541x800\" data-vp-popup-sm-img=\"http:\/\/einsiedel-architekten.de\/cms\/wp-content\/uploads\/2019\/11\/dwh-fassade-2-338x500.jpg\" data-vp-popup-sm-img-size=\"338x500\">\n\t\t\t<h3 class=\"vp-portfolio__item-popup-title\">2001 dwh fassade 2<\/h3>\n\t\t<\/template>\n\t\t\t\t\t\t<figure class=\"vp-portfolio__item\">\n\t\t\t\t\n<div class=\"vp-portfolio__item-img-wrap\">\n\t<div class=\"vp-portfolio__item-img\">\n\t\t\t<a\n\t\thref=\"http:\/\/einsiedel-architekten.de\/cms\/wp-content\/uploads\/2019\/11\/dwh-fassade-2-1300x1920.jpg\"\n\t\taria-label=\"dwh fassade 2\" \t data-rel=\"lightbox-image-6\" data-rl_title=\"\" data-rl_caption=\"\" title=\"\">\n\t\n\t\t<noscript><img loading=\"lazy\" decoding=\"async\" width=\"1300\" height=\"1920\" data-skip-lazy src=\"http:\/\/einsiedel-architekten.de\/cms\/wp-content\/uploads\/2019\/11\/dwh-fassade-2-1300x1920.jpg\" class=\"wp-image-699\" alt=\"\" srcset=\"http:\/\/einsiedel-architekten.de\/cms\/wp-content\/uploads\/2019\/11\/dwh-fassade-2-1300x1920.jpg 1300w, http:\/\/einsiedel-architekten.de\/cms\/wp-content\/uploads\/2019\/11\/dwh-fassade-2-203x300.jpg 203w, http:\/\/einsiedel-architekten.de\/cms\/wp-content\/uploads\/2019\/11\/dwh-fassade-2-768x1135.jpg 768w, http:\/\/einsiedel-architekten.de\/cms\/wp-content\/uploads\/2019\/11\/dwh-fassade-2-693x1024.jpg 693w, http:\/\/einsiedel-architekten.de\/cms\/wp-content\/uploads\/2019\/11\/dwh-fassade-2-338x500.jpg 338w, http:\/\/einsiedel-architekten.de\/cms\/wp-content\/uploads\/2019\/11\/dwh-fassade-2-541x800.jpg 541w, http:\/\/einsiedel-architekten.de\/cms\/wp-content\/uploads\/2019\/11\/dwh-fassade-2-866x1280.jpg 866w, http:\/\/einsiedel-architekten.de\/cms\/wp-content\/uploads\/2019\/11\/dwh-fassade-2-447x660.jpg 447w\" sizes=\"auto, (max-width: 1300px) 100vw, 1300px\" \/><\/noscript><img decoding=\"async\" width=\"1300\" height=\"1920\" src=\"http:\/\/einsiedel-architekten.de\/cms\/wp-content\/uploads\/2019\/11\/dwh-fassade-2-1300x1920.jpg\" class=\"wp-image-699 vp-lazyload\" alt srcset=\"data:image\/svg+xml;base64,PHN2ZyB3aWR0aD0iMTMwMCIgaGVpZ2h0PSIxOTIwIiB2aWV3Qm94PSIwIDAgMTMwMCAxOTIwIiBmaWxsPSJub25lIiB4bWxucz0iaHR0cDovL3d3dy53My5vcmcvMjAwMC9zdmciPjwvc3ZnPg==\" data-src=\"http:\/\/einsiedel-architekten.de\/cms\/wp-content\/uploads\/2019\/11\/dwh-fassade-2-1300x1920.jpg\" data-srcset=\"http:\/\/einsiedel-architekten.de\/cms\/wp-content\/uploads\/2019\/11\/dwh-fassade-2-1300x1920.jpg 1300w, http:\/\/einsiedel-architekten.de\/cms\/wp-content\/uploads\/2019\/11\/dwh-fassade-2-203x300.jpg 203w, http:\/\/einsiedel-architekten.de\/cms\/wp-content\/uploads\/2019\/11\/dwh-fassade-2-768x1135.jpg 768w, http:\/\/einsiedel-architekten.de\/cms\/wp-content\/uploads\/2019\/11\/dwh-fassade-2-693x1024.jpg 693w, http:\/\/einsiedel-architekten.de\/cms\/wp-content\/uploads\/2019\/11\/dwh-fassade-2-338x500.jpg 338w, http:\/\/einsiedel-architekten.de\/cms\/wp-content\/uploads\/2019\/11\/dwh-fassade-2-541x800.jpg 541w, http:\/\/einsiedel-architekten.de\/cms\/wp-content\/uploads\/2019\/11\/dwh-fassade-2-866x1280.jpg 866w, http:\/\/einsiedel-architekten.de\/cms\/wp-content\/uploads\/2019\/11\/dwh-fassade-2-447x660.jpg 447w\" data-sizes=\"auto\" loading=\"eager\">\n\t\t<\/a>\t<\/div>\n<\/div>\n\t<div class=\"vp-portfolio__item-overlay\">\n\t\t\t<a\n\t\thref=\"http:\/\/einsiedel-architekten.de\/cms\/wp-content\/uploads\/2019\/11\/dwh-fassade-2-1300x1920.jpg\"\n\t\ttabindex=\"-1\" class=\"vp-portfolio__item-meta\" aria-label=\"dwh fassade 2\" \t data-rel=\"lightbox-image-7\" data-rl_title=\"\" data-rl_caption=\"\" title=\"\">\n\t\t\t<\/a>\t<\/div>\n\t\t\t\t<\/figure>\n\t\t\t\t\t<\/div>\n\t\t\n\t\t<div\t\tclass=\"vp-portfolio__item-wrap vp-portfolio__item-uid-19907dbd\" data-vp-filter=\"\" \t\t>\n\t\t\t<template class=\"vp-portfolio__item-popup\" data-vp-popup-img=\"http:\/\/einsiedel-architekten.de\/cms\/wp-content\/uploads\/2019\/11\/dwh-altes-kesselhaus.jpg\" data-vp-popup-img-srcset=\"http:\/\/einsiedel-architekten.de\/cms\/wp-content\/uploads\/2019\/11\/dwh-altes-kesselhaus-201x300.jpg 201w, http:\/\/einsiedel-architekten.de\/cms\/wp-content\/uploads\/2019\/11\/dwh-altes-kesselhaus-336x500.jpg 336w, http:\/\/einsiedel-architekten.de\/cms\/wp-content\/uploads\/2019\/11\/dwh-altes-kesselhaus-443x660.jpg 443w\" data-vp-popup-img-size=\"454x676\" data-vp-popup-md-img=\"http:\/\/einsiedel-architekten.de\/cms\/wp-content\/uploads\/2019\/11\/dwh-altes-kesselhaus.jpg\" data-vp-popup-md-img-size=\"454x676\" data-vp-popup-sm-img=\"http:\/\/einsiedel-architekten.de\/cms\/wp-content\/uploads\/2019\/11\/dwh-altes-kesselhaus-336x500.jpg\" data-vp-popup-sm-img-size=\"336x500\">\n\t\t\t<h3 class=\"vp-portfolio__item-popup-title\">2001 dwh altes kesselhaus<\/h3>\n\t\t<\/template>\n\t\t\t\t\t\t<figure class=\"vp-portfolio__item\">\n\t\t\t\t\n<div class=\"vp-portfolio__item-img-wrap\">\n\t<div class=\"vp-portfolio__item-img\">\n\t\t\t<a\n\t\thref=\"http:\/\/einsiedel-architekten.de\/cms\/wp-content\/uploads\/2019\/11\/dwh-altes-kesselhaus.jpg\"\n\t\taria-label=\"dwh altes kesselhaus\" \t data-rel=\"lightbox-image-8\" data-rl_title=\"\" data-rl_caption=\"\" title=\"\">\n\t\n\t\t<noscript><img loading=\"lazy\" decoding=\"async\" width=\"454\" height=\"676\" data-skip-lazy src=\"http:\/\/einsiedel-architekten.de\/cms\/wp-content\/uploads\/2019\/11\/dwh-altes-kesselhaus.jpg\" class=\"wp-image-702\" alt=\"\" srcset=\"http:\/\/einsiedel-architekten.de\/cms\/wp-content\/uploads\/2019\/11\/dwh-altes-kesselhaus-201x300.jpg 201w, http:\/\/einsiedel-architekten.de\/cms\/wp-content\/uploads\/2019\/11\/dwh-altes-kesselhaus-336x500.jpg 336w, http:\/\/einsiedel-architekten.de\/cms\/wp-content\/uploads\/2019\/11\/dwh-altes-kesselhaus-443x660.jpg 443w\" sizes=\"auto, (max-width: 454px) 100vw, 454px\" \/><\/noscript><img decoding=\"async\" width=\"454\" height=\"676\" src=\"http:\/\/einsiedel-architekten.de\/cms\/wp-content\/uploads\/2019\/11\/dwh-altes-kesselhaus.jpg\" class=\"wp-image-702 vp-lazyload\" alt srcset=\"data:image\/svg+xml;base64,PHN2ZyB3aWR0aD0iNDU0IiBoZWlnaHQ9IjY3NiIgdmlld0JveD0iMCAwIDQ1NCA2NzYiIGZpbGw9Im5vbmUiIHhtbG5zPSJodHRwOi8vd3d3LnczLm9yZy8yMDAwL3N2ZyI+PC9zdmc+\" data-src=\"http:\/\/einsiedel-architekten.de\/cms\/wp-content\/uploads\/2019\/11\/dwh-altes-kesselhaus.jpg\" data-srcset=\"http:\/\/einsiedel-architekten.de\/cms\/wp-content\/uploads\/2019\/11\/dwh-altes-kesselhaus-201x300.jpg 201w, http:\/\/einsiedel-architekten.de\/cms\/wp-content\/uploads\/2019\/11\/dwh-altes-kesselhaus-336x500.jpg 336w, http:\/\/einsiedel-architekten.de\/cms\/wp-content\/uploads\/2019\/11\/dwh-altes-kesselhaus-443x660.jpg 443w\" data-sizes=\"auto\" loading=\"eager\">\n\t\t<\/a>\t<\/div>\n<\/div>\n\t<div class=\"vp-portfolio__item-overlay\">\n\t\t\t<a\n\t\thref=\"http:\/\/einsiedel-architekten.de\/cms\/wp-content\/uploads\/2019\/11\/dwh-altes-kesselhaus.jpg\"\n\t\ttabindex=\"-1\" class=\"vp-portfolio__item-meta\" aria-label=\"dwh altes kesselhaus\" \t data-rel=\"lightbox-image-9\" data-rl_title=\"\" data-rl_caption=\"\" title=\"\">\n\t\t\t<\/a>\t<\/div>\n\t\t\t\t<\/figure>\n\t\t\t\t\t<\/div>\n\t\t\n\t\t<div\t\tclass=\"vp-portfolio__item-wrap vp-portfolio__item-uid-01463f29\" data-vp-filter=\"\" \t\t>\n\t\t\t<template class=\"vp-portfolio__item-popup\" data-vp-popup-img=\"http:\/\/einsiedel-architekten.de\/cms\/wp-content\/uploads\/2019\/11\/dwh-fassade-1264x1920.jpg\" data-vp-popup-img-srcset=\"http:\/\/einsiedel-architekten.de\/cms\/wp-content\/uploads\/2019\/11\/dwh-fassade-1264x1920.jpg 1264w, http:\/\/einsiedel-architekten.de\/cms\/wp-content\/uploads\/2019\/11\/dwh-fassade-197x300.jpg 197w, http:\/\/einsiedel-architekten.de\/cms\/wp-content\/uploads\/2019\/11\/dwh-fassade-768x1167.jpg 768w, http:\/\/einsiedel-architekten.de\/cms\/wp-content\/uploads\/2019\/11\/dwh-fassade-674x1024.jpg 674w, http:\/\/einsiedel-architekten.de\/cms\/wp-content\/uploads\/2019\/11\/dwh-fassade-329x500.jpg 329w, http:\/\/einsiedel-architekten.de\/cms\/wp-content\/uploads\/2019\/11\/dwh-fassade-527x800.jpg 527w, http:\/\/einsiedel-architekten.de\/cms\/wp-content\/uploads\/2019\/11\/dwh-fassade-843x1280.jpg 843w, http:\/\/einsiedel-architekten.de\/cms\/wp-content\/uploads\/2019\/11\/dwh-fassade-434x660.jpg 434w\" data-vp-popup-img-size=\"1264x1920\" data-vp-popup-md-img=\"http:\/\/einsiedel-architekten.de\/cms\/wp-content\/uploads\/2019\/11\/dwh-fassade-527x800.jpg\" data-vp-popup-md-img-size=\"527x800\" data-vp-popup-sm-img=\"http:\/\/einsiedel-architekten.de\/cms\/wp-content\/uploads\/2019\/11\/dwh-fassade-329x500.jpg\" data-vp-popup-sm-img-size=\"329x500\">\n\t\t\t<h3 class=\"vp-portfolio__item-popup-title\">2001 dwh fassade<\/h3>\n\t\t<\/template>\n\t\t\t\t\t\t<figure class=\"vp-portfolio__item\">\n\t\t\t\t\n<div class=\"vp-portfolio__item-img-wrap\">\n\t<div class=\"vp-portfolio__item-img\">\n\t\t\t<a\n\t\thref=\"http:\/\/einsiedel-architekten.de\/cms\/wp-content\/uploads\/2019\/11\/dwh-fassade-1264x1920.jpg\"\n\t\taria-label=\"dwh fassade\" \t data-rel=\"lightbox-image-10\" data-rl_title=\"\" data-rl_caption=\"\" title=\"\">\n\t\n\t\t<noscript><img loading=\"lazy\" decoding=\"async\" width=\"1264\" height=\"1920\" data-skip-lazy src=\"http:\/\/einsiedel-architekten.de\/cms\/wp-content\/uploads\/2019\/11\/dwh-fassade-1264x1920.jpg\" class=\"wp-image-697\" alt=\"\" srcset=\"http:\/\/einsiedel-architekten.de\/cms\/wp-content\/uploads\/2019\/11\/dwh-fassade-1264x1920.jpg 1264w, http:\/\/einsiedel-architekten.de\/cms\/wp-content\/uploads\/2019\/11\/dwh-fassade-197x300.jpg 197w, http:\/\/einsiedel-architekten.de\/cms\/wp-content\/uploads\/2019\/11\/dwh-fassade-768x1167.jpg 768w, http:\/\/einsiedel-architekten.de\/cms\/wp-content\/uploads\/2019\/11\/dwh-fassade-674x1024.jpg 674w, http:\/\/einsiedel-architekten.de\/cms\/wp-content\/uploads\/2019\/11\/dwh-fassade-329x500.jpg 329w, http:\/\/einsiedel-architekten.de\/cms\/wp-content\/uploads\/2019\/11\/dwh-fassade-527x800.jpg 527w, http:\/\/einsiedel-architekten.de\/cms\/wp-content\/uploads\/2019\/11\/dwh-fassade-843x1280.jpg 843w, http:\/\/einsiedel-architekten.de\/cms\/wp-content\/uploads\/2019\/11\/dwh-fassade-434x660.jpg 434w\" sizes=\"auto, (max-width: 1264px) 100vw, 1264px\" \/><\/noscript><img decoding=\"async\" width=\"1264\" height=\"1920\" src=\"http:\/\/einsiedel-architekten.de\/cms\/wp-content\/uploads\/2019\/11\/dwh-fassade-1264x1920.jpg\" class=\"wp-image-697 vp-lazyload\" alt srcset=\"data:image\/svg+xml;base64,PHN2ZyB3aWR0aD0iMTI2NCIgaGVpZ2h0PSIxOTIwIiB2aWV3Qm94PSIwIDAgMTI2NCAxOTIwIiBmaWxsPSJub25lIiB4bWxucz0iaHR0cDovL3d3dy53My5vcmcvMjAwMC9zdmciPjwvc3ZnPg==\" data-src=\"http:\/\/einsiedel-architekten.de\/cms\/wp-content\/uploads\/2019\/11\/dwh-fassade-1264x1920.jpg\" data-srcset=\"http:\/\/einsiedel-architekten.de\/cms\/wp-content\/uploads\/2019\/11\/dwh-fassade-1264x1920.jpg 1264w, http:\/\/einsiedel-architekten.de\/cms\/wp-content\/uploads\/2019\/11\/dwh-fassade-197x300.jpg 197w, http:\/\/einsiedel-architekten.de\/cms\/wp-content\/uploads\/2019\/11\/dwh-fassade-768x1167.jpg 768w, http:\/\/einsiedel-architekten.de\/cms\/wp-content\/uploads\/2019\/11\/dwh-fassade-674x1024.jpg 674w, http:\/\/einsiedel-architekten.de\/cms\/wp-content\/uploads\/2019\/11\/dwh-fassade-329x500.jpg 329w, http:\/\/einsiedel-architekten.de\/cms\/wp-content\/uploads\/2019\/11\/dwh-fassade-527x800.jpg 527w, http:\/\/einsiedel-architekten.de\/cms\/wp-content\/uploads\/2019\/11\/dwh-fassade-843x1280.jpg 843w, http:\/\/einsiedel-architekten.de\/cms\/wp-content\/uploads\/2019\/11\/dwh-fassade-434x660.jpg 434w\" data-sizes=\"auto\" loading=\"eager\">\n\t\t<\/a>\t<\/div>\n<\/div>\n\t<div class=\"vp-portfolio__item-overlay\">\n\t\t\t<a\n\t\thref=\"http:\/\/einsiedel-architekten.de\/cms\/wp-content\/uploads\/2019\/11\/dwh-fassade-1264x1920.jpg\"\n\t\ttabindex=\"-1\" class=\"vp-portfolio__item-meta\" aria-label=\"dwh fassade\" \t data-rel=\"lightbox-image-11\" data-rl_title=\"\" data-rl_caption=\"\" title=\"\">\n\t\t\t<\/a>\t<\/div>\n\t\t\t\t<\/figure>\n\t\t\t\t\t<\/div>\n\t\t\n\t\t<div\t\tclass=\"vp-portfolio__item-wrap vp-portfolio__item-uid-5d97d41a\" data-vp-filter=\"\" \t\t>\n\t\t\t<template class=\"vp-portfolio__item-popup\" data-vp-popup-img=\"http:\/\/einsiedel-architekten.de\/cms\/wp-content\/uploads\/2019\/11\/dwh-fassade-3.jpg\" data-vp-popup-img-srcset=\"http:\/\/einsiedel-architekten.de\/cms\/wp-content\/uploads\/2019\/11\/dwh-fassade-3.jpg 1772w, http:\/\/einsiedel-architekten.de\/cms\/wp-content\/uploads\/2019\/11\/dwh-fassade-3-300x196.jpg 300w, http:\/\/einsiedel-architekten.de\/cms\/wp-content\/uploads\/2019\/11\/dwh-fassade-3-768x502.jpg 768w, http:\/\/einsiedel-architekten.de\/cms\/wp-content\/uploads\/2019\/11\/dwh-fassade-3-1024x670.jpg 1024w, http:\/\/einsiedel-architekten.de\/cms\/wp-content\/uploads\/2019\/11\/dwh-fassade-3-500x327.jpg 500w, http:\/\/einsiedel-architekten.de\/cms\/wp-content\/uploads\/2019\/11\/dwh-fassade-3-800x523.jpg 800w, http:\/\/einsiedel-architekten.de\/cms\/wp-content\/uploads\/2019\/11\/dwh-fassade-3-1280x837.jpg 1280w, http:\/\/einsiedel-architekten.de\/cms\/wp-content\/uploads\/2019\/11\/dwh-fassade-3-1009x660.jpg 1009w\" data-vp-popup-img-size=\"1772x1159\" data-vp-popup-md-img=\"http:\/\/einsiedel-architekten.de\/cms\/wp-content\/uploads\/2019\/11\/dwh-fassade-3-800x523.jpg\" data-vp-popup-md-img-size=\"800x523\" data-vp-popup-sm-img=\"http:\/\/einsiedel-architekten.de\/cms\/wp-content\/uploads\/2019\/11\/dwh-fassade-3-500x327.jpg\" data-vp-popup-sm-img-size=\"500x327\">\n\t\t\t<h3 class=\"vp-portfolio__item-popup-title\">2001 dwh fassade 3<\/h3>\n\t\t<\/template>\n\t\t\t\t\t\t<figure class=\"vp-portfolio__item\">\n\t\t\t\t\n<div class=\"vp-portfolio__item-img-wrap\">\n\t<div class=\"vp-portfolio__item-img\">\n\t\t\t<a\n\t\thref=\"http:\/\/einsiedel-architekten.de\/cms\/wp-content\/uploads\/2019\/11\/dwh-fassade-3.jpg\"\n\t\taria-label=\"dwh fassade 3\" \t data-rel=\"lightbox-image-12\" data-rl_title=\"\" data-rl_caption=\"\" title=\"\">\n\t\n\t\t<noscript><img loading=\"lazy\" decoding=\"async\" width=\"1772\" height=\"1159\" data-skip-lazy src=\"http:\/\/einsiedel-architekten.de\/cms\/wp-content\/uploads\/2019\/11\/dwh-fassade-3.jpg\" class=\"wp-image-700\" alt=\"\" srcset=\"http:\/\/einsiedel-architekten.de\/cms\/wp-content\/uploads\/2019\/11\/dwh-fassade-3.jpg 1772w, http:\/\/einsiedel-architekten.de\/cms\/wp-content\/uploads\/2019\/11\/dwh-fassade-3-300x196.jpg 300w, http:\/\/einsiedel-architekten.de\/cms\/wp-content\/uploads\/2019\/11\/dwh-fassade-3-768x502.jpg 768w, http:\/\/einsiedel-architekten.de\/cms\/wp-content\/uploads\/2019\/11\/dwh-fassade-3-1024x670.jpg 1024w, http:\/\/einsiedel-architekten.de\/cms\/wp-content\/uploads\/2019\/11\/dwh-fassade-3-500x327.jpg 500w, http:\/\/einsiedel-architekten.de\/cms\/wp-content\/uploads\/2019\/11\/dwh-fassade-3-800x523.jpg 800w, http:\/\/einsiedel-architekten.de\/cms\/wp-content\/uploads\/2019\/11\/dwh-fassade-3-1280x837.jpg 1280w, http:\/\/einsiedel-architekten.de\/cms\/wp-content\/uploads\/2019\/11\/dwh-fassade-3-1009x660.jpg 1009w\" sizes=\"auto, (max-width: 1772px) 100vw, 1772px\" \/><\/noscript><img decoding=\"async\" width=\"1772\" height=\"1159\" src=\"http:\/\/einsiedel-architekten.de\/cms\/wp-content\/uploads\/2019\/11\/dwh-fassade-3.jpg\" class=\"wp-image-700 vp-lazyload\" alt srcset=\"data:image\/svg+xml;base64,PHN2ZyB3aWR0aD0iMTc3MiIgaGVpZ2h0PSIxMTU5IiB2aWV3Qm94PSIwIDAgMTc3MiAxMTU5IiBmaWxsPSJub25lIiB4bWxucz0iaHR0cDovL3d3dy53My5vcmcvMjAwMC9zdmciPjwvc3ZnPg==\" data-src=\"http:\/\/einsiedel-architekten.de\/cms\/wp-content\/uploads\/2019\/11\/dwh-fassade-3.jpg\" data-srcset=\"http:\/\/einsiedel-architekten.de\/cms\/wp-content\/uploads\/2019\/11\/dwh-fassade-3.jpg 1772w, http:\/\/einsiedel-architekten.de\/cms\/wp-content\/uploads\/2019\/11\/dwh-fassade-3-300x196.jpg 300w, http:\/\/einsiedel-architekten.de\/cms\/wp-content\/uploads\/2019\/11\/dwh-fassade-3-768x502.jpg 768w, http:\/\/einsiedel-architekten.de\/cms\/wp-content\/uploads\/2019\/11\/dwh-fassade-3-1024x670.jpg 1024w, http:\/\/einsiedel-architekten.de\/cms\/wp-content\/uploads\/2019\/11\/dwh-fassade-3-500x327.jpg 500w, http:\/\/einsiedel-architekten.de\/cms\/wp-content\/uploads\/2019\/11\/dwh-fassade-3-800x523.jpg 800w, http:\/\/einsiedel-architekten.de\/cms\/wp-content\/uploads\/2019\/11\/dwh-fassade-3-1280x837.jpg 1280w, http:\/\/einsiedel-architekten.de\/cms\/wp-content\/uploads\/2019\/11\/dwh-fassade-3-1009x660.jpg 1009w\" data-sizes=\"auto\" loading=\"eager\">\n\t\t<\/a>\t<\/div>\n<\/div>\n\t<div class=\"vp-portfolio__item-overlay\">\n\t\t\t<a\n\t\thref=\"http:\/\/einsiedel-architekten.de\/cms\/wp-content\/uploads\/2019\/11\/dwh-fassade-3.jpg\"\n\t\ttabindex=\"-1\" class=\"vp-portfolio__item-meta\" aria-label=\"dwh fassade 3\" \t data-rel=\"lightbox-image-13\" data-rl_title=\"\" data-rl_caption=\"\" title=\"\">\n\t\t\t<\/a>\t<\/div>\n\t\t\t\t<\/figure>\n\t\t\t\t\t<\/div>\n\t\t\n\t\t<div\t\tclass=\"vp-portfolio__item-wrap vp-portfolio__item-uid-e2467766\" data-vp-filter=\"\" \t\t>\n\t\t\t<template class=\"vp-portfolio__item-popup\" data-vp-popup-img=\"http:\/\/einsiedel-architekten.de\/cms\/wp-content\/uploads\/2019\/11\/dwh-neubau-ateliers.jpg\" data-vp-popup-img-srcset=\"\" data-vp-popup-img-size=\"454x309\" data-vp-popup-md-img=\"http:\/\/einsiedel-architekten.de\/cms\/wp-content\/uploads\/2019\/11\/dwh-neubau-ateliers.jpg\" data-vp-popup-md-img-size=\"454x309\" data-vp-popup-sm-img=\"http:\/\/einsiedel-architekten.de\/cms\/wp-content\/uploads\/2019\/11\/dwh-neubau-ateliers.jpg\" data-vp-popup-sm-img-size=\"454x309\">\n\t\t\t<h3 class=\"vp-portfolio__item-popup-title\">2001 dwh neubau ateliers<\/h3>\n\t\t<\/template>\n\t\t\t\t\t\t<figure class=\"vp-portfolio__item\">\n\t\t\t\t\n<div class=\"vp-portfolio__item-img-wrap\">\n\t<div class=\"vp-portfolio__item-img\">\n\t\t\t<a\n\t\thref=\"http:\/\/einsiedel-architekten.de\/cms\/wp-content\/uploads\/2019\/11\/dwh-neubau-ateliers.jpg\"\n\t\taria-label=\"dwh neubau ateliers\" \t data-rel=\"lightbox-image-14\" data-rl_title=\"\" data-rl_caption=\"\" title=\"\">\n\t\n\t\t<noscript><img loading=\"lazy\" decoding=\"async\" width=\"454\" height=\"309\" data-skip-lazy src=\"http:\/\/einsiedel-architekten.de\/cms\/wp-content\/uploads\/2019\/11\/dwh-neubau-ateliers.jpg\" class=\"wp-image-704\" alt=\"\" \/><\/noscript><img decoding=\"async\" width=\"454\" height=\"309\" src=\"data:image\/svg+xml;base64,PHN2ZyB3aWR0aD0iNDU0IiBoZWlnaHQ9IjMwOSIgdmlld0JveD0iMCAwIDQ1NCAzMDkiIGZpbGw9Im5vbmUiIHhtbG5zPSJodHRwOi8vd3d3LnczLm9yZy8yMDAwL3N2ZyI+PC9zdmc+\" class=\"wp-image-704 vp-lazyload\" alt data-src=\"http:\/\/einsiedel-architekten.de\/cms\/wp-content\/uploads\/2019\/11\/dwh-neubau-ateliers.jpg\" data-sizes=\"auto\" loading=\"eager\">\n\t\t<\/a>\t<\/div>\n<\/div>\n\t<div class=\"vp-portfolio__item-overlay\">\n\t\t\t<a\n\t\thref=\"http:\/\/einsiedel-architekten.de\/cms\/wp-content\/uploads\/2019\/11\/dwh-neubau-ateliers.jpg\"\n\t\ttabindex=\"-1\" class=\"vp-portfolio__item-meta\" aria-label=\"dwh neubau ateliers\" \t data-rel=\"lightbox-image-15\" data-rl_title=\"\" data-rl_caption=\"\" title=\"\">\n\t\t\t<\/a>\t<\/div>\n\t\t\t\t<\/figure>\n\t\t\t\t\t<\/div>\n\t\t\n\t\t<div\t\tclass=\"vp-portfolio__item-wrap vp-portfolio__item-uid-2441f293\" data-vp-filter=\"\" \t\t>\n\t\t\t<template class=\"vp-portfolio__item-popup\" data-vp-popup-img=\"http:\/\/einsiedel-architekten.de\/cms\/wp-content\/uploads\/2019\/11\/dwh-saal.jpg\" data-vp-popup-img-srcset=\"\" data-vp-popup-img-size=\"454x301\" data-vp-popup-md-img=\"http:\/\/einsiedel-architekten.de\/cms\/wp-content\/uploads\/2019\/11\/dwh-saal.jpg\" data-vp-popup-md-img-size=\"454x301\" data-vp-popup-sm-img=\"http:\/\/einsiedel-architekten.de\/cms\/wp-content\/uploads\/2019\/11\/dwh-saal.jpg\" data-vp-popup-sm-img-size=\"454x301\">\n\t\t\t<h3 class=\"vp-portfolio__item-popup-title\">2001 dwh saal<\/h3>\n\t\t<\/template>\n\t\t\t\t\t\t<figure class=\"vp-portfolio__item\">\n\t\t\t\t\n<div class=\"vp-portfolio__item-img-wrap\">\n\t<div class=\"vp-portfolio__item-img\">\n\t\t\t<a\n\t\thref=\"http:\/\/einsiedel-architekten.de\/cms\/wp-content\/uploads\/2019\/11\/dwh-saal.jpg\"\n\t\taria-label=\"dwh saal\" \t data-rel=\"lightbox-image-16\" data-rl_title=\"\" data-rl_caption=\"\" title=\"\">\n\t\n\t\t<noscript><img loading=\"lazy\" decoding=\"async\" width=\"454\" height=\"301\" data-skip-lazy src=\"http:\/\/einsiedel-architekten.de\/cms\/wp-content\/uploads\/2019\/11\/dwh-saal.jpg\" class=\"wp-image-703\" alt=\"\" \/><\/noscript><img decoding=\"async\" width=\"454\" height=\"301\" src=\"data:image\/svg+xml;base64,PHN2ZyB3aWR0aD0iNDU0IiBoZWlnaHQ9IjMwMSIgdmlld0JveD0iMCAwIDQ1NCAzMDEiIGZpbGw9Im5vbmUiIHhtbG5zPSJodHRwOi8vd3d3LnczLm9yZy8yMDAwL3N2ZyI+PC9zdmc+\" class=\"wp-image-703 vp-lazyload\" alt data-src=\"http:\/\/einsiedel-architekten.de\/cms\/wp-content\/uploads\/2019\/11\/dwh-saal.jpg\" data-sizes=\"auto\" loading=\"eager\">\n\t\t<\/a>\t<\/div>\n<\/div>\n\t<div class=\"vp-portfolio__item-overlay\">\n\t\t\t<a\n\t\thref=\"http:\/\/einsiedel-architekten.de\/cms\/wp-content\/uploads\/2019\/11\/dwh-saal.jpg\"\n\t\ttabindex=\"-1\" class=\"vp-portfolio__item-meta\" aria-label=\"dwh saal\" \t data-rel=\"lightbox-image-17\" data-rl_title=\"\" data-rl_caption=\"\" title=\"\">\n\t\t\t<\/a>\t<\/div>\n\t\t\t\t<\/figure>\n\t\t\t\t\t<\/div>\n\t\t\n<\/div>\n\n<div class=\"vp-portfolio__items-arrow vp-portfolio__items-arrow-prev\" tabindex=\"0\" role=\"button\" aria-label=\"Previous Slide\">\n\t\n<svg class=\"vp-svg-icon\" width=\"20\" height=\"20\" viewBox=\"0 0 20 20\" fill=\"none\" xmlns=\"http:\/\/www.w3.org\/2000\/svg\">\n\t<path d=\"M12 4L6 10L12 16\" stroke=\"currentColor\" stroke-width=\"1.5\" stroke-linecap=\"round\" stroke-linejoin=\"round\" fill=\"transparent\" \/>\n<\/svg>\n<\/div>\n<div class=\"vp-portfolio__items-arrow vp-portfolio__items-arrow-next\" tabindex=\"0\" role=\"button\" aria-label=\"Next Slide\">\n\t\n<svg class=\"vp-svg-icon\" width=\"20\" height=\"20\" viewBox=\"0 0 20 20\" fill=\"none\" xmlns=\"http:\/\/www.w3.org\/2000\/svg\">\n\t<path d=\"M8 4L14 10L8 16\" stroke=\"currentColor\" stroke-width=\"1.5\" stroke-linecap=\"round\" stroke-linejoin=\"round\" fill=\"transparent\" \/>\n<\/svg>\n<\/div>\n\n<div class=\"vp-portfolio__items-bullets\"><\/div>\n\t\t<\/div>\n\t\t\n<\/div>\n<\/div>\n\n\n\n<p><\/p>\n\n\n\n<p style=\"color:#dd890b\" class=\"has-text-color\">DWH DEUTSCHEN WERKST\u00c4TTEN HELLERAU<br>Moritzburger Weg 68, 01109 Dresden <br>Sanierung und Umbau Histor. Fabrikgeb\u00e4ude DWH, Neubau Ateliergeb\u00e4ude<br><br><\/p>\n\n\n\n<p>ECKDATEN<br>Bauherr Deutsche Werkst\u00e4tten Grundbesitz GmbH<br>BGF Altbau 12.000 qm , BGF Neubau Atelier 960 qm<br>Planungs- und Bauzeit 1998 &#8211; 2004 <br>Planung LP 1-4 f\u00fcr Modernisierung Altbau und Neubau<br>LP 5+6 teilweise f\u00fcr GU-Ausschreibung Modernisierung<br>LP 5+6 Neubau Atelier Prof.Morgenstern, Dresden<br>Baukosten KG 300-400 Modernisierung Altbau 12,8 Mio EUR<br>Neubau Atelier 1,4 Mio EUR<br><br><\/p>\n\n\n\n<p>Das Fabrikgeb\u00e4ude hat Richard Riemerschmid 1910 als Bestandteil des Reformprojekts Hellerau f\u00fcr Karl Schmidt errichtet. Bis 1990 wurden dort M\u00f6bel produziert. Mit der Privatisierung 1992  wurden alle Produktionsanlagen ausgelagert und die Fabriketagen frei f\u00fcr neue Nutzungen. 1998 begann der Umbau des Fabrikgeb\u00e4udes zu \u201eLofts\u201c f\u00fcr Arbeiten und Wohnen : zun\u00e4chst die Instandsetzung der Geb\u00e4udeh\u00fclle, dann der schrittweise Ausbau im Inneren, teils in Eigenreigie durch die Mieter aus den Bereichen Deisgn und Medien. Mit zus\u00e4tzlichen Angeboten wie Restaurant, Kunstgalerie, Ausstellungsfl\u00e4chen, Konferenzr\u00e4umen sind die Werkst\u00e4tten wieder ein kulturelles Zentrum geworden. Nach Abri\u00df des bauf\u00e4lligen Holzlagers konnte auf der Innenseite der denkmalgesch\u00fctzten Umfassungsmauer ein 2-gescho\u00dfiges Ateliergeb\u00e4ude in elementierter Holzbauweise errichtet werden.<\/p>\n","protected":false},"excerpt":{"rendered":"<p>DWH DEUTSCHEN WERKST\u00c4TTEN HELLERAUMoritzburger Weg 68, 01109 Dresden Sanierung und Umbau Histor. Fabrikgeb\u00e4ude DWH, Neubau Ateliergeb\u00e4ude ECKDATENBauherr Deutsche Werkst\u00e4tten Grundbesitz GmbHBGF Altbau 12.000 qm , BGF Neubau Atelier 960 qmPlanungs- und Bauzeit 1998 &#8211; 2004 Planung LP 1-4 f\u00fcr Modernisierung Altbau und NeubauLP 5+6 teilweise f\u00fcr GU-Ausschreibung ModernisierungLP 5+6 Neubau Atelier Prof.Morgenstern, DresdenBaukosten KG 300-400 [&hellip;]<\/p>\n","protected":false},"author":2,"featured_media":0,"parent":0,"menu_order":0,"comment_status":"closed","ping_status":"closed","template":"","meta":{"_vp_format_video_url":"","_vp_image_focal_point":[],"footnotes":""},"folder":[5],"class_list":["post-693","page","type-page","status-publish","hentry"],"_links":{"self":[{"href":"http:\/\/einsiedel-architekten.de\/cms\/wp-json\/wp\/v2\/pages\/693","targetHints":{"allow":["GET"]}}],"collection":[{"href":"http:\/\/einsiedel-architekten.de\/cms\/wp-json\/wp\/v2\/pages"}],"about":[{"href":"http:\/\/einsiedel-architekten.de\/cms\/wp-json\/wp\/v2\/types\/page"}],"author":[{"embeddable":true,"href":"http:\/\/einsiedel-architekten.de\/cms\/wp-json\/wp\/v2\/users\/2"}],"replies":[{"embeddable":true,"href":"http:\/\/einsiedel-architekten.de\/cms\/wp-json\/wp\/v2\/comments?post=693"}],"version-history":[{"count":10,"href":"http:\/\/einsiedel-architekten.de\/cms\/wp-json\/wp\/v2\/pages\/693\/revisions"}],"predecessor-version":[{"id":1400,"href":"http:\/\/einsiedel-architekten.de\/cms\/wp-json\/wp\/v2\/pages\/693\/revisions\/1400"}],"wp:attachment":[{"href":"http:\/\/einsiedel-architekten.de\/cms\/wp-json\/wp\/v2\/media?parent=693"}],"wp:term":[{"taxonomy":"folder","embeddable":true,"href":"http:\/\/einsiedel-architekten.de\/cms\/wp-json\/wp\/v2\/folder?post=693"}],"curies":[{"name":"wp","href":"https:\/\/api.w.org\/{rel}","templated":true}]}}