{"id":682,"date":"2019-11-12T15:35:43","date_gmt":"2019-11-12T14:35:43","guid":{"rendered":"http:\/\/einsiedel-architekten.de\/cms\/?page_id=682"},"modified":"2019-11-20T17:10:52","modified_gmt":"2019-11-20T16:10:52","slug":"wb-koenigsbrunn","status":"publish","type":"page","link":"http:\/\/einsiedel-architekten.de\/cms\/wb-koenigsbrunn\/","title":{"rendered":"2001 wb hauptschule, k\u00f6nigsbrunn"},"content":{"rendered":"\n<div class=\"wp-block-nk-visual-portfolio\">\n<div class=\"vp-portfolio vp-uid-616864ec vp-id-690 \"\n\tdata-vp-layout=\"slider\" data-vp-content-source=\"images\" data-vp-items-style=\"fly\" data-vp-items-click-action=\"popup_gallery\" data-vp-items-gap=\"15\" data-vp-items-gap-vertical=\"\" data-vp-pagination=\"load-more\" data-vp-next-page-url=\"\" data-vp-slider-effect=\"slide\" data-vp-slider-items-height=\"80%\" data-vp-slider-items-min-height=\"\" data-vp-slider-slides-per-view=\"2\" data-vp-slider-speed=\"1.5\" data-vp-slider-autoplay=\"4\" data-vp-slider-autoplay-hover-pause=\"false\" data-vp-slider-centered-slides=\"true\" data-vp-slider-loop=\"false\" data-vp-slider-free-mode=\"false\" data-vp-slider-free-mode-sticky=\"false\" data-vp-slider-arrows=\"true\" data-vp-slider-bullets=\"true\" data-vp-slider-bullets-dynamic=\"false\" data-vp-slider-mousewheel=\"false\" data-vp-slider-thumbnails=\"false\" >\n\t<div class=\"vp-portfolio__preloader-wrap\">\n\t\t<div class=\"vp-portfolio__preloader\">\n\t\t\t<img decoding=\"async\" loading=\"eager\" src=\"http:\/\/einsiedel-architekten.de\/cms\/wp-content\/plugins\/visual-portfolio\/assets\/images\/logo-dark.svg\" alt=\"Visual Portfolio, Posts &amp; Image Gallery for WordPress\" width=\"20\" height=\"20\" data-skip-lazy>\n\t\t<\/div>\n\t<\/div>\n\t\t<div class=\"vp-portfolio__items-wrap\">\n\t\t\t\n<div class=\"vp-portfolio__items vp-portfolio__items-style-fly vp-portfolio__items-show-overlay-hover\">\n\n\t\t<div\t\tclass=\"vp-portfolio__item-wrap vp-portfolio__item-uid-2f83fe5a\" data-vp-filter=\"\" \t\t>\n\t\t\t<template class=\"vp-portfolio__item-popup\" data-vp-popup-img=\"http:\/\/einsiedel-architekten.de\/cms\/wp-content\/uploads\/2019\/11\/WB-Hauptschule-Modell-1920x1309.jpg\" data-vp-popup-img-srcset=\"http:\/\/einsiedel-architekten.de\/cms\/wp-content\/uploads\/2019\/11\/WB-Hauptschule-Modell-1920x1309.jpg 1920w, http:\/\/einsiedel-architekten.de\/cms\/wp-content\/uploads\/2019\/11\/WB-Hauptschule-Modell-300x204.jpg 300w, http:\/\/einsiedel-architekten.de\/cms\/wp-content\/uploads\/2019\/11\/WB-Hauptschule-Modell-768x523.jpg 768w, http:\/\/einsiedel-architekten.de\/cms\/wp-content\/uploads\/2019\/11\/WB-Hauptschule-Modell-1024x698.jpg 1024w, http:\/\/einsiedel-architekten.de\/cms\/wp-content\/uploads\/2019\/11\/WB-Hauptschule-Modell-500x341.jpg 500w, http:\/\/einsiedel-architekten.de\/cms\/wp-content\/uploads\/2019\/11\/WB-Hauptschule-Modell-800x545.jpg 800w, http:\/\/einsiedel-architekten.de\/cms\/wp-content\/uploads\/2019\/11\/WB-Hauptschule-Modell-1280x872.jpg 1280w, http:\/\/einsiedel-architekten.de\/cms\/wp-content\/uploads\/2019\/11\/WB-Hauptschule-Modell-968x660.jpg 968w\" data-vp-popup-img-size=\"1920x1309\" data-vp-popup-md-img=\"http:\/\/einsiedel-architekten.de\/cms\/wp-content\/uploads\/2019\/11\/WB-Hauptschule-Modell-800x545.jpg\" data-vp-popup-md-img-size=\"800x545\" data-vp-popup-sm-img=\"http:\/\/einsiedel-architekten.de\/cms\/wp-content\/uploads\/2019\/11\/WB-Hauptschule-Modell-500x341.jpg\" data-vp-popup-sm-img-size=\"500x341\">\n\t<\/template>\n\t\t\t\t\t\t<figure class=\"vp-portfolio__item\">\n\t\t\t\t\n<div class=\"vp-portfolio__item-img-wrap\">\n\t<div class=\"vp-portfolio__item-img\">\n\t\t\t<a\n\t\thref=\"http:\/\/einsiedel-architekten.de\/cms\/wp-content\/uploads\/2019\/11\/WB-Hauptschule-Modell-1920x1309.jpg\"\n\t\taria-label=\"WB Hauptschule Modell\" \t data-rel=\"lightbox-image-0\" data-rl_title=\"\" data-rl_caption=\"\" title=\"\">\n\t\n\t\t<noscript><img loading=\"lazy\" decoding=\"async\" width=\"1920\" height=\"1309\" data-skip-lazy src=\"http:\/\/einsiedel-architekten.de\/cms\/wp-content\/uploads\/2019\/11\/WB-Hauptschule-Modell-1920x1309.jpg\" class=\"wp-image-687\" alt=\"\" srcset=\"http:\/\/einsiedel-architekten.de\/cms\/wp-content\/uploads\/2019\/11\/WB-Hauptschule-Modell-1920x1309.jpg 1920w, http:\/\/einsiedel-architekten.de\/cms\/wp-content\/uploads\/2019\/11\/WB-Hauptschule-Modell-300x204.jpg 300w, http:\/\/einsiedel-architekten.de\/cms\/wp-content\/uploads\/2019\/11\/WB-Hauptschule-Modell-768x523.jpg 768w, http:\/\/einsiedel-architekten.de\/cms\/wp-content\/uploads\/2019\/11\/WB-Hauptschule-Modell-1024x698.jpg 1024w, http:\/\/einsiedel-architekten.de\/cms\/wp-content\/uploads\/2019\/11\/WB-Hauptschule-Modell-500x341.jpg 500w, http:\/\/einsiedel-architekten.de\/cms\/wp-content\/uploads\/2019\/11\/WB-Hauptschule-Modell-800x545.jpg 800w, http:\/\/einsiedel-architekten.de\/cms\/wp-content\/uploads\/2019\/11\/WB-Hauptschule-Modell-1280x872.jpg 1280w, http:\/\/einsiedel-architekten.de\/cms\/wp-content\/uploads\/2019\/11\/WB-Hauptschule-Modell-968x660.jpg 968w\" sizes=\"auto, (max-width: 1920px) 100vw, 1920px\" \/><\/noscript><img fetchpriority=\"high\" decoding=\"async\" width=\"1920\" height=\"1309\" src=\"http:\/\/einsiedel-architekten.de\/cms\/wp-content\/uploads\/2019\/11\/WB-Hauptschule-Modell-1920x1309.jpg\" class=\"wp-image-687 vp-lazyload\" alt srcset=\"data:image\/svg+xml;base64,PHN2ZyB3aWR0aD0iMTkyMCIgaGVpZ2h0PSIxMzA5IiB2aWV3Qm94PSIwIDAgMTkyMCAxMzA5IiBmaWxsPSJub25lIiB4bWxucz0iaHR0cDovL3d3dy53My5vcmcvMjAwMC9zdmciPjwvc3ZnPg==\" data-src=\"http:\/\/einsiedel-architekten.de\/cms\/wp-content\/uploads\/2019\/11\/WB-Hauptschule-Modell-1920x1309.jpg\" data-srcset=\"http:\/\/einsiedel-architekten.de\/cms\/wp-content\/uploads\/2019\/11\/WB-Hauptschule-Modell-1920x1309.jpg 1920w, http:\/\/einsiedel-architekten.de\/cms\/wp-content\/uploads\/2019\/11\/WB-Hauptschule-Modell-300x204.jpg 300w, http:\/\/einsiedel-architekten.de\/cms\/wp-content\/uploads\/2019\/11\/WB-Hauptschule-Modell-768x523.jpg 768w, http:\/\/einsiedel-architekten.de\/cms\/wp-content\/uploads\/2019\/11\/WB-Hauptschule-Modell-1024x698.jpg 1024w, http:\/\/einsiedel-architekten.de\/cms\/wp-content\/uploads\/2019\/11\/WB-Hauptschule-Modell-500x341.jpg 500w, http:\/\/einsiedel-architekten.de\/cms\/wp-content\/uploads\/2019\/11\/WB-Hauptschule-Modell-800x545.jpg 800w, http:\/\/einsiedel-architekten.de\/cms\/wp-content\/uploads\/2019\/11\/WB-Hauptschule-Modell-1280x872.jpg 1280w, http:\/\/einsiedel-architekten.de\/cms\/wp-content\/uploads\/2019\/11\/WB-Hauptschule-Modell-968x660.jpg 968w\" data-sizes=\"auto\" loading=\"eager\">\n\t\t<\/a>\t<\/div>\n<\/div>\n\t<div class=\"vp-portfolio__item-overlay\">\n\t\t\t<a\n\t\thref=\"http:\/\/einsiedel-architekten.de\/cms\/wp-content\/uploads\/2019\/11\/WB-Hauptschule-Modell-1920x1309.jpg\"\n\t\ttabindex=\"-1\" class=\"vp-portfolio__item-meta\" aria-label=\"WB Hauptschule Modell\" \t data-rel=\"lightbox-image-1\" data-rl_title=\"\" data-rl_caption=\"\" title=\"\">\n\t\t\t<\/a>\t<\/div>\n\t\t\t\t<\/figure>\n\t\t\t\t\t<\/div>\n\t\t\n\t\t<div\t\tclass=\"vp-portfolio__item-wrap vp-portfolio__item-uid-e038a9a9\" data-vp-filter=\"\" \t\t>\n\t\t\t<template class=\"vp-portfolio__item-popup\" data-vp-popup-img=\"http:\/\/einsiedel-architekten.de\/cms\/wp-content\/uploads\/2019\/11\/WB-Hauptschule-Lageplan.jpg\" data-vp-popup-img-srcset=\"http:\/\/einsiedel-architekten.de\/cms\/wp-content\/uploads\/2019\/11\/WB-Hauptschule-Lageplan.jpg 1737w, http:\/\/einsiedel-architekten.de\/cms\/wp-content\/uploads\/2019\/11\/WB-Hauptschule-Lageplan-300x214.jpg 300w, http:\/\/einsiedel-architekten.de\/cms\/wp-content\/uploads\/2019\/11\/WB-Hauptschule-Lageplan-768x548.jpg 768w, http:\/\/einsiedel-architekten.de\/cms\/wp-content\/uploads\/2019\/11\/WB-Hauptschule-Lageplan-1024x731.jpg 1024w, http:\/\/einsiedel-architekten.de\/cms\/wp-content\/uploads\/2019\/11\/WB-Hauptschule-Lageplan-500x357.jpg 500w, http:\/\/einsiedel-architekten.de\/cms\/wp-content\/uploads\/2019\/11\/WB-Hauptschule-Lageplan-800x571.jpg 800w, http:\/\/einsiedel-architekten.de\/cms\/wp-content\/uploads\/2019\/11\/WB-Hauptschule-Lageplan-1280x914.jpg 1280w, http:\/\/einsiedel-architekten.de\/cms\/wp-content\/uploads\/2019\/11\/WB-Hauptschule-Lageplan-925x660.jpg 925w\" data-vp-popup-img-size=\"1737x1240\" data-vp-popup-md-img=\"http:\/\/einsiedel-architekten.de\/cms\/wp-content\/uploads\/2019\/11\/WB-Hauptschule-Lageplan-800x571.jpg\" data-vp-popup-md-img-size=\"800x571\" data-vp-popup-sm-img=\"http:\/\/einsiedel-architekten.de\/cms\/wp-content\/uploads\/2019\/11\/WB-Hauptschule-Lageplan-500x357.jpg\" data-vp-popup-sm-img-size=\"500x357\">\n\t<\/template>\n\t\t\t\t\t\t<figure class=\"vp-portfolio__item\">\n\t\t\t\t\n<div class=\"vp-portfolio__item-img-wrap\">\n\t<div class=\"vp-portfolio__item-img\">\n\t\t\t<a\n\t\thref=\"http:\/\/einsiedel-architekten.de\/cms\/wp-content\/uploads\/2019\/11\/WB-Hauptschule-Lageplan.jpg\"\n\t\taria-label=\"WB Hauptschule Lageplan\" \t data-rel=\"lightbox-image-2\" data-rl_title=\"\" data-rl_caption=\"\" title=\"\">\n\t\n\t\t<noscript><img loading=\"lazy\" decoding=\"async\" width=\"1737\" height=\"1240\" data-skip-lazy src=\"http:\/\/einsiedel-architekten.de\/cms\/wp-content\/uploads\/2019\/11\/WB-Hauptschule-Lageplan.jpg\" class=\"wp-image-686\" alt=\"\" srcset=\"http:\/\/einsiedel-architekten.de\/cms\/wp-content\/uploads\/2019\/11\/WB-Hauptschule-Lageplan.jpg 1737w, http:\/\/einsiedel-architekten.de\/cms\/wp-content\/uploads\/2019\/11\/WB-Hauptschule-Lageplan-300x214.jpg 300w, http:\/\/einsiedel-architekten.de\/cms\/wp-content\/uploads\/2019\/11\/WB-Hauptschule-Lageplan-768x548.jpg 768w, http:\/\/einsiedel-architekten.de\/cms\/wp-content\/uploads\/2019\/11\/WB-Hauptschule-Lageplan-1024x731.jpg 1024w, http:\/\/einsiedel-architekten.de\/cms\/wp-content\/uploads\/2019\/11\/WB-Hauptschule-Lageplan-500x357.jpg 500w, http:\/\/einsiedel-architekten.de\/cms\/wp-content\/uploads\/2019\/11\/WB-Hauptschule-Lageplan-800x571.jpg 800w, http:\/\/einsiedel-architekten.de\/cms\/wp-content\/uploads\/2019\/11\/WB-Hauptschule-Lageplan-1280x914.jpg 1280w, http:\/\/einsiedel-architekten.de\/cms\/wp-content\/uploads\/2019\/11\/WB-Hauptschule-Lageplan-925x660.jpg 925w\" sizes=\"auto, (max-width: 1737px) 100vw, 1737px\" \/><\/noscript><img decoding=\"async\" width=\"1737\" height=\"1240\" src=\"http:\/\/einsiedel-architekten.de\/cms\/wp-content\/uploads\/2019\/11\/WB-Hauptschule-Lageplan.jpg\" class=\"wp-image-686 vp-lazyload\" alt srcset=\"data:image\/svg+xml;base64,PHN2ZyB3aWR0aD0iMTczNyIgaGVpZ2h0PSIxMjQwIiB2aWV3Qm94PSIwIDAgMTczNyAxMjQwIiBmaWxsPSJub25lIiB4bWxucz0iaHR0cDovL3d3dy53My5vcmcvMjAwMC9zdmciPjwvc3ZnPg==\" data-src=\"http:\/\/einsiedel-architekten.de\/cms\/wp-content\/uploads\/2019\/11\/WB-Hauptschule-Lageplan.jpg\" data-srcset=\"http:\/\/einsiedel-architekten.de\/cms\/wp-content\/uploads\/2019\/11\/WB-Hauptschule-Lageplan.jpg 1737w, http:\/\/einsiedel-architekten.de\/cms\/wp-content\/uploads\/2019\/11\/WB-Hauptschule-Lageplan-300x214.jpg 300w, http:\/\/einsiedel-architekten.de\/cms\/wp-content\/uploads\/2019\/11\/WB-Hauptschule-Lageplan-768x548.jpg 768w, http:\/\/einsiedel-architekten.de\/cms\/wp-content\/uploads\/2019\/11\/WB-Hauptschule-Lageplan-1024x731.jpg 1024w, http:\/\/einsiedel-architekten.de\/cms\/wp-content\/uploads\/2019\/11\/WB-Hauptschule-Lageplan-500x357.jpg 500w, http:\/\/einsiedel-architekten.de\/cms\/wp-content\/uploads\/2019\/11\/WB-Hauptschule-Lageplan-800x571.jpg 800w, http:\/\/einsiedel-architekten.de\/cms\/wp-content\/uploads\/2019\/11\/WB-Hauptschule-Lageplan-1280x914.jpg 1280w, http:\/\/einsiedel-architekten.de\/cms\/wp-content\/uploads\/2019\/11\/WB-Hauptschule-Lageplan-925x660.jpg 925w\" data-sizes=\"auto\" loading=\"eager\">\n\t\t<\/a>\t<\/div>\n<\/div>\n\t<div class=\"vp-portfolio__item-overlay\">\n\t\t\t<a\n\t\thref=\"http:\/\/einsiedel-architekten.de\/cms\/wp-content\/uploads\/2019\/11\/WB-Hauptschule-Lageplan.jpg\"\n\t\ttabindex=\"-1\" class=\"vp-portfolio__item-meta\" aria-label=\"WB Hauptschule Lageplan\" \t data-rel=\"lightbox-image-3\" data-rl_title=\"\" data-rl_caption=\"\" title=\"\">\n\t\t\t<\/a>\t<\/div>\n\t\t\t\t<\/figure>\n\t\t\t\t\t<\/div>\n\t\t\n\t\t<div\t\tclass=\"vp-portfolio__item-wrap vp-portfolio__item-uid-6b8457fd\" data-vp-filter=\"\" \t\t>\n\t\t\t<template class=\"vp-portfolio__item-popup\" data-vp-popup-img=\"http:\/\/einsiedel-architekten.de\/cms\/wp-content\/uploads\/2019\/11\/WB-Hauptschule-EG.jpg\" data-vp-popup-img-srcset=\"http:\/\/einsiedel-architekten.de\/cms\/wp-content\/uploads\/2019\/11\/WB-Hauptschule-EG.jpg 1743w, http:\/\/einsiedel-architekten.de\/cms\/wp-content\/uploads\/2019\/11\/WB-Hauptschule-EG-300x213.jpg 300w, http:\/\/einsiedel-architekten.de\/cms\/wp-content\/uploads\/2019\/11\/WB-Hauptschule-EG-768x546.jpg 768w, http:\/\/einsiedel-architekten.de\/cms\/wp-content\/uploads\/2019\/11\/WB-Hauptschule-EG-1024x728.jpg 1024w, http:\/\/einsiedel-architekten.de\/cms\/wp-content\/uploads\/2019\/11\/WB-Hauptschule-EG-500x356.jpg 500w, http:\/\/einsiedel-architekten.de\/cms\/wp-content\/uploads\/2019\/11\/WB-Hauptschule-EG-800x569.jpg 800w, http:\/\/einsiedel-architekten.de\/cms\/wp-content\/uploads\/2019\/11\/WB-Hauptschule-EG-1280x911.jpg 1280w, http:\/\/einsiedel-architekten.de\/cms\/wp-content\/uploads\/2019\/11\/WB-Hauptschule-EG-928x660.jpg 928w\" data-vp-popup-img-size=\"1743x1240\" data-vp-popup-md-img=\"http:\/\/einsiedel-architekten.de\/cms\/wp-content\/uploads\/2019\/11\/WB-Hauptschule-EG-800x569.jpg\" data-vp-popup-md-img-size=\"800x569\" data-vp-popup-sm-img=\"http:\/\/einsiedel-architekten.de\/cms\/wp-content\/uploads\/2019\/11\/WB-Hauptschule-EG-500x356.jpg\" data-vp-popup-sm-img-size=\"500x356\">\n\t<\/template>\n\t\t\t\t\t\t<figure class=\"vp-portfolio__item\">\n\t\t\t\t\n<div class=\"vp-portfolio__item-img-wrap\">\n\t<div class=\"vp-portfolio__item-img\">\n\t\t\t<a\n\t\thref=\"http:\/\/einsiedel-architekten.de\/cms\/wp-content\/uploads\/2019\/11\/WB-Hauptschule-EG.jpg\"\n\t\taria-label=\"WB Hauptschule EG\" \t data-rel=\"lightbox-image-4\" data-rl_title=\"\" data-rl_caption=\"\" title=\"\">\n\t\n\t\t<noscript><img loading=\"lazy\" decoding=\"async\" width=\"1743\" height=\"1240\" data-skip-lazy src=\"http:\/\/einsiedel-architekten.de\/cms\/wp-content\/uploads\/2019\/11\/WB-Hauptschule-EG.jpg\" class=\"wp-image-685\" alt=\"\" srcset=\"http:\/\/einsiedel-architekten.de\/cms\/wp-content\/uploads\/2019\/11\/WB-Hauptschule-EG.jpg 1743w, http:\/\/einsiedel-architekten.de\/cms\/wp-content\/uploads\/2019\/11\/WB-Hauptschule-EG-300x213.jpg 300w, http:\/\/einsiedel-architekten.de\/cms\/wp-content\/uploads\/2019\/11\/WB-Hauptschule-EG-768x546.jpg 768w, http:\/\/einsiedel-architekten.de\/cms\/wp-content\/uploads\/2019\/11\/WB-Hauptschule-EG-1024x728.jpg 1024w, http:\/\/einsiedel-architekten.de\/cms\/wp-content\/uploads\/2019\/11\/WB-Hauptschule-EG-500x356.jpg 500w, http:\/\/einsiedel-architekten.de\/cms\/wp-content\/uploads\/2019\/11\/WB-Hauptschule-EG-800x569.jpg 800w, http:\/\/einsiedel-architekten.de\/cms\/wp-content\/uploads\/2019\/11\/WB-Hauptschule-EG-1280x911.jpg 1280w, http:\/\/einsiedel-architekten.de\/cms\/wp-content\/uploads\/2019\/11\/WB-Hauptschule-EG-928x660.jpg 928w\" sizes=\"auto, (max-width: 1743px) 100vw, 1743px\" \/><\/noscript><img decoding=\"async\" width=\"1743\" height=\"1240\" src=\"http:\/\/einsiedel-architekten.de\/cms\/wp-content\/uploads\/2019\/11\/WB-Hauptschule-EG.jpg\" class=\"wp-image-685 vp-lazyload\" alt srcset=\"data:image\/svg+xml;base64,PHN2ZyB3aWR0aD0iMTc0MyIgaGVpZ2h0PSIxMjQwIiB2aWV3Qm94PSIwIDAgMTc0MyAxMjQwIiBmaWxsPSJub25lIiB4bWxucz0iaHR0cDovL3d3dy53My5vcmcvMjAwMC9zdmciPjwvc3ZnPg==\" data-src=\"http:\/\/einsiedel-architekten.de\/cms\/wp-content\/uploads\/2019\/11\/WB-Hauptschule-EG.jpg\" data-srcset=\"http:\/\/einsiedel-architekten.de\/cms\/wp-content\/uploads\/2019\/11\/WB-Hauptschule-EG.jpg 1743w, http:\/\/einsiedel-architekten.de\/cms\/wp-content\/uploads\/2019\/11\/WB-Hauptschule-EG-300x213.jpg 300w, http:\/\/einsiedel-architekten.de\/cms\/wp-content\/uploads\/2019\/11\/WB-Hauptschule-EG-768x546.jpg 768w, http:\/\/einsiedel-architekten.de\/cms\/wp-content\/uploads\/2019\/11\/WB-Hauptschule-EG-1024x728.jpg 1024w, http:\/\/einsiedel-architekten.de\/cms\/wp-content\/uploads\/2019\/11\/WB-Hauptschule-EG-500x356.jpg 500w, http:\/\/einsiedel-architekten.de\/cms\/wp-content\/uploads\/2019\/11\/WB-Hauptschule-EG-800x569.jpg 800w, http:\/\/einsiedel-architekten.de\/cms\/wp-content\/uploads\/2019\/11\/WB-Hauptschule-EG-1280x911.jpg 1280w, http:\/\/einsiedel-architekten.de\/cms\/wp-content\/uploads\/2019\/11\/WB-Hauptschule-EG-928x660.jpg 928w\" data-sizes=\"auto\" loading=\"eager\">\n\t\t<\/a>\t<\/div>\n<\/div>\n\t<div class=\"vp-portfolio__item-overlay\">\n\t\t\t<a\n\t\thref=\"http:\/\/einsiedel-architekten.de\/cms\/wp-content\/uploads\/2019\/11\/WB-Hauptschule-EG.jpg\"\n\t\ttabindex=\"-1\" class=\"vp-portfolio__item-meta\" aria-label=\"WB Hauptschule EG\" \t data-rel=\"lightbox-image-5\" data-rl_title=\"\" data-rl_caption=\"\" title=\"\">\n\t\t\t<\/a>\t<\/div>\n\t\t\t\t<\/figure>\n\t\t\t\t\t<\/div>\n\t\t\n\t\t<div\t\tclass=\"vp-portfolio__item-wrap vp-portfolio__item-uid-ad894c25\" data-vp-filter=\"\" \t\t>\n\t\t\t<template class=\"vp-portfolio__item-popup\" data-vp-popup-img=\"http:\/\/einsiedel-architekten.de\/cms\/wp-content\/uploads\/2019\/11\/WB-Hauptschule-OG.jpg\" data-vp-popup-img-srcset=\"http:\/\/einsiedel-architekten.de\/cms\/wp-content\/uploads\/2019\/11\/WB-Hauptschule-OG.jpg 1754w, http:\/\/einsiedel-architekten.de\/cms\/wp-content\/uploads\/2019\/11\/WB-Hauptschule-OG-300x212.jpg 300w, http:\/\/einsiedel-architekten.de\/cms\/wp-content\/uploads\/2019\/11\/WB-Hauptschule-OG-768x543.jpg 768w, http:\/\/einsiedel-architekten.de\/cms\/wp-content\/uploads\/2019\/11\/WB-Hauptschule-OG-1024x724.jpg 1024w, http:\/\/einsiedel-architekten.de\/cms\/wp-content\/uploads\/2019\/11\/WB-Hauptschule-OG-500x353.jpg 500w, http:\/\/einsiedel-architekten.de\/cms\/wp-content\/uploads\/2019\/11\/WB-Hauptschule-OG-800x566.jpg 800w, http:\/\/einsiedel-architekten.de\/cms\/wp-content\/uploads\/2019\/11\/WB-Hauptschule-OG-1280x905.jpg 1280w, http:\/\/einsiedel-architekten.de\/cms\/wp-content\/uploads\/2019\/11\/WB-Hauptschule-OG-934x660.jpg 934w\" data-vp-popup-img-size=\"1754x1240\" data-vp-popup-md-img=\"http:\/\/einsiedel-architekten.de\/cms\/wp-content\/uploads\/2019\/11\/WB-Hauptschule-OG-800x566.jpg\" data-vp-popup-md-img-size=\"800x566\" data-vp-popup-sm-img=\"http:\/\/einsiedel-architekten.de\/cms\/wp-content\/uploads\/2019\/11\/WB-Hauptschule-OG-500x353.jpg\" data-vp-popup-sm-img-size=\"500x353\">\n\t<\/template>\n\t\t\t\t\t\t<figure class=\"vp-portfolio__item\">\n\t\t\t\t\n<div class=\"vp-portfolio__item-img-wrap\">\n\t<div class=\"vp-portfolio__item-img\">\n\t\t\t<a\n\t\thref=\"http:\/\/einsiedel-architekten.de\/cms\/wp-content\/uploads\/2019\/11\/WB-Hauptschule-OG.jpg\"\n\t\taria-label=\"WB Hauptschule OG\" \t data-rel=\"lightbox-image-6\" data-rl_title=\"\" data-rl_caption=\"\" title=\"\">\n\t\n\t\t<noscript><img loading=\"lazy\" decoding=\"async\" width=\"1754\" height=\"1240\" data-skip-lazy src=\"http:\/\/einsiedel-architekten.de\/cms\/wp-content\/uploads\/2019\/11\/WB-Hauptschule-OG.jpg\" class=\"wp-image-688\" alt=\"\" srcset=\"http:\/\/einsiedel-architekten.de\/cms\/wp-content\/uploads\/2019\/11\/WB-Hauptschule-OG.jpg 1754w, http:\/\/einsiedel-architekten.de\/cms\/wp-content\/uploads\/2019\/11\/WB-Hauptschule-OG-300x212.jpg 300w, http:\/\/einsiedel-architekten.de\/cms\/wp-content\/uploads\/2019\/11\/WB-Hauptschule-OG-768x543.jpg 768w, http:\/\/einsiedel-architekten.de\/cms\/wp-content\/uploads\/2019\/11\/WB-Hauptschule-OG-1024x724.jpg 1024w, http:\/\/einsiedel-architekten.de\/cms\/wp-content\/uploads\/2019\/11\/WB-Hauptschule-OG-500x353.jpg 500w, http:\/\/einsiedel-architekten.de\/cms\/wp-content\/uploads\/2019\/11\/WB-Hauptschule-OG-800x566.jpg 800w, http:\/\/einsiedel-architekten.de\/cms\/wp-content\/uploads\/2019\/11\/WB-Hauptschule-OG-1280x905.jpg 1280w, http:\/\/einsiedel-architekten.de\/cms\/wp-content\/uploads\/2019\/11\/WB-Hauptschule-OG-934x660.jpg 934w\" sizes=\"auto, (max-width: 1754px) 100vw, 1754px\" \/><\/noscript><img decoding=\"async\" width=\"1754\" height=\"1240\" src=\"http:\/\/einsiedel-architekten.de\/cms\/wp-content\/uploads\/2019\/11\/WB-Hauptschule-OG.jpg\" class=\"wp-image-688 vp-lazyload\" alt srcset=\"data:image\/svg+xml;base64,PHN2ZyB3aWR0aD0iMTc1NCIgaGVpZ2h0PSIxMjQwIiB2aWV3Qm94PSIwIDAgMTc1NCAxMjQwIiBmaWxsPSJub25lIiB4bWxucz0iaHR0cDovL3d3dy53My5vcmcvMjAwMC9zdmciPjwvc3ZnPg==\" data-src=\"http:\/\/einsiedel-architekten.de\/cms\/wp-content\/uploads\/2019\/11\/WB-Hauptschule-OG.jpg\" data-srcset=\"http:\/\/einsiedel-architekten.de\/cms\/wp-content\/uploads\/2019\/11\/WB-Hauptschule-OG.jpg 1754w, http:\/\/einsiedel-architekten.de\/cms\/wp-content\/uploads\/2019\/11\/WB-Hauptschule-OG-300x212.jpg 300w, http:\/\/einsiedel-architekten.de\/cms\/wp-content\/uploads\/2019\/11\/WB-Hauptschule-OG-768x543.jpg 768w, http:\/\/einsiedel-architekten.de\/cms\/wp-content\/uploads\/2019\/11\/WB-Hauptschule-OG-1024x724.jpg 1024w, http:\/\/einsiedel-architekten.de\/cms\/wp-content\/uploads\/2019\/11\/WB-Hauptschule-OG-500x353.jpg 500w, http:\/\/einsiedel-architekten.de\/cms\/wp-content\/uploads\/2019\/11\/WB-Hauptschule-OG-800x566.jpg 800w, http:\/\/einsiedel-architekten.de\/cms\/wp-content\/uploads\/2019\/11\/WB-Hauptschule-OG-1280x905.jpg 1280w, http:\/\/einsiedel-architekten.de\/cms\/wp-content\/uploads\/2019\/11\/WB-Hauptschule-OG-934x660.jpg 934w\" data-sizes=\"auto\" loading=\"eager\">\n\t\t<\/a>\t<\/div>\n<\/div>\n\t<div class=\"vp-portfolio__item-overlay\">\n\t\t\t<a\n\t\thref=\"http:\/\/einsiedel-architekten.de\/cms\/wp-content\/uploads\/2019\/11\/WB-Hauptschule-OG.jpg\"\n\t\ttabindex=\"-1\" class=\"vp-portfolio__item-meta\" aria-label=\"WB Hauptschule OG\" \t data-rel=\"lightbox-image-7\" data-rl_title=\"\" data-rl_caption=\"\" title=\"\">\n\t\t\t<\/a>\t<\/div>\n\t\t\t\t<\/figure>\n\t\t\t\t\t<\/div>\n\t\t\n\t\t<div\t\tclass=\"vp-portfolio__item-wrap vp-portfolio__item-uid-4759440a\" data-vp-filter=\"\" \t\t>\n\t\t\t<template class=\"vp-portfolio__item-popup\" data-vp-popup-img=\"http:\/\/einsiedel-architekten.de\/cms\/wp-content\/uploads\/2019\/11\/WB-Hauptschule-Schnitt.jpg\" data-vp-popup-img-srcset=\"http:\/\/einsiedel-architekten.de\/cms\/wp-content\/uploads\/2019\/11\/WB-Hauptschule-Schnitt.jpg 1736w, http:\/\/einsiedel-architekten.de\/cms\/wp-content\/uploads\/2019\/11\/WB-Hauptschule-Schnitt-300x214.jpg 300w, http:\/\/einsiedel-architekten.de\/cms\/wp-content\/uploads\/2019\/11\/WB-Hauptschule-Schnitt-768x549.jpg 768w, http:\/\/einsiedel-architekten.de\/cms\/wp-content\/uploads\/2019\/11\/WB-Hauptschule-Schnitt-1024x731.jpg 1024w, http:\/\/einsiedel-architekten.de\/cms\/wp-content\/uploads\/2019\/11\/WB-Hauptschule-Schnitt-500x357.jpg 500w, http:\/\/einsiedel-architekten.de\/cms\/wp-content\/uploads\/2019\/11\/WB-Hauptschule-Schnitt-800x571.jpg 800w, http:\/\/einsiedel-architekten.de\/cms\/wp-content\/uploads\/2019\/11\/WB-Hauptschule-Schnitt-1280x914.jpg 1280w, http:\/\/einsiedel-architekten.de\/cms\/wp-content\/uploads\/2019\/11\/WB-Hauptschule-Schnitt-924x660.jpg 924w\" data-vp-popup-img-size=\"1736x1240\" data-vp-popup-md-img=\"http:\/\/einsiedel-architekten.de\/cms\/wp-content\/uploads\/2019\/11\/WB-Hauptschule-Schnitt-800x571.jpg\" data-vp-popup-md-img-size=\"800x571\" data-vp-popup-sm-img=\"http:\/\/einsiedel-architekten.de\/cms\/wp-content\/uploads\/2019\/11\/WB-Hauptschule-Schnitt-500x357.jpg\" data-vp-popup-sm-img-size=\"500x357\">\n\t<\/template>\n\t\t\t\t\t\t<figure class=\"vp-portfolio__item\">\n\t\t\t\t\n<div class=\"vp-portfolio__item-img-wrap\">\n\t<div class=\"vp-portfolio__item-img\">\n\t\t\t<a\n\t\thref=\"http:\/\/einsiedel-architekten.de\/cms\/wp-content\/uploads\/2019\/11\/WB-Hauptschule-Schnitt.jpg\"\n\t\taria-label=\"WB Hauptschule Schnitt\" \t data-rel=\"lightbox-image-8\" data-rl_title=\"\" data-rl_caption=\"\" title=\"\">\n\t\n\t\t<noscript><img loading=\"lazy\" decoding=\"async\" width=\"1736\" height=\"1240\" data-skip-lazy src=\"http:\/\/einsiedel-architekten.de\/cms\/wp-content\/uploads\/2019\/11\/WB-Hauptschule-Schnitt.jpg\" class=\"wp-image-689\" alt=\"\" srcset=\"http:\/\/einsiedel-architekten.de\/cms\/wp-content\/uploads\/2019\/11\/WB-Hauptschule-Schnitt.jpg 1736w, http:\/\/einsiedel-architekten.de\/cms\/wp-content\/uploads\/2019\/11\/WB-Hauptschule-Schnitt-300x214.jpg 300w, http:\/\/einsiedel-architekten.de\/cms\/wp-content\/uploads\/2019\/11\/WB-Hauptschule-Schnitt-768x549.jpg 768w, http:\/\/einsiedel-architekten.de\/cms\/wp-content\/uploads\/2019\/11\/WB-Hauptschule-Schnitt-1024x731.jpg 1024w, http:\/\/einsiedel-architekten.de\/cms\/wp-content\/uploads\/2019\/11\/WB-Hauptschule-Schnitt-500x357.jpg 500w, http:\/\/einsiedel-architekten.de\/cms\/wp-content\/uploads\/2019\/11\/WB-Hauptschule-Schnitt-800x571.jpg 800w, http:\/\/einsiedel-architekten.de\/cms\/wp-content\/uploads\/2019\/11\/WB-Hauptschule-Schnitt-1280x914.jpg 1280w, http:\/\/einsiedel-architekten.de\/cms\/wp-content\/uploads\/2019\/11\/WB-Hauptschule-Schnitt-924x660.jpg 924w\" sizes=\"auto, (max-width: 1736px) 100vw, 1736px\" \/><\/noscript><img decoding=\"async\" width=\"1736\" height=\"1240\" src=\"http:\/\/einsiedel-architekten.de\/cms\/wp-content\/uploads\/2019\/11\/WB-Hauptschule-Schnitt.jpg\" class=\"wp-image-689 vp-lazyload\" alt srcset=\"data:image\/svg+xml;base64,PHN2ZyB3aWR0aD0iMTczNiIgaGVpZ2h0PSIxMjQwIiB2aWV3Qm94PSIwIDAgMTczNiAxMjQwIiBmaWxsPSJub25lIiB4bWxucz0iaHR0cDovL3d3dy53My5vcmcvMjAwMC9zdmciPjwvc3ZnPg==\" data-src=\"http:\/\/einsiedel-architekten.de\/cms\/wp-content\/uploads\/2019\/11\/WB-Hauptschule-Schnitt.jpg\" data-srcset=\"http:\/\/einsiedel-architekten.de\/cms\/wp-content\/uploads\/2019\/11\/WB-Hauptschule-Schnitt.jpg 1736w, http:\/\/einsiedel-architekten.de\/cms\/wp-content\/uploads\/2019\/11\/WB-Hauptschule-Schnitt-300x214.jpg 300w, http:\/\/einsiedel-architekten.de\/cms\/wp-content\/uploads\/2019\/11\/WB-Hauptschule-Schnitt-768x549.jpg 768w, http:\/\/einsiedel-architekten.de\/cms\/wp-content\/uploads\/2019\/11\/WB-Hauptschule-Schnitt-1024x731.jpg 1024w, http:\/\/einsiedel-architekten.de\/cms\/wp-content\/uploads\/2019\/11\/WB-Hauptschule-Schnitt-500x357.jpg 500w, http:\/\/einsiedel-architekten.de\/cms\/wp-content\/uploads\/2019\/11\/WB-Hauptschule-Schnitt-800x571.jpg 800w, http:\/\/einsiedel-architekten.de\/cms\/wp-content\/uploads\/2019\/11\/WB-Hauptschule-Schnitt-1280x914.jpg 1280w, http:\/\/einsiedel-architekten.de\/cms\/wp-content\/uploads\/2019\/11\/WB-Hauptschule-Schnitt-924x660.jpg 924w\" data-sizes=\"auto\" loading=\"eager\">\n\t\t<\/a>\t<\/div>\n<\/div>\n\t<div class=\"vp-portfolio__item-overlay\">\n\t\t\t<a\n\t\thref=\"http:\/\/einsiedel-architekten.de\/cms\/wp-content\/uploads\/2019\/11\/WB-Hauptschule-Schnitt.jpg\"\n\t\ttabindex=\"-1\" class=\"vp-portfolio__item-meta\" aria-label=\"WB Hauptschule Schnitt\" \t data-rel=\"lightbox-image-9\" data-rl_title=\"\" data-rl_caption=\"\" title=\"\">\n\t\t\t<\/a>\t<\/div>\n\t\t\t\t<\/figure>\n\t\t\t\t\t<\/div>\n\t\t\n<\/div>\n\n<div class=\"vp-portfolio__items-arrow vp-portfolio__items-arrow-prev\" tabindex=\"0\" role=\"button\" aria-label=\"Previous Slide\">\n\t\n<svg class=\"vp-svg-icon\" width=\"20\" height=\"20\" viewBox=\"0 0 20 20\" fill=\"none\" xmlns=\"http:\/\/www.w3.org\/2000\/svg\">\n\t<path d=\"M12 4L6 10L12 16\" stroke=\"currentColor\" stroke-width=\"1.5\" stroke-linecap=\"round\" stroke-linejoin=\"round\" fill=\"transparent\" \/>\n<\/svg>\n<\/div>\n<div class=\"vp-portfolio__items-arrow vp-portfolio__items-arrow-next\" tabindex=\"0\" role=\"button\" aria-label=\"Next Slide\">\n\t\n<svg class=\"vp-svg-icon\" width=\"20\" height=\"20\" viewBox=\"0 0 20 20\" fill=\"none\" xmlns=\"http:\/\/www.w3.org\/2000\/svg\">\n\t<path d=\"M8 4L14 10L8 16\" stroke=\"currentColor\" stroke-width=\"1.5\" stroke-linecap=\"round\" stroke-linejoin=\"round\" fill=\"transparent\" \/>\n<\/svg>\n<\/div>\n\n<div class=\"vp-portfolio__items-bullets\"><\/div>\n\t\t<\/div>\n\t\t\n<\/div>\n<\/div>\n\n\n\n<p><\/p>\n\n\n\n<p style=\"color:#dd890b\" class=\"has-text-color\">REALISIERUNGSWETTBEWERB HAUPTSCHULE K\u00d6NIGSBRUNN<br>Stadt K\u00f6nigsbrunn<br><strong>Anerkennung<\/strong> <br><br><\/p>\n\n\n\n<p>Die Schule soll am Stadtrand als erster Neubau im neuen Wohngebiet errichtet werden. Die Lage zwischen Ackerland und geplantem Gr\u00fcnzug hat keine st\u00e4dtebauliche Bez\u00fcge. Ein klar geformter und kompakter Bauk\u00f6rper ist angemessen auch in energetischer Hinsicht. <\/p>\n\n\n\n<p>Das Schulareal gliedert sich in zwei H\u00e4lften : die n\u00f6rdliche mit Bebauung und Parkplatz, die s\u00fcdliche mit unterschiedlichen Vegetationszonen und Schulsport. Mit Einschnitten in den Quader werden Eingangs- und Pausenhof geformt verbunden durch einen gro\u00dfz\u00fcgige Halle. Auf die sanfte Biegung der Allee antwortet die Stra\u00dfenfassade mit verschwenkten Fronten, die zum Eingang hinleiten.<\/p>\n\n\n\n<p>Die Verteilung der Bereiche entwickelt sich aus den unterschiedlichen Bedingungen des Grundst\u00fccks : die auch separat zug\u00e4ngliche Turnhalle u. Sportplatz im Osten, dem Ort zugewandt und hinsichtlich L\u00e4rm weit genug entfernt vom neuen Wohnquartier im Westen; die Stammklassen ruhig nach S\u00fcden mit vorgelagerten Klasseng\u00e4rten; die l\u00e4rmempfindlichen Fachklassen nach Westen, die unempfindlichen und die Verwaltung nach Norden zur Stra\u00dfe.<\/p>\n\n\n\n<p>Das 2-gescho\u00dfigen Geb\u00e4udes ist \u00fcberwiegend aus Holz : Holzst\u00e4nderbau f\u00fcr W\u00e4nde, Holz\/Beton-Verbunddecken, BSH-St\u00fctzen und Tr\u00e4ger f\u00fcr die Turnhalle; lasierte Mehrschichtplatten als Fassadentafeln; 3-fach Verglasung; Niedrigenergie-Standard.<\/p>\n","protected":false},"excerpt":{"rendered":"<p>REALISIERUNGSWETTBEWERB HAUPTSCHULE K\u00d6NIGSBRUNNStadt K\u00f6nigsbrunnAnerkennung Die Schule soll am Stadtrand als erster Neubau im neuen Wohngebiet errichtet werden. Die Lage zwischen Ackerland und geplantem Gr\u00fcnzug hat keine st\u00e4dtebauliche Bez\u00fcge. Ein klar geformter und kompakter Bauk\u00f6rper ist angemessen auch in energetischer Hinsicht. Das Schulareal gliedert sich in zwei H\u00e4lften : die n\u00f6rdliche mit Bebauung und Parkplatz, die [&hellip;]<\/p>\n","protected":false},"author":2,"featured_media":0,"parent":0,"menu_order":0,"comment_status":"closed","ping_status":"closed","template":"","meta":{"_vp_format_video_url":"","_vp_image_focal_point":[],"footnotes":""},"folder":[3],"class_list":["post-682","page","type-page","status-publish","hentry"],"_links":{"self":[{"href":"http:\/\/einsiedel-architekten.de\/cms\/wp-json\/wp\/v2\/pages\/682","targetHints":{"allow":["GET"]}}],"collection":[{"href":"http:\/\/einsiedel-architekten.de\/cms\/wp-json\/wp\/v2\/pages"}],"about":[{"href":"http:\/\/einsiedel-architekten.de\/cms\/wp-json\/wp\/v2\/types\/page"}],"author":[{"embeddable":true,"href":"http:\/\/einsiedel-architekten.de\/cms\/wp-json\/wp\/v2\/users\/2"}],"replies":[{"embeddable":true,"href":"http:\/\/einsiedel-architekten.de\/cms\/wp-json\/wp\/v2\/comments?post=682"}],"version-history":[{"count":9,"href":"http:\/\/einsiedel-architekten.de\/cms\/wp-json\/wp\/v2\/pages\/682\/revisions"}],"predecessor-version":[{"id":1316,"href":"http:\/\/einsiedel-architekten.de\/cms\/wp-json\/wp\/v2\/pages\/682\/revisions\/1316"}],"wp:attachment":[{"href":"http:\/\/einsiedel-architekten.de\/cms\/wp-json\/wp\/v2\/media?parent=682"}],"wp:term":[{"taxonomy":"folder","embeddable":true,"href":"http:\/\/einsiedel-architekten.de\/cms\/wp-json\/wp\/v2\/folder?post=682"}],"curies":[{"name":"wp","href":"https:\/\/api.w.org\/{rel}","templated":true}]}}