{"id":617,"date":"2019-11-11T16:34:36","date_gmt":"2019-11-11T15:34:36","guid":{"rendered":"http:\/\/einsiedel-architekten.de\/cms\/?page_id=617"},"modified":"2019-11-20T17:21:40","modified_gmt":"2019-11-20T16:21:40","slug":"villa-falkenrain","status":"publish","type":"page","link":"http:\/\/einsiedel-architekten.de\/cms\/villa-falkenrain\/","title":{"rendered":"2008 villa falkenrain, stuttgart-killesberg"},"content":{"rendered":"\n<div class=\"wp-block-nk-visual-portfolio\">\n<div class=\"vp-portfolio vp-uid-f2f649a8 vp-id-625 \"\n\tdata-vp-layout=\"slider\" data-vp-content-source=\"images\" data-vp-items-style=\"fly\" data-vp-items-click-action=\"popup_gallery\" data-vp-items-gap=\"15\" data-vp-items-gap-vertical=\"\" data-vp-pagination=\"load-more\" data-vp-next-page-url=\"\" data-vp-slider-effect=\"slide\" data-vp-slider-items-height=\"80%\" data-vp-slider-items-min-height=\"\" data-vp-slider-slides-per-view=\"2\" data-vp-slider-speed=\"1.5\" data-vp-slider-autoplay=\"4\" data-vp-slider-autoplay-hover-pause=\"false\" data-vp-slider-centered-slides=\"true\" data-vp-slider-loop=\"false\" data-vp-slider-free-mode=\"false\" data-vp-slider-free-mode-sticky=\"false\" data-vp-slider-arrows=\"true\" data-vp-slider-bullets=\"true\" data-vp-slider-bullets-dynamic=\"false\" data-vp-slider-mousewheel=\"false\" data-vp-slider-thumbnails=\"false\" >\n\t<div class=\"vp-portfolio__preloader-wrap\">\n\t\t<div class=\"vp-portfolio__preloader\">\n\t\t\t<img decoding=\"async\" loading=\"eager\" src=\"http:\/\/einsiedel-architekten.de\/cms\/wp-content\/plugins\/visual-portfolio\/assets\/images\/logo-dark.svg\" alt=\"Visual Portfolio, Posts &amp; Image Gallery for WordPress\" width=\"20\" height=\"20\" data-skip-lazy>\n\t\t<\/div>\n\t<\/div>\n\t\t<div class=\"vp-portfolio__items-wrap\">\n\t\t\t\n<div class=\"vp-portfolio__items vp-portfolio__items-style-fly vp-portfolio__items-show-overlay-hover\">\n\n\t\t<div\t\tclass=\"vp-portfolio__item-wrap vp-portfolio__item-uid-a506e25f\" data-vp-filter=\"\" \t\t>\n\t\t\t<template class=\"vp-portfolio__item-popup\" data-vp-popup-img=\"http:\/\/einsiedel-architekten.de\/cms\/wp-content\/uploads\/2019\/11\/falkenrain-fassade-strasse-1-1920x1279.jpg\" data-vp-popup-img-srcset=\"http:\/\/einsiedel-architekten.de\/cms\/wp-content\/uploads\/2019\/11\/falkenrain-fassade-strasse-1-1920x1279.jpg 1920w, http:\/\/einsiedel-architekten.de\/cms\/wp-content\/uploads\/2019\/11\/falkenrain-fassade-strasse-1-300x200.jpg 300w, http:\/\/einsiedel-architekten.de\/cms\/wp-content\/uploads\/2019\/11\/falkenrain-fassade-strasse-1-768x512.jpg 768w, http:\/\/einsiedel-architekten.de\/cms\/wp-content\/uploads\/2019\/11\/falkenrain-fassade-strasse-1-1024x682.jpg 1024w, http:\/\/einsiedel-architekten.de\/cms\/wp-content\/uploads\/2019\/11\/falkenrain-fassade-strasse-1-500x333.jpg 500w, http:\/\/einsiedel-architekten.de\/cms\/wp-content\/uploads\/2019\/11\/falkenrain-fassade-strasse-1-800x533.jpg 800w, http:\/\/einsiedel-architekten.de\/cms\/wp-content\/uploads\/2019\/11\/falkenrain-fassade-strasse-1-1280x853.jpg 1280w, http:\/\/einsiedel-architekten.de\/cms\/wp-content\/uploads\/2019\/11\/falkenrain-fassade-strasse-1-990x660.jpg 990w\" data-vp-popup-img-size=\"1920x1279\" data-vp-popup-md-img=\"http:\/\/einsiedel-architekten.de\/cms\/wp-content\/uploads\/2019\/11\/falkenrain-fassade-strasse-1-800x533.jpg\" data-vp-popup-md-img-size=\"800x533\" data-vp-popup-sm-img=\"http:\/\/einsiedel-architekten.de\/cms\/wp-content\/uploads\/2019\/11\/falkenrain-fassade-strasse-1-500x333.jpg\" data-vp-popup-sm-img-size=\"500x333\">\n\t<\/template>\n\t\t\t\t\t\t<figure class=\"vp-portfolio__item\">\n\t\t\t\t\n<div class=\"vp-portfolio__item-img-wrap\">\n\t<div class=\"vp-portfolio__item-img\">\n\t\t\t<a\n\t\thref=\"http:\/\/einsiedel-architekten.de\/cms\/wp-content\/uploads\/2019\/11\/falkenrain-fassade-strasse-1-1920x1279.jpg\"\n\t\taria-label=\"falkenrain fassade strasse\" \t data-rel=\"lightbox-image-0\" data-rl_title=\"\" data-rl_caption=\"\" title=\"\">\n\t\n\t\t<noscript><img loading=\"lazy\" decoding=\"async\" width=\"1920\" height=\"1279\" data-skip-lazy src=\"http:\/\/einsiedel-architekten.de\/cms\/wp-content\/uploads\/2019\/11\/falkenrain-fassade-strasse-1-1920x1279.jpg\" class=\"wp-image-622\" alt=\"\" srcset=\"http:\/\/einsiedel-architekten.de\/cms\/wp-content\/uploads\/2019\/11\/falkenrain-fassade-strasse-1-1920x1279.jpg 1920w, http:\/\/einsiedel-architekten.de\/cms\/wp-content\/uploads\/2019\/11\/falkenrain-fassade-strasse-1-300x200.jpg 300w, http:\/\/einsiedel-architekten.de\/cms\/wp-content\/uploads\/2019\/11\/falkenrain-fassade-strasse-1-768x512.jpg 768w, http:\/\/einsiedel-architekten.de\/cms\/wp-content\/uploads\/2019\/11\/falkenrain-fassade-strasse-1-1024x682.jpg 1024w, http:\/\/einsiedel-architekten.de\/cms\/wp-content\/uploads\/2019\/11\/falkenrain-fassade-strasse-1-500x333.jpg 500w, http:\/\/einsiedel-architekten.de\/cms\/wp-content\/uploads\/2019\/11\/falkenrain-fassade-strasse-1-800x533.jpg 800w, http:\/\/einsiedel-architekten.de\/cms\/wp-content\/uploads\/2019\/11\/falkenrain-fassade-strasse-1-1280x853.jpg 1280w, http:\/\/einsiedel-architekten.de\/cms\/wp-content\/uploads\/2019\/11\/falkenrain-fassade-strasse-1-990x660.jpg 990w\" sizes=\"auto, (max-width: 1920px) 100vw, 1920px\" \/><\/noscript><img fetchpriority=\"high\" decoding=\"async\" width=\"1920\" height=\"1279\" src=\"http:\/\/einsiedel-architekten.de\/cms\/wp-content\/uploads\/2019\/11\/falkenrain-fassade-strasse-1-1920x1279.jpg\" class=\"wp-image-622 vp-lazyload\" alt srcset=\"data:image\/svg+xml;base64,PHN2ZyB3aWR0aD0iMTkyMCIgaGVpZ2h0PSIxMjc5IiB2aWV3Qm94PSIwIDAgMTkyMCAxMjc5IiBmaWxsPSJub25lIiB4bWxucz0iaHR0cDovL3d3dy53My5vcmcvMjAwMC9zdmciPjwvc3ZnPg==\" data-src=\"http:\/\/einsiedel-architekten.de\/cms\/wp-content\/uploads\/2019\/11\/falkenrain-fassade-strasse-1-1920x1279.jpg\" data-srcset=\"http:\/\/einsiedel-architekten.de\/cms\/wp-content\/uploads\/2019\/11\/falkenrain-fassade-strasse-1-1920x1279.jpg 1920w, http:\/\/einsiedel-architekten.de\/cms\/wp-content\/uploads\/2019\/11\/falkenrain-fassade-strasse-1-300x200.jpg 300w, http:\/\/einsiedel-architekten.de\/cms\/wp-content\/uploads\/2019\/11\/falkenrain-fassade-strasse-1-768x512.jpg 768w, http:\/\/einsiedel-architekten.de\/cms\/wp-content\/uploads\/2019\/11\/falkenrain-fassade-strasse-1-1024x682.jpg 1024w, http:\/\/einsiedel-architekten.de\/cms\/wp-content\/uploads\/2019\/11\/falkenrain-fassade-strasse-1-500x333.jpg 500w, http:\/\/einsiedel-architekten.de\/cms\/wp-content\/uploads\/2019\/11\/falkenrain-fassade-strasse-1-800x533.jpg 800w, http:\/\/einsiedel-architekten.de\/cms\/wp-content\/uploads\/2019\/11\/falkenrain-fassade-strasse-1-1280x853.jpg 1280w, http:\/\/einsiedel-architekten.de\/cms\/wp-content\/uploads\/2019\/11\/falkenrain-fassade-strasse-1-990x660.jpg 990w\" data-sizes=\"auto\" loading=\"eager\">\n\t\t<\/a>\t<\/div>\n<\/div>\n\t<div class=\"vp-portfolio__item-overlay\">\n\t\t\t<a\n\t\thref=\"http:\/\/einsiedel-architekten.de\/cms\/wp-content\/uploads\/2019\/11\/falkenrain-fassade-strasse-1-1920x1279.jpg\"\n\t\ttabindex=\"-1\" class=\"vp-portfolio__item-meta\" aria-label=\"falkenrain fassade strasse\" \t data-rel=\"lightbox-image-1\" data-rl_title=\"\" data-rl_caption=\"\" title=\"\">\n\t\t\t<\/a>\t<\/div>\n\t\t\t\t<\/figure>\n\t\t\t\t\t<\/div>\n\t\t\n\t\t<div\t\tclass=\"vp-portfolio__item-wrap vp-portfolio__item-uid-84b3d480\" data-vp-filter=\"\" \t\t>\n\t\t\t<template class=\"vp-portfolio__item-popup\" data-vp-popup-img=\"http:\/\/einsiedel-architekten.de\/cms\/wp-content\/uploads\/2019\/11\/falkenrain-erker-seite-1280x1920.jpg\" data-vp-popup-img-srcset=\"http:\/\/einsiedel-architekten.de\/cms\/wp-content\/uploads\/2019\/11\/falkenrain-erker-seite-1280x1920.jpg 1280w, http:\/\/einsiedel-architekten.de\/cms\/wp-content\/uploads\/2019\/11\/falkenrain-erker-seite-200x300.jpg 200w, http:\/\/einsiedel-architekten.de\/cms\/wp-content\/uploads\/2019\/11\/falkenrain-erker-seite-768x1152.jpg 768w, http:\/\/einsiedel-architekten.de\/cms\/wp-content\/uploads\/2019\/11\/falkenrain-erker-seite-683x1024.jpg 683w, http:\/\/einsiedel-architekten.de\/cms\/wp-content\/uploads\/2019\/11\/falkenrain-erker-seite-333x500.jpg 333w, http:\/\/einsiedel-architekten.de\/cms\/wp-content\/uploads\/2019\/11\/falkenrain-erker-seite-533x800.jpg 533w, http:\/\/einsiedel-architekten.de\/cms\/wp-content\/uploads\/2019\/11\/falkenrain-erker-seite-854x1280.jpg 854w, http:\/\/einsiedel-architekten.de\/cms\/wp-content\/uploads\/2019\/11\/falkenrain-erker-seite-440x660.jpg 440w\" data-vp-popup-img-size=\"1280x1920\" data-vp-popup-md-img=\"http:\/\/einsiedel-architekten.de\/cms\/wp-content\/uploads\/2019\/11\/falkenrain-erker-seite-533x800.jpg\" data-vp-popup-md-img-size=\"533x800\" data-vp-popup-sm-img=\"http:\/\/einsiedel-architekten.de\/cms\/wp-content\/uploads\/2019\/11\/falkenrain-erker-seite-333x500.jpg\" data-vp-popup-sm-img-size=\"333x500\">\n\t<\/template>\n\t\t\t\t\t\t<figure class=\"vp-portfolio__item\">\n\t\t\t\t\n<div class=\"vp-portfolio__item-img-wrap\">\n\t<div class=\"vp-portfolio__item-img\">\n\t\t\t<a\n\t\thref=\"http:\/\/einsiedel-architekten.de\/cms\/wp-content\/uploads\/2019\/11\/falkenrain-erker-seite-1280x1920.jpg\"\n\t\taria-label=\"falkenrain erker seite\" \t data-rel=\"lightbox-image-2\" data-rl_title=\"\" data-rl_caption=\"\" title=\"\">\n\t\n\t\t<noscript><img loading=\"lazy\" decoding=\"async\" width=\"1280\" height=\"1920\" data-skip-lazy src=\"http:\/\/einsiedel-architekten.de\/cms\/wp-content\/uploads\/2019\/11\/falkenrain-erker-seite-1280x1920.jpg\" class=\"wp-image-621\" alt=\"\" srcset=\"http:\/\/einsiedel-architekten.de\/cms\/wp-content\/uploads\/2019\/11\/falkenrain-erker-seite-1280x1920.jpg 1280w, http:\/\/einsiedel-architekten.de\/cms\/wp-content\/uploads\/2019\/11\/falkenrain-erker-seite-200x300.jpg 200w, http:\/\/einsiedel-architekten.de\/cms\/wp-content\/uploads\/2019\/11\/falkenrain-erker-seite-768x1152.jpg 768w, http:\/\/einsiedel-architekten.de\/cms\/wp-content\/uploads\/2019\/11\/falkenrain-erker-seite-683x1024.jpg 683w, http:\/\/einsiedel-architekten.de\/cms\/wp-content\/uploads\/2019\/11\/falkenrain-erker-seite-333x500.jpg 333w, http:\/\/einsiedel-architekten.de\/cms\/wp-content\/uploads\/2019\/11\/falkenrain-erker-seite-533x800.jpg 533w, http:\/\/einsiedel-architekten.de\/cms\/wp-content\/uploads\/2019\/11\/falkenrain-erker-seite-854x1280.jpg 854w, http:\/\/einsiedel-architekten.de\/cms\/wp-content\/uploads\/2019\/11\/falkenrain-erker-seite-440x660.jpg 440w\" sizes=\"auto, (max-width: 1280px) 100vw, 1280px\" \/><\/noscript><img decoding=\"async\" width=\"1280\" height=\"1920\" src=\"http:\/\/einsiedel-architekten.de\/cms\/wp-content\/uploads\/2019\/11\/falkenrain-erker-seite-1280x1920.jpg\" class=\"wp-image-621 vp-lazyload\" alt srcset=\"data:image\/svg+xml;base64,PHN2ZyB3aWR0aD0iMTI4MCIgaGVpZ2h0PSIxOTIwIiB2aWV3Qm94PSIwIDAgMTI4MCAxOTIwIiBmaWxsPSJub25lIiB4bWxucz0iaHR0cDovL3d3dy53My5vcmcvMjAwMC9zdmciPjwvc3ZnPg==\" data-src=\"http:\/\/einsiedel-architekten.de\/cms\/wp-content\/uploads\/2019\/11\/falkenrain-erker-seite-1280x1920.jpg\" data-srcset=\"http:\/\/einsiedel-architekten.de\/cms\/wp-content\/uploads\/2019\/11\/falkenrain-erker-seite-1280x1920.jpg 1280w, http:\/\/einsiedel-architekten.de\/cms\/wp-content\/uploads\/2019\/11\/falkenrain-erker-seite-200x300.jpg 200w, http:\/\/einsiedel-architekten.de\/cms\/wp-content\/uploads\/2019\/11\/falkenrain-erker-seite-768x1152.jpg 768w, http:\/\/einsiedel-architekten.de\/cms\/wp-content\/uploads\/2019\/11\/falkenrain-erker-seite-683x1024.jpg 683w, http:\/\/einsiedel-architekten.de\/cms\/wp-content\/uploads\/2019\/11\/falkenrain-erker-seite-333x500.jpg 333w, http:\/\/einsiedel-architekten.de\/cms\/wp-content\/uploads\/2019\/11\/falkenrain-erker-seite-533x800.jpg 533w, http:\/\/einsiedel-architekten.de\/cms\/wp-content\/uploads\/2019\/11\/falkenrain-erker-seite-854x1280.jpg 854w, http:\/\/einsiedel-architekten.de\/cms\/wp-content\/uploads\/2019\/11\/falkenrain-erker-seite-440x660.jpg 440w\" data-sizes=\"auto\" loading=\"eager\">\n\t\t<\/a>\t<\/div>\n<\/div>\n\t<div class=\"vp-portfolio__item-overlay\">\n\t\t\t<a\n\t\thref=\"http:\/\/einsiedel-architekten.de\/cms\/wp-content\/uploads\/2019\/11\/falkenrain-erker-seite-1280x1920.jpg\"\n\t\ttabindex=\"-1\" class=\"vp-portfolio__item-meta\" aria-label=\"falkenrain erker seite\" \t data-rel=\"lightbox-image-3\" data-rl_title=\"\" data-rl_caption=\"\" title=\"\">\n\t\t\t<\/a>\t<\/div>\n\t\t\t\t<\/figure>\n\t\t\t\t\t<\/div>\n\t\t\n\t\t<div\t\tclass=\"vp-portfolio__item-wrap vp-portfolio__item-uid-e66c8fe1\" data-vp-filter=\"\" \t\t>\n\t\t\t<template class=\"vp-portfolio__item-popup\" data-vp-popup-img=\"http:\/\/einsiedel-architekten.de\/cms\/wp-content\/uploads\/2019\/11\/falkenrain-pergola.jpg\" data-vp-popup-img-srcset=\"http:\/\/einsiedel-architekten.de\/cms\/wp-content\/uploads\/2019\/11\/falkenrain-pergola-200x300.jpg 200w, http:\/\/einsiedel-architekten.de\/cms\/wp-content\/uploads\/2019\/11\/falkenrain-pergola-768x1152.jpg 768w, http:\/\/einsiedel-architekten.de\/cms\/wp-content\/uploads\/2019\/11\/falkenrain-pergola-682x1024.jpg 682w, http:\/\/einsiedel-architekten.de\/cms\/wp-content\/uploads\/2019\/11\/falkenrain-pergola-333x500.jpg 333w, http:\/\/einsiedel-architekten.de\/cms\/wp-content\/uploads\/2019\/11\/falkenrain-pergola-533x800.jpg 533w, http:\/\/einsiedel-architekten.de\/cms\/wp-content\/uploads\/2019\/11\/falkenrain-pergola-853x1280.jpg 853w, http:\/\/einsiedel-architekten.de\/cms\/wp-content\/uploads\/2019\/11\/falkenrain-pergola-440x660.jpg 440w\" data-vp-popup-img-size=\"1181x1772\" data-vp-popup-md-img=\"http:\/\/einsiedel-architekten.de\/cms\/wp-content\/uploads\/2019\/11\/falkenrain-pergola-533x800.jpg\" data-vp-popup-md-img-size=\"533x800\" data-vp-popup-sm-img=\"http:\/\/einsiedel-architekten.de\/cms\/wp-content\/uploads\/2019\/11\/falkenrain-pergola-333x500.jpg\" data-vp-popup-sm-img-size=\"333x500\">\n\t<\/template>\n\t\t\t\t\t\t<figure class=\"vp-portfolio__item\">\n\t\t\t\t\n<div class=\"vp-portfolio__item-img-wrap\">\n\t<div class=\"vp-portfolio__item-img\">\n\t\t\t<a\n\t\thref=\"http:\/\/einsiedel-architekten.de\/cms\/wp-content\/uploads\/2019\/11\/falkenrain-pergola.jpg\"\n\t\taria-label=\"falkenrain pergola\" \t data-rel=\"lightbox-image-4\" data-rl_title=\"\" data-rl_caption=\"\" title=\"\">\n\t\n\t\t<noscript><img loading=\"lazy\" decoding=\"async\" width=\"1181\" height=\"1772\" data-skip-lazy src=\"http:\/\/einsiedel-architekten.de\/cms\/wp-content\/uploads\/2019\/11\/falkenrain-pergola.jpg\" class=\"wp-image-624\" alt=\"\" srcset=\"http:\/\/einsiedel-architekten.de\/cms\/wp-content\/uploads\/2019\/11\/falkenrain-pergola-200x300.jpg 200w, http:\/\/einsiedel-architekten.de\/cms\/wp-content\/uploads\/2019\/11\/falkenrain-pergola-768x1152.jpg 768w, http:\/\/einsiedel-architekten.de\/cms\/wp-content\/uploads\/2019\/11\/falkenrain-pergola-682x1024.jpg 682w, http:\/\/einsiedel-architekten.de\/cms\/wp-content\/uploads\/2019\/11\/falkenrain-pergola-333x500.jpg 333w, http:\/\/einsiedel-architekten.de\/cms\/wp-content\/uploads\/2019\/11\/falkenrain-pergola-533x800.jpg 533w, http:\/\/einsiedel-architekten.de\/cms\/wp-content\/uploads\/2019\/11\/falkenrain-pergola-853x1280.jpg 853w, http:\/\/einsiedel-architekten.de\/cms\/wp-content\/uploads\/2019\/11\/falkenrain-pergola-440x660.jpg 440w\" sizes=\"auto, (max-width: 1181px) 100vw, 1181px\" \/><\/noscript><img decoding=\"async\" width=\"1181\" height=\"1772\" src=\"http:\/\/einsiedel-architekten.de\/cms\/wp-content\/uploads\/2019\/11\/falkenrain-pergola.jpg\" class=\"wp-image-624 vp-lazyload\" alt srcset=\"data:image\/svg+xml;base64,PHN2ZyB3aWR0aD0iMTE4MSIgaGVpZ2h0PSIxNzcyIiB2aWV3Qm94PSIwIDAgMTE4MSAxNzcyIiBmaWxsPSJub25lIiB4bWxucz0iaHR0cDovL3d3dy53My5vcmcvMjAwMC9zdmciPjwvc3ZnPg==\" data-src=\"http:\/\/einsiedel-architekten.de\/cms\/wp-content\/uploads\/2019\/11\/falkenrain-pergola.jpg\" data-srcset=\"http:\/\/einsiedel-architekten.de\/cms\/wp-content\/uploads\/2019\/11\/falkenrain-pergola-200x300.jpg 200w, http:\/\/einsiedel-architekten.de\/cms\/wp-content\/uploads\/2019\/11\/falkenrain-pergola-768x1152.jpg 768w, http:\/\/einsiedel-architekten.de\/cms\/wp-content\/uploads\/2019\/11\/falkenrain-pergola-682x1024.jpg 682w, http:\/\/einsiedel-architekten.de\/cms\/wp-content\/uploads\/2019\/11\/falkenrain-pergola-333x500.jpg 333w, http:\/\/einsiedel-architekten.de\/cms\/wp-content\/uploads\/2019\/11\/falkenrain-pergola-533x800.jpg 533w, http:\/\/einsiedel-architekten.de\/cms\/wp-content\/uploads\/2019\/11\/falkenrain-pergola-853x1280.jpg 853w, http:\/\/einsiedel-architekten.de\/cms\/wp-content\/uploads\/2019\/11\/falkenrain-pergola-440x660.jpg 440w\" data-sizes=\"auto\" loading=\"eager\">\n\t\t<\/a>\t<\/div>\n<\/div>\n\t<div class=\"vp-portfolio__item-overlay\">\n\t\t\t<a\n\t\thref=\"http:\/\/einsiedel-architekten.de\/cms\/wp-content\/uploads\/2019\/11\/falkenrain-pergola.jpg\"\n\t\ttabindex=\"-1\" class=\"vp-portfolio__item-meta\" aria-label=\"falkenrain pergola\" \t data-rel=\"lightbox-image-5\" data-rl_title=\"\" data-rl_caption=\"\" title=\"\">\n\t\t\t<\/a>\t<\/div>\n\t\t\t\t<\/figure>\n\t\t\t\t\t<\/div>\n\t\t\n\t\t<div\t\tclass=\"vp-portfolio__item-wrap vp-portfolio__item-uid-59bd2c9d\" data-vp-filter=\"\" \t\t>\n\t\t\t<template class=\"vp-portfolio__item-popup\" data-vp-popup-img=\"http:\/\/einsiedel-architekten.de\/cms\/wp-content\/uploads\/2019\/11\/falkenrain-b\u00fcro-ug.jpg\" data-vp-popup-img-srcset=\"http:\/\/einsiedel-architekten.de\/cms\/wp-content\/uploads\/2019\/11\/falkenrain-b\u00fcro-ug.jpg 1772w, http:\/\/einsiedel-architekten.de\/cms\/wp-content\/uploads\/2019\/11\/falkenrain-b\u00fcro-ug-300x200.jpg 300w, http:\/\/einsiedel-architekten.de\/cms\/wp-content\/uploads\/2019\/11\/falkenrain-b\u00fcro-ug-768x512.jpg 768w, http:\/\/einsiedel-architekten.de\/cms\/wp-content\/uploads\/2019\/11\/falkenrain-b\u00fcro-ug-1024x682.jpg 1024w, http:\/\/einsiedel-architekten.de\/cms\/wp-content\/uploads\/2019\/11\/falkenrain-b\u00fcro-ug-500x333.jpg 500w, http:\/\/einsiedel-architekten.de\/cms\/wp-content\/uploads\/2019\/11\/falkenrain-b\u00fcro-ug-800x533.jpg 800w, http:\/\/einsiedel-architekten.de\/cms\/wp-content\/uploads\/2019\/11\/falkenrain-b\u00fcro-ug-1280x853.jpg 1280w, http:\/\/einsiedel-architekten.de\/cms\/wp-content\/uploads\/2019\/11\/falkenrain-b\u00fcro-ug-990x660.jpg 990w\" data-vp-popup-img-size=\"1772x1181\" data-vp-popup-md-img=\"http:\/\/einsiedel-architekten.de\/cms\/wp-content\/uploads\/2019\/11\/falkenrain-b\u00fcro-ug-800x533.jpg\" data-vp-popup-md-img-size=\"800x533\" data-vp-popup-sm-img=\"http:\/\/einsiedel-architekten.de\/cms\/wp-content\/uploads\/2019\/11\/falkenrain-b\u00fcro-ug-500x333.jpg\" data-vp-popup-sm-img-size=\"500x333\">\n\t<\/template>\n\t\t\t\t\t\t<figure class=\"vp-portfolio__item\">\n\t\t\t\t\n<div class=\"vp-portfolio__item-img-wrap\">\n\t<div class=\"vp-portfolio__item-img\">\n\t\t\t<a\n\t\thref=\"http:\/\/einsiedel-architekten.de\/cms\/wp-content\/uploads\/2019\/11\/falkenrain-b\u00fcro-ug.jpg\"\n\t\taria-label=\"falkenrain b\u00fcro ug\" \t data-rel=\"lightbox-image-6\" data-rl_title=\"\" data-rl_caption=\"\" title=\"\">\n\t\n\t\t<noscript><img loading=\"lazy\" decoding=\"async\" width=\"1772\" height=\"1181\" data-skip-lazy src=\"http:\/\/einsiedel-architekten.de\/cms\/wp-content\/uploads\/2019\/11\/falkenrain-b\u00fcro-ug.jpg\" class=\"wp-image-620\" alt=\"\" srcset=\"http:\/\/einsiedel-architekten.de\/cms\/wp-content\/uploads\/2019\/11\/falkenrain-b\u00fcro-ug.jpg 1772w, http:\/\/einsiedel-architekten.de\/cms\/wp-content\/uploads\/2019\/11\/falkenrain-b\u00fcro-ug-300x200.jpg 300w, http:\/\/einsiedel-architekten.de\/cms\/wp-content\/uploads\/2019\/11\/falkenrain-b\u00fcro-ug-768x512.jpg 768w, http:\/\/einsiedel-architekten.de\/cms\/wp-content\/uploads\/2019\/11\/falkenrain-b\u00fcro-ug-1024x682.jpg 1024w, http:\/\/einsiedel-architekten.de\/cms\/wp-content\/uploads\/2019\/11\/falkenrain-b\u00fcro-ug-500x333.jpg 500w, http:\/\/einsiedel-architekten.de\/cms\/wp-content\/uploads\/2019\/11\/falkenrain-b\u00fcro-ug-800x533.jpg 800w, http:\/\/einsiedel-architekten.de\/cms\/wp-content\/uploads\/2019\/11\/falkenrain-b\u00fcro-ug-1280x853.jpg 1280w, http:\/\/einsiedel-architekten.de\/cms\/wp-content\/uploads\/2019\/11\/falkenrain-b\u00fcro-ug-990x660.jpg 990w\" sizes=\"auto, (max-width: 1772px) 100vw, 1772px\" \/><\/noscript><img decoding=\"async\" width=\"1772\" height=\"1181\" src=\"http:\/\/einsiedel-architekten.de\/cms\/wp-content\/uploads\/2019\/11\/falkenrain-b\u00fcro-ug.jpg\" class=\"wp-image-620 vp-lazyload\" alt srcset=\"data:image\/svg+xml;base64,PHN2ZyB3aWR0aD0iMTc3MiIgaGVpZ2h0PSIxMTgxIiB2aWV3Qm94PSIwIDAgMTc3MiAxMTgxIiBmaWxsPSJub25lIiB4bWxucz0iaHR0cDovL3d3dy53My5vcmcvMjAwMC9zdmciPjwvc3ZnPg==\" data-src=\"http:\/\/einsiedel-architekten.de\/cms\/wp-content\/uploads\/2019\/11\/falkenrain-b\u00fcro-ug.jpg\" data-srcset=\"http:\/\/einsiedel-architekten.de\/cms\/wp-content\/uploads\/2019\/11\/falkenrain-b\u00fcro-ug.jpg 1772w, http:\/\/einsiedel-architekten.de\/cms\/wp-content\/uploads\/2019\/11\/falkenrain-b\u00fcro-ug-300x200.jpg 300w, http:\/\/einsiedel-architekten.de\/cms\/wp-content\/uploads\/2019\/11\/falkenrain-b\u00fcro-ug-768x512.jpg 768w, http:\/\/einsiedel-architekten.de\/cms\/wp-content\/uploads\/2019\/11\/falkenrain-b\u00fcro-ug-1024x682.jpg 1024w, http:\/\/einsiedel-architekten.de\/cms\/wp-content\/uploads\/2019\/11\/falkenrain-b\u00fcro-ug-500x333.jpg 500w, http:\/\/einsiedel-architekten.de\/cms\/wp-content\/uploads\/2019\/11\/falkenrain-b\u00fcro-ug-800x533.jpg 800w, http:\/\/einsiedel-architekten.de\/cms\/wp-content\/uploads\/2019\/11\/falkenrain-b\u00fcro-ug-1280x853.jpg 1280w, http:\/\/einsiedel-architekten.de\/cms\/wp-content\/uploads\/2019\/11\/falkenrain-b\u00fcro-ug-990x660.jpg 990w\" data-sizes=\"auto\" loading=\"eager\">\n\t\t<\/a>\t<\/div>\n<\/div>\n\t<div class=\"vp-portfolio__item-overlay\">\n\t\t\t<a\n\t\thref=\"http:\/\/einsiedel-architekten.de\/cms\/wp-content\/uploads\/2019\/11\/falkenrain-b\u00fcro-ug.jpg\"\n\t\ttabindex=\"-1\" class=\"vp-portfolio__item-meta\" aria-label=\"falkenrain b\u00fcro ug\" \t data-rel=\"lightbox-image-7\" data-rl_title=\"\" data-rl_caption=\"\" title=\"\">\n\t\t\t<\/a>\t<\/div>\n\t\t\t\t<\/figure>\n\t\t\t\t\t<\/div>\n\t\t\n\t\t<div\t\tclass=\"vp-portfolio__item-wrap vp-portfolio__item-uid-5d63459e\" data-vp-filter=\"\" \t\t>\n\t\t\t<template class=\"vp-portfolio__item-popup\" data-vp-popup-img=\"http:\/\/einsiedel-architekten.de\/cms\/wp-content\/uploads\/2019\/11\/falkenrain-galerie-dg.jpg\" data-vp-popup-img-srcset=\"http:\/\/einsiedel-architekten.de\/cms\/wp-content\/uploads\/2019\/11\/falkenrain-galerie-dg-228x300.jpg 228w, http:\/\/einsiedel-architekten.de\/cms\/wp-content\/uploads\/2019\/11\/falkenrain-galerie-dg-768x1011.jpg 768w, http:\/\/einsiedel-architekten.de\/cms\/wp-content\/uploads\/2019\/11\/falkenrain-galerie-dg-778x1024.jpg 778w, http:\/\/einsiedel-architekten.de\/cms\/wp-content\/uploads\/2019\/11\/falkenrain-galerie-dg-380x500.jpg 380w, http:\/\/einsiedel-architekten.de\/cms\/wp-content\/uploads\/2019\/11\/falkenrain-galerie-dg-608x800.jpg 608w, http:\/\/einsiedel-architekten.de\/cms\/wp-content\/uploads\/2019\/11\/falkenrain-galerie-dg-973x1280.jpg 973w, http:\/\/einsiedel-architekten.de\/cms\/wp-content\/uploads\/2019\/11\/falkenrain-galerie-dg-502x660.jpg 502w\" data-vp-popup-img-size=\"1257x1654\" data-vp-popup-md-img=\"http:\/\/einsiedel-architekten.de\/cms\/wp-content\/uploads\/2019\/11\/falkenrain-galerie-dg-608x800.jpg\" data-vp-popup-md-img-size=\"608x800\" data-vp-popup-sm-img=\"http:\/\/einsiedel-architekten.de\/cms\/wp-content\/uploads\/2019\/11\/falkenrain-galerie-dg-380x500.jpg\" data-vp-popup-sm-img-size=\"380x500\">\n\t<\/template>\n\t\t\t\t\t\t<figure class=\"vp-portfolio__item\">\n\t\t\t\t\n<div class=\"vp-portfolio__item-img-wrap\">\n\t<div class=\"vp-portfolio__item-img\">\n\t\t\t<a\n\t\thref=\"http:\/\/einsiedel-architekten.de\/cms\/wp-content\/uploads\/2019\/11\/falkenrain-galerie-dg.jpg\"\n\t\taria-label=\"falkenrain galerie dg\" \t data-rel=\"lightbox-image-8\" data-rl_title=\"\" data-rl_caption=\"\" title=\"\">\n\t\n\t\t<noscript><img loading=\"lazy\" decoding=\"async\" width=\"1257\" height=\"1654\" data-skip-lazy src=\"http:\/\/einsiedel-architekten.de\/cms\/wp-content\/uploads\/2019\/11\/falkenrain-galerie-dg.jpg\" class=\"wp-image-623\" alt=\"\" srcset=\"http:\/\/einsiedel-architekten.de\/cms\/wp-content\/uploads\/2019\/11\/falkenrain-galerie-dg-228x300.jpg 228w, http:\/\/einsiedel-architekten.de\/cms\/wp-content\/uploads\/2019\/11\/falkenrain-galerie-dg-768x1011.jpg 768w, http:\/\/einsiedel-architekten.de\/cms\/wp-content\/uploads\/2019\/11\/falkenrain-galerie-dg-778x1024.jpg 778w, http:\/\/einsiedel-architekten.de\/cms\/wp-content\/uploads\/2019\/11\/falkenrain-galerie-dg-380x500.jpg 380w, http:\/\/einsiedel-architekten.de\/cms\/wp-content\/uploads\/2019\/11\/falkenrain-galerie-dg-608x800.jpg 608w, http:\/\/einsiedel-architekten.de\/cms\/wp-content\/uploads\/2019\/11\/falkenrain-galerie-dg-973x1280.jpg 973w, http:\/\/einsiedel-architekten.de\/cms\/wp-content\/uploads\/2019\/11\/falkenrain-galerie-dg-502x660.jpg 502w\" sizes=\"auto, (max-width: 1257px) 100vw, 1257px\" \/><\/noscript><img decoding=\"async\" width=\"1257\" height=\"1654\" src=\"http:\/\/einsiedel-architekten.de\/cms\/wp-content\/uploads\/2019\/11\/falkenrain-galerie-dg.jpg\" class=\"wp-image-623 vp-lazyload\" alt srcset=\"data:image\/svg+xml;base64,PHN2ZyB3aWR0aD0iMTI1NyIgaGVpZ2h0PSIxNjU0IiB2aWV3Qm94PSIwIDAgMTI1NyAxNjU0IiBmaWxsPSJub25lIiB4bWxucz0iaHR0cDovL3d3dy53My5vcmcvMjAwMC9zdmciPjwvc3ZnPg==\" data-src=\"http:\/\/einsiedel-architekten.de\/cms\/wp-content\/uploads\/2019\/11\/falkenrain-galerie-dg.jpg\" data-srcset=\"http:\/\/einsiedel-architekten.de\/cms\/wp-content\/uploads\/2019\/11\/falkenrain-galerie-dg-228x300.jpg 228w, http:\/\/einsiedel-architekten.de\/cms\/wp-content\/uploads\/2019\/11\/falkenrain-galerie-dg-768x1011.jpg 768w, http:\/\/einsiedel-architekten.de\/cms\/wp-content\/uploads\/2019\/11\/falkenrain-galerie-dg-778x1024.jpg 778w, http:\/\/einsiedel-architekten.de\/cms\/wp-content\/uploads\/2019\/11\/falkenrain-galerie-dg-380x500.jpg 380w, http:\/\/einsiedel-architekten.de\/cms\/wp-content\/uploads\/2019\/11\/falkenrain-galerie-dg-608x800.jpg 608w, http:\/\/einsiedel-architekten.de\/cms\/wp-content\/uploads\/2019\/11\/falkenrain-galerie-dg-973x1280.jpg 973w, http:\/\/einsiedel-architekten.de\/cms\/wp-content\/uploads\/2019\/11\/falkenrain-galerie-dg-502x660.jpg 502w\" data-sizes=\"auto\" loading=\"eager\">\n\t\t<\/a>\t<\/div>\n<\/div>\n\t<div class=\"vp-portfolio__item-overlay\">\n\t\t\t<a\n\t\thref=\"http:\/\/einsiedel-architekten.de\/cms\/wp-content\/uploads\/2019\/11\/falkenrain-galerie-dg.jpg\"\n\t\ttabindex=\"-1\" class=\"vp-portfolio__item-meta\" aria-label=\"falkenrain galerie dg\" \t data-rel=\"lightbox-image-9\" data-rl_title=\"\" data-rl_caption=\"\" title=\"\">\n\t\t\t<\/a>\t<\/div>\n\t\t\t\t<\/figure>\n\t\t\t\t\t<\/div>\n\t\t\n\t\t<div\t\tclass=\"vp-portfolio__item-wrap vp-portfolio__item-uid-2e279826\" data-vp-filter=\"\" \t\t>\n\t\t\t<template class=\"vp-portfolio__item-popup\" data-vp-popup-img=\"http:\/\/einsiedel-architekten.de\/cms\/wp-content\/uploads\/2019\/11\/falkenrain-balkon-dg-1280x1920.jpg\" data-vp-popup-img-srcset=\"http:\/\/einsiedel-architekten.de\/cms\/wp-content\/uploads\/2019\/11\/falkenrain-balkon-dg-1280x1920.jpg 1280w, http:\/\/einsiedel-architekten.de\/cms\/wp-content\/uploads\/2019\/11\/falkenrain-balkon-dg-200x300.jpg 200w, http:\/\/einsiedel-architekten.de\/cms\/wp-content\/uploads\/2019\/11\/falkenrain-balkon-dg-768x1152.jpg 768w, http:\/\/einsiedel-architekten.de\/cms\/wp-content\/uploads\/2019\/11\/falkenrain-balkon-dg-683x1024.jpg 683w, http:\/\/einsiedel-architekten.de\/cms\/wp-content\/uploads\/2019\/11\/falkenrain-balkon-dg-333x500.jpg 333w, http:\/\/einsiedel-architekten.de\/cms\/wp-content\/uploads\/2019\/11\/falkenrain-balkon-dg-534x800.jpg 534w, http:\/\/einsiedel-architekten.de\/cms\/wp-content\/uploads\/2019\/11\/falkenrain-balkon-dg-854x1280.jpg 854w, http:\/\/einsiedel-architekten.de\/cms\/wp-content\/uploads\/2019\/11\/falkenrain-balkon-dg-440x660.jpg 440w\" data-vp-popup-img-size=\"1280x1920\" data-vp-popup-md-img=\"http:\/\/einsiedel-architekten.de\/cms\/wp-content\/uploads\/2019\/11\/falkenrain-balkon-dg-534x800.jpg\" data-vp-popup-md-img-size=\"534x800\" data-vp-popup-sm-img=\"http:\/\/einsiedel-architekten.de\/cms\/wp-content\/uploads\/2019\/11\/falkenrain-balkon-dg-333x500.jpg\" data-vp-popup-sm-img-size=\"333x500\">\n\t<\/template>\n\t\t\t\t\t\t<figure class=\"vp-portfolio__item\">\n\t\t\t\t\n<div class=\"vp-portfolio__item-img-wrap\">\n\t<div class=\"vp-portfolio__item-img\">\n\t\t\t<a\n\t\thref=\"http:\/\/einsiedel-architekten.de\/cms\/wp-content\/uploads\/2019\/11\/falkenrain-balkon-dg-1280x1920.jpg\"\n\t\taria-label=\"falkenrain balkon dg\" \t data-rel=\"lightbox-image-10\" data-rl_title=\"\" data-rl_caption=\"\" title=\"\">\n\t\n\t\t<noscript><img loading=\"lazy\" decoding=\"async\" width=\"1280\" height=\"1920\" data-skip-lazy src=\"http:\/\/einsiedel-architekten.de\/cms\/wp-content\/uploads\/2019\/11\/falkenrain-balkon-dg-1280x1920.jpg\" class=\"wp-image-619\" alt=\"\" srcset=\"http:\/\/einsiedel-architekten.de\/cms\/wp-content\/uploads\/2019\/11\/falkenrain-balkon-dg-1280x1920.jpg 1280w, http:\/\/einsiedel-architekten.de\/cms\/wp-content\/uploads\/2019\/11\/falkenrain-balkon-dg-200x300.jpg 200w, http:\/\/einsiedel-architekten.de\/cms\/wp-content\/uploads\/2019\/11\/falkenrain-balkon-dg-768x1152.jpg 768w, http:\/\/einsiedel-architekten.de\/cms\/wp-content\/uploads\/2019\/11\/falkenrain-balkon-dg-683x1024.jpg 683w, http:\/\/einsiedel-architekten.de\/cms\/wp-content\/uploads\/2019\/11\/falkenrain-balkon-dg-333x500.jpg 333w, http:\/\/einsiedel-architekten.de\/cms\/wp-content\/uploads\/2019\/11\/falkenrain-balkon-dg-534x800.jpg 534w, http:\/\/einsiedel-architekten.de\/cms\/wp-content\/uploads\/2019\/11\/falkenrain-balkon-dg-854x1280.jpg 854w, http:\/\/einsiedel-architekten.de\/cms\/wp-content\/uploads\/2019\/11\/falkenrain-balkon-dg-440x660.jpg 440w\" sizes=\"auto, (max-width: 1280px) 100vw, 1280px\" \/><\/noscript><img decoding=\"async\" width=\"1280\" height=\"1920\" src=\"http:\/\/einsiedel-architekten.de\/cms\/wp-content\/uploads\/2019\/11\/falkenrain-balkon-dg-1280x1920.jpg\" class=\"wp-image-619 vp-lazyload\" alt srcset=\"data:image\/svg+xml;base64,PHN2ZyB3aWR0aD0iMTI4MCIgaGVpZ2h0PSIxOTIwIiB2aWV3Qm94PSIwIDAgMTI4MCAxOTIwIiBmaWxsPSJub25lIiB4bWxucz0iaHR0cDovL3d3dy53My5vcmcvMjAwMC9zdmciPjwvc3ZnPg==\" data-src=\"http:\/\/einsiedel-architekten.de\/cms\/wp-content\/uploads\/2019\/11\/falkenrain-balkon-dg-1280x1920.jpg\" data-srcset=\"http:\/\/einsiedel-architekten.de\/cms\/wp-content\/uploads\/2019\/11\/falkenrain-balkon-dg-1280x1920.jpg 1280w, http:\/\/einsiedel-architekten.de\/cms\/wp-content\/uploads\/2019\/11\/falkenrain-balkon-dg-200x300.jpg 200w, http:\/\/einsiedel-architekten.de\/cms\/wp-content\/uploads\/2019\/11\/falkenrain-balkon-dg-768x1152.jpg 768w, http:\/\/einsiedel-architekten.de\/cms\/wp-content\/uploads\/2019\/11\/falkenrain-balkon-dg-683x1024.jpg 683w, http:\/\/einsiedel-architekten.de\/cms\/wp-content\/uploads\/2019\/11\/falkenrain-balkon-dg-333x500.jpg 333w, http:\/\/einsiedel-architekten.de\/cms\/wp-content\/uploads\/2019\/11\/falkenrain-balkon-dg-534x800.jpg 534w, http:\/\/einsiedel-architekten.de\/cms\/wp-content\/uploads\/2019\/11\/falkenrain-balkon-dg-854x1280.jpg 854w, http:\/\/einsiedel-architekten.de\/cms\/wp-content\/uploads\/2019\/11\/falkenrain-balkon-dg-440x660.jpg 440w\" data-sizes=\"auto\" loading=\"eager\">\n\t\t<\/a>\t<\/div>\n<\/div>\n\t<div class=\"vp-portfolio__item-overlay\">\n\t\t\t<a\n\t\thref=\"http:\/\/einsiedel-architekten.de\/cms\/wp-content\/uploads\/2019\/11\/falkenrain-balkon-dg-1280x1920.jpg\"\n\t\ttabindex=\"-1\" class=\"vp-portfolio__item-meta\" aria-label=\"falkenrain balkon dg\" \t data-rel=\"lightbox-image-11\" data-rl_title=\"\" data-rl_caption=\"\" title=\"\">\n\t\t\t<\/a>\t<\/div>\n\t\t\t\t<\/figure>\n\t\t\t\t\t<\/div>\n\t\t\n<\/div>\n\n<div class=\"vp-portfolio__items-arrow vp-portfolio__items-arrow-prev\" tabindex=\"0\" role=\"button\" aria-label=\"Previous Slide\">\n\t\n<svg class=\"vp-svg-icon\" width=\"20\" height=\"20\" viewBox=\"0 0 20 20\" fill=\"none\" xmlns=\"http:\/\/www.w3.org\/2000\/svg\">\n\t<path d=\"M12 4L6 10L12 16\" stroke=\"currentColor\" stroke-width=\"1.5\" stroke-linecap=\"round\" stroke-linejoin=\"round\" fill=\"transparent\" \/>\n<\/svg>\n<\/div>\n<div class=\"vp-portfolio__items-arrow vp-portfolio__items-arrow-next\" tabindex=\"0\" role=\"button\" aria-label=\"Next Slide\">\n\t\n<svg class=\"vp-svg-icon\" width=\"20\" height=\"20\" viewBox=\"0 0 20 20\" fill=\"none\" xmlns=\"http:\/\/www.w3.org\/2000\/svg\">\n\t<path d=\"M8 4L14 10L8 16\" stroke=\"currentColor\" stroke-width=\"1.5\" stroke-linecap=\"round\" stroke-linejoin=\"round\" fill=\"transparent\" \/>\n<\/svg>\n<\/div>\n\n<div class=\"vp-portfolio__items-bullets\"><\/div>\n\t\t<\/div>\n\t\t\n<\/div>\n<\/div>\n\n\n\n<p><\/p>\n\n\n\n<p style=\"color:#dd890b\" class=\"has-text-color\">VILLA FALKENRAIN<br>Modernisierung und Energetische Sanierung<br><br><\/p>\n\n\n\n<p>ECKDATEN<br>Bauherr Dr. Rolf Wiechmann<br>BGF 720 qm, 3 Wohnungen 450 qm WFl, B\u00fcro 200 qm NFl <br>Planungs- und Bauzeit 2006-08<br>Baukosten KG 300-400 950T EUR<br>von Einsiedel Architekten, Stuttgart<br><br><\/p>\n\n\n\n<p>Der Architekt Friedrich Gabriel hat 1939 das 3-gescho\u00dfige Haus am Hang mit Blick auf den Kr\u00e4herwald und das Botnanger Tal. f\u00fcr sich errichtet : im EG und OG zwei Wohnungen f\u00fcr die Familie; im UG das Atelier. Das Haus wurde jetzt grundliegend saniert und und an modernen Wohnkomfort angepasst. Zus\u00e4tzlicher Wohnraum ist durch einen Erker, den Ausbau des Dachs und der \u00dcberbauung des Hofs im UG entstanden; weitere Stellpl\u00e4tze durch einen Garagenvorbau.<\/p>\n\n\n\n<p><br> Die umfassende Energetische Sanierung &#8211; WDVS Fassade, Erneuerung Fenster, D\u00e4mmung Dach und Decke UG, solarunterst\u00fctzte Heizung &#8211; hat den W\u00e4rmebedarf auf 35% bzw. 90 kWh\/m\u00b2 und Jahr reduziert. Dazu wurden F\u00f6rdermittel der kfw und der Stadt Stuttgart eingesetzt. Mit den sanierten und neuen Balkonen und der Terrasse mit Pergola \u00f6ffnet sich das Haus zum neu angelegtem Garten.<\/p>\n","protected":false},"excerpt":{"rendered":"<p>VILLA FALKENRAINModernisierung und Energetische Sanierung ECKDATENBauherr Dr. Rolf WiechmannBGF 720 qm, 3 Wohnungen 450 qm WFl, B\u00fcro 200 qm NFl Planungs- und Bauzeit 2006-08Baukosten KG 300-400 950T EURvon Einsiedel Architekten, Stuttgart Der Architekt Friedrich Gabriel hat 1939 das 3-gescho\u00dfige Haus am Hang mit Blick auf den Kr\u00e4herwald und das Botnanger Tal. f\u00fcr sich errichtet : [&hellip;]<\/p>\n","protected":false},"author":2,"featured_media":0,"parent":0,"menu_order":0,"comment_status":"closed","ping_status":"closed","template":"","meta":{"_vp_format_video_url":"","_vp_image_focal_point":[],"footnotes":""},"folder":[5],"class_list":["post-617","page","type-page","status-publish","hentry"],"_links":{"self":[{"href":"http:\/\/einsiedel-architekten.de\/cms\/wp-json\/wp\/v2\/pages\/617","targetHints":{"allow":["GET"]}}],"collection":[{"href":"http:\/\/einsiedel-architekten.de\/cms\/wp-json\/wp\/v2\/pages"}],"about":[{"href":"http:\/\/einsiedel-architekten.de\/cms\/wp-json\/wp\/v2\/types\/page"}],"author":[{"embeddable":true,"href":"http:\/\/einsiedel-architekten.de\/cms\/wp-json\/wp\/v2\/users\/2"}],"replies":[{"embeddable":true,"href":"http:\/\/einsiedel-architekten.de\/cms\/wp-json\/wp\/v2\/comments?post=617"}],"version-history":[{"count":13,"href":"http:\/\/einsiedel-architekten.de\/cms\/wp-json\/wp\/v2\/pages\/617\/revisions"}],"predecessor-version":[{"id":1402,"href":"http:\/\/einsiedel-architekten.de\/cms\/wp-json\/wp\/v2\/pages\/617\/revisions\/1402"}],"wp:attachment":[{"href":"http:\/\/einsiedel-architekten.de\/cms\/wp-json\/wp\/v2\/media?parent=617"}],"wp:term":[{"taxonomy":"folder","embeddable":true,"href":"http:\/\/einsiedel-architekten.de\/cms\/wp-json\/wp\/v2\/folder?post=617"}],"curies":[{"name":"wp","href":"https:\/\/api.w.org\/{rel}","templated":true}]}}