{"id":6,"date":"2019-10-16T13:16:14","date_gmt":"2019-10-16T11:16:14","guid":{"rendered":"http:\/\/einsiedel-architekten.de\/cms\/?page_id=6"},"modified":"2022-07-04T11:47:33","modified_gmt":"2022-07-04T09:47:33","slug":"projekte","status":"publish","type":"page","link":"http:\/\/einsiedel-architekten.de\/cms\/projekte\/","title":{"rendered":"PROJEKTE"},"content":{"rendered":"\n<p class=\"has-text-align-center\"> <style type=\"text\/css\">\r\n\t#foogallery-gallery-1789 .fg-image {\r\n        width: 260px;\r\n    }\r\n<\/style>\r\n\t\t\t\t<div class=\"foogallery foogallery-container foogallery-default foogallery-lightbox-none fg-gutter-10 fg-center fg-default fg-light fg-border-thin fg-hover-grayscale fg-caption-hover fg-hover-fade fg-ready\" id=\"foogallery-gallery-1789\" data-foogallery=\"{&quot;item&quot;:{&quot;showCaptionTitle&quot;:false,&quot;showCaptionDescription&quot;:true},&quot;lazy&quot;:true}\" >\r\n\t<div class=\"fg-item fg-type-image fg-idle\"><figure class=\"fg-item-inner\"><a href=\"http:\/\/einsiedel-architekten.de\/cms\/wp-content\/uploads\/2019\/12\/IMG_6082-scaled.jpg\" data-caption-title=\"WB Offenburg Bahnhofsquartier\" data-caption-desc=\"WB Offenburg Bahnhofsquartier\" data-attachment-id=\"2190\" class=\"fg-thumb\" data-rel=\"lightbox-image-0\" data-rl_title=\"\" data-rl_caption=\"\"><span class=\"fg-image-wrap\"><img fetchpriority=\"high\" decoding=\"async\" title=\"\" width=\"260\" height=\"260\" class=\"skip-lazy fg-image\" data-src-fg=\"http:\/\/einsiedel-architekten.de\/cms\/wp-content\/uploads\/cache\/2019\/12\/IMG_6082-scaled\/3025819785.jpg\" src=\"data:image\/svg+xml,%3Csvg%20xmlns%3D%22http%3A%2F%2Fwww.w3.org%2F2000%2Fsvg%22%20width%3D%22260%22%20height%3D%22260%22%20viewBox%3D%220%200%20260%20260%22%3E%3C%2Fsvg%3E\" loading=\"eager\"><\/span><span class=\"fg-image-overlay\"><\/span><\/a><figcaption class=\"fg-caption\"><div class=\"fg-caption-inner\"><div class=\"fg-caption-desc\">WB Offenburg Bahnhofsquartier<\/div><\/div><\/figcaption><\/figure><div class=\"fg-loader\"><\/div><\/div><div class=\"fg-item fg-type-image fg-idle\"><figure class=\"fg-item-inner\"><a href=\"http:\/\/einsiedel-architekten.de\/cms\/wb-vflpostareal\/\" data-caption-title=\"WB VFL-Post-Areal, Esslingen\" data-caption-desc=\"WB VFL-Post-Areal, Esslingen\" data-attachment-id=\"1980\" class=\"fg-thumb\"><span class=\"fg-image-wrap\"><img decoding=\"async\" title=\"WB VFL-Post-Areal, Esslingen\" width=\"260\" height=\"260\" class=\"skip-lazy fg-image\" data-src-fg=\"http:\/\/einsiedel-architekten.de\/cms\/wp-content\/uploads\/cache\/2021\/10\/2021-wb-esslingen-3\/3166215845.jpg\" src=\"data:image\/svg+xml,%3Csvg%20xmlns%3D%22http%3A%2F%2Fwww.w3.org%2F2000%2Fsvg%22%20width%3D%22260%22%20height%3D%22260%22%20viewBox%3D%220%200%20260%20260%22%3E%3C%2Fsvg%3E\" loading=\"eager\"><\/span><span class=\"fg-image-overlay\"><\/span><\/a><figcaption class=\"fg-caption\"><div class=\"fg-caption-inner\"><div class=\"fg-caption-desc\">WB VFL-Post-Areal, Esslingen<\/div><\/div><\/figcaption><\/figure><div class=\"fg-loader\"><\/div><\/div><div class=\"fg-item fg-type-image fg-idle\"><figure class=\"fg-item-inner\"><a href=\"http:\/\/einsiedel-architekten.de\/cms\/bildungszentrum\/\" data-caption-title=\"Bildungszentrum, Bad-Cannstatt\" data-caption-desc=\"Bildungszentrum, Bad-Cannstatt\" data-attachment-id=\"2022\" class=\"fg-thumb\"><span class=\"fg-image-wrap\"><img decoding=\"async\" title=\"Bildungszentrum, Bad-Cannstatt\" width=\"260\" height=\"260\" class=\"skip-lazy fg-image\" data-src-fg=\"http:\/\/einsiedel-architekten.de\/cms\/wp-content\/uploads\/cache\/2021\/10\/2021-bildungszentrum-elwertstr-16\/1680304717.jpg\" src=\"data:image\/svg+xml,%3Csvg%20xmlns%3D%22http%3A%2F%2Fwww.w3.org%2F2000%2Fsvg%22%20width%3D%22260%22%20height%3D%22260%22%20viewBox%3D%220%200%20260%20260%22%3E%3C%2Fsvg%3E\" loading=\"eager\"><\/span><span class=\"fg-image-overlay\"><\/span><\/a><figcaption class=\"fg-caption\"><div class=\"fg-caption-inner\"><div class=\"fg-caption-desc\">Bildungszentrum, Bad-Cannstatt<\/div><\/div><\/figcaption><\/figure><div class=\"fg-loader\"><\/div><\/div><div class=\"fg-item fg-type-image fg-idle\"><figure class=\"fg-item-inner\"><a href=\"http:\/\/einsiedel-architekten.de\/cms\/wb-7hoefestrasse\/\" data-caption-title=\"WB 7-H\u00f6fe-Stra\u00dfe, T\u00fcbingen\" data-caption-desc=\"WB 7-H\u00f6fe-Stra\u00dfe, T\u00fcbingen\" data-attachment-id=\"2033\" class=\"fg-thumb\"><span class=\"fg-image-wrap\"><img decoding=\"async\" title=\"WB 7-H\u00f6fe-Stra\u00dfe, T\u00fcbingen\" width=\"260\" height=\"260\" class=\"skip-lazy fg-image\" data-src-fg=\"http:\/\/einsiedel-architekten.de\/cms\/wp-content\/uploads\/cache\/2019\/12\/2021-wb-sieben-h\u00f6fe-strasse-6-Kopie\/1809425799.jpg\" src=\"data:image\/svg+xml,%3Csvg%20xmlns%3D%22http%3A%2F%2Fwww.w3.org%2F2000%2Fsvg%22%20width%3D%22260%22%20height%3D%22260%22%20viewBox%3D%220%200%20260%20260%22%3E%3C%2Fsvg%3E\" loading=\"eager\"><\/span><span class=\"fg-image-overlay\"><\/span><\/a><figcaption class=\"fg-caption\"><div class=\"fg-caption-inner\"><div class=\"fg-caption-desc\">WB 7-H\u00f6fe-Stra\u00dfe, T\u00fcbingen<\/div><\/div><\/figcaption><\/figure><div class=\"fg-loader\"><\/div><\/div><div class=\"fg-item fg-type-image fg-idle\"><figure class=\"fg-item-inner\"><a href=\"http:\/\/einsiedel-architekten.de\/cms\/hlh\/\" data-caption-title=\"Neubau Wohn-Gesch\u00e4ftshaus, W\u00fcrzburg\" data-caption-desc=\"Neubau Wohn-Gesch\u00e4ftshaus, W\u00fcrzburg\" data-attachment-id=\"1626\" class=\"fg-thumb\"><span class=\"fg-image-wrap\"><img decoding=\"async\" title=\"Neubau Wohn-Gesch\u00e4ftshaus, W\u00fcrzburg\" width=\"260\" height=\"260\" class=\"skip-lazy fg-image\" data-src-fg=\"http:\/\/einsiedel-architekten.de\/cms\/wp-content\/uploads\/cache\/2019\/12\/hlh-a-scaled\/292980977.jpg\" src=\"data:image\/svg+xml,%3Csvg%20xmlns%3D%22http%3A%2F%2Fwww.w3.org%2F2000%2Fsvg%22%20width%3D%22260%22%20height%3D%22260%22%20viewBox%3D%220%200%20260%20260%22%3E%3C%2Fsvg%3E\" loading=\"eager\"><\/span><span class=\"fg-image-overlay\"><\/span><\/a><figcaption class=\"fg-caption\"><div class=\"fg-caption-inner\"><div class=\"fg-caption-desc\">Neubau Wohn-Gesch\u00e4ftshaus, W\u00fcrzburg<\/div><\/div><\/figcaption><\/figure><div class=\"fg-loader\"><\/div><\/div><div class=\"fg-item fg-type-image fg-idle\"><figure class=\"fg-item-inner\"><a href=\"http:\/\/einsiedel-architekten.de\/cms\/wb-fallenbrunnen\/\" data-caption-title=\"WB Fallenbrunnen Nordost, Friedrichshafen\" data-caption-desc=\"WB Fallenbrunnen Nordost, Friedrichshafen\" data-attachment-id=\"1963\" class=\"fg-thumb\"><span class=\"fg-image-wrap\"><img decoding=\"async\" title=\"WB Fallenbrunnen Nordost, Friedrichshafen\" width=\"260\" height=\"260\" class=\"skip-lazy fg-image\" data-src-fg=\"http:\/\/einsiedel-architekten.de\/cms\/wp-content\/uploads\/cache\/2021\/10\/2021-wb-fallenbrunnen-13\/3605563368.jpg\" src=\"data:image\/svg+xml,%3Csvg%20xmlns%3D%22http%3A%2F%2Fwww.w3.org%2F2000%2Fsvg%22%20width%3D%22260%22%20height%3D%22260%22%20viewBox%3D%220%200%20260%20260%22%3E%3C%2Fsvg%3E\" loading=\"eager\"><\/span><span class=\"fg-image-overlay\"><\/span><\/a><figcaption class=\"fg-caption\"><div class=\"fg-caption-inner\"><div class=\"fg-caption-desc\">WB Fallenbrunnen Nordost, Friedrichshafen<\/div><\/div><\/figcaption><\/figure><div class=\"fg-loader\"><\/div><\/div><div class=\"fg-item fg-type-image fg-idle\"><figure class=\"fg-item-inner\"><a href=\"http:\/\/einsiedel-architekten.de\/cms\/wb-kempten\/\" data-caption-title=\"WB Leonhardstra\u00dfe, Kempten\" data-caption-desc=\"WB Leonhardstra\u00dfe, Kempten\" data-attachment-id=\"2027\" class=\"fg-thumb\"><span class=\"fg-image-wrap\"><img decoding=\"async\" title=\"WB Leonhardstra\u00dfe, Kempten\" width=\"260\" height=\"260\" class=\"skip-lazy fg-image\" data-src-fg=\"http:\/\/einsiedel-architekten.de\/cms\/wp-content\/uploads\/cache\/2019\/12\/2021-wb-kempten-6\/665725826.jpg\" src=\"data:image\/svg+xml,%3Csvg%20xmlns%3D%22http%3A%2F%2Fwww.w3.org%2F2000%2Fsvg%22%20width%3D%22260%22%20height%3D%22260%22%20viewBox%3D%220%200%20260%20260%22%3E%3C%2Fsvg%3E\" loading=\"eager\"><\/span><span class=\"fg-image-overlay\"><\/span><\/a><figcaption class=\"fg-caption\"><div class=\"fg-caption-inner\"><div class=\"fg-caption-desc\">WB Leonhardstra\u00dfe, Kempten<\/div><\/div><\/figcaption><\/figure><div class=\"fg-loader\"><\/div><\/div><div class=\"fg-item fg-type-image fg-idle\"><figure class=\"fg-item-inner\"><a href=\"http:\/\/einsiedel-architekten.de\/cms\/schulzentrum\/\" data-caption-title=\"Schulzentrum, Stuttgart\" data-caption-desc=\"Schulzentrum, Stuttgart\" data-attachment-id=\"1644\" class=\"fg-thumb\"><span class=\"fg-image-wrap\"><img decoding=\"async\" title=\"Schulzentrum, Stuttgart\" width=\"260\" height=\"260\" class=\"skip-lazy fg-image\" data-src-fg=\"http:\/\/einsiedel-architekten.de\/cms\/wp-content\/uploads\/cache\/2019\/12\/schulzentrum-elwertstra\u00dfe-e1575462828130\/3737857115.jpg\" src=\"data:image\/svg+xml,%3Csvg%20xmlns%3D%22http%3A%2F%2Fwww.w3.org%2F2000%2Fsvg%22%20width%3D%22260%22%20height%3D%22260%22%20viewBox%3D%220%200%20260%20260%22%3E%3C%2Fsvg%3E\" loading=\"eager\"><\/span><span class=\"fg-image-overlay\"><\/span><\/a><figcaption class=\"fg-caption\"><div class=\"fg-caption-inner\"><div class=\"fg-caption-desc\">Schulzentrum, Stuttgart<\/div><\/div><\/figcaption><\/figure><div class=\"fg-loader\"><\/div><\/div><div class=\"fg-item fg-type-image fg-idle\"><figure class=\"fg-item-inner\"><a href=\"http:\/\/einsiedel-architekten.de\/cms\/wb-schlachthofquartier\/\" data-caption-title=\"WB Schlachthofquartier Offenburg\" data-caption-desc=\"WB Schlachthofquartier Offenburg\" data-attachment-id=\"1870\" class=\"fg-thumb\"><span class=\"fg-image-wrap\"><img decoding=\"async\" title=\"WB Schlachthofquartier Offenburg\" width=\"260\" height=\"260\" class=\"skip-lazy fg-image\" data-src-fg=\"http:\/\/einsiedel-architekten.de\/cms\/wp-content\/uploads\/cache\/2020\/09\/2020-wb-schlachthofquartier-perspektive-ufer\/804461448.jpg\" src=\"data:image\/svg+xml,%3Csvg%20xmlns%3D%22http%3A%2F%2Fwww.w3.org%2F2000%2Fsvg%22%20width%3D%22260%22%20height%3D%22260%22%20viewBox%3D%220%200%20260%20260%22%3E%3C%2Fsvg%3E\" loading=\"eager\"><\/span><span class=\"fg-image-overlay\"><\/span><\/a><figcaption class=\"fg-caption\"><div class=\"fg-caption-inner\"><div class=\"fg-caption-desc\">WB Schlachthofquartier Offenburg<\/div><\/div><\/figcaption><\/figure><div class=\"fg-loader\"><\/div><\/div><div class=\"fg-item fg-type-image fg-idle\"><figure class=\"fg-item-inner\"><a href=\"http:\/\/einsiedel-architekten.de\/cms\/wb-grundschule\/\" data-caption-title=\"WB Grundschule Donaustauf\" data-caption-desc=\"WB Grundschule Donaustauf\" data-attachment-id=\"1839\" class=\"fg-thumb\"><span class=\"fg-image-wrap\"><img decoding=\"async\" title=\"WB Grundschule Donaustauf\" width=\"260\" height=\"260\" class=\"skip-lazy fg-image\" data-src-fg=\"http:\/\/einsiedel-architekten.de\/cms\/wp-content\/uploads\/cache\/2020\/08\/2020-wb-grundschule-isometrie\/3684401380.jpg\" src=\"data:image\/svg+xml,%3Csvg%20xmlns%3D%22http%3A%2F%2Fwww.w3.org%2F2000%2Fsvg%22%20width%3D%22260%22%20height%3D%22260%22%20viewBox%3D%220%200%20260%20260%22%3E%3C%2Fsvg%3E\" loading=\"eager\"><\/span><span class=\"fg-image-overlay\"><\/span><\/a><figcaption class=\"fg-caption\"><div class=\"fg-caption-inner\"><div class=\"fg-caption-desc\">WB Grundschule Donaustauf<\/div><\/div><\/figcaption><\/figure><div class=\"fg-loader\"><\/div><\/div><div class=\"fg-item fg-type-image fg-idle\"><figure class=\"fg-item-inner\"><a href=\"http:\/\/einsiedel-architekten.de\/cms\/jah\/\" data-caption-title=\"Modernisierung Gemeindezentrum, Waiblingen\" data-caption-desc=\"Modernisierung Gemeindezentrum, Waiblingen\" data-attachment-id=\"1331\" class=\"fg-thumb\"><span class=\"fg-image-wrap\"><img decoding=\"async\" title=\"Modernisierung Gemeindezentrum, Waiblingen\" width=\"260\" height=\"260\" class=\"skip-lazy fg-image\" data-src-fg=\"http:\/\/einsiedel-architekten.de\/cms\/wp-content\/uploads\/cache\/2019\/11\/2019-wb-jah\/2075763272.jpg\" src=\"data:image\/svg+xml,%3Csvg%20xmlns%3D%22http%3A%2F%2Fwww.w3.org%2F2000%2Fsvg%22%20width%3D%22260%22%20height%3D%22260%22%20viewBox%3D%220%200%20260%20260%22%3E%3C%2Fsvg%3E\" loading=\"eager\"><\/span><span class=\"fg-image-overlay\"><\/span><\/a><figcaption class=\"fg-caption\"><div class=\"fg-caption-inner\"><div class=\"fg-caption-desc\">Modernisierung Gemeindezentrum, Waiblingen<\/div><\/div><\/figcaption><\/figure><div class=\"fg-loader\"><\/div><\/div><div class=\"fg-item fg-type-image fg-idle\"><figure class=\"fg-item-inner\"><a href=\"http:\/\/einsiedel-architekten.de\/cms\/wb-stoeckach\/\" data-caption-title=\"WB Stuttgart-St\u00f6ckach\" data-caption-desc=\"WB Stuttgart-St\u00f6ckach\" data-attachment-id=\"1701\" class=\"fg-thumb\"><span class=\"fg-image-wrap\"><img decoding=\"async\" title=\"WB Stuttgart-St\u00f6ckach\" width=\"260\" height=\"260\" class=\"skip-lazy fg-image\" data-src-fg=\"http:\/\/einsiedel-architekten.de\/cms\/wp-content\/uploads\/cache\/2019\/12\/wb-st\u00f6kach-1\/3064578322.jpg\" src=\"data:image\/svg+xml,%3Csvg%20xmlns%3D%22http%3A%2F%2Fwww.w3.org%2F2000%2Fsvg%22%20width%3D%22260%22%20height%3D%22260%22%20viewBox%3D%220%200%20260%20260%22%3E%3C%2Fsvg%3E\" loading=\"eager\"><\/span><span class=\"fg-image-overlay\"><\/span><\/a><figcaption class=\"fg-caption\"><div class=\"fg-caption-inner\"><div class=\"fg-caption-desc\">WB Stuttgart-St\u00f6ckach<\/div><\/div><\/figcaption><\/figure><div class=\"fg-loader\"><\/div><\/div><div class=\"fg-item fg-type-image fg-idle\"><figure class=\"fg-item-inner\"><a href=\"http:\/\/einsiedel-architekten.de\/cms\/schloss-schaumburg\/\" data-caption-title=\"Revitalisierung Schlo\u00df Schaumburg\" data-caption-desc=\"Revitalisierung Schlo\u00df Schaumburg\" data-attachment-id=\"1426\" class=\"fg-thumb\"><span class=\"fg-image-wrap\"><img decoding=\"async\" title=\"Revitalisierung Schlo\u00df Schaumburg\" width=\"260\" height=\"260\" class=\"skip-lazy fg-image\" data-src-fg=\"http:\/\/einsiedel-architekten.de\/cms\/wp-content\/uploads\/cache\/2019\/11\/schloss-schaumburg-1-scaled\/3893418048.jpg\" src=\"data:image\/svg+xml,%3Csvg%20xmlns%3D%22http%3A%2F%2Fwww.w3.org%2F2000%2Fsvg%22%20width%3D%22260%22%20height%3D%22260%22%20viewBox%3D%220%200%20260%20260%22%3E%3C%2Fsvg%3E\" loading=\"eager\"><\/span><span class=\"fg-image-overlay\"><\/span><\/a><figcaption class=\"fg-caption\"><div class=\"fg-caption-inner\"><div class=\"fg-caption-desc\">Revitalisierung Schlo\u00df Schaumburg<\/div><\/div><\/figcaption><\/figure><div class=\"fg-loader\"><\/div><\/div><div class=\"fg-item fg-type-image fg-idle\"><figure class=\"fg-item-inner\"><a href=\"http:\/\/einsiedel-architekten.de\/cms\/wb-rosenstein\/\" data-caption-title=\"WB Stuttgart-Rosenstein\" data-caption-desc=\"WB Stuttgart-Rosenstein\" data-attachment-id=\"1708\" class=\"fg-thumb\"><span class=\"fg-image-wrap\"><img decoding=\"async\" title=\"WB Stuttgart-Rosenstein\" width=\"260\" height=\"260\" class=\"skip-lazy fg-image\" data-src-fg=\"http:\/\/einsiedel-architekten.de\/cms\/wp-content\/uploads\/cache\/2019\/12\/wb-rosenstein\/4172315112.jpg\" src=\"data:image\/svg+xml,%3Csvg%20xmlns%3D%22http%3A%2F%2Fwww.w3.org%2F2000%2Fsvg%22%20width%3D%22260%22%20height%3D%22260%22%20viewBox%3D%220%200%20260%20260%22%3E%3C%2Fsvg%3E\" loading=\"eager\"><\/span><span class=\"fg-image-overlay\"><\/span><\/a><figcaption class=\"fg-caption\"><div class=\"fg-caption-inner\"><div class=\"fg-caption-desc\">WB Stuttgart-Rosenstein<\/div><\/div><\/figcaption><\/figure><div class=\"fg-loader\"><\/div><\/div><div class=\"fg-item fg-type-image fg-idle\"><figure class=\"fg-item-inner\"><a href=\"http:\/\/einsiedel-architekten.de\/cms\/villa-sinner\/\" data-caption-title=\"Umbau Villa zu Kita, Karlsruhe\" data-caption-desc=\"Umbau Villa zu Kita, Karlsruhe\" data-attachment-id=\"1625\" class=\"fg-thumb\"><span class=\"fg-image-wrap\"><img decoding=\"async\" title=\"Umbau Villa zu Kita, Karlsruhe\" width=\"260\" height=\"260\" class=\"skip-lazy fg-image\" data-src-fg=\"http:\/\/einsiedel-architekten.de\/cms\/wp-content\/uploads\/cache\/2019\/12\/villa-sinner\/2199905238.jpg\" src=\"data:image\/svg+xml,%3Csvg%20xmlns%3D%22http%3A%2F%2Fwww.w3.org%2F2000%2Fsvg%22%20width%3D%22260%22%20height%3D%22260%22%20viewBox%3D%220%200%20260%20260%22%3E%3C%2Fsvg%3E\" loading=\"eager\"><\/span><span class=\"fg-image-overlay\"><\/span><\/a><figcaption class=\"fg-caption\"><div class=\"fg-caption-inner\"><div class=\"fg-caption-desc\">Umbau Villa zu Kita, Karlsruhe<\/div><\/div><\/figcaption><\/figure><div class=\"fg-loader\"><\/div><\/div><div class=\"fg-item fg-type-image fg-idle\"><figure class=\"fg-item-inner\"><a href=\"http:\/\/einsiedel-architekten.de\/cms\/wb-schieferbuckel\/\" data-caption-title=\"WB Schieferbuckel, Reutlingen\" data-caption-desc=\"WB Schieferbuckel, Reutlingen\" data-attachment-id=\"1703\" class=\"fg-thumb\"><span class=\"fg-image-wrap\"><img decoding=\"async\" title=\"WB Schieferbuckel, Reutlingen\" width=\"260\" height=\"260\" class=\"skip-lazy fg-image\" data-src-fg=\"http:\/\/einsiedel-architekten.de\/cms\/wp-content\/uploads\/cache\/2019\/12\/wb-schieferbuckel-1\/3618776112.jpg\" src=\"data:image\/svg+xml,%3Csvg%20xmlns%3D%22http%3A%2F%2Fwww.w3.org%2F2000%2Fsvg%22%20width%3D%22260%22%20height%3D%22260%22%20viewBox%3D%220%200%20260%20260%22%3E%3C%2Fsvg%3E\" loading=\"eager\"><\/span><span class=\"fg-image-overlay\"><\/span><\/a><figcaption class=\"fg-caption\"><div class=\"fg-caption-inner\"><div class=\"fg-caption-desc\">WB Schieferbuckel, Reutlingen<\/div><\/div><\/figcaption><\/figure><div class=\"fg-loader\"><\/div><\/div><div class=\"fg-item fg-type-image fg-idle\"><figure class=\"fg-item-inner\"><a href=\"http:\/\/einsiedel-architekten.de\/cms\/villa-schoenleber\/\" data-caption-title=\"Kunstakademie in Denkmalvilla, Karlsruhe\" data-caption-desc=\"Kunstakademie in Denkmalvilla, Karlsruhe\" data-attachment-id=\"1415\" class=\"fg-thumb\"><span class=\"fg-image-wrap\"><img decoding=\"async\" title=\"Kunstakademie in Denkmalvilla, Karlsruhe\" width=\"260\" height=\"260\" class=\"skip-lazy fg-image\" data-src-fg=\"http:\/\/einsiedel-architekten.de\/cms\/wp-content\/uploads\/cache\/2019\/11\/villa-sch\u00f6nleber\/2849294769.jpg\" src=\"data:image\/svg+xml,%3Csvg%20xmlns%3D%22http%3A%2F%2Fwww.w3.org%2F2000%2Fsvg%22%20width%3D%22260%22%20height%3D%22260%22%20viewBox%3D%220%200%20260%20260%22%3E%3C%2Fsvg%3E\" loading=\"eager\"><\/span><span class=\"fg-image-overlay\"><\/span><\/a><figcaption class=\"fg-caption\"><div class=\"fg-caption-inner\"><div class=\"fg-caption-desc\">Kunstakademie in Denkmalvilla, Karlsruhe<\/div><\/div><\/figcaption><\/figure><div class=\"fg-loader\"><\/div><\/div><div class=\"fg-item fg-type-image fg-idle\"><figure class=\"fg-item-inner\"><a href=\"http:\/\/einsiedel-architekten.de\/cms\/wb-hindenburgkaserne\/\" data-caption-title=\"WB Konversion Kaserne, Ulm\" data-caption-desc=\"WB Konversion Kaserne, Ulm\" data-attachment-id=\"1704\" class=\"fg-thumb\"><span class=\"fg-image-wrap\"><img decoding=\"async\" title=\"WB Konversion Kaserne, Ulm\" width=\"260\" height=\"260\" class=\"skip-lazy fg-image\" data-src-fg=\"http:\/\/einsiedel-architekten.de\/cms\/wp-content\/uploads\/cache\/2019\/12\/wb-hindenburgkaserne\/817853077.jpg\" src=\"data:image\/svg+xml,%3Csvg%20xmlns%3D%22http%3A%2F%2Fwww.w3.org%2F2000%2Fsvg%22%20width%3D%22260%22%20height%3D%22260%22%20viewBox%3D%220%200%20260%20260%22%3E%3C%2Fsvg%3E\" loading=\"eager\"><\/span><span class=\"fg-image-overlay\"><\/span><\/a><figcaption class=\"fg-caption\"><div class=\"fg-caption-inner\"><div class=\"fg-caption-desc\">WB Konversion Kaserne, Ulm<\/div><\/div><\/figcaption><\/figure><div class=\"fg-loader\"><\/div><\/div><div class=\"fg-item fg-type-image fg-idle\"><figure class=\"fg-item-inner\"><a href=\"http:\/\/einsiedel-architekten.de\/cms\/villa-scheufelen\/\" data-caption-title=\"Grundschule in Denkmalvilla, Stuttgart\" data-caption-desc=\"Grundschule in Denkmalvilla, Stuttgart\" data-attachment-id=\"1349\" class=\"fg-thumb\"><span class=\"fg-image-wrap\"><img decoding=\"async\" title=\"Grundschule in Denkmalvilla, Stuttgart\" width=\"260\" height=\"260\" class=\"skip-lazy fg-image\" data-src-fg=\"http:\/\/einsiedel-architekten.de\/cms\/wp-content\/uploads\/cache\/2019\/11\/villa-scheufelen\/2860708475.jpg\" src=\"data:image\/svg+xml,%3Csvg%20xmlns%3D%22http%3A%2F%2Fwww.w3.org%2F2000%2Fsvg%22%20width%3D%22260%22%20height%3D%22260%22%20viewBox%3D%220%200%20260%20260%22%3E%3C%2Fsvg%3E\" loading=\"eager\"><\/span><span class=\"fg-image-overlay\"><\/span><\/a><figcaption class=\"fg-caption\"><div class=\"fg-caption-inner\"><div class=\"fg-caption-desc\">Grundschule in Denkmalvilla, Stuttgart<\/div><\/div><\/figcaption><\/figure><div class=\"fg-loader\"><\/div><\/div><div class=\"fg-item fg-type-image fg-idle\"><figure class=\"fg-item-inner\"><a href=\"http:\/\/einsiedel-architekten.de\/cms\/wb-hospital\/\" data-caption-title=\"WB Konversion Hospital, Heidelberg\" data-caption-desc=\"WB Konversion Hospital, Heidelberg\" data-attachment-id=\"1711\" class=\"fg-thumb\"><span class=\"fg-image-wrap\"><img decoding=\"async\" title=\"WB Konversion Hospital, Heidelberg\" width=\"260\" height=\"260\" class=\"skip-lazy fg-image\" data-src-fg=\"http:\/\/einsiedel-architekten.de\/cms\/wp-content\/uploads\/cache\/2019\/12\/wb-hospital-1\/389823332.jpg\" src=\"data:image\/svg+xml,%3Csvg%20xmlns%3D%22http%3A%2F%2Fwww.w3.org%2F2000%2Fsvg%22%20width%3D%22260%22%20height%3D%22260%22%20viewBox%3D%220%200%20260%20260%22%3E%3C%2Fsvg%3E\" loading=\"eager\"><\/span><span class=\"fg-image-overlay\"><\/span><\/a><figcaption class=\"fg-caption\"><div class=\"fg-caption-inner\"><div class=\"fg-caption-desc\">WB Konversion Hospital, Heidelberg<\/div><\/div><\/figcaption><\/figure><div class=\"fg-loader\"><\/div><\/div><div class=\"fg-item fg-type-image fg-idle\"><figure class=\"fg-item-inner\"><a href=\"http:\/\/einsiedel-architekten.de\/cms\/silberburg\/\" data-caption-title=\"Aufstockung Wohnhaus, Stuttgart\" data-caption-desc=\"Aufstockung Wohnhaus, Stuttgart\" data-attachment-id=\"1707\" class=\"fg-thumb\"><span class=\"fg-image-wrap\"><img decoding=\"async\" title=\"Aufstockung Wohnhaus, Stuttgart\" width=\"260\" height=\"260\" class=\"skip-lazy fg-image\" data-src-fg=\"http:\/\/einsiedel-architekten.de\/cms\/wp-content\/uploads\/cache\/2019\/12\/silberburg-2\/1629825652.jpg\" src=\"data:image\/svg+xml,%3Csvg%20xmlns%3D%22http%3A%2F%2Fwww.w3.org%2F2000%2Fsvg%22%20width%3D%22260%22%20height%3D%22260%22%20viewBox%3D%220%200%20260%20260%22%3E%3C%2Fsvg%3E\" loading=\"eager\"><\/span><span class=\"fg-image-overlay\"><\/span><\/a><figcaption class=\"fg-caption\"><div class=\"fg-caption-inner\"><div class=\"fg-caption-desc\">Aufstockung Wohnhaus, Stuttgart<\/div><\/div><\/figcaption><\/figure><div class=\"fg-loader\"><\/div><\/div><div class=\"fg-item fg-type-image fg-idle\"><figure class=\"fg-item-inner\"><a href=\"http:\/\/einsiedel-architekten.de\/cms\/gentzrode\/\" data-caption-title=\"Revitalisierung Gut Gentzrode\" data-caption-desc=\"Revitalisierung Gut Gentzrode\" data-attachment-id=\"1624\" class=\"fg-thumb\"><span class=\"fg-image-wrap\"><img decoding=\"async\" title=\"Revitalisierung Gut Gentzrode\" width=\"260\" height=\"260\" class=\"skip-lazy fg-image\" data-src-fg=\"http:\/\/einsiedel-architekten.de\/cms\/wp-content\/uploads\/cache\/2019\/12\/gut-gentzrode\/3649004630.jpg\" src=\"data:image\/svg+xml,%3Csvg%20xmlns%3D%22http%3A%2F%2Fwww.w3.org%2F2000%2Fsvg%22%20width%3D%22260%22%20height%3D%22260%22%20viewBox%3D%220%200%20260%20260%22%3E%3C%2Fsvg%3E\" loading=\"eager\"><\/span><span class=\"fg-image-overlay\"><\/span><\/a><figcaption class=\"fg-caption\"><div class=\"fg-caption-inner\"><div class=\"fg-caption-desc\">Revitalisierung Gut Gentzrode<\/div><\/div><\/figcaption><\/figure><div class=\"fg-loader\"><\/div><\/div><div class=\"fg-item fg-type-image fg-idle\"><figure class=\"fg-item-inner\"><a href=\"http:\/\/einsiedel-architekten.de\/cms\/kita-pusteblume\/\" data-caption-title=\"Umbau Waggonhalle zu Kita, Heidelberg\" data-caption-desc=\"Umbau Waggonhalle zu Kita, Heidelberg\" data-attachment-id=\"1422\" class=\"fg-thumb\"><span class=\"fg-image-wrap\"><img decoding=\"async\" title=\"Umbau Waggonhalle zu Kita, Heidelberg\" width=\"260\" height=\"260\" class=\"skip-lazy fg-image\" data-src-fg=\"http:\/\/einsiedel-architekten.de\/cms\/wp-content\/uploads\/cache\/2019\/11\/kita-pusteblume-1\/1443924384.jpg\" src=\"data:image\/svg+xml,%3Csvg%20xmlns%3D%22http%3A%2F%2Fwww.w3.org%2F2000%2Fsvg%22%20width%3D%22260%22%20height%3D%22260%22%20viewBox%3D%220%200%20260%20260%22%3E%3C%2Fsvg%3E\" loading=\"eager\"><\/span><span class=\"fg-image-overlay\"><\/span><\/a><figcaption class=\"fg-caption\"><div class=\"fg-caption-inner\"><div class=\"fg-caption-desc\">Umbau Waggonhalle zu Kita, Heidelberg<\/div><\/div><\/figcaption><\/figure><div class=\"fg-loader\"><\/div><\/div><div class=\"fg-item fg-type-image fg-idle\"><figure class=\"fg-item-inner\"><a href=\"http:\/\/einsiedel-architekten.de\/cms\/wb-internationale-schule\/\" data-caption-title=\"Erweiterung Internationale Schule, Stuttgart\" data-caption-desc=\"Erweiterung Internationale Schule, Stuttgart\" data-attachment-id=\"1705\" class=\"fg-thumb\"><span class=\"fg-image-wrap\"><img decoding=\"async\" title=\"Erweiterung Internationale Schule, Stuttgart\" width=\"260\" height=\"260\" class=\"skip-lazy fg-image\" data-src-fg=\"http:\/\/einsiedel-architekten.de\/cms\/wp-content\/uploads\/cache\/2019\/12\/wb-internationale-schule\/2246163584.jpg\" src=\"data:image\/svg+xml,%3Csvg%20xmlns%3D%22http%3A%2F%2Fwww.w3.org%2F2000%2Fsvg%22%20width%3D%22260%22%20height%3D%22260%22%20viewBox%3D%220%200%20260%20260%22%3E%3C%2Fsvg%3E\" loading=\"eager\"><\/span><span class=\"fg-image-overlay\"><\/span><\/a><figcaption class=\"fg-caption\"><div class=\"fg-caption-inner\"><div class=\"fg-caption-desc\">Erweiterung Internationale Schule, Stuttgart<\/div><\/div><\/figcaption><\/figure><div class=\"fg-loader\"><\/div><\/div><div class=\"fg-item fg-type-image fg-idle\"><figure class=\"fg-item-inner\"><a href=\"http:\/\/einsiedel-architekten.de\/cms\/villa-falkenrain\/\" data-caption-title=\"Modernisierung Wohnhaus, Stuttgart\" data-caption-desc=\"Modernisierung Wohnhaus, Stuttgart\" data-attachment-id=\"1428\" class=\"fg-thumb\"><span class=\"fg-image-wrap\"><img decoding=\"async\" title=\"Modernisierung Wohnhaus, Stuttgart\" width=\"260\" height=\"260\" class=\"skip-lazy fg-image\" data-src-fg=\"http:\/\/einsiedel-architekten.de\/cms\/wp-content\/uploads\/cache\/2019\/11\/villa-falkenrain-1\/1295356546.jpg\" src=\"data:image\/svg+xml,%3Csvg%20xmlns%3D%22http%3A%2F%2Fwww.w3.org%2F2000%2Fsvg%22%20width%3D%22260%22%20height%3D%22260%22%20viewBox%3D%220%200%20260%20260%22%3E%3C%2Fsvg%3E\" loading=\"eager\"><\/span><span class=\"fg-image-overlay\"><\/span><\/a><figcaption class=\"fg-caption\"><div class=\"fg-caption-inner\"><div class=\"fg-caption-desc\">Modernisierung Wohnhaus, Stuttgart<\/div><\/div><\/figcaption><\/figure><div class=\"fg-loader\"><\/div><\/div><div class=\"fg-item fg-type-image fg-idle\"><figure class=\"fg-item-inner\"><a href=\"http:\/\/einsiedel-architekten.de\/cms\/wb-benazet-saal\/\" data-caption-title=\"Umbau Festsaal, Baden-Baden\" data-caption-desc=\"Umbau Festsaal, Baden-Baden\" data-attachment-id=\"1706\" class=\"fg-thumb\"><span class=\"fg-image-wrap\"><img decoding=\"async\" title=\"Umbau Festsaal, Baden-Baden\" width=\"260\" height=\"260\" class=\"skip-lazy fg-image\" data-src-fg=\"http:\/\/einsiedel-architekten.de\/cms\/wp-content\/uploads\/cache\/2019\/12\/wb-baden-baden-1-scaled\/1119812026.jpg\" src=\"data:image\/svg+xml,%3Csvg%20xmlns%3D%22http%3A%2F%2Fwww.w3.org%2F2000%2Fsvg%22%20width%3D%22260%22%20height%3D%22260%22%20viewBox%3D%220%200%20260%20260%22%3E%3C%2Fsvg%3E\" loading=\"eager\"><\/span><span class=\"fg-image-overlay\"><\/span><\/a><figcaption class=\"fg-caption\"><div class=\"fg-caption-inner\"><div class=\"fg-caption-desc\">Umbau Festsaal, Baden-Baden<\/div><\/div><\/figcaption><\/figure><div class=\"fg-loader\"><\/div><\/div><div class=\"fg-item fg-type-image fg-idle\"><figure class=\"fg-item-inner\"><a href=\"http:\/\/einsiedel-architekten.de\/cms\/villa-kahn\/\" data-caption-title=\"Restaurierung Denkmalvilla, Stuttgart\" data-caption-desc=\"Restaurierung Denkmalvilla, Stuttgart\" data-attachment-id=\"1347\" class=\"fg-thumb\"><span class=\"fg-image-wrap\"><img decoding=\"async\" title=\"Restaurierung Denkmalvilla, Stuttgart\" width=\"260\" height=\"260\" class=\"skip-lazy fg-image\" data-src-fg=\"http:\/\/einsiedel-architekten.de\/cms\/wp-content\/uploads\/cache\/2019\/11\/villa-kahn-1\/3069162123.jpg\" src=\"data:image\/svg+xml,%3Csvg%20xmlns%3D%22http%3A%2F%2Fwww.w3.org%2F2000%2Fsvg%22%20width%3D%22260%22%20height%3D%22260%22%20viewBox%3D%220%200%20260%20260%22%3E%3C%2Fsvg%3E\" loading=\"eager\"><\/span><span class=\"fg-image-overlay\"><\/span><\/a><figcaption class=\"fg-caption\"><div class=\"fg-caption-inner\"><div class=\"fg-caption-desc\">Restaurierung Denkmalvilla, Stuttgart<\/div><\/div><\/figcaption><\/figure><div class=\"fg-loader\"><\/div><\/div><div class=\"fg-item fg-type-image fg-idle\"><figure class=\"fg-item-inner\"><a href=\"http:\/\/einsiedel-architekten.de\/cms\/dwh\/\" data-caption-title=\"Revitalisierung Deutsche Werkst\u00e4tten Hellerau, Dresden\" data-caption-desc=\"Revitalisierung Deutsche Werkst\u00e4tten Hellerau, Dresden\" data-attachment-id=\"1421\" class=\"fg-thumb\"><span class=\"fg-image-wrap\"><img decoding=\"async\" title=\"Revitalisierung Deutsche Werkst\u00e4tten Hellerau, Dresden\" width=\"260\" height=\"260\" class=\"skip-lazy fg-image\" data-src-fg=\"http:\/\/einsiedel-architekten.de\/cms\/wp-content\/uploads\/cache\/2019\/11\/dwh-1\/697861300.jpg\" src=\"data:image\/svg+xml,%3Csvg%20xmlns%3D%22http%3A%2F%2Fwww.w3.org%2F2000%2Fsvg%22%20width%3D%22260%22%20height%3D%22260%22%20viewBox%3D%220%200%20260%20260%22%3E%3C%2Fsvg%3E\" loading=\"eager\"><\/span><span class=\"fg-image-overlay\"><\/span><\/a><figcaption class=\"fg-caption\"><div class=\"fg-caption-inner\"><div class=\"fg-caption-desc\">Revitalisierung Deutsche Werkst\u00e4tten Hellerau, Dresden<\/div><\/div><\/figcaption><\/figure><div class=\"fg-loader\"><\/div><\/div><div class=\"fg-item fg-type-image fg-idle\"><figure class=\"fg-item-inner\"><a href=\"http:\/\/einsiedel-architekten.de\/cms\/wb-muehlbachhofschule\/\" data-caption-title=\"Erweiterung M\u00fchlbachhofschule, Stuttgart\" data-caption-desc=\"Erweiterung M\u00fchlbachhofschule, Stuttgart\" data-attachment-id=\"1702\" class=\"fg-thumb\"><span class=\"fg-image-wrap\"><img decoding=\"async\" title=\"Erweiterung M\u00fchlbachhofschule, Stuttgart\" width=\"260\" height=\"260\" class=\"skip-lazy fg-image\" data-src-fg=\"http:\/\/einsiedel-architekten.de\/cms\/wp-content\/uploads\/cache\/2019\/12\/wb-m\u00fchlbachhofschule-1\/3568746327.jpg\" src=\"data:image\/svg+xml,%3Csvg%20xmlns%3D%22http%3A%2F%2Fwww.w3.org%2F2000%2Fsvg%22%20width%3D%22260%22%20height%3D%22260%22%20viewBox%3D%220%200%20260%20260%22%3E%3C%2Fsvg%3E\" loading=\"eager\"><\/span><span class=\"fg-image-overlay\"><\/span><\/a><figcaption class=\"fg-caption\"><div class=\"fg-caption-inner\"><div class=\"fg-caption-desc\">Erweiterung M\u00fchlbachhofschule, Stuttgart<\/div><\/div><\/figcaption><\/figure><div class=\"fg-loader\"><\/div><\/div><div class=\"fg-item fg-type-image fg-idle\"><figure class=\"fg-item-inner\"><a href=\"http:\/\/einsiedel-architekten.de\/cms\/kreishausareal\/\" data-caption-title=\"Neubebauung Kreishausareal, Siegburg\" data-caption-desc=\"Neubebauung Kreishausareal, Siegburg\" data-attachment-id=\"1641\" class=\"fg-thumb\"><span class=\"fg-image-wrap\"><img decoding=\"async\" title=\"Neubebauung Kreishausareal, Siegburg\" width=\"260\" height=\"260\" class=\"skip-lazy fg-image\" data-src-fg=\"http:\/\/einsiedel-architekten.de\/cms\/wp-content\/uploads\/cache\/2019\/12\/kreishausareal-scaled\/1531039700.jpg\" src=\"data:image\/svg+xml,%3Csvg%20xmlns%3D%22http%3A%2F%2Fwww.w3.org%2F2000%2Fsvg%22%20width%3D%22260%22%20height%3D%22260%22%20viewBox%3D%220%200%20260%20260%22%3E%3C%2Fsvg%3E\" loading=\"eager\"><\/span><span class=\"fg-image-overlay\"><\/span><\/a><figcaption class=\"fg-caption\"><div class=\"fg-caption-inner\"><div class=\"fg-caption-desc\">Neubebauung Kreishausareal, Siegburg<\/div><\/div><\/figcaption><\/figure><div class=\"fg-loader\"><\/div><\/div><div class=\"fg-item fg-type-image fg-idle\"><figure class=\"fg-item-inner\"><a href=\"http:\/\/einsiedel-architekten.de\/cms\/wb-koenigsbrunn\/\" data-caption-title=\"WB Hauptschule, K\u00f6nigsbrunn\" data-caption-desc=\"WB Hauptschule, K\u00f6nigsbrunn\" data-attachment-id=\"1709\" class=\"fg-thumb\"><span class=\"fg-image-wrap\"><img decoding=\"async\" title=\"WB Hauptschule, K\u00f6nigsbrunn\" width=\"260\" height=\"260\" class=\"skip-lazy fg-image\" data-src-fg=\"http:\/\/einsiedel-architekten.de\/cms\/wp-content\/uploads\/cache\/2019\/12\/wb-hauptschule\/1962602969.jpg\" src=\"data:image\/svg+xml,%3Csvg%20xmlns%3D%22http%3A%2F%2Fwww.w3.org%2F2000%2Fsvg%22%20width%3D%22260%22%20height%3D%22260%22%20viewBox%3D%220%200%20260%20260%22%3E%3C%2Fsvg%3E\" loading=\"eager\"><\/span><span class=\"fg-image-overlay\"><\/span><\/a><figcaption class=\"fg-caption\"><div class=\"fg-caption-inner\"><div class=\"fg-caption-desc\">WB Hauptschule, K\u00f6nigsbrunn<\/div><\/div><\/figcaption><\/figure><div class=\"fg-loader\"><\/div><\/div><div class=\"fg-item fg-type-image fg-idle\"><figure class=\"fg-item-inner\"><a href=\"http:\/\/einsiedel-architekten.de\/cms\/jungbluthgasse\/\" data-caption-title=\"Wohnbebauung, K\u00f6ln-Weiden\" data-caption-desc=\"Wohnbebauung, K\u00f6ln-Weiden\" data-attachment-id=\"1429\" class=\"fg-thumb\"><span class=\"fg-image-wrap\"><img decoding=\"async\" title=\"Wohnbebauung, K\u00f6ln-Weiden\" width=\"260\" height=\"260\" class=\"skip-lazy fg-image\" data-src-fg=\"http:\/\/einsiedel-architekten.de\/cms\/wp-content\/uploads\/cache\/2019\/11\/wohnanlage-jungbluthgasse-1\/2096183359.jpg\" src=\"data:image\/svg+xml,%3Csvg%20xmlns%3D%22http%3A%2F%2Fwww.w3.org%2F2000%2Fsvg%22%20width%3D%22260%22%20height%3D%22260%22%20viewBox%3D%220%200%20260%20260%22%3E%3C%2Fsvg%3E\" loading=\"eager\"><\/span><span class=\"fg-image-overlay\"><\/span><\/a><figcaption class=\"fg-caption\"><div class=\"fg-caption-inner\"><div class=\"fg-caption-desc\">Wohnbebauung, K\u00f6ln-Weiden<\/div><\/div><\/figcaption><\/figure><div class=\"fg-loader\"><\/div><\/div><div class=\"fg-item fg-type-image fg-idle\"><figure class=\"fg-item-inner\"><a href=\"http:\/\/einsiedel-architekten.de\/cms\/staatskanzlei\/\" data-caption-title=\"Modernisierung S\u00e4chs. Staatskanzlei, Dresden\" data-caption-desc=\"Modernisierung S\u00e4chs. Staatskanzlei, Dresden\" data-attachment-id=\"1344\" class=\"fg-thumb\"><span class=\"fg-image-wrap\"><img decoding=\"async\" title=\"Modernisierung S\u00e4chs. Staatskanzlei, Dresden\" width=\"260\" height=\"260\" class=\"skip-lazy fg-image\" data-src-fg=\"http:\/\/einsiedel-architekten.de\/cms\/wp-content\/uploads\/cache\/2019\/11\/staatskanzlei\/1174762186.jpg\" src=\"data:image\/svg+xml,%3Csvg%20xmlns%3D%22http%3A%2F%2Fwww.w3.org%2F2000%2Fsvg%22%20width%3D%22260%22%20height%3D%22260%22%20viewBox%3D%220%200%20260%20260%22%3E%3C%2Fsvg%3E\" loading=\"eager\"><\/span><span class=\"fg-image-overlay\"><\/span><\/a><figcaption class=\"fg-caption\"><div class=\"fg-caption-inner\"><div class=\"fg-caption-desc\">Modernisierung S\u00e4chs. Staatskanzlei, Dresden<\/div><\/div><\/figcaption><\/figure><div class=\"fg-loader\"><\/div><\/div><div class=\"fg-item fg-type-image fg-idle\"><figure class=\"fg-item-inner\"><a href=\"http:\/\/einsiedel-architekten.de\/cms\/wb-japan-palais\/\" data-caption-title=\"WB Museum im Japanisches Palais, Dresden\" data-caption-desc=\"WB Museum im Japanisches Palais, Dresden\" data-attachment-id=\"1222\" class=\"fg-thumb\"><span class=\"fg-image-wrap\"><img decoding=\"async\" title=\"WB Museum im Japanisches Palais, Dresden\" width=\"260\" height=\"260\" class=\"skip-lazy fg-image\" data-src-fg=\"http:\/\/einsiedel-architekten.de\/cms\/wp-content\/uploads\/cache\/2019\/11\/Ansicht-Kopie\/3351318507.jpg\" src=\"data:image\/svg+xml,%3Csvg%20xmlns%3D%22http%3A%2F%2Fwww.w3.org%2F2000%2Fsvg%22%20width%3D%22260%22%20height%3D%22260%22%20viewBox%3D%220%200%20260%20260%22%3E%3C%2Fsvg%3E\" loading=\"eager\"><\/span><span class=\"fg-image-overlay\"><\/span><\/a><figcaption class=\"fg-caption\"><div class=\"fg-caption-inner\"><div class=\"fg-caption-desc\">WB Museum im Japanisches Palais, Dresden<\/div><\/div><\/figcaption><\/figure><div class=\"fg-loader\"><\/div><\/div><div class=\"fg-item fg-type-image fg-idle\"><figure class=\"fg-item-inner\"><a href=\"http:\/\/einsiedel-architekten.de\/cms\/orb\/\" data-caption-title=\"Radio- u. B\u00fcrohaus ORB, Babelsberg\" data-caption-desc=\"Radio- u. B\u00fcrohaus ORB, Babelsberg\" data-attachment-id=\"1424\" class=\"fg-thumb\"><span class=\"fg-image-wrap\"><img decoding=\"async\" title=\"Radio- u. B\u00fcrohaus ORB, Babelsberg\" width=\"260\" height=\"260\" class=\"skip-lazy fg-image\" data-src-fg=\"http:\/\/einsiedel-architekten.de\/cms\/wp-content\/uploads\/cache\/2019\/11\/orb-1\/2113925420.jpg\" src=\"data:image\/svg+xml,%3Csvg%20xmlns%3D%22http%3A%2F%2Fwww.w3.org%2F2000%2Fsvg%22%20width%3D%22260%22%20height%3D%22260%22%20viewBox%3D%220%200%20260%20260%22%3E%3C%2Fsvg%3E\" loading=\"eager\"><\/span><span class=\"fg-image-overlay\"><\/span><\/a><figcaption class=\"fg-caption\"><div class=\"fg-caption-inner\"><div class=\"fg-caption-desc\">Radio- u. B\u00fcrohaus ORB, Babelsberg<\/div><\/div><\/figcaption><\/figure><div class=\"fg-loader\"><\/div><\/div><div class=\"fg-item fg-type-image fg-idle\"><figure class=\"fg-item-inner\"><a href=\"http:\/\/einsiedel-architekten.de\/cms\/villa-rothermund\/\" data-caption-title=\"Modernisierung Villa Rothermund, Dresden\" data-caption-desc=\"Modernisierung Villa Rothermund, Dresden\" data-attachment-id=\"1425\" class=\"fg-thumb\"><span class=\"fg-image-wrap\"><img decoding=\"async\" title=\"Modernisierung Villa Rothermund, Dresden\" width=\"260\" height=\"260\" class=\"skip-lazy fg-image\" data-src-fg=\"http:\/\/einsiedel-architekten.de\/cms\/wp-content\/uploads\/cache\/2019\/11\/villa-rothermund-1\/2324297262.jpg\" src=\"data:image\/svg+xml,%3Csvg%20xmlns%3D%22http%3A%2F%2Fwww.w3.org%2F2000%2Fsvg%22%20width%3D%22260%22%20height%3D%22260%22%20viewBox%3D%220%200%20260%20260%22%3E%3C%2Fsvg%3E\" loading=\"eager\"><\/span><span class=\"fg-image-overlay\"><\/span><\/a><figcaption class=\"fg-caption\"><div class=\"fg-caption-inner\"><div class=\"fg-caption-desc\">Modernisierung Villa Rothermund, Dresden<\/div><\/div><\/figcaption><\/figure><div class=\"fg-loader\"><\/div><\/div><div class=\"fg-item fg-type-image fg-idle\"><figure class=\"fg-item-inner\"><a href=\"http:\/\/einsiedel-architekten.de\/cms\/sfm\/\" data-caption-title=\"Modernisierung S\u00e4chs. Finanzministerium, Dresden\" data-caption-desc=\"Modernisierung S\u00e4chs. Finanzministerium, Dresden\" data-attachment-id=\"1342\" class=\"fg-thumb\"><span class=\"fg-image-wrap\"><img decoding=\"async\" title=\"Modernisierung S\u00e4chs. Finanzministerium, Dresden\" width=\"260\" height=\"260\" class=\"skip-lazy fg-image\" data-src-fg=\"http:\/\/einsiedel-architekten.de\/cms\/wp-content\/uploads\/cache\/2019\/11\/SFM\/2735495775.jpg\" src=\"data:image\/svg+xml,%3Csvg%20xmlns%3D%22http%3A%2F%2Fwww.w3.org%2F2000%2Fsvg%22%20width%3D%22260%22%20height%3D%22260%22%20viewBox%3D%220%200%20260%20260%22%3E%3C%2Fsvg%3E\" loading=\"eager\"><\/span><span class=\"fg-image-overlay\"><\/span><\/a><figcaption class=\"fg-caption\"><div class=\"fg-caption-inner\"><div class=\"fg-caption-desc\">Modernisierung S\u00e4chs. Finanzministerium, Dresden<\/div><\/div><\/figcaption><\/figure><div class=\"fg-loader\"><\/div><\/div><div class=\"fg-item fg-type-image fg-idle\"><figure class=\"fg-item-inner\"><a href=\"http:\/\/einsiedel-architekten.de\/cms\/kita-zugasse\/\" data-caption-title=\"Umbau Wagenhalle zu Kita, K\u00f6ln\" data-caption-desc=\"Umbau Wagenhalle zu Kita, K\u00f6ln\" data-attachment-id=\"1418\" class=\"fg-thumb\"><span class=\"fg-image-wrap\"><img decoding=\"async\" title=\"Umbau Wagenhalle zu Kita, K\u00f6ln\" width=\"260\" height=\"260\" class=\"skip-lazy fg-image\" data-src-fg=\"http:\/\/einsiedel-architekten.de\/cms\/wp-content\/uploads\/cache\/2019\/11\/kita-zugasse-scaled\/3239041395.jpg\" src=\"data:image\/svg+xml,%3Csvg%20xmlns%3D%22http%3A%2F%2Fwww.w3.org%2F2000%2Fsvg%22%20width%3D%22260%22%20height%3D%22260%22%20viewBox%3D%220%200%20260%20260%22%3E%3C%2Fsvg%3E\" loading=\"eager\"><\/span><span class=\"fg-image-overlay\"><\/span><\/a><figcaption class=\"fg-caption\"><div class=\"fg-caption-inner\"><div class=\"fg-caption-desc\">Umbau Wagenhalle zu Kita, K\u00f6ln<\/div><\/div><\/figcaption><\/figure><div class=\"fg-loader\"><\/div><\/div><div class=\"fg-item fg-type-image fg-idle\"><figure class=\"fg-item-inner\"><a href=\"http:\/\/einsiedel-architekten.de\/cms\/schloss-reinhardtsgrimma\/\" data-caption-title=\"Sanierung Schlo\u00df Reinhardtsgrimma\" data-caption-desc=\"Sanierung Schlo\u00df Reinhardtsgrimma\" data-attachment-id=\"1340\" class=\"fg-thumb\"><span class=\"fg-image-wrap\"><img decoding=\"async\" title=\"Sanierung Schlo\u00df Reinhardtsgrimma\" width=\"260\" height=\"260\" class=\"skip-lazy fg-image\" data-src-fg=\"http:\/\/einsiedel-architekten.de\/cms\/wp-content\/uploads\/cache\/2019\/11\/schloss-reinhardtsgrimma-scaled\/4185022220.jpg\" src=\"data:image\/svg+xml,%3Csvg%20xmlns%3D%22http%3A%2F%2Fwww.w3.org%2F2000%2Fsvg%22%20width%3D%22260%22%20height%3D%22260%22%20viewBox%3D%220%200%20260%20260%22%3E%3C%2Fsvg%3E\" loading=\"eager\"><\/span><span class=\"fg-image-overlay\"><\/span><\/a><figcaption class=\"fg-caption\"><div class=\"fg-caption-inner\"><div class=\"fg-caption-desc\">Sanierung Schlo\u00df Reinhardtsgrimma<\/div><\/div><\/figcaption><\/figure><div class=\"fg-loader\"><\/div><\/div><div class=\"fg-item fg-type-image fg-idle\"><figure class=\"fg-item-inner\"><a href=\"http:\/\/einsiedel-architekten.de\/cms\/umspannwerk-mediapark\/\" data-caption-title=\"Umspannwerk MediaPark, K\u00f6ln\" data-caption-desc=\"Umspannwerk MediaPark, K\u00f6ln\" data-attachment-id=\"1427\" class=\"fg-thumb\"><span class=\"fg-image-wrap\"><img decoding=\"async\" title=\"Umspannwerk MediaPark, K\u00f6ln\" width=\"260\" height=\"260\" class=\"skip-lazy fg-image\" data-src-fg=\"http:\/\/einsiedel-architekten.de\/cms\/wp-content\/uploads\/cache\/2019\/11\/umspannwerk-mediapark-1-scaled\/39434949.jpg\" src=\"data:image\/svg+xml,%3Csvg%20xmlns%3D%22http%3A%2F%2Fwww.w3.org%2F2000%2Fsvg%22%20width%3D%22260%22%20height%3D%22260%22%20viewBox%3D%220%200%20260%20260%22%3E%3C%2Fsvg%3E\" loading=\"eager\"><\/span><span class=\"fg-image-overlay\"><\/span><\/a><figcaption class=\"fg-caption\"><div class=\"fg-caption-inner\"><div class=\"fg-caption-desc\">Umspannwerk MediaPark, K\u00f6ln<\/div><\/div><\/figcaption><\/figure><div class=\"fg-loader\"><\/div><\/div><\/div>\r\n<style type=\"text\/css\">.foogallery figcaption.fg-caption {\r\n    background-color: rgba(255,255,255,0.85)!important;\r\n}\r\n.foogallery div.fg-caption-title {\r\n    font-size: 20px;\r\n    color: #dd890b;}\r\n\r\n.foogallery div.fg-caption-desc {\r\n    font-size: 20px;\r\n    color: #dd890b;\r\n}<\/style> <\/p>\n","protected":false},"excerpt":{"rendered":"","protected":false},"author":2,"featured_media":0,"parent":0,"menu_order":0,"comment_status":"closed","ping_status":"closed","template":"","meta":{"_vp_format_video_url":"","_vp_image_focal_point":[],"footnotes":""},"folder":[4],"class_list":["post-6","page","type-page","status-publish","hentry"],"_links":{"self":[{"href":"http:\/\/einsiedel-architekten.de\/cms\/wp-json\/wp\/v2\/pages\/6","targetHints":{"allow":["GET"]}}],"collection":[{"href":"http:\/\/einsiedel-architekten.de\/cms\/wp-json\/wp\/v2\/pages"}],"about":[{"href":"http:\/\/einsiedel-architekten.de\/cms\/wp-json\/wp\/v2\/types\/page"}],"author":[{"embeddable":true,"href":"http:\/\/einsiedel-architekten.de\/cms\/wp-json\/wp\/v2\/users\/2"}],"replies":[{"embeddable":true,"href":"http:\/\/einsiedel-architekten.de\/cms\/wp-json\/wp\/v2\/comments?post=6"}],"version-history":[{"count":6,"href":"http:\/\/einsiedel-architekten.de\/cms\/wp-json\/wp\/v2\/pages\/6\/revisions"}],"predecessor-version":[{"id":1795,"href":"http:\/\/einsiedel-architekten.de\/cms\/wp-json\/wp\/v2\/pages\/6\/revisions\/1795"}],"wp:attachment":[{"href":"http:\/\/einsiedel-architekten.de\/cms\/wp-json\/wp\/v2\/media?parent=6"}],"wp:term":[{"taxonomy":"folder","embeddable":true,"href":"http:\/\/einsiedel-architekten.de\/cms\/wp-json\/wp\/v2\/folder?post=6"}],"curies":[{"name":"wp","href":"https:\/\/api.w.org\/{rel}","templated":true}]}}