{"id":558,"date":"2019-10-31T14:44:50","date_gmt":"2019-10-31T13:44:50","guid":{"rendered":"http:\/\/einsiedel-architekten.de\/cms\/?page_id=558"},"modified":"2019-11-20T16:13:35","modified_gmt":"2019-11-20T15:13:35","slug":"orb","status":"publish","type":"page","link":"http:\/\/einsiedel-architekten.de\/cms\/orb\/","title":{"rendered":"1998 orb, potsdam-babelsberg"},"content":{"rendered":"\n<div class=\"wp-block-nk-visual-portfolio\">\n<div class=\"vp-portfolio vp-uid-84331309 vp-id-724 \"\n\tdata-vp-layout=\"slider\" data-vp-content-source=\"images\" data-vp-items-style=\"fly\" data-vp-items-click-action=\"popup_gallery\" data-vp-items-gap=\"15\" data-vp-items-gap-vertical=\"\" data-vp-pagination=\"load-more\" data-vp-next-page-url=\"\" data-vp-slider-effect=\"slide\" data-vp-slider-items-height=\"80%\" data-vp-slider-items-min-height=\"\" data-vp-slider-slides-per-view=\"2\" data-vp-slider-speed=\"1.5\" data-vp-slider-autoplay=\"4\" data-vp-slider-autoplay-hover-pause=\"false\" data-vp-slider-centered-slides=\"true\" data-vp-slider-loop=\"false\" data-vp-slider-free-mode=\"false\" data-vp-slider-free-mode-sticky=\"false\" data-vp-slider-arrows=\"true\" data-vp-slider-bullets=\"true\" data-vp-slider-bullets-dynamic=\"false\" data-vp-slider-mousewheel=\"false\" data-vp-slider-thumbnails=\"false\" >\n\t<div class=\"vp-portfolio__preloader-wrap\">\n\t\t<div class=\"vp-portfolio__preloader\">\n\t\t\t<img decoding=\"async\" loading=\"eager\" src=\"http:\/\/einsiedel-architekten.de\/cms\/wp-content\/plugins\/visual-portfolio\/assets\/images\/logo-dark.svg\" alt=\"Visual Portfolio, Posts &amp; Image Gallery for WordPress\" width=\"20\" height=\"20\" data-skip-lazy>\n\t\t<\/div>\n\t<\/div>\n\t\t<div class=\"vp-portfolio__items-wrap\">\n\t\t\t\n<div class=\"vp-portfolio__items vp-portfolio__items-style-fly vp-portfolio__items-show-overlay-hover\">\n\n\t\t<div\t\tclass=\"vp-portfolio__item-wrap vp-portfolio__item-uid-a3a94c71\" data-vp-filter=\"\" \t\t>\n\t\t\t<template class=\"vp-portfolio__item-popup\" data-vp-popup-img=\"http:\/\/einsiedel-architekten.de\/cms\/wp-content\/uploads\/2019\/11\/orb-lageplan-1920x991.jpg\" data-vp-popup-img-srcset=\"http:\/\/einsiedel-architekten.de\/cms\/wp-content\/uploads\/2019\/11\/orb-lageplan-1920x991.jpg 1920w, http:\/\/einsiedel-architekten.de\/cms\/wp-content\/uploads\/2019\/11\/orb-lageplan-300x155.jpg 300w, http:\/\/einsiedel-architekten.de\/cms\/wp-content\/uploads\/2019\/11\/orb-lageplan-768x396.jpg 768w, http:\/\/einsiedel-architekten.de\/cms\/wp-content\/uploads\/2019\/11\/orb-lageplan-1024x529.jpg 1024w, http:\/\/einsiedel-architekten.de\/cms\/wp-content\/uploads\/2019\/11\/orb-lageplan-500x258.jpg 500w, http:\/\/einsiedel-architekten.de\/cms\/wp-content\/uploads\/2019\/11\/orb-lageplan-800x413.jpg 800w, http:\/\/einsiedel-architekten.de\/cms\/wp-content\/uploads\/2019\/11\/orb-lageplan-1280x661.jpg 1280w, http:\/\/einsiedel-architekten.de\/cms\/wp-content\/uploads\/2019\/11\/orb-lageplan-1170x604.jpg 1170w\" data-vp-popup-img-size=\"1920x991\" data-vp-popup-md-img=\"http:\/\/einsiedel-architekten.de\/cms\/wp-content\/uploads\/2019\/11\/orb-lageplan-800x413.jpg\" data-vp-popup-md-img-size=\"800x413\" data-vp-popup-sm-img=\"http:\/\/einsiedel-architekten.de\/cms\/wp-content\/uploads\/2019\/11\/orb-lageplan-500x258.jpg\" data-vp-popup-sm-img-size=\"500x258\">\n\t<\/template>\n\t\t\t\t\t\t<figure class=\"vp-portfolio__item\">\n\t\t\t\t\n<div class=\"vp-portfolio__item-img-wrap\">\n\t<div class=\"vp-portfolio__item-img\">\n\t\t\t<a\n\t\thref=\"http:\/\/einsiedel-architekten.de\/cms\/wp-content\/uploads\/2019\/11\/orb-lageplan-1920x991.jpg\"\n\t\taria-label=\"Image\" \t data-rel=\"lightbox-image-0\" data-rl_title=\"\" data-rl_caption=\"\" title=\"\">\n\t\n\t\t<noscript><img loading=\"lazy\" decoding=\"async\" width=\"1920\" height=\"991\" data-skip-lazy src=\"http:\/\/einsiedel-architekten.de\/cms\/wp-content\/uploads\/2019\/11\/orb-lageplan-1920x991.jpg\" class=\"wp-image-726\" alt=\"\" srcset=\"http:\/\/einsiedel-architekten.de\/cms\/wp-content\/uploads\/2019\/11\/orb-lageplan-1920x991.jpg 1920w, http:\/\/einsiedel-architekten.de\/cms\/wp-content\/uploads\/2019\/11\/orb-lageplan-300x155.jpg 300w, http:\/\/einsiedel-architekten.de\/cms\/wp-content\/uploads\/2019\/11\/orb-lageplan-768x396.jpg 768w, http:\/\/einsiedel-architekten.de\/cms\/wp-content\/uploads\/2019\/11\/orb-lageplan-1024x529.jpg 1024w, http:\/\/einsiedel-architekten.de\/cms\/wp-content\/uploads\/2019\/11\/orb-lageplan-500x258.jpg 500w, http:\/\/einsiedel-architekten.de\/cms\/wp-content\/uploads\/2019\/11\/orb-lageplan-800x413.jpg 800w, http:\/\/einsiedel-architekten.de\/cms\/wp-content\/uploads\/2019\/11\/orb-lageplan-1280x661.jpg 1280w, http:\/\/einsiedel-architekten.de\/cms\/wp-content\/uploads\/2019\/11\/orb-lageplan-1170x604.jpg 1170w\" sizes=\"auto, (max-width: 1920px) 100vw, 1920px\" \/><\/noscript><img fetchpriority=\"high\" decoding=\"async\" width=\"1920\" height=\"991\" src=\"http:\/\/einsiedel-architekten.de\/cms\/wp-content\/uploads\/2019\/11\/orb-lageplan-1920x991.jpg\" class=\"wp-image-726 vp-lazyload\" alt srcset=\"data:image\/svg+xml;base64,PHN2ZyB3aWR0aD0iMTkyMCIgaGVpZ2h0PSI5OTEiIHZpZXdCb3g9IjAgMCAxOTIwIDk5MSIgZmlsbD0ibm9uZSIgeG1sbnM9Imh0dHA6Ly93d3cudzMub3JnLzIwMDAvc3ZnIj48L3N2Zz4=\" data-src=\"http:\/\/einsiedel-architekten.de\/cms\/wp-content\/uploads\/2019\/11\/orb-lageplan-1920x991.jpg\" data-srcset=\"http:\/\/einsiedel-architekten.de\/cms\/wp-content\/uploads\/2019\/11\/orb-lageplan-1920x991.jpg 1920w, http:\/\/einsiedel-architekten.de\/cms\/wp-content\/uploads\/2019\/11\/orb-lageplan-300x155.jpg 300w, http:\/\/einsiedel-architekten.de\/cms\/wp-content\/uploads\/2019\/11\/orb-lageplan-768x396.jpg 768w, http:\/\/einsiedel-architekten.de\/cms\/wp-content\/uploads\/2019\/11\/orb-lageplan-1024x529.jpg 1024w, http:\/\/einsiedel-architekten.de\/cms\/wp-content\/uploads\/2019\/11\/orb-lageplan-500x258.jpg 500w, http:\/\/einsiedel-architekten.de\/cms\/wp-content\/uploads\/2019\/11\/orb-lageplan-800x413.jpg 800w, http:\/\/einsiedel-architekten.de\/cms\/wp-content\/uploads\/2019\/11\/orb-lageplan-1280x661.jpg 1280w, http:\/\/einsiedel-architekten.de\/cms\/wp-content\/uploads\/2019\/11\/orb-lageplan-1170x604.jpg 1170w\" data-sizes=\"auto\" loading=\"eager\">\n\t\t<\/a>\t<\/div>\n<\/div>\n\t<div class=\"vp-portfolio__item-overlay\">\n\t\t\t<a\n\t\thref=\"http:\/\/einsiedel-architekten.de\/cms\/wp-content\/uploads\/2019\/11\/orb-lageplan-1920x991.jpg\"\n\t\ttabindex=\"-1\" class=\"vp-portfolio__item-meta\" aria-label=\"Image\" \t data-rel=\"lightbox-image-1\" data-rl_title=\"\" data-rl_caption=\"\" title=\"\">\n\t\t\t<\/a>\t<\/div>\n\t\t\t\t<\/figure>\n\t\t\t\t\t<\/div>\n\t\t\n\t\t<div\t\tclass=\"vp-portfolio__item-wrap vp-portfolio__item-uid-6b7fdf9b\" data-vp-filter=\"\" \t\t>\n\t\t\t<template class=\"vp-portfolio__item-popup\" data-vp-popup-img=\"http:\/\/einsiedel-architekten.de\/cms\/wp-content\/uploads\/2019\/11\/orb-fassade-2-1280x1920.jpg\" data-vp-popup-img-srcset=\"http:\/\/einsiedel-architekten.de\/cms\/wp-content\/uploads\/2019\/11\/orb-fassade-2-1280x1920.jpg 1280w, http:\/\/einsiedel-architekten.de\/cms\/wp-content\/uploads\/2019\/11\/orb-fassade-2-200x300.jpg 200w, http:\/\/einsiedel-architekten.de\/cms\/wp-content\/uploads\/2019\/11\/orb-fassade-2-768x1152.jpg 768w, http:\/\/einsiedel-architekten.de\/cms\/wp-content\/uploads\/2019\/11\/orb-fassade-2-683x1024.jpg 683w, http:\/\/einsiedel-architekten.de\/cms\/wp-content\/uploads\/2019\/11\/orb-fassade-2-333x500.jpg 333w, http:\/\/einsiedel-architekten.de\/cms\/wp-content\/uploads\/2019\/11\/orb-fassade-2-534x800.jpg 534w, http:\/\/einsiedel-architekten.de\/cms\/wp-content\/uploads\/2019\/11\/orb-fassade-2-854x1280.jpg 854w, http:\/\/einsiedel-architekten.de\/cms\/wp-content\/uploads\/2019\/11\/orb-fassade-2-440x660.jpg 440w\" data-vp-popup-img-size=\"1280x1920\" data-vp-popup-md-img=\"http:\/\/einsiedel-architekten.de\/cms\/wp-content\/uploads\/2019\/11\/orb-fassade-2-534x800.jpg\" data-vp-popup-md-img-size=\"534x800\" data-vp-popup-sm-img=\"http:\/\/einsiedel-architekten.de\/cms\/wp-content\/uploads\/2019\/11\/orb-fassade-2-333x500.jpg\" data-vp-popup-sm-img-size=\"333x500\">\n\t<\/template>\n\t\t\t\t\t\t<figure class=\"vp-portfolio__item\">\n\t\t\t\t\n<div class=\"vp-portfolio__item-img-wrap\">\n\t<div class=\"vp-portfolio__item-img\">\n\t\t\t<a\n\t\thref=\"http:\/\/einsiedel-architekten.de\/cms\/wp-content\/uploads\/2019\/11\/orb-fassade-2-1280x1920.jpg\"\n\t\taria-label=\"orb fassade 2\" \t data-rel=\"lightbox-image-2\" data-rl_title=\"\" data-rl_caption=\"\" title=\"\">\n\t\n\t\t<noscript><img loading=\"lazy\" decoding=\"async\" width=\"1280\" height=\"1920\" data-skip-lazy src=\"http:\/\/einsiedel-architekten.de\/cms\/wp-content\/uploads\/2019\/11\/orb-fassade-2-1280x1920.jpg\" class=\"wp-image-723\" alt=\"\" srcset=\"http:\/\/einsiedel-architekten.de\/cms\/wp-content\/uploads\/2019\/11\/orb-fassade-2-1280x1920.jpg 1280w, http:\/\/einsiedel-architekten.de\/cms\/wp-content\/uploads\/2019\/11\/orb-fassade-2-200x300.jpg 200w, http:\/\/einsiedel-architekten.de\/cms\/wp-content\/uploads\/2019\/11\/orb-fassade-2-768x1152.jpg 768w, http:\/\/einsiedel-architekten.de\/cms\/wp-content\/uploads\/2019\/11\/orb-fassade-2-683x1024.jpg 683w, http:\/\/einsiedel-architekten.de\/cms\/wp-content\/uploads\/2019\/11\/orb-fassade-2-333x500.jpg 333w, http:\/\/einsiedel-architekten.de\/cms\/wp-content\/uploads\/2019\/11\/orb-fassade-2-534x800.jpg 534w, http:\/\/einsiedel-architekten.de\/cms\/wp-content\/uploads\/2019\/11\/orb-fassade-2-854x1280.jpg 854w, http:\/\/einsiedel-architekten.de\/cms\/wp-content\/uploads\/2019\/11\/orb-fassade-2-440x660.jpg 440w\" sizes=\"auto, (max-width: 1280px) 100vw, 1280px\" \/><\/noscript><img decoding=\"async\" width=\"1280\" height=\"1920\" src=\"http:\/\/einsiedel-architekten.de\/cms\/wp-content\/uploads\/2019\/11\/orb-fassade-2-1280x1920.jpg\" class=\"wp-image-723 vp-lazyload\" alt srcset=\"data:image\/svg+xml;base64,PHN2ZyB3aWR0aD0iMTI4MCIgaGVpZ2h0PSIxOTIwIiB2aWV3Qm94PSIwIDAgMTI4MCAxOTIwIiBmaWxsPSJub25lIiB4bWxucz0iaHR0cDovL3d3dy53My5vcmcvMjAwMC9zdmciPjwvc3ZnPg==\" data-src=\"http:\/\/einsiedel-architekten.de\/cms\/wp-content\/uploads\/2019\/11\/orb-fassade-2-1280x1920.jpg\" data-srcset=\"http:\/\/einsiedel-architekten.de\/cms\/wp-content\/uploads\/2019\/11\/orb-fassade-2-1280x1920.jpg 1280w, http:\/\/einsiedel-architekten.de\/cms\/wp-content\/uploads\/2019\/11\/orb-fassade-2-200x300.jpg 200w, http:\/\/einsiedel-architekten.de\/cms\/wp-content\/uploads\/2019\/11\/orb-fassade-2-768x1152.jpg 768w, http:\/\/einsiedel-architekten.de\/cms\/wp-content\/uploads\/2019\/11\/orb-fassade-2-683x1024.jpg 683w, http:\/\/einsiedel-architekten.de\/cms\/wp-content\/uploads\/2019\/11\/orb-fassade-2-333x500.jpg 333w, http:\/\/einsiedel-architekten.de\/cms\/wp-content\/uploads\/2019\/11\/orb-fassade-2-534x800.jpg 534w, http:\/\/einsiedel-architekten.de\/cms\/wp-content\/uploads\/2019\/11\/orb-fassade-2-854x1280.jpg 854w, http:\/\/einsiedel-architekten.de\/cms\/wp-content\/uploads\/2019\/11\/orb-fassade-2-440x660.jpg 440w\" data-sizes=\"auto\" loading=\"eager\">\n\t\t<\/a>\t<\/div>\n<\/div>\n\t<div class=\"vp-portfolio__item-overlay\">\n\t\t\t<a\n\t\thref=\"http:\/\/einsiedel-architekten.de\/cms\/wp-content\/uploads\/2019\/11\/orb-fassade-2-1280x1920.jpg\"\n\t\ttabindex=\"-1\" class=\"vp-portfolio__item-meta\" aria-label=\"orb fassade 2\" \t data-rel=\"lightbox-image-3\" data-rl_title=\"\" data-rl_caption=\"\" title=\"\">\n\t\t\t<\/a>\t<\/div>\n\t\t\t\t<\/figure>\n\t\t\t\t\t<\/div>\n\t\t\n\t\t<div\t\tclass=\"vp-portfolio__item-wrap vp-portfolio__item-uid-90a9d540\" data-vp-filter=\"\" \t\t>\n\t\t\t<template class=\"vp-portfolio__item-popup\" data-vp-popup-img=\"http:\/\/einsiedel-architekten.de\/cms\/wp-content\/uploads\/2019\/11\/orb-fassade-1298x1920.jpg\" data-vp-popup-img-srcset=\"http:\/\/einsiedel-architekten.de\/cms\/wp-content\/uploads\/2019\/11\/orb-fassade-1298x1920.jpg 1298w, http:\/\/einsiedel-architekten.de\/cms\/wp-content\/uploads\/2019\/11\/orb-fassade-203x300.jpg 203w, http:\/\/einsiedel-architekten.de\/cms\/wp-content\/uploads\/2019\/11\/orb-fassade-768x1136.jpg 768w, http:\/\/einsiedel-architekten.de\/cms\/wp-content\/uploads\/2019\/11\/orb-fassade-692x1024.jpg 692w, http:\/\/einsiedel-architekten.de\/cms\/wp-content\/uploads\/2019\/11\/orb-fassade-338x500.jpg 338w, http:\/\/einsiedel-architekten.de\/cms\/wp-content\/uploads\/2019\/11\/orb-fassade-541x800.jpg 541w, http:\/\/einsiedel-architekten.de\/cms\/wp-content\/uploads\/2019\/11\/orb-fassade-865x1280.jpg 865w, http:\/\/einsiedel-architekten.de\/cms\/wp-content\/uploads\/2019\/11\/orb-fassade-446x660.jpg 446w\" data-vp-popup-img-size=\"1298x1920\" data-vp-popup-md-img=\"http:\/\/einsiedel-architekten.de\/cms\/wp-content\/uploads\/2019\/11\/orb-fassade-541x800.jpg\" data-vp-popup-md-img-size=\"541x800\" data-vp-popup-sm-img=\"http:\/\/einsiedel-architekten.de\/cms\/wp-content\/uploads\/2019\/11\/orb-fassade-338x500.jpg\" data-vp-popup-sm-img-size=\"338x500\">\n\t<\/template>\n\t\t\t\t\t\t<figure class=\"vp-portfolio__item\">\n\t\t\t\t\n<div class=\"vp-portfolio__item-img-wrap\">\n\t<div class=\"vp-portfolio__item-img\">\n\t\t\t<a\n\t\thref=\"http:\/\/einsiedel-architekten.de\/cms\/wp-content\/uploads\/2019\/11\/orb-fassade-1298x1920.jpg\"\n\t\taria-label=\"orb fassade\" \t data-rel=\"lightbox-image-4\" data-rl_title=\"\" data-rl_caption=\"\" title=\"\">\n\t\n\t\t<noscript><img loading=\"lazy\" decoding=\"async\" width=\"1298\" height=\"1920\" data-skip-lazy src=\"http:\/\/einsiedel-architekten.de\/cms\/wp-content\/uploads\/2019\/11\/orb-fassade-1298x1920.jpg\" class=\"wp-image-725\" alt=\"\" srcset=\"http:\/\/einsiedel-architekten.de\/cms\/wp-content\/uploads\/2019\/11\/orb-fassade-1298x1920.jpg 1298w, http:\/\/einsiedel-architekten.de\/cms\/wp-content\/uploads\/2019\/11\/orb-fassade-203x300.jpg 203w, http:\/\/einsiedel-architekten.de\/cms\/wp-content\/uploads\/2019\/11\/orb-fassade-768x1136.jpg 768w, http:\/\/einsiedel-architekten.de\/cms\/wp-content\/uploads\/2019\/11\/orb-fassade-692x1024.jpg 692w, http:\/\/einsiedel-architekten.de\/cms\/wp-content\/uploads\/2019\/11\/orb-fassade-338x500.jpg 338w, http:\/\/einsiedel-architekten.de\/cms\/wp-content\/uploads\/2019\/11\/orb-fassade-541x800.jpg 541w, http:\/\/einsiedel-architekten.de\/cms\/wp-content\/uploads\/2019\/11\/orb-fassade-865x1280.jpg 865w, http:\/\/einsiedel-architekten.de\/cms\/wp-content\/uploads\/2019\/11\/orb-fassade-446x660.jpg 446w\" sizes=\"auto, (max-width: 1298px) 100vw, 1298px\" \/><\/noscript><img decoding=\"async\" width=\"1298\" height=\"1920\" src=\"http:\/\/einsiedel-architekten.de\/cms\/wp-content\/uploads\/2019\/11\/orb-fassade-1298x1920.jpg\" class=\"wp-image-725 vp-lazyload\" alt srcset=\"data:image\/svg+xml;base64,PHN2ZyB3aWR0aD0iMTI5OCIgaGVpZ2h0PSIxOTIwIiB2aWV3Qm94PSIwIDAgMTI5OCAxOTIwIiBmaWxsPSJub25lIiB4bWxucz0iaHR0cDovL3d3dy53My5vcmcvMjAwMC9zdmciPjwvc3ZnPg==\" data-src=\"http:\/\/einsiedel-architekten.de\/cms\/wp-content\/uploads\/2019\/11\/orb-fassade-1298x1920.jpg\" data-srcset=\"http:\/\/einsiedel-architekten.de\/cms\/wp-content\/uploads\/2019\/11\/orb-fassade-1298x1920.jpg 1298w, http:\/\/einsiedel-architekten.de\/cms\/wp-content\/uploads\/2019\/11\/orb-fassade-203x300.jpg 203w, http:\/\/einsiedel-architekten.de\/cms\/wp-content\/uploads\/2019\/11\/orb-fassade-768x1136.jpg 768w, http:\/\/einsiedel-architekten.de\/cms\/wp-content\/uploads\/2019\/11\/orb-fassade-692x1024.jpg 692w, http:\/\/einsiedel-architekten.de\/cms\/wp-content\/uploads\/2019\/11\/orb-fassade-338x500.jpg 338w, http:\/\/einsiedel-architekten.de\/cms\/wp-content\/uploads\/2019\/11\/orb-fassade-541x800.jpg 541w, http:\/\/einsiedel-architekten.de\/cms\/wp-content\/uploads\/2019\/11\/orb-fassade-865x1280.jpg 865w, http:\/\/einsiedel-architekten.de\/cms\/wp-content\/uploads\/2019\/11\/orb-fassade-446x660.jpg 446w\" data-sizes=\"auto\" loading=\"eager\">\n\t\t<\/a>\t<\/div>\n<\/div>\n\t<div class=\"vp-portfolio__item-overlay\">\n\t\t\t<a\n\t\thref=\"http:\/\/einsiedel-architekten.de\/cms\/wp-content\/uploads\/2019\/11\/orb-fassade-1298x1920.jpg\"\n\t\ttabindex=\"-1\" class=\"vp-portfolio__item-meta\" aria-label=\"orb fassade\" \t data-rel=\"lightbox-image-5\" data-rl_title=\"\" data-rl_caption=\"\" title=\"\">\n\t\t\t<\/a>\t<\/div>\n\t\t\t\t<\/figure>\n\t\t\t\t\t<\/div>\n\t\t\n\t\t<div\t\tclass=\"vp-portfolio__item-wrap vp-portfolio__item-uid-21a3fe0e\" data-vp-filter=\"\" \t\t>\n\t\t\t<template class=\"vp-portfolio__item-popup\" data-vp-popup-img=\"http:\/\/einsiedel-architekten.de\/cms\/wp-content\/uploads\/2019\/11\/orb-treppe.jpg\" data-vp-popup-img-srcset=\"http:\/\/einsiedel-architekten.de\/cms\/wp-content\/uploads\/2019\/11\/orb-treppe-213x300.jpg 213w, http:\/\/einsiedel-architekten.de\/cms\/wp-content\/uploads\/2019\/11\/orb-treppe-768x1082.jpg 768w, http:\/\/einsiedel-architekten.de\/cms\/wp-content\/uploads\/2019\/11\/orb-treppe-727x1024.jpg 727w, http:\/\/einsiedel-architekten.de\/cms\/wp-content\/uploads\/2019\/11\/orb-treppe-355x500.jpg 355w, http:\/\/einsiedel-architekten.de\/cms\/wp-content\/uploads\/2019\/11\/orb-treppe-568x800.jpg 568w, http:\/\/einsiedel-architekten.de\/cms\/wp-content\/uploads\/2019\/11\/orb-treppe-908x1280.jpg 908w, http:\/\/einsiedel-architekten.de\/cms\/wp-content\/uploads\/2019\/11\/orb-treppe-468x660.jpg 468w\" data-vp-popup-img-size=\"1158x1632\" data-vp-popup-md-img=\"http:\/\/einsiedel-architekten.de\/cms\/wp-content\/uploads\/2019\/11\/orb-treppe-568x800.jpg\" data-vp-popup-md-img-size=\"568x800\" data-vp-popup-sm-img=\"http:\/\/einsiedel-architekten.de\/cms\/wp-content\/uploads\/2019\/11\/orb-treppe-355x500.jpg\" data-vp-popup-sm-img-size=\"355x500\">\n\t<\/template>\n\t\t\t\t\t\t<figure class=\"vp-portfolio__item\">\n\t\t\t\t\n<div class=\"vp-portfolio__item-img-wrap\">\n\t<div class=\"vp-portfolio__item-img\">\n\t\t\t<a\n\t\thref=\"http:\/\/einsiedel-architekten.de\/cms\/wp-content\/uploads\/2019\/11\/orb-treppe.jpg\"\n\t\taria-label=\"orb treppe\" \t data-rel=\"lightbox-image-6\" data-rl_title=\"\" data-rl_caption=\"\" title=\"\">\n\t\n\t\t<noscript><img loading=\"lazy\" decoding=\"async\" width=\"1158\" height=\"1632\" data-skip-lazy src=\"http:\/\/einsiedel-architekten.de\/cms\/wp-content\/uploads\/2019\/11\/orb-treppe.jpg\" class=\"wp-image-729\" alt=\"\" srcset=\"http:\/\/einsiedel-architekten.de\/cms\/wp-content\/uploads\/2019\/11\/orb-treppe-213x300.jpg 213w, http:\/\/einsiedel-architekten.de\/cms\/wp-content\/uploads\/2019\/11\/orb-treppe-768x1082.jpg 768w, http:\/\/einsiedel-architekten.de\/cms\/wp-content\/uploads\/2019\/11\/orb-treppe-727x1024.jpg 727w, http:\/\/einsiedel-architekten.de\/cms\/wp-content\/uploads\/2019\/11\/orb-treppe-355x500.jpg 355w, http:\/\/einsiedel-architekten.de\/cms\/wp-content\/uploads\/2019\/11\/orb-treppe-568x800.jpg 568w, http:\/\/einsiedel-architekten.de\/cms\/wp-content\/uploads\/2019\/11\/orb-treppe-908x1280.jpg 908w, http:\/\/einsiedel-architekten.de\/cms\/wp-content\/uploads\/2019\/11\/orb-treppe-468x660.jpg 468w\" sizes=\"auto, (max-width: 1158px) 100vw, 1158px\" \/><\/noscript><img decoding=\"async\" width=\"1158\" height=\"1632\" src=\"http:\/\/einsiedel-architekten.de\/cms\/wp-content\/uploads\/2019\/11\/orb-treppe.jpg\" class=\"wp-image-729 vp-lazyload\" alt srcset=\"data:image\/svg+xml;base64,PHN2ZyB3aWR0aD0iMTE1OCIgaGVpZ2h0PSIxNjMyIiB2aWV3Qm94PSIwIDAgMTE1OCAxNjMyIiBmaWxsPSJub25lIiB4bWxucz0iaHR0cDovL3d3dy53My5vcmcvMjAwMC9zdmciPjwvc3ZnPg==\" data-src=\"http:\/\/einsiedel-architekten.de\/cms\/wp-content\/uploads\/2019\/11\/orb-treppe.jpg\" data-srcset=\"http:\/\/einsiedel-architekten.de\/cms\/wp-content\/uploads\/2019\/11\/orb-treppe-213x300.jpg 213w, http:\/\/einsiedel-architekten.de\/cms\/wp-content\/uploads\/2019\/11\/orb-treppe-768x1082.jpg 768w, http:\/\/einsiedel-architekten.de\/cms\/wp-content\/uploads\/2019\/11\/orb-treppe-727x1024.jpg 727w, http:\/\/einsiedel-architekten.de\/cms\/wp-content\/uploads\/2019\/11\/orb-treppe-355x500.jpg 355w, http:\/\/einsiedel-architekten.de\/cms\/wp-content\/uploads\/2019\/11\/orb-treppe-568x800.jpg 568w, http:\/\/einsiedel-architekten.de\/cms\/wp-content\/uploads\/2019\/11\/orb-treppe-908x1280.jpg 908w, http:\/\/einsiedel-architekten.de\/cms\/wp-content\/uploads\/2019\/11\/orb-treppe-468x660.jpg 468w\" data-sizes=\"auto\" loading=\"eager\">\n\t\t<\/a>\t<\/div>\n<\/div>\n\t<div class=\"vp-portfolio__item-overlay\">\n\t\t\t<a\n\t\thref=\"http:\/\/einsiedel-architekten.de\/cms\/wp-content\/uploads\/2019\/11\/orb-treppe.jpg\"\n\t\ttabindex=\"-1\" class=\"vp-portfolio__item-meta\" aria-label=\"orb treppe\" \t data-rel=\"lightbox-image-7\" data-rl_title=\"\" data-rl_caption=\"\" title=\"\">\n\t\t\t<\/a>\t<\/div>\n\t\t\t\t<\/figure>\n\t\t\t\t\t<\/div>\n\t\t\n\t\t<div\t\tclass=\"vp-portfolio__item-wrap vp-portfolio__item-uid-cb73f621\" data-vp-filter=\"\" \t\t>\n\t\t\t<template class=\"vp-portfolio__item-popup\" data-vp-popup-img=\"http:\/\/einsiedel-architekten.de\/cms\/wp-content\/uploads\/2019\/11\/orb-studio.jpg\" data-vp-popup-img-srcset=\"http:\/\/einsiedel-architekten.de\/cms\/wp-content\/uploads\/2019\/11\/orb-studio-213x300.jpg 213w, http:\/\/einsiedel-architekten.de\/cms\/wp-content\/uploads\/2019\/11\/orb-studio-768x1082.jpg 768w, http:\/\/einsiedel-architekten.de\/cms\/wp-content\/uploads\/2019\/11\/orb-studio-727x1024.jpg 727w, http:\/\/einsiedel-architekten.de\/cms\/wp-content\/uploads\/2019\/11\/orb-studio-355x500.jpg 355w, http:\/\/einsiedel-architekten.de\/cms\/wp-content\/uploads\/2019\/11\/orb-studio-568x800.jpg 568w, http:\/\/einsiedel-architekten.de\/cms\/wp-content\/uploads\/2019\/11\/orb-studio-908x1280.jpg 908w, http:\/\/einsiedel-architekten.de\/cms\/wp-content\/uploads\/2019\/11\/orb-studio-468x660.jpg 468w\" data-vp-popup-img-size=\"1166x1643\" data-vp-popup-md-img=\"http:\/\/einsiedel-architekten.de\/cms\/wp-content\/uploads\/2019\/11\/orb-studio-568x800.jpg\" data-vp-popup-md-img-size=\"568x800\" data-vp-popup-sm-img=\"http:\/\/einsiedel-architekten.de\/cms\/wp-content\/uploads\/2019\/11\/orb-studio-355x500.jpg\" data-vp-popup-sm-img-size=\"355x500\">\n\t<\/template>\n\t\t\t\t\t\t<figure class=\"vp-portfolio__item\">\n\t\t\t\t\n<div class=\"vp-portfolio__item-img-wrap\">\n\t<div class=\"vp-portfolio__item-img\">\n\t\t\t<a\n\t\thref=\"http:\/\/einsiedel-architekten.de\/cms\/wp-content\/uploads\/2019\/11\/orb-studio.jpg\"\n\t\taria-label=\"orb studio\" \t data-rel=\"lightbox-image-8\" data-rl_title=\"\" data-rl_caption=\"\" title=\"\">\n\t\n\t\t<noscript><img loading=\"lazy\" decoding=\"async\" width=\"1166\" height=\"1643\" data-skip-lazy src=\"http:\/\/einsiedel-architekten.de\/cms\/wp-content\/uploads\/2019\/11\/orb-studio.jpg\" class=\"wp-image-728\" alt=\"\" srcset=\"http:\/\/einsiedel-architekten.de\/cms\/wp-content\/uploads\/2019\/11\/orb-studio-213x300.jpg 213w, http:\/\/einsiedel-architekten.de\/cms\/wp-content\/uploads\/2019\/11\/orb-studio-768x1082.jpg 768w, http:\/\/einsiedel-architekten.de\/cms\/wp-content\/uploads\/2019\/11\/orb-studio-727x1024.jpg 727w, http:\/\/einsiedel-architekten.de\/cms\/wp-content\/uploads\/2019\/11\/orb-studio-355x500.jpg 355w, http:\/\/einsiedel-architekten.de\/cms\/wp-content\/uploads\/2019\/11\/orb-studio-568x800.jpg 568w, http:\/\/einsiedel-architekten.de\/cms\/wp-content\/uploads\/2019\/11\/orb-studio-908x1280.jpg 908w, http:\/\/einsiedel-architekten.de\/cms\/wp-content\/uploads\/2019\/11\/orb-studio-468x660.jpg 468w\" sizes=\"auto, (max-width: 1166px) 100vw, 1166px\" \/><\/noscript><img decoding=\"async\" width=\"1166\" height=\"1643\" src=\"http:\/\/einsiedel-architekten.de\/cms\/wp-content\/uploads\/2019\/11\/orb-studio.jpg\" class=\"wp-image-728 vp-lazyload\" alt srcset=\"data:image\/svg+xml;base64,PHN2ZyB3aWR0aD0iMTE2NiIgaGVpZ2h0PSIxNjQzIiB2aWV3Qm94PSIwIDAgMTE2NiAxNjQzIiBmaWxsPSJub25lIiB4bWxucz0iaHR0cDovL3d3dy53My5vcmcvMjAwMC9zdmciPjwvc3ZnPg==\" data-src=\"http:\/\/einsiedel-architekten.de\/cms\/wp-content\/uploads\/2019\/11\/orb-studio.jpg\" data-srcset=\"http:\/\/einsiedel-architekten.de\/cms\/wp-content\/uploads\/2019\/11\/orb-studio-213x300.jpg 213w, http:\/\/einsiedel-architekten.de\/cms\/wp-content\/uploads\/2019\/11\/orb-studio-768x1082.jpg 768w, http:\/\/einsiedel-architekten.de\/cms\/wp-content\/uploads\/2019\/11\/orb-studio-727x1024.jpg 727w, http:\/\/einsiedel-architekten.de\/cms\/wp-content\/uploads\/2019\/11\/orb-studio-355x500.jpg 355w, http:\/\/einsiedel-architekten.de\/cms\/wp-content\/uploads\/2019\/11\/orb-studio-568x800.jpg 568w, http:\/\/einsiedel-architekten.de\/cms\/wp-content\/uploads\/2019\/11\/orb-studio-908x1280.jpg 908w, http:\/\/einsiedel-architekten.de\/cms\/wp-content\/uploads\/2019\/11\/orb-studio-468x660.jpg 468w\" data-sizes=\"auto\" loading=\"eager\">\n\t\t<\/a>\t<\/div>\n<\/div>\n\t<div class=\"vp-portfolio__item-overlay\">\n\t\t\t<a\n\t\thref=\"http:\/\/einsiedel-architekten.de\/cms\/wp-content\/uploads\/2019\/11\/orb-studio.jpg\"\n\t\ttabindex=\"-1\" class=\"vp-portfolio__item-meta\" aria-label=\"orb studio\" \t data-rel=\"lightbox-image-9\" data-rl_title=\"\" data-rl_caption=\"\" title=\"\">\n\t\t\t<\/a>\t<\/div>\n\t\t\t\t<\/figure>\n\t\t\t\t\t<\/div>\n\t\t\n<\/div>\n\n<div class=\"vp-portfolio__items-arrow vp-portfolio__items-arrow-prev\" tabindex=\"0\" role=\"button\" aria-label=\"Previous Slide\">\n\t\n<svg class=\"vp-svg-icon\" width=\"20\" height=\"20\" viewBox=\"0 0 20 20\" fill=\"none\" xmlns=\"http:\/\/www.w3.org\/2000\/svg\">\n\t<path d=\"M12 4L6 10L12 16\" stroke=\"currentColor\" stroke-width=\"1.5\" stroke-linecap=\"round\" stroke-linejoin=\"round\" fill=\"transparent\" \/>\n<\/svg>\n<\/div>\n<div class=\"vp-portfolio__items-arrow vp-portfolio__items-arrow-next\" tabindex=\"0\" role=\"button\" aria-label=\"Next Slide\">\n\t\n<svg class=\"vp-svg-icon\" width=\"20\" height=\"20\" viewBox=\"0 0 20 20\" fill=\"none\" xmlns=\"http:\/\/www.w3.org\/2000\/svg\">\n\t<path d=\"M8 4L14 10L8 16\" stroke=\"currentColor\" stroke-width=\"1.5\" stroke-linecap=\"round\" stroke-linejoin=\"round\" fill=\"transparent\" \/>\n<\/svg>\n<\/div>\n\n<div class=\"vp-portfolio__items-bullets\"><\/div>\n\t\t<\/div>\n\t\t\n<\/div>\n<\/div>\n\n\n\n<p><\/p>\n\n\n\n<p style=\"color:#dd890b\" class=\"has-text-color\">ORB-H\u00d6RFUNKKOMPLEX<br>Marlene-Dietrich-Allee 20, 14482 Potsdam-Babelsberg<br>Neubau Radio- und B\u00fcrohaus Ostdeutscher Rundfunk Potsdam-Babelsberg<br><br><\/p>\n\n\n\n<p>ECKDATEN<br>Bauherr Ostdeutscher Rundfunk, Potsdam-Babelsberg<br>Planungs- und Bauzeit 1998-2001<br>1.Rang Gutachten und LP 1-5 Arge von Einsiedel Haeffner \/ Schmidt-Thomsen &amp; Ziegert, Berlin, LP 6-8 Ruiken + Vetter, Berlin<br>BGF 10.500 qm, Baukosten KG 300-500 18,2 Mio EUR <br><br><\/p>\n\n\n\n<p>Im Neubau auf dem Stammgel\u00e4nde des ORB werden einzelne Rundfunksender und Verwaltungseinheiten zusammengefasst. Die Geb\u00e4ude formulieren ein neues \u201eEntree\u201c von der Marlene-Dietrich-Allee zum Studiogel\u00e4nde. Sie nehmen die Symmetrie auf, die in den alten Torh\u00e4usern angelegt ist, und reagieren auf den schr\u00e4gen Verlauf der Stra\u00dfe durch Verdoppelung und Verschiebung des Grundelements. Dieses besteht aus einem gro\u00dfen Haus mit einem angeh\u00e4ngtem kleinen. Die Gliederung der gro\u00dfen Neubaumasse nimmt den Kontext der Babelsberger Villenarchitektur auf, die Ziegelfassaden das charakteristische Material der bestehenden Bauten im Studiogel\u00e4nde.<\/p>\n\n\n\n<p>Im \u201eeinfachen\u201c Haus ist die Verwaltung, in den \u201ezusammengesetzten\u201c drei Radiosender untergebracht. Ihre Abteilungen sind \u00fcber je zwei intern verbiundene Gescho\u00dfe organisiert; im verbindenen Mittelbau ein gemeinsames Foyer und zentrale technische Dienste.<\/p>\n","protected":false},"excerpt":{"rendered":"<p>ORB-H\u00d6RFUNKKOMPLEXMarlene-Dietrich-Allee 20, 14482 Potsdam-BabelsbergNeubau Radio- und B\u00fcrohaus Ostdeutscher Rundfunk Potsdam-Babelsberg ECKDATENBauherr Ostdeutscher Rundfunk, Potsdam-BabelsbergPlanungs- und Bauzeit 1998-20011.Rang Gutachten und LP 1-5 Arge von Einsiedel Haeffner \/ Schmidt-Thomsen &amp; Ziegert, Berlin, LP 6-8 Ruiken + Vetter, BerlinBGF 10.500 qm, Baukosten KG 300-500 18,2 Mio EUR Im Neubau auf dem Stammgel\u00e4nde des ORB werden einzelne Rundfunksender und [&hellip;]<\/p>\n","protected":false},"author":2,"featured_media":0,"parent":0,"menu_order":0,"comment_status":"closed","ping_status":"closed","template":"","meta":{"_vp_format_video_url":"","_vp_image_focal_point":[],"footnotes":""},"folder":[5],"class_list":["post-558","page","type-page","status-publish","hentry"],"_links":{"self":[{"href":"http:\/\/einsiedel-architekten.de\/cms\/wp-json\/wp\/v2\/pages\/558","targetHints":{"allow":["GET"]}}],"collection":[{"href":"http:\/\/einsiedel-architekten.de\/cms\/wp-json\/wp\/v2\/pages"}],"about":[{"href":"http:\/\/einsiedel-architekten.de\/cms\/wp-json\/wp\/v2\/types\/page"}],"author":[{"embeddable":true,"href":"http:\/\/einsiedel-architekten.de\/cms\/wp-json\/wp\/v2\/users\/2"}],"replies":[{"embeddable":true,"href":"http:\/\/einsiedel-architekten.de\/cms\/wp-json\/wp\/v2\/comments?post=558"}],"version-history":[{"count":7,"href":"http:\/\/einsiedel-architekten.de\/cms\/wp-json\/wp\/v2\/pages\/558\/revisions"}],"predecessor-version":[{"id":1396,"href":"http:\/\/einsiedel-architekten.de\/cms\/wp-json\/wp\/v2\/pages\/558\/revisions\/1396"}],"wp:attachment":[{"href":"http:\/\/einsiedel-architekten.de\/cms\/wp-json\/wp\/v2\/media?parent=558"}],"wp:term":[{"taxonomy":"folder","embeddable":true,"href":"http:\/\/einsiedel-architekten.de\/cms\/wp-json\/wp\/v2\/folder?post=558"}],"curies":[{"name":"wp","href":"https:\/\/api.w.org\/{rel}","templated":true}]}}