{"id":537,"date":"2019-10-31T13:14:05","date_gmt":"2019-10-31T12:14:05","guid":{"rendered":"http:\/\/einsiedel-architekten.de\/cms\/?page_id=537"},"modified":"2019-11-20T17:22:04","modified_gmt":"2019-11-20T16:22:04","slug":"villa-kahn","status":"publish","type":"page","link":"http:\/\/einsiedel-architekten.de\/cms\/villa-kahn\/","title":{"rendered":"2005 villa kahn, stuttgart"},"content":{"rendered":"\n<div class=\"wp-block-nk-visual-portfolio\">\n<div class=\"vp-portfolio vp-uid-ebed78e9 vp-id-635 \"\n\tdata-vp-layout=\"slider\" data-vp-content-source=\"images\" data-vp-items-style=\"fly\" data-vp-items-click-action=\"popup_gallery\" data-vp-items-gap=\"15\" data-vp-items-gap-vertical=\"\" data-vp-pagination=\"load-more\" data-vp-next-page-url=\"\" data-vp-slider-effect=\"slide\" data-vp-slider-items-height=\"80%\" data-vp-slider-items-min-height=\"\" data-vp-slider-slides-per-view=\"2\" data-vp-slider-speed=\"1.5\" data-vp-slider-autoplay=\"4\" data-vp-slider-autoplay-hover-pause=\"false\" data-vp-slider-centered-slides=\"true\" data-vp-slider-loop=\"false\" data-vp-slider-free-mode=\"false\" data-vp-slider-free-mode-sticky=\"false\" data-vp-slider-arrows=\"true\" data-vp-slider-bullets=\"true\" data-vp-slider-bullets-dynamic=\"false\" data-vp-slider-mousewheel=\"false\" data-vp-slider-thumbnails=\"false\" >\n\t<div class=\"vp-portfolio__preloader-wrap\">\n\t\t<div class=\"vp-portfolio__preloader\">\n\t\t\t<img decoding=\"async\" loading=\"eager\" src=\"http:\/\/einsiedel-architekten.de\/cms\/wp-content\/plugins\/visual-portfolio\/assets\/images\/logo-dark.svg\" alt=\"Visual Portfolio, Posts &amp; Image Gallery for WordPress\" width=\"20\" height=\"20\" data-skip-lazy>\n\t\t<\/div>\n\t<\/div>\n\t\t<div class=\"vp-portfolio__items-wrap\">\n\t\t\t\n<div class=\"vp-portfolio__items vp-portfolio__items-style-fly vp-portfolio__items-show-overlay-hover\">\n\n\t\t<div\t\tclass=\"vp-portfolio__item-wrap vp-portfolio__item-uid-45d30b41\" data-vp-filter=\"\" \t\t>\n\t\t\t<template class=\"vp-portfolio__item-popup\" data-vp-popup-img=\"http:\/\/einsiedel-architekten.de\/cms\/wp-content\/uploads\/2019\/11\/kahn-garten-pool.jpg\" data-vp-popup-img-srcset=\"http:\/\/einsiedel-architekten.de\/cms\/wp-content\/uploads\/2019\/11\/kahn-garten-pool.jpg 1701w, http:\/\/einsiedel-architekten.de\/cms\/wp-content\/uploads\/2019\/11\/kahn-garten-pool-300x200.jpg 300w, http:\/\/einsiedel-architekten.de\/cms\/wp-content\/uploads\/2019\/11\/kahn-garten-pool-768x512.jpg 768w, http:\/\/einsiedel-architekten.de\/cms\/wp-content\/uploads\/2019\/11\/kahn-garten-pool-1024x683.jpg 1024w, http:\/\/einsiedel-architekten.de\/cms\/wp-content\/uploads\/2019\/11\/kahn-garten-pool-500x333.jpg 500w, http:\/\/einsiedel-architekten.de\/cms\/wp-content\/uploads\/2019\/11\/kahn-garten-pool-800x533.jpg 800w, http:\/\/einsiedel-architekten.de\/cms\/wp-content\/uploads\/2019\/11\/kahn-garten-pool-1280x853.jpg 1280w, http:\/\/einsiedel-architekten.de\/cms\/wp-content\/uploads\/2019\/11\/kahn-garten-pool-990x660.jpg 990w\" data-vp-popup-img-size=\"1701x1134\" data-vp-popup-md-img=\"http:\/\/einsiedel-architekten.de\/cms\/wp-content\/uploads\/2019\/11\/kahn-garten-pool-800x533.jpg\" data-vp-popup-md-img-size=\"800x533\" data-vp-popup-sm-img=\"http:\/\/einsiedel-architekten.de\/cms\/wp-content\/uploads\/2019\/11\/kahn-garten-pool-500x333.jpg\" data-vp-popup-sm-img-size=\"500x333\">\n\t<\/template>\n\t\t\t\t\t\t<figure class=\"vp-portfolio__item\">\n\t\t\t\t\n<div class=\"vp-portfolio__item-img-wrap\">\n\t<div class=\"vp-portfolio__item-img\">\n\t\t\t<a\n\t\thref=\"http:\/\/einsiedel-architekten.de\/cms\/wp-content\/uploads\/2019\/11\/kahn-garten-pool.jpg\"\n\t\taria-label=\"kahn garten + pool\" \t data-rel=\"lightbox-image-0\" data-rl_title=\"\" data-rl_caption=\"\" title=\"\">\n\t\n\t\t<noscript><img loading=\"lazy\" decoding=\"async\" width=\"1701\" height=\"1134\" data-skip-lazy src=\"http:\/\/einsiedel-architekten.de\/cms\/wp-content\/uploads\/2019\/11\/kahn-garten-pool.jpg\" class=\"wp-image-628\" alt=\"\" srcset=\"http:\/\/einsiedel-architekten.de\/cms\/wp-content\/uploads\/2019\/11\/kahn-garten-pool.jpg 1701w, http:\/\/einsiedel-architekten.de\/cms\/wp-content\/uploads\/2019\/11\/kahn-garten-pool-300x200.jpg 300w, http:\/\/einsiedel-architekten.de\/cms\/wp-content\/uploads\/2019\/11\/kahn-garten-pool-768x512.jpg 768w, http:\/\/einsiedel-architekten.de\/cms\/wp-content\/uploads\/2019\/11\/kahn-garten-pool-1024x683.jpg 1024w, http:\/\/einsiedel-architekten.de\/cms\/wp-content\/uploads\/2019\/11\/kahn-garten-pool-500x333.jpg 500w, http:\/\/einsiedel-architekten.de\/cms\/wp-content\/uploads\/2019\/11\/kahn-garten-pool-800x533.jpg 800w, http:\/\/einsiedel-architekten.de\/cms\/wp-content\/uploads\/2019\/11\/kahn-garten-pool-1280x853.jpg 1280w, http:\/\/einsiedel-architekten.de\/cms\/wp-content\/uploads\/2019\/11\/kahn-garten-pool-990x660.jpg 990w\" sizes=\"auto, (max-width: 1701px) 100vw, 1701px\" \/><\/noscript><img fetchpriority=\"high\" decoding=\"async\" width=\"1701\" height=\"1134\" src=\"http:\/\/einsiedel-architekten.de\/cms\/wp-content\/uploads\/2019\/11\/kahn-garten-pool.jpg\" class=\"wp-image-628 vp-lazyload\" alt srcset=\"data:image\/svg+xml;base64,PHN2ZyB3aWR0aD0iMTcwMSIgaGVpZ2h0PSIxMTM0IiB2aWV3Qm94PSIwIDAgMTcwMSAxMTM0IiBmaWxsPSJub25lIiB4bWxucz0iaHR0cDovL3d3dy53My5vcmcvMjAwMC9zdmciPjwvc3ZnPg==\" data-src=\"http:\/\/einsiedel-architekten.de\/cms\/wp-content\/uploads\/2019\/11\/kahn-garten-pool.jpg\" data-srcset=\"http:\/\/einsiedel-architekten.de\/cms\/wp-content\/uploads\/2019\/11\/kahn-garten-pool.jpg 1701w, http:\/\/einsiedel-architekten.de\/cms\/wp-content\/uploads\/2019\/11\/kahn-garten-pool-300x200.jpg 300w, http:\/\/einsiedel-architekten.de\/cms\/wp-content\/uploads\/2019\/11\/kahn-garten-pool-768x512.jpg 768w, http:\/\/einsiedel-architekten.de\/cms\/wp-content\/uploads\/2019\/11\/kahn-garten-pool-1024x683.jpg 1024w, http:\/\/einsiedel-architekten.de\/cms\/wp-content\/uploads\/2019\/11\/kahn-garten-pool-500x333.jpg 500w, http:\/\/einsiedel-architekten.de\/cms\/wp-content\/uploads\/2019\/11\/kahn-garten-pool-800x533.jpg 800w, http:\/\/einsiedel-architekten.de\/cms\/wp-content\/uploads\/2019\/11\/kahn-garten-pool-1280x853.jpg 1280w, http:\/\/einsiedel-architekten.de\/cms\/wp-content\/uploads\/2019\/11\/kahn-garten-pool-990x660.jpg 990w\" data-sizes=\"auto\" loading=\"eager\">\n\t\t<\/a>\t<\/div>\n<\/div>\n\t<div class=\"vp-portfolio__item-overlay\">\n\t\t\t<a\n\t\thref=\"http:\/\/einsiedel-architekten.de\/cms\/wp-content\/uploads\/2019\/11\/kahn-garten-pool.jpg\"\n\t\ttabindex=\"-1\" class=\"vp-portfolio__item-meta\" aria-label=\"kahn garten + pool\" \t data-rel=\"lightbox-image-1\" data-rl_title=\"\" data-rl_caption=\"\" title=\"\">\n\t\t\t<\/a>\t<\/div>\n\t\t\t\t<\/figure>\n\t\t\t\t\t<\/div>\n\t\t\n\t\t<div\t\tclass=\"vp-portfolio__item-wrap vp-portfolio__item-uid-66e1dcbd\" data-vp-filter=\"\" \t\t>\n\t\t\t<template class=\"vp-portfolio__item-popup\" data-vp-popup-img=\"http:\/\/einsiedel-architekten.de\/cms\/wp-content\/uploads\/2019\/11\/villa-kahn-1.jpg\" data-vp-popup-img-srcset=\"http:\/\/einsiedel-architekten.de\/cms\/wp-content\/uploads\/2019\/11\/villa-kahn-1.jpg 1772w, http:\/\/einsiedel-architekten.de\/cms\/wp-content\/uploads\/2019\/11\/villa-kahn-1-300x200.jpg 300w, http:\/\/einsiedel-architekten.de\/cms\/wp-content\/uploads\/2019\/11\/villa-kahn-1-1024x682.jpg 1024w, http:\/\/einsiedel-architekten.de\/cms\/wp-content\/uploads\/2019\/11\/villa-kahn-1-768x512.jpg 768w, http:\/\/einsiedel-architekten.de\/cms\/wp-content\/uploads\/2019\/11\/villa-kahn-1-500x333.jpg 500w, http:\/\/einsiedel-architekten.de\/cms\/wp-content\/uploads\/2019\/11\/villa-kahn-1-800x533.jpg 800w, http:\/\/einsiedel-architekten.de\/cms\/wp-content\/uploads\/2019\/11\/villa-kahn-1-1280x853.jpg 1280w, http:\/\/einsiedel-architekten.de\/cms\/wp-content\/uploads\/2019\/11\/villa-kahn-1-1536x1024.jpg 1536w, http:\/\/einsiedel-architekten.de\/cms\/wp-content\/uploads\/2019\/11\/villa-kahn-1-990x660.jpg 990w\" data-vp-popup-img-size=\"1772x1181\" data-vp-popup-md-img=\"http:\/\/einsiedel-architekten.de\/cms\/wp-content\/uploads\/2019\/11\/villa-kahn-1-800x533.jpg\" data-vp-popup-md-img-size=\"800x533\" data-vp-popup-sm-img=\"http:\/\/einsiedel-architekten.de\/cms\/wp-content\/uploads\/2019\/11\/villa-kahn-1-500x333.jpg\" data-vp-popup-sm-img-size=\"500x333\">\n\t<\/template>\n\t\t\t\t\t\t<figure class=\"vp-portfolio__item\">\n\t\t\t\t\n<div class=\"vp-portfolio__item-img-wrap\">\n\t<div class=\"vp-portfolio__item-img\">\n\t\t\t<a\n\t\thref=\"http:\/\/einsiedel-architekten.de\/cms\/wp-content\/uploads\/2019\/11\/villa-kahn-1.jpg\"\n\t\taria-label=\"villa kahn\" \t data-rel=\"lightbox-image-2\" data-rl_title=\"\" data-rl_caption=\"\" title=\"\">\n\t\n\t\t<noscript><img loading=\"lazy\" decoding=\"async\" width=\"1772\" height=\"1181\" data-skip-lazy src=\"http:\/\/einsiedel-architekten.de\/cms\/wp-content\/uploads\/2019\/11\/villa-kahn-1.jpg\" class=\"wp-image-1347\" alt=\"\" srcset=\"http:\/\/einsiedel-architekten.de\/cms\/wp-content\/uploads\/2019\/11\/villa-kahn-1.jpg 1772w, http:\/\/einsiedel-architekten.de\/cms\/wp-content\/uploads\/2019\/11\/villa-kahn-1-300x200.jpg 300w, http:\/\/einsiedel-architekten.de\/cms\/wp-content\/uploads\/2019\/11\/villa-kahn-1-1024x682.jpg 1024w, http:\/\/einsiedel-architekten.de\/cms\/wp-content\/uploads\/2019\/11\/villa-kahn-1-768x512.jpg 768w, http:\/\/einsiedel-architekten.de\/cms\/wp-content\/uploads\/2019\/11\/villa-kahn-1-500x333.jpg 500w, http:\/\/einsiedel-architekten.de\/cms\/wp-content\/uploads\/2019\/11\/villa-kahn-1-800x533.jpg 800w, http:\/\/einsiedel-architekten.de\/cms\/wp-content\/uploads\/2019\/11\/villa-kahn-1-1280x853.jpg 1280w, http:\/\/einsiedel-architekten.de\/cms\/wp-content\/uploads\/2019\/11\/villa-kahn-1-1536x1024.jpg 1536w, http:\/\/einsiedel-architekten.de\/cms\/wp-content\/uploads\/2019\/11\/villa-kahn-1-990x660.jpg 990w\" sizes=\"auto, (max-width: 1772px) 100vw, 1772px\" \/><\/noscript><img decoding=\"async\" width=\"1772\" height=\"1181\" src=\"http:\/\/einsiedel-architekten.de\/cms\/wp-content\/uploads\/2019\/11\/villa-kahn-1.jpg\" class=\"wp-image-1347 vp-lazyload\" alt srcset=\"data:image\/svg+xml;base64,PHN2ZyB3aWR0aD0iMTc3MiIgaGVpZ2h0PSIxMTgxIiB2aWV3Qm94PSIwIDAgMTc3MiAxMTgxIiBmaWxsPSJub25lIiB4bWxucz0iaHR0cDovL3d3dy53My5vcmcvMjAwMC9zdmciPjwvc3ZnPg==\" data-src=\"http:\/\/einsiedel-architekten.de\/cms\/wp-content\/uploads\/2019\/11\/villa-kahn-1.jpg\" data-srcset=\"http:\/\/einsiedel-architekten.de\/cms\/wp-content\/uploads\/2019\/11\/villa-kahn-1.jpg 1772w, http:\/\/einsiedel-architekten.de\/cms\/wp-content\/uploads\/2019\/11\/villa-kahn-1-300x200.jpg 300w, http:\/\/einsiedel-architekten.de\/cms\/wp-content\/uploads\/2019\/11\/villa-kahn-1-1024x682.jpg 1024w, http:\/\/einsiedel-architekten.de\/cms\/wp-content\/uploads\/2019\/11\/villa-kahn-1-768x512.jpg 768w, http:\/\/einsiedel-architekten.de\/cms\/wp-content\/uploads\/2019\/11\/villa-kahn-1-500x333.jpg 500w, http:\/\/einsiedel-architekten.de\/cms\/wp-content\/uploads\/2019\/11\/villa-kahn-1-800x533.jpg 800w, http:\/\/einsiedel-architekten.de\/cms\/wp-content\/uploads\/2019\/11\/villa-kahn-1-1280x853.jpg 1280w, http:\/\/einsiedel-architekten.de\/cms\/wp-content\/uploads\/2019\/11\/villa-kahn-1-1536x1024.jpg 1536w, http:\/\/einsiedel-architekten.de\/cms\/wp-content\/uploads\/2019\/11\/villa-kahn-1-990x660.jpg 990w\" data-sizes=\"auto\" loading=\"eager\">\n\t\t<\/a>\t<\/div>\n<\/div>\n\t<div class=\"vp-portfolio__item-overlay\">\n\t\t\t<a\n\t\thref=\"http:\/\/einsiedel-architekten.de\/cms\/wp-content\/uploads\/2019\/11\/villa-kahn-1.jpg\"\n\t\ttabindex=\"-1\" class=\"vp-portfolio__item-meta\" aria-label=\"villa kahn\" \t data-rel=\"lightbox-image-3\" data-rl_title=\"\" data-rl_caption=\"\" title=\"\">\n\t\t\t<\/a>\t<\/div>\n\t\t\t\t<\/figure>\n\t\t\t\t\t<\/div>\n\t\t\n\t\t<div\t\tclass=\"vp-portfolio__item-wrap vp-portfolio__item-uid-61132b03\" data-vp-filter=\"\" \t\t>\n\t\t\t<template class=\"vp-portfolio__item-popup\" data-vp-popup-img=\"http:\/\/einsiedel-architekten.de\/cms\/wp-content\/uploads\/2019\/11\/kahn-tor-schr\u00e4g-1440x1920.jpg\" data-vp-popup-img-srcset=\"http:\/\/einsiedel-architekten.de\/cms\/wp-content\/uploads\/2019\/11\/kahn-tor-schr\u00e4g-1440x1920.jpg 1440w, http:\/\/einsiedel-architekten.de\/cms\/wp-content\/uploads\/2019\/11\/kahn-tor-schr\u00e4g-225x300.jpg 225w, http:\/\/einsiedel-architekten.de\/cms\/wp-content\/uploads\/2019\/11\/kahn-tor-schr\u00e4g-768x1024.jpg 768w, http:\/\/einsiedel-architekten.de\/cms\/wp-content\/uploads\/2019\/11\/kahn-tor-schr\u00e4g-375x500.jpg 375w, http:\/\/einsiedel-architekten.de\/cms\/wp-content\/uploads\/2019\/11\/kahn-tor-schr\u00e4g-600x800.jpg 600w, http:\/\/einsiedel-architekten.de\/cms\/wp-content\/uploads\/2019\/11\/kahn-tor-schr\u00e4g-960x1280.jpg 960w, http:\/\/einsiedel-architekten.de\/cms\/wp-content\/uploads\/2019\/11\/kahn-tor-schr\u00e4g-495x660.jpg 495w\" data-vp-popup-img-size=\"1440x1920\" data-vp-popup-md-img=\"http:\/\/einsiedel-architekten.de\/cms\/wp-content\/uploads\/2019\/11\/kahn-tor-schr\u00e4g-600x800.jpg\" data-vp-popup-md-img-size=\"600x800\" data-vp-popup-sm-img=\"http:\/\/einsiedel-architekten.de\/cms\/wp-content\/uploads\/2019\/11\/kahn-tor-schr\u00e4g-375x500.jpg\" data-vp-popup-sm-img-size=\"375x500\">\n\t<\/template>\n\t\t\t\t\t\t<figure class=\"vp-portfolio__item\">\n\t\t\t\t\n<div class=\"vp-portfolio__item-img-wrap\">\n\t<div class=\"vp-portfolio__item-img\">\n\t\t\t<a\n\t\thref=\"http:\/\/einsiedel-architekten.de\/cms\/wp-content\/uploads\/2019\/11\/kahn-tor-schr\u00e4g-1440x1920.jpg\"\n\t\taria-label=\"kahn tor schr\u00e4g\" \t data-rel=\"lightbox-image-4\" data-rl_title=\"\" data-rl_caption=\"\" title=\"\">\n\t\n\t\t<noscript><img loading=\"lazy\" decoding=\"async\" width=\"1440\" height=\"1920\" data-skip-lazy src=\"http:\/\/einsiedel-architekten.de\/cms\/wp-content\/uploads\/2019\/11\/kahn-tor-schr\u00e4g-1440x1920.jpg\" class=\"wp-image-633\" alt=\"\" srcset=\"http:\/\/einsiedel-architekten.de\/cms\/wp-content\/uploads\/2019\/11\/kahn-tor-schr\u00e4g-1440x1920.jpg 1440w, http:\/\/einsiedel-architekten.de\/cms\/wp-content\/uploads\/2019\/11\/kahn-tor-schr\u00e4g-225x300.jpg 225w, http:\/\/einsiedel-architekten.de\/cms\/wp-content\/uploads\/2019\/11\/kahn-tor-schr\u00e4g-768x1024.jpg 768w, http:\/\/einsiedel-architekten.de\/cms\/wp-content\/uploads\/2019\/11\/kahn-tor-schr\u00e4g-375x500.jpg 375w, http:\/\/einsiedel-architekten.de\/cms\/wp-content\/uploads\/2019\/11\/kahn-tor-schr\u00e4g-600x800.jpg 600w, http:\/\/einsiedel-architekten.de\/cms\/wp-content\/uploads\/2019\/11\/kahn-tor-schr\u00e4g-960x1280.jpg 960w, http:\/\/einsiedel-architekten.de\/cms\/wp-content\/uploads\/2019\/11\/kahn-tor-schr\u00e4g-495x660.jpg 495w\" sizes=\"auto, (max-width: 1440px) 100vw, 1440px\" \/><\/noscript><img decoding=\"async\" width=\"1440\" height=\"1920\" src=\"http:\/\/einsiedel-architekten.de\/cms\/wp-content\/uploads\/2019\/11\/kahn-tor-schr\u00e4g-1440x1920.jpg\" class=\"wp-image-633 vp-lazyload\" alt srcset=\"data:image\/svg+xml;base64,PHN2ZyB3aWR0aD0iMTQ0MCIgaGVpZ2h0PSIxOTIwIiB2aWV3Qm94PSIwIDAgMTQ0MCAxOTIwIiBmaWxsPSJub25lIiB4bWxucz0iaHR0cDovL3d3dy53My5vcmcvMjAwMC9zdmciPjwvc3ZnPg==\" data-src=\"http:\/\/einsiedel-architekten.de\/cms\/wp-content\/uploads\/2019\/11\/kahn-tor-schr\u00e4g-1440x1920.jpg\" data-srcset=\"http:\/\/einsiedel-architekten.de\/cms\/wp-content\/uploads\/2019\/11\/kahn-tor-schr\u00e4g-1440x1920.jpg 1440w, http:\/\/einsiedel-architekten.de\/cms\/wp-content\/uploads\/2019\/11\/kahn-tor-schr\u00e4g-225x300.jpg 225w, http:\/\/einsiedel-architekten.de\/cms\/wp-content\/uploads\/2019\/11\/kahn-tor-schr\u00e4g-768x1024.jpg 768w, http:\/\/einsiedel-architekten.de\/cms\/wp-content\/uploads\/2019\/11\/kahn-tor-schr\u00e4g-375x500.jpg 375w, http:\/\/einsiedel-architekten.de\/cms\/wp-content\/uploads\/2019\/11\/kahn-tor-schr\u00e4g-600x800.jpg 600w, http:\/\/einsiedel-architekten.de\/cms\/wp-content\/uploads\/2019\/11\/kahn-tor-schr\u00e4g-960x1280.jpg 960w, http:\/\/einsiedel-architekten.de\/cms\/wp-content\/uploads\/2019\/11\/kahn-tor-schr\u00e4g-495x660.jpg 495w\" data-sizes=\"auto\" loading=\"eager\">\n\t\t<\/a>\t<\/div>\n<\/div>\n\t<div class=\"vp-portfolio__item-overlay\">\n\t\t\t<a\n\t\thref=\"http:\/\/einsiedel-architekten.de\/cms\/wp-content\/uploads\/2019\/11\/kahn-tor-schr\u00e4g-1440x1920.jpg\"\n\t\ttabindex=\"-1\" class=\"vp-portfolio__item-meta\" aria-label=\"kahn tor schr\u00e4g\" \t data-rel=\"lightbox-image-5\" data-rl_title=\"\" data-rl_caption=\"\" title=\"\">\n\t\t\t<\/a>\t<\/div>\n\t\t\t\t<\/figure>\n\t\t\t\t\t<\/div>\n\t\t\n\t\t<div\t\tclass=\"vp-portfolio__item-wrap vp-portfolio__item-uid-47cbd9c5\" data-vp-filter=\"\" \t\t>\n\t\t\t<template class=\"vp-portfolio__item-popup\" data-vp-popup-img=\"http:\/\/einsiedel-architekten.de\/cms\/wp-content\/uploads\/2019\/11\/kahn-terrasse-1440x1920.jpg\" data-vp-popup-img-srcset=\"http:\/\/einsiedel-architekten.de\/cms\/wp-content\/uploads\/2019\/11\/kahn-terrasse-1440x1920.jpg 1440w, http:\/\/einsiedel-architekten.de\/cms\/wp-content\/uploads\/2019\/11\/kahn-terrasse-225x300.jpg 225w, http:\/\/einsiedel-architekten.de\/cms\/wp-content\/uploads\/2019\/11\/kahn-terrasse-768x1024.jpg 768w, http:\/\/einsiedel-architekten.de\/cms\/wp-content\/uploads\/2019\/11\/kahn-terrasse-375x500.jpg 375w, http:\/\/einsiedel-architekten.de\/cms\/wp-content\/uploads\/2019\/11\/kahn-terrasse-600x800.jpg 600w, http:\/\/einsiedel-architekten.de\/cms\/wp-content\/uploads\/2019\/11\/kahn-terrasse-960x1280.jpg 960w, http:\/\/einsiedel-architekten.de\/cms\/wp-content\/uploads\/2019\/11\/kahn-terrasse-495x660.jpg 495w\" data-vp-popup-img-size=\"1440x1920\" data-vp-popup-md-img=\"http:\/\/einsiedel-architekten.de\/cms\/wp-content\/uploads\/2019\/11\/kahn-terrasse-600x800.jpg\" data-vp-popup-md-img-size=\"600x800\" data-vp-popup-sm-img=\"http:\/\/einsiedel-architekten.de\/cms\/wp-content\/uploads\/2019\/11\/kahn-terrasse-375x500.jpg\" data-vp-popup-sm-img-size=\"375x500\">\n\t<\/template>\n\t\t\t\t\t\t<figure class=\"vp-portfolio__item\">\n\t\t\t\t\n<div class=\"vp-portfolio__item-img-wrap\">\n\t<div class=\"vp-portfolio__item-img\">\n\t\t\t<a\n\t\thref=\"http:\/\/einsiedel-architekten.de\/cms\/wp-content\/uploads\/2019\/11\/kahn-terrasse-1440x1920.jpg\"\n\t\taria-label=\"kahn terrasse\" \t data-rel=\"lightbox-image-6\" data-rl_title=\"\" data-rl_caption=\"\" title=\"\">\n\t\n\t\t<noscript><img loading=\"lazy\" decoding=\"async\" width=\"1440\" height=\"1920\" data-skip-lazy src=\"http:\/\/einsiedel-architekten.de\/cms\/wp-content\/uploads\/2019\/11\/kahn-terrasse-1440x1920.jpg\" class=\"wp-image-634\" alt=\"\" srcset=\"http:\/\/einsiedel-architekten.de\/cms\/wp-content\/uploads\/2019\/11\/kahn-terrasse-1440x1920.jpg 1440w, http:\/\/einsiedel-architekten.de\/cms\/wp-content\/uploads\/2019\/11\/kahn-terrasse-225x300.jpg 225w, http:\/\/einsiedel-architekten.de\/cms\/wp-content\/uploads\/2019\/11\/kahn-terrasse-768x1024.jpg 768w, http:\/\/einsiedel-architekten.de\/cms\/wp-content\/uploads\/2019\/11\/kahn-terrasse-375x500.jpg 375w, http:\/\/einsiedel-architekten.de\/cms\/wp-content\/uploads\/2019\/11\/kahn-terrasse-600x800.jpg 600w, http:\/\/einsiedel-architekten.de\/cms\/wp-content\/uploads\/2019\/11\/kahn-terrasse-960x1280.jpg 960w, http:\/\/einsiedel-architekten.de\/cms\/wp-content\/uploads\/2019\/11\/kahn-terrasse-495x660.jpg 495w\" sizes=\"auto, (max-width: 1440px) 100vw, 1440px\" \/><\/noscript><img decoding=\"async\" width=\"1440\" height=\"1920\" src=\"http:\/\/einsiedel-architekten.de\/cms\/wp-content\/uploads\/2019\/11\/kahn-terrasse-1440x1920.jpg\" class=\"wp-image-634 vp-lazyload\" alt srcset=\"data:image\/svg+xml;base64,PHN2ZyB3aWR0aD0iMTQ0MCIgaGVpZ2h0PSIxOTIwIiB2aWV3Qm94PSIwIDAgMTQ0MCAxOTIwIiBmaWxsPSJub25lIiB4bWxucz0iaHR0cDovL3d3dy53My5vcmcvMjAwMC9zdmciPjwvc3ZnPg==\" data-src=\"http:\/\/einsiedel-architekten.de\/cms\/wp-content\/uploads\/2019\/11\/kahn-terrasse-1440x1920.jpg\" data-srcset=\"http:\/\/einsiedel-architekten.de\/cms\/wp-content\/uploads\/2019\/11\/kahn-terrasse-1440x1920.jpg 1440w, http:\/\/einsiedel-architekten.de\/cms\/wp-content\/uploads\/2019\/11\/kahn-terrasse-225x300.jpg 225w, http:\/\/einsiedel-architekten.de\/cms\/wp-content\/uploads\/2019\/11\/kahn-terrasse-768x1024.jpg 768w, http:\/\/einsiedel-architekten.de\/cms\/wp-content\/uploads\/2019\/11\/kahn-terrasse-375x500.jpg 375w, http:\/\/einsiedel-architekten.de\/cms\/wp-content\/uploads\/2019\/11\/kahn-terrasse-600x800.jpg 600w, http:\/\/einsiedel-architekten.de\/cms\/wp-content\/uploads\/2019\/11\/kahn-terrasse-960x1280.jpg 960w, http:\/\/einsiedel-architekten.de\/cms\/wp-content\/uploads\/2019\/11\/kahn-terrasse-495x660.jpg 495w\" data-sizes=\"auto\" loading=\"eager\">\n\t\t<\/a>\t<\/div>\n<\/div>\n\t<div class=\"vp-portfolio__item-overlay\">\n\t\t\t<a\n\t\thref=\"http:\/\/einsiedel-architekten.de\/cms\/wp-content\/uploads\/2019\/11\/kahn-terrasse-1440x1920.jpg\"\n\t\ttabindex=\"-1\" class=\"vp-portfolio__item-meta\" aria-label=\"kahn terrasse\" \t data-rel=\"lightbox-image-7\" data-rl_title=\"\" data-rl_caption=\"\" title=\"\">\n\t\t\t<\/a>\t<\/div>\n\t\t\t\t<\/figure>\n\t\t\t\t\t<\/div>\n\t\t\n\t\t<div\t\tclass=\"vp-portfolio__item-wrap vp-portfolio__item-uid-337f4449\" data-vp-filter=\"\" \t\t>\n\t\t\t<template class=\"vp-portfolio__item-popup\" data-vp-popup-img=\"http:\/\/einsiedel-architekten.de\/cms\/wp-content\/uploads\/2019\/11\/kahn-histo.jpg\" data-vp-popup-img-srcset=\"http:\/\/einsiedel-architekten.de\/cms\/wp-content\/uploads\/2019\/11\/kahn-histo.jpg 1509w, http:\/\/einsiedel-architekten.de\/cms\/wp-content\/uploads\/2019\/11\/kahn-histo-300x188.jpg 300w, http:\/\/einsiedel-architekten.de\/cms\/wp-content\/uploads\/2019\/11\/kahn-histo-768x481.jpg 768w, http:\/\/einsiedel-architekten.de\/cms\/wp-content\/uploads\/2019\/11\/kahn-histo-1024x641.jpg 1024w, http:\/\/einsiedel-architekten.de\/cms\/wp-content\/uploads\/2019\/11\/kahn-histo-500x313.jpg 500w, http:\/\/einsiedel-architekten.de\/cms\/wp-content\/uploads\/2019\/11\/kahn-histo-800x501.jpg 800w, http:\/\/einsiedel-architekten.de\/cms\/wp-content\/uploads\/2019\/11\/kahn-histo-1280x802.jpg 1280w, http:\/\/einsiedel-architekten.de\/cms\/wp-content\/uploads\/2019\/11\/kahn-histo-1054x660.jpg 1054w\" data-vp-popup-img-size=\"1509x945\" data-vp-popup-md-img=\"http:\/\/einsiedel-architekten.de\/cms\/wp-content\/uploads\/2019\/11\/kahn-histo-800x501.jpg\" data-vp-popup-md-img-size=\"800x501\" data-vp-popup-sm-img=\"http:\/\/einsiedel-architekten.de\/cms\/wp-content\/uploads\/2019\/11\/kahn-histo-500x313.jpg\" data-vp-popup-sm-img-size=\"500x313\">\n\t<\/template>\n\t\t\t\t\t\t<figure class=\"vp-portfolio__item\">\n\t\t\t\t\n<div class=\"vp-portfolio__item-img-wrap\">\n\t<div class=\"vp-portfolio__item-img\">\n\t\t\t<a\n\t\thref=\"http:\/\/einsiedel-architekten.de\/cms\/wp-content\/uploads\/2019\/11\/kahn-histo.jpg\"\n\t\taria-label=\"kahn histo\" \t data-rel=\"lightbox-image-8\" data-rl_title=\"\" data-rl_caption=\"\" title=\"\">\n\t\n\t\t<noscript><img loading=\"lazy\" decoding=\"async\" width=\"1509\" height=\"945\" data-skip-lazy src=\"http:\/\/einsiedel-architekten.de\/cms\/wp-content\/uploads\/2019\/11\/kahn-histo.jpg\" class=\"wp-image-632\" alt=\"\" srcset=\"http:\/\/einsiedel-architekten.de\/cms\/wp-content\/uploads\/2019\/11\/kahn-histo.jpg 1509w, http:\/\/einsiedel-architekten.de\/cms\/wp-content\/uploads\/2019\/11\/kahn-histo-300x188.jpg 300w, http:\/\/einsiedel-architekten.de\/cms\/wp-content\/uploads\/2019\/11\/kahn-histo-768x481.jpg 768w, http:\/\/einsiedel-architekten.de\/cms\/wp-content\/uploads\/2019\/11\/kahn-histo-1024x641.jpg 1024w, http:\/\/einsiedel-architekten.de\/cms\/wp-content\/uploads\/2019\/11\/kahn-histo-500x313.jpg 500w, http:\/\/einsiedel-architekten.de\/cms\/wp-content\/uploads\/2019\/11\/kahn-histo-800x501.jpg 800w, http:\/\/einsiedel-architekten.de\/cms\/wp-content\/uploads\/2019\/11\/kahn-histo-1280x802.jpg 1280w, http:\/\/einsiedel-architekten.de\/cms\/wp-content\/uploads\/2019\/11\/kahn-histo-1054x660.jpg 1054w\" sizes=\"auto, (max-width: 1509px) 100vw, 1509px\" \/><\/noscript><img decoding=\"async\" width=\"1509\" height=\"945\" src=\"http:\/\/einsiedel-architekten.de\/cms\/wp-content\/uploads\/2019\/11\/kahn-histo.jpg\" class=\"wp-image-632 vp-lazyload\" alt srcset=\"data:image\/svg+xml;base64,PHN2ZyB3aWR0aD0iMTUwOSIgaGVpZ2h0PSI5NDUiIHZpZXdCb3g9IjAgMCAxNTA5IDk0NSIgZmlsbD0ibm9uZSIgeG1sbnM9Imh0dHA6Ly93d3cudzMub3JnLzIwMDAvc3ZnIj48L3N2Zz4=\" data-src=\"http:\/\/einsiedel-architekten.de\/cms\/wp-content\/uploads\/2019\/11\/kahn-histo.jpg\" data-srcset=\"http:\/\/einsiedel-architekten.de\/cms\/wp-content\/uploads\/2019\/11\/kahn-histo.jpg 1509w, http:\/\/einsiedel-architekten.de\/cms\/wp-content\/uploads\/2019\/11\/kahn-histo-300x188.jpg 300w, http:\/\/einsiedel-architekten.de\/cms\/wp-content\/uploads\/2019\/11\/kahn-histo-768x481.jpg 768w, http:\/\/einsiedel-architekten.de\/cms\/wp-content\/uploads\/2019\/11\/kahn-histo-1024x641.jpg 1024w, http:\/\/einsiedel-architekten.de\/cms\/wp-content\/uploads\/2019\/11\/kahn-histo-500x313.jpg 500w, http:\/\/einsiedel-architekten.de\/cms\/wp-content\/uploads\/2019\/11\/kahn-histo-800x501.jpg 800w, http:\/\/einsiedel-architekten.de\/cms\/wp-content\/uploads\/2019\/11\/kahn-histo-1280x802.jpg 1280w, http:\/\/einsiedel-architekten.de\/cms\/wp-content\/uploads\/2019\/11\/kahn-histo-1054x660.jpg 1054w\" data-sizes=\"auto\" loading=\"eager\">\n\t\t<\/a>\t<\/div>\n<\/div>\n\t<div class=\"vp-portfolio__item-overlay\">\n\t\t\t<a\n\t\thref=\"http:\/\/einsiedel-architekten.de\/cms\/wp-content\/uploads\/2019\/11\/kahn-histo.jpg\"\n\t\ttabindex=\"-1\" class=\"vp-portfolio__item-meta\" aria-label=\"kahn histo\" \t data-rel=\"lightbox-image-9\" data-rl_title=\"\" data-rl_caption=\"\" title=\"\">\n\t\t\t<\/a>\t<\/div>\n\t\t\t\t<\/figure>\n\t\t\t\t\t<\/div>\n\t\t\n\t\t<div\t\tclass=\"vp-portfolio__item-wrap vp-portfolio__item-uid-65cd4200\" data-vp-filter=\"\" \t\t>\n\t\t\t<template class=\"vp-portfolio__item-popup\" data-vp-popup-img=\"http:\/\/einsiedel-architekten.de\/cms\/wp-content\/uploads\/2019\/11\/kahn-windfang-wandspachtel.jpg\" data-vp-popup-img-srcset=\"http:\/\/einsiedel-architekten.de\/cms\/wp-content\/uploads\/2019\/11\/kahn-windfang-wandspachtel.jpg 1701w, http:\/\/einsiedel-architekten.de\/cms\/wp-content\/uploads\/2019\/11\/kahn-windfang-wandspachtel-300x187.jpg 300w, http:\/\/einsiedel-architekten.de\/cms\/wp-content\/uploads\/2019\/11\/kahn-windfang-wandspachtel-768x479.jpg 768w, http:\/\/einsiedel-architekten.de\/cms\/wp-content\/uploads\/2019\/11\/kahn-windfang-wandspachtel-1024x638.jpg 1024w, http:\/\/einsiedel-architekten.de\/cms\/wp-content\/uploads\/2019\/11\/kahn-windfang-wandspachtel-500x312.jpg 500w, http:\/\/einsiedel-architekten.de\/cms\/wp-content\/uploads\/2019\/11\/kahn-windfang-wandspachtel-800x499.jpg 800w, http:\/\/einsiedel-architekten.de\/cms\/wp-content\/uploads\/2019\/11\/kahn-windfang-wandspachtel-1280x798.jpg 1280w, http:\/\/einsiedel-architekten.de\/cms\/wp-content\/uploads\/2019\/11\/kahn-windfang-wandspachtel-1059x660.jpg 1059w\" data-vp-popup-img-size=\"1701x1060\" data-vp-popup-md-img=\"http:\/\/einsiedel-architekten.de\/cms\/wp-content\/uploads\/2019\/11\/kahn-windfang-wandspachtel-800x499.jpg\" data-vp-popup-md-img-size=\"800x499\" data-vp-popup-sm-img=\"http:\/\/einsiedel-architekten.de\/cms\/wp-content\/uploads\/2019\/11\/kahn-windfang-wandspachtel-500x312.jpg\" data-vp-popup-sm-img-size=\"500x312\">\n\t<\/template>\n\t\t\t\t\t\t<figure class=\"vp-portfolio__item\">\n\t\t\t\t\n<div class=\"vp-portfolio__item-img-wrap\">\n\t<div class=\"vp-portfolio__item-img\">\n\t\t\t<a\n\t\thref=\"http:\/\/einsiedel-architekten.de\/cms\/wp-content\/uploads\/2019\/11\/kahn-windfang-wandspachtel.jpg\"\n\t\taria-label=\"kahn windfang + wandspachtel\" \t data-rel=\"lightbox-image-10\" data-rl_title=\"\" data-rl_caption=\"\" title=\"\">\n\t\n\t\t<noscript><img loading=\"lazy\" decoding=\"async\" width=\"1701\" height=\"1060\" data-skip-lazy src=\"http:\/\/einsiedel-architekten.de\/cms\/wp-content\/uploads\/2019\/11\/kahn-windfang-wandspachtel.jpg\" class=\"wp-image-630\" alt=\"\" srcset=\"http:\/\/einsiedel-architekten.de\/cms\/wp-content\/uploads\/2019\/11\/kahn-windfang-wandspachtel.jpg 1701w, http:\/\/einsiedel-architekten.de\/cms\/wp-content\/uploads\/2019\/11\/kahn-windfang-wandspachtel-300x187.jpg 300w, http:\/\/einsiedel-architekten.de\/cms\/wp-content\/uploads\/2019\/11\/kahn-windfang-wandspachtel-768x479.jpg 768w, http:\/\/einsiedel-architekten.de\/cms\/wp-content\/uploads\/2019\/11\/kahn-windfang-wandspachtel-1024x638.jpg 1024w, http:\/\/einsiedel-architekten.de\/cms\/wp-content\/uploads\/2019\/11\/kahn-windfang-wandspachtel-500x312.jpg 500w, http:\/\/einsiedel-architekten.de\/cms\/wp-content\/uploads\/2019\/11\/kahn-windfang-wandspachtel-800x499.jpg 800w, http:\/\/einsiedel-architekten.de\/cms\/wp-content\/uploads\/2019\/11\/kahn-windfang-wandspachtel-1280x798.jpg 1280w, http:\/\/einsiedel-architekten.de\/cms\/wp-content\/uploads\/2019\/11\/kahn-windfang-wandspachtel-1059x660.jpg 1059w\" sizes=\"auto, (max-width: 1701px) 100vw, 1701px\" \/><\/noscript><img decoding=\"async\" width=\"1701\" height=\"1060\" src=\"http:\/\/einsiedel-architekten.de\/cms\/wp-content\/uploads\/2019\/11\/kahn-windfang-wandspachtel.jpg\" class=\"wp-image-630 vp-lazyload\" alt srcset=\"data:image\/svg+xml;base64,PHN2ZyB3aWR0aD0iMTcwMSIgaGVpZ2h0PSIxMDYwIiB2aWV3Qm94PSIwIDAgMTcwMSAxMDYwIiBmaWxsPSJub25lIiB4bWxucz0iaHR0cDovL3d3dy53My5vcmcvMjAwMC9zdmciPjwvc3ZnPg==\" data-src=\"http:\/\/einsiedel-architekten.de\/cms\/wp-content\/uploads\/2019\/11\/kahn-windfang-wandspachtel.jpg\" data-srcset=\"http:\/\/einsiedel-architekten.de\/cms\/wp-content\/uploads\/2019\/11\/kahn-windfang-wandspachtel.jpg 1701w, http:\/\/einsiedel-architekten.de\/cms\/wp-content\/uploads\/2019\/11\/kahn-windfang-wandspachtel-300x187.jpg 300w, http:\/\/einsiedel-architekten.de\/cms\/wp-content\/uploads\/2019\/11\/kahn-windfang-wandspachtel-768x479.jpg 768w, http:\/\/einsiedel-architekten.de\/cms\/wp-content\/uploads\/2019\/11\/kahn-windfang-wandspachtel-1024x638.jpg 1024w, http:\/\/einsiedel-architekten.de\/cms\/wp-content\/uploads\/2019\/11\/kahn-windfang-wandspachtel-500x312.jpg 500w, http:\/\/einsiedel-architekten.de\/cms\/wp-content\/uploads\/2019\/11\/kahn-windfang-wandspachtel-800x499.jpg 800w, http:\/\/einsiedel-architekten.de\/cms\/wp-content\/uploads\/2019\/11\/kahn-windfang-wandspachtel-1280x798.jpg 1280w, http:\/\/einsiedel-architekten.de\/cms\/wp-content\/uploads\/2019\/11\/kahn-windfang-wandspachtel-1059x660.jpg 1059w\" data-sizes=\"auto\" loading=\"eager\">\n\t\t<\/a>\t<\/div>\n<\/div>\n\t<div class=\"vp-portfolio__item-overlay\">\n\t\t\t<a\n\t\thref=\"http:\/\/einsiedel-architekten.de\/cms\/wp-content\/uploads\/2019\/11\/kahn-windfang-wandspachtel.jpg\"\n\t\ttabindex=\"-1\" class=\"vp-portfolio__item-meta\" aria-label=\"kahn windfang + wandspachtel\" \t data-rel=\"lightbox-image-11\" data-rl_title=\"\" data-rl_caption=\"\" title=\"\">\n\t\t\t<\/a>\t<\/div>\n\t\t\t\t<\/figure>\n\t\t\t\t\t<\/div>\n\t\t\n\t\t<div\t\tclass=\"vp-portfolio__item-wrap vp-portfolio__item-uid-17bf640b\" data-vp-filter=\"\" \t\t>\n\t\t\t<template class=\"vp-portfolio__item-popup\" data-vp-popup-img=\"http:\/\/einsiedel-architekten.de\/cms\/wp-content\/uploads\/2019\/11\/kahn-kinderbad-.jpg\" data-vp-popup-img-srcset=\"http:\/\/einsiedel-architekten.de\/cms\/wp-content\/uploads\/2019\/11\/kahn-kinderbad-.jpg 1701w, http:\/\/einsiedel-architekten.de\/cms\/wp-content\/uploads\/2019\/11\/kahn-kinderbad--300x200.jpg 300w, http:\/\/einsiedel-architekten.de\/cms\/wp-content\/uploads\/2019\/11\/kahn-kinderbad--768x512.jpg 768w, http:\/\/einsiedel-architekten.de\/cms\/wp-content\/uploads\/2019\/11\/kahn-kinderbad--1024x683.jpg 1024w, http:\/\/einsiedel-architekten.de\/cms\/wp-content\/uploads\/2019\/11\/kahn-kinderbad--500x333.jpg 500w, http:\/\/einsiedel-architekten.de\/cms\/wp-content\/uploads\/2019\/11\/kahn-kinderbad--800x533.jpg 800w, http:\/\/einsiedel-architekten.de\/cms\/wp-content\/uploads\/2019\/11\/kahn-kinderbad--1280x853.jpg 1280w, http:\/\/einsiedel-architekten.de\/cms\/wp-content\/uploads\/2019\/11\/kahn-kinderbad--990x660.jpg 990w\" data-vp-popup-img-size=\"1701x1134\" data-vp-popup-md-img=\"http:\/\/einsiedel-architekten.de\/cms\/wp-content\/uploads\/2019\/11\/kahn-kinderbad--800x533.jpg\" data-vp-popup-md-img-size=\"800x533\" data-vp-popup-sm-img=\"http:\/\/einsiedel-architekten.de\/cms\/wp-content\/uploads\/2019\/11\/kahn-kinderbad--500x333.jpg\" data-vp-popup-sm-img-size=\"500x333\">\n\t<\/template>\n\t\t\t\t\t\t<figure class=\"vp-portfolio__item\">\n\t\t\t\t\n<div class=\"vp-portfolio__item-img-wrap\">\n\t<div class=\"vp-portfolio__item-img\">\n\t\t\t<a\n\t\thref=\"http:\/\/einsiedel-architekten.de\/cms\/wp-content\/uploads\/2019\/11\/kahn-kinderbad-.jpg\"\n\t\taria-label=\"kahn kinderbad\" \t data-rel=\"lightbox-image-12\" data-rl_title=\"\" data-rl_caption=\"\" title=\"\">\n\t\n\t\t<noscript><img loading=\"lazy\" decoding=\"async\" width=\"1701\" height=\"1134\" data-skip-lazy src=\"http:\/\/einsiedel-architekten.de\/cms\/wp-content\/uploads\/2019\/11\/kahn-kinderbad-.jpg\" class=\"wp-image-629\" alt=\"\" srcset=\"http:\/\/einsiedel-architekten.de\/cms\/wp-content\/uploads\/2019\/11\/kahn-kinderbad-.jpg 1701w, http:\/\/einsiedel-architekten.de\/cms\/wp-content\/uploads\/2019\/11\/kahn-kinderbad--300x200.jpg 300w, http:\/\/einsiedel-architekten.de\/cms\/wp-content\/uploads\/2019\/11\/kahn-kinderbad--768x512.jpg 768w, http:\/\/einsiedel-architekten.de\/cms\/wp-content\/uploads\/2019\/11\/kahn-kinderbad--1024x683.jpg 1024w, http:\/\/einsiedel-architekten.de\/cms\/wp-content\/uploads\/2019\/11\/kahn-kinderbad--500x333.jpg 500w, http:\/\/einsiedel-architekten.de\/cms\/wp-content\/uploads\/2019\/11\/kahn-kinderbad--800x533.jpg 800w, http:\/\/einsiedel-architekten.de\/cms\/wp-content\/uploads\/2019\/11\/kahn-kinderbad--1280x853.jpg 1280w, http:\/\/einsiedel-architekten.de\/cms\/wp-content\/uploads\/2019\/11\/kahn-kinderbad--990x660.jpg 990w\" sizes=\"auto, (max-width: 1701px) 100vw, 1701px\" \/><\/noscript><img decoding=\"async\" width=\"1701\" height=\"1134\" src=\"http:\/\/einsiedel-architekten.de\/cms\/wp-content\/uploads\/2019\/11\/kahn-kinderbad-.jpg\" class=\"wp-image-629 vp-lazyload\" alt srcset=\"data:image\/svg+xml;base64,PHN2ZyB3aWR0aD0iMTcwMSIgaGVpZ2h0PSIxMTM0IiB2aWV3Qm94PSIwIDAgMTcwMSAxMTM0IiBmaWxsPSJub25lIiB4bWxucz0iaHR0cDovL3d3dy53My5vcmcvMjAwMC9zdmciPjwvc3ZnPg==\" data-src=\"http:\/\/einsiedel-architekten.de\/cms\/wp-content\/uploads\/2019\/11\/kahn-kinderbad-.jpg\" data-srcset=\"http:\/\/einsiedel-architekten.de\/cms\/wp-content\/uploads\/2019\/11\/kahn-kinderbad-.jpg 1701w, http:\/\/einsiedel-architekten.de\/cms\/wp-content\/uploads\/2019\/11\/kahn-kinderbad--300x200.jpg 300w, http:\/\/einsiedel-architekten.de\/cms\/wp-content\/uploads\/2019\/11\/kahn-kinderbad--768x512.jpg 768w, http:\/\/einsiedel-architekten.de\/cms\/wp-content\/uploads\/2019\/11\/kahn-kinderbad--1024x683.jpg 1024w, http:\/\/einsiedel-architekten.de\/cms\/wp-content\/uploads\/2019\/11\/kahn-kinderbad--500x333.jpg 500w, http:\/\/einsiedel-architekten.de\/cms\/wp-content\/uploads\/2019\/11\/kahn-kinderbad--800x533.jpg 800w, http:\/\/einsiedel-architekten.de\/cms\/wp-content\/uploads\/2019\/11\/kahn-kinderbad--1280x853.jpg 1280w, http:\/\/einsiedel-architekten.de\/cms\/wp-content\/uploads\/2019\/11\/kahn-kinderbad--990x660.jpg 990w\" data-sizes=\"auto\" loading=\"eager\">\n\t\t<\/a>\t<\/div>\n<\/div>\n\t<div class=\"vp-portfolio__item-overlay\">\n\t\t\t<a\n\t\thref=\"http:\/\/einsiedel-architekten.de\/cms\/wp-content\/uploads\/2019\/11\/kahn-kinderbad-.jpg\"\n\t\ttabindex=\"-1\" class=\"vp-portfolio__item-meta\" aria-label=\"kahn kinderbad\" \t data-rel=\"lightbox-image-13\" data-rl_title=\"\" data-rl_caption=\"\" title=\"\">\n\t\t\t<\/a>\t<\/div>\n\t\t\t\t<\/figure>\n\t\t\t\t\t<\/div>\n\t\t\n\t\t<div\t\tclass=\"vp-portfolio__item-wrap vp-portfolio__item-uid-b8c3ba1d\" data-vp-filter=\"\" \t\t>\n\t\t\t<template class=\"vp-portfolio__item-popup\" data-vp-popup-img=\"http:\/\/einsiedel-architekten.de\/cms\/wp-content\/uploads\/2019\/11\/kahn-armorbad-retusche-1920x1280.jpg\" data-vp-popup-img-srcset=\"http:\/\/einsiedel-architekten.de\/cms\/wp-content\/uploads\/2019\/11\/kahn-armorbad-retusche-1920x1280.jpg 1920w, http:\/\/einsiedel-architekten.de\/cms\/wp-content\/uploads\/2019\/11\/kahn-armorbad-retusche-300x200.jpg 300w, http:\/\/einsiedel-architekten.de\/cms\/wp-content\/uploads\/2019\/11\/kahn-armorbad-retusche-768x512.jpg 768w, http:\/\/einsiedel-architekten.de\/cms\/wp-content\/uploads\/2019\/11\/kahn-armorbad-retusche-1024x683.jpg 1024w, http:\/\/einsiedel-architekten.de\/cms\/wp-content\/uploads\/2019\/11\/kahn-armorbad-retusche-500x333.jpg 500w, http:\/\/einsiedel-architekten.de\/cms\/wp-content\/uploads\/2019\/11\/kahn-armorbad-retusche-800x533.jpg 800w, http:\/\/einsiedel-architekten.de\/cms\/wp-content\/uploads\/2019\/11\/kahn-armorbad-retusche-1280x853.jpg 1280w, http:\/\/einsiedel-architekten.de\/cms\/wp-content\/uploads\/2019\/11\/kahn-armorbad-retusche-990x660.jpg 990w\" data-vp-popup-img-size=\"1920x1280\" data-vp-popup-md-img=\"http:\/\/einsiedel-architekten.de\/cms\/wp-content\/uploads\/2019\/11\/kahn-armorbad-retusche-800x533.jpg\" data-vp-popup-md-img-size=\"800x533\" data-vp-popup-sm-img=\"http:\/\/einsiedel-architekten.de\/cms\/wp-content\/uploads\/2019\/11\/kahn-armorbad-retusche-500x333.jpg\" data-vp-popup-sm-img-size=\"500x333\">\n\t<\/template>\n\t\t\t\t\t\t<figure class=\"vp-portfolio__item\">\n\t\t\t\t\n<div class=\"vp-portfolio__item-img-wrap\">\n\t<div class=\"vp-portfolio__item-img\">\n\t\t\t<a\n\t\thref=\"http:\/\/einsiedel-architekten.de\/cms\/wp-content\/uploads\/2019\/11\/kahn-armorbad-retusche-1920x1280.jpg\"\n\t\taria-label=\"kahn armorbad retusche\" \t data-rel=\"lightbox-image-14\" data-rl_title=\"\" data-rl_caption=\"\" title=\"\">\n\t\n\t\t<noscript><img loading=\"lazy\" decoding=\"async\" width=\"1920\" height=\"1280\" data-skip-lazy src=\"http:\/\/einsiedel-architekten.de\/cms\/wp-content\/uploads\/2019\/11\/kahn-armorbad-retusche-1920x1280.jpg\" class=\"wp-image-631\" alt=\"\" srcset=\"http:\/\/einsiedel-architekten.de\/cms\/wp-content\/uploads\/2019\/11\/kahn-armorbad-retusche-1920x1280.jpg 1920w, http:\/\/einsiedel-architekten.de\/cms\/wp-content\/uploads\/2019\/11\/kahn-armorbad-retusche-300x200.jpg 300w, http:\/\/einsiedel-architekten.de\/cms\/wp-content\/uploads\/2019\/11\/kahn-armorbad-retusche-768x512.jpg 768w, http:\/\/einsiedel-architekten.de\/cms\/wp-content\/uploads\/2019\/11\/kahn-armorbad-retusche-1024x683.jpg 1024w, http:\/\/einsiedel-architekten.de\/cms\/wp-content\/uploads\/2019\/11\/kahn-armorbad-retusche-500x333.jpg 500w, http:\/\/einsiedel-architekten.de\/cms\/wp-content\/uploads\/2019\/11\/kahn-armorbad-retusche-800x533.jpg 800w, http:\/\/einsiedel-architekten.de\/cms\/wp-content\/uploads\/2019\/11\/kahn-armorbad-retusche-1280x853.jpg 1280w, http:\/\/einsiedel-architekten.de\/cms\/wp-content\/uploads\/2019\/11\/kahn-armorbad-retusche-990x660.jpg 990w\" sizes=\"auto, (max-width: 1920px) 100vw, 1920px\" \/><\/noscript><img decoding=\"async\" width=\"1920\" height=\"1280\" src=\"http:\/\/einsiedel-architekten.de\/cms\/wp-content\/uploads\/2019\/11\/kahn-armorbad-retusche-1920x1280.jpg\" class=\"wp-image-631 vp-lazyload\" alt srcset=\"data:image\/svg+xml;base64,PHN2ZyB3aWR0aD0iMTkyMCIgaGVpZ2h0PSIxMjgwIiB2aWV3Qm94PSIwIDAgMTkyMCAxMjgwIiBmaWxsPSJub25lIiB4bWxucz0iaHR0cDovL3d3dy53My5vcmcvMjAwMC9zdmciPjwvc3ZnPg==\" data-src=\"http:\/\/einsiedel-architekten.de\/cms\/wp-content\/uploads\/2019\/11\/kahn-armorbad-retusche-1920x1280.jpg\" data-srcset=\"http:\/\/einsiedel-architekten.de\/cms\/wp-content\/uploads\/2019\/11\/kahn-armorbad-retusche-1920x1280.jpg 1920w, http:\/\/einsiedel-architekten.de\/cms\/wp-content\/uploads\/2019\/11\/kahn-armorbad-retusche-300x200.jpg 300w, http:\/\/einsiedel-architekten.de\/cms\/wp-content\/uploads\/2019\/11\/kahn-armorbad-retusche-768x512.jpg 768w, http:\/\/einsiedel-architekten.de\/cms\/wp-content\/uploads\/2019\/11\/kahn-armorbad-retusche-1024x683.jpg 1024w, http:\/\/einsiedel-architekten.de\/cms\/wp-content\/uploads\/2019\/11\/kahn-armorbad-retusche-500x333.jpg 500w, http:\/\/einsiedel-architekten.de\/cms\/wp-content\/uploads\/2019\/11\/kahn-armorbad-retusche-800x533.jpg 800w, http:\/\/einsiedel-architekten.de\/cms\/wp-content\/uploads\/2019\/11\/kahn-armorbad-retusche-1280x853.jpg 1280w, http:\/\/einsiedel-architekten.de\/cms\/wp-content\/uploads\/2019\/11\/kahn-armorbad-retusche-990x660.jpg 990w\" data-sizes=\"auto\" loading=\"eager\">\n\t\t<\/a>\t<\/div>\n<\/div>\n\t<div class=\"vp-portfolio__item-overlay\">\n\t\t\t<a\n\t\thref=\"http:\/\/einsiedel-architekten.de\/cms\/wp-content\/uploads\/2019\/11\/kahn-armorbad-retusche-1920x1280.jpg\"\n\t\ttabindex=\"-1\" class=\"vp-portfolio__item-meta\" aria-label=\"kahn armorbad retusche\" \t data-rel=\"lightbox-image-15\" data-rl_title=\"\" data-rl_caption=\"\" title=\"\">\n\t\t\t<\/a>\t<\/div>\n\t\t\t\t<\/figure>\n\t\t\t\t\t<\/div>\n\t\t\n<\/div>\n\n<div class=\"vp-portfolio__items-arrow vp-portfolio__items-arrow-prev\" tabindex=\"0\" role=\"button\" aria-label=\"Previous Slide\">\n\t\n<svg class=\"vp-svg-icon\" width=\"20\" height=\"20\" viewBox=\"0 0 20 20\" fill=\"none\" xmlns=\"http:\/\/www.w3.org\/2000\/svg\">\n\t<path d=\"M12 4L6 10L12 16\" stroke=\"currentColor\" stroke-width=\"1.5\" stroke-linecap=\"round\" stroke-linejoin=\"round\" fill=\"transparent\" \/>\n<\/svg>\n<\/div>\n<div class=\"vp-portfolio__items-arrow vp-portfolio__items-arrow-next\" tabindex=\"0\" role=\"button\" aria-label=\"Next Slide\">\n\t\n<svg class=\"vp-svg-icon\" width=\"20\" height=\"20\" viewBox=\"0 0 20 20\" fill=\"none\" xmlns=\"http:\/\/www.w3.org\/2000\/svg\">\n\t<path d=\"M8 4L14 10L8 16\" stroke=\"currentColor\" stroke-width=\"1.5\" stroke-linecap=\"round\" stroke-linejoin=\"round\" fill=\"transparent\" \/>\n<\/svg>\n<\/div>\n\n<div class=\"vp-portfolio__items-bullets\"><\/div>\n\t\t<\/div>\n\t\t\n<\/div>\n<\/div>\n\n\n\n<p><\/p>\n\n\n\n<p style=\"color:#dd890b\" class=\"has-text-color\">VILLA KAHN<br>Restaurierung und Modernisierung<br><br>Nominierung zum ECOLA-Award Architekturpreis Putz 2006<br>Denkmalschutzpreis 2008 Baden-W\u00fcrttemberg <br><br><\/p>\n\n\n\n<p>ECKDATEN<br>Bauherr Prof. Dr. Wilhelm Rall<br>BGF 620 qm <br>Planungs- und Bauzeit 2004-05<br>Baukosten KG 300-400 950T EUR<br>von Einsiedel Architekten, Stuttgart<br><br><\/p>\n\n\n\n<p>Das 1922 von Paul Schmitthenner f\u00fcr den Bankier Richard Kahn errichtete gro\u00dfz\u00fcgige 2-gescho\u00dfige Wohnhaus liegt am Rand des Stuttgarter Talkessels. Seit 1996 steht es unter Denkmalschutz. Das Haus war stets von Familien bewohnt. Einiges an Originalsubstanz ging dabei verloren, einiges wurde ver\u00e4ndert, vieles war erhalten und bedurfte der Aufarbeitung.<br> Restaurierung : Wiederaufbau abgesackter Terrassen und Freitreppen, Aufarbeitung Fenster, Einbauschr\u00e4nke<br>Sanierung und Modernisierung : Boden-, Wand- und Deckenbel\u00e4ge, Teilerneuerung Sanit\u00e4r- , Heizungs- und Elektrotechnik; neue Einbauten f\u00fcr K\u00fcchen und B\u00e4der<br>Rekonstruktion : Kamin, Umfassungsmauern Cour d\u00b4Honneur<\/p>\n","protected":false},"excerpt":{"rendered":"<p>VILLA KAHNRestaurierung und Modernisierung Nominierung zum ECOLA-Award Architekturpreis Putz 2006Denkmalschutzpreis 2008 Baden-W\u00fcrttemberg ECKDATENBauherr Prof. Dr. Wilhelm RallBGF 620 qm Planungs- und Bauzeit 2004-05Baukosten KG 300-400 950T EURvon Einsiedel Architekten, Stuttgart Das 1922 von Paul Schmitthenner f\u00fcr den Bankier Richard Kahn errichtete gro\u00dfz\u00fcgige 2-gescho\u00dfige Wohnhaus liegt am Rand des Stuttgarter Talkessels. Seit 1996 steht es unter [&hellip;]<\/p>\n","protected":false},"author":2,"featured_media":0,"parent":0,"menu_order":0,"comment_status":"closed","ping_status":"closed","template":"","meta":{"_vp_format_video_url":"","_vp_image_focal_point":[],"footnotes":""},"folder":[5],"class_list":["post-537","page","type-page","status-publish","hentry"],"_links":{"self":[{"href":"http:\/\/einsiedel-architekten.de\/cms\/wp-json\/wp\/v2\/pages\/537","targetHints":{"allow":["GET"]}}],"collection":[{"href":"http:\/\/einsiedel-architekten.de\/cms\/wp-json\/wp\/v2\/pages"}],"about":[{"href":"http:\/\/einsiedel-architekten.de\/cms\/wp-json\/wp\/v2\/types\/page"}],"author":[{"embeddable":true,"href":"http:\/\/einsiedel-architekten.de\/cms\/wp-json\/wp\/v2\/users\/2"}],"replies":[{"embeddable":true,"href":"http:\/\/einsiedel-architekten.de\/cms\/wp-json\/wp\/v2\/comments?post=537"}],"version-history":[{"count":10,"href":"http:\/\/einsiedel-architekten.de\/cms\/wp-json\/wp\/v2\/pages\/537\/revisions"}],"predecessor-version":[{"id":1401,"href":"http:\/\/einsiedel-architekten.de\/cms\/wp-json\/wp\/v2\/pages\/537\/revisions\/1401"}],"wp:attachment":[{"href":"http:\/\/einsiedel-architekten.de\/cms\/wp-json\/wp\/v2\/media?parent=537"}],"wp:term":[{"taxonomy":"folder","embeddable":true,"href":"http:\/\/einsiedel-architekten.de\/cms\/wp-json\/wp\/v2\/folder?post=537"}],"curies":[{"name":"wp","href":"https:\/\/api.w.org\/{rel}","templated":true}]}}