{"id":534,"date":"2019-10-31T13:11:03","date_gmt":"2019-10-31T12:11:03","guid":{"rendered":"http:\/\/einsiedel-architekten.de\/cms\/?page_id=534"},"modified":"2019-11-20T16:15:02","modified_gmt":"2019-11-20T15:15:02","slug":"kita-pusteblume","status":"publish","type":"page","link":"http:\/\/einsiedel-architekten.de\/cms\/kita-pusteblume\/","title":{"rendered":"2009 kita pusteblume, heidelberg-rohrbach"},"content":{"rendered":"\n<div class=\"wp-block-nk-visual-portfolio\">\n<div class=\"vp-portfolio vp-uid-30b8bf5e vp-id-613 \"\n\tdata-vp-layout=\"slider\" data-vp-content-source=\"images\" data-vp-items-style=\"fly\" data-vp-items-click-action=\"popup_gallery\" data-vp-items-gap=\"15\" data-vp-items-gap-vertical=\"\" data-vp-pagination=\"load-more\" data-vp-next-page-url=\"\" data-vp-slider-effect=\"slide\" data-vp-slider-items-height=\"80%\" data-vp-slider-items-min-height=\"\" data-vp-slider-slides-per-view=\"2\" data-vp-slider-speed=\"1.5\" data-vp-slider-autoplay=\"4\" data-vp-slider-autoplay-hover-pause=\"false\" data-vp-slider-centered-slides=\"true\" data-vp-slider-loop=\"false\" data-vp-slider-free-mode=\"false\" data-vp-slider-free-mode-sticky=\"false\" data-vp-slider-arrows=\"true\" data-vp-slider-bullets=\"true\" data-vp-slider-bullets-dynamic=\"false\" data-vp-slider-mousewheel=\"false\" data-vp-slider-thumbnails=\"false\" >\n\t<div class=\"vp-portfolio__preloader-wrap\">\n\t\t<div class=\"vp-portfolio__preloader\">\n\t\t\t<img decoding=\"async\" loading=\"eager\" src=\"http:\/\/einsiedel-architekten.de\/cms\/wp-content\/plugins\/visual-portfolio\/assets\/images\/logo-dark.svg\" alt=\"Visual Portfolio, Posts &amp; Image Gallery for WordPress\" width=\"20\" height=\"20\" data-skip-lazy>\n\t\t<\/div>\n\t<\/div>\n\t\t<div class=\"vp-portfolio__items-wrap\">\n\t\t\t\n<div class=\"vp-portfolio__items vp-portfolio__items-style-fly vp-portfolio__items-show-overlay-hover\">\n\n\t\t<div\t\tclass=\"vp-portfolio__item-wrap vp-portfolio__item-uid-00e25955\" data-vp-filter=\"\" \t\t>\n\t\t\t<template class=\"vp-portfolio__item-popup\" data-vp-popup-img=\"http:\/\/einsiedel-architekten.de\/cms\/wp-content\/uploads\/2019\/11\/pusteblume-fassade-1920x1527.jpg\" data-vp-popup-img-srcset=\"http:\/\/einsiedel-architekten.de\/cms\/wp-content\/uploads\/2019\/11\/pusteblume-fassade-1920x1527.jpg 1920w, http:\/\/einsiedel-architekten.de\/cms\/wp-content\/uploads\/2019\/11\/pusteblume-fassade-300x239.jpg 300w, http:\/\/einsiedel-architekten.de\/cms\/wp-content\/uploads\/2019\/11\/pusteblume-fassade-768x611.jpg 768w, http:\/\/einsiedel-architekten.de\/cms\/wp-content\/uploads\/2019\/11\/pusteblume-fassade-1024x814.jpg 1024w, http:\/\/einsiedel-architekten.de\/cms\/wp-content\/uploads\/2019\/11\/pusteblume-fassade-500x398.jpg 500w, http:\/\/einsiedel-architekten.de\/cms\/wp-content\/uploads\/2019\/11\/pusteblume-fassade-800x636.jpg 800w, http:\/\/einsiedel-architekten.de\/cms\/wp-content\/uploads\/2019\/11\/pusteblume-fassade-1280x1018.jpg 1280w, http:\/\/einsiedel-architekten.de\/cms\/wp-content\/uploads\/2019\/11\/pusteblume-fassade-830x660.jpg 830w\" data-vp-popup-img-size=\"1920x1527\" data-vp-popup-md-img=\"http:\/\/einsiedel-architekten.de\/cms\/wp-content\/uploads\/2019\/11\/pusteblume-fassade-800x636.jpg\" data-vp-popup-md-img-size=\"800x636\" data-vp-popup-sm-img=\"http:\/\/einsiedel-architekten.de\/cms\/wp-content\/uploads\/2019\/11\/pusteblume-fassade-500x398.jpg\" data-vp-popup-sm-img-size=\"500x398\">\n\t<\/template>\n\t\t\t\t\t\t<figure class=\"vp-portfolio__item\">\n\t\t\t\t\n<div class=\"vp-portfolio__item-img-wrap\">\n\t<div class=\"vp-portfolio__item-img\">\n\t\t\t<a\n\t\thref=\"http:\/\/einsiedel-architekten.de\/cms\/wp-content\/uploads\/2019\/11\/pusteblume-fassade-1920x1527.jpg\"\n\t\taria-label=\"pusteblume fassade\" \t data-rel=\"lightbox-image-0\" data-rl_title=\"\" data-rl_caption=\"\" title=\"\">\n\t\n\t\t<noscript><img loading=\"lazy\" decoding=\"async\" width=\"1920\" height=\"1527\" data-skip-lazy src=\"http:\/\/einsiedel-architekten.de\/cms\/wp-content\/uploads\/2019\/11\/pusteblume-fassade-1920x1527.jpg\" class=\"wp-image-609\" alt=\"\" srcset=\"http:\/\/einsiedel-architekten.de\/cms\/wp-content\/uploads\/2019\/11\/pusteblume-fassade-1920x1527.jpg 1920w, http:\/\/einsiedel-architekten.de\/cms\/wp-content\/uploads\/2019\/11\/pusteblume-fassade-300x239.jpg 300w, http:\/\/einsiedel-architekten.de\/cms\/wp-content\/uploads\/2019\/11\/pusteblume-fassade-768x611.jpg 768w, http:\/\/einsiedel-architekten.de\/cms\/wp-content\/uploads\/2019\/11\/pusteblume-fassade-1024x814.jpg 1024w, http:\/\/einsiedel-architekten.de\/cms\/wp-content\/uploads\/2019\/11\/pusteblume-fassade-500x398.jpg 500w, http:\/\/einsiedel-architekten.de\/cms\/wp-content\/uploads\/2019\/11\/pusteblume-fassade-800x636.jpg 800w, http:\/\/einsiedel-architekten.de\/cms\/wp-content\/uploads\/2019\/11\/pusteblume-fassade-1280x1018.jpg 1280w, http:\/\/einsiedel-architekten.de\/cms\/wp-content\/uploads\/2019\/11\/pusteblume-fassade-830x660.jpg 830w\" sizes=\"auto, (max-width: 1920px) 100vw, 1920px\" \/><\/noscript><img fetchpriority=\"high\" decoding=\"async\" width=\"1920\" height=\"1527\" src=\"http:\/\/einsiedel-architekten.de\/cms\/wp-content\/uploads\/2019\/11\/pusteblume-fassade-1920x1527.jpg\" class=\"wp-image-609 vp-lazyload\" alt srcset=\"data:image\/svg+xml;base64,PHN2ZyB3aWR0aD0iMTkyMCIgaGVpZ2h0PSIxNTI3IiB2aWV3Qm94PSIwIDAgMTkyMCAxNTI3IiBmaWxsPSJub25lIiB4bWxucz0iaHR0cDovL3d3dy53My5vcmcvMjAwMC9zdmciPjwvc3ZnPg==\" data-src=\"http:\/\/einsiedel-architekten.de\/cms\/wp-content\/uploads\/2019\/11\/pusteblume-fassade-1920x1527.jpg\" data-srcset=\"http:\/\/einsiedel-architekten.de\/cms\/wp-content\/uploads\/2019\/11\/pusteblume-fassade-1920x1527.jpg 1920w, http:\/\/einsiedel-architekten.de\/cms\/wp-content\/uploads\/2019\/11\/pusteblume-fassade-300x239.jpg 300w, http:\/\/einsiedel-architekten.de\/cms\/wp-content\/uploads\/2019\/11\/pusteblume-fassade-768x611.jpg 768w, http:\/\/einsiedel-architekten.de\/cms\/wp-content\/uploads\/2019\/11\/pusteblume-fassade-1024x814.jpg 1024w, http:\/\/einsiedel-architekten.de\/cms\/wp-content\/uploads\/2019\/11\/pusteblume-fassade-500x398.jpg 500w, http:\/\/einsiedel-architekten.de\/cms\/wp-content\/uploads\/2019\/11\/pusteblume-fassade-800x636.jpg 800w, http:\/\/einsiedel-architekten.de\/cms\/wp-content\/uploads\/2019\/11\/pusteblume-fassade-1280x1018.jpg 1280w, http:\/\/einsiedel-architekten.de\/cms\/wp-content\/uploads\/2019\/11\/pusteblume-fassade-830x660.jpg 830w\" data-sizes=\"auto\" loading=\"eager\">\n\t\t<\/a>\t<\/div>\n<\/div>\n\t<div class=\"vp-portfolio__item-overlay\">\n\t\t\t<a\n\t\thref=\"http:\/\/einsiedel-architekten.de\/cms\/wp-content\/uploads\/2019\/11\/pusteblume-fassade-1920x1527.jpg\"\n\t\ttabindex=\"-1\" class=\"vp-portfolio__item-meta\" aria-label=\"pusteblume fassade\" \t data-rel=\"lightbox-image-1\" data-rl_title=\"\" data-rl_caption=\"\" title=\"\">\n\t\t\t<\/a>\t<\/div>\n\t\t\t\t<\/figure>\n\t\t\t\t\t<\/div>\n\t\t\n\t\t<div\t\tclass=\"vp-portfolio__item-wrap vp-portfolio__item-uid-9036e6e7\" data-vp-filter=\"\" \t\t>\n\t\t\t<template class=\"vp-portfolio__item-popup\" data-vp-popup-img=\"http:\/\/einsiedel-architekten.de\/cms\/wp-content\/uploads\/2019\/11\/pusteblume-perspektive-1.jpg\" data-vp-popup-img-srcset=\"http:\/\/einsiedel-architekten.de\/cms\/wp-content\/uploads\/2019\/11\/pusteblume-perspektive-1.jpg 1508w, http:\/\/einsiedel-architekten.de\/cms\/wp-content\/uploads\/2019\/11\/pusteblume-perspektive-1-300x218.jpg 300w, http:\/\/einsiedel-architekten.de\/cms\/wp-content\/uploads\/2019\/11\/pusteblume-perspektive-1-1024x743.jpg 1024w, http:\/\/einsiedel-architekten.de\/cms\/wp-content\/uploads\/2019\/11\/pusteblume-perspektive-1-768x557.jpg 768w, http:\/\/einsiedel-architekten.de\/cms\/wp-content\/uploads\/2019\/11\/pusteblume-perspektive-1-500x363.jpg 500w, http:\/\/einsiedel-architekten.de\/cms\/wp-content\/uploads\/2019\/11\/pusteblume-perspektive-1-800x580.jpg 800w, http:\/\/einsiedel-architekten.de\/cms\/wp-content\/uploads\/2019\/11\/pusteblume-perspektive-1-1280x929.jpg 1280w, http:\/\/einsiedel-architekten.de\/cms\/wp-content\/uploads\/2019\/11\/pusteblume-perspektive-1-910x660.jpg 910w\" data-vp-popup-img-size=\"1508x1094\" data-vp-popup-md-img=\"http:\/\/einsiedel-architekten.de\/cms\/wp-content\/uploads\/2019\/11\/pusteblume-perspektive-1-800x580.jpg\" data-vp-popup-md-img-size=\"800x580\" data-vp-popup-sm-img=\"http:\/\/einsiedel-architekten.de\/cms\/wp-content\/uploads\/2019\/11\/pusteblume-perspektive-1-500x363.jpg\" data-vp-popup-sm-img-size=\"500x363\">\n\t<\/template>\n\t\t\t\t\t\t<figure class=\"vp-portfolio__item\">\n\t\t\t\t\n<div class=\"vp-portfolio__item-img-wrap\">\n\t<div class=\"vp-portfolio__item-img\">\n\t\t\t<a\n\t\thref=\"http:\/\/einsiedel-architekten.de\/cms\/wp-content\/uploads\/2019\/11\/pusteblume-perspektive-1.jpg\"\n\t\taria-label=\"pusteblume perspektive\" \t data-rel=\"lightbox-image-2\" data-rl_title=\"\" data-rl_caption=\"\" title=\"\">\n\t\n\t\t<noscript><img loading=\"lazy\" decoding=\"async\" width=\"1508\" height=\"1094\" data-skip-lazy src=\"http:\/\/einsiedel-architekten.de\/cms\/wp-content\/uploads\/2019\/11\/pusteblume-perspektive-1.jpg\" class=\"wp-image-1255\" alt=\"\" srcset=\"http:\/\/einsiedel-architekten.de\/cms\/wp-content\/uploads\/2019\/11\/pusteblume-perspektive-1.jpg 1508w, http:\/\/einsiedel-architekten.de\/cms\/wp-content\/uploads\/2019\/11\/pusteblume-perspektive-1-300x218.jpg 300w, http:\/\/einsiedel-architekten.de\/cms\/wp-content\/uploads\/2019\/11\/pusteblume-perspektive-1-1024x743.jpg 1024w, http:\/\/einsiedel-architekten.de\/cms\/wp-content\/uploads\/2019\/11\/pusteblume-perspektive-1-768x557.jpg 768w, http:\/\/einsiedel-architekten.de\/cms\/wp-content\/uploads\/2019\/11\/pusteblume-perspektive-1-500x363.jpg 500w, http:\/\/einsiedel-architekten.de\/cms\/wp-content\/uploads\/2019\/11\/pusteblume-perspektive-1-800x580.jpg 800w, http:\/\/einsiedel-architekten.de\/cms\/wp-content\/uploads\/2019\/11\/pusteblume-perspektive-1-1280x929.jpg 1280w, http:\/\/einsiedel-architekten.de\/cms\/wp-content\/uploads\/2019\/11\/pusteblume-perspektive-1-910x660.jpg 910w\" sizes=\"auto, (max-width: 1508px) 100vw, 1508px\" \/><\/noscript><img decoding=\"async\" width=\"1508\" height=\"1094\" src=\"http:\/\/einsiedel-architekten.de\/cms\/wp-content\/uploads\/2019\/11\/pusteblume-perspektive-1.jpg\" class=\"wp-image-1255 vp-lazyload\" alt srcset=\"data:image\/svg+xml;base64,PHN2ZyB3aWR0aD0iMTUwOCIgaGVpZ2h0PSIxMDk0IiB2aWV3Qm94PSIwIDAgMTUwOCAxMDk0IiBmaWxsPSJub25lIiB4bWxucz0iaHR0cDovL3d3dy53My5vcmcvMjAwMC9zdmciPjwvc3ZnPg==\" data-src=\"http:\/\/einsiedel-architekten.de\/cms\/wp-content\/uploads\/2019\/11\/pusteblume-perspektive-1.jpg\" data-srcset=\"http:\/\/einsiedel-architekten.de\/cms\/wp-content\/uploads\/2019\/11\/pusteblume-perspektive-1.jpg 1508w, http:\/\/einsiedel-architekten.de\/cms\/wp-content\/uploads\/2019\/11\/pusteblume-perspektive-1-300x218.jpg 300w, http:\/\/einsiedel-architekten.de\/cms\/wp-content\/uploads\/2019\/11\/pusteblume-perspektive-1-1024x743.jpg 1024w, http:\/\/einsiedel-architekten.de\/cms\/wp-content\/uploads\/2019\/11\/pusteblume-perspektive-1-768x557.jpg 768w, http:\/\/einsiedel-architekten.de\/cms\/wp-content\/uploads\/2019\/11\/pusteblume-perspektive-1-500x363.jpg 500w, http:\/\/einsiedel-architekten.de\/cms\/wp-content\/uploads\/2019\/11\/pusteblume-perspektive-1-800x580.jpg 800w, http:\/\/einsiedel-architekten.de\/cms\/wp-content\/uploads\/2019\/11\/pusteblume-perspektive-1-1280x929.jpg 1280w, http:\/\/einsiedel-architekten.de\/cms\/wp-content\/uploads\/2019\/11\/pusteblume-perspektive-1-910x660.jpg 910w\" data-sizes=\"auto\" loading=\"eager\">\n\t\t<\/a>\t<\/div>\n<\/div>\n\t<div class=\"vp-portfolio__item-overlay\">\n\t\t\t<a\n\t\thref=\"http:\/\/einsiedel-architekten.de\/cms\/wp-content\/uploads\/2019\/11\/pusteblume-perspektive-1.jpg\"\n\t\ttabindex=\"-1\" class=\"vp-portfolio__item-meta\" aria-label=\"pusteblume perspektive\" \t data-rel=\"lightbox-image-3\" data-rl_title=\"\" data-rl_caption=\"\" title=\"\">\n\t\t\t<\/a>\t<\/div>\n\t\t\t\t<\/figure>\n\t\t\t\t\t<\/div>\n\t\t\n\t\t<div\t\tclass=\"vp-portfolio__item-wrap vp-portfolio__item-uid-ca2c183b\" data-vp-filter=\"\" \t\t>\n\t\t\t<template class=\"vp-portfolio__item-popup\" data-vp-popup-img=\"http:\/\/einsiedel-architekten.de\/cms\/wp-content\/uploads\/2019\/11\/pusteblume-fenster.jpg\" data-vp-popup-img-srcset=\"http:\/\/einsiedel-architekten.de\/cms\/wp-content\/uploads\/2019\/11\/pusteblume-fenster.jpg 1701w, http:\/\/einsiedel-architekten.de\/cms\/wp-content\/uploads\/2019\/11\/pusteblume-fenster-300x197.jpg 300w, http:\/\/einsiedel-architekten.de\/cms\/wp-content\/uploads\/2019\/11\/pusteblume-fenster-768x504.jpg 768w, http:\/\/einsiedel-architekten.de\/cms\/wp-content\/uploads\/2019\/11\/pusteblume-fenster-1024x672.jpg 1024w, http:\/\/einsiedel-architekten.de\/cms\/wp-content\/uploads\/2019\/11\/pusteblume-fenster-500x328.jpg 500w, http:\/\/einsiedel-architekten.de\/cms\/wp-content\/uploads\/2019\/11\/pusteblume-fenster-800x525.jpg 800w, http:\/\/einsiedel-architekten.de\/cms\/wp-content\/uploads\/2019\/11\/pusteblume-fenster-1280x840.jpg 1280w, http:\/\/einsiedel-architekten.de\/cms\/wp-content\/uploads\/2019\/11\/pusteblume-fenster-1006x660.jpg 1006w\" data-vp-popup-img-size=\"1701x1116\" data-vp-popup-md-img=\"http:\/\/einsiedel-architekten.de\/cms\/wp-content\/uploads\/2019\/11\/pusteblume-fenster-800x525.jpg\" data-vp-popup-md-img-size=\"800x525\" data-vp-popup-sm-img=\"http:\/\/einsiedel-architekten.de\/cms\/wp-content\/uploads\/2019\/11\/pusteblume-fenster-500x328.jpg\" data-vp-popup-sm-img-size=\"500x328\">\n\t<\/template>\n\t\t\t\t\t\t<figure class=\"vp-portfolio__item\">\n\t\t\t\t\n<div class=\"vp-portfolio__item-img-wrap\">\n\t<div class=\"vp-portfolio__item-img\">\n\t\t\t<a\n\t\thref=\"http:\/\/einsiedel-architekten.de\/cms\/wp-content\/uploads\/2019\/11\/pusteblume-fenster.jpg\"\n\t\taria-label=\"pusteblume fenster\" \t data-rel=\"lightbox-image-4\" data-rl_title=\"\" data-rl_caption=\"\" title=\"\">\n\t\n\t\t<noscript><img loading=\"lazy\" decoding=\"async\" width=\"1701\" height=\"1116\" data-skip-lazy src=\"http:\/\/einsiedel-architekten.de\/cms\/wp-content\/uploads\/2019\/11\/pusteblume-fenster.jpg\" class=\"wp-image-610\" alt=\"\" srcset=\"http:\/\/einsiedel-architekten.de\/cms\/wp-content\/uploads\/2019\/11\/pusteblume-fenster.jpg 1701w, http:\/\/einsiedel-architekten.de\/cms\/wp-content\/uploads\/2019\/11\/pusteblume-fenster-300x197.jpg 300w, http:\/\/einsiedel-architekten.de\/cms\/wp-content\/uploads\/2019\/11\/pusteblume-fenster-768x504.jpg 768w, http:\/\/einsiedel-architekten.de\/cms\/wp-content\/uploads\/2019\/11\/pusteblume-fenster-1024x672.jpg 1024w, http:\/\/einsiedel-architekten.de\/cms\/wp-content\/uploads\/2019\/11\/pusteblume-fenster-500x328.jpg 500w, http:\/\/einsiedel-architekten.de\/cms\/wp-content\/uploads\/2019\/11\/pusteblume-fenster-800x525.jpg 800w, http:\/\/einsiedel-architekten.de\/cms\/wp-content\/uploads\/2019\/11\/pusteblume-fenster-1280x840.jpg 1280w, http:\/\/einsiedel-architekten.de\/cms\/wp-content\/uploads\/2019\/11\/pusteblume-fenster-1006x660.jpg 1006w\" sizes=\"auto, (max-width: 1701px) 100vw, 1701px\" \/><\/noscript><img decoding=\"async\" width=\"1701\" height=\"1116\" src=\"http:\/\/einsiedel-architekten.de\/cms\/wp-content\/uploads\/2019\/11\/pusteblume-fenster.jpg\" class=\"wp-image-610 vp-lazyload\" alt srcset=\"data:image\/svg+xml;base64,PHN2ZyB3aWR0aD0iMTcwMSIgaGVpZ2h0PSIxMTE2IiB2aWV3Qm94PSIwIDAgMTcwMSAxMTE2IiBmaWxsPSJub25lIiB4bWxucz0iaHR0cDovL3d3dy53My5vcmcvMjAwMC9zdmciPjwvc3ZnPg==\" data-src=\"http:\/\/einsiedel-architekten.de\/cms\/wp-content\/uploads\/2019\/11\/pusteblume-fenster.jpg\" data-srcset=\"http:\/\/einsiedel-architekten.de\/cms\/wp-content\/uploads\/2019\/11\/pusteblume-fenster.jpg 1701w, http:\/\/einsiedel-architekten.de\/cms\/wp-content\/uploads\/2019\/11\/pusteblume-fenster-300x197.jpg 300w, http:\/\/einsiedel-architekten.de\/cms\/wp-content\/uploads\/2019\/11\/pusteblume-fenster-768x504.jpg 768w, http:\/\/einsiedel-architekten.de\/cms\/wp-content\/uploads\/2019\/11\/pusteblume-fenster-1024x672.jpg 1024w, http:\/\/einsiedel-architekten.de\/cms\/wp-content\/uploads\/2019\/11\/pusteblume-fenster-500x328.jpg 500w, http:\/\/einsiedel-architekten.de\/cms\/wp-content\/uploads\/2019\/11\/pusteblume-fenster-800x525.jpg 800w, http:\/\/einsiedel-architekten.de\/cms\/wp-content\/uploads\/2019\/11\/pusteblume-fenster-1280x840.jpg 1280w, http:\/\/einsiedel-architekten.de\/cms\/wp-content\/uploads\/2019\/11\/pusteblume-fenster-1006x660.jpg 1006w\" data-sizes=\"auto\" loading=\"eager\">\n\t\t<\/a>\t<\/div>\n<\/div>\n\t<div class=\"vp-portfolio__item-overlay\">\n\t\t\t<a\n\t\thref=\"http:\/\/einsiedel-architekten.de\/cms\/wp-content\/uploads\/2019\/11\/pusteblume-fenster.jpg\"\n\t\ttabindex=\"-1\" class=\"vp-portfolio__item-meta\" aria-label=\"pusteblume fenster\" \t data-rel=\"lightbox-image-5\" data-rl_title=\"\" data-rl_caption=\"\" title=\"\">\n\t\t\t<\/a>\t<\/div>\n\t\t\t\t<\/figure>\n\t\t\t\t\t<\/div>\n\t\t\n\t\t<div\t\tclass=\"vp-portfolio__item-wrap vp-portfolio__item-uid-039510b2\" data-vp-filter=\"\" \t\t>\n\t\t\t<template class=\"vp-portfolio__item-popup\" data-vp-popup-img=\"http:\/\/einsiedel-architekten.de\/cms\/wp-content\/uploads\/2019\/11\/pusteblume-perspektive-innen.jpg\" data-vp-popup-img-srcset=\"http:\/\/einsiedel-architekten.de\/cms\/wp-content\/uploads\/2019\/11\/pusteblume-perspektive-innen.jpg 1430w, http:\/\/einsiedel-architekten.de\/cms\/wp-content\/uploads\/2019\/11\/pusteblume-perspektive-innen-300x183.jpg 300w, http:\/\/einsiedel-architekten.de\/cms\/wp-content\/uploads\/2019\/11\/pusteblume-perspektive-innen-1024x623.jpg 1024w, http:\/\/einsiedel-architekten.de\/cms\/wp-content\/uploads\/2019\/11\/pusteblume-perspektive-innen-768x467.jpg 768w, http:\/\/einsiedel-architekten.de\/cms\/wp-content\/uploads\/2019\/11\/pusteblume-perspektive-innen-500x304.jpg 500w, http:\/\/einsiedel-architekten.de\/cms\/wp-content\/uploads\/2019\/11\/pusteblume-perspektive-innen-800x487.jpg 800w, http:\/\/einsiedel-architekten.de\/cms\/wp-content\/uploads\/2019\/11\/pusteblume-perspektive-innen-1280x779.jpg 1280w, http:\/\/einsiedel-architekten.de\/cms\/wp-content\/uploads\/2019\/11\/pusteblume-perspektive-innen-1085x660.jpg 1085w\" data-vp-popup-img-size=\"1430x870\" data-vp-popup-md-img=\"http:\/\/einsiedel-architekten.de\/cms\/wp-content\/uploads\/2019\/11\/pusteblume-perspektive-innen-800x487.jpg\" data-vp-popup-md-img-size=\"800x487\" data-vp-popup-sm-img=\"http:\/\/einsiedel-architekten.de\/cms\/wp-content\/uploads\/2019\/11\/pusteblume-perspektive-innen-500x304.jpg\" data-vp-popup-sm-img-size=\"500x304\">\n\t<\/template>\n\t\t\t\t\t\t<figure class=\"vp-portfolio__item\">\n\t\t\t\t\n<div class=\"vp-portfolio__item-img-wrap\">\n\t<div class=\"vp-portfolio__item-img\">\n\t\t\t<a\n\t\thref=\"http:\/\/einsiedel-architekten.de\/cms\/wp-content\/uploads\/2019\/11\/pusteblume-perspektive-innen.jpg\"\n\t\taria-label=\"pusteblume perspektive innen\" \t data-rel=\"lightbox-image-6\" data-rl_title=\"\" data-rl_caption=\"\" title=\"\">\n\t\n\t\t<noscript><img loading=\"lazy\" decoding=\"async\" width=\"1430\" height=\"870\" data-skip-lazy src=\"http:\/\/einsiedel-architekten.de\/cms\/wp-content\/uploads\/2019\/11\/pusteblume-perspektive-innen.jpg\" class=\"wp-image-1253\" alt=\"\" srcset=\"http:\/\/einsiedel-architekten.de\/cms\/wp-content\/uploads\/2019\/11\/pusteblume-perspektive-innen.jpg 1430w, http:\/\/einsiedel-architekten.de\/cms\/wp-content\/uploads\/2019\/11\/pusteblume-perspektive-innen-300x183.jpg 300w, http:\/\/einsiedel-architekten.de\/cms\/wp-content\/uploads\/2019\/11\/pusteblume-perspektive-innen-1024x623.jpg 1024w, http:\/\/einsiedel-architekten.de\/cms\/wp-content\/uploads\/2019\/11\/pusteblume-perspektive-innen-768x467.jpg 768w, http:\/\/einsiedel-architekten.de\/cms\/wp-content\/uploads\/2019\/11\/pusteblume-perspektive-innen-500x304.jpg 500w, http:\/\/einsiedel-architekten.de\/cms\/wp-content\/uploads\/2019\/11\/pusteblume-perspektive-innen-800x487.jpg 800w, http:\/\/einsiedel-architekten.de\/cms\/wp-content\/uploads\/2019\/11\/pusteblume-perspektive-innen-1280x779.jpg 1280w, http:\/\/einsiedel-architekten.de\/cms\/wp-content\/uploads\/2019\/11\/pusteblume-perspektive-innen-1085x660.jpg 1085w\" sizes=\"auto, (max-width: 1430px) 100vw, 1430px\" \/><\/noscript><img decoding=\"async\" width=\"1430\" height=\"870\" src=\"http:\/\/einsiedel-architekten.de\/cms\/wp-content\/uploads\/2019\/11\/pusteblume-perspektive-innen.jpg\" class=\"wp-image-1253 vp-lazyload\" alt srcset=\"data:image\/svg+xml;base64,PHN2ZyB3aWR0aD0iMTQzMCIgaGVpZ2h0PSI4NzAiIHZpZXdCb3g9IjAgMCAxNDMwIDg3MCIgZmlsbD0ibm9uZSIgeG1sbnM9Imh0dHA6Ly93d3cudzMub3JnLzIwMDAvc3ZnIj48L3N2Zz4=\" data-src=\"http:\/\/einsiedel-architekten.de\/cms\/wp-content\/uploads\/2019\/11\/pusteblume-perspektive-innen.jpg\" data-srcset=\"http:\/\/einsiedel-architekten.de\/cms\/wp-content\/uploads\/2019\/11\/pusteblume-perspektive-innen.jpg 1430w, http:\/\/einsiedel-architekten.de\/cms\/wp-content\/uploads\/2019\/11\/pusteblume-perspektive-innen-300x183.jpg 300w, http:\/\/einsiedel-architekten.de\/cms\/wp-content\/uploads\/2019\/11\/pusteblume-perspektive-innen-1024x623.jpg 1024w, http:\/\/einsiedel-architekten.de\/cms\/wp-content\/uploads\/2019\/11\/pusteblume-perspektive-innen-768x467.jpg 768w, http:\/\/einsiedel-architekten.de\/cms\/wp-content\/uploads\/2019\/11\/pusteblume-perspektive-innen-500x304.jpg 500w, http:\/\/einsiedel-architekten.de\/cms\/wp-content\/uploads\/2019\/11\/pusteblume-perspektive-innen-800x487.jpg 800w, http:\/\/einsiedel-architekten.de\/cms\/wp-content\/uploads\/2019\/11\/pusteblume-perspektive-innen-1280x779.jpg 1280w, http:\/\/einsiedel-architekten.de\/cms\/wp-content\/uploads\/2019\/11\/pusteblume-perspektive-innen-1085x660.jpg 1085w\" data-sizes=\"auto\" loading=\"eager\">\n\t\t<\/a>\t<\/div>\n<\/div>\n\t<div class=\"vp-portfolio__item-overlay\">\n\t\t\t<a\n\t\thref=\"http:\/\/einsiedel-architekten.de\/cms\/wp-content\/uploads\/2019\/11\/pusteblume-perspektive-innen.jpg\"\n\t\ttabindex=\"-1\" class=\"vp-portfolio__item-meta\" aria-label=\"pusteblume perspektive innen\" \t data-rel=\"lightbox-image-7\" data-rl_title=\"\" data-rl_caption=\"\" title=\"\">\n\t\t\t<\/a>\t<\/div>\n\t\t\t\t<\/figure>\n\t\t\t\t\t<\/div>\n\t\t\n\t\t<div\t\tclass=\"vp-portfolio__item-wrap vp-portfolio__item-uid-f887fe94\" data-vp-filter=\"\" \t\t>\n\t\t\t<template class=\"vp-portfolio__item-popup\" data-vp-popup-img=\"http:\/\/einsiedel-architekten.de\/cms\/wp-content\/uploads\/2019\/11\/pusteblume-fachwerk-1259x1920.jpg\" data-vp-popup-img-srcset=\"http:\/\/einsiedel-architekten.de\/cms\/wp-content\/uploads\/2019\/11\/pusteblume-fachwerk-1259x1920.jpg 1259w, http:\/\/einsiedel-architekten.de\/cms\/wp-content\/uploads\/2019\/11\/pusteblume-fachwerk-197x300.jpg 197w, http:\/\/einsiedel-architekten.de\/cms\/wp-content\/uploads\/2019\/11\/pusteblume-fachwerk-768x1171.jpg 768w, http:\/\/einsiedel-architekten.de\/cms\/wp-content\/uploads\/2019\/11\/pusteblume-fachwerk-671x1024.jpg 671w, http:\/\/einsiedel-architekten.de\/cms\/wp-content\/uploads\/2019\/11\/pusteblume-fachwerk-328x500.jpg 328w, http:\/\/einsiedel-architekten.de\/cms\/wp-content\/uploads\/2019\/11\/pusteblume-fachwerk-525x800.jpg 525w, http:\/\/einsiedel-architekten.de\/cms\/wp-content\/uploads\/2019\/11\/pusteblume-fachwerk-839x1280.jpg 839w, http:\/\/einsiedel-architekten.de\/cms\/wp-content\/uploads\/2019\/11\/pusteblume-fachwerk-433x660.jpg 433w\" data-vp-popup-img-size=\"1259x1920\" data-vp-popup-md-img=\"http:\/\/einsiedel-architekten.de\/cms\/wp-content\/uploads\/2019\/11\/pusteblume-fachwerk-525x800.jpg\" data-vp-popup-md-img-size=\"525x800\" data-vp-popup-sm-img=\"http:\/\/einsiedel-architekten.de\/cms\/wp-content\/uploads\/2019\/11\/pusteblume-fachwerk-328x500.jpg\" data-vp-popup-sm-img-size=\"328x500\">\n\t<\/template>\n\t\t\t\t\t\t<figure class=\"vp-portfolio__item\">\n\t\t\t\t\n<div class=\"vp-portfolio__item-img-wrap\">\n\t<div class=\"vp-portfolio__item-img\">\n\t\t\t<a\n\t\thref=\"http:\/\/einsiedel-architekten.de\/cms\/wp-content\/uploads\/2019\/11\/pusteblume-fachwerk-1259x1920.jpg\"\n\t\taria-label=\"pusteblume fachwerk\" \t data-rel=\"lightbox-image-8\" data-rl_title=\"\" data-rl_caption=\"\" title=\"\">\n\t\n\t\t<noscript><img loading=\"lazy\" decoding=\"async\" width=\"1259\" height=\"1920\" data-skip-lazy src=\"http:\/\/einsiedel-architekten.de\/cms\/wp-content\/uploads\/2019\/11\/pusteblume-fachwerk-1259x1920.jpg\" class=\"wp-image-608\" alt=\"\" srcset=\"http:\/\/einsiedel-architekten.de\/cms\/wp-content\/uploads\/2019\/11\/pusteblume-fachwerk-1259x1920.jpg 1259w, http:\/\/einsiedel-architekten.de\/cms\/wp-content\/uploads\/2019\/11\/pusteblume-fachwerk-197x300.jpg 197w, http:\/\/einsiedel-architekten.de\/cms\/wp-content\/uploads\/2019\/11\/pusteblume-fachwerk-768x1171.jpg 768w, http:\/\/einsiedel-architekten.de\/cms\/wp-content\/uploads\/2019\/11\/pusteblume-fachwerk-671x1024.jpg 671w, http:\/\/einsiedel-architekten.de\/cms\/wp-content\/uploads\/2019\/11\/pusteblume-fachwerk-328x500.jpg 328w, http:\/\/einsiedel-architekten.de\/cms\/wp-content\/uploads\/2019\/11\/pusteblume-fachwerk-525x800.jpg 525w, http:\/\/einsiedel-architekten.de\/cms\/wp-content\/uploads\/2019\/11\/pusteblume-fachwerk-839x1280.jpg 839w, http:\/\/einsiedel-architekten.de\/cms\/wp-content\/uploads\/2019\/11\/pusteblume-fachwerk-433x660.jpg 433w\" sizes=\"auto, (max-width: 1259px) 100vw, 1259px\" \/><\/noscript><img decoding=\"async\" width=\"1259\" height=\"1920\" src=\"http:\/\/einsiedel-architekten.de\/cms\/wp-content\/uploads\/2019\/11\/pusteblume-fachwerk-1259x1920.jpg\" class=\"wp-image-608 vp-lazyload\" alt srcset=\"data:image\/svg+xml;base64,PHN2ZyB3aWR0aD0iMTI1OSIgaGVpZ2h0PSIxOTIwIiB2aWV3Qm94PSIwIDAgMTI1OSAxOTIwIiBmaWxsPSJub25lIiB4bWxucz0iaHR0cDovL3d3dy53My5vcmcvMjAwMC9zdmciPjwvc3ZnPg==\" data-src=\"http:\/\/einsiedel-architekten.de\/cms\/wp-content\/uploads\/2019\/11\/pusteblume-fachwerk-1259x1920.jpg\" data-srcset=\"http:\/\/einsiedel-architekten.de\/cms\/wp-content\/uploads\/2019\/11\/pusteblume-fachwerk-1259x1920.jpg 1259w, http:\/\/einsiedel-architekten.de\/cms\/wp-content\/uploads\/2019\/11\/pusteblume-fachwerk-197x300.jpg 197w, http:\/\/einsiedel-architekten.de\/cms\/wp-content\/uploads\/2019\/11\/pusteblume-fachwerk-768x1171.jpg 768w, http:\/\/einsiedel-architekten.de\/cms\/wp-content\/uploads\/2019\/11\/pusteblume-fachwerk-671x1024.jpg 671w, http:\/\/einsiedel-architekten.de\/cms\/wp-content\/uploads\/2019\/11\/pusteblume-fachwerk-328x500.jpg 328w, http:\/\/einsiedel-architekten.de\/cms\/wp-content\/uploads\/2019\/11\/pusteblume-fachwerk-525x800.jpg 525w, http:\/\/einsiedel-architekten.de\/cms\/wp-content\/uploads\/2019\/11\/pusteblume-fachwerk-839x1280.jpg 839w, http:\/\/einsiedel-architekten.de\/cms\/wp-content\/uploads\/2019\/11\/pusteblume-fachwerk-433x660.jpg 433w\" data-sizes=\"auto\" loading=\"eager\">\n\t\t<\/a>\t<\/div>\n<\/div>\n\t<div class=\"vp-portfolio__item-overlay\">\n\t\t\t<a\n\t\thref=\"http:\/\/einsiedel-architekten.de\/cms\/wp-content\/uploads\/2019\/11\/pusteblume-fachwerk-1259x1920.jpg\"\n\t\ttabindex=\"-1\" class=\"vp-portfolio__item-meta\" aria-label=\"pusteblume fachwerk\" \t data-rel=\"lightbox-image-9\" data-rl_title=\"\" data-rl_caption=\"\" title=\"\">\n\t\t\t<\/a>\t<\/div>\n\t\t\t\t<\/figure>\n\t\t\t\t\t<\/div>\n\t\t\n\t\t<div\t\tclass=\"vp-portfolio__item-wrap vp-portfolio__item-uid-d0848460\" data-vp-filter=\"\" \t\t>\n\t\t\t<template class=\"vp-portfolio__item-popup\" data-vp-popup-img=\"http:\/\/einsiedel-architekten.de\/cms\/wp-content\/uploads\/2019\/11\/pusteblume-detail-tragwerk.jpg\" data-vp-popup-img-srcset=\"http:\/\/einsiedel-architekten.de\/cms\/wp-content\/uploads\/2019\/11\/pusteblume-detail-tragwerk.jpg 1701w, http:\/\/einsiedel-architekten.de\/cms\/wp-content\/uploads\/2019\/11\/pusteblume-detail-tragwerk-300x224.jpg 300w, http:\/\/einsiedel-architekten.de\/cms\/wp-content\/uploads\/2019\/11\/pusteblume-detail-tragwerk-768x573.jpg 768w, http:\/\/einsiedel-architekten.de\/cms\/wp-content\/uploads\/2019\/11\/pusteblume-detail-tragwerk-1024x765.jpg 1024w, http:\/\/einsiedel-architekten.de\/cms\/wp-content\/uploads\/2019\/11\/pusteblume-detail-tragwerk-500x373.jpg 500w, http:\/\/einsiedel-architekten.de\/cms\/wp-content\/uploads\/2019\/11\/pusteblume-detail-tragwerk-800x597.jpg 800w, http:\/\/einsiedel-architekten.de\/cms\/wp-content\/uploads\/2019\/11\/pusteblume-detail-tragwerk-1280x956.jpg 1280w, http:\/\/einsiedel-architekten.de\/cms\/wp-content\/uploads\/2019\/11\/pusteblume-detail-tragwerk-884x660.jpg 884w\" data-vp-popup-img-size=\"1701x1270\" data-vp-popup-md-img=\"http:\/\/einsiedel-architekten.de\/cms\/wp-content\/uploads\/2019\/11\/pusteblume-detail-tragwerk-800x597.jpg\" data-vp-popup-md-img-size=\"800x597\" data-vp-popup-sm-img=\"http:\/\/einsiedel-architekten.de\/cms\/wp-content\/uploads\/2019\/11\/pusteblume-detail-tragwerk-500x373.jpg\" data-vp-popup-sm-img-size=\"500x373\">\n\t<\/template>\n\t\t\t\t\t\t<figure class=\"vp-portfolio__item\">\n\t\t\t\t\n<div class=\"vp-portfolio__item-img-wrap\">\n\t<div class=\"vp-portfolio__item-img\">\n\t\t\t<a\n\t\thref=\"http:\/\/einsiedel-architekten.de\/cms\/wp-content\/uploads\/2019\/11\/pusteblume-detail-tragwerk.jpg\"\n\t\taria-label=\"pusteblume detail tragwerk\" \t data-rel=\"lightbox-image-10\" data-rl_title=\"\" data-rl_caption=\"\" title=\"\">\n\t\n\t\t<noscript><img loading=\"lazy\" decoding=\"async\" width=\"1701\" height=\"1270\" data-skip-lazy src=\"http:\/\/einsiedel-architekten.de\/cms\/wp-content\/uploads\/2019\/11\/pusteblume-detail-tragwerk.jpg\" class=\"wp-image-607\" alt=\"\" srcset=\"http:\/\/einsiedel-architekten.de\/cms\/wp-content\/uploads\/2019\/11\/pusteblume-detail-tragwerk.jpg 1701w, http:\/\/einsiedel-architekten.de\/cms\/wp-content\/uploads\/2019\/11\/pusteblume-detail-tragwerk-300x224.jpg 300w, http:\/\/einsiedel-architekten.de\/cms\/wp-content\/uploads\/2019\/11\/pusteblume-detail-tragwerk-768x573.jpg 768w, http:\/\/einsiedel-architekten.de\/cms\/wp-content\/uploads\/2019\/11\/pusteblume-detail-tragwerk-1024x765.jpg 1024w, http:\/\/einsiedel-architekten.de\/cms\/wp-content\/uploads\/2019\/11\/pusteblume-detail-tragwerk-500x373.jpg 500w, http:\/\/einsiedel-architekten.de\/cms\/wp-content\/uploads\/2019\/11\/pusteblume-detail-tragwerk-800x597.jpg 800w, http:\/\/einsiedel-architekten.de\/cms\/wp-content\/uploads\/2019\/11\/pusteblume-detail-tragwerk-1280x956.jpg 1280w, http:\/\/einsiedel-architekten.de\/cms\/wp-content\/uploads\/2019\/11\/pusteblume-detail-tragwerk-884x660.jpg 884w\" sizes=\"auto, (max-width: 1701px) 100vw, 1701px\" \/><\/noscript><img decoding=\"async\" width=\"1701\" height=\"1270\" src=\"http:\/\/einsiedel-architekten.de\/cms\/wp-content\/uploads\/2019\/11\/pusteblume-detail-tragwerk.jpg\" class=\"wp-image-607 vp-lazyload\" alt srcset=\"data:image\/svg+xml;base64,PHN2ZyB3aWR0aD0iMTcwMSIgaGVpZ2h0PSIxMjcwIiB2aWV3Qm94PSIwIDAgMTcwMSAxMjcwIiBmaWxsPSJub25lIiB4bWxucz0iaHR0cDovL3d3dy53My5vcmcvMjAwMC9zdmciPjwvc3ZnPg==\" data-src=\"http:\/\/einsiedel-architekten.de\/cms\/wp-content\/uploads\/2019\/11\/pusteblume-detail-tragwerk.jpg\" data-srcset=\"http:\/\/einsiedel-architekten.de\/cms\/wp-content\/uploads\/2019\/11\/pusteblume-detail-tragwerk.jpg 1701w, http:\/\/einsiedel-architekten.de\/cms\/wp-content\/uploads\/2019\/11\/pusteblume-detail-tragwerk-300x224.jpg 300w, http:\/\/einsiedel-architekten.de\/cms\/wp-content\/uploads\/2019\/11\/pusteblume-detail-tragwerk-768x573.jpg 768w, http:\/\/einsiedel-architekten.de\/cms\/wp-content\/uploads\/2019\/11\/pusteblume-detail-tragwerk-1024x765.jpg 1024w, http:\/\/einsiedel-architekten.de\/cms\/wp-content\/uploads\/2019\/11\/pusteblume-detail-tragwerk-500x373.jpg 500w, http:\/\/einsiedel-architekten.de\/cms\/wp-content\/uploads\/2019\/11\/pusteblume-detail-tragwerk-800x597.jpg 800w, http:\/\/einsiedel-architekten.de\/cms\/wp-content\/uploads\/2019\/11\/pusteblume-detail-tragwerk-1280x956.jpg 1280w, http:\/\/einsiedel-architekten.de\/cms\/wp-content\/uploads\/2019\/11\/pusteblume-detail-tragwerk-884x660.jpg 884w\" data-sizes=\"auto\" loading=\"eager\">\n\t\t<\/a>\t<\/div>\n<\/div>\n\t<div class=\"vp-portfolio__item-overlay\">\n\t\t\t<a\n\t\thref=\"http:\/\/einsiedel-architekten.de\/cms\/wp-content\/uploads\/2019\/11\/pusteblume-detail-tragwerk.jpg\"\n\t\ttabindex=\"-1\" class=\"vp-portfolio__item-meta\" aria-label=\"pusteblume detail tragwerk\" \t data-rel=\"lightbox-image-11\" data-rl_title=\"\" data-rl_caption=\"\" title=\"\">\n\t\t\t<\/a>\t<\/div>\n\t\t\t\t<\/figure>\n\t\t\t\t\t<\/div>\n\t\t\n\t\t<div\t\tclass=\"vp-portfolio__item-wrap vp-portfolio__item-uid-b5361b18\" data-vp-filter=\"\" \t\t>\n\t\t\t<template class=\"vp-portfolio__item-popup\" data-vp-popup-img=\"http:\/\/einsiedel-architekten.de\/cms\/wp-content\/uploads\/2019\/11\/pusteblume-ansicht-schnitt-1920x1330.jpg\" data-vp-popup-img-srcset=\"http:\/\/einsiedel-architekten.de\/cms\/wp-content\/uploads\/2019\/11\/pusteblume-ansicht-schnitt-1920x1330.jpg 1920w, http:\/\/einsiedel-architekten.de\/cms\/wp-content\/uploads\/2019\/11\/pusteblume-ansicht-schnitt-300x208.jpg 300w, http:\/\/einsiedel-architekten.de\/cms\/wp-content\/uploads\/2019\/11\/pusteblume-ansicht-schnitt-768x532.jpg 768w, http:\/\/einsiedel-architekten.de\/cms\/wp-content\/uploads\/2019\/11\/pusteblume-ansicht-schnitt-1024x710.jpg 1024w, http:\/\/einsiedel-architekten.de\/cms\/wp-content\/uploads\/2019\/11\/pusteblume-ansicht-schnitt-500x346.jpg 500w, http:\/\/einsiedel-architekten.de\/cms\/wp-content\/uploads\/2019\/11\/pusteblume-ansicht-schnitt-800x554.jpg 800w, http:\/\/einsiedel-architekten.de\/cms\/wp-content\/uploads\/2019\/11\/pusteblume-ansicht-schnitt-1280x887.jpg 1280w, http:\/\/einsiedel-architekten.de\/cms\/wp-content\/uploads\/2019\/11\/pusteblume-ansicht-schnitt-952x660.jpg 952w\" data-vp-popup-img-size=\"1920x1330\" data-vp-popup-md-img=\"http:\/\/einsiedel-architekten.de\/cms\/wp-content\/uploads\/2019\/11\/pusteblume-ansicht-schnitt-800x554.jpg\" data-vp-popup-md-img-size=\"800x554\" data-vp-popup-sm-img=\"http:\/\/einsiedel-architekten.de\/cms\/wp-content\/uploads\/2019\/11\/pusteblume-ansicht-schnitt-500x346.jpg\" data-vp-popup-sm-img-size=\"500x346\">\n\t<\/template>\n\t\t\t\t\t\t<figure class=\"vp-portfolio__item\">\n\t\t\t\t\n<div class=\"vp-portfolio__item-img-wrap\">\n\t<div class=\"vp-portfolio__item-img\">\n\t\t\t<a\n\t\thref=\"http:\/\/einsiedel-architekten.de\/cms\/wp-content\/uploads\/2019\/11\/pusteblume-ansicht-schnitt-1920x1330.jpg\"\n\t\taria-label=\"pusteblume grundriss schnitte\" \t data-rel=\"lightbox-image-12\" data-rl_title=\"\" data-rl_caption=\"\" title=\"\">\n\t\n\t\t<noscript><img loading=\"lazy\" decoding=\"async\" width=\"1920\" height=\"1330\" data-skip-lazy src=\"http:\/\/einsiedel-architekten.de\/cms\/wp-content\/uploads\/2019\/11\/pusteblume-ansicht-schnitt-1920x1330.jpg\" class=\"wp-image-606\" alt=\"\" srcset=\"http:\/\/einsiedel-architekten.de\/cms\/wp-content\/uploads\/2019\/11\/pusteblume-ansicht-schnitt-1920x1330.jpg 1920w, http:\/\/einsiedel-architekten.de\/cms\/wp-content\/uploads\/2019\/11\/pusteblume-ansicht-schnitt-300x208.jpg 300w, http:\/\/einsiedel-architekten.de\/cms\/wp-content\/uploads\/2019\/11\/pusteblume-ansicht-schnitt-768x532.jpg 768w, http:\/\/einsiedel-architekten.de\/cms\/wp-content\/uploads\/2019\/11\/pusteblume-ansicht-schnitt-1024x710.jpg 1024w, http:\/\/einsiedel-architekten.de\/cms\/wp-content\/uploads\/2019\/11\/pusteblume-ansicht-schnitt-500x346.jpg 500w, http:\/\/einsiedel-architekten.de\/cms\/wp-content\/uploads\/2019\/11\/pusteblume-ansicht-schnitt-800x554.jpg 800w, http:\/\/einsiedel-architekten.de\/cms\/wp-content\/uploads\/2019\/11\/pusteblume-ansicht-schnitt-1280x887.jpg 1280w, http:\/\/einsiedel-architekten.de\/cms\/wp-content\/uploads\/2019\/11\/pusteblume-ansicht-schnitt-952x660.jpg 952w\" sizes=\"auto, (max-width: 1920px) 100vw, 1920px\" \/><\/noscript><img decoding=\"async\" width=\"1920\" height=\"1330\" src=\"http:\/\/einsiedel-architekten.de\/cms\/wp-content\/uploads\/2019\/11\/pusteblume-ansicht-schnitt-1920x1330.jpg\" class=\"wp-image-606 vp-lazyload\" alt srcset=\"data:image\/svg+xml;base64,PHN2ZyB3aWR0aD0iMTkyMCIgaGVpZ2h0PSIxMzMwIiB2aWV3Qm94PSIwIDAgMTkyMCAxMzMwIiBmaWxsPSJub25lIiB4bWxucz0iaHR0cDovL3d3dy53My5vcmcvMjAwMC9zdmciPjwvc3ZnPg==\" data-src=\"http:\/\/einsiedel-architekten.de\/cms\/wp-content\/uploads\/2019\/11\/pusteblume-ansicht-schnitt-1920x1330.jpg\" data-srcset=\"http:\/\/einsiedel-architekten.de\/cms\/wp-content\/uploads\/2019\/11\/pusteblume-ansicht-schnitt-1920x1330.jpg 1920w, http:\/\/einsiedel-architekten.de\/cms\/wp-content\/uploads\/2019\/11\/pusteblume-ansicht-schnitt-300x208.jpg 300w, http:\/\/einsiedel-architekten.de\/cms\/wp-content\/uploads\/2019\/11\/pusteblume-ansicht-schnitt-768x532.jpg 768w, http:\/\/einsiedel-architekten.de\/cms\/wp-content\/uploads\/2019\/11\/pusteblume-ansicht-schnitt-1024x710.jpg 1024w, http:\/\/einsiedel-architekten.de\/cms\/wp-content\/uploads\/2019\/11\/pusteblume-ansicht-schnitt-500x346.jpg 500w, http:\/\/einsiedel-architekten.de\/cms\/wp-content\/uploads\/2019\/11\/pusteblume-ansicht-schnitt-800x554.jpg 800w, http:\/\/einsiedel-architekten.de\/cms\/wp-content\/uploads\/2019\/11\/pusteblume-ansicht-schnitt-1280x887.jpg 1280w, http:\/\/einsiedel-architekten.de\/cms\/wp-content\/uploads\/2019\/11\/pusteblume-ansicht-schnitt-952x660.jpg 952w\" data-sizes=\"auto\" loading=\"eager\">\n\t\t<\/a>\t<\/div>\n<\/div>\n\t<div class=\"vp-portfolio__item-overlay\">\n\t\t\t<a\n\t\thref=\"http:\/\/einsiedel-architekten.de\/cms\/wp-content\/uploads\/2019\/11\/pusteblume-ansicht-schnitt-1920x1330.jpg\"\n\t\ttabindex=\"-1\" class=\"vp-portfolio__item-meta\" aria-label=\"pusteblume grundriss schnitte\" \t data-rel=\"lightbox-image-13\" data-rl_title=\"\" data-rl_caption=\"\" title=\"\">\n\t\t\t<\/a>\t<\/div>\n\t\t\t\t<\/figure>\n\t\t\t\t\t<\/div>\n\t\t\n\t\t<div\t\tclass=\"vp-portfolio__item-wrap vp-portfolio__item-uid-8af5d89f\" data-vp-filter=\"\" \t\t>\n\t\t\t<template class=\"vp-portfolio__item-popup\" data-vp-popup-img=\"http:\/\/einsiedel-architekten.de\/cms\/wp-content\/uploads\/2019\/11\/pusteblume-modell.jpg\" data-vp-popup-img-srcset=\"http:\/\/einsiedel-architekten.de\/cms\/wp-content\/uploads\/2019\/11\/pusteblume-modell-215x300.jpg 215w, http:\/\/einsiedel-architekten.de\/cms\/wp-content\/uploads\/2019\/11\/pusteblume-modell-768x1070.jpg 768w, http:\/\/einsiedel-architekten.de\/cms\/wp-content\/uploads\/2019\/11\/pusteblume-modell-735x1024.jpg 735w, http:\/\/einsiedel-architekten.de\/cms\/wp-content\/uploads\/2019\/11\/pusteblume-modell-359x500.jpg 359w, http:\/\/einsiedel-architekten.de\/cms\/wp-content\/uploads\/2019\/11\/pusteblume-modell-574x800.jpg 574w, http:\/\/einsiedel-architekten.de\/cms\/wp-content\/uploads\/2019\/11\/pusteblume-modell-919x1280.jpg 919w, http:\/\/einsiedel-architekten.de\/cms\/wp-content\/uploads\/2019\/11\/pusteblume-modell-474x660.jpg 474w\" data-vp-popup-img-size=\"1089x1517\" data-vp-popup-md-img=\"http:\/\/einsiedel-architekten.de\/cms\/wp-content\/uploads\/2019\/11\/pusteblume-modell-574x800.jpg\" data-vp-popup-md-img-size=\"574x800\" data-vp-popup-sm-img=\"http:\/\/einsiedel-architekten.de\/cms\/wp-content\/uploads\/2019\/11\/pusteblume-modell-359x500.jpg\" data-vp-popup-sm-img-size=\"359x500\">\n\t<\/template>\n\t\t\t\t\t\t<figure class=\"vp-portfolio__item\">\n\t\t\t\t\n<div class=\"vp-portfolio__item-img-wrap\">\n\t<div class=\"vp-portfolio__item-img\">\n\t\t\t<a\n\t\thref=\"http:\/\/einsiedel-architekten.de\/cms\/wp-content\/uploads\/2019\/11\/pusteblume-modell.jpg\"\n\t\taria-label=\"pusteblume modell\" \t data-rel=\"lightbox-image-14\" data-rl_title=\"\" data-rl_caption=\"\" title=\"\">\n\t\n\t\t<noscript><img loading=\"lazy\" decoding=\"async\" width=\"1089\" height=\"1517\" data-skip-lazy src=\"http:\/\/einsiedel-architekten.de\/cms\/wp-content\/uploads\/2019\/11\/pusteblume-modell.jpg\" class=\"wp-image-611\" alt=\"\" srcset=\"http:\/\/einsiedel-architekten.de\/cms\/wp-content\/uploads\/2019\/11\/pusteblume-modell-215x300.jpg 215w, http:\/\/einsiedel-architekten.de\/cms\/wp-content\/uploads\/2019\/11\/pusteblume-modell-768x1070.jpg 768w, http:\/\/einsiedel-architekten.de\/cms\/wp-content\/uploads\/2019\/11\/pusteblume-modell-735x1024.jpg 735w, http:\/\/einsiedel-architekten.de\/cms\/wp-content\/uploads\/2019\/11\/pusteblume-modell-359x500.jpg 359w, http:\/\/einsiedel-architekten.de\/cms\/wp-content\/uploads\/2019\/11\/pusteblume-modell-574x800.jpg 574w, http:\/\/einsiedel-architekten.de\/cms\/wp-content\/uploads\/2019\/11\/pusteblume-modell-919x1280.jpg 919w, http:\/\/einsiedel-architekten.de\/cms\/wp-content\/uploads\/2019\/11\/pusteblume-modell-474x660.jpg 474w\" sizes=\"auto, (max-width: 1089px) 100vw, 1089px\" \/><\/noscript><img decoding=\"async\" width=\"1089\" height=\"1517\" src=\"http:\/\/einsiedel-architekten.de\/cms\/wp-content\/uploads\/2019\/11\/pusteblume-modell.jpg\" class=\"wp-image-611 vp-lazyload\" alt srcset=\"data:image\/svg+xml;base64,PHN2ZyB3aWR0aD0iMTA4OSIgaGVpZ2h0PSIxNTE3IiB2aWV3Qm94PSIwIDAgMTA4OSAxNTE3IiBmaWxsPSJub25lIiB4bWxucz0iaHR0cDovL3d3dy53My5vcmcvMjAwMC9zdmciPjwvc3ZnPg==\" data-src=\"http:\/\/einsiedel-architekten.de\/cms\/wp-content\/uploads\/2019\/11\/pusteblume-modell.jpg\" data-srcset=\"http:\/\/einsiedel-architekten.de\/cms\/wp-content\/uploads\/2019\/11\/pusteblume-modell-215x300.jpg 215w, http:\/\/einsiedel-architekten.de\/cms\/wp-content\/uploads\/2019\/11\/pusteblume-modell-768x1070.jpg 768w, http:\/\/einsiedel-architekten.de\/cms\/wp-content\/uploads\/2019\/11\/pusteblume-modell-735x1024.jpg 735w, http:\/\/einsiedel-architekten.de\/cms\/wp-content\/uploads\/2019\/11\/pusteblume-modell-359x500.jpg 359w, http:\/\/einsiedel-architekten.de\/cms\/wp-content\/uploads\/2019\/11\/pusteblume-modell-574x800.jpg 574w, http:\/\/einsiedel-architekten.de\/cms\/wp-content\/uploads\/2019\/11\/pusteblume-modell-919x1280.jpg 919w, http:\/\/einsiedel-architekten.de\/cms\/wp-content\/uploads\/2019\/11\/pusteblume-modell-474x660.jpg 474w\" data-sizes=\"auto\" loading=\"eager\">\n\t\t<\/a>\t<\/div>\n<\/div>\n\t<div class=\"vp-portfolio__item-overlay\">\n\t\t\t<a\n\t\thref=\"http:\/\/einsiedel-architekten.de\/cms\/wp-content\/uploads\/2019\/11\/pusteblume-modell.jpg\"\n\t\ttabindex=\"-1\" class=\"vp-portfolio__item-meta\" aria-label=\"pusteblume modell\" \t data-rel=\"lightbox-image-15\" data-rl_title=\"\" data-rl_caption=\"\" title=\"\">\n\t\t\t<\/a>\t<\/div>\n\t\t\t\t<\/figure>\n\t\t\t\t\t<\/div>\n\t\t\n<\/div>\n\n<div class=\"vp-portfolio__items-arrow vp-portfolio__items-arrow-prev\" tabindex=\"0\" role=\"button\" aria-label=\"Previous Slide\">\n\t\n<svg class=\"vp-svg-icon\" width=\"20\" height=\"20\" viewBox=\"0 0 20 20\" fill=\"none\" xmlns=\"http:\/\/www.w3.org\/2000\/svg\">\n\t<path d=\"M12 4L6 10L12 16\" stroke=\"currentColor\" stroke-width=\"1.5\" stroke-linecap=\"round\" stroke-linejoin=\"round\" fill=\"transparent\" \/>\n<\/svg>\n<\/div>\n<div class=\"vp-portfolio__items-arrow vp-portfolio__items-arrow-next\" tabindex=\"0\" role=\"button\" aria-label=\"Next Slide\">\n\t\n<svg class=\"vp-svg-icon\" width=\"20\" height=\"20\" viewBox=\"0 0 20 20\" fill=\"none\" xmlns=\"http:\/\/www.w3.org\/2000\/svg\">\n\t<path d=\"M8 4L14 10L8 16\" stroke=\"currentColor\" stroke-width=\"1.5\" stroke-linecap=\"round\" stroke-linejoin=\"round\" fill=\"transparent\" \/>\n<\/svg>\n<\/div>\n\n<div class=\"vp-portfolio__items-bullets\"><\/div>\n\t\t<\/div>\n\t\t\n<\/div>\n<\/div>\n\n\n\n<p><\/p>\n\n\n\n<p style=\"color:#dd890b\" class=\"has-text-color\">KITA PUSTEBLUME<br>Freiburger Str. 2A, 69126 Heidelberg <br>Umbau Alte Waggonhalle zu Kita Pusteblume Heidelberg-Rohrbach<br><br>2. Preis St\u00e4dtebaukongress 2008 Baden-W\u00fcrttemberg<br><br><\/p>\n\n\n\n<p>ECKDATEN<br>Bauherr Hochtief Projektentwicklung NL Baden-W\u00fcrttemberg<br>LP 1-5 von Einsiedel Architekten, LP 6-8 AAg, Heidelberg<br>Planungs- und Bauzeit 2006-08<br>Nutzfl\u00e4che 1.035 qm, BGF 1.260, BRI 5.660 cbm<br>Baukosten KG 300-500 1,85 Mio EUR<br><br><\/p>\n\n\n\n<p>Die Fuchs\u00b4sche Waggonfabrik Fuchs in Heidelberg-Rohrbach produzierte bis 1957 Eisenbahnwaggons. Im Zuge einer Neustrukturierung \/ Umnutzung des ehemaligen Industriequartiers in das Wohnviertel \u201eQuartier im Turm\u201c wurde in die alte Waggonhalle eine vierz\u00fcgige Kindertagesst\u00e4tte \u201eeingebaut\u201c. Die Kita Pusteblume war als \u201eHaus im Haus\u201c geplant. Die schlechte Bausubstanz der etwa 1910 errichteten Halle erlaubte nur den Erhalt des Betonskeletts und der Giebelw\u00e4nde.<\/p>\n\n\n\n<p>Die Kita wurde als zweigeschossiger Neubau in die Halle \u201eeingestellt\u201c. Die W\u00e4nde sind im Holzrahmenbau, Gescho\u00df- und Dachdecken als Balkendecke errichtet mit hoher Vorfertigung und Niedrigenergiestandard. Die Fassaden sind mit grau lasiertem Holz verschalt. Im s\u00fcdlichen, vorderen Teil der Halle entstand ein wettergesch\u00fctzter, unbeheizter Innenraum als Eingangs- und Spielzone &#8211; oben und seitlich mit transluzenten Wellacrylplatten eingedeckt. Im hinteren, n\u00f6rdlichen Bereich wurde ein Sportfeld und Spielfl\u00e4chen angelegt, die f\u00fcr alle Kinder des Quartiers zug\u00e4nglich sind. <\/p>\n","protected":false},"excerpt":{"rendered":"<p>KITA PUSTEBLUMEFreiburger Str. 2A, 69126 Heidelberg Umbau Alte Waggonhalle zu Kita Pusteblume Heidelberg-Rohrbach 2. Preis St\u00e4dtebaukongress 2008 Baden-W\u00fcrttemberg ECKDATENBauherr Hochtief Projektentwicklung NL Baden-W\u00fcrttembergLP 1-5 von Einsiedel Architekten, LP 6-8 AAg, HeidelbergPlanungs- und Bauzeit 2006-08Nutzfl\u00e4che 1.035 qm, BGF 1.260, BRI 5.660 cbmBaukosten KG 300-500 1,85 Mio EUR Die Fuchs\u00b4sche Waggonfabrik Fuchs in Heidelberg-Rohrbach produzierte bis 1957 [&hellip;]<\/p>\n","protected":false},"author":2,"featured_media":0,"parent":0,"menu_order":0,"comment_status":"closed","ping_status":"closed","template":"","meta":{"_vp_format_video_url":"","_vp_image_focal_point":[],"footnotes":""},"folder":[5],"class_list":["post-534","page","type-page","status-publish","hentry"],"_links":{"self":[{"href":"http:\/\/einsiedel-architekten.de\/cms\/wp-json\/wp\/v2\/pages\/534","targetHints":{"allow":["GET"]}}],"collection":[{"href":"http:\/\/einsiedel-architekten.de\/cms\/wp-json\/wp\/v2\/pages"}],"about":[{"href":"http:\/\/einsiedel-architekten.de\/cms\/wp-json\/wp\/v2\/types\/page"}],"author":[{"embeddable":true,"href":"http:\/\/einsiedel-architekten.de\/cms\/wp-json\/wp\/v2\/users\/2"}],"replies":[{"embeddable":true,"href":"http:\/\/einsiedel-architekten.de\/cms\/wp-json\/wp\/v2\/comments?post=534"}],"version-history":[{"count":6,"href":"http:\/\/einsiedel-architekten.de\/cms\/wp-json\/wp\/v2\/pages\/534\/revisions"}],"predecessor-version":[{"id":1403,"href":"http:\/\/einsiedel-architekten.de\/cms\/wp-json\/wp\/v2\/pages\/534\/revisions\/1403"}],"wp:attachment":[{"href":"http:\/\/einsiedel-architekten.de\/cms\/wp-json\/wp\/v2\/media?parent=534"}],"wp:term":[{"taxonomy":"folder","embeddable":true,"href":"http:\/\/einsiedel-architekten.de\/cms\/wp-json\/wp\/v2\/folder?post=534"}],"curies":[{"name":"wp","href":"https:\/\/api.w.org\/{rel}","templated":true}]}}