{"id":2000,"date":"2021-10-19T12:08:53","date_gmt":"2021-10-19T10:08:53","guid":{"rendered":"http:\/\/einsiedel-architekten.de\/cms\/?page_id=2000"},"modified":"2021-10-19T12:50:32","modified_gmt":"2021-10-19T10:50:32","slug":"bildungszentrum","status":"publish","type":"page","link":"http:\/\/einsiedel-architekten.de\/cms\/bildungszentrum\/","title":{"rendered":"2021 Bildungszentrum, Bad Cannstatt"},"content":{"rendered":"\n\n<div class=\"vp-portfolio vp-uid-ca750cbd vp-id-2018 \"\n\tdata-vp-layout=\"slider\" data-vp-content-source=\"images\" data-vp-items-style=\"default\" data-vp-items-click-action=\"popup_gallery\" data-vp-items-gap=\"450\" data-vp-items-gap-vertical=\"\" data-vp-pagination=\"load-more\" data-vp-next-page-url=\"\" data-vp-slider-effect=\"slide\" data-vp-slider-items-height=\"40%\" data-vp-slider-items-min-height=\"\" data-vp-slider-slides-per-view=\"auto\" data-vp-slider-speed=\"0.3\" data-vp-slider-autoplay=\"6\" data-vp-slider-autoplay-hover-pause=\"true\" data-vp-slider-centered-slides=\"true\" data-vp-slider-loop=\"false\" data-vp-slider-free-mode=\"false\" data-vp-slider-free-mode-sticky=\"false\" data-vp-slider-arrows=\"true\" data-vp-slider-bullets=\"true\" data-vp-slider-bullets-dynamic=\"false\" data-vp-slider-mousewheel=\"false\" data-vp-slider-thumbnails=\"false\" >\n\t<div class=\"vp-portfolio__preloader-wrap\">\n\t\t<div class=\"vp-portfolio__preloader\">\n\t\t\t<img decoding=\"async\" loading=\"eager\" src=\"http:\/\/einsiedel-architekten.de\/cms\/wp-content\/plugins\/visual-portfolio\/assets\/images\/logo-dark.svg\" alt=\"Visual Portfolio, Posts &amp; Image Gallery for WordPress\" width=\"20\" height=\"20\" data-skip-lazy>\n\t\t<\/div>\n\t<\/div>\n\t\t<div class=\"vp-portfolio__items-wrap\">\n\t\t\t\n<div class=\"vp-portfolio__items vp-portfolio__items-style-default vp-portfolio__items-show-overlay-hover\">\n\n\t\t<div\t\tclass=\"vp-portfolio__item-wrap vp-portfolio__item-uid-f44be609\" data-vp-filter=\"\" \t\t>\n\t\t\t<template class=\"vp-portfolio__item-popup\" data-vp-popup-img=\"http:\/\/einsiedel-architekten.de\/cms\/wp-content\/uploads\/2021\/10\/2021-bildungszentrum-elwertstr-15-1920x1080.jpg\" data-vp-popup-img-srcset=\"http:\/\/einsiedel-architekten.de\/cms\/wp-content\/uploads\/2021\/10\/2021-bildungszentrum-elwertstr-15-1920x1080.jpg 1920w, http:\/\/einsiedel-architekten.de\/cms\/wp-content\/uploads\/2021\/10\/2021-bildungszentrum-elwertstr-15-300x169.jpg 300w, http:\/\/einsiedel-architekten.de\/cms\/wp-content\/uploads\/2021\/10\/2021-bildungszentrum-elwertstr-15-1024x576.jpg 1024w, http:\/\/einsiedel-architekten.de\/cms\/wp-content\/uploads\/2021\/10\/2021-bildungszentrum-elwertstr-15-768x432.jpg 768w, http:\/\/einsiedel-architekten.de\/cms\/wp-content\/uploads\/2021\/10\/2021-bildungszentrum-elwertstr-15-500x281.jpg 500w, http:\/\/einsiedel-architekten.de\/cms\/wp-content\/uploads\/2021\/10\/2021-bildungszentrum-elwertstr-15-800x450.jpg 800w, http:\/\/einsiedel-architekten.de\/cms\/wp-content\/uploads\/2021\/10\/2021-bildungszentrum-elwertstr-15-1280x720.jpg 1280w, http:\/\/einsiedel-architekten.de\/cms\/wp-content\/uploads\/2021\/10\/2021-bildungszentrum-elwertstr-15-1536x864.jpg 1536w, http:\/\/einsiedel-architekten.de\/cms\/wp-content\/uploads\/2021\/10\/2021-bildungszentrum-elwertstr-15-2048x1152.jpg 2048w, http:\/\/einsiedel-architekten.de\/cms\/wp-content\/uploads\/2021\/10\/2021-bildungszentrum-elwertstr-15-1170x658.jpg 1170w, http:\/\/einsiedel-architekten.de\/cms\/wp-content\/uploads\/2021\/10\/2021-bildungszentrum-elwertstr-15.jpg 2362w\" data-vp-popup-img-size=\"1920x1080\" data-vp-popup-md-img=\"http:\/\/einsiedel-architekten.de\/cms\/wp-content\/uploads\/2021\/10\/2021-bildungszentrum-elwertstr-15-800x450.jpg\" data-vp-popup-md-img-size=\"800x450\" data-vp-popup-sm-img=\"http:\/\/einsiedel-architekten.de\/cms\/wp-content\/uploads\/2021\/10\/2021-bildungszentrum-elwertstr-15-500x281.jpg\" data-vp-popup-sm-img-size=\"500x281\">\n\t<\/template>\n\t\t\t\t\t\t<figure class=\"vp-portfolio__item\">\n\t\t\t\t\n<div class=\"vp-portfolio__item-img-wrap\">\n\t<div class=\"vp-portfolio__item-img\">\n\t\t\t<a\n\t\thref=\"http:\/\/einsiedel-architekten.de\/cms\/wp-content\/uploads\/2021\/10\/2021-bildungszentrum-elwertstr-15-1920x1080.jpg\"\n\t\taria-label=\"Open image\" \t data-rel=\"lightbox-image-0\" data-rl_title=\"\" data-rl_caption=\"\" title=\"\">\n\t\n\t\t<noscript><img loading=\"lazy\" decoding=\"async\" width=\"1920\" height=\"1080\" data-skip-lazy src=\"http:\/\/einsiedel-architekten.de\/cms\/wp-content\/uploads\/2021\/10\/2021-bildungszentrum-elwertstr-15-1920x1080.jpg\" class=\"wp-image-2021\" alt=\"\" srcset=\"http:\/\/einsiedel-architekten.de\/cms\/wp-content\/uploads\/2021\/10\/2021-bildungszentrum-elwertstr-15-1920x1080.jpg 1920w, http:\/\/einsiedel-architekten.de\/cms\/wp-content\/uploads\/2021\/10\/2021-bildungszentrum-elwertstr-15-300x169.jpg 300w, http:\/\/einsiedel-architekten.de\/cms\/wp-content\/uploads\/2021\/10\/2021-bildungszentrum-elwertstr-15-1024x576.jpg 1024w, http:\/\/einsiedel-architekten.de\/cms\/wp-content\/uploads\/2021\/10\/2021-bildungszentrum-elwertstr-15-768x432.jpg 768w, http:\/\/einsiedel-architekten.de\/cms\/wp-content\/uploads\/2021\/10\/2021-bildungszentrum-elwertstr-15-500x281.jpg 500w, http:\/\/einsiedel-architekten.de\/cms\/wp-content\/uploads\/2021\/10\/2021-bildungszentrum-elwertstr-15-800x450.jpg 800w, http:\/\/einsiedel-architekten.de\/cms\/wp-content\/uploads\/2021\/10\/2021-bildungszentrum-elwertstr-15-1280x720.jpg 1280w, http:\/\/einsiedel-architekten.de\/cms\/wp-content\/uploads\/2021\/10\/2021-bildungszentrum-elwertstr-15-1536x864.jpg 1536w, http:\/\/einsiedel-architekten.de\/cms\/wp-content\/uploads\/2021\/10\/2021-bildungszentrum-elwertstr-15-2048x1152.jpg 2048w, http:\/\/einsiedel-architekten.de\/cms\/wp-content\/uploads\/2021\/10\/2021-bildungszentrum-elwertstr-15-1170x658.jpg 1170w, http:\/\/einsiedel-architekten.de\/cms\/wp-content\/uploads\/2021\/10\/2021-bildungszentrum-elwertstr-15.jpg 2362w\" sizes=\"auto, (max-width: 1920px) 100vw, 1920px\" \/><\/noscript><img fetchpriority=\"high\" decoding=\"async\" width=\"1920\" height=\"1080\" src=\"http:\/\/einsiedel-architekten.de\/cms\/wp-content\/uploads\/2021\/10\/2021-bildungszentrum-elwertstr-15-1920x1080.jpg\" class=\"wp-image-2021 vp-lazyload\" alt srcset=\"data:image\/svg+xml;base64,PHN2ZyB3aWR0aD0iMTkyMCIgaGVpZ2h0PSIxMDgwIiB2aWV3Qm94PSIwIDAgMTkyMCAxMDgwIiBmaWxsPSJub25lIiB4bWxucz0iaHR0cDovL3d3dy53My5vcmcvMjAwMC9zdmciPjwvc3ZnPg==\" data-src=\"http:\/\/einsiedel-architekten.de\/cms\/wp-content\/uploads\/2021\/10\/2021-bildungszentrum-elwertstr-15-1920x1080.jpg\" data-srcset=\"http:\/\/einsiedel-architekten.de\/cms\/wp-content\/uploads\/2021\/10\/2021-bildungszentrum-elwertstr-15-1920x1080.jpg 1920w, http:\/\/einsiedel-architekten.de\/cms\/wp-content\/uploads\/2021\/10\/2021-bildungszentrum-elwertstr-15-300x169.jpg 300w, http:\/\/einsiedel-architekten.de\/cms\/wp-content\/uploads\/2021\/10\/2021-bildungszentrum-elwertstr-15-1024x576.jpg 1024w, http:\/\/einsiedel-architekten.de\/cms\/wp-content\/uploads\/2021\/10\/2021-bildungszentrum-elwertstr-15-768x432.jpg 768w, http:\/\/einsiedel-architekten.de\/cms\/wp-content\/uploads\/2021\/10\/2021-bildungszentrum-elwertstr-15-500x281.jpg 500w, http:\/\/einsiedel-architekten.de\/cms\/wp-content\/uploads\/2021\/10\/2021-bildungszentrum-elwertstr-15-800x450.jpg 800w, http:\/\/einsiedel-architekten.de\/cms\/wp-content\/uploads\/2021\/10\/2021-bildungszentrum-elwertstr-15-1280x720.jpg 1280w, http:\/\/einsiedel-architekten.de\/cms\/wp-content\/uploads\/2021\/10\/2021-bildungszentrum-elwertstr-15-1536x864.jpg 1536w, http:\/\/einsiedel-architekten.de\/cms\/wp-content\/uploads\/2021\/10\/2021-bildungszentrum-elwertstr-15-2048x1152.jpg 2048w, http:\/\/einsiedel-architekten.de\/cms\/wp-content\/uploads\/2021\/10\/2021-bildungszentrum-elwertstr-15-1170x658.jpg 1170w, http:\/\/einsiedel-architekten.de\/cms\/wp-content\/uploads\/2021\/10\/2021-bildungszentrum-elwertstr-15.jpg 2362w\" data-sizes=\"auto\" loading=\"eager\">\n\t\t<div class=\"vp-portfolio__item-overlay\">\n\t\t\t\t\t<\/div>\n\n\t\t<\/a>\t<\/div>\n<\/div>\n\n\t\t\t<\/figure>\n\t\t\t\t\t<\/div>\n\t\t\n\t\t<div\t\tclass=\"vp-portfolio__item-wrap vp-portfolio__item-uid-50229e03\" data-vp-filter=\"\" \t\t>\n\t\t\t<template class=\"vp-portfolio__item-popup\" data-vp-popup-img=\"http:\/\/einsiedel-architekten.de\/cms\/wp-content\/uploads\/2021\/10\/2021-bildungszentrum-elwertstr-16-1920x1080.jpg\" data-vp-popup-img-srcset=\"http:\/\/einsiedel-architekten.de\/cms\/wp-content\/uploads\/2021\/10\/2021-bildungszentrum-elwertstr-16-1920x1080.jpg 1920w, http:\/\/einsiedel-architekten.de\/cms\/wp-content\/uploads\/2021\/10\/2021-bildungszentrum-elwertstr-16-300x169.jpg 300w, http:\/\/einsiedel-architekten.de\/cms\/wp-content\/uploads\/2021\/10\/2021-bildungszentrum-elwertstr-16-1024x576.jpg 1024w, http:\/\/einsiedel-architekten.de\/cms\/wp-content\/uploads\/2021\/10\/2021-bildungszentrum-elwertstr-16-768x432.jpg 768w, http:\/\/einsiedel-architekten.de\/cms\/wp-content\/uploads\/2021\/10\/2021-bildungszentrum-elwertstr-16-500x281.jpg 500w, http:\/\/einsiedel-architekten.de\/cms\/wp-content\/uploads\/2021\/10\/2021-bildungszentrum-elwertstr-16-800x450.jpg 800w, http:\/\/einsiedel-architekten.de\/cms\/wp-content\/uploads\/2021\/10\/2021-bildungszentrum-elwertstr-16-1280x720.jpg 1280w, http:\/\/einsiedel-architekten.de\/cms\/wp-content\/uploads\/2021\/10\/2021-bildungszentrum-elwertstr-16-1536x864.jpg 1536w, http:\/\/einsiedel-architekten.de\/cms\/wp-content\/uploads\/2021\/10\/2021-bildungszentrum-elwertstr-16-2048x1152.jpg 2048w, http:\/\/einsiedel-architekten.de\/cms\/wp-content\/uploads\/2021\/10\/2021-bildungszentrum-elwertstr-16-1170x658.jpg 1170w, http:\/\/einsiedel-architekten.de\/cms\/wp-content\/uploads\/2021\/10\/2021-bildungszentrum-elwertstr-16.jpg 2362w\" data-vp-popup-img-size=\"1920x1080\" data-vp-popup-md-img=\"http:\/\/einsiedel-architekten.de\/cms\/wp-content\/uploads\/2021\/10\/2021-bildungszentrum-elwertstr-16-800x450.jpg\" data-vp-popup-md-img-size=\"800x450\" data-vp-popup-sm-img=\"http:\/\/einsiedel-architekten.de\/cms\/wp-content\/uploads\/2021\/10\/2021-bildungszentrum-elwertstr-16-500x281.jpg\" data-vp-popup-sm-img-size=\"500x281\">\n\t<\/template>\n\t\t\t\t\t\t<figure class=\"vp-portfolio__item\">\n\t\t\t\t\n<div class=\"vp-portfolio__item-img-wrap\">\n\t<div class=\"vp-portfolio__item-img\">\n\t\t\t<a\n\t\thref=\"http:\/\/einsiedel-architekten.de\/cms\/wp-content\/uploads\/2021\/10\/2021-bildungszentrum-elwertstr-16-1920x1080.jpg\"\n\t\taria-label=\"Open image\" \t data-rel=\"lightbox-image-1\" data-rl_title=\"\" data-rl_caption=\"\" title=\"\">\n\t\n\t\t<noscript><img loading=\"lazy\" decoding=\"async\" width=\"1920\" height=\"1080\" data-skip-lazy src=\"http:\/\/einsiedel-architekten.de\/cms\/wp-content\/uploads\/2021\/10\/2021-bildungszentrum-elwertstr-16-1920x1080.jpg\" class=\"wp-image-2022\" alt=\"\" srcset=\"http:\/\/einsiedel-architekten.de\/cms\/wp-content\/uploads\/2021\/10\/2021-bildungszentrum-elwertstr-16-1920x1080.jpg 1920w, http:\/\/einsiedel-architekten.de\/cms\/wp-content\/uploads\/2021\/10\/2021-bildungszentrum-elwertstr-16-300x169.jpg 300w, http:\/\/einsiedel-architekten.de\/cms\/wp-content\/uploads\/2021\/10\/2021-bildungszentrum-elwertstr-16-1024x576.jpg 1024w, http:\/\/einsiedel-architekten.de\/cms\/wp-content\/uploads\/2021\/10\/2021-bildungszentrum-elwertstr-16-768x432.jpg 768w, http:\/\/einsiedel-architekten.de\/cms\/wp-content\/uploads\/2021\/10\/2021-bildungszentrum-elwertstr-16-500x281.jpg 500w, http:\/\/einsiedel-architekten.de\/cms\/wp-content\/uploads\/2021\/10\/2021-bildungszentrum-elwertstr-16-800x450.jpg 800w, http:\/\/einsiedel-architekten.de\/cms\/wp-content\/uploads\/2021\/10\/2021-bildungszentrum-elwertstr-16-1280x720.jpg 1280w, http:\/\/einsiedel-architekten.de\/cms\/wp-content\/uploads\/2021\/10\/2021-bildungszentrum-elwertstr-16-1536x864.jpg 1536w, http:\/\/einsiedel-architekten.de\/cms\/wp-content\/uploads\/2021\/10\/2021-bildungszentrum-elwertstr-16-2048x1152.jpg 2048w, http:\/\/einsiedel-architekten.de\/cms\/wp-content\/uploads\/2021\/10\/2021-bildungszentrum-elwertstr-16-1170x658.jpg 1170w, http:\/\/einsiedel-architekten.de\/cms\/wp-content\/uploads\/2021\/10\/2021-bildungszentrum-elwertstr-16.jpg 2362w\" sizes=\"auto, (max-width: 1920px) 100vw, 1920px\" \/><\/noscript><img decoding=\"async\" width=\"1920\" height=\"1080\" src=\"http:\/\/einsiedel-architekten.de\/cms\/wp-content\/uploads\/2021\/10\/2021-bildungszentrum-elwertstr-16-1920x1080.jpg\" class=\"wp-image-2022 vp-lazyload\" alt srcset=\"data:image\/svg+xml;base64,PHN2ZyB3aWR0aD0iMTkyMCIgaGVpZ2h0PSIxMDgwIiB2aWV3Qm94PSIwIDAgMTkyMCAxMDgwIiBmaWxsPSJub25lIiB4bWxucz0iaHR0cDovL3d3dy53My5vcmcvMjAwMC9zdmciPjwvc3ZnPg==\" data-src=\"http:\/\/einsiedel-architekten.de\/cms\/wp-content\/uploads\/2021\/10\/2021-bildungszentrum-elwertstr-16-1920x1080.jpg\" data-srcset=\"http:\/\/einsiedel-architekten.de\/cms\/wp-content\/uploads\/2021\/10\/2021-bildungszentrum-elwertstr-16-1920x1080.jpg 1920w, http:\/\/einsiedel-architekten.de\/cms\/wp-content\/uploads\/2021\/10\/2021-bildungszentrum-elwertstr-16-300x169.jpg 300w, http:\/\/einsiedel-architekten.de\/cms\/wp-content\/uploads\/2021\/10\/2021-bildungszentrum-elwertstr-16-1024x576.jpg 1024w, http:\/\/einsiedel-architekten.de\/cms\/wp-content\/uploads\/2021\/10\/2021-bildungszentrum-elwertstr-16-768x432.jpg 768w, http:\/\/einsiedel-architekten.de\/cms\/wp-content\/uploads\/2021\/10\/2021-bildungszentrum-elwertstr-16-500x281.jpg 500w, http:\/\/einsiedel-architekten.de\/cms\/wp-content\/uploads\/2021\/10\/2021-bildungszentrum-elwertstr-16-800x450.jpg 800w, http:\/\/einsiedel-architekten.de\/cms\/wp-content\/uploads\/2021\/10\/2021-bildungszentrum-elwertstr-16-1280x720.jpg 1280w, http:\/\/einsiedel-architekten.de\/cms\/wp-content\/uploads\/2021\/10\/2021-bildungszentrum-elwertstr-16-1536x864.jpg 1536w, http:\/\/einsiedel-architekten.de\/cms\/wp-content\/uploads\/2021\/10\/2021-bildungszentrum-elwertstr-16-2048x1152.jpg 2048w, http:\/\/einsiedel-architekten.de\/cms\/wp-content\/uploads\/2021\/10\/2021-bildungszentrum-elwertstr-16-1170x658.jpg 1170w, http:\/\/einsiedel-architekten.de\/cms\/wp-content\/uploads\/2021\/10\/2021-bildungszentrum-elwertstr-16.jpg 2362w\" data-sizes=\"auto\" loading=\"eager\">\n\t\t<div class=\"vp-portfolio__item-overlay\">\n\t\t\t\t\t<\/div>\n\n\t\t<\/a>\t<\/div>\n<\/div>\n\n\t\t\t<\/figure>\n\t\t\t\t\t<\/div>\n\t\t\n\t\t<div\t\tclass=\"vp-portfolio__item-wrap vp-portfolio__item-uid-bbd013f2\" data-vp-filter=\"\" \t\t>\n\t\t\t<template class=\"vp-portfolio__item-popup\" data-vp-popup-img=\"http:\/\/einsiedel-architekten.de\/cms\/wp-content\/uploads\/2021\/10\/2021-bildungszentrum-elwertstr-2.jpg\" data-vp-popup-img-srcset=\"http:\/\/einsiedel-architekten.de\/cms\/wp-content\/uploads\/2021\/10\/2021-bildungszentrum-elwertstr-2.jpg 1919w, http:\/\/einsiedel-architekten.de\/cms\/wp-content\/uploads\/2021\/10\/2021-bildungszentrum-elwertstr-2-300x218.jpg 300w, http:\/\/einsiedel-architekten.de\/cms\/wp-content\/uploads\/2021\/10\/2021-bildungszentrum-elwertstr-2-1024x743.jpg 1024w, http:\/\/einsiedel-architekten.de\/cms\/wp-content\/uploads\/2021\/10\/2021-bildungszentrum-elwertstr-2-768x557.jpg 768w, http:\/\/einsiedel-architekten.de\/cms\/wp-content\/uploads\/2021\/10\/2021-bildungszentrum-elwertstr-2-500x363.jpg 500w, http:\/\/einsiedel-architekten.de\/cms\/wp-content\/uploads\/2021\/10\/2021-bildungszentrum-elwertstr-2-800x580.jpg 800w, http:\/\/einsiedel-architekten.de\/cms\/wp-content\/uploads\/2021\/10\/2021-bildungszentrum-elwertstr-2-1280x928.jpg 1280w, http:\/\/einsiedel-architekten.de\/cms\/wp-content\/uploads\/2021\/10\/2021-bildungszentrum-elwertstr-2-1536x1114.jpg 1536w, http:\/\/einsiedel-architekten.de\/cms\/wp-content\/uploads\/2021\/10\/2021-bildungszentrum-elwertstr-2-910x660.jpg 910w\" data-vp-popup-img-size=\"1919x1392\" data-vp-popup-md-img=\"http:\/\/einsiedel-architekten.de\/cms\/wp-content\/uploads\/2021\/10\/2021-bildungszentrum-elwertstr-2-800x580.jpg\" data-vp-popup-md-img-size=\"800x580\" data-vp-popup-sm-img=\"http:\/\/einsiedel-architekten.de\/cms\/wp-content\/uploads\/2021\/10\/2021-bildungszentrum-elwertstr-2-500x363.jpg\" data-vp-popup-sm-img-size=\"500x363\">\n\t<\/template>\n\t\t\t\t\t\t<figure class=\"vp-portfolio__item\">\n\t\t\t\t\n<div class=\"vp-portfolio__item-img-wrap\">\n\t<div class=\"vp-portfolio__item-img\">\n\t\t\t<a\n\t\thref=\"http:\/\/einsiedel-architekten.de\/cms\/wp-content\/uploads\/2021\/10\/2021-bildungszentrum-elwertstr-2.jpg\"\n\t\taria-label=\"Open image\" \t data-rel=\"lightbox-image-2\" data-rl_title=\"\" data-rl_caption=\"\" title=\"\">\n\t\n\t\t<noscript><img loading=\"lazy\" decoding=\"async\" width=\"1919\" height=\"1392\" data-skip-lazy src=\"http:\/\/einsiedel-architekten.de\/cms\/wp-content\/uploads\/2021\/10\/2021-bildungszentrum-elwertstr-2.jpg\" class=\"wp-image-2005\" alt=\"\" srcset=\"http:\/\/einsiedel-architekten.de\/cms\/wp-content\/uploads\/2021\/10\/2021-bildungszentrum-elwertstr-2.jpg 1919w, http:\/\/einsiedel-architekten.de\/cms\/wp-content\/uploads\/2021\/10\/2021-bildungszentrum-elwertstr-2-300x218.jpg 300w, http:\/\/einsiedel-architekten.de\/cms\/wp-content\/uploads\/2021\/10\/2021-bildungszentrum-elwertstr-2-1024x743.jpg 1024w, http:\/\/einsiedel-architekten.de\/cms\/wp-content\/uploads\/2021\/10\/2021-bildungszentrum-elwertstr-2-768x557.jpg 768w, http:\/\/einsiedel-architekten.de\/cms\/wp-content\/uploads\/2021\/10\/2021-bildungszentrum-elwertstr-2-500x363.jpg 500w, http:\/\/einsiedel-architekten.de\/cms\/wp-content\/uploads\/2021\/10\/2021-bildungszentrum-elwertstr-2-800x580.jpg 800w, http:\/\/einsiedel-architekten.de\/cms\/wp-content\/uploads\/2021\/10\/2021-bildungszentrum-elwertstr-2-1280x928.jpg 1280w, http:\/\/einsiedel-architekten.de\/cms\/wp-content\/uploads\/2021\/10\/2021-bildungszentrum-elwertstr-2-1536x1114.jpg 1536w, http:\/\/einsiedel-architekten.de\/cms\/wp-content\/uploads\/2021\/10\/2021-bildungszentrum-elwertstr-2-910x660.jpg 910w\" sizes=\"auto, (max-width: 1919px) 100vw, 1919px\" \/><\/noscript><img decoding=\"async\" width=\"1919\" height=\"1392\" src=\"http:\/\/einsiedel-architekten.de\/cms\/wp-content\/uploads\/2021\/10\/2021-bildungszentrum-elwertstr-2.jpg\" class=\"wp-image-2005 vp-lazyload\" alt srcset=\"data:image\/svg+xml;base64,PHN2ZyB3aWR0aD0iMTkxOSIgaGVpZ2h0PSIxMzkyIiB2aWV3Qm94PSIwIDAgMTkxOSAxMzkyIiBmaWxsPSJub25lIiB4bWxucz0iaHR0cDovL3d3dy53My5vcmcvMjAwMC9zdmciPjwvc3ZnPg==\" data-src=\"http:\/\/einsiedel-architekten.de\/cms\/wp-content\/uploads\/2021\/10\/2021-bildungszentrum-elwertstr-2.jpg\" data-srcset=\"http:\/\/einsiedel-architekten.de\/cms\/wp-content\/uploads\/2021\/10\/2021-bildungszentrum-elwertstr-2.jpg 1919w, http:\/\/einsiedel-architekten.de\/cms\/wp-content\/uploads\/2021\/10\/2021-bildungszentrum-elwertstr-2-300x218.jpg 300w, http:\/\/einsiedel-architekten.de\/cms\/wp-content\/uploads\/2021\/10\/2021-bildungszentrum-elwertstr-2-1024x743.jpg 1024w, http:\/\/einsiedel-architekten.de\/cms\/wp-content\/uploads\/2021\/10\/2021-bildungszentrum-elwertstr-2-768x557.jpg 768w, http:\/\/einsiedel-architekten.de\/cms\/wp-content\/uploads\/2021\/10\/2021-bildungszentrum-elwertstr-2-500x363.jpg 500w, http:\/\/einsiedel-architekten.de\/cms\/wp-content\/uploads\/2021\/10\/2021-bildungszentrum-elwertstr-2-800x580.jpg 800w, http:\/\/einsiedel-architekten.de\/cms\/wp-content\/uploads\/2021\/10\/2021-bildungszentrum-elwertstr-2-1280x928.jpg 1280w, http:\/\/einsiedel-architekten.de\/cms\/wp-content\/uploads\/2021\/10\/2021-bildungszentrum-elwertstr-2-1536x1114.jpg 1536w, http:\/\/einsiedel-architekten.de\/cms\/wp-content\/uploads\/2021\/10\/2021-bildungszentrum-elwertstr-2-910x660.jpg 910w\" data-sizes=\"auto\" loading=\"eager\">\n\t\t<div class=\"vp-portfolio__item-overlay\">\n\t\t\t\t\t<\/div>\n\n\t\t<\/a>\t<\/div>\n<\/div>\n\n\t\t\t<\/figure>\n\t\t\t\t\t<\/div>\n\t\t\n\t\t<div\t\tclass=\"vp-portfolio__item-wrap vp-portfolio__item-uid-68be5b6e\" data-vp-filter=\"\" \t\t>\n\t\t\t<template class=\"vp-portfolio__item-popup\" data-vp-popup-img=\"http:\/\/einsiedel-architekten.de\/cms\/wp-content\/uploads\/2021\/10\/2021-bildungszentrum-elwertstr-4-1920x2421.jpg\" data-vp-popup-img-srcset=\"http:\/\/einsiedel-architekten.de\/cms\/wp-content\/uploads\/2021\/10\/2021-bildungszentrum-elwertstr-4-1920x2421.jpg 1920w, http:\/\/einsiedel-architekten.de\/cms\/wp-content\/uploads\/2021\/10\/2021-bildungszentrum-elwertstr-4-238x300.jpg 238w, http:\/\/einsiedel-architekten.de\/cms\/wp-content\/uploads\/2021\/10\/2021-bildungszentrum-elwertstr-4-812x1024.jpg 812w, http:\/\/einsiedel-architekten.de\/cms\/wp-content\/uploads\/2021\/10\/2021-bildungszentrum-elwertstr-4-768x969.jpg 768w, http:\/\/einsiedel-architekten.de\/cms\/wp-content\/uploads\/2021\/10\/2021-bildungszentrum-elwertstr-4-500x631.jpg 500w, http:\/\/einsiedel-architekten.de\/cms\/wp-content\/uploads\/2021\/10\/2021-bildungszentrum-elwertstr-4-800x1009.jpg 800w, http:\/\/einsiedel-architekten.de\/cms\/wp-content\/uploads\/2021\/10\/2021-bildungszentrum-elwertstr-4-1280x1614.jpg 1280w, http:\/\/einsiedel-architekten.de\/cms\/wp-content\/uploads\/2021\/10\/2021-bildungszentrum-elwertstr-4-1218x1536.jpg 1218w, http:\/\/einsiedel-architekten.de\/cms\/wp-content\/uploads\/2021\/10\/2021-bildungszentrum-elwertstr-4-1624x2048.jpg 1624w, http:\/\/einsiedel-architekten.de\/cms\/wp-content\/uploads\/2021\/10\/2021-bildungszentrum-elwertstr-4-523x660.jpg 523w, http:\/\/einsiedel-architekten.de\/cms\/wp-content\/uploads\/2021\/10\/2021-bildungszentrum-elwertstr-4-scaled.jpg 2030w\" data-vp-popup-img-size=\"1920x2421\" data-vp-popup-md-img=\"http:\/\/einsiedel-architekten.de\/cms\/wp-content\/uploads\/2021\/10\/2021-bildungszentrum-elwertstr-4-800x1009.jpg\" data-vp-popup-md-img-size=\"800x1009\" data-vp-popup-sm-img=\"http:\/\/einsiedel-architekten.de\/cms\/wp-content\/uploads\/2021\/10\/2021-bildungszentrum-elwertstr-4-500x631.jpg\" data-vp-popup-sm-img-size=\"500x631\">\n\t<\/template>\n\t\t\t\t\t\t<figure class=\"vp-portfolio__item\">\n\t\t\t\t\n<div class=\"vp-portfolio__item-img-wrap\">\n\t<div class=\"vp-portfolio__item-img\">\n\t\t\t<a\n\t\thref=\"http:\/\/einsiedel-architekten.de\/cms\/wp-content\/uploads\/2021\/10\/2021-bildungszentrum-elwertstr-4-1920x2421.jpg\"\n\t\taria-label=\"Open image\" \t data-rel=\"lightbox-image-3\" data-rl_title=\"\" data-rl_caption=\"\" title=\"\">\n\t\n\t\t<noscript><img loading=\"lazy\" decoding=\"async\" width=\"1920\" height=\"2421\" data-skip-lazy src=\"http:\/\/einsiedel-architekten.de\/cms\/wp-content\/uploads\/2021\/10\/2021-bildungszentrum-elwertstr-4-1920x2421.jpg\" class=\"wp-image-2007\" alt=\"\" srcset=\"http:\/\/einsiedel-architekten.de\/cms\/wp-content\/uploads\/2021\/10\/2021-bildungszentrum-elwertstr-4-1920x2421.jpg 1920w, http:\/\/einsiedel-architekten.de\/cms\/wp-content\/uploads\/2021\/10\/2021-bildungszentrum-elwertstr-4-238x300.jpg 238w, http:\/\/einsiedel-architekten.de\/cms\/wp-content\/uploads\/2021\/10\/2021-bildungszentrum-elwertstr-4-812x1024.jpg 812w, http:\/\/einsiedel-architekten.de\/cms\/wp-content\/uploads\/2021\/10\/2021-bildungszentrum-elwertstr-4-768x969.jpg 768w, http:\/\/einsiedel-architekten.de\/cms\/wp-content\/uploads\/2021\/10\/2021-bildungszentrum-elwertstr-4-500x631.jpg 500w, http:\/\/einsiedel-architekten.de\/cms\/wp-content\/uploads\/2021\/10\/2021-bildungszentrum-elwertstr-4-800x1009.jpg 800w, http:\/\/einsiedel-architekten.de\/cms\/wp-content\/uploads\/2021\/10\/2021-bildungszentrum-elwertstr-4-1280x1614.jpg 1280w, http:\/\/einsiedel-architekten.de\/cms\/wp-content\/uploads\/2021\/10\/2021-bildungszentrum-elwertstr-4-1218x1536.jpg 1218w, http:\/\/einsiedel-architekten.de\/cms\/wp-content\/uploads\/2021\/10\/2021-bildungszentrum-elwertstr-4-1624x2048.jpg 1624w, http:\/\/einsiedel-architekten.de\/cms\/wp-content\/uploads\/2021\/10\/2021-bildungszentrum-elwertstr-4-523x660.jpg 523w, http:\/\/einsiedel-architekten.de\/cms\/wp-content\/uploads\/2021\/10\/2021-bildungszentrum-elwertstr-4-scaled.jpg 2030w\" sizes=\"auto, (max-width: 1920px) 100vw, 1920px\" \/><\/noscript><img decoding=\"async\" width=\"1920\" height=\"2421\" src=\"http:\/\/einsiedel-architekten.de\/cms\/wp-content\/uploads\/2021\/10\/2021-bildungszentrum-elwertstr-4-1920x2421.jpg\" class=\"wp-image-2007 vp-lazyload\" alt srcset=\"data:image\/svg+xml;base64,PHN2ZyB3aWR0aD0iMTkyMCIgaGVpZ2h0PSIyNDIxIiB2aWV3Qm94PSIwIDAgMTkyMCAyNDIxIiBmaWxsPSJub25lIiB4bWxucz0iaHR0cDovL3d3dy53My5vcmcvMjAwMC9zdmciPjwvc3ZnPg==\" data-src=\"http:\/\/einsiedel-architekten.de\/cms\/wp-content\/uploads\/2021\/10\/2021-bildungszentrum-elwertstr-4-1920x2421.jpg\" data-srcset=\"http:\/\/einsiedel-architekten.de\/cms\/wp-content\/uploads\/2021\/10\/2021-bildungszentrum-elwertstr-4-1920x2421.jpg 1920w, http:\/\/einsiedel-architekten.de\/cms\/wp-content\/uploads\/2021\/10\/2021-bildungszentrum-elwertstr-4-238x300.jpg 238w, http:\/\/einsiedel-architekten.de\/cms\/wp-content\/uploads\/2021\/10\/2021-bildungszentrum-elwertstr-4-812x1024.jpg 812w, http:\/\/einsiedel-architekten.de\/cms\/wp-content\/uploads\/2021\/10\/2021-bildungszentrum-elwertstr-4-768x969.jpg 768w, http:\/\/einsiedel-architekten.de\/cms\/wp-content\/uploads\/2021\/10\/2021-bildungszentrum-elwertstr-4-500x631.jpg 500w, http:\/\/einsiedel-architekten.de\/cms\/wp-content\/uploads\/2021\/10\/2021-bildungszentrum-elwertstr-4-800x1009.jpg 800w, http:\/\/einsiedel-architekten.de\/cms\/wp-content\/uploads\/2021\/10\/2021-bildungszentrum-elwertstr-4-1280x1614.jpg 1280w, http:\/\/einsiedel-architekten.de\/cms\/wp-content\/uploads\/2021\/10\/2021-bildungszentrum-elwertstr-4-1218x1536.jpg 1218w, http:\/\/einsiedel-architekten.de\/cms\/wp-content\/uploads\/2021\/10\/2021-bildungszentrum-elwertstr-4-1624x2048.jpg 1624w, http:\/\/einsiedel-architekten.de\/cms\/wp-content\/uploads\/2021\/10\/2021-bildungszentrum-elwertstr-4-523x660.jpg 523w, http:\/\/einsiedel-architekten.de\/cms\/wp-content\/uploads\/2021\/10\/2021-bildungszentrum-elwertstr-4-scaled.jpg 2030w\" data-sizes=\"auto\" loading=\"eager\">\n\t\t<div class=\"vp-portfolio__item-overlay\">\n\t\t\t\t\t<\/div>\n\n\t\t<\/a>\t<\/div>\n<\/div>\n\n\t\t\t<\/figure>\n\t\t\t\t\t<\/div>\n\t\t\n\t\t<div\t\tclass=\"vp-portfolio__item-wrap vp-portfolio__item-uid-4a219aef\" data-vp-filter=\"\" \t\t>\n\t\t\t<template class=\"vp-portfolio__item-popup\" data-vp-popup-img=\"http:\/\/einsiedel-architekten.de\/cms\/wp-content\/uploads\/2021\/10\/2021-bildungszentrum-elwertstr-5-1920x2462.jpg\" data-vp-popup-img-srcset=\"http:\/\/einsiedel-architekten.de\/cms\/wp-content\/uploads\/2021\/10\/2021-bildungszentrum-elwertstr-5-1920x2462.jpg 1920w, http:\/\/einsiedel-architekten.de\/cms\/wp-content\/uploads\/2021\/10\/2021-bildungszentrum-elwertstr-5-234x300.jpg 234w, http:\/\/einsiedel-architekten.de\/cms\/wp-content\/uploads\/2021\/10\/2021-bildungszentrum-elwertstr-5-798x1024.jpg 798w, http:\/\/einsiedel-architekten.de\/cms\/wp-content\/uploads\/2021\/10\/2021-bildungszentrum-elwertstr-5-768x985.jpg 768w, http:\/\/einsiedel-architekten.de\/cms\/wp-content\/uploads\/2021\/10\/2021-bildungszentrum-elwertstr-5-500x641.jpg 500w, http:\/\/einsiedel-architekten.de\/cms\/wp-content\/uploads\/2021\/10\/2021-bildungszentrum-elwertstr-5-800x1026.jpg 800w, http:\/\/einsiedel-architekten.de\/cms\/wp-content\/uploads\/2021\/10\/2021-bildungszentrum-elwertstr-5-1280x1642.jpg 1280w, http:\/\/einsiedel-architekten.de\/cms\/wp-content\/uploads\/2021\/10\/2021-bildungszentrum-elwertstr-5-1198x1536.jpg 1198w, http:\/\/einsiedel-architekten.de\/cms\/wp-content\/uploads\/2021\/10\/2021-bildungszentrum-elwertstr-5-1597x2048.jpg 1597w, http:\/\/einsiedel-architekten.de\/cms\/wp-content\/uploads\/2021\/10\/2021-bildungszentrum-elwertstr-5-515x660.jpg 515w, http:\/\/einsiedel-architekten.de\/cms\/wp-content\/uploads\/2021\/10\/2021-bildungszentrum-elwertstr-5-scaled.jpg 1996w\" data-vp-popup-img-size=\"1920x2462\" data-vp-popup-md-img=\"http:\/\/einsiedel-architekten.de\/cms\/wp-content\/uploads\/2021\/10\/2021-bildungszentrum-elwertstr-5-800x1026.jpg\" data-vp-popup-md-img-size=\"800x1026\" data-vp-popup-sm-img=\"http:\/\/einsiedel-architekten.de\/cms\/wp-content\/uploads\/2021\/10\/2021-bildungszentrum-elwertstr-5-500x641.jpg\" data-vp-popup-sm-img-size=\"500x641\">\n\t<\/template>\n\t\t\t\t\t\t<figure class=\"vp-portfolio__item\">\n\t\t\t\t\n<div class=\"vp-portfolio__item-img-wrap\">\n\t<div class=\"vp-portfolio__item-img\">\n\t\t\t<a\n\t\thref=\"http:\/\/einsiedel-architekten.de\/cms\/wp-content\/uploads\/2021\/10\/2021-bildungszentrum-elwertstr-5-1920x2462.jpg\"\n\t\taria-label=\"Open image\" \t data-rel=\"lightbox-image-4\" data-rl_title=\"\" data-rl_caption=\"\" title=\"\">\n\t\n\t\t<noscript><img loading=\"lazy\" decoding=\"async\" width=\"1920\" height=\"2462\" data-skip-lazy src=\"http:\/\/einsiedel-architekten.de\/cms\/wp-content\/uploads\/2021\/10\/2021-bildungszentrum-elwertstr-5-1920x2462.jpg\" class=\"wp-image-2008\" alt=\"\" srcset=\"http:\/\/einsiedel-architekten.de\/cms\/wp-content\/uploads\/2021\/10\/2021-bildungszentrum-elwertstr-5-1920x2462.jpg 1920w, http:\/\/einsiedel-architekten.de\/cms\/wp-content\/uploads\/2021\/10\/2021-bildungszentrum-elwertstr-5-234x300.jpg 234w, http:\/\/einsiedel-architekten.de\/cms\/wp-content\/uploads\/2021\/10\/2021-bildungszentrum-elwertstr-5-798x1024.jpg 798w, http:\/\/einsiedel-architekten.de\/cms\/wp-content\/uploads\/2021\/10\/2021-bildungszentrum-elwertstr-5-768x985.jpg 768w, http:\/\/einsiedel-architekten.de\/cms\/wp-content\/uploads\/2021\/10\/2021-bildungszentrum-elwertstr-5-500x641.jpg 500w, http:\/\/einsiedel-architekten.de\/cms\/wp-content\/uploads\/2021\/10\/2021-bildungszentrum-elwertstr-5-800x1026.jpg 800w, http:\/\/einsiedel-architekten.de\/cms\/wp-content\/uploads\/2021\/10\/2021-bildungszentrum-elwertstr-5-1280x1642.jpg 1280w, http:\/\/einsiedel-architekten.de\/cms\/wp-content\/uploads\/2021\/10\/2021-bildungszentrum-elwertstr-5-1198x1536.jpg 1198w, http:\/\/einsiedel-architekten.de\/cms\/wp-content\/uploads\/2021\/10\/2021-bildungszentrum-elwertstr-5-1597x2048.jpg 1597w, http:\/\/einsiedel-architekten.de\/cms\/wp-content\/uploads\/2021\/10\/2021-bildungszentrum-elwertstr-5-515x660.jpg 515w, http:\/\/einsiedel-architekten.de\/cms\/wp-content\/uploads\/2021\/10\/2021-bildungszentrum-elwertstr-5-scaled.jpg 1996w\" sizes=\"auto, (max-width: 1920px) 100vw, 1920px\" \/><\/noscript><img decoding=\"async\" width=\"1920\" height=\"2462\" src=\"http:\/\/einsiedel-architekten.de\/cms\/wp-content\/uploads\/2021\/10\/2021-bildungszentrum-elwertstr-5-1920x2462.jpg\" class=\"wp-image-2008 vp-lazyload\" alt srcset=\"data:image\/svg+xml;base64,PHN2ZyB3aWR0aD0iMTkyMCIgaGVpZ2h0PSIyNDYyIiB2aWV3Qm94PSIwIDAgMTkyMCAyNDYyIiBmaWxsPSJub25lIiB4bWxucz0iaHR0cDovL3d3dy53My5vcmcvMjAwMC9zdmciPjwvc3ZnPg==\" data-src=\"http:\/\/einsiedel-architekten.de\/cms\/wp-content\/uploads\/2021\/10\/2021-bildungszentrum-elwertstr-5-1920x2462.jpg\" data-srcset=\"http:\/\/einsiedel-architekten.de\/cms\/wp-content\/uploads\/2021\/10\/2021-bildungszentrum-elwertstr-5-1920x2462.jpg 1920w, http:\/\/einsiedel-architekten.de\/cms\/wp-content\/uploads\/2021\/10\/2021-bildungszentrum-elwertstr-5-234x300.jpg 234w, http:\/\/einsiedel-architekten.de\/cms\/wp-content\/uploads\/2021\/10\/2021-bildungszentrum-elwertstr-5-798x1024.jpg 798w, http:\/\/einsiedel-architekten.de\/cms\/wp-content\/uploads\/2021\/10\/2021-bildungszentrum-elwertstr-5-768x985.jpg 768w, http:\/\/einsiedel-architekten.de\/cms\/wp-content\/uploads\/2021\/10\/2021-bildungszentrum-elwertstr-5-500x641.jpg 500w, http:\/\/einsiedel-architekten.de\/cms\/wp-content\/uploads\/2021\/10\/2021-bildungszentrum-elwertstr-5-800x1026.jpg 800w, http:\/\/einsiedel-architekten.de\/cms\/wp-content\/uploads\/2021\/10\/2021-bildungszentrum-elwertstr-5-1280x1642.jpg 1280w, http:\/\/einsiedel-architekten.de\/cms\/wp-content\/uploads\/2021\/10\/2021-bildungszentrum-elwertstr-5-1198x1536.jpg 1198w, http:\/\/einsiedel-architekten.de\/cms\/wp-content\/uploads\/2021\/10\/2021-bildungszentrum-elwertstr-5-1597x2048.jpg 1597w, http:\/\/einsiedel-architekten.de\/cms\/wp-content\/uploads\/2021\/10\/2021-bildungszentrum-elwertstr-5-515x660.jpg 515w, http:\/\/einsiedel-architekten.de\/cms\/wp-content\/uploads\/2021\/10\/2021-bildungszentrum-elwertstr-5-scaled.jpg 1996w\" data-sizes=\"auto\" loading=\"eager\">\n\t\t<div class=\"vp-portfolio__item-overlay\">\n\t\t\t\t\t<\/div>\n\n\t\t<\/a>\t<\/div>\n<\/div>\n\n\t\t\t<\/figure>\n\t\t\t\t\t<\/div>\n\t\t\n\t\t<div\t\tclass=\"vp-portfolio__item-wrap vp-portfolio__item-uid-7ef7ff74\" data-vp-filter=\"\" \t\t>\n\t\t\t<template class=\"vp-portfolio__item-popup\" data-vp-popup-img=\"http:\/\/einsiedel-architekten.de\/cms\/wp-content\/uploads\/2021\/10\/2021-bildungszentrum-elwertstr-1-1920x1151.jpg\" data-vp-popup-img-srcset=\"http:\/\/einsiedel-architekten.de\/cms\/wp-content\/uploads\/2021\/10\/2021-bildungszentrum-elwertstr-1-1920x1151.jpg 1920w, http:\/\/einsiedel-architekten.de\/cms\/wp-content\/uploads\/2021\/10\/2021-bildungszentrum-elwertstr-1-300x180.jpg 300w, http:\/\/einsiedel-architekten.de\/cms\/wp-content\/uploads\/2021\/10\/2021-bildungszentrum-elwertstr-1-1024x614.jpg 1024w, http:\/\/einsiedel-architekten.de\/cms\/wp-content\/uploads\/2021\/10\/2021-bildungszentrum-elwertstr-1-768x460.jpg 768w, http:\/\/einsiedel-architekten.de\/cms\/wp-content\/uploads\/2021\/10\/2021-bildungszentrum-elwertstr-1-500x300.jpg 500w, http:\/\/einsiedel-architekten.de\/cms\/wp-content\/uploads\/2021\/10\/2021-bildungszentrum-elwertstr-1-800x479.jpg 800w, http:\/\/einsiedel-architekten.de\/cms\/wp-content\/uploads\/2021\/10\/2021-bildungszentrum-elwertstr-1-1280x767.jpg 1280w, http:\/\/einsiedel-architekten.de\/cms\/wp-content\/uploads\/2021\/10\/2021-bildungszentrum-elwertstr-1-1536x920.jpg 1536w, http:\/\/einsiedel-architekten.de\/cms\/wp-content\/uploads\/2021\/10\/2021-bildungszentrum-elwertstr-1-2048x1227.jpg 2048w, http:\/\/einsiedel-architekten.de\/cms\/wp-content\/uploads\/2021\/10\/2021-bildungszentrum-elwertstr-1-1101x660.jpg 1101w\" data-vp-popup-img-size=\"1920x1151\" data-vp-popup-md-img=\"http:\/\/einsiedel-architekten.de\/cms\/wp-content\/uploads\/2021\/10\/2021-bildungszentrum-elwertstr-1-800x479.jpg\" data-vp-popup-md-img-size=\"800x479\" data-vp-popup-sm-img=\"http:\/\/einsiedel-architekten.de\/cms\/wp-content\/uploads\/2021\/10\/2021-bildungszentrum-elwertstr-1-500x300.jpg\" data-vp-popup-sm-img-size=\"500x300\">\n\t<\/template>\n\t\t\t\t\t\t<figure class=\"vp-portfolio__item\">\n\t\t\t\t\n<div class=\"vp-portfolio__item-img-wrap\">\n\t<div class=\"vp-portfolio__item-img\">\n\t\t\t<a\n\t\thref=\"http:\/\/einsiedel-architekten.de\/cms\/wp-content\/uploads\/2021\/10\/2021-bildungszentrum-elwertstr-1-1920x1151.jpg\"\n\t\taria-label=\"Open image\" \t data-rel=\"lightbox-image-5\" data-rl_title=\"\" data-rl_caption=\"\" title=\"\">\n\t\n\t\t<noscript><img loading=\"lazy\" decoding=\"async\" width=\"1920\" height=\"1151\" data-skip-lazy src=\"http:\/\/einsiedel-architekten.de\/cms\/wp-content\/uploads\/2021\/10\/2021-bildungszentrum-elwertstr-1-1920x1151.jpg\" class=\"wp-image-2004\" alt=\"\" srcset=\"http:\/\/einsiedel-architekten.de\/cms\/wp-content\/uploads\/2021\/10\/2021-bildungszentrum-elwertstr-1-1920x1151.jpg 1920w, http:\/\/einsiedel-architekten.de\/cms\/wp-content\/uploads\/2021\/10\/2021-bildungszentrum-elwertstr-1-300x180.jpg 300w, http:\/\/einsiedel-architekten.de\/cms\/wp-content\/uploads\/2021\/10\/2021-bildungszentrum-elwertstr-1-1024x614.jpg 1024w, http:\/\/einsiedel-architekten.de\/cms\/wp-content\/uploads\/2021\/10\/2021-bildungszentrum-elwertstr-1-768x460.jpg 768w, http:\/\/einsiedel-architekten.de\/cms\/wp-content\/uploads\/2021\/10\/2021-bildungszentrum-elwertstr-1-500x300.jpg 500w, http:\/\/einsiedel-architekten.de\/cms\/wp-content\/uploads\/2021\/10\/2021-bildungszentrum-elwertstr-1-800x479.jpg 800w, http:\/\/einsiedel-architekten.de\/cms\/wp-content\/uploads\/2021\/10\/2021-bildungszentrum-elwertstr-1-1280x767.jpg 1280w, http:\/\/einsiedel-architekten.de\/cms\/wp-content\/uploads\/2021\/10\/2021-bildungszentrum-elwertstr-1-1536x920.jpg 1536w, http:\/\/einsiedel-architekten.de\/cms\/wp-content\/uploads\/2021\/10\/2021-bildungszentrum-elwertstr-1-2048x1227.jpg 2048w, http:\/\/einsiedel-architekten.de\/cms\/wp-content\/uploads\/2021\/10\/2021-bildungszentrum-elwertstr-1-1101x660.jpg 1101w\" sizes=\"auto, (max-width: 1920px) 100vw, 1920px\" \/><\/noscript><img decoding=\"async\" width=\"1920\" height=\"1151\" src=\"http:\/\/einsiedel-architekten.de\/cms\/wp-content\/uploads\/2021\/10\/2021-bildungszentrum-elwertstr-1-1920x1151.jpg\" class=\"wp-image-2004 vp-lazyload\" alt srcset=\"data:image\/svg+xml;base64,PHN2ZyB3aWR0aD0iMTkyMCIgaGVpZ2h0PSIxMTUxIiB2aWV3Qm94PSIwIDAgMTkyMCAxMTUxIiBmaWxsPSJub25lIiB4bWxucz0iaHR0cDovL3d3dy53My5vcmcvMjAwMC9zdmciPjwvc3ZnPg==\" data-src=\"http:\/\/einsiedel-architekten.de\/cms\/wp-content\/uploads\/2021\/10\/2021-bildungszentrum-elwertstr-1-1920x1151.jpg\" data-srcset=\"http:\/\/einsiedel-architekten.de\/cms\/wp-content\/uploads\/2021\/10\/2021-bildungszentrum-elwertstr-1-1920x1151.jpg 1920w, http:\/\/einsiedel-architekten.de\/cms\/wp-content\/uploads\/2021\/10\/2021-bildungszentrum-elwertstr-1-300x180.jpg 300w, http:\/\/einsiedel-architekten.de\/cms\/wp-content\/uploads\/2021\/10\/2021-bildungszentrum-elwertstr-1-1024x614.jpg 1024w, http:\/\/einsiedel-architekten.de\/cms\/wp-content\/uploads\/2021\/10\/2021-bildungszentrum-elwertstr-1-768x460.jpg 768w, http:\/\/einsiedel-architekten.de\/cms\/wp-content\/uploads\/2021\/10\/2021-bildungszentrum-elwertstr-1-500x300.jpg 500w, http:\/\/einsiedel-architekten.de\/cms\/wp-content\/uploads\/2021\/10\/2021-bildungszentrum-elwertstr-1-800x479.jpg 800w, http:\/\/einsiedel-architekten.de\/cms\/wp-content\/uploads\/2021\/10\/2021-bildungszentrum-elwertstr-1-1280x767.jpg 1280w, http:\/\/einsiedel-architekten.de\/cms\/wp-content\/uploads\/2021\/10\/2021-bildungszentrum-elwertstr-1-1536x920.jpg 1536w, http:\/\/einsiedel-architekten.de\/cms\/wp-content\/uploads\/2021\/10\/2021-bildungszentrum-elwertstr-1-2048x1227.jpg 2048w, http:\/\/einsiedel-architekten.de\/cms\/wp-content\/uploads\/2021\/10\/2021-bildungszentrum-elwertstr-1-1101x660.jpg 1101w\" data-sizes=\"auto\" loading=\"eager\">\n\t\t<div class=\"vp-portfolio__item-overlay\">\n\t\t\t\t\t<\/div>\n\n\t\t<\/a>\t<\/div>\n<\/div>\n\n\t\t\t<\/figure>\n\t\t\t\t\t<\/div>\n\t\t\n\t\t<div\t\tclass=\"vp-portfolio__item-wrap vp-portfolio__item-uid-d759e488\" data-vp-filter=\"\" \t\t>\n\t\t\t<template class=\"vp-portfolio__item-popup\" data-vp-popup-img=\"http:\/\/einsiedel-architekten.de\/cms\/wp-content\/uploads\/2021\/10\/2021-bildungszentrum-elwertstr-3-1920x2476.jpg\" data-vp-popup-img-srcset=\"http:\/\/einsiedel-architekten.de\/cms\/wp-content\/uploads\/2021\/10\/2021-bildungszentrum-elwertstr-3-1920x2476.jpg 1920w, http:\/\/einsiedel-architekten.de\/cms\/wp-content\/uploads\/2021\/10\/2021-bildungszentrum-elwertstr-3-233x300.jpg 233w, http:\/\/einsiedel-architekten.de\/cms\/wp-content\/uploads\/2021\/10\/2021-bildungszentrum-elwertstr-3-794x1024.jpg 794w, http:\/\/einsiedel-architekten.de\/cms\/wp-content\/uploads\/2021\/10\/2021-bildungszentrum-elwertstr-3-768x990.jpg 768w, http:\/\/einsiedel-architekten.de\/cms\/wp-content\/uploads\/2021\/10\/2021-bildungszentrum-elwertstr-3-500x645.jpg 500w, http:\/\/einsiedel-architekten.de\/cms\/wp-content\/uploads\/2021\/10\/2021-bildungszentrum-elwertstr-3-800x1032.jpg 800w, http:\/\/einsiedel-architekten.de\/cms\/wp-content\/uploads\/2021\/10\/2021-bildungszentrum-elwertstr-3-1280x1651.jpg 1280w, http:\/\/einsiedel-architekten.de\/cms\/wp-content\/uploads\/2021\/10\/2021-bildungszentrum-elwertstr-3-1191x1536.jpg 1191w, http:\/\/einsiedel-architekten.de\/cms\/wp-content\/uploads\/2021\/10\/2021-bildungszentrum-elwertstr-3-1588x2048.jpg 1588w, http:\/\/einsiedel-architekten.de\/cms\/wp-content\/uploads\/2021\/10\/2021-bildungszentrum-elwertstr-3-512x660.jpg 512w, http:\/\/einsiedel-architekten.de\/cms\/wp-content\/uploads\/2021\/10\/2021-bildungszentrum-elwertstr-3-scaled.jpg 1985w\" data-vp-popup-img-size=\"1920x2476\" data-vp-popup-md-img=\"http:\/\/einsiedel-architekten.de\/cms\/wp-content\/uploads\/2021\/10\/2021-bildungszentrum-elwertstr-3-800x1032.jpg\" data-vp-popup-md-img-size=\"800x1032\" data-vp-popup-sm-img=\"http:\/\/einsiedel-architekten.de\/cms\/wp-content\/uploads\/2021\/10\/2021-bildungszentrum-elwertstr-3-500x645.jpg\" data-vp-popup-sm-img-size=\"500x645\">\n\t<\/template>\n\t\t\t\t\t\t<figure class=\"vp-portfolio__item\">\n\t\t\t\t\n<div class=\"vp-portfolio__item-img-wrap\">\n\t<div class=\"vp-portfolio__item-img\">\n\t\t\t<a\n\t\thref=\"http:\/\/einsiedel-architekten.de\/cms\/wp-content\/uploads\/2021\/10\/2021-bildungszentrum-elwertstr-3-1920x2476.jpg\"\n\t\taria-label=\"Open image\" \t data-rel=\"lightbox-image-6\" data-rl_title=\"\" data-rl_caption=\"\" title=\"\">\n\t\n\t\t<noscript><img loading=\"lazy\" decoding=\"async\" width=\"1920\" height=\"2476\" data-skip-lazy src=\"http:\/\/einsiedel-architekten.de\/cms\/wp-content\/uploads\/2021\/10\/2021-bildungszentrum-elwertstr-3-1920x2476.jpg\" class=\"wp-image-2006\" alt=\"\" srcset=\"http:\/\/einsiedel-architekten.de\/cms\/wp-content\/uploads\/2021\/10\/2021-bildungszentrum-elwertstr-3-1920x2476.jpg 1920w, http:\/\/einsiedel-architekten.de\/cms\/wp-content\/uploads\/2021\/10\/2021-bildungszentrum-elwertstr-3-233x300.jpg 233w, http:\/\/einsiedel-architekten.de\/cms\/wp-content\/uploads\/2021\/10\/2021-bildungszentrum-elwertstr-3-794x1024.jpg 794w, http:\/\/einsiedel-architekten.de\/cms\/wp-content\/uploads\/2021\/10\/2021-bildungszentrum-elwertstr-3-768x990.jpg 768w, http:\/\/einsiedel-architekten.de\/cms\/wp-content\/uploads\/2021\/10\/2021-bildungszentrum-elwertstr-3-500x645.jpg 500w, http:\/\/einsiedel-architekten.de\/cms\/wp-content\/uploads\/2021\/10\/2021-bildungszentrum-elwertstr-3-800x1032.jpg 800w, http:\/\/einsiedel-architekten.de\/cms\/wp-content\/uploads\/2021\/10\/2021-bildungszentrum-elwertstr-3-1280x1651.jpg 1280w, http:\/\/einsiedel-architekten.de\/cms\/wp-content\/uploads\/2021\/10\/2021-bildungszentrum-elwertstr-3-1191x1536.jpg 1191w, http:\/\/einsiedel-architekten.de\/cms\/wp-content\/uploads\/2021\/10\/2021-bildungszentrum-elwertstr-3-1588x2048.jpg 1588w, http:\/\/einsiedel-architekten.de\/cms\/wp-content\/uploads\/2021\/10\/2021-bildungszentrum-elwertstr-3-512x660.jpg 512w, http:\/\/einsiedel-architekten.de\/cms\/wp-content\/uploads\/2021\/10\/2021-bildungszentrum-elwertstr-3-scaled.jpg 1985w\" sizes=\"auto, (max-width: 1920px) 100vw, 1920px\" \/><\/noscript><img decoding=\"async\" width=\"1920\" height=\"2476\" src=\"http:\/\/einsiedel-architekten.de\/cms\/wp-content\/uploads\/2021\/10\/2021-bildungszentrum-elwertstr-3-1920x2476.jpg\" class=\"wp-image-2006 vp-lazyload\" alt srcset=\"data:image\/svg+xml;base64,PHN2ZyB3aWR0aD0iMTkyMCIgaGVpZ2h0PSIyNDc2IiB2aWV3Qm94PSIwIDAgMTkyMCAyNDc2IiBmaWxsPSJub25lIiB4bWxucz0iaHR0cDovL3d3dy53My5vcmcvMjAwMC9zdmciPjwvc3ZnPg==\" data-src=\"http:\/\/einsiedel-architekten.de\/cms\/wp-content\/uploads\/2021\/10\/2021-bildungszentrum-elwertstr-3-1920x2476.jpg\" data-srcset=\"http:\/\/einsiedel-architekten.de\/cms\/wp-content\/uploads\/2021\/10\/2021-bildungszentrum-elwertstr-3-1920x2476.jpg 1920w, http:\/\/einsiedel-architekten.de\/cms\/wp-content\/uploads\/2021\/10\/2021-bildungszentrum-elwertstr-3-233x300.jpg 233w, http:\/\/einsiedel-architekten.de\/cms\/wp-content\/uploads\/2021\/10\/2021-bildungszentrum-elwertstr-3-794x1024.jpg 794w, http:\/\/einsiedel-architekten.de\/cms\/wp-content\/uploads\/2021\/10\/2021-bildungszentrum-elwertstr-3-768x990.jpg 768w, http:\/\/einsiedel-architekten.de\/cms\/wp-content\/uploads\/2021\/10\/2021-bildungszentrum-elwertstr-3-500x645.jpg 500w, http:\/\/einsiedel-architekten.de\/cms\/wp-content\/uploads\/2021\/10\/2021-bildungszentrum-elwertstr-3-800x1032.jpg 800w, http:\/\/einsiedel-architekten.de\/cms\/wp-content\/uploads\/2021\/10\/2021-bildungszentrum-elwertstr-3-1280x1651.jpg 1280w, http:\/\/einsiedel-architekten.de\/cms\/wp-content\/uploads\/2021\/10\/2021-bildungszentrum-elwertstr-3-1191x1536.jpg 1191w, http:\/\/einsiedel-architekten.de\/cms\/wp-content\/uploads\/2021\/10\/2021-bildungszentrum-elwertstr-3-1588x2048.jpg 1588w, http:\/\/einsiedel-architekten.de\/cms\/wp-content\/uploads\/2021\/10\/2021-bildungszentrum-elwertstr-3-512x660.jpg 512w, http:\/\/einsiedel-architekten.de\/cms\/wp-content\/uploads\/2021\/10\/2021-bildungszentrum-elwertstr-3-scaled.jpg 1985w\" data-sizes=\"auto\" loading=\"eager\">\n\t\t<div class=\"vp-portfolio__item-overlay\">\n\t\t\t\t\t<\/div>\n\n\t\t<\/a>\t<\/div>\n<\/div>\n\n\t\t\t<\/figure>\n\t\t\t\t\t<\/div>\n\t\t\n\t\t<div\t\tclass=\"vp-portfolio__item-wrap vp-portfolio__item-uid-f44f3860\" data-vp-filter=\"\" \t\t>\n\t\t\t<template class=\"vp-portfolio__item-popup\" data-vp-popup-img=\"http:\/\/einsiedel-architekten.de\/cms\/wp-content\/uploads\/2021\/10\/2021-bildungszentrum-elwertstr-9-1920x2480.jpg\" data-vp-popup-img-srcset=\"http:\/\/einsiedel-architekten.de\/cms\/wp-content\/uploads\/2021\/10\/2021-bildungszentrum-elwertstr-9-1920x2480.jpg 1920w, http:\/\/einsiedel-architekten.de\/cms\/wp-content\/uploads\/2021\/10\/2021-bildungszentrum-elwertstr-9-232x300.jpg 232w, http:\/\/einsiedel-architekten.de\/cms\/wp-content\/uploads\/2021\/10\/2021-bildungszentrum-elwertstr-9-793x1024.jpg 793w, http:\/\/einsiedel-architekten.de\/cms\/wp-content\/uploads\/2021\/10\/2021-bildungszentrum-elwertstr-9-768x992.jpg 768w, http:\/\/einsiedel-architekten.de\/cms\/wp-content\/uploads\/2021\/10\/2021-bildungszentrum-elwertstr-9-500x646.jpg 500w, http:\/\/einsiedel-architekten.de\/cms\/wp-content\/uploads\/2021\/10\/2021-bildungszentrum-elwertstr-9-800x1033.jpg 800w, http:\/\/einsiedel-architekten.de\/cms\/wp-content\/uploads\/2021\/10\/2021-bildungszentrum-elwertstr-9-1280x1654.jpg 1280w, http:\/\/einsiedel-architekten.de\/cms\/wp-content\/uploads\/2021\/10\/2021-bildungszentrum-elwertstr-9-1189x1536.jpg 1189w, http:\/\/einsiedel-architekten.de\/cms\/wp-content\/uploads\/2021\/10\/2021-bildungszentrum-elwertstr-9-1585x2048.jpg 1585w, http:\/\/einsiedel-architekten.de\/cms\/wp-content\/uploads\/2021\/10\/2021-bildungszentrum-elwertstr-9-511x660.jpg 511w, http:\/\/einsiedel-architekten.de\/cms\/wp-content\/uploads\/2021\/10\/2021-bildungszentrum-elwertstr-9-scaled.jpg 1982w\" data-vp-popup-img-size=\"1920x2480\" data-vp-popup-md-img=\"http:\/\/einsiedel-architekten.de\/cms\/wp-content\/uploads\/2021\/10\/2021-bildungszentrum-elwertstr-9-800x1033.jpg\" data-vp-popup-md-img-size=\"800x1033\" data-vp-popup-sm-img=\"http:\/\/einsiedel-architekten.de\/cms\/wp-content\/uploads\/2021\/10\/2021-bildungszentrum-elwertstr-9-500x646.jpg\" data-vp-popup-sm-img-size=\"500x646\">\n\t<\/template>\n\t\t\t\t\t\t<figure class=\"vp-portfolio__item\">\n\t\t\t\t\n<div class=\"vp-portfolio__item-img-wrap\">\n\t<div class=\"vp-portfolio__item-img\">\n\t\t\t<a\n\t\thref=\"http:\/\/einsiedel-architekten.de\/cms\/wp-content\/uploads\/2021\/10\/2021-bildungszentrum-elwertstr-9-1920x2480.jpg\"\n\t\taria-label=\"Open image\" \t data-rel=\"lightbox-image-7\" data-rl_title=\"\" data-rl_caption=\"\" title=\"\">\n\t\n\t\t<noscript><img loading=\"lazy\" decoding=\"async\" width=\"1920\" height=\"2480\" data-skip-lazy src=\"http:\/\/einsiedel-architekten.de\/cms\/wp-content\/uploads\/2021\/10\/2021-bildungszentrum-elwertstr-9-1920x2480.jpg\" class=\"wp-image-2012\" alt=\"\" srcset=\"http:\/\/einsiedel-architekten.de\/cms\/wp-content\/uploads\/2021\/10\/2021-bildungszentrum-elwertstr-9-1920x2480.jpg 1920w, http:\/\/einsiedel-architekten.de\/cms\/wp-content\/uploads\/2021\/10\/2021-bildungszentrum-elwertstr-9-232x300.jpg 232w, http:\/\/einsiedel-architekten.de\/cms\/wp-content\/uploads\/2021\/10\/2021-bildungszentrum-elwertstr-9-793x1024.jpg 793w, http:\/\/einsiedel-architekten.de\/cms\/wp-content\/uploads\/2021\/10\/2021-bildungszentrum-elwertstr-9-768x992.jpg 768w, http:\/\/einsiedel-architekten.de\/cms\/wp-content\/uploads\/2021\/10\/2021-bildungszentrum-elwertstr-9-500x646.jpg 500w, http:\/\/einsiedel-architekten.de\/cms\/wp-content\/uploads\/2021\/10\/2021-bildungszentrum-elwertstr-9-800x1033.jpg 800w, http:\/\/einsiedel-architekten.de\/cms\/wp-content\/uploads\/2021\/10\/2021-bildungszentrum-elwertstr-9-1280x1654.jpg 1280w, http:\/\/einsiedel-architekten.de\/cms\/wp-content\/uploads\/2021\/10\/2021-bildungszentrum-elwertstr-9-1189x1536.jpg 1189w, http:\/\/einsiedel-architekten.de\/cms\/wp-content\/uploads\/2021\/10\/2021-bildungszentrum-elwertstr-9-1585x2048.jpg 1585w, http:\/\/einsiedel-architekten.de\/cms\/wp-content\/uploads\/2021\/10\/2021-bildungszentrum-elwertstr-9-511x660.jpg 511w, http:\/\/einsiedel-architekten.de\/cms\/wp-content\/uploads\/2021\/10\/2021-bildungszentrum-elwertstr-9-scaled.jpg 1982w\" sizes=\"auto, (max-width: 1920px) 100vw, 1920px\" \/><\/noscript><img decoding=\"async\" width=\"1920\" height=\"2480\" src=\"http:\/\/einsiedel-architekten.de\/cms\/wp-content\/uploads\/2021\/10\/2021-bildungszentrum-elwertstr-9-1920x2480.jpg\" class=\"wp-image-2012 vp-lazyload\" alt srcset=\"data:image\/svg+xml;base64,PHN2ZyB3aWR0aD0iMTkyMCIgaGVpZ2h0PSIyNDgwIiB2aWV3Qm94PSIwIDAgMTkyMCAyNDgwIiBmaWxsPSJub25lIiB4bWxucz0iaHR0cDovL3d3dy53My5vcmcvMjAwMC9zdmciPjwvc3ZnPg==\" data-src=\"http:\/\/einsiedel-architekten.de\/cms\/wp-content\/uploads\/2021\/10\/2021-bildungszentrum-elwertstr-9-1920x2480.jpg\" data-srcset=\"http:\/\/einsiedel-architekten.de\/cms\/wp-content\/uploads\/2021\/10\/2021-bildungszentrum-elwertstr-9-1920x2480.jpg 1920w, http:\/\/einsiedel-architekten.de\/cms\/wp-content\/uploads\/2021\/10\/2021-bildungszentrum-elwertstr-9-232x300.jpg 232w, http:\/\/einsiedel-architekten.de\/cms\/wp-content\/uploads\/2021\/10\/2021-bildungszentrum-elwertstr-9-793x1024.jpg 793w, http:\/\/einsiedel-architekten.de\/cms\/wp-content\/uploads\/2021\/10\/2021-bildungszentrum-elwertstr-9-768x992.jpg 768w, http:\/\/einsiedel-architekten.de\/cms\/wp-content\/uploads\/2021\/10\/2021-bildungszentrum-elwertstr-9-500x646.jpg 500w, http:\/\/einsiedel-architekten.de\/cms\/wp-content\/uploads\/2021\/10\/2021-bildungszentrum-elwertstr-9-800x1033.jpg 800w, http:\/\/einsiedel-architekten.de\/cms\/wp-content\/uploads\/2021\/10\/2021-bildungszentrum-elwertstr-9-1280x1654.jpg 1280w, http:\/\/einsiedel-architekten.de\/cms\/wp-content\/uploads\/2021\/10\/2021-bildungszentrum-elwertstr-9-1189x1536.jpg 1189w, http:\/\/einsiedel-architekten.de\/cms\/wp-content\/uploads\/2021\/10\/2021-bildungszentrum-elwertstr-9-1585x2048.jpg 1585w, http:\/\/einsiedel-architekten.de\/cms\/wp-content\/uploads\/2021\/10\/2021-bildungszentrum-elwertstr-9-511x660.jpg 511w, http:\/\/einsiedel-architekten.de\/cms\/wp-content\/uploads\/2021\/10\/2021-bildungszentrum-elwertstr-9-scaled.jpg 1982w\" data-sizes=\"auto\" loading=\"eager\">\n\t\t<div class=\"vp-portfolio__item-overlay\">\n\t\t\t\t\t<\/div>\n\n\t\t<\/a>\t<\/div>\n<\/div>\n\n\t\t\t<\/figure>\n\t\t\t\t\t<\/div>\n\t\t\n\t\t<div\t\tclass=\"vp-portfolio__item-wrap vp-portfolio__item-uid-ef16fe0b\" data-vp-filter=\"\" \t\t>\n\t\t\t<template class=\"vp-portfolio__item-popup\" data-vp-popup-img=\"http:\/\/einsiedel-architekten.de\/cms\/wp-content\/uploads\/2021\/10\/2021-bildungszentrum-elwertstr-8-1920x2478.jpg\" data-vp-popup-img-srcset=\"http:\/\/einsiedel-architekten.de\/cms\/wp-content\/uploads\/2021\/10\/2021-bildungszentrum-elwertstr-8-1920x2478.jpg 1920w, http:\/\/einsiedel-architekten.de\/cms\/wp-content\/uploads\/2021\/10\/2021-bildungszentrum-elwertstr-8-232x300.jpg 232w, http:\/\/einsiedel-architekten.de\/cms\/wp-content\/uploads\/2021\/10\/2021-bildungszentrum-elwertstr-8-794x1024.jpg 794w, http:\/\/einsiedel-architekten.de\/cms\/wp-content\/uploads\/2021\/10\/2021-bildungszentrum-elwertstr-8-768x991.jpg 768w, http:\/\/einsiedel-architekten.de\/cms\/wp-content\/uploads\/2021\/10\/2021-bildungszentrum-elwertstr-8-500x645.jpg 500w, http:\/\/einsiedel-architekten.de\/cms\/wp-content\/uploads\/2021\/10\/2021-bildungszentrum-elwertstr-8-800x1032.jpg 800w, http:\/\/einsiedel-architekten.de\/cms\/wp-content\/uploads\/2021\/10\/2021-bildungszentrum-elwertstr-8-1280x1652.jpg 1280w, http:\/\/einsiedel-architekten.de\/cms\/wp-content\/uploads\/2021\/10\/2021-bildungszentrum-elwertstr-8-1190x1536.jpg 1190w, http:\/\/einsiedel-architekten.de\/cms\/wp-content\/uploads\/2021\/10\/2021-bildungszentrum-elwertstr-8-1587x2048.jpg 1587w, http:\/\/einsiedel-architekten.de\/cms\/wp-content\/uploads\/2021\/10\/2021-bildungszentrum-elwertstr-8-511x660.jpg 511w, http:\/\/einsiedel-architekten.de\/cms\/wp-content\/uploads\/2021\/10\/2021-bildungszentrum-elwertstr-8-scaled.jpg 1984w\" data-vp-popup-img-size=\"1920x2478\" data-vp-popup-md-img=\"http:\/\/einsiedel-architekten.de\/cms\/wp-content\/uploads\/2021\/10\/2021-bildungszentrum-elwertstr-8-800x1032.jpg\" data-vp-popup-md-img-size=\"800x1032\" data-vp-popup-sm-img=\"http:\/\/einsiedel-architekten.de\/cms\/wp-content\/uploads\/2021\/10\/2021-bildungszentrum-elwertstr-8-500x645.jpg\" data-vp-popup-sm-img-size=\"500x645\">\n\t<\/template>\n\t\t\t\t\t\t<figure class=\"vp-portfolio__item\">\n\t\t\t\t\n<div class=\"vp-portfolio__item-img-wrap\">\n\t<div class=\"vp-portfolio__item-img\">\n\t\t\t<a\n\t\thref=\"http:\/\/einsiedel-architekten.de\/cms\/wp-content\/uploads\/2021\/10\/2021-bildungszentrum-elwertstr-8-1920x2478.jpg\"\n\t\taria-label=\"Open image\" \t data-rel=\"lightbox-image-8\" data-rl_title=\"\" data-rl_caption=\"\" title=\"\">\n\t\n\t\t<noscript><img loading=\"lazy\" decoding=\"async\" width=\"1920\" height=\"2478\" data-skip-lazy src=\"http:\/\/einsiedel-architekten.de\/cms\/wp-content\/uploads\/2021\/10\/2021-bildungszentrum-elwertstr-8-1920x2478.jpg\" class=\"wp-image-2011\" alt=\"\" srcset=\"http:\/\/einsiedel-architekten.de\/cms\/wp-content\/uploads\/2021\/10\/2021-bildungszentrum-elwertstr-8-1920x2478.jpg 1920w, http:\/\/einsiedel-architekten.de\/cms\/wp-content\/uploads\/2021\/10\/2021-bildungszentrum-elwertstr-8-232x300.jpg 232w, http:\/\/einsiedel-architekten.de\/cms\/wp-content\/uploads\/2021\/10\/2021-bildungszentrum-elwertstr-8-794x1024.jpg 794w, http:\/\/einsiedel-architekten.de\/cms\/wp-content\/uploads\/2021\/10\/2021-bildungszentrum-elwertstr-8-768x991.jpg 768w, http:\/\/einsiedel-architekten.de\/cms\/wp-content\/uploads\/2021\/10\/2021-bildungszentrum-elwertstr-8-500x645.jpg 500w, http:\/\/einsiedel-architekten.de\/cms\/wp-content\/uploads\/2021\/10\/2021-bildungszentrum-elwertstr-8-800x1032.jpg 800w, http:\/\/einsiedel-architekten.de\/cms\/wp-content\/uploads\/2021\/10\/2021-bildungszentrum-elwertstr-8-1280x1652.jpg 1280w, http:\/\/einsiedel-architekten.de\/cms\/wp-content\/uploads\/2021\/10\/2021-bildungszentrum-elwertstr-8-1190x1536.jpg 1190w, http:\/\/einsiedel-architekten.de\/cms\/wp-content\/uploads\/2021\/10\/2021-bildungszentrum-elwertstr-8-1587x2048.jpg 1587w, http:\/\/einsiedel-architekten.de\/cms\/wp-content\/uploads\/2021\/10\/2021-bildungszentrum-elwertstr-8-511x660.jpg 511w, http:\/\/einsiedel-architekten.de\/cms\/wp-content\/uploads\/2021\/10\/2021-bildungszentrum-elwertstr-8-scaled.jpg 1984w\" sizes=\"auto, (max-width: 1920px) 100vw, 1920px\" \/><\/noscript><img decoding=\"async\" width=\"1920\" height=\"2478\" src=\"http:\/\/einsiedel-architekten.de\/cms\/wp-content\/uploads\/2021\/10\/2021-bildungszentrum-elwertstr-8-1920x2478.jpg\" class=\"wp-image-2011 vp-lazyload\" alt srcset=\"data:image\/svg+xml;base64,PHN2ZyB3aWR0aD0iMTkyMCIgaGVpZ2h0PSIyNDc4IiB2aWV3Qm94PSIwIDAgMTkyMCAyNDc4IiBmaWxsPSJub25lIiB4bWxucz0iaHR0cDovL3d3dy53My5vcmcvMjAwMC9zdmciPjwvc3ZnPg==\" data-src=\"http:\/\/einsiedel-architekten.de\/cms\/wp-content\/uploads\/2021\/10\/2021-bildungszentrum-elwertstr-8-1920x2478.jpg\" data-srcset=\"http:\/\/einsiedel-architekten.de\/cms\/wp-content\/uploads\/2021\/10\/2021-bildungszentrum-elwertstr-8-1920x2478.jpg 1920w, http:\/\/einsiedel-architekten.de\/cms\/wp-content\/uploads\/2021\/10\/2021-bildungszentrum-elwertstr-8-232x300.jpg 232w, http:\/\/einsiedel-architekten.de\/cms\/wp-content\/uploads\/2021\/10\/2021-bildungszentrum-elwertstr-8-794x1024.jpg 794w, http:\/\/einsiedel-architekten.de\/cms\/wp-content\/uploads\/2021\/10\/2021-bildungszentrum-elwertstr-8-768x991.jpg 768w, http:\/\/einsiedel-architekten.de\/cms\/wp-content\/uploads\/2021\/10\/2021-bildungszentrum-elwertstr-8-500x645.jpg 500w, http:\/\/einsiedel-architekten.de\/cms\/wp-content\/uploads\/2021\/10\/2021-bildungszentrum-elwertstr-8-800x1032.jpg 800w, http:\/\/einsiedel-architekten.de\/cms\/wp-content\/uploads\/2021\/10\/2021-bildungszentrum-elwertstr-8-1280x1652.jpg 1280w, http:\/\/einsiedel-architekten.de\/cms\/wp-content\/uploads\/2021\/10\/2021-bildungszentrum-elwertstr-8-1190x1536.jpg 1190w, http:\/\/einsiedel-architekten.de\/cms\/wp-content\/uploads\/2021\/10\/2021-bildungszentrum-elwertstr-8-1587x2048.jpg 1587w, http:\/\/einsiedel-architekten.de\/cms\/wp-content\/uploads\/2021\/10\/2021-bildungszentrum-elwertstr-8-511x660.jpg 511w, http:\/\/einsiedel-architekten.de\/cms\/wp-content\/uploads\/2021\/10\/2021-bildungszentrum-elwertstr-8-scaled.jpg 1984w\" data-sizes=\"auto\" loading=\"eager\">\n\t\t<div class=\"vp-portfolio__item-overlay\">\n\t\t\t\t\t<\/div>\n\n\t\t<\/a>\t<\/div>\n<\/div>\n\n\t\t\t<\/figure>\n\t\t\t\t\t<\/div>\n\t\t\n\t\t<div\t\tclass=\"vp-portfolio__item-wrap vp-portfolio__item-uid-d51b13a2\" data-vp-filter=\"\" \t\t>\n\t\t\t<template class=\"vp-portfolio__item-popup\" data-vp-popup-img=\"http:\/\/einsiedel-architekten.de\/cms\/wp-content\/uploads\/2021\/10\/2021-bildungszentrum-elwertstr-12-1920x2450.jpg\" data-vp-popup-img-srcset=\"http:\/\/einsiedel-architekten.de\/cms\/wp-content\/uploads\/2021\/10\/2021-bildungszentrum-elwertstr-12-1920x2450.jpg 1920w, http:\/\/einsiedel-architekten.de\/cms\/wp-content\/uploads\/2021\/10\/2021-bildungszentrum-elwertstr-12-235x300.jpg 235w, http:\/\/einsiedel-architekten.de\/cms\/wp-content\/uploads\/2021\/10\/2021-bildungszentrum-elwertstr-12-803x1024.jpg 803w, http:\/\/einsiedel-architekten.de\/cms\/wp-content\/uploads\/2021\/10\/2021-bildungszentrum-elwertstr-12-768x980.jpg 768w, http:\/\/einsiedel-architekten.de\/cms\/wp-content\/uploads\/2021\/10\/2021-bildungszentrum-elwertstr-12-500x638.jpg 500w, http:\/\/einsiedel-architekten.de\/cms\/wp-content\/uploads\/2021\/10\/2021-bildungszentrum-elwertstr-12-800x1021.jpg 800w, http:\/\/einsiedel-architekten.de\/cms\/wp-content\/uploads\/2021\/10\/2021-bildungszentrum-elwertstr-12-1280x1633.jpg 1280w, http:\/\/einsiedel-architekten.de\/cms\/wp-content\/uploads\/2021\/10\/2021-bildungszentrum-elwertstr-12-1204x1536.jpg 1204w, http:\/\/einsiedel-architekten.de\/cms\/wp-content\/uploads\/2021\/10\/2021-bildungszentrum-elwertstr-12-1605x2048.jpg 1605w, http:\/\/einsiedel-architekten.de\/cms\/wp-content\/uploads\/2021\/10\/2021-bildungszentrum-elwertstr-12-517x660.jpg 517w, http:\/\/einsiedel-architekten.de\/cms\/wp-content\/uploads\/2021\/10\/2021-bildungszentrum-elwertstr-12-scaled.jpg 2006w\" data-vp-popup-img-size=\"1920x2450\" data-vp-popup-md-img=\"http:\/\/einsiedel-architekten.de\/cms\/wp-content\/uploads\/2021\/10\/2021-bildungszentrum-elwertstr-12-800x1021.jpg\" data-vp-popup-md-img-size=\"800x1021\" data-vp-popup-sm-img=\"http:\/\/einsiedel-architekten.de\/cms\/wp-content\/uploads\/2021\/10\/2021-bildungszentrum-elwertstr-12-500x638.jpg\" data-vp-popup-sm-img-size=\"500x638\">\n\t<\/template>\n\t\t\t\t\t\t<figure class=\"vp-portfolio__item\">\n\t\t\t\t\n<div class=\"vp-portfolio__item-img-wrap\">\n\t<div class=\"vp-portfolio__item-img\">\n\t\t\t<a\n\t\thref=\"http:\/\/einsiedel-architekten.de\/cms\/wp-content\/uploads\/2021\/10\/2021-bildungszentrum-elwertstr-12-1920x2450.jpg\"\n\t\taria-label=\"Open image\" \t data-rel=\"lightbox-image-9\" data-rl_title=\"\" data-rl_caption=\"\" title=\"\">\n\t\n\t\t<noscript><img loading=\"lazy\" decoding=\"async\" width=\"1920\" height=\"2450\" data-skip-lazy src=\"http:\/\/einsiedel-architekten.de\/cms\/wp-content\/uploads\/2021\/10\/2021-bildungszentrum-elwertstr-12-1920x2450.jpg\" class=\"wp-image-2015\" alt=\"\" srcset=\"http:\/\/einsiedel-architekten.de\/cms\/wp-content\/uploads\/2021\/10\/2021-bildungszentrum-elwertstr-12-1920x2450.jpg 1920w, http:\/\/einsiedel-architekten.de\/cms\/wp-content\/uploads\/2021\/10\/2021-bildungszentrum-elwertstr-12-235x300.jpg 235w, http:\/\/einsiedel-architekten.de\/cms\/wp-content\/uploads\/2021\/10\/2021-bildungszentrum-elwertstr-12-803x1024.jpg 803w, http:\/\/einsiedel-architekten.de\/cms\/wp-content\/uploads\/2021\/10\/2021-bildungszentrum-elwertstr-12-768x980.jpg 768w, http:\/\/einsiedel-architekten.de\/cms\/wp-content\/uploads\/2021\/10\/2021-bildungszentrum-elwertstr-12-500x638.jpg 500w, http:\/\/einsiedel-architekten.de\/cms\/wp-content\/uploads\/2021\/10\/2021-bildungszentrum-elwertstr-12-800x1021.jpg 800w, http:\/\/einsiedel-architekten.de\/cms\/wp-content\/uploads\/2021\/10\/2021-bildungszentrum-elwertstr-12-1280x1633.jpg 1280w, http:\/\/einsiedel-architekten.de\/cms\/wp-content\/uploads\/2021\/10\/2021-bildungszentrum-elwertstr-12-1204x1536.jpg 1204w, http:\/\/einsiedel-architekten.de\/cms\/wp-content\/uploads\/2021\/10\/2021-bildungszentrum-elwertstr-12-1605x2048.jpg 1605w, http:\/\/einsiedel-architekten.de\/cms\/wp-content\/uploads\/2021\/10\/2021-bildungszentrum-elwertstr-12-517x660.jpg 517w, http:\/\/einsiedel-architekten.de\/cms\/wp-content\/uploads\/2021\/10\/2021-bildungszentrum-elwertstr-12-scaled.jpg 2006w\" sizes=\"auto, (max-width: 1920px) 100vw, 1920px\" \/><\/noscript><img decoding=\"async\" width=\"1920\" height=\"2450\" src=\"http:\/\/einsiedel-architekten.de\/cms\/wp-content\/uploads\/2021\/10\/2021-bildungszentrum-elwertstr-12-1920x2450.jpg\" class=\"wp-image-2015 vp-lazyload\" alt srcset=\"data:image\/svg+xml;base64,PHN2ZyB3aWR0aD0iMTkyMCIgaGVpZ2h0PSIyNDUwIiB2aWV3Qm94PSIwIDAgMTkyMCAyNDUwIiBmaWxsPSJub25lIiB4bWxucz0iaHR0cDovL3d3dy53My5vcmcvMjAwMC9zdmciPjwvc3ZnPg==\" data-src=\"http:\/\/einsiedel-architekten.de\/cms\/wp-content\/uploads\/2021\/10\/2021-bildungszentrum-elwertstr-12-1920x2450.jpg\" data-srcset=\"http:\/\/einsiedel-architekten.de\/cms\/wp-content\/uploads\/2021\/10\/2021-bildungszentrum-elwertstr-12-1920x2450.jpg 1920w, http:\/\/einsiedel-architekten.de\/cms\/wp-content\/uploads\/2021\/10\/2021-bildungszentrum-elwertstr-12-235x300.jpg 235w, http:\/\/einsiedel-architekten.de\/cms\/wp-content\/uploads\/2021\/10\/2021-bildungszentrum-elwertstr-12-803x1024.jpg 803w, http:\/\/einsiedel-architekten.de\/cms\/wp-content\/uploads\/2021\/10\/2021-bildungszentrum-elwertstr-12-768x980.jpg 768w, http:\/\/einsiedel-architekten.de\/cms\/wp-content\/uploads\/2021\/10\/2021-bildungszentrum-elwertstr-12-500x638.jpg 500w, http:\/\/einsiedel-architekten.de\/cms\/wp-content\/uploads\/2021\/10\/2021-bildungszentrum-elwertstr-12-800x1021.jpg 800w, http:\/\/einsiedel-architekten.de\/cms\/wp-content\/uploads\/2021\/10\/2021-bildungszentrum-elwertstr-12-1280x1633.jpg 1280w, http:\/\/einsiedel-architekten.de\/cms\/wp-content\/uploads\/2021\/10\/2021-bildungszentrum-elwertstr-12-1204x1536.jpg 1204w, http:\/\/einsiedel-architekten.de\/cms\/wp-content\/uploads\/2021\/10\/2021-bildungszentrum-elwertstr-12-1605x2048.jpg 1605w, http:\/\/einsiedel-architekten.de\/cms\/wp-content\/uploads\/2021\/10\/2021-bildungszentrum-elwertstr-12-517x660.jpg 517w, http:\/\/einsiedel-architekten.de\/cms\/wp-content\/uploads\/2021\/10\/2021-bildungszentrum-elwertstr-12-scaled.jpg 2006w\" data-sizes=\"auto\" loading=\"eager\">\n\t\t<div class=\"vp-portfolio__item-overlay\">\n\t\t\t\t\t<\/div>\n\n\t\t<\/a>\t<\/div>\n<\/div>\n\n\t\t\t<\/figure>\n\t\t\t\t\t<\/div>\n\t\t\n\t\t<div\t\tclass=\"vp-portfolio__item-wrap vp-portfolio__item-uid-0cebe1f9\" data-vp-filter=\"\" \t\t>\n\t\t\t<template class=\"vp-portfolio__item-popup\" data-vp-popup-img=\"http:\/\/einsiedel-architekten.de\/cms\/wp-content\/uploads\/2021\/10\/2021-bildungszentrum-elwertstr-10-1920x552.jpg\" data-vp-popup-img-srcset=\"http:\/\/einsiedel-architekten.de\/cms\/wp-content\/uploads\/2021\/10\/2021-bildungszentrum-elwertstr-10-1920x552.jpg 1920w, http:\/\/einsiedel-architekten.de\/cms\/wp-content\/uploads\/2021\/10\/2021-bildungszentrum-elwertstr-10-300x86.jpg 300w, http:\/\/einsiedel-architekten.de\/cms\/wp-content\/uploads\/2021\/10\/2021-bildungszentrum-elwertstr-10-1024x294.jpg 1024w, http:\/\/einsiedel-architekten.de\/cms\/wp-content\/uploads\/2021\/10\/2021-bildungszentrum-elwertstr-10-768x221.jpg 768w, http:\/\/einsiedel-architekten.de\/cms\/wp-content\/uploads\/2021\/10\/2021-bildungszentrum-elwertstr-10-500x144.jpg 500w, http:\/\/einsiedel-architekten.de\/cms\/wp-content\/uploads\/2021\/10\/2021-bildungszentrum-elwertstr-10-800x230.jpg 800w, http:\/\/einsiedel-architekten.de\/cms\/wp-content\/uploads\/2021\/10\/2021-bildungszentrum-elwertstr-10-1280x368.jpg 1280w, http:\/\/einsiedel-architekten.de\/cms\/wp-content\/uploads\/2021\/10\/2021-bildungszentrum-elwertstr-10-1536x441.jpg 1536w, http:\/\/einsiedel-architekten.de\/cms\/wp-content\/uploads\/2021\/10\/2021-bildungszentrum-elwertstr-10-2048x589.jpg 2048w, http:\/\/einsiedel-architekten.de\/cms\/wp-content\/uploads\/2021\/10\/2021-bildungszentrum-elwertstr-10-1170x336.jpg 1170w\" data-vp-popup-img-size=\"1920x552\" data-vp-popup-md-img=\"http:\/\/einsiedel-architekten.de\/cms\/wp-content\/uploads\/2021\/10\/2021-bildungszentrum-elwertstr-10-800x230.jpg\" data-vp-popup-md-img-size=\"800x230\" data-vp-popup-sm-img=\"http:\/\/einsiedel-architekten.de\/cms\/wp-content\/uploads\/2021\/10\/2021-bildungszentrum-elwertstr-10-500x144.jpg\" data-vp-popup-sm-img-size=\"500x144\">\n\t<\/template>\n\t\t\t\t\t\t<figure class=\"vp-portfolio__item\">\n\t\t\t\t\n<div class=\"vp-portfolio__item-img-wrap\">\n\t<div class=\"vp-portfolio__item-img\">\n\t\t\t<a\n\t\thref=\"http:\/\/einsiedel-architekten.de\/cms\/wp-content\/uploads\/2021\/10\/2021-bildungszentrum-elwertstr-10-1920x552.jpg\"\n\t\taria-label=\"Open image\" \t data-rel=\"lightbox-image-10\" data-rl_title=\"\" data-rl_caption=\"\" title=\"\">\n\t\n\t\t<noscript><img loading=\"lazy\" decoding=\"async\" width=\"1920\" height=\"552\" data-skip-lazy src=\"http:\/\/einsiedel-architekten.de\/cms\/wp-content\/uploads\/2021\/10\/2021-bildungszentrum-elwertstr-10-1920x552.jpg\" class=\"wp-image-2013\" alt=\"\" srcset=\"http:\/\/einsiedel-architekten.de\/cms\/wp-content\/uploads\/2021\/10\/2021-bildungszentrum-elwertstr-10-1920x552.jpg 1920w, http:\/\/einsiedel-architekten.de\/cms\/wp-content\/uploads\/2021\/10\/2021-bildungszentrum-elwertstr-10-300x86.jpg 300w, http:\/\/einsiedel-architekten.de\/cms\/wp-content\/uploads\/2021\/10\/2021-bildungszentrum-elwertstr-10-1024x294.jpg 1024w, http:\/\/einsiedel-architekten.de\/cms\/wp-content\/uploads\/2021\/10\/2021-bildungszentrum-elwertstr-10-768x221.jpg 768w, http:\/\/einsiedel-architekten.de\/cms\/wp-content\/uploads\/2021\/10\/2021-bildungszentrum-elwertstr-10-500x144.jpg 500w, http:\/\/einsiedel-architekten.de\/cms\/wp-content\/uploads\/2021\/10\/2021-bildungszentrum-elwertstr-10-800x230.jpg 800w, http:\/\/einsiedel-architekten.de\/cms\/wp-content\/uploads\/2021\/10\/2021-bildungszentrum-elwertstr-10-1280x368.jpg 1280w, http:\/\/einsiedel-architekten.de\/cms\/wp-content\/uploads\/2021\/10\/2021-bildungszentrum-elwertstr-10-1536x441.jpg 1536w, http:\/\/einsiedel-architekten.de\/cms\/wp-content\/uploads\/2021\/10\/2021-bildungszentrum-elwertstr-10-2048x589.jpg 2048w, http:\/\/einsiedel-architekten.de\/cms\/wp-content\/uploads\/2021\/10\/2021-bildungszentrum-elwertstr-10-1170x336.jpg 1170w\" sizes=\"auto, (max-width: 1920px) 100vw, 1920px\" \/><\/noscript><img decoding=\"async\" width=\"1920\" height=\"552\" src=\"http:\/\/einsiedel-architekten.de\/cms\/wp-content\/uploads\/2021\/10\/2021-bildungszentrum-elwertstr-10-1920x552.jpg\" class=\"wp-image-2013 vp-lazyload\" alt srcset=\"data:image\/svg+xml;base64,PHN2ZyB3aWR0aD0iMTkyMCIgaGVpZ2h0PSI1NTIiIHZpZXdCb3g9IjAgMCAxOTIwIDU1MiIgZmlsbD0ibm9uZSIgeG1sbnM9Imh0dHA6Ly93d3cudzMub3JnLzIwMDAvc3ZnIj48L3N2Zz4=\" data-src=\"http:\/\/einsiedel-architekten.de\/cms\/wp-content\/uploads\/2021\/10\/2021-bildungszentrum-elwertstr-10-1920x552.jpg\" data-srcset=\"http:\/\/einsiedel-architekten.de\/cms\/wp-content\/uploads\/2021\/10\/2021-bildungszentrum-elwertstr-10-1920x552.jpg 1920w, http:\/\/einsiedel-architekten.de\/cms\/wp-content\/uploads\/2021\/10\/2021-bildungszentrum-elwertstr-10-300x86.jpg 300w, http:\/\/einsiedel-architekten.de\/cms\/wp-content\/uploads\/2021\/10\/2021-bildungszentrum-elwertstr-10-1024x294.jpg 1024w, http:\/\/einsiedel-architekten.de\/cms\/wp-content\/uploads\/2021\/10\/2021-bildungszentrum-elwertstr-10-768x221.jpg 768w, http:\/\/einsiedel-architekten.de\/cms\/wp-content\/uploads\/2021\/10\/2021-bildungszentrum-elwertstr-10-500x144.jpg 500w, http:\/\/einsiedel-architekten.de\/cms\/wp-content\/uploads\/2021\/10\/2021-bildungszentrum-elwertstr-10-800x230.jpg 800w, http:\/\/einsiedel-architekten.de\/cms\/wp-content\/uploads\/2021\/10\/2021-bildungszentrum-elwertstr-10-1280x368.jpg 1280w, http:\/\/einsiedel-architekten.de\/cms\/wp-content\/uploads\/2021\/10\/2021-bildungszentrum-elwertstr-10-1536x441.jpg 1536w, http:\/\/einsiedel-architekten.de\/cms\/wp-content\/uploads\/2021\/10\/2021-bildungszentrum-elwertstr-10-2048x589.jpg 2048w, http:\/\/einsiedel-architekten.de\/cms\/wp-content\/uploads\/2021\/10\/2021-bildungszentrum-elwertstr-10-1170x336.jpg 1170w\" data-sizes=\"auto\" loading=\"eager\">\n\t\t<div class=\"vp-portfolio__item-overlay\">\n\t\t\t\t\t<\/div>\n\n\t\t<\/a>\t<\/div>\n<\/div>\n\n\t\t\t<\/figure>\n\t\t\t\t\t<\/div>\n\t\t\n\t\t<div\t\tclass=\"vp-portfolio__item-wrap vp-portfolio__item-uid-afef5dea\" data-vp-filter=\"\" \t\t>\n\t\t\t<template class=\"vp-portfolio__item-popup\" data-vp-popup-img=\"http:\/\/einsiedel-architekten.de\/cms\/wp-content\/uploads\/2021\/10\/2021-bildungszentrum-elwertstr-11-1920x741.jpg\" data-vp-popup-img-srcset=\"http:\/\/einsiedel-architekten.de\/cms\/wp-content\/uploads\/2021\/10\/2021-bildungszentrum-elwertstr-11-1920x741.jpg 1920w, http:\/\/einsiedel-architekten.de\/cms\/wp-content\/uploads\/2021\/10\/2021-bildungszentrum-elwertstr-11-300x116.jpg 300w, http:\/\/einsiedel-architekten.de\/cms\/wp-content\/uploads\/2021\/10\/2021-bildungszentrum-elwertstr-11-1024x395.jpg 1024w, http:\/\/einsiedel-architekten.de\/cms\/wp-content\/uploads\/2021\/10\/2021-bildungszentrum-elwertstr-11-768x296.jpg 768w, http:\/\/einsiedel-architekten.de\/cms\/wp-content\/uploads\/2021\/10\/2021-bildungszentrum-elwertstr-11-500x193.jpg 500w, http:\/\/einsiedel-architekten.de\/cms\/wp-content\/uploads\/2021\/10\/2021-bildungszentrum-elwertstr-11-800x309.jpg 800w, http:\/\/einsiedel-architekten.de\/cms\/wp-content\/uploads\/2021\/10\/2021-bildungszentrum-elwertstr-11-1280x494.jpg 1280w, http:\/\/einsiedel-architekten.de\/cms\/wp-content\/uploads\/2021\/10\/2021-bildungszentrum-elwertstr-11-1536x593.jpg 1536w, http:\/\/einsiedel-architekten.de\/cms\/wp-content\/uploads\/2021\/10\/2021-bildungszentrum-elwertstr-11-2048x790.jpg 2048w, http:\/\/einsiedel-architekten.de\/cms\/wp-content\/uploads\/2021\/10\/2021-bildungszentrum-elwertstr-11-1170x451.jpg 1170w\" data-vp-popup-img-size=\"1920x741\" data-vp-popup-md-img=\"http:\/\/einsiedel-architekten.de\/cms\/wp-content\/uploads\/2021\/10\/2021-bildungszentrum-elwertstr-11-800x309.jpg\" data-vp-popup-md-img-size=\"800x309\" data-vp-popup-sm-img=\"http:\/\/einsiedel-architekten.de\/cms\/wp-content\/uploads\/2021\/10\/2021-bildungszentrum-elwertstr-11-500x193.jpg\" data-vp-popup-sm-img-size=\"500x193\">\n\t<\/template>\n\t\t\t\t\t\t<figure class=\"vp-portfolio__item\">\n\t\t\t\t\n<div class=\"vp-portfolio__item-img-wrap\">\n\t<div class=\"vp-portfolio__item-img\">\n\t\t\t<a\n\t\thref=\"http:\/\/einsiedel-architekten.de\/cms\/wp-content\/uploads\/2021\/10\/2021-bildungszentrum-elwertstr-11-1920x741.jpg\"\n\t\taria-label=\"Open image\" \t data-rel=\"lightbox-image-11\" data-rl_title=\"\" data-rl_caption=\"\" title=\"\">\n\t\n\t\t<noscript><img loading=\"lazy\" decoding=\"async\" width=\"1920\" height=\"741\" data-skip-lazy src=\"http:\/\/einsiedel-architekten.de\/cms\/wp-content\/uploads\/2021\/10\/2021-bildungszentrum-elwertstr-11-1920x741.jpg\" class=\"wp-image-2014\" alt=\"\" srcset=\"http:\/\/einsiedel-architekten.de\/cms\/wp-content\/uploads\/2021\/10\/2021-bildungszentrum-elwertstr-11-1920x741.jpg 1920w, http:\/\/einsiedel-architekten.de\/cms\/wp-content\/uploads\/2021\/10\/2021-bildungszentrum-elwertstr-11-300x116.jpg 300w, http:\/\/einsiedel-architekten.de\/cms\/wp-content\/uploads\/2021\/10\/2021-bildungszentrum-elwertstr-11-1024x395.jpg 1024w, http:\/\/einsiedel-architekten.de\/cms\/wp-content\/uploads\/2021\/10\/2021-bildungszentrum-elwertstr-11-768x296.jpg 768w, http:\/\/einsiedel-architekten.de\/cms\/wp-content\/uploads\/2021\/10\/2021-bildungszentrum-elwertstr-11-500x193.jpg 500w, http:\/\/einsiedel-architekten.de\/cms\/wp-content\/uploads\/2021\/10\/2021-bildungszentrum-elwertstr-11-800x309.jpg 800w, http:\/\/einsiedel-architekten.de\/cms\/wp-content\/uploads\/2021\/10\/2021-bildungszentrum-elwertstr-11-1280x494.jpg 1280w, http:\/\/einsiedel-architekten.de\/cms\/wp-content\/uploads\/2021\/10\/2021-bildungszentrum-elwertstr-11-1536x593.jpg 1536w, http:\/\/einsiedel-architekten.de\/cms\/wp-content\/uploads\/2021\/10\/2021-bildungszentrum-elwertstr-11-2048x790.jpg 2048w, http:\/\/einsiedel-architekten.de\/cms\/wp-content\/uploads\/2021\/10\/2021-bildungszentrum-elwertstr-11-1170x451.jpg 1170w\" sizes=\"auto, (max-width: 1920px) 100vw, 1920px\" \/><\/noscript><img decoding=\"async\" width=\"1920\" height=\"741\" src=\"http:\/\/einsiedel-architekten.de\/cms\/wp-content\/uploads\/2021\/10\/2021-bildungszentrum-elwertstr-11-1920x741.jpg\" class=\"wp-image-2014 vp-lazyload\" alt srcset=\"data:image\/svg+xml;base64,PHN2ZyB3aWR0aD0iMTkyMCIgaGVpZ2h0PSI3NDEiIHZpZXdCb3g9IjAgMCAxOTIwIDc0MSIgZmlsbD0ibm9uZSIgeG1sbnM9Imh0dHA6Ly93d3cudzMub3JnLzIwMDAvc3ZnIj48L3N2Zz4=\" data-src=\"http:\/\/einsiedel-architekten.de\/cms\/wp-content\/uploads\/2021\/10\/2021-bildungszentrum-elwertstr-11-1920x741.jpg\" data-srcset=\"http:\/\/einsiedel-architekten.de\/cms\/wp-content\/uploads\/2021\/10\/2021-bildungszentrum-elwertstr-11-1920x741.jpg 1920w, http:\/\/einsiedel-architekten.de\/cms\/wp-content\/uploads\/2021\/10\/2021-bildungszentrum-elwertstr-11-300x116.jpg 300w, http:\/\/einsiedel-architekten.de\/cms\/wp-content\/uploads\/2021\/10\/2021-bildungszentrum-elwertstr-11-1024x395.jpg 1024w, http:\/\/einsiedel-architekten.de\/cms\/wp-content\/uploads\/2021\/10\/2021-bildungszentrum-elwertstr-11-768x296.jpg 768w, http:\/\/einsiedel-architekten.de\/cms\/wp-content\/uploads\/2021\/10\/2021-bildungszentrum-elwertstr-11-500x193.jpg 500w, http:\/\/einsiedel-architekten.de\/cms\/wp-content\/uploads\/2021\/10\/2021-bildungszentrum-elwertstr-11-800x309.jpg 800w, http:\/\/einsiedel-architekten.de\/cms\/wp-content\/uploads\/2021\/10\/2021-bildungszentrum-elwertstr-11-1280x494.jpg 1280w, http:\/\/einsiedel-architekten.de\/cms\/wp-content\/uploads\/2021\/10\/2021-bildungszentrum-elwertstr-11-1536x593.jpg 1536w, http:\/\/einsiedel-architekten.de\/cms\/wp-content\/uploads\/2021\/10\/2021-bildungszentrum-elwertstr-11-2048x790.jpg 2048w, http:\/\/einsiedel-architekten.de\/cms\/wp-content\/uploads\/2021\/10\/2021-bildungszentrum-elwertstr-11-1170x451.jpg 1170w\" data-sizes=\"auto\" loading=\"eager\">\n\t\t<div class=\"vp-portfolio__item-overlay\">\n\t\t\t\t\t<\/div>\n\n\t\t<\/a>\t<\/div>\n<\/div>\n\n\t\t\t<\/figure>\n\t\t\t\t\t<\/div>\n\t\t\n\t\t<div\t\tclass=\"vp-portfolio__item-wrap vp-portfolio__item-uid-ef22e323\" data-vp-filter=\"\" \t\t>\n\t\t\t<template class=\"vp-portfolio__item-popup\" data-vp-popup-img=\"http:\/\/einsiedel-architekten.de\/cms\/wp-content\/uploads\/2021\/10\/2021-bildungszentrum-elwertstr-7-1920x595.jpg\" data-vp-popup-img-srcset=\"http:\/\/einsiedel-architekten.de\/cms\/wp-content\/uploads\/2021\/10\/2021-bildungszentrum-elwertstr-7-1920x595.jpg 1920w, http:\/\/einsiedel-architekten.de\/cms\/wp-content\/uploads\/2021\/10\/2021-bildungszentrum-elwertstr-7-300x93.jpg 300w, http:\/\/einsiedel-architekten.de\/cms\/wp-content\/uploads\/2021\/10\/2021-bildungszentrum-elwertstr-7-1024x317.jpg 1024w, http:\/\/einsiedel-architekten.de\/cms\/wp-content\/uploads\/2021\/10\/2021-bildungszentrum-elwertstr-7-768x238.jpg 768w, http:\/\/einsiedel-architekten.de\/cms\/wp-content\/uploads\/2021\/10\/2021-bildungszentrum-elwertstr-7-500x155.jpg 500w, http:\/\/einsiedel-architekten.de\/cms\/wp-content\/uploads\/2021\/10\/2021-bildungszentrum-elwertstr-7-800x248.jpg 800w, http:\/\/einsiedel-architekten.de\/cms\/wp-content\/uploads\/2021\/10\/2021-bildungszentrum-elwertstr-7-1280x397.jpg 1280w, http:\/\/einsiedel-architekten.de\/cms\/wp-content\/uploads\/2021\/10\/2021-bildungszentrum-elwertstr-7-1536x476.jpg 1536w, http:\/\/einsiedel-architekten.de\/cms\/wp-content\/uploads\/2021\/10\/2021-bildungszentrum-elwertstr-7-2048x635.jpg 2048w, http:\/\/einsiedel-architekten.de\/cms\/wp-content\/uploads\/2021\/10\/2021-bildungszentrum-elwertstr-7-1170x363.jpg 1170w\" data-vp-popup-img-size=\"1920x595\" data-vp-popup-md-img=\"http:\/\/einsiedel-architekten.de\/cms\/wp-content\/uploads\/2021\/10\/2021-bildungszentrum-elwertstr-7-800x248.jpg\" data-vp-popup-md-img-size=\"800x248\" data-vp-popup-sm-img=\"http:\/\/einsiedel-architekten.de\/cms\/wp-content\/uploads\/2021\/10\/2021-bildungszentrum-elwertstr-7-500x155.jpg\" data-vp-popup-sm-img-size=\"500x155\">\n\t<\/template>\n\t\t\t\t\t\t<figure class=\"vp-portfolio__item\">\n\t\t\t\t\n<div class=\"vp-portfolio__item-img-wrap\">\n\t<div class=\"vp-portfolio__item-img\">\n\t\t\t<a\n\t\thref=\"http:\/\/einsiedel-architekten.de\/cms\/wp-content\/uploads\/2021\/10\/2021-bildungszentrum-elwertstr-7-1920x595.jpg\"\n\t\taria-label=\"Open image\" \t data-rel=\"lightbox-image-12\" data-rl_title=\"\" data-rl_caption=\"\" title=\"\">\n\t\n\t\t<noscript><img loading=\"lazy\" decoding=\"async\" width=\"1920\" height=\"595\" data-skip-lazy src=\"http:\/\/einsiedel-architekten.de\/cms\/wp-content\/uploads\/2021\/10\/2021-bildungszentrum-elwertstr-7-1920x595.jpg\" class=\"wp-image-2010\" alt=\"\" srcset=\"http:\/\/einsiedel-architekten.de\/cms\/wp-content\/uploads\/2021\/10\/2021-bildungszentrum-elwertstr-7-1920x595.jpg 1920w, http:\/\/einsiedel-architekten.de\/cms\/wp-content\/uploads\/2021\/10\/2021-bildungszentrum-elwertstr-7-300x93.jpg 300w, http:\/\/einsiedel-architekten.de\/cms\/wp-content\/uploads\/2021\/10\/2021-bildungszentrum-elwertstr-7-1024x317.jpg 1024w, http:\/\/einsiedel-architekten.de\/cms\/wp-content\/uploads\/2021\/10\/2021-bildungszentrum-elwertstr-7-768x238.jpg 768w, http:\/\/einsiedel-architekten.de\/cms\/wp-content\/uploads\/2021\/10\/2021-bildungszentrum-elwertstr-7-500x155.jpg 500w, http:\/\/einsiedel-architekten.de\/cms\/wp-content\/uploads\/2021\/10\/2021-bildungszentrum-elwertstr-7-800x248.jpg 800w, http:\/\/einsiedel-architekten.de\/cms\/wp-content\/uploads\/2021\/10\/2021-bildungszentrum-elwertstr-7-1280x397.jpg 1280w, http:\/\/einsiedel-architekten.de\/cms\/wp-content\/uploads\/2021\/10\/2021-bildungszentrum-elwertstr-7-1536x476.jpg 1536w, http:\/\/einsiedel-architekten.de\/cms\/wp-content\/uploads\/2021\/10\/2021-bildungszentrum-elwertstr-7-2048x635.jpg 2048w, http:\/\/einsiedel-architekten.de\/cms\/wp-content\/uploads\/2021\/10\/2021-bildungszentrum-elwertstr-7-1170x363.jpg 1170w\" sizes=\"auto, (max-width: 1920px) 100vw, 1920px\" \/><\/noscript><img decoding=\"async\" width=\"1920\" height=\"595\" src=\"http:\/\/einsiedel-architekten.de\/cms\/wp-content\/uploads\/2021\/10\/2021-bildungszentrum-elwertstr-7-1920x595.jpg\" class=\"wp-image-2010 vp-lazyload\" alt srcset=\"data:image\/svg+xml;base64,PHN2ZyB3aWR0aD0iMTkyMCIgaGVpZ2h0PSI1OTUiIHZpZXdCb3g9IjAgMCAxOTIwIDU5NSIgZmlsbD0ibm9uZSIgeG1sbnM9Imh0dHA6Ly93d3cudzMub3JnLzIwMDAvc3ZnIj48L3N2Zz4=\" data-src=\"http:\/\/einsiedel-architekten.de\/cms\/wp-content\/uploads\/2021\/10\/2021-bildungszentrum-elwertstr-7-1920x595.jpg\" data-srcset=\"http:\/\/einsiedel-architekten.de\/cms\/wp-content\/uploads\/2021\/10\/2021-bildungszentrum-elwertstr-7-1920x595.jpg 1920w, http:\/\/einsiedel-architekten.de\/cms\/wp-content\/uploads\/2021\/10\/2021-bildungszentrum-elwertstr-7-300x93.jpg 300w, http:\/\/einsiedel-architekten.de\/cms\/wp-content\/uploads\/2021\/10\/2021-bildungszentrum-elwertstr-7-1024x317.jpg 1024w, http:\/\/einsiedel-architekten.de\/cms\/wp-content\/uploads\/2021\/10\/2021-bildungszentrum-elwertstr-7-768x238.jpg 768w, http:\/\/einsiedel-architekten.de\/cms\/wp-content\/uploads\/2021\/10\/2021-bildungszentrum-elwertstr-7-500x155.jpg 500w, http:\/\/einsiedel-architekten.de\/cms\/wp-content\/uploads\/2021\/10\/2021-bildungszentrum-elwertstr-7-800x248.jpg 800w, http:\/\/einsiedel-architekten.de\/cms\/wp-content\/uploads\/2021\/10\/2021-bildungszentrum-elwertstr-7-1280x397.jpg 1280w, http:\/\/einsiedel-architekten.de\/cms\/wp-content\/uploads\/2021\/10\/2021-bildungszentrum-elwertstr-7-1536x476.jpg 1536w, http:\/\/einsiedel-architekten.de\/cms\/wp-content\/uploads\/2021\/10\/2021-bildungszentrum-elwertstr-7-2048x635.jpg 2048w, http:\/\/einsiedel-architekten.de\/cms\/wp-content\/uploads\/2021\/10\/2021-bildungszentrum-elwertstr-7-1170x363.jpg 1170w\" data-sizes=\"auto\" loading=\"eager\">\n\t\t<div class=\"vp-portfolio__item-overlay\">\n\t\t\t\t\t<\/div>\n\n\t\t<\/a>\t<\/div>\n<\/div>\n\n\t\t\t<\/figure>\n\t\t\t\t\t<\/div>\n\t\t\n\t\t<div\t\tclass=\"vp-portfolio__item-wrap vp-portfolio__item-uid-b2854376\" data-vp-filter=\"\" \t\t>\n\t\t\t<template class=\"vp-portfolio__item-popup\" data-vp-popup-img=\"http:\/\/einsiedel-architekten.de\/cms\/wp-content\/uploads\/2021\/10\/2021-bildungszentrum-elwertstr-6-1920x734.jpg\" data-vp-popup-img-srcset=\"http:\/\/einsiedel-architekten.de\/cms\/wp-content\/uploads\/2021\/10\/2021-bildungszentrum-elwertstr-6-1920x734.jpg 1920w, http:\/\/einsiedel-architekten.de\/cms\/wp-content\/uploads\/2021\/10\/2021-bildungszentrum-elwertstr-6-300x115.jpg 300w, http:\/\/einsiedel-architekten.de\/cms\/wp-content\/uploads\/2021\/10\/2021-bildungszentrum-elwertstr-6-1024x391.jpg 1024w, http:\/\/einsiedel-architekten.de\/cms\/wp-content\/uploads\/2021\/10\/2021-bildungszentrum-elwertstr-6-768x293.jpg 768w, http:\/\/einsiedel-architekten.de\/cms\/wp-content\/uploads\/2021\/10\/2021-bildungszentrum-elwertstr-6-500x191.jpg 500w, http:\/\/einsiedel-architekten.de\/cms\/wp-content\/uploads\/2021\/10\/2021-bildungszentrum-elwertstr-6-800x306.jpg 800w, http:\/\/einsiedel-architekten.de\/cms\/wp-content\/uploads\/2021\/10\/2021-bildungszentrum-elwertstr-6-1280x489.jpg 1280w, http:\/\/einsiedel-architekten.de\/cms\/wp-content\/uploads\/2021\/10\/2021-bildungszentrum-elwertstr-6-1536x587.jpg 1536w, http:\/\/einsiedel-architekten.de\/cms\/wp-content\/uploads\/2021\/10\/2021-bildungszentrum-elwertstr-6-2048x782.jpg 2048w, http:\/\/einsiedel-architekten.de\/cms\/wp-content\/uploads\/2021\/10\/2021-bildungszentrum-elwertstr-6-1170x447.jpg 1170w\" data-vp-popup-img-size=\"1920x734\" data-vp-popup-md-img=\"http:\/\/einsiedel-architekten.de\/cms\/wp-content\/uploads\/2021\/10\/2021-bildungszentrum-elwertstr-6-800x306.jpg\" data-vp-popup-md-img-size=\"800x306\" data-vp-popup-sm-img=\"http:\/\/einsiedel-architekten.de\/cms\/wp-content\/uploads\/2021\/10\/2021-bildungszentrum-elwertstr-6-500x191.jpg\" data-vp-popup-sm-img-size=\"500x191\">\n\t<\/template>\n\t\t\t\t\t\t<figure class=\"vp-portfolio__item\">\n\t\t\t\t\n<div class=\"vp-portfolio__item-img-wrap\">\n\t<div class=\"vp-portfolio__item-img\">\n\t\t\t<a\n\t\thref=\"http:\/\/einsiedel-architekten.de\/cms\/wp-content\/uploads\/2021\/10\/2021-bildungszentrum-elwertstr-6-1920x734.jpg\"\n\t\taria-label=\"Open image\" \t data-rel=\"lightbox-image-13\" data-rl_title=\"\" data-rl_caption=\"\" title=\"\">\n\t\n\t\t<noscript><img loading=\"lazy\" decoding=\"async\" width=\"1920\" height=\"734\" data-skip-lazy src=\"http:\/\/einsiedel-architekten.de\/cms\/wp-content\/uploads\/2021\/10\/2021-bildungszentrum-elwertstr-6-1920x734.jpg\" class=\"wp-image-2009\" alt=\"\" srcset=\"http:\/\/einsiedel-architekten.de\/cms\/wp-content\/uploads\/2021\/10\/2021-bildungszentrum-elwertstr-6-1920x734.jpg 1920w, http:\/\/einsiedel-architekten.de\/cms\/wp-content\/uploads\/2021\/10\/2021-bildungszentrum-elwertstr-6-300x115.jpg 300w, http:\/\/einsiedel-architekten.de\/cms\/wp-content\/uploads\/2021\/10\/2021-bildungszentrum-elwertstr-6-1024x391.jpg 1024w, http:\/\/einsiedel-architekten.de\/cms\/wp-content\/uploads\/2021\/10\/2021-bildungszentrum-elwertstr-6-768x293.jpg 768w, http:\/\/einsiedel-architekten.de\/cms\/wp-content\/uploads\/2021\/10\/2021-bildungszentrum-elwertstr-6-500x191.jpg 500w, http:\/\/einsiedel-architekten.de\/cms\/wp-content\/uploads\/2021\/10\/2021-bildungszentrum-elwertstr-6-800x306.jpg 800w, http:\/\/einsiedel-architekten.de\/cms\/wp-content\/uploads\/2021\/10\/2021-bildungszentrum-elwertstr-6-1280x489.jpg 1280w, http:\/\/einsiedel-architekten.de\/cms\/wp-content\/uploads\/2021\/10\/2021-bildungszentrum-elwertstr-6-1536x587.jpg 1536w, http:\/\/einsiedel-architekten.de\/cms\/wp-content\/uploads\/2021\/10\/2021-bildungszentrum-elwertstr-6-2048x782.jpg 2048w, http:\/\/einsiedel-architekten.de\/cms\/wp-content\/uploads\/2021\/10\/2021-bildungszentrum-elwertstr-6-1170x447.jpg 1170w\" sizes=\"auto, (max-width: 1920px) 100vw, 1920px\" \/><\/noscript><img decoding=\"async\" width=\"1920\" height=\"734\" src=\"http:\/\/einsiedel-architekten.de\/cms\/wp-content\/uploads\/2021\/10\/2021-bildungszentrum-elwertstr-6-1920x734.jpg\" class=\"wp-image-2009 vp-lazyload\" alt srcset=\"data:image\/svg+xml;base64,PHN2ZyB3aWR0aD0iMTkyMCIgaGVpZ2h0PSI3MzQiIHZpZXdCb3g9IjAgMCAxOTIwIDczNCIgZmlsbD0ibm9uZSIgeG1sbnM9Imh0dHA6Ly93d3cudzMub3JnLzIwMDAvc3ZnIj48L3N2Zz4=\" data-src=\"http:\/\/einsiedel-architekten.de\/cms\/wp-content\/uploads\/2021\/10\/2021-bildungszentrum-elwertstr-6-1920x734.jpg\" data-srcset=\"http:\/\/einsiedel-architekten.de\/cms\/wp-content\/uploads\/2021\/10\/2021-bildungszentrum-elwertstr-6-1920x734.jpg 1920w, http:\/\/einsiedel-architekten.de\/cms\/wp-content\/uploads\/2021\/10\/2021-bildungszentrum-elwertstr-6-300x115.jpg 300w, http:\/\/einsiedel-architekten.de\/cms\/wp-content\/uploads\/2021\/10\/2021-bildungszentrum-elwertstr-6-1024x391.jpg 1024w, http:\/\/einsiedel-architekten.de\/cms\/wp-content\/uploads\/2021\/10\/2021-bildungszentrum-elwertstr-6-768x293.jpg 768w, http:\/\/einsiedel-architekten.de\/cms\/wp-content\/uploads\/2021\/10\/2021-bildungszentrum-elwertstr-6-500x191.jpg 500w, http:\/\/einsiedel-architekten.de\/cms\/wp-content\/uploads\/2021\/10\/2021-bildungszentrum-elwertstr-6-800x306.jpg 800w, http:\/\/einsiedel-architekten.de\/cms\/wp-content\/uploads\/2021\/10\/2021-bildungszentrum-elwertstr-6-1280x489.jpg 1280w, http:\/\/einsiedel-architekten.de\/cms\/wp-content\/uploads\/2021\/10\/2021-bildungszentrum-elwertstr-6-1536x587.jpg 1536w, http:\/\/einsiedel-architekten.de\/cms\/wp-content\/uploads\/2021\/10\/2021-bildungszentrum-elwertstr-6-2048x782.jpg 2048w, http:\/\/einsiedel-architekten.de\/cms\/wp-content\/uploads\/2021\/10\/2021-bildungszentrum-elwertstr-6-1170x447.jpg 1170w\" data-sizes=\"auto\" loading=\"eager\">\n\t\t<div class=\"vp-portfolio__item-overlay\">\n\t\t\t\t\t<\/div>\n\n\t\t<\/a>\t<\/div>\n<\/div>\n\n\t\t\t<\/figure>\n\t\t\t\t\t<\/div>\n\t\t\n\t\t<div\t\tclass=\"vp-portfolio__item-wrap vp-portfolio__item-uid-4b4f4540\" data-vp-filter=\"\" \t\t>\n\t\t\t<template class=\"vp-portfolio__item-popup\" data-vp-popup-img=\"http:\/\/einsiedel-architekten.de\/cms\/wp-content\/uploads\/2021\/10\/2021-bildungszentrum-elwertstr-17-1920x1080.jpg\" data-vp-popup-img-srcset=\"http:\/\/einsiedel-architekten.de\/cms\/wp-content\/uploads\/2021\/10\/2021-bildungszentrum-elwertstr-17-1920x1080.jpg 1920w, http:\/\/einsiedel-architekten.de\/cms\/wp-content\/uploads\/2021\/10\/2021-bildungszentrum-elwertstr-17-300x169.jpg 300w, http:\/\/einsiedel-architekten.de\/cms\/wp-content\/uploads\/2021\/10\/2021-bildungszentrum-elwertstr-17-1024x576.jpg 1024w, http:\/\/einsiedel-architekten.de\/cms\/wp-content\/uploads\/2021\/10\/2021-bildungszentrum-elwertstr-17-768x432.jpg 768w, http:\/\/einsiedel-architekten.de\/cms\/wp-content\/uploads\/2021\/10\/2021-bildungszentrum-elwertstr-17-500x281.jpg 500w, http:\/\/einsiedel-architekten.de\/cms\/wp-content\/uploads\/2021\/10\/2021-bildungszentrum-elwertstr-17-800x450.jpg 800w, http:\/\/einsiedel-architekten.de\/cms\/wp-content\/uploads\/2021\/10\/2021-bildungszentrum-elwertstr-17-1280x720.jpg 1280w, http:\/\/einsiedel-architekten.de\/cms\/wp-content\/uploads\/2021\/10\/2021-bildungszentrum-elwertstr-17-1536x864.jpg 1536w, http:\/\/einsiedel-architekten.de\/cms\/wp-content\/uploads\/2021\/10\/2021-bildungszentrum-elwertstr-17-2048x1152.jpg 2048w, http:\/\/einsiedel-architekten.de\/cms\/wp-content\/uploads\/2021\/10\/2021-bildungszentrum-elwertstr-17-1170x658.jpg 1170w, http:\/\/einsiedel-architekten.de\/cms\/wp-content\/uploads\/2021\/10\/2021-bildungszentrum-elwertstr-17.jpg 2362w\" data-vp-popup-img-size=\"1920x1080\" data-vp-popup-md-img=\"http:\/\/einsiedel-architekten.de\/cms\/wp-content\/uploads\/2021\/10\/2021-bildungszentrum-elwertstr-17-800x450.jpg\" data-vp-popup-md-img-size=\"800x450\" data-vp-popup-sm-img=\"http:\/\/einsiedel-architekten.de\/cms\/wp-content\/uploads\/2021\/10\/2021-bildungszentrum-elwertstr-17-500x281.jpg\" data-vp-popup-sm-img-size=\"500x281\">\n\t<\/template>\n\t\t\t\t\t\t<figure class=\"vp-portfolio__item\">\n\t\t\t\t\n<div class=\"vp-portfolio__item-img-wrap\">\n\t<div class=\"vp-portfolio__item-img\">\n\t\t\t<a\n\t\thref=\"http:\/\/einsiedel-architekten.de\/cms\/wp-content\/uploads\/2021\/10\/2021-bildungszentrum-elwertstr-17-1920x1080.jpg\"\n\t\taria-label=\"Open image\" \t data-rel=\"lightbox-image-14\" data-rl_title=\"\" data-rl_caption=\"\" title=\"\">\n\t\n\t\t<noscript><img loading=\"lazy\" decoding=\"async\" width=\"1920\" height=\"1080\" data-skip-lazy src=\"http:\/\/einsiedel-architekten.de\/cms\/wp-content\/uploads\/2021\/10\/2021-bildungszentrum-elwertstr-17-1920x1080.jpg\" class=\"wp-image-2020\" alt=\"\" srcset=\"http:\/\/einsiedel-architekten.de\/cms\/wp-content\/uploads\/2021\/10\/2021-bildungszentrum-elwertstr-17-1920x1080.jpg 1920w, http:\/\/einsiedel-architekten.de\/cms\/wp-content\/uploads\/2021\/10\/2021-bildungszentrum-elwertstr-17-300x169.jpg 300w, http:\/\/einsiedel-architekten.de\/cms\/wp-content\/uploads\/2021\/10\/2021-bildungszentrum-elwertstr-17-1024x576.jpg 1024w, http:\/\/einsiedel-architekten.de\/cms\/wp-content\/uploads\/2021\/10\/2021-bildungszentrum-elwertstr-17-768x432.jpg 768w, http:\/\/einsiedel-architekten.de\/cms\/wp-content\/uploads\/2021\/10\/2021-bildungszentrum-elwertstr-17-500x281.jpg 500w, http:\/\/einsiedel-architekten.de\/cms\/wp-content\/uploads\/2021\/10\/2021-bildungszentrum-elwertstr-17-800x450.jpg 800w, http:\/\/einsiedel-architekten.de\/cms\/wp-content\/uploads\/2021\/10\/2021-bildungszentrum-elwertstr-17-1280x720.jpg 1280w, http:\/\/einsiedel-architekten.de\/cms\/wp-content\/uploads\/2021\/10\/2021-bildungszentrum-elwertstr-17-1536x864.jpg 1536w, http:\/\/einsiedel-architekten.de\/cms\/wp-content\/uploads\/2021\/10\/2021-bildungszentrum-elwertstr-17-2048x1152.jpg 2048w, http:\/\/einsiedel-architekten.de\/cms\/wp-content\/uploads\/2021\/10\/2021-bildungszentrum-elwertstr-17-1170x658.jpg 1170w, http:\/\/einsiedel-architekten.de\/cms\/wp-content\/uploads\/2021\/10\/2021-bildungszentrum-elwertstr-17.jpg 2362w\" sizes=\"auto, (max-width: 1920px) 100vw, 1920px\" \/><\/noscript><img decoding=\"async\" width=\"1920\" height=\"1080\" src=\"http:\/\/einsiedel-architekten.de\/cms\/wp-content\/uploads\/2021\/10\/2021-bildungszentrum-elwertstr-17-1920x1080.jpg\" class=\"wp-image-2020 vp-lazyload\" alt srcset=\"data:image\/svg+xml;base64,PHN2ZyB3aWR0aD0iMTkyMCIgaGVpZ2h0PSIxMDgwIiB2aWV3Qm94PSIwIDAgMTkyMCAxMDgwIiBmaWxsPSJub25lIiB4bWxucz0iaHR0cDovL3d3dy53My5vcmcvMjAwMC9zdmciPjwvc3ZnPg==\" data-src=\"http:\/\/einsiedel-architekten.de\/cms\/wp-content\/uploads\/2021\/10\/2021-bildungszentrum-elwertstr-17-1920x1080.jpg\" data-srcset=\"http:\/\/einsiedel-architekten.de\/cms\/wp-content\/uploads\/2021\/10\/2021-bildungszentrum-elwertstr-17-1920x1080.jpg 1920w, http:\/\/einsiedel-architekten.de\/cms\/wp-content\/uploads\/2021\/10\/2021-bildungszentrum-elwertstr-17-300x169.jpg 300w, http:\/\/einsiedel-architekten.de\/cms\/wp-content\/uploads\/2021\/10\/2021-bildungszentrum-elwertstr-17-1024x576.jpg 1024w, http:\/\/einsiedel-architekten.de\/cms\/wp-content\/uploads\/2021\/10\/2021-bildungszentrum-elwertstr-17-768x432.jpg 768w, http:\/\/einsiedel-architekten.de\/cms\/wp-content\/uploads\/2021\/10\/2021-bildungszentrum-elwertstr-17-500x281.jpg 500w, http:\/\/einsiedel-architekten.de\/cms\/wp-content\/uploads\/2021\/10\/2021-bildungszentrum-elwertstr-17-800x450.jpg 800w, http:\/\/einsiedel-architekten.de\/cms\/wp-content\/uploads\/2021\/10\/2021-bildungszentrum-elwertstr-17-1280x720.jpg 1280w, http:\/\/einsiedel-architekten.de\/cms\/wp-content\/uploads\/2021\/10\/2021-bildungszentrum-elwertstr-17-1536x864.jpg 1536w, http:\/\/einsiedel-architekten.de\/cms\/wp-content\/uploads\/2021\/10\/2021-bildungszentrum-elwertstr-17-2048x1152.jpg 2048w, http:\/\/einsiedel-architekten.de\/cms\/wp-content\/uploads\/2021\/10\/2021-bildungszentrum-elwertstr-17-1170x658.jpg 1170w, http:\/\/einsiedel-architekten.de\/cms\/wp-content\/uploads\/2021\/10\/2021-bildungszentrum-elwertstr-17.jpg 2362w\" data-sizes=\"auto\" loading=\"eager\">\n\t\t<div class=\"vp-portfolio__item-overlay\">\n\t\t\t\t\t<\/div>\n\n\t\t<\/a>\t<\/div>\n<\/div>\n\n\t\t\t<\/figure>\n\t\t\t\t\t<\/div>\n\t\t\n\t\t<div\t\tclass=\"vp-portfolio__item-wrap vp-portfolio__item-uid-c366aa90\" data-vp-filter=\"\" \t\t>\n\t\t\t<template class=\"vp-portfolio__item-popup\" data-vp-popup-img=\"http:\/\/einsiedel-architekten.de\/cms\/wp-content\/uploads\/2021\/10\/2021-bildungszentrum-elwertstr-14-1920x1382.jpg\" data-vp-popup-img-srcset=\"http:\/\/einsiedel-architekten.de\/cms\/wp-content\/uploads\/2021\/10\/2021-bildungszentrum-elwertstr-14-1920x1382.jpg 1920w, http:\/\/einsiedel-architekten.de\/cms\/wp-content\/uploads\/2021\/10\/2021-bildungszentrum-elwertstr-14-300x216.jpg 300w, http:\/\/einsiedel-architekten.de\/cms\/wp-content\/uploads\/2021\/10\/2021-bildungszentrum-elwertstr-14-1024x737.jpg 1024w, http:\/\/einsiedel-architekten.de\/cms\/wp-content\/uploads\/2021\/10\/2021-bildungszentrum-elwertstr-14-768x553.jpg 768w, http:\/\/einsiedel-architekten.de\/cms\/wp-content\/uploads\/2021\/10\/2021-bildungszentrum-elwertstr-14-500x360.jpg 500w, http:\/\/einsiedel-architekten.de\/cms\/wp-content\/uploads\/2021\/10\/2021-bildungszentrum-elwertstr-14-800x576.jpg 800w, http:\/\/einsiedel-architekten.de\/cms\/wp-content\/uploads\/2021\/10\/2021-bildungszentrum-elwertstr-14-1280x921.jpg 1280w, http:\/\/einsiedel-architekten.de\/cms\/wp-content\/uploads\/2021\/10\/2021-bildungszentrum-elwertstr-14-1536x1105.jpg 1536w, http:\/\/einsiedel-architekten.de\/cms\/wp-content\/uploads\/2021\/10\/2021-bildungszentrum-elwertstr-14-2048x1474.jpg 2048w, http:\/\/einsiedel-architekten.de\/cms\/wp-content\/uploads\/2021\/10\/2021-bildungszentrum-elwertstr-14-917x660.jpg 917w\" data-vp-popup-img-size=\"1920x1382\" data-vp-popup-md-img=\"http:\/\/einsiedel-architekten.de\/cms\/wp-content\/uploads\/2021\/10\/2021-bildungszentrum-elwertstr-14-800x576.jpg\" data-vp-popup-md-img-size=\"800x576\" data-vp-popup-sm-img=\"http:\/\/einsiedel-architekten.de\/cms\/wp-content\/uploads\/2021\/10\/2021-bildungszentrum-elwertstr-14-500x360.jpg\" data-vp-popup-sm-img-size=\"500x360\">\n\t<\/template>\n\t\t\t\t\t\t<figure class=\"vp-portfolio__item\">\n\t\t\t\t\n<div class=\"vp-portfolio__item-img-wrap\">\n\t<div class=\"vp-portfolio__item-img\">\n\t\t\t<a\n\t\thref=\"http:\/\/einsiedel-architekten.de\/cms\/wp-content\/uploads\/2021\/10\/2021-bildungszentrum-elwertstr-14-1920x1382.jpg\"\n\t\taria-label=\"Open image\" \t data-rel=\"lightbox-image-15\" data-rl_title=\"\" data-rl_caption=\"\" title=\"\">\n\t\n\t\t<noscript><img loading=\"lazy\" decoding=\"async\" width=\"1920\" height=\"1382\" data-skip-lazy src=\"http:\/\/einsiedel-architekten.de\/cms\/wp-content\/uploads\/2021\/10\/2021-bildungszentrum-elwertstr-14-1920x1382.jpg\" class=\"wp-image-2017\" alt=\"\" srcset=\"http:\/\/einsiedel-architekten.de\/cms\/wp-content\/uploads\/2021\/10\/2021-bildungszentrum-elwertstr-14-1920x1382.jpg 1920w, http:\/\/einsiedel-architekten.de\/cms\/wp-content\/uploads\/2021\/10\/2021-bildungszentrum-elwertstr-14-300x216.jpg 300w, http:\/\/einsiedel-architekten.de\/cms\/wp-content\/uploads\/2021\/10\/2021-bildungszentrum-elwertstr-14-1024x737.jpg 1024w, http:\/\/einsiedel-architekten.de\/cms\/wp-content\/uploads\/2021\/10\/2021-bildungszentrum-elwertstr-14-768x553.jpg 768w, http:\/\/einsiedel-architekten.de\/cms\/wp-content\/uploads\/2021\/10\/2021-bildungszentrum-elwertstr-14-500x360.jpg 500w, http:\/\/einsiedel-architekten.de\/cms\/wp-content\/uploads\/2021\/10\/2021-bildungszentrum-elwertstr-14-800x576.jpg 800w, http:\/\/einsiedel-architekten.de\/cms\/wp-content\/uploads\/2021\/10\/2021-bildungszentrum-elwertstr-14-1280x921.jpg 1280w, http:\/\/einsiedel-architekten.de\/cms\/wp-content\/uploads\/2021\/10\/2021-bildungszentrum-elwertstr-14-1536x1105.jpg 1536w, http:\/\/einsiedel-architekten.de\/cms\/wp-content\/uploads\/2021\/10\/2021-bildungszentrum-elwertstr-14-2048x1474.jpg 2048w, http:\/\/einsiedel-architekten.de\/cms\/wp-content\/uploads\/2021\/10\/2021-bildungszentrum-elwertstr-14-917x660.jpg 917w\" sizes=\"auto, (max-width: 1920px) 100vw, 1920px\" \/><\/noscript><img decoding=\"async\" width=\"1920\" height=\"1382\" src=\"http:\/\/einsiedel-architekten.de\/cms\/wp-content\/uploads\/2021\/10\/2021-bildungszentrum-elwertstr-14-1920x1382.jpg\" class=\"wp-image-2017 vp-lazyload\" alt srcset=\"data:image\/svg+xml;base64,PHN2ZyB3aWR0aD0iMTkyMCIgaGVpZ2h0PSIxMzgyIiB2aWV3Qm94PSIwIDAgMTkyMCAxMzgyIiBmaWxsPSJub25lIiB4bWxucz0iaHR0cDovL3d3dy53My5vcmcvMjAwMC9zdmciPjwvc3ZnPg==\" data-src=\"http:\/\/einsiedel-architekten.de\/cms\/wp-content\/uploads\/2021\/10\/2021-bildungszentrum-elwertstr-14-1920x1382.jpg\" data-srcset=\"http:\/\/einsiedel-architekten.de\/cms\/wp-content\/uploads\/2021\/10\/2021-bildungszentrum-elwertstr-14-1920x1382.jpg 1920w, http:\/\/einsiedel-architekten.de\/cms\/wp-content\/uploads\/2021\/10\/2021-bildungszentrum-elwertstr-14-300x216.jpg 300w, http:\/\/einsiedel-architekten.de\/cms\/wp-content\/uploads\/2021\/10\/2021-bildungszentrum-elwertstr-14-1024x737.jpg 1024w, http:\/\/einsiedel-architekten.de\/cms\/wp-content\/uploads\/2021\/10\/2021-bildungszentrum-elwertstr-14-768x553.jpg 768w, http:\/\/einsiedel-architekten.de\/cms\/wp-content\/uploads\/2021\/10\/2021-bildungszentrum-elwertstr-14-500x360.jpg 500w, http:\/\/einsiedel-architekten.de\/cms\/wp-content\/uploads\/2021\/10\/2021-bildungszentrum-elwertstr-14-800x576.jpg 800w, http:\/\/einsiedel-architekten.de\/cms\/wp-content\/uploads\/2021\/10\/2021-bildungszentrum-elwertstr-14-1280x921.jpg 1280w, http:\/\/einsiedel-architekten.de\/cms\/wp-content\/uploads\/2021\/10\/2021-bildungszentrum-elwertstr-14-1536x1105.jpg 1536w, http:\/\/einsiedel-architekten.de\/cms\/wp-content\/uploads\/2021\/10\/2021-bildungszentrum-elwertstr-14-2048x1474.jpg 2048w, http:\/\/einsiedel-architekten.de\/cms\/wp-content\/uploads\/2021\/10\/2021-bildungszentrum-elwertstr-14-917x660.jpg 917w\" data-sizes=\"auto\" loading=\"eager\">\n\t\t<div class=\"vp-portfolio__item-overlay\">\n\t\t\t\t\t<\/div>\n\n\t\t<\/a>\t<\/div>\n<\/div>\n\n\t\t\t<\/figure>\n\t\t\t\t\t<\/div>\n\t\t\n\t\t<div\t\tclass=\"vp-portfolio__item-wrap vp-portfolio__item-uid-f3c1e0d6\" data-vp-filter=\"\" \t\t>\n\t\t\t<template class=\"vp-portfolio__item-popup\" data-vp-popup-img=\"http:\/\/einsiedel-architekten.de\/cms\/wp-content\/uploads\/2021\/10\/2021-bildungszentrum-elwertstr-13-1920x1277.jpg\" data-vp-popup-img-srcset=\"http:\/\/einsiedel-architekten.de\/cms\/wp-content\/uploads\/2021\/10\/2021-bildungszentrum-elwertstr-13-1920x1277.jpg 1920w, http:\/\/einsiedel-architekten.de\/cms\/wp-content\/uploads\/2021\/10\/2021-bildungszentrum-elwertstr-13-300x200.jpg 300w, http:\/\/einsiedel-architekten.de\/cms\/wp-content\/uploads\/2021\/10\/2021-bildungszentrum-elwertstr-13-1024x681.jpg 1024w, http:\/\/einsiedel-architekten.de\/cms\/wp-content\/uploads\/2021\/10\/2021-bildungszentrum-elwertstr-13-768x511.jpg 768w, http:\/\/einsiedel-architekten.de\/cms\/wp-content\/uploads\/2021\/10\/2021-bildungszentrum-elwertstr-13-500x333.jpg 500w, http:\/\/einsiedel-architekten.de\/cms\/wp-content\/uploads\/2021\/10\/2021-bildungszentrum-elwertstr-13-800x532.jpg 800w, http:\/\/einsiedel-architekten.de\/cms\/wp-content\/uploads\/2021\/10\/2021-bildungszentrum-elwertstr-13-1280x851.jpg 1280w, http:\/\/einsiedel-architekten.de\/cms\/wp-content\/uploads\/2021\/10\/2021-bildungszentrum-elwertstr-13-1536x1022.jpg 1536w, http:\/\/einsiedel-architekten.de\/cms\/wp-content\/uploads\/2021\/10\/2021-bildungszentrum-elwertstr-13-2048x1362.jpg 2048w, http:\/\/einsiedel-architekten.de\/cms\/wp-content\/uploads\/2021\/10\/2021-bildungszentrum-elwertstr-13-992x660.jpg 992w\" data-vp-popup-img-size=\"1920x1277\" data-vp-popup-md-img=\"http:\/\/einsiedel-architekten.de\/cms\/wp-content\/uploads\/2021\/10\/2021-bildungszentrum-elwertstr-13-800x532.jpg\" data-vp-popup-md-img-size=\"800x532\" data-vp-popup-sm-img=\"http:\/\/einsiedel-architekten.de\/cms\/wp-content\/uploads\/2021\/10\/2021-bildungszentrum-elwertstr-13-500x333.jpg\" data-vp-popup-sm-img-size=\"500x333\">\n\t<\/template>\n\t\t\t\t\t\t<figure class=\"vp-portfolio__item\">\n\t\t\t\t\n<div class=\"vp-portfolio__item-img-wrap\">\n\t<div class=\"vp-portfolio__item-img\">\n\t\t\t<a\n\t\thref=\"http:\/\/einsiedel-architekten.de\/cms\/wp-content\/uploads\/2021\/10\/2021-bildungszentrum-elwertstr-13-1920x1277.jpg\"\n\t\taria-label=\"Open image\" \t data-rel=\"lightbox-image-16\" data-rl_title=\"\" data-rl_caption=\"\" title=\"\">\n\t\n\t\t<noscript><img loading=\"lazy\" decoding=\"async\" width=\"1920\" height=\"1277\" data-skip-lazy src=\"http:\/\/einsiedel-architekten.de\/cms\/wp-content\/uploads\/2021\/10\/2021-bildungszentrum-elwertstr-13-1920x1277.jpg\" class=\"wp-image-2016\" alt=\"\" srcset=\"http:\/\/einsiedel-architekten.de\/cms\/wp-content\/uploads\/2021\/10\/2021-bildungszentrum-elwertstr-13-1920x1277.jpg 1920w, http:\/\/einsiedel-architekten.de\/cms\/wp-content\/uploads\/2021\/10\/2021-bildungszentrum-elwertstr-13-300x200.jpg 300w, http:\/\/einsiedel-architekten.de\/cms\/wp-content\/uploads\/2021\/10\/2021-bildungszentrum-elwertstr-13-1024x681.jpg 1024w, http:\/\/einsiedel-architekten.de\/cms\/wp-content\/uploads\/2021\/10\/2021-bildungszentrum-elwertstr-13-768x511.jpg 768w, http:\/\/einsiedel-architekten.de\/cms\/wp-content\/uploads\/2021\/10\/2021-bildungszentrum-elwertstr-13-500x333.jpg 500w, http:\/\/einsiedel-architekten.de\/cms\/wp-content\/uploads\/2021\/10\/2021-bildungszentrum-elwertstr-13-800x532.jpg 800w, http:\/\/einsiedel-architekten.de\/cms\/wp-content\/uploads\/2021\/10\/2021-bildungszentrum-elwertstr-13-1280x851.jpg 1280w, http:\/\/einsiedel-architekten.de\/cms\/wp-content\/uploads\/2021\/10\/2021-bildungszentrum-elwertstr-13-1536x1022.jpg 1536w, http:\/\/einsiedel-architekten.de\/cms\/wp-content\/uploads\/2021\/10\/2021-bildungszentrum-elwertstr-13-2048x1362.jpg 2048w, http:\/\/einsiedel-architekten.de\/cms\/wp-content\/uploads\/2021\/10\/2021-bildungszentrum-elwertstr-13-992x660.jpg 992w\" sizes=\"auto, (max-width: 1920px) 100vw, 1920px\" \/><\/noscript><img decoding=\"async\" width=\"1920\" height=\"1277\" src=\"http:\/\/einsiedel-architekten.de\/cms\/wp-content\/uploads\/2021\/10\/2021-bildungszentrum-elwertstr-13-1920x1277.jpg\" class=\"wp-image-2016 vp-lazyload\" alt srcset=\"data:image\/svg+xml;base64,PHN2ZyB3aWR0aD0iMTkyMCIgaGVpZ2h0PSIxMjc3IiB2aWV3Qm94PSIwIDAgMTkyMCAxMjc3IiBmaWxsPSJub25lIiB4bWxucz0iaHR0cDovL3d3dy53My5vcmcvMjAwMC9zdmciPjwvc3ZnPg==\" data-src=\"http:\/\/einsiedel-architekten.de\/cms\/wp-content\/uploads\/2021\/10\/2021-bildungszentrum-elwertstr-13-1920x1277.jpg\" data-srcset=\"http:\/\/einsiedel-architekten.de\/cms\/wp-content\/uploads\/2021\/10\/2021-bildungszentrum-elwertstr-13-1920x1277.jpg 1920w, http:\/\/einsiedel-architekten.de\/cms\/wp-content\/uploads\/2021\/10\/2021-bildungszentrum-elwertstr-13-300x200.jpg 300w, http:\/\/einsiedel-architekten.de\/cms\/wp-content\/uploads\/2021\/10\/2021-bildungszentrum-elwertstr-13-1024x681.jpg 1024w, http:\/\/einsiedel-architekten.de\/cms\/wp-content\/uploads\/2021\/10\/2021-bildungszentrum-elwertstr-13-768x511.jpg 768w, http:\/\/einsiedel-architekten.de\/cms\/wp-content\/uploads\/2021\/10\/2021-bildungszentrum-elwertstr-13-500x333.jpg 500w, http:\/\/einsiedel-architekten.de\/cms\/wp-content\/uploads\/2021\/10\/2021-bildungszentrum-elwertstr-13-800x532.jpg 800w, http:\/\/einsiedel-architekten.de\/cms\/wp-content\/uploads\/2021\/10\/2021-bildungszentrum-elwertstr-13-1280x851.jpg 1280w, http:\/\/einsiedel-architekten.de\/cms\/wp-content\/uploads\/2021\/10\/2021-bildungszentrum-elwertstr-13-1536x1022.jpg 1536w, http:\/\/einsiedel-architekten.de\/cms\/wp-content\/uploads\/2021\/10\/2021-bildungszentrum-elwertstr-13-2048x1362.jpg 2048w, http:\/\/einsiedel-architekten.de\/cms\/wp-content\/uploads\/2021\/10\/2021-bildungszentrum-elwertstr-13-992x660.jpg 992w\" data-sizes=\"auto\" loading=\"eager\">\n\t\t<div class=\"vp-portfolio__item-overlay\">\n\t\t\t\t\t<\/div>\n\n\t\t<\/a>\t<\/div>\n<\/div>\n\n\t\t\t<\/figure>\n\t\t\t\t\t<\/div>\n\t\t\n<\/div>\n\n<div class=\"vp-portfolio__items-arrow vp-portfolio__items-arrow-prev\" tabindex=\"0\" role=\"button\" aria-label=\"Previous Slide\">\n\t\n<svg class=\"vp-svg-icon\" width=\"20\" height=\"20\" viewBox=\"0 0 20 20\" fill=\"none\" xmlns=\"http:\/\/www.w3.org\/2000\/svg\">\n\t<path d=\"M12 4L6 10L12 16\" stroke=\"currentColor\" stroke-width=\"1.5\" stroke-linecap=\"round\" stroke-linejoin=\"round\" fill=\"transparent\" \/>\n<\/svg>\n<\/div>\n<div class=\"vp-portfolio__items-arrow vp-portfolio__items-arrow-next\" tabindex=\"0\" role=\"button\" aria-label=\"Next Slide\">\n\t\n<svg class=\"vp-svg-icon\" width=\"20\" height=\"20\" viewBox=\"0 0 20 20\" fill=\"none\" xmlns=\"http:\/\/www.w3.org\/2000\/svg\">\n\t<path d=\"M8 4L14 10L8 16\" stroke=\"currentColor\" stroke-width=\"1.5\" stroke-linecap=\"round\" stroke-linejoin=\"round\" fill=\"transparent\" \/>\n<\/svg>\n<\/div>\n\n<div class=\"vp-portfolio__items-bullets\"><\/div>\n\t\t<\/div>\n\t\t\n<\/div>\n\n\n\n\n<p><\/p>\n\n\n\n<p style=\"color:#dd890b\" class=\"has-text-color\">NEUBAUPROJEKT KOLPING-BILDUNGSZENTRUM BAD CANNSTATT<br>in Zusammenarbeit mit LAVA<br>Elwertstra\u00dfe 8, 70372 Stuttgart <br>Kolping-Bildungswerk W\u00fcrttemberg e.V.<\/p>\n\n\n\n<p>ECKDATEN<br>Grundst\u00fccksfl\u00e4che: 3.860m\u00b2<br>NUF 1-7: 6.420m\u00b2 <br>NRF: 9.940m\u00b2<br>BGF: 10.820m\u00b2<br>GRZ: 0.849, GFZ: 1.85<\/p>\n\n\n\n<p><br><strong>DAS NEUE SCHULZENTRUM INMITTEN EINES quartier mit potentialen<\/strong><br>Das Grundst\u00fcck liegt im Quartier zwischen Bahnlinie und Mercedesstra\u00dfe mit einer heterogenen Mischung aus Wohn-, Industrie- und Verwaltungsbauten und \u00d6ffentlichen Einrichtungen wie Jugend-zentrum CANN, Kita Storchennest, Museum im Stra\u00dfenbahndepot und Skaterhalle am Bahndamm. Das Quartier ist \u00fcber eine Passage mit dem Cannstatter Bahnhof und dem anschlie\u00dfenden Stadteil-zentrum verkn\u00fcpft; im S\u00fcdwesten schlie\u00dft sich jenseits der B 10 der Neckarpark als Stadterweiterung. Diese Lagegunst und die forschreitende Aufwertung alter Gewerbefl\u00e4chen bescheren dem Viertel ein gro\u00dfes Entwicklungspotential, zu dem der Neubau des Schulzentrums beitragen wird.<br><br><strong>ST\u00c4DTEBAU: BLOCKRAND + HOFBILDUNG IM INNENRAUM<\/strong><br>Das Schulzentrum setzt den Blockrand entlang der Stra\u00dfe nach Nordosten fort. W\u00fcnschenswert ist die weitere Fortsetzung bis zur n\u00e4chsten Stra\u00dfenecke; das erfordert aber eine neue L\u00f6sung f\u00fcr die einstmals provisorisch gedachte Kita und die per Baulast zum CANN geh\u00f6renden Stellpl\u00e4tze. Der Bebauungsplan sieht keine parzellen\u00fcbergreifende Neuordnung des Blockinneren vor; der Schulbau wird daher aus seinen eigenen Kriterien heraus im Rahmen des Baurechts r\u00e4umlich in die Tiefe des Grundst\u00fccks entwickelt. Die funktionale Gliederung des gro\u00dfen Raumprogramms f\u00fchrt zu einer r\u00e4umlichen Gliederung der Baumassen um einen Hof herum.<br><br><strong>BAUSTRUKTUR : FORM FOLLOWS FUNCTION<\/strong><br>Das 68m tiefe und 56m breite Grundst\u00fcck wird mit UG und EG als Sockel gro\u00dffl\u00e4chig \u00fcberbaut; teils mit Abstand, teils mit Anbau bestehende Nachbargeb\u00e4ude. Auf der Decke \u00fcber EG stehen zwei L-f\u00f6rmige Bauk\u00f6rper, die den zwischen ihnen liegenden Hof fassen und ihn an ihren Enden f\u00fcr Licht und Durchl\u00fcftung \u00f6ffnen. Vorn an der Stra\u00dfe entsteht ein Staffelgescho\u00df. Die bauliche Struktur ist schl\u00fcssig aus der horizontalen und vertikalen Verteilung der Funktionen entwickelt: im UG Turnhalle, TG und Technik, im EG Verwaltung, Lehrer und Gemeinschaft, im 1.OG und 2.OG alle Unterrichtsr\u00e4ume. Eine Ordnung, die eine gute Orientierbarkeit f\u00fcr die Sch\u00fcler, einen funktionalen Schulbetrieb und eine wirtschaftliche Bauweise vereint.<br><br><strong>FUNKTIONALE ORGANISATION<\/strong><br>Der Hauptzugang zum Schulzentrum ist das stra\u00dfenseitige Foyer, von dem die Freitreppe nach oben ins 1.OG f\u00fchrt. In der Mitte, gleichsam das Herz der Schule, schlie\u00dft sich der Gemeinschaftsbereich mit Lesebereich, Mensa, und Trib\u00fcne an, daneben die R\u00e4ume f\u00fcr Verwaltung und Lehrer sowie die K\u00fcche. In der Mensa wird die abgestufte Decke \u00fcber der TG-Rampe f\u00fcr eine terrassenartige Esslandschaft genutzt. Die Mensa l\u00e4\u00dft sich nach au\u00dfen zum Freiraum \u00f6ffnen.<br>Die Unterrichtsr\u00e4ume beginnen im 1.OG: zun\u00e4chst werden alle Fachr\u00e4ume um den begehbaren Pausenhof herum angeordnet, w\u00e4hrend die Standardklassen an den Fassaden zur Elwertstra\u00dfe bzw. zum st\u00e4dtischen Nachbargrundst\u00fcck mit der Kita liegen. Im 2.OG gibt es nur noch Standardklassen. Die Flure weiten sich an Knickpunkten und Enden auf zu offenen und frei bespielbaren Lehrlandschaften.<br>Am nordwestl. Ende des Schulzentrums liegt die ins UG abgesenkte Turnhalle, \u00fcber eine breite Treppenanlage\/Trib\u00fcne vom Foyer erreichbar und von umlaufenden Fluren \/ Galerien im EG einsehbar. Die Gr\u00f6\u00dfe entspricht einer 3-Feldhalle. Sie ist auch von au\u00dfen separat zug\u00e4nglich und soll au\u00dferhalb der Schulzeiten von Vereinen o.\u00e4. genutzt werden. Eine Tiefgarage und Technikfl\u00e4chen belegen die restlichen Fl\u00e4chen des UG.<br>Das 3.OG ist dem Jugendwohnen vorbehalten. Es hat eine eigene Adresse \u00fcber den seitlichen Zugang zu Treppenhaus und Lift und besteht aus Einzelzimmern, Gemeinschaftsbereichen und Dachterrasse.<br><br><strong>NUTZUNGSSZENARIEN UND SICHERHEIT<\/strong><br>Vom Eingang aus nach innen sind Foyer, Atrium mit Freitreppe ins 1.OG, zentrale Mensa und Trib\u00fcne hintereinander aufgereiht. Mit entsprechenden Schlie\u00dfsystemen hier bzw. bei den weiter hinter lie-genden T\u00fcren k\u00f6nnen differenzierte Zugangsm\u00f6glichkeiten f\u00fcr unterschiedliche Szenarien bzw. Sicher-heitsstufen hergestellt werden, z.B. nur Foyer + Atrium 1.OG, Foyer + Mensa ohne Zugang 1.OG etc.\u00a0<br><br><strong>STABILE BAUKONSTRUKTION MIT PARTIELLER FLEXIBILIT\u00c4T<\/strong><br>Das Geb\u00e4ude ist als Massivbau konzipiert: tragende Au\u00dfenw\u00e4nde in allen Gescho\u00dfen, im Geb\u00e4udeinneren tragende Innenw\u00e4nden oder tragende Innenst\u00fctzen, Bodenplatte als Flachgr\u00fcndung, Gescho\u00df- und Dachdecken als Flachdecken ohne Unterz\u00fcge. Nichttragende Innenw\u00e4nde werden je nach funktionalen, schall- und brandschutztechnischen Anforder-ungen in leichtem Mauerwerk oder in Trockenbau ausgef\u00fchrt. Die Trockenbau-Trennw\u00e4nde zwischen den Klassenr\u00e4umen sind f\u00fcr sp\u00e4tere Ver\u00e4nderungen von Raumzuschnitten grunds\u00e4tzlich \u00e4nderbar.<br><br><strong>SIGNIFIKANTE MATERIALIT\u00c4T UND FARBIGKEIT: AUSSEN HART UND INNEN ZART<\/strong><br>Geplant sind langlebige und wartungsarme Fassadenkonstruktionen ohne Verbundsysteme.<br>Nach au\u00dfen, d.h zum Stra\u00dfenraum und den Nachbarn orientiert, Klinkeroptik mit \u201eVerlauf\u201c: im EG mit dunklen Steinen beginnend ( analog zum Klinkermaurwerk des Stra\u00dfenbahndepots auf der anderen Seite der Elwertstra\u00dfe ), weiter oben durchmischt mit helleren Steinen, die dann im 2.OG dominieren. Das zur\u00fcckgestaffelte 3.OG wird an drei Seiten bis auf die Fenster komplett mit PV-Paneelen bekleidet. So ver\u00e4ndert sich das Geb\u00e4ude dynamisch: es lastet schwer auf dem Boden und wird oben in Richtung Himmel leichter.<br>Nach innen, d.h. zum Hof und im eigenen vis-a-vis, Holzverschalung oder holzfarbene Werkstoffplatten. Die Raumfunktionen bestimmen Format und Gr\u00f6\u00df der Fenster\u00f6ffnungen: Fensterb\u00e4nder f\u00fcr Unter-richtsr\u00e4ume im Wechsel von Festverglasungen und L\u00fcftungs- bzw. Reinigungsfl\u00fcgel; Einzelfenster f\u00fcr Verwaltung und Funktionsr\u00e4ume. Die Rahmenprofile aus Holz oder Alu sind dunkel; der au\u00dfenliegende Sonnenschutz erfolgt mit verstellbaren Raffstores.<br><br><strong>EFFIZIENZGEB\u00c4UDE 55<\/strong><br>Das Schulzentrum wird ein Effizienzgeb\u00e4ude 55 mit hohen D\u00e4mmst\u00e4rken und die Erzeugung regene-rativer Energien mit PV-Paneelen auf blaugr\u00fcnen D\u00e4chern und der Fassade des 3.OG, &#8211; soweit das bei den bestehenden Zielkonflikten m\u00f6glich ist: f\u00fcr die Sch\u00fcler ben\u00f6tigte Freifl\u00e4chen auf Flachd\u00e4chern \/ die im B-Plan festgelegte Dachbegr\u00fcnung \/ keine Geothermie wg. Lage im Heilquellenschutzgebiet.<br><br><strong>FREIFL\u00c4CHEN UND BEGR\u00dcNUNG<\/strong><br>Die nicht bebauten und begr\u00fcnten Bodenfl\u00e4chen machen 15% des Grundst\u00fccks aus; f\u00fcr sich allein viel zu wenig als Au\u00dfenfl\u00e4che f\u00fcr eine Schule mit 800 Sch\u00fclern. Mit dem gestalteten Innenhof im 1.OG, den beiden seitlichen Balkonen im 2.OG, mit den D\u00e4chern \u00fcber dem 2.OG, im Westen begr\u00fcnt und mit einer PV-best\u00fcckten Pergola, im Osten teils mit Sportbelag und Ballfangzaun befestigt, entstehen zusammen fast 3.000 m\u00b2 Freifl\u00e4che \u2013 weniger als die empfohlenen 5m\u00b2 \/ Sch\u00fcler, aber angesichts der innerst\u00e4dtischen Lage der Schule und ihrer N\u00e4he zum Neckarpark akzeptabel.<br>Die st\u00e4ndig betretbaren Fl\u00e4chen wie Pausenhof, Balkone und Sportfeld k\u00f6nnen aus funktionalen Gr\u00fcnden nur fest belegt und nur punktuell mit Pflanzgef\u00e4ssen begr\u00fcnt werden; die restlichen Dachfl\u00e4chen extensiv begr\u00fcnt, teils als blaug\u00fcne D\u00e4cher in Verbindung mit Photovoltaik.<br>Die gr\u00fcnen Elemente sollen das Mikroklima, das energetische Verhalten und die Anmutung des neuen Schulzentrums positiv beeinflussen: sommerlicher W\u00e4rmeschutz durch Verschattung und Verdunstung; L\u00e4rmschutz; optische Aufwertung in der N\u00e4he eines eher monotonen Gewerbegebiets. Das Regenwasser wird durch speicherf\u00e4hige Dachaufbauten mit Retentionsk\u00f6rpern zur\u00fcckgehalten und \u00dcberschusswasser f\u00fcr die Grauwassernutzung sowie die Bew\u00e4sserung von Hof- und Fassadenbegr\u00fcnung in einer Zisterne gespeichert.\u201c<\/p>\n\n\n\n<p><\/p>\n","protected":false},"excerpt":{"rendered":"<p>NEUBAUPROJEKT KOLPING-BILDUNGSZENTRUM BAD CANNSTATTin Zusammenarbeit mit LAVAElwertstra\u00dfe 8, 70372 Stuttgart Kolping-Bildungswerk W\u00fcrttemberg e.V. ECKDATENGrundst\u00fccksfl\u00e4che: 3.860m\u00b2NUF 1-7: 6.420m\u00b2 NRF: 9.940m\u00b2BGF: 10.820m\u00b2GRZ: 0.849, GFZ: 1.85 DAS NEUE SCHULZENTRUM INMITTEN EINES quartier mit potentialenDas Grundst\u00fcck liegt im Quartier zwischen Bahnlinie und Mercedesstra\u00dfe mit einer heterogenen Mischung aus Wohn-, Industrie- und Verwaltungsbauten und \u00d6ffentlichen Einrichtungen wie Jugend-zentrum CANN, Kita [&hellip;]<\/p>\n","protected":false},"author":2,"featured_media":0,"parent":0,"menu_order":0,"comment_status":"closed","ping_status":"closed","template":"","meta":{"_vp_format_video_url":"","_vp_image_focal_point":[],"footnotes":""},"folder":[5],"class_list":["post-2000","page","type-page","status-publish","hentry"],"_links":{"self":[{"href":"http:\/\/einsiedel-architekten.de\/cms\/wp-json\/wp\/v2\/pages\/2000","targetHints":{"allow":["GET"]}}],"collection":[{"href":"http:\/\/einsiedel-architekten.de\/cms\/wp-json\/wp\/v2\/pages"}],"about":[{"href":"http:\/\/einsiedel-architekten.de\/cms\/wp-json\/wp\/v2\/types\/page"}],"author":[{"embeddable":true,"href":"http:\/\/einsiedel-architekten.de\/cms\/wp-json\/wp\/v2\/users\/2"}],"replies":[{"embeddable":true,"href":"http:\/\/einsiedel-architekten.de\/cms\/wp-json\/wp\/v2\/comments?post=2000"}],"version-history":[{"count":4,"href":"http:\/\/einsiedel-architekten.de\/cms\/wp-json\/wp\/v2\/pages\/2000\/revisions"}],"predecessor-version":[{"id":2025,"href":"http:\/\/einsiedel-architekten.de\/cms\/wp-json\/wp\/v2\/pages\/2000\/revisions\/2025"}],"wp:attachment":[{"href":"http:\/\/einsiedel-architekten.de\/cms\/wp-json\/wp\/v2\/media?parent=2000"}],"wp:term":[{"taxonomy":"folder","embeddable":true,"href":"http:\/\/einsiedel-architekten.de\/cms\/wp-json\/wp\/v2\/folder?post=2000"}],"curies":[{"name":"wp","href":"https:\/\/api.w.org\/{rel}","templated":true}]}}