{"id":1948,"date":"2021-10-13T09:40:43","date_gmt":"2021-10-13T07:40:43","guid":{"rendered":"http:\/\/einsiedel-architekten.de\/cms\/?page_id=1948"},"modified":"2021-10-15T16:05:10","modified_gmt":"2021-10-15T14:05:10","slug":"wb-vflpostareal","status":"publish","type":"page","link":"http:\/\/einsiedel-architekten.de\/cms\/wb-vflpostareal\/","title":{"rendered":"2021 vfl-post-areal, pliensauvorstadt"},"content":{"rendered":"\n\n<div class=\"vp-portfolio vp-uid-fffa43e7 vp-id-1975 \"\n\tdata-vp-layout=\"slider\" data-vp-content-source=\"images\" data-vp-items-style=\"default\" data-vp-items-click-action=\"popup_gallery\" data-vp-items-gap=\"450\" data-vp-items-gap-vertical=\"\" data-vp-pagination=\"load-more\" data-vp-next-page-url=\"\" data-vp-slider-effect=\"slide\" data-vp-slider-items-height=\"40%\" data-vp-slider-items-min-height=\"\" data-vp-slider-slides-per-view=\"auto\" data-vp-slider-speed=\"0.3\" data-vp-slider-autoplay=\"6\" data-vp-slider-autoplay-hover-pause=\"true\" data-vp-slider-centered-slides=\"true\" data-vp-slider-loop=\"false\" data-vp-slider-free-mode=\"false\" data-vp-slider-free-mode-sticky=\"false\" data-vp-slider-arrows=\"true\" data-vp-slider-bullets=\"true\" data-vp-slider-bullets-dynamic=\"false\" data-vp-slider-mousewheel=\"false\" data-vp-slider-thumbnails=\"false\" >\n\t<div class=\"vp-portfolio__preloader-wrap\">\n\t\t<div class=\"vp-portfolio__preloader\">\n\t\t\t<img decoding=\"async\" loading=\"eager\" src=\"http:\/\/einsiedel-architekten.de\/cms\/wp-content\/plugins\/visual-portfolio\/assets\/images\/logo-dark.svg\" alt=\"Visual Portfolio, Posts &amp; Image Gallery for WordPress\" width=\"20\" height=\"20\" data-skip-lazy>\n\t\t<\/div>\n\t<\/div>\n\t\t<div class=\"vp-portfolio__items-wrap\">\n\t\t\t\n<div class=\"vp-portfolio__items vp-portfolio__items-style-default vp-portfolio__items-show-overlay-hover\">\n\n\t\t<div\t\tclass=\"vp-portfolio__item-wrap vp-portfolio__item-uid-ed843e89\" data-vp-filter=\"\" \t\t>\n\t\t\t<template class=\"vp-portfolio__item-popup\" data-vp-popup-img=\"http:\/\/einsiedel-architekten.de\/cms\/wp-content\/uploads\/2021\/10\/2021-wb-esslingen-1-1920x1556.jpg\" data-vp-popup-img-srcset=\"http:\/\/einsiedel-architekten.de\/cms\/wp-content\/uploads\/2021\/10\/2021-wb-esslingen-1-1920x1556.jpg 1920w, http:\/\/einsiedel-architekten.de\/cms\/wp-content\/uploads\/2021\/10\/2021-wb-esslingen-1-300x243.jpg 300w, http:\/\/einsiedel-architekten.de\/cms\/wp-content\/uploads\/2021\/10\/2021-wb-esslingen-1-1024x830.jpg 1024w, http:\/\/einsiedel-architekten.de\/cms\/wp-content\/uploads\/2021\/10\/2021-wb-esslingen-1-768x622.jpg 768w, http:\/\/einsiedel-architekten.de\/cms\/wp-content\/uploads\/2021\/10\/2021-wb-esslingen-1-500x405.jpg 500w, http:\/\/einsiedel-architekten.de\/cms\/wp-content\/uploads\/2021\/10\/2021-wb-esslingen-1-800x648.jpg 800w, http:\/\/einsiedel-architekten.de\/cms\/wp-content\/uploads\/2021\/10\/2021-wb-esslingen-1-1280x1037.jpg 1280w, http:\/\/einsiedel-architekten.de\/cms\/wp-content\/uploads\/2021\/10\/2021-wb-esslingen-1-1536x1245.jpg 1536w, http:\/\/einsiedel-architekten.de\/cms\/wp-content\/uploads\/2021\/10\/2021-wb-esslingen-1-2048x1660.jpg 2048w, http:\/\/einsiedel-architekten.de\/cms\/wp-content\/uploads\/2021\/10\/2021-wb-esslingen-1-814x660.jpg 814w\" data-vp-popup-img-size=\"1920x1556\" data-vp-popup-md-img=\"http:\/\/einsiedel-architekten.de\/cms\/wp-content\/uploads\/2021\/10\/2021-wb-esslingen-1-800x648.jpg\" data-vp-popup-md-img-size=\"800x648\" data-vp-popup-sm-img=\"http:\/\/einsiedel-architekten.de\/cms\/wp-content\/uploads\/2021\/10\/2021-wb-esslingen-1-500x405.jpg\" data-vp-popup-sm-img-size=\"500x405\">\n\t<\/template>\n\t\t\t\t\t\t<figure class=\"vp-portfolio__item\">\n\t\t\t\t\n<div class=\"vp-portfolio__item-img-wrap\">\n\t<div class=\"vp-portfolio__item-img\">\n\t\t\t<a\n\t\thref=\"http:\/\/einsiedel-architekten.de\/cms\/wp-content\/uploads\/2021\/10\/2021-wb-esslingen-1-1920x1556.jpg\"\n\t\taria-label=\"Open image\" \t data-rel=\"lightbox-image-0\" data-rl_title=\"\" data-rl_caption=\"\" title=\"\">\n\t\n\t\t<noscript><img loading=\"lazy\" decoding=\"async\" width=\"1920\" height=\"1556\" data-skip-lazy src=\"http:\/\/einsiedel-architekten.de\/cms\/wp-content\/uploads\/2021\/10\/2021-wb-esslingen-1-1920x1556.jpg\" class=\"wp-image-1978\" alt=\"\" srcset=\"http:\/\/einsiedel-architekten.de\/cms\/wp-content\/uploads\/2021\/10\/2021-wb-esslingen-1-1920x1556.jpg 1920w, http:\/\/einsiedel-architekten.de\/cms\/wp-content\/uploads\/2021\/10\/2021-wb-esslingen-1-300x243.jpg 300w, http:\/\/einsiedel-architekten.de\/cms\/wp-content\/uploads\/2021\/10\/2021-wb-esslingen-1-1024x830.jpg 1024w, http:\/\/einsiedel-architekten.de\/cms\/wp-content\/uploads\/2021\/10\/2021-wb-esslingen-1-768x622.jpg 768w, http:\/\/einsiedel-architekten.de\/cms\/wp-content\/uploads\/2021\/10\/2021-wb-esslingen-1-500x405.jpg 500w, http:\/\/einsiedel-architekten.de\/cms\/wp-content\/uploads\/2021\/10\/2021-wb-esslingen-1-800x648.jpg 800w, http:\/\/einsiedel-architekten.de\/cms\/wp-content\/uploads\/2021\/10\/2021-wb-esslingen-1-1280x1037.jpg 1280w, http:\/\/einsiedel-architekten.de\/cms\/wp-content\/uploads\/2021\/10\/2021-wb-esslingen-1-1536x1245.jpg 1536w, http:\/\/einsiedel-architekten.de\/cms\/wp-content\/uploads\/2021\/10\/2021-wb-esslingen-1-2048x1660.jpg 2048w, http:\/\/einsiedel-architekten.de\/cms\/wp-content\/uploads\/2021\/10\/2021-wb-esslingen-1-814x660.jpg 814w\" sizes=\"auto, (max-width: 1920px) 100vw, 1920px\" \/><\/noscript><img fetchpriority=\"high\" decoding=\"async\" width=\"1920\" height=\"1556\" src=\"http:\/\/einsiedel-architekten.de\/cms\/wp-content\/uploads\/2021\/10\/2021-wb-esslingen-1-1920x1556.jpg\" class=\"wp-image-1978 vp-lazyload\" alt srcset=\"data:image\/svg+xml;base64,PHN2ZyB3aWR0aD0iMTkyMCIgaGVpZ2h0PSIxNTU2IiB2aWV3Qm94PSIwIDAgMTkyMCAxNTU2IiBmaWxsPSJub25lIiB4bWxucz0iaHR0cDovL3d3dy53My5vcmcvMjAwMC9zdmciPjwvc3ZnPg==\" data-src=\"http:\/\/einsiedel-architekten.de\/cms\/wp-content\/uploads\/2021\/10\/2021-wb-esslingen-1-1920x1556.jpg\" data-srcset=\"http:\/\/einsiedel-architekten.de\/cms\/wp-content\/uploads\/2021\/10\/2021-wb-esslingen-1-1920x1556.jpg 1920w, http:\/\/einsiedel-architekten.de\/cms\/wp-content\/uploads\/2021\/10\/2021-wb-esslingen-1-300x243.jpg 300w, http:\/\/einsiedel-architekten.de\/cms\/wp-content\/uploads\/2021\/10\/2021-wb-esslingen-1-1024x830.jpg 1024w, http:\/\/einsiedel-architekten.de\/cms\/wp-content\/uploads\/2021\/10\/2021-wb-esslingen-1-768x622.jpg 768w, http:\/\/einsiedel-architekten.de\/cms\/wp-content\/uploads\/2021\/10\/2021-wb-esslingen-1-500x405.jpg 500w, http:\/\/einsiedel-architekten.de\/cms\/wp-content\/uploads\/2021\/10\/2021-wb-esslingen-1-800x648.jpg 800w, http:\/\/einsiedel-architekten.de\/cms\/wp-content\/uploads\/2021\/10\/2021-wb-esslingen-1-1280x1037.jpg 1280w, http:\/\/einsiedel-architekten.de\/cms\/wp-content\/uploads\/2021\/10\/2021-wb-esslingen-1-1536x1245.jpg 1536w, http:\/\/einsiedel-architekten.de\/cms\/wp-content\/uploads\/2021\/10\/2021-wb-esslingen-1-2048x1660.jpg 2048w, http:\/\/einsiedel-architekten.de\/cms\/wp-content\/uploads\/2021\/10\/2021-wb-esslingen-1-814x660.jpg 814w\" data-sizes=\"auto\" loading=\"eager\">\n\t\t<div class=\"vp-portfolio__item-overlay\">\n\t\t\t\t\t<\/div>\n\n\t\t<\/a>\t<\/div>\n<\/div>\n\n\t\t\t<\/figure>\n\t\t\t\t\t<\/div>\n\t\t\n\t\t<div\t\tclass=\"vp-portfolio__item-wrap vp-portfolio__item-uid-59a783c4\" data-vp-filter=\"\" \t\t>\n\t\t\t<template class=\"vp-portfolio__item-popup\" data-vp-popup-img=\"http:\/\/einsiedel-architekten.de\/cms\/wp-content\/uploads\/2021\/10\/2021-wb-esslingen-3-1920x1485.jpg\" data-vp-popup-img-srcset=\"http:\/\/einsiedel-architekten.de\/cms\/wp-content\/uploads\/2021\/10\/2021-wb-esslingen-3-1920x1485.jpg 1920w, http:\/\/einsiedel-architekten.de\/cms\/wp-content\/uploads\/2021\/10\/2021-wb-esslingen-3-300x232.jpg 300w, http:\/\/einsiedel-architekten.de\/cms\/wp-content\/uploads\/2021\/10\/2021-wb-esslingen-3-1024x792.jpg 1024w, http:\/\/einsiedel-architekten.de\/cms\/wp-content\/uploads\/2021\/10\/2021-wb-esslingen-3-768x594.jpg 768w, http:\/\/einsiedel-architekten.de\/cms\/wp-content\/uploads\/2021\/10\/2021-wb-esslingen-3-500x387.jpg 500w, http:\/\/einsiedel-architekten.de\/cms\/wp-content\/uploads\/2021\/10\/2021-wb-esslingen-3-800x619.jpg 800w, http:\/\/einsiedel-architekten.de\/cms\/wp-content\/uploads\/2021\/10\/2021-wb-esslingen-3-1280x990.jpg 1280w, http:\/\/einsiedel-architekten.de\/cms\/wp-content\/uploads\/2021\/10\/2021-wb-esslingen-3-1536x1188.jpg 1536w, http:\/\/einsiedel-architekten.de\/cms\/wp-content\/uploads\/2021\/10\/2021-wb-esslingen-3-2048x1584.jpg 2048w, http:\/\/einsiedel-architekten.de\/cms\/wp-content\/uploads\/2021\/10\/2021-wb-esslingen-3-854x660.jpg 854w\" data-vp-popup-img-size=\"1920x1485\" data-vp-popup-md-img=\"http:\/\/einsiedel-architekten.de\/cms\/wp-content\/uploads\/2021\/10\/2021-wb-esslingen-3-800x619.jpg\" data-vp-popup-md-img-size=\"800x619\" data-vp-popup-sm-img=\"http:\/\/einsiedel-architekten.de\/cms\/wp-content\/uploads\/2021\/10\/2021-wb-esslingen-3-500x387.jpg\" data-vp-popup-sm-img-size=\"500x387\">\n\t<\/template>\n\t\t\t\t\t\t<figure class=\"vp-portfolio__item\">\n\t\t\t\t\n<div class=\"vp-portfolio__item-img-wrap\">\n\t<div class=\"vp-portfolio__item-img\">\n\t\t\t<a\n\t\thref=\"http:\/\/einsiedel-architekten.de\/cms\/wp-content\/uploads\/2021\/10\/2021-wb-esslingen-3-1920x1485.jpg\"\n\t\taria-label=\"Open image\" \t data-rel=\"lightbox-image-1\" data-rl_title=\"\" data-rl_caption=\"\" title=\"\">\n\t\n\t\t<noscript><img loading=\"lazy\" decoding=\"async\" width=\"1920\" height=\"1485\" data-skip-lazy src=\"http:\/\/einsiedel-architekten.de\/cms\/wp-content\/uploads\/2021\/10\/2021-wb-esslingen-3-1920x1485.jpg\" class=\"wp-image-1980\" alt=\"\" srcset=\"http:\/\/einsiedel-architekten.de\/cms\/wp-content\/uploads\/2021\/10\/2021-wb-esslingen-3-1920x1485.jpg 1920w, http:\/\/einsiedel-architekten.de\/cms\/wp-content\/uploads\/2021\/10\/2021-wb-esslingen-3-300x232.jpg 300w, http:\/\/einsiedel-architekten.de\/cms\/wp-content\/uploads\/2021\/10\/2021-wb-esslingen-3-1024x792.jpg 1024w, http:\/\/einsiedel-architekten.de\/cms\/wp-content\/uploads\/2021\/10\/2021-wb-esslingen-3-768x594.jpg 768w, http:\/\/einsiedel-architekten.de\/cms\/wp-content\/uploads\/2021\/10\/2021-wb-esslingen-3-500x387.jpg 500w, http:\/\/einsiedel-architekten.de\/cms\/wp-content\/uploads\/2021\/10\/2021-wb-esslingen-3-800x619.jpg 800w, http:\/\/einsiedel-architekten.de\/cms\/wp-content\/uploads\/2021\/10\/2021-wb-esslingen-3-1280x990.jpg 1280w, http:\/\/einsiedel-architekten.de\/cms\/wp-content\/uploads\/2021\/10\/2021-wb-esslingen-3-1536x1188.jpg 1536w, http:\/\/einsiedel-architekten.de\/cms\/wp-content\/uploads\/2021\/10\/2021-wb-esslingen-3-2048x1584.jpg 2048w, http:\/\/einsiedel-architekten.de\/cms\/wp-content\/uploads\/2021\/10\/2021-wb-esslingen-3-854x660.jpg 854w\" sizes=\"auto, (max-width: 1920px) 100vw, 1920px\" \/><\/noscript><img decoding=\"async\" width=\"1920\" height=\"1485\" src=\"http:\/\/einsiedel-architekten.de\/cms\/wp-content\/uploads\/2021\/10\/2021-wb-esslingen-3-1920x1485.jpg\" class=\"wp-image-1980 vp-lazyload\" alt srcset=\"data:image\/svg+xml;base64,PHN2ZyB3aWR0aD0iMTkyMCIgaGVpZ2h0PSIxNDg1IiB2aWV3Qm94PSIwIDAgMTkyMCAxNDg1IiBmaWxsPSJub25lIiB4bWxucz0iaHR0cDovL3d3dy53My5vcmcvMjAwMC9zdmciPjwvc3ZnPg==\" data-src=\"http:\/\/einsiedel-architekten.de\/cms\/wp-content\/uploads\/2021\/10\/2021-wb-esslingen-3-1920x1485.jpg\" data-srcset=\"http:\/\/einsiedel-architekten.de\/cms\/wp-content\/uploads\/2021\/10\/2021-wb-esslingen-3-1920x1485.jpg 1920w, http:\/\/einsiedel-architekten.de\/cms\/wp-content\/uploads\/2021\/10\/2021-wb-esslingen-3-300x232.jpg 300w, http:\/\/einsiedel-architekten.de\/cms\/wp-content\/uploads\/2021\/10\/2021-wb-esslingen-3-1024x792.jpg 1024w, http:\/\/einsiedel-architekten.de\/cms\/wp-content\/uploads\/2021\/10\/2021-wb-esslingen-3-768x594.jpg 768w, http:\/\/einsiedel-architekten.de\/cms\/wp-content\/uploads\/2021\/10\/2021-wb-esslingen-3-500x387.jpg 500w, http:\/\/einsiedel-architekten.de\/cms\/wp-content\/uploads\/2021\/10\/2021-wb-esslingen-3-800x619.jpg 800w, http:\/\/einsiedel-architekten.de\/cms\/wp-content\/uploads\/2021\/10\/2021-wb-esslingen-3-1280x990.jpg 1280w, http:\/\/einsiedel-architekten.de\/cms\/wp-content\/uploads\/2021\/10\/2021-wb-esslingen-3-1536x1188.jpg 1536w, http:\/\/einsiedel-architekten.de\/cms\/wp-content\/uploads\/2021\/10\/2021-wb-esslingen-3-2048x1584.jpg 2048w, http:\/\/einsiedel-architekten.de\/cms\/wp-content\/uploads\/2021\/10\/2021-wb-esslingen-3-854x660.jpg 854w\" data-sizes=\"auto\" loading=\"eager\">\n\t\t<div class=\"vp-portfolio__item-overlay\">\n\t\t\t\t\t<\/div>\n\n\t\t<\/a>\t<\/div>\n<\/div>\n\n\t\t\t<\/figure>\n\t\t\t\t\t<\/div>\n\t\t\n\t\t<div\t\tclass=\"vp-portfolio__item-wrap vp-portfolio__item-uid-071cc855\" data-vp-filter=\"\" \t\t>\n\t\t\t<template class=\"vp-portfolio__item-popup\" data-vp-popup-img=\"http:\/\/einsiedel-architekten.de\/cms\/wp-content\/uploads\/2021\/10\/2021-wb-esslingen-12-1920x1377.jpg\" data-vp-popup-img-srcset=\"http:\/\/einsiedel-architekten.de\/cms\/wp-content\/uploads\/2021\/10\/2021-wb-esslingen-12-1920x1377.jpg 1920w, http:\/\/einsiedel-architekten.de\/cms\/wp-content\/uploads\/2021\/10\/2021-wb-esslingen-12-300x215.jpg 300w, http:\/\/einsiedel-architekten.de\/cms\/wp-content\/uploads\/2021\/10\/2021-wb-esslingen-12-1024x734.jpg 1024w, http:\/\/einsiedel-architekten.de\/cms\/wp-content\/uploads\/2021\/10\/2021-wb-esslingen-12-768x551.jpg 768w, http:\/\/einsiedel-architekten.de\/cms\/wp-content\/uploads\/2021\/10\/2021-wb-esslingen-12-500x358.jpg 500w, http:\/\/einsiedel-architekten.de\/cms\/wp-content\/uploads\/2021\/10\/2021-wb-esslingen-12-800x574.jpg 800w, http:\/\/einsiedel-architekten.de\/cms\/wp-content\/uploads\/2021\/10\/2021-wb-esslingen-12-1280x918.jpg 1280w, http:\/\/einsiedel-architekten.de\/cms\/wp-content\/uploads\/2021\/10\/2021-wb-esslingen-12-1536x1101.jpg 1536w, http:\/\/einsiedel-architekten.de\/cms\/wp-content\/uploads\/2021\/10\/2021-wb-esslingen-12-2048x1468.jpg 2048w, http:\/\/einsiedel-architekten.de\/cms\/wp-content\/uploads\/2021\/10\/2021-wb-esslingen-12-921x660.jpg 921w\" data-vp-popup-img-size=\"1920x1377\" data-vp-popup-md-img=\"http:\/\/einsiedel-architekten.de\/cms\/wp-content\/uploads\/2021\/10\/2021-wb-esslingen-12-800x574.jpg\" data-vp-popup-md-img-size=\"800x574\" data-vp-popup-sm-img=\"http:\/\/einsiedel-architekten.de\/cms\/wp-content\/uploads\/2021\/10\/2021-wb-esslingen-12-500x358.jpg\" data-vp-popup-sm-img-size=\"500x358\">\n\t<\/template>\n\t\t\t\t\t\t<figure class=\"vp-portfolio__item\">\n\t\t\t\t\n<div class=\"vp-portfolio__item-img-wrap\">\n\t<div class=\"vp-portfolio__item-img\">\n\t\t\t<a\n\t\thref=\"http:\/\/einsiedel-architekten.de\/cms\/wp-content\/uploads\/2021\/10\/2021-wb-esslingen-12-1920x1377.jpg\"\n\t\taria-label=\"Open image\" \t data-rel=\"lightbox-image-2\" data-rl_title=\"\" data-rl_caption=\"\" title=\"\">\n\t\n\t\t<noscript><img loading=\"lazy\" decoding=\"async\" width=\"1920\" height=\"1377\" data-skip-lazy src=\"http:\/\/einsiedel-architekten.de\/cms\/wp-content\/uploads\/2021\/10\/2021-wb-esslingen-12-1920x1377.jpg\" class=\"wp-image-1990\" alt=\"\" srcset=\"http:\/\/einsiedel-architekten.de\/cms\/wp-content\/uploads\/2021\/10\/2021-wb-esslingen-12-1920x1377.jpg 1920w, http:\/\/einsiedel-architekten.de\/cms\/wp-content\/uploads\/2021\/10\/2021-wb-esslingen-12-300x215.jpg 300w, http:\/\/einsiedel-architekten.de\/cms\/wp-content\/uploads\/2021\/10\/2021-wb-esslingen-12-1024x734.jpg 1024w, http:\/\/einsiedel-architekten.de\/cms\/wp-content\/uploads\/2021\/10\/2021-wb-esslingen-12-768x551.jpg 768w, http:\/\/einsiedel-architekten.de\/cms\/wp-content\/uploads\/2021\/10\/2021-wb-esslingen-12-500x358.jpg 500w, http:\/\/einsiedel-architekten.de\/cms\/wp-content\/uploads\/2021\/10\/2021-wb-esslingen-12-800x574.jpg 800w, http:\/\/einsiedel-architekten.de\/cms\/wp-content\/uploads\/2021\/10\/2021-wb-esslingen-12-1280x918.jpg 1280w, http:\/\/einsiedel-architekten.de\/cms\/wp-content\/uploads\/2021\/10\/2021-wb-esslingen-12-1536x1101.jpg 1536w, http:\/\/einsiedel-architekten.de\/cms\/wp-content\/uploads\/2021\/10\/2021-wb-esslingen-12-2048x1468.jpg 2048w, http:\/\/einsiedel-architekten.de\/cms\/wp-content\/uploads\/2021\/10\/2021-wb-esslingen-12-921x660.jpg 921w\" sizes=\"auto, (max-width: 1920px) 100vw, 1920px\" \/><\/noscript><img decoding=\"async\" width=\"1920\" height=\"1377\" src=\"http:\/\/einsiedel-architekten.de\/cms\/wp-content\/uploads\/2021\/10\/2021-wb-esslingen-12-1920x1377.jpg\" class=\"wp-image-1990 vp-lazyload\" alt srcset=\"data:image\/svg+xml;base64,PHN2ZyB3aWR0aD0iMTkyMCIgaGVpZ2h0PSIxMzc3IiB2aWV3Qm94PSIwIDAgMTkyMCAxMzc3IiBmaWxsPSJub25lIiB4bWxucz0iaHR0cDovL3d3dy53My5vcmcvMjAwMC9zdmciPjwvc3ZnPg==\" data-src=\"http:\/\/einsiedel-architekten.de\/cms\/wp-content\/uploads\/2021\/10\/2021-wb-esslingen-12-1920x1377.jpg\" data-srcset=\"http:\/\/einsiedel-architekten.de\/cms\/wp-content\/uploads\/2021\/10\/2021-wb-esslingen-12-1920x1377.jpg 1920w, http:\/\/einsiedel-architekten.de\/cms\/wp-content\/uploads\/2021\/10\/2021-wb-esslingen-12-300x215.jpg 300w, http:\/\/einsiedel-architekten.de\/cms\/wp-content\/uploads\/2021\/10\/2021-wb-esslingen-12-1024x734.jpg 1024w, http:\/\/einsiedel-architekten.de\/cms\/wp-content\/uploads\/2021\/10\/2021-wb-esslingen-12-768x551.jpg 768w, http:\/\/einsiedel-architekten.de\/cms\/wp-content\/uploads\/2021\/10\/2021-wb-esslingen-12-500x358.jpg 500w, http:\/\/einsiedel-architekten.de\/cms\/wp-content\/uploads\/2021\/10\/2021-wb-esslingen-12-800x574.jpg 800w, http:\/\/einsiedel-architekten.de\/cms\/wp-content\/uploads\/2021\/10\/2021-wb-esslingen-12-1280x918.jpg 1280w, http:\/\/einsiedel-architekten.de\/cms\/wp-content\/uploads\/2021\/10\/2021-wb-esslingen-12-1536x1101.jpg 1536w, http:\/\/einsiedel-architekten.de\/cms\/wp-content\/uploads\/2021\/10\/2021-wb-esslingen-12-2048x1468.jpg 2048w, http:\/\/einsiedel-architekten.de\/cms\/wp-content\/uploads\/2021\/10\/2021-wb-esslingen-12-921x660.jpg 921w\" data-sizes=\"auto\" loading=\"eager\">\n\t\t<div class=\"vp-portfolio__item-overlay\">\n\t\t\t\t\t<\/div>\n\n\t\t<\/a>\t<\/div>\n<\/div>\n\n\t\t\t<\/figure>\n\t\t\t\t\t<\/div>\n\t\t\n\t\t<div\t\tclass=\"vp-portfolio__item-wrap vp-portfolio__item-uid-ca047591\" data-vp-filter=\"\" \t\t>\n\t\t\t<template class=\"vp-portfolio__item-popup\" data-vp-popup-img=\"http:\/\/einsiedel-architekten.de\/cms\/wp-content\/uploads\/2021\/10\/2021-wb-esslingen-9-1920x1412.jpg\" data-vp-popup-img-srcset=\"http:\/\/einsiedel-architekten.de\/cms\/wp-content\/uploads\/2021\/10\/2021-wb-esslingen-9-1920x1412.jpg 1920w, http:\/\/einsiedel-architekten.de\/cms\/wp-content\/uploads\/2021\/10\/2021-wb-esslingen-9-300x221.jpg 300w, http:\/\/einsiedel-architekten.de\/cms\/wp-content\/uploads\/2021\/10\/2021-wb-esslingen-9-1024x753.jpg 1024w, http:\/\/einsiedel-architekten.de\/cms\/wp-content\/uploads\/2021\/10\/2021-wb-esslingen-9-768x565.jpg 768w, http:\/\/einsiedel-architekten.de\/cms\/wp-content\/uploads\/2021\/10\/2021-wb-esslingen-9-500x368.jpg 500w, http:\/\/einsiedel-architekten.de\/cms\/wp-content\/uploads\/2021\/10\/2021-wb-esslingen-9-800x588.jpg 800w, http:\/\/einsiedel-architekten.de\/cms\/wp-content\/uploads\/2021\/10\/2021-wb-esslingen-9-1280x941.jpg 1280w, http:\/\/einsiedel-architekten.de\/cms\/wp-content\/uploads\/2021\/10\/2021-wb-esslingen-9-1536x1130.jpg 1536w, http:\/\/einsiedel-architekten.de\/cms\/wp-content\/uploads\/2021\/10\/2021-wb-esslingen-9-2048x1506.jpg 2048w, http:\/\/einsiedel-architekten.de\/cms\/wp-content\/uploads\/2021\/10\/2021-wb-esslingen-9-897x660.jpg 897w\" data-vp-popup-img-size=\"1920x1412\" data-vp-popup-md-img=\"http:\/\/einsiedel-architekten.de\/cms\/wp-content\/uploads\/2021\/10\/2021-wb-esslingen-9-800x588.jpg\" data-vp-popup-md-img-size=\"800x588\" data-vp-popup-sm-img=\"http:\/\/einsiedel-architekten.de\/cms\/wp-content\/uploads\/2021\/10\/2021-wb-esslingen-9-500x368.jpg\" data-vp-popup-sm-img-size=\"500x368\">\n\t<\/template>\n\t\t\t\t\t\t<figure class=\"vp-portfolio__item\">\n\t\t\t\t\n<div class=\"vp-portfolio__item-img-wrap\">\n\t<div class=\"vp-portfolio__item-img\">\n\t\t\t<a\n\t\thref=\"http:\/\/einsiedel-architekten.de\/cms\/wp-content\/uploads\/2021\/10\/2021-wb-esslingen-9-1920x1412.jpg\"\n\t\taria-label=\"Open image\" \t data-rel=\"lightbox-image-3\" data-rl_title=\"\" data-rl_caption=\"\" title=\"\">\n\t\n\t\t<noscript><img loading=\"lazy\" decoding=\"async\" width=\"1920\" height=\"1412\" data-skip-lazy src=\"http:\/\/einsiedel-architekten.de\/cms\/wp-content\/uploads\/2021\/10\/2021-wb-esslingen-9-1920x1412.jpg\" class=\"wp-image-1986\" alt=\"\" srcset=\"http:\/\/einsiedel-architekten.de\/cms\/wp-content\/uploads\/2021\/10\/2021-wb-esslingen-9-1920x1412.jpg 1920w, http:\/\/einsiedel-architekten.de\/cms\/wp-content\/uploads\/2021\/10\/2021-wb-esslingen-9-300x221.jpg 300w, http:\/\/einsiedel-architekten.de\/cms\/wp-content\/uploads\/2021\/10\/2021-wb-esslingen-9-1024x753.jpg 1024w, http:\/\/einsiedel-architekten.de\/cms\/wp-content\/uploads\/2021\/10\/2021-wb-esslingen-9-768x565.jpg 768w, http:\/\/einsiedel-architekten.de\/cms\/wp-content\/uploads\/2021\/10\/2021-wb-esslingen-9-500x368.jpg 500w, http:\/\/einsiedel-architekten.de\/cms\/wp-content\/uploads\/2021\/10\/2021-wb-esslingen-9-800x588.jpg 800w, http:\/\/einsiedel-architekten.de\/cms\/wp-content\/uploads\/2021\/10\/2021-wb-esslingen-9-1280x941.jpg 1280w, http:\/\/einsiedel-architekten.de\/cms\/wp-content\/uploads\/2021\/10\/2021-wb-esslingen-9-1536x1130.jpg 1536w, http:\/\/einsiedel-architekten.de\/cms\/wp-content\/uploads\/2021\/10\/2021-wb-esslingen-9-2048x1506.jpg 2048w, http:\/\/einsiedel-architekten.de\/cms\/wp-content\/uploads\/2021\/10\/2021-wb-esslingen-9-897x660.jpg 897w\" sizes=\"auto, (max-width: 1920px) 100vw, 1920px\" \/><\/noscript><img decoding=\"async\" width=\"1920\" height=\"1412\" src=\"http:\/\/einsiedel-architekten.de\/cms\/wp-content\/uploads\/2021\/10\/2021-wb-esslingen-9-1920x1412.jpg\" class=\"wp-image-1986 vp-lazyload\" alt srcset=\"data:image\/svg+xml;base64,PHN2ZyB3aWR0aD0iMTkyMCIgaGVpZ2h0PSIxNDEyIiB2aWV3Qm94PSIwIDAgMTkyMCAxNDEyIiBmaWxsPSJub25lIiB4bWxucz0iaHR0cDovL3d3dy53My5vcmcvMjAwMC9zdmciPjwvc3ZnPg==\" data-src=\"http:\/\/einsiedel-architekten.de\/cms\/wp-content\/uploads\/2021\/10\/2021-wb-esslingen-9-1920x1412.jpg\" data-srcset=\"http:\/\/einsiedel-architekten.de\/cms\/wp-content\/uploads\/2021\/10\/2021-wb-esslingen-9-1920x1412.jpg 1920w, http:\/\/einsiedel-architekten.de\/cms\/wp-content\/uploads\/2021\/10\/2021-wb-esslingen-9-300x221.jpg 300w, http:\/\/einsiedel-architekten.de\/cms\/wp-content\/uploads\/2021\/10\/2021-wb-esslingen-9-1024x753.jpg 1024w, http:\/\/einsiedel-architekten.de\/cms\/wp-content\/uploads\/2021\/10\/2021-wb-esslingen-9-768x565.jpg 768w, http:\/\/einsiedel-architekten.de\/cms\/wp-content\/uploads\/2021\/10\/2021-wb-esslingen-9-500x368.jpg 500w, http:\/\/einsiedel-architekten.de\/cms\/wp-content\/uploads\/2021\/10\/2021-wb-esslingen-9-800x588.jpg 800w, http:\/\/einsiedel-architekten.de\/cms\/wp-content\/uploads\/2021\/10\/2021-wb-esslingen-9-1280x941.jpg 1280w, http:\/\/einsiedel-architekten.de\/cms\/wp-content\/uploads\/2021\/10\/2021-wb-esslingen-9-1536x1130.jpg 1536w, http:\/\/einsiedel-architekten.de\/cms\/wp-content\/uploads\/2021\/10\/2021-wb-esslingen-9-2048x1506.jpg 2048w, http:\/\/einsiedel-architekten.de\/cms\/wp-content\/uploads\/2021\/10\/2021-wb-esslingen-9-897x660.jpg 897w\" data-sizes=\"auto\" loading=\"eager\">\n\t\t<div class=\"vp-portfolio__item-overlay\">\n\t\t\t\t\t<\/div>\n\n\t\t<\/a>\t<\/div>\n<\/div>\n\n\t\t\t<\/figure>\n\t\t\t\t\t<\/div>\n\t\t\n\t\t<div\t\tclass=\"vp-portfolio__item-wrap vp-portfolio__item-uid-6f03a8df\" data-vp-filter=\"\" \t\t>\n\t\t\t<template class=\"vp-portfolio__item-popup\" data-vp-popup-img=\"http:\/\/einsiedel-architekten.de\/cms\/wp-content\/uploads\/2021\/10\/2021-wb-esslingen-2-1920x1333.jpg\" data-vp-popup-img-srcset=\"http:\/\/einsiedel-architekten.de\/cms\/wp-content\/uploads\/2021\/10\/2021-wb-esslingen-2-1920x1333.jpg 1920w, http:\/\/einsiedel-architekten.de\/cms\/wp-content\/uploads\/2021\/10\/2021-wb-esslingen-2-300x208.jpg 300w, http:\/\/einsiedel-architekten.de\/cms\/wp-content\/uploads\/2021\/10\/2021-wb-esslingen-2-1024x711.jpg 1024w, http:\/\/einsiedel-architekten.de\/cms\/wp-content\/uploads\/2021\/10\/2021-wb-esslingen-2-768x533.jpg 768w, http:\/\/einsiedel-architekten.de\/cms\/wp-content\/uploads\/2021\/10\/2021-wb-esslingen-2-500x347.jpg 500w, http:\/\/einsiedel-architekten.de\/cms\/wp-content\/uploads\/2021\/10\/2021-wb-esslingen-2-800x555.jpg 800w, http:\/\/einsiedel-architekten.de\/cms\/wp-content\/uploads\/2021\/10\/2021-wb-esslingen-2-1280x889.jpg 1280w, http:\/\/einsiedel-architekten.de\/cms\/wp-content\/uploads\/2021\/10\/2021-wb-esslingen-2-1536x1067.jpg 1536w, http:\/\/einsiedel-architekten.de\/cms\/wp-content\/uploads\/2021\/10\/2021-wb-esslingen-2-2048x1422.jpg 2048w, http:\/\/einsiedel-architekten.de\/cms\/wp-content\/uploads\/2021\/10\/2021-wb-esslingen-2-951x660.jpg 951w\" data-vp-popup-img-size=\"1920x1333\" data-vp-popup-md-img=\"http:\/\/einsiedel-architekten.de\/cms\/wp-content\/uploads\/2021\/10\/2021-wb-esslingen-2-800x555.jpg\" data-vp-popup-md-img-size=\"800x555\" data-vp-popup-sm-img=\"http:\/\/einsiedel-architekten.de\/cms\/wp-content\/uploads\/2021\/10\/2021-wb-esslingen-2-500x347.jpg\" data-vp-popup-sm-img-size=\"500x347\">\n\t<\/template>\n\t\t\t\t\t\t<figure class=\"vp-portfolio__item\">\n\t\t\t\t\n<div class=\"vp-portfolio__item-img-wrap\">\n\t<div class=\"vp-portfolio__item-img\">\n\t\t\t<a\n\t\thref=\"http:\/\/einsiedel-architekten.de\/cms\/wp-content\/uploads\/2021\/10\/2021-wb-esslingen-2-1920x1333.jpg\"\n\t\taria-label=\"Open image\" \t data-rel=\"lightbox-image-4\" data-rl_title=\"\" data-rl_caption=\"\" title=\"\">\n\t\n\t\t<noscript><img loading=\"lazy\" decoding=\"async\" width=\"1920\" height=\"1333\" data-skip-lazy src=\"http:\/\/einsiedel-architekten.de\/cms\/wp-content\/uploads\/2021\/10\/2021-wb-esslingen-2-1920x1333.jpg\" class=\"wp-image-1979\" alt=\"\" srcset=\"http:\/\/einsiedel-architekten.de\/cms\/wp-content\/uploads\/2021\/10\/2021-wb-esslingen-2-1920x1333.jpg 1920w, http:\/\/einsiedel-architekten.de\/cms\/wp-content\/uploads\/2021\/10\/2021-wb-esslingen-2-300x208.jpg 300w, http:\/\/einsiedel-architekten.de\/cms\/wp-content\/uploads\/2021\/10\/2021-wb-esslingen-2-1024x711.jpg 1024w, http:\/\/einsiedel-architekten.de\/cms\/wp-content\/uploads\/2021\/10\/2021-wb-esslingen-2-768x533.jpg 768w, http:\/\/einsiedel-architekten.de\/cms\/wp-content\/uploads\/2021\/10\/2021-wb-esslingen-2-500x347.jpg 500w, http:\/\/einsiedel-architekten.de\/cms\/wp-content\/uploads\/2021\/10\/2021-wb-esslingen-2-800x555.jpg 800w, http:\/\/einsiedel-architekten.de\/cms\/wp-content\/uploads\/2021\/10\/2021-wb-esslingen-2-1280x889.jpg 1280w, http:\/\/einsiedel-architekten.de\/cms\/wp-content\/uploads\/2021\/10\/2021-wb-esslingen-2-1536x1067.jpg 1536w, http:\/\/einsiedel-architekten.de\/cms\/wp-content\/uploads\/2021\/10\/2021-wb-esslingen-2-2048x1422.jpg 2048w, http:\/\/einsiedel-architekten.de\/cms\/wp-content\/uploads\/2021\/10\/2021-wb-esslingen-2-951x660.jpg 951w\" sizes=\"auto, (max-width: 1920px) 100vw, 1920px\" \/><\/noscript><img decoding=\"async\" width=\"1920\" height=\"1333\" src=\"http:\/\/einsiedel-architekten.de\/cms\/wp-content\/uploads\/2021\/10\/2021-wb-esslingen-2-1920x1333.jpg\" class=\"wp-image-1979 vp-lazyload\" alt srcset=\"data:image\/svg+xml;base64,PHN2ZyB3aWR0aD0iMTkyMCIgaGVpZ2h0PSIxMzMzIiB2aWV3Qm94PSIwIDAgMTkyMCAxMzMzIiBmaWxsPSJub25lIiB4bWxucz0iaHR0cDovL3d3dy53My5vcmcvMjAwMC9zdmciPjwvc3ZnPg==\" data-src=\"http:\/\/einsiedel-architekten.de\/cms\/wp-content\/uploads\/2021\/10\/2021-wb-esslingen-2-1920x1333.jpg\" data-srcset=\"http:\/\/einsiedel-architekten.de\/cms\/wp-content\/uploads\/2021\/10\/2021-wb-esslingen-2-1920x1333.jpg 1920w, http:\/\/einsiedel-architekten.de\/cms\/wp-content\/uploads\/2021\/10\/2021-wb-esslingen-2-300x208.jpg 300w, http:\/\/einsiedel-architekten.de\/cms\/wp-content\/uploads\/2021\/10\/2021-wb-esslingen-2-1024x711.jpg 1024w, http:\/\/einsiedel-architekten.de\/cms\/wp-content\/uploads\/2021\/10\/2021-wb-esslingen-2-768x533.jpg 768w, http:\/\/einsiedel-architekten.de\/cms\/wp-content\/uploads\/2021\/10\/2021-wb-esslingen-2-500x347.jpg 500w, http:\/\/einsiedel-architekten.de\/cms\/wp-content\/uploads\/2021\/10\/2021-wb-esslingen-2-800x555.jpg 800w, http:\/\/einsiedel-architekten.de\/cms\/wp-content\/uploads\/2021\/10\/2021-wb-esslingen-2-1280x889.jpg 1280w, http:\/\/einsiedel-architekten.de\/cms\/wp-content\/uploads\/2021\/10\/2021-wb-esslingen-2-1536x1067.jpg 1536w, http:\/\/einsiedel-architekten.de\/cms\/wp-content\/uploads\/2021\/10\/2021-wb-esslingen-2-2048x1422.jpg 2048w, http:\/\/einsiedel-architekten.de\/cms\/wp-content\/uploads\/2021\/10\/2021-wb-esslingen-2-951x660.jpg 951w\" data-sizes=\"auto\" loading=\"eager\">\n\t\t<div class=\"vp-portfolio__item-overlay\">\n\t\t\t\t\t<\/div>\n\n\t\t<\/a>\t<\/div>\n<\/div>\n\n\t\t\t<\/figure>\n\t\t\t\t\t<\/div>\n\t\t\n\t\t<div\t\tclass=\"vp-portfolio__item-wrap vp-portfolio__item-uid-42294428\" data-vp-filter=\"\" \t\t>\n\t\t\t<template class=\"vp-portfolio__item-popup\" data-vp-popup-img=\"http:\/\/einsiedel-architekten.de\/cms\/wp-content\/uploads\/2021\/10\/2021-wb-esslingen-5.jpg\" data-vp-popup-img-srcset=\"http:\/\/einsiedel-architekten.de\/cms\/wp-content\/uploads\/2021\/10\/2021-wb-esslingen-5.jpg 1705w, http:\/\/einsiedel-architekten.de\/cms\/wp-content\/uploads\/2021\/10\/2021-wb-esslingen-5-300x209.jpg 300w, http:\/\/einsiedel-architekten.de\/cms\/wp-content\/uploads\/2021\/10\/2021-wb-esslingen-5-1024x712.jpg 1024w, http:\/\/einsiedel-architekten.de\/cms\/wp-content\/uploads\/2021\/10\/2021-wb-esslingen-5-768x534.jpg 768w, http:\/\/einsiedel-architekten.de\/cms\/wp-content\/uploads\/2021\/10\/2021-wb-esslingen-5-500x348.jpg 500w, http:\/\/einsiedel-architekten.de\/cms\/wp-content\/uploads\/2021\/10\/2021-wb-esslingen-5-800x556.jpg 800w, http:\/\/einsiedel-architekten.de\/cms\/wp-content\/uploads\/2021\/10\/2021-wb-esslingen-5-1280x890.jpg 1280w, http:\/\/einsiedel-architekten.de\/cms\/wp-content\/uploads\/2021\/10\/2021-wb-esslingen-5-1536x1068.jpg 1536w, http:\/\/einsiedel-architekten.de\/cms\/wp-content\/uploads\/2021\/10\/2021-wb-esslingen-5-949x660.jpg 949w\" data-vp-popup-img-size=\"1705x1186\" data-vp-popup-md-img=\"http:\/\/einsiedel-architekten.de\/cms\/wp-content\/uploads\/2021\/10\/2021-wb-esslingen-5-800x556.jpg\" data-vp-popup-md-img-size=\"800x556\" data-vp-popup-sm-img=\"http:\/\/einsiedel-architekten.de\/cms\/wp-content\/uploads\/2021\/10\/2021-wb-esslingen-5-500x348.jpg\" data-vp-popup-sm-img-size=\"500x348\">\n\t<\/template>\n\t\t\t\t\t\t<figure class=\"vp-portfolio__item\">\n\t\t\t\t\n<div class=\"vp-portfolio__item-img-wrap\">\n\t<div class=\"vp-portfolio__item-img\">\n\t\t\t<a\n\t\thref=\"http:\/\/einsiedel-architekten.de\/cms\/wp-content\/uploads\/2021\/10\/2021-wb-esslingen-5.jpg\"\n\t\taria-label=\"Open image\" \t data-rel=\"lightbox-image-5\" data-rl_title=\"\" data-rl_caption=\"\" title=\"\">\n\t\n\t\t<noscript><img loading=\"lazy\" decoding=\"async\" width=\"1705\" height=\"1186\" data-skip-lazy src=\"http:\/\/einsiedel-architekten.de\/cms\/wp-content\/uploads\/2021\/10\/2021-wb-esslingen-5.jpg\" class=\"wp-image-1982\" alt=\"\" srcset=\"http:\/\/einsiedel-architekten.de\/cms\/wp-content\/uploads\/2021\/10\/2021-wb-esslingen-5.jpg 1705w, http:\/\/einsiedel-architekten.de\/cms\/wp-content\/uploads\/2021\/10\/2021-wb-esslingen-5-300x209.jpg 300w, http:\/\/einsiedel-architekten.de\/cms\/wp-content\/uploads\/2021\/10\/2021-wb-esslingen-5-1024x712.jpg 1024w, http:\/\/einsiedel-architekten.de\/cms\/wp-content\/uploads\/2021\/10\/2021-wb-esslingen-5-768x534.jpg 768w, http:\/\/einsiedel-architekten.de\/cms\/wp-content\/uploads\/2021\/10\/2021-wb-esslingen-5-500x348.jpg 500w, http:\/\/einsiedel-architekten.de\/cms\/wp-content\/uploads\/2021\/10\/2021-wb-esslingen-5-800x556.jpg 800w, http:\/\/einsiedel-architekten.de\/cms\/wp-content\/uploads\/2021\/10\/2021-wb-esslingen-5-1280x890.jpg 1280w, http:\/\/einsiedel-architekten.de\/cms\/wp-content\/uploads\/2021\/10\/2021-wb-esslingen-5-1536x1068.jpg 1536w, http:\/\/einsiedel-architekten.de\/cms\/wp-content\/uploads\/2021\/10\/2021-wb-esslingen-5-949x660.jpg 949w\" sizes=\"auto, (max-width: 1705px) 100vw, 1705px\" \/><\/noscript><img decoding=\"async\" width=\"1705\" height=\"1186\" src=\"http:\/\/einsiedel-architekten.de\/cms\/wp-content\/uploads\/2021\/10\/2021-wb-esslingen-5.jpg\" class=\"wp-image-1982 vp-lazyload\" alt srcset=\"data:image\/svg+xml;base64,PHN2ZyB3aWR0aD0iMTcwNSIgaGVpZ2h0PSIxMTg2IiB2aWV3Qm94PSIwIDAgMTcwNSAxMTg2IiBmaWxsPSJub25lIiB4bWxucz0iaHR0cDovL3d3dy53My5vcmcvMjAwMC9zdmciPjwvc3ZnPg==\" data-src=\"http:\/\/einsiedel-architekten.de\/cms\/wp-content\/uploads\/2021\/10\/2021-wb-esslingen-5.jpg\" data-srcset=\"http:\/\/einsiedel-architekten.de\/cms\/wp-content\/uploads\/2021\/10\/2021-wb-esslingen-5.jpg 1705w, http:\/\/einsiedel-architekten.de\/cms\/wp-content\/uploads\/2021\/10\/2021-wb-esslingen-5-300x209.jpg 300w, http:\/\/einsiedel-architekten.de\/cms\/wp-content\/uploads\/2021\/10\/2021-wb-esslingen-5-1024x712.jpg 1024w, http:\/\/einsiedel-architekten.de\/cms\/wp-content\/uploads\/2021\/10\/2021-wb-esslingen-5-768x534.jpg 768w, http:\/\/einsiedel-architekten.de\/cms\/wp-content\/uploads\/2021\/10\/2021-wb-esslingen-5-500x348.jpg 500w, http:\/\/einsiedel-architekten.de\/cms\/wp-content\/uploads\/2021\/10\/2021-wb-esslingen-5-800x556.jpg 800w, http:\/\/einsiedel-architekten.de\/cms\/wp-content\/uploads\/2021\/10\/2021-wb-esslingen-5-1280x890.jpg 1280w, http:\/\/einsiedel-architekten.de\/cms\/wp-content\/uploads\/2021\/10\/2021-wb-esslingen-5-1536x1068.jpg 1536w, http:\/\/einsiedel-architekten.de\/cms\/wp-content\/uploads\/2021\/10\/2021-wb-esslingen-5-949x660.jpg 949w\" data-sizes=\"auto\" loading=\"eager\">\n\t\t<div class=\"vp-portfolio__item-overlay\">\n\t\t\t\t\t<\/div>\n\n\t\t<\/a>\t<\/div>\n<\/div>\n\n\t\t\t<\/figure>\n\t\t\t\t\t<\/div>\n\t\t\n\t\t<div\t\tclass=\"vp-portfolio__item-wrap vp-portfolio__item-uid-9c806f42\" data-vp-filter=\"\" \t\t>\n\t\t\t<template class=\"vp-portfolio__item-popup\" data-vp-popup-img=\"http:\/\/einsiedel-architekten.de\/cms\/wp-content\/uploads\/2021\/10\/2021-wb-esslingen-4-1920x1328.jpg\" data-vp-popup-img-srcset=\"http:\/\/einsiedel-architekten.de\/cms\/wp-content\/uploads\/2021\/10\/2021-wb-esslingen-4-1920x1328.jpg 1920w, http:\/\/einsiedel-architekten.de\/cms\/wp-content\/uploads\/2021\/10\/2021-wb-esslingen-4-300x208.jpg 300w, http:\/\/einsiedel-architekten.de\/cms\/wp-content\/uploads\/2021\/10\/2021-wb-esslingen-4-1024x708.jpg 1024w, http:\/\/einsiedel-architekten.de\/cms\/wp-content\/uploads\/2021\/10\/2021-wb-esslingen-4-768x531.jpg 768w, http:\/\/einsiedel-architekten.de\/cms\/wp-content\/uploads\/2021\/10\/2021-wb-esslingen-4-500x346.jpg 500w, http:\/\/einsiedel-architekten.de\/cms\/wp-content\/uploads\/2021\/10\/2021-wb-esslingen-4-800x553.jpg 800w, http:\/\/einsiedel-architekten.de\/cms\/wp-content\/uploads\/2021\/10\/2021-wb-esslingen-4-1280x886.jpg 1280w, http:\/\/einsiedel-architekten.de\/cms\/wp-content\/uploads\/2021\/10\/2021-wb-esslingen-4-1536x1063.jpg 1536w, http:\/\/einsiedel-architekten.de\/cms\/wp-content\/uploads\/2021\/10\/2021-wb-esslingen-4-954x660.jpg 954w, http:\/\/einsiedel-architekten.de\/cms\/wp-content\/uploads\/2021\/10\/2021-wb-esslingen-4.jpg 1989w\" data-vp-popup-img-size=\"1920x1328\" data-vp-popup-md-img=\"http:\/\/einsiedel-architekten.de\/cms\/wp-content\/uploads\/2021\/10\/2021-wb-esslingen-4-800x553.jpg\" data-vp-popup-md-img-size=\"800x553\" data-vp-popup-sm-img=\"http:\/\/einsiedel-architekten.de\/cms\/wp-content\/uploads\/2021\/10\/2021-wb-esslingen-4-500x346.jpg\" data-vp-popup-sm-img-size=\"500x346\">\n\t<\/template>\n\t\t\t\t\t\t<figure class=\"vp-portfolio__item\">\n\t\t\t\t\n<div class=\"vp-portfolio__item-img-wrap\">\n\t<div class=\"vp-portfolio__item-img\">\n\t\t\t<a\n\t\thref=\"http:\/\/einsiedel-architekten.de\/cms\/wp-content\/uploads\/2021\/10\/2021-wb-esslingen-4-1920x1328.jpg\"\n\t\taria-label=\"Open image\" \t data-rel=\"lightbox-image-6\" data-rl_title=\"\" data-rl_caption=\"\" title=\"\">\n\t\n\t\t<noscript><img loading=\"lazy\" decoding=\"async\" width=\"1920\" height=\"1328\" data-skip-lazy src=\"http:\/\/einsiedel-architekten.de\/cms\/wp-content\/uploads\/2021\/10\/2021-wb-esslingen-4-1920x1328.jpg\" class=\"wp-image-1981\" alt=\"\" srcset=\"http:\/\/einsiedel-architekten.de\/cms\/wp-content\/uploads\/2021\/10\/2021-wb-esslingen-4-1920x1328.jpg 1920w, http:\/\/einsiedel-architekten.de\/cms\/wp-content\/uploads\/2021\/10\/2021-wb-esslingen-4-300x208.jpg 300w, http:\/\/einsiedel-architekten.de\/cms\/wp-content\/uploads\/2021\/10\/2021-wb-esslingen-4-1024x708.jpg 1024w, http:\/\/einsiedel-architekten.de\/cms\/wp-content\/uploads\/2021\/10\/2021-wb-esslingen-4-768x531.jpg 768w, http:\/\/einsiedel-architekten.de\/cms\/wp-content\/uploads\/2021\/10\/2021-wb-esslingen-4-500x346.jpg 500w, http:\/\/einsiedel-architekten.de\/cms\/wp-content\/uploads\/2021\/10\/2021-wb-esslingen-4-800x553.jpg 800w, http:\/\/einsiedel-architekten.de\/cms\/wp-content\/uploads\/2021\/10\/2021-wb-esslingen-4-1280x886.jpg 1280w, http:\/\/einsiedel-architekten.de\/cms\/wp-content\/uploads\/2021\/10\/2021-wb-esslingen-4-1536x1063.jpg 1536w, http:\/\/einsiedel-architekten.de\/cms\/wp-content\/uploads\/2021\/10\/2021-wb-esslingen-4-954x660.jpg 954w, http:\/\/einsiedel-architekten.de\/cms\/wp-content\/uploads\/2021\/10\/2021-wb-esslingen-4.jpg 1989w\" sizes=\"auto, (max-width: 1920px) 100vw, 1920px\" \/><\/noscript><img decoding=\"async\" width=\"1920\" height=\"1328\" src=\"http:\/\/einsiedel-architekten.de\/cms\/wp-content\/uploads\/2021\/10\/2021-wb-esslingen-4-1920x1328.jpg\" class=\"wp-image-1981 vp-lazyload\" alt srcset=\"data:image\/svg+xml;base64,PHN2ZyB3aWR0aD0iMTkyMCIgaGVpZ2h0PSIxMzI4IiB2aWV3Qm94PSIwIDAgMTkyMCAxMzI4IiBmaWxsPSJub25lIiB4bWxucz0iaHR0cDovL3d3dy53My5vcmcvMjAwMC9zdmciPjwvc3ZnPg==\" data-src=\"http:\/\/einsiedel-architekten.de\/cms\/wp-content\/uploads\/2021\/10\/2021-wb-esslingen-4-1920x1328.jpg\" data-srcset=\"http:\/\/einsiedel-architekten.de\/cms\/wp-content\/uploads\/2021\/10\/2021-wb-esslingen-4-1920x1328.jpg 1920w, http:\/\/einsiedel-architekten.de\/cms\/wp-content\/uploads\/2021\/10\/2021-wb-esslingen-4-300x208.jpg 300w, http:\/\/einsiedel-architekten.de\/cms\/wp-content\/uploads\/2021\/10\/2021-wb-esslingen-4-1024x708.jpg 1024w, http:\/\/einsiedel-architekten.de\/cms\/wp-content\/uploads\/2021\/10\/2021-wb-esslingen-4-768x531.jpg 768w, http:\/\/einsiedel-architekten.de\/cms\/wp-content\/uploads\/2021\/10\/2021-wb-esslingen-4-500x346.jpg 500w, http:\/\/einsiedel-architekten.de\/cms\/wp-content\/uploads\/2021\/10\/2021-wb-esslingen-4-800x553.jpg 800w, http:\/\/einsiedel-architekten.de\/cms\/wp-content\/uploads\/2021\/10\/2021-wb-esslingen-4-1280x886.jpg 1280w, http:\/\/einsiedel-architekten.de\/cms\/wp-content\/uploads\/2021\/10\/2021-wb-esslingen-4-1536x1063.jpg 1536w, http:\/\/einsiedel-architekten.de\/cms\/wp-content\/uploads\/2021\/10\/2021-wb-esslingen-4-954x660.jpg 954w, http:\/\/einsiedel-architekten.de\/cms\/wp-content\/uploads\/2021\/10\/2021-wb-esslingen-4.jpg 1989w\" data-sizes=\"auto\" loading=\"eager\">\n\t\t<div class=\"vp-portfolio__item-overlay\">\n\t\t\t\t\t<\/div>\n\n\t\t<\/a>\t<\/div>\n<\/div>\n\n\t\t\t<\/figure>\n\t\t\t\t\t<\/div>\n\t\t\n\t\t<div\t\tclass=\"vp-portfolio__item-wrap vp-portfolio__item-uid-4fee27de\" data-vp-filter=\"\" \t\t>\n\t\t\t<template class=\"vp-portfolio__item-popup\" data-vp-popup-img=\"http:\/\/einsiedel-architekten.de\/cms\/wp-content\/uploads\/2021\/10\/2021-wb-esslingen-6.jpg\" data-vp-popup-img-srcset=\"http:\/\/einsiedel-architekten.de\/cms\/wp-content\/uploads\/2021\/10\/2021-wb-esslingen-6.jpg 1687w, http:\/\/einsiedel-architekten.de\/cms\/wp-content\/uploads\/2021\/10\/2021-wb-esslingen-6-300x211.jpg 300w, http:\/\/einsiedel-architekten.de\/cms\/wp-content\/uploads\/2021\/10\/2021-wb-esslingen-6-1024x720.jpg 1024w, http:\/\/einsiedel-architekten.de\/cms\/wp-content\/uploads\/2021\/10\/2021-wb-esslingen-6-768x540.jpg 768w, http:\/\/einsiedel-architekten.de\/cms\/wp-content\/uploads\/2021\/10\/2021-wb-esslingen-6-500x352.jpg 500w, http:\/\/einsiedel-architekten.de\/cms\/wp-content\/uploads\/2021\/10\/2021-wb-esslingen-6-800x562.jpg 800w, http:\/\/einsiedel-architekten.de\/cms\/wp-content\/uploads\/2021\/10\/2021-wb-esslingen-6-1280x900.jpg 1280w, http:\/\/einsiedel-architekten.de\/cms\/wp-content\/uploads\/2021\/10\/2021-wb-esslingen-6-1536x1080.jpg 1536w, http:\/\/einsiedel-architekten.de\/cms\/wp-content\/uploads\/2021\/10\/2021-wb-esslingen-6-939x660.jpg 939w\" data-vp-popup-img-size=\"1687x1186\" data-vp-popup-md-img=\"http:\/\/einsiedel-architekten.de\/cms\/wp-content\/uploads\/2021\/10\/2021-wb-esslingen-6-800x562.jpg\" data-vp-popup-md-img-size=\"800x562\" data-vp-popup-sm-img=\"http:\/\/einsiedel-architekten.de\/cms\/wp-content\/uploads\/2021\/10\/2021-wb-esslingen-6-500x352.jpg\" data-vp-popup-sm-img-size=\"500x352\">\n\t<\/template>\n\t\t\t\t\t\t<figure class=\"vp-portfolio__item\">\n\t\t\t\t\n<div class=\"vp-portfolio__item-img-wrap\">\n\t<div class=\"vp-portfolio__item-img\">\n\t\t\t<a\n\t\thref=\"http:\/\/einsiedel-architekten.de\/cms\/wp-content\/uploads\/2021\/10\/2021-wb-esslingen-6.jpg\"\n\t\taria-label=\"Open image\" \t data-rel=\"lightbox-image-7\" data-rl_title=\"\" data-rl_caption=\"\" title=\"\">\n\t\n\t\t<noscript><img loading=\"lazy\" decoding=\"async\" width=\"1687\" height=\"1186\" data-skip-lazy src=\"http:\/\/einsiedel-architekten.de\/cms\/wp-content\/uploads\/2021\/10\/2021-wb-esslingen-6.jpg\" class=\"wp-image-1983\" alt=\"\" srcset=\"http:\/\/einsiedel-architekten.de\/cms\/wp-content\/uploads\/2021\/10\/2021-wb-esslingen-6.jpg 1687w, http:\/\/einsiedel-architekten.de\/cms\/wp-content\/uploads\/2021\/10\/2021-wb-esslingen-6-300x211.jpg 300w, http:\/\/einsiedel-architekten.de\/cms\/wp-content\/uploads\/2021\/10\/2021-wb-esslingen-6-1024x720.jpg 1024w, http:\/\/einsiedel-architekten.de\/cms\/wp-content\/uploads\/2021\/10\/2021-wb-esslingen-6-768x540.jpg 768w, http:\/\/einsiedel-architekten.de\/cms\/wp-content\/uploads\/2021\/10\/2021-wb-esslingen-6-500x352.jpg 500w, http:\/\/einsiedel-architekten.de\/cms\/wp-content\/uploads\/2021\/10\/2021-wb-esslingen-6-800x562.jpg 800w, http:\/\/einsiedel-architekten.de\/cms\/wp-content\/uploads\/2021\/10\/2021-wb-esslingen-6-1280x900.jpg 1280w, http:\/\/einsiedel-architekten.de\/cms\/wp-content\/uploads\/2021\/10\/2021-wb-esslingen-6-1536x1080.jpg 1536w, http:\/\/einsiedel-architekten.de\/cms\/wp-content\/uploads\/2021\/10\/2021-wb-esslingen-6-939x660.jpg 939w\" sizes=\"auto, (max-width: 1687px) 100vw, 1687px\" \/><\/noscript><img decoding=\"async\" width=\"1687\" height=\"1186\" src=\"http:\/\/einsiedel-architekten.de\/cms\/wp-content\/uploads\/2021\/10\/2021-wb-esslingen-6.jpg\" class=\"wp-image-1983 vp-lazyload\" alt srcset=\"data:image\/svg+xml;base64,PHN2ZyB3aWR0aD0iMTY4NyIgaGVpZ2h0PSIxMTg2IiB2aWV3Qm94PSIwIDAgMTY4NyAxMTg2IiBmaWxsPSJub25lIiB4bWxucz0iaHR0cDovL3d3dy53My5vcmcvMjAwMC9zdmciPjwvc3ZnPg==\" data-src=\"http:\/\/einsiedel-architekten.de\/cms\/wp-content\/uploads\/2021\/10\/2021-wb-esslingen-6.jpg\" data-srcset=\"http:\/\/einsiedel-architekten.de\/cms\/wp-content\/uploads\/2021\/10\/2021-wb-esslingen-6.jpg 1687w, http:\/\/einsiedel-architekten.de\/cms\/wp-content\/uploads\/2021\/10\/2021-wb-esslingen-6-300x211.jpg 300w, http:\/\/einsiedel-architekten.de\/cms\/wp-content\/uploads\/2021\/10\/2021-wb-esslingen-6-1024x720.jpg 1024w, http:\/\/einsiedel-architekten.de\/cms\/wp-content\/uploads\/2021\/10\/2021-wb-esslingen-6-768x540.jpg 768w, http:\/\/einsiedel-architekten.de\/cms\/wp-content\/uploads\/2021\/10\/2021-wb-esslingen-6-500x352.jpg 500w, http:\/\/einsiedel-architekten.de\/cms\/wp-content\/uploads\/2021\/10\/2021-wb-esslingen-6-800x562.jpg 800w, http:\/\/einsiedel-architekten.de\/cms\/wp-content\/uploads\/2021\/10\/2021-wb-esslingen-6-1280x900.jpg 1280w, http:\/\/einsiedel-architekten.de\/cms\/wp-content\/uploads\/2021\/10\/2021-wb-esslingen-6-1536x1080.jpg 1536w, http:\/\/einsiedel-architekten.de\/cms\/wp-content\/uploads\/2021\/10\/2021-wb-esslingen-6-939x660.jpg 939w\" data-sizes=\"auto\" loading=\"eager\">\n\t\t<div class=\"vp-portfolio__item-overlay\">\n\t\t\t\t\t<\/div>\n\n\t\t<\/a>\t<\/div>\n<\/div>\n\n\t\t\t<\/figure>\n\t\t\t\t\t<\/div>\n\t\t\n\t\t<div\t\tclass=\"vp-portfolio__item-wrap vp-portfolio__item-uid-53da25ac\" data-vp-filter=\"\" \t\t>\n\t\t\t<template class=\"vp-portfolio__item-popup\" data-vp-popup-img=\"http:\/\/einsiedel-architekten.de\/cms\/wp-content\/uploads\/2021\/10\/2021-wb-esslingen-7-1920x1311.jpg\" data-vp-popup-img-srcset=\"http:\/\/einsiedel-architekten.de\/cms\/wp-content\/uploads\/2021\/10\/2021-wb-esslingen-7-1920x1311.jpg 1920w, http:\/\/einsiedel-architekten.de\/cms\/wp-content\/uploads\/2021\/10\/2021-wb-esslingen-7-300x205.jpg 300w, http:\/\/einsiedel-architekten.de\/cms\/wp-content\/uploads\/2021\/10\/2021-wb-esslingen-7-1024x699.jpg 1024w, http:\/\/einsiedel-architekten.de\/cms\/wp-content\/uploads\/2021\/10\/2021-wb-esslingen-7-768x524.jpg 768w, http:\/\/einsiedel-architekten.de\/cms\/wp-content\/uploads\/2021\/10\/2021-wb-esslingen-7-500x341.jpg 500w, http:\/\/einsiedel-architekten.de\/cms\/wp-content\/uploads\/2021\/10\/2021-wb-esslingen-7-800x546.jpg 800w, http:\/\/einsiedel-architekten.de\/cms\/wp-content\/uploads\/2021\/10\/2021-wb-esslingen-7-1280x874.jpg 1280w, http:\/\/einsiedel-architekten.de\/cms\/wp-content\/uploads\/2021\/10\/2021-wb-esslingen-7-1536x1049.jpg 1536w, http:\/\/einsiedel-architekten.de\/cms\/wp-content\/uploads\/2021\/10\/2021-wb-esslingen-7-966x660.jpg 966w, http:\/\/einsiedel-architekten.de\/cms\/wp-content\/uploads\/2021\/10\/2021-wb-esslingen-7.jpg 1990w\" data-vp-popup-img-size=\"1920x1311\" data-vp-popup-md-img=\"http:\/\/einsiedel-architekten.de\/cms\/wp-content\/uploads\/2021\/10\/2021-wb-esslingen-7-800x546.jpg\" data-vp-popup-md-img-size=\"800x546\" data-vp-popup-sm-img=\"http:\/\/einsiedel-architekten.de\/cms\/wp-content\/uploads\/2021\/10\/2021-wb-esslingen-7-500x341.jpg\" data-vp-popup-sm-img-size=\"500x341\">\n\t<\/template>\n\t\t\t\t\t\t<figure class=\"vp-portfolio__item\">\n\t\t\t\t\n<div class=\"vp-portfolio__item-img-wrap\">\n\t<div class=\"vp-portfolio__item-img\">\n\t\t\t<a\n\t\thref=\"http:\/\/einsiedel-architekten.de\/cms\/wp-content\/uploads\/2021\/10\/2021-wb-esslingen-7-1920x1311.jpg\"\n\t\taria-label=\"Open image\" \t data-rel=\"lightbox-image-8\" data-rl_title=\"\" data-rl_caption=\"\" title=\"\">\n\t\n\t\t<noscript><img loading=\"lazy\" decoding=\"async\" width=\"1920\" height=\"1311\" data-skip-lazy src=\"http:\/\/einsiedel-architekten.de\/cms\/wp-content\/uploads\/2021\/10\/2021-wb-esslingen-7-1920x1311.jpg\" class=\"wp-image-1984\" alt=\"\" srcset=\"http:\/\/einsiedel-architekten.de\/cms\/wp-content\/uploads\/2021\/10\/2021-wb-esslingen-7-1920x1311.jpg 1920w, http:\/\/einsiedel-architekten.de\/cms\/wp-content\/uploads\/2021\/10\/2021-wb-esslingen-7-300x205.jpg 300w, http:\/\/einsiedel-architekten.de\/cms\/wp-content\/uploads\/2021\/10\/2021-wb-esslingen-7-1024x699.jpg 1024w, http:\/\/einsiedel-architekten.de\/cms\/wp-content\/uploads\/2021\/10\/2021-wb-esslingen-7-768x524.jpg 768w, http:\/\/einsiedel-architekten.de\/cms\/wp-content\/uploads\/2021\/10\/2021-wb-esslingen-7-500x341.jpg 500w, http:\/\/einsiedel-architekten.de\/cms\/wp-content\/uploads\/2021\/10\/2021-wb-esslingen-7-800x546.jpg 800w, http:\/\/einsiedel-architekten.de\/cms\/wp-content\/uploads\/2021\/10\/2021-wb-esslingen-7-1280x874.jpg 1280w, http:\/\/einsiedel-architekten.de\/cms\/wp-content\/uploads\/2021\/10\/2021-wb-esslingen-7-1536x1049.jpg 1536w, http:\/\/einsiedel-architekten.de\/cms\/wp-content\/uploads\/2021\/10\/2021-wb-esslingen-7-966x660.jpg 966w, http:\/\/einsiedel-architekten.de\/cms\/wp-content\/uploads\/2021\/10\/2021-wb-esslingen-7.jpg 1990w\" sizes=\"auto, (max-width: 1920px) 100vw, 1920px\" \/><\/noscript><img decoding=\"async\" width=\"1920\" height=\"1311\" src=\"http:\/\/einsiedel-architekten.de\/cms\/wp-content\/uploads\/2021\/10\/2021-wb-esslingen-7-1920x1311.jpg\" class=\"wp-image-1984 vp-lazyload\" alt srcset=\"data:image\/svg+xml;base64,PHN2ZyB3aWR0aD0iMTkyMCIgaGVpZ2h0PSIxMzExIiB2aWV3Qm94PSIwIDAgMTkyMCAxMzExIiBmaWxsPSJub25lIiB4bWxucz0iaHR0cDovL3d3dy53My5vcmcvMjAwMC9zdmciPjwvc3ZnPg==\" data-src=\"http:\/\/einsiedel-architekten.de\/cms\/wp-content\/uploads\/2021\/10\/2021-wb-esslingen-7-1920x1311.jpg\" data-srcset=\"http:\/\/einsiedel-architekten.de\/cms\/wp-content\/uploads\/2021\/10\/2021-wb-esslingen-7-1920x1311.jpg 1920w, http:\/\/einsiedel-architekten.de\/cms\/wp-content\/uploads\/2021\/10\/2021-wb-esslingen-7-300x205.jpg 300w, http:\/\/einsiedel-architekten.de\/cms\/wp-content\/uploads\/2021\/10\/2021-wb-esslingen-7-1024x699.jpg 1024w, http:\/\/einsiedel-architekten.de\/cms\/wp-content\/uploads\/2021\/10\/2021-wb-esslingen-7-768x524.jpg 768w, http:\/\/einsiedel-architekten.de\/cms\/wp-content\/uploads\/2021\/10\/2021-wb-esslingen-7-500x341.jpg 500w, http:\/\/einsiedel-architekten.de\/cms\/wp-content\/uploads\/2021\/10\/2021-wb-esslingen-7-800x546.jpg 800w, http:\/\/einsiedel-architekten.de\/cms\/wp-content\/uploads\/2021\/10\/2021-wb-esslingen-7-1280x874.jpg 1280w, http:\/\/einsiedel-architekten.de\/cms\/wp-content\/uploads\/2021\/10\/2021-wb-esslingen-7-1536x1049.jpg 1536w, http:\/\/einsiedel-architekten.de\/cms\/wp-content\/uploads\/2021\/10\/2021-wb-esslingen-7-966x660.jpg 966w, http:\/\/einsiedel-architekten.de\/cms\/wp-content\/uploads\/2021\/10\/2021-wb-esslingen-7.jpg 1990w\" data-sizes=\"auto\" loading=\"eager\">\n\t\t<div class=\"vp-portfolio__item-overlay\">\n\t\t\t\t\t<\/div>\n\n\t\t<\/a>\t<\/div>\n<\/div>\n\n\t\t\t<\/figure>\n\t\t\t\t\t<\/div>\n\t\t\n<\/div>\n\n<div class=\"vp-portfolio__items-arrow vp-portfolio__items-arrow-prev\" tabindex=\"0\" role=\"button\" aria-label=\"Previous Slide\">\n\t\n<svg class=\"vp-svg-icon\" width=\"20\" height=\"20\" viewBox=\"0 0 20 20\" fill=\"none\" xmlns=\"http:\/\/www.w3.org\/2000\/svg\">\n\t<path d=\"M12 4L6 10L12 16\" stroke=\"currentColor\" stroke-width=\"1.5\" stroke-linecap=\"round\" stroke-linejoin=\"round\" fill=\"transparent\" \/>\n<\/svg>\n<\/div>\n<div class=\"vp-portfolio__items-arrow vp-portfolio__items-arrow-next\" tabindex=\"0\" role=\"button\" aria-label=\"Next Slide\">\n\t\n<svg class=\"vp-svg-icon\" width=\"20\" height=\"20\" viewBox=\"0 0 20 20\" fill=\"none\" xmlns=\"http:\/\/www.w3.org\/2000\/svg\">\n\t<path d=\"M8 4L14 10L8 16\" stroke=\"currentColor\" stroke-width=\"1.5\" stroke-linecap=\"round\" stroke-linejoin=\"round\" fill=\"transparent\" \/>\n<\/svg>\n<\/div>\n\n<div class=\"vp-portfolio__items-bullets\"><\/div>\n\t\t<\/div>\n\t\t\n<\/div>\n\n\n\n\n<p><\/p>\n\n\n\n<p style=\"color:#dd890b\" class=\"has-text-color\">ST\u00c4DTEBAULICHER WETTBEWERB \u201eVFL-Post-Areal\u201c<br>Stadt Esslingen am Neckar<\/p>\n\n\n\n<p><strong>ENTWICKLUNG DER PLIENSAUVORSTADT<\/strong><br>Im Mittelalter auf dem linken Neckarufer als ERWEITERUNG der Freien Reichsstadt Esslingen angelegt, Mitte des 19.Jhd. als INDUSTRIESTANDORT entwickelt, zun\u00e4chst Villenquartier, dann WOHNGBIET f\u00fcr Fabrikarbeiter in kleinteiliger Bauweise, ab den 50er Jahren locker gesetzte WOHNZEILEN f\u00fcr Vertriebene, ab den 80er Jahren teils gro\u00dfma\u00dfst\u00e4bliche SOLIT\u00c4RE, von 2000 bis heute kompakte BLOCKBEBAUUNGEN. Die gro\u00dfen klassischen Industriebetriebe gibt es schon lange nicht mehr; die Pliensauvorstadt ist zum MISCHGEBIET aus Wohnen und Gewerbe geworden. Am westlichen Stadtrand werden bisher landwirtschaftlich genutzte Fl\u00e4chen durch GROSSFL\u00c4CHIGE Bauten f\u00fcr Gewerbe und Infrastruktur nahe der B10 ersetzt.<br><br><strong>LEITIDEE ST\u00c4DTEBAU: COPY+PASTE \/ BEST\u00c4NDE<br>WEITERENTWICKELN<\/strong><br>Die neue, \u00fcberwiegend wohnwirtschaftliche Bebauung auf dem Postareal ist NICHT GROSS GENUG f\u00fcr die Entwicklung eines eigenst\u00e4ndigen stabilen Quartiers. Moderne Konzepte f\u00fcr eine nachhaltige Nutzungsmischung,<br>neue Mobilit\u00e4t und Energieversorgung und reges soziales Leben bed\u00fcrfen gr\u00f6\u00dferer Einheiten. Die neue Bebauung soll KEINE ISOLIERTE INSEL, sondern eine sinnvolle ERWEITERUNG, KOMPLETTIERUNG und<br>INTEGRATION des VORHANDENEN BESTANDS der UMGEBUNG werden.<br>Die neuen Zeilen und Solit\u00e4re \u00dcBERNEHMEN BAUSTRUKTUREN der nahen Umgebung und VERBINDEN sich so mit ihnen. Gleichzeitig reagieren die neuen Geb\u00e4ude auf SPEZIFISCHE \u00d6RTLICHE ANFORDERUNGEN: sie<br>SCH\u00dcTZEN vor dem L\u00c4RM der Stra\u00dfe und des Bolzplatzes; sie lassen gen\u00fcgend FRISCHLUFT und SONNE ins Quartier. Die innere Mitte der Neubebauung gleicht einem Anger. Am ZENTRALEN QUARTIERSPLATZ liegen \u00f6ffentliche Einrichtungen wie Quartiershub, Mobilit\u00e4tszentrale, B\u00fcrgerb\u00fcro und Cafe.<br><br><strong>LEITIDEE FREIRAUM: DER GR\u00dcNE RING \/ BEWEGUNG + ERHOLUNG<\/strong><br>Es liegt nahe, die R\u00c4NDER des Baufelds als Freifl\u00e4chen f\u00fcr Sport und Erholung zu nutzen: von au\u00dfen sind sie f\u00fcr alle Stadtbewohner gut erreichbar; dort liegen ohnehin nicht \u00fcberbaubare Fl\u00e4chen mit gesch\u00fctzten B\u00e4umen und erforderlichem Waldabstand; die inneren Wohnbereiche werden vom \u00e4u\u00dferen Ring nicht gest\u00f6rt. Die einzelnen Elemente werden RINGF\u00d6RMIG wie Perlen an einer Kette aneinander gereiht und mit dem<br>Laufpfad verbunden: im Norden und Westen BEWEGUNGS- UND L\u00c4RMINTENSIVE AKTIVIT\u00c4TEN wie der Kalistenik-Parcour, die Felder f\u00fcr Beachvolleyball und Streetball, der Scaterpark, im Osten und S\u00fcden<br>RUHIGERE ERHOLUNGSZONEN mit Spielplatz, Wasserspielen am Champagnebach, B\u00fcrgerg\u00e4rten und schattigen Grillpl\u00e4tze am Waldrand.<br><br><strong>HITZERESISTENTE STADT<\/strong><br>KALTLUFTABFLUSS: Str\u00f6mungsachsen zwischen den Hochh\u00e4usern bleiben mit der Nord\/S\u00fcd-Ausrichtung der Bebauung so weit wie m\u00f6glich erhalten.<br>HOHER ANTEIL GR\u00dcNER FL\u00c4CHEN im \u00f6ffentlichen Raum, viele bestehende und neu zu pflanzende B\u00e4ume, die Schatten spenden; geringer Anteil an versiegelten Fl\u00e4chen und helle Bel\u00e4ge (Albedomanagement);<br>\u201eK\u00dcHLOASEN\u201c mit B\u00e4nken, \u00dcberdachungen, Brunnen und Pflanzen als Ruhepunkte im Quartier<br>GEB\u00c4UDE mit Vorg\u00e4rten, REIHENH\u00c4USER mit eigenen G\u00e4rten und EG-Wohnungen mit \u201egr\u00fcnem\u201c Zimmer;<br>FASSADENBEGR\u00dcNUNG, BLAUGR\u00dcNE D\u00c4CHER auf den Wohnbauten und der Quartiersgarage.<br><br><strong>LANGE BESONNUNG: OST\/WEST-ORIENTIERUNG + DURCHWOHNEN<\/strong><br>Bis auf die Quartiersgarage und die beiden Laubengang-H\u00e4user sind alle neuen Geb\u00e4ude OST\/WEST ORIENTIERT sowie fast alle Wohneinheiten im Grundriss f\u00fcrs DURCHWOHNEN organisiert. Damit werden alle Wohnungen deutlich L\u00c4NGER BESONNT als nach DIN minimal erforderlich.<br><br><strong>VERSCHATTUNG<\/strong><br>Der im Winter besonders lange SCHATTENWURF des Hangs mit den 3 Hochh\u00e4usern ist leider UNVERMEIDBAR. Die Schatten der Quartiersgarage und der Laubengang-H\u00e4user fallen nicht auf andere Geb\u00e4ude bzw. nur auf Freifl\u00e4chen. Mit einer GFZ von 1,2 ist die Bebauung relativ dicht. Die Innen- und Au\u00dfenr\u00e4ume werden aufgrund der KOMBINATION von Ost\/Westorientierung und Durchwohnen jeweils nur TEMPOR\u00c4R VERSCHATTET \/ GUT NAT\u00dcRLICH BELICHTET.<br><br><strong>AKTIVER SCHALLSCHUTZ<br><\/strong>Die L\u00e4rmimissionen des Verkehrs \/ Weilstr und der Sportanlagen \/ Bolzplatz + Spielfelder werden durch GEB\u00c4UDERIEGEL so abgeschirmt, da\u00df in der Mitte des Baufelds die Maximalwerte der BlmSchV von 55 dB<br>tags\u00fcber und der TA-L\u00e4rm von 55 dB Tag bzw. 40 dB nachts NICHT \u00dcBERSCHRITTEN werden. Die Quartiersgarage schirmt den Bolzplatz ab; der lange Wohnriegel den Stra\u00dfenl\u00e4rm. Seine \u00fcber Laubeng\u00e4nge erschlossenen Wohnungen sind mit ihren Aufenthaltsr\u00e4umen nach S\u00fcden \/ zum ruhigen Hof orientiert.<br><br><strong>MOBILIT\u00c4T: QUARTIER VERKEHRSBERUHIGT UND MULTIMODAL<br><\/strong>LEITVERKEHRSMITTEL sind FUSS- UND RADVERKEHR mit einem dichten Wegenetz innerhalb und nach au\u00dfen; der ganze Innenbereich ist verkehrsberuhigt und nur f\u00fcr Liefer-, Service- und Rettungsfahrzeuge<br>anfahrbar.<br>QUARTIERSGARAGE: im EG multimodale Angebote (Car- u. Bike-Sharing; Lastenr\u00e4der, E-Car-Pool); Hub f\u00fcr KEP-Verkehre, Mobilit\u00e4tsagentur f\u00fcr Parkraummanagement und Organisation der Lieferdienste. ca. 150 Bewohner-Parkpl\u00e4tze; 22 BESUCHERPARKPL\u00c4TZE im Westen an Stichstra\u00dfe neben Tankstelle und im Osten entlang der Parkstra\u00dfe.<br>FAHRRADPARKEN zentral im EG und dezentral bei den Wohngeb\u00e4uden. INTEGRIERTE E-MOBILIT\u00c4T: Ladestationen f\u00fcr 25% der Parkpl\u00e4tze in der Quartiersgarage und \u00f6ffentlich zug\u00e4ngliche Schnellladestationen<br><br><strong>FLEXIBLE BAUSTRUKTUREN + ZUKUNFTSF\u00c4HIGE BAUTYPEN<br><\/strong>GESTAPELTE REIHENH\u00c4USER; M mit 12 m Tiefe EG und 1.OG bzw. 2.OG und DG jeweils als Einheiten mit Garten bzw. Dachterrasse; Erschlie\u00dfung 2.OG \u00fcber abger\u00fcckte Laubeng\u00e4nge mit 2 Treppen und Lift; besonders<br>kosteng\u00fcnstige Holz-Bauweise dank geringer Spannweiten und hohem Vorfertigungsgrad; Innenausbau in Eigenhilfe m\u00f6glich; blaugr\u00fcne Flachd\u00e4cher mit PV + Dachbegr\u00fcnung<br>GESCHOSSH\u00c4USER; WOHNUNGEN \/ SP\u00c4NNERTYPEN. M mit 12 m Tiefe; EG &#8211; DG als Einheiten mit Garten bzw. Dachterrasse; Erchlie\u00dfung 2.OG \u00fcber abger\u00fcckte Laubeng\u00e4nge mit 2 Treppen und Lift; kosteng\u00fcnstige Holz-Bauweise mit hohem Vorfertigungsgrad; Innenausbau in Eigenhilfe m\u00f6glich; blaugr\u00fcne Flachd\u00e4cher mit PV + Dachbegr\u00fcnung.<br>N\u00d6RDL. ZEILE: LAUBENGANG \/ SCHALLSCHUTZTYPUS: M mit 12 m Tiefe ; im EG Raumh\u00f6he 4 m; kleinere Studios oder B\u00fcros m\u00f6glich; 1.OG \u2013 DG Wohnen; Laubengang individuell aneigenbar; nach S\u00fcd und zum Hof orientierte Balkone und Dachterrassen<br>\u00d6STL ZEILE: L mit 17m Tiefe: Kita im EG + 1.OG , Senioren- und Altenwohnen im 2. und 3.OG; im DG Versammlungsraum und Dachgarten f\u00fcr die Hausgemeinschaft sowie Mini-Appartments f\u00fcr G\u00e4ste oder Personal<br>MITTELBAU: XL mit 20 m Tiefe: B\u00fcrgertrefff, Cafe und Nahversorgung im EG, im 1. und 2.OG CoWorking, B\u00fcros oder Praxen, im 3.OG und 4.OG Clusterwohnen<br><br><strong>QUARTIERSGARAGE: WEIT MEHR ALS PARKEN<br><\/strong>XXL mit 22 m Tiefe: belebtes EG mit Quartiershub; Mobilit\u00e4tszentral; KEP-Zentrale und Fahrradstation; ca. 150 Stellpl\u00e4tze; als Nutzgarten begr\u00fcnte Dachfl\u00e4che; zum Platz orientiertes Staffelgescho\u00df mit Atelier- und Werkr\u00e4umen f\u00fcr Quartiers- und Stadtbewohner; umbau- und umnutzbare Konstruktion f\u00fcr eine autoarme Zukunft. Differenzierte, \u00fcberwiegend begr\u00fcnte Fassaden : Ost \/ \u00f6ffentliche Nutzungen zum Quartiers; Nord \/ vertikale Bepflanzung in Tr\u00f6gen; West \/ Kletterwand; S\u00fcd \/ Kaskadentreppe zum Dachgarten + Pflanztr\u00f6ge; Dach \/ Pergola aus PV-Paneelen<br><br><strong>REALISIERUNG BAUABSCHNITTE<br><\/strong>Alle Geb\u00e4ude haben individuelle Parzellen: die Reihenh\u00e4user, f\u00fcr private Bauherrn und Baugemeinschaften geeignet, die Wohnh\u00e4user in g\u00e4ngigen Gr\u00f6\u00dfen, z.B. mittel > 10 WE und gr\u00f6\u00dfer > 20 WE, f\u00fcr institutionelle Bauherren und Baugemeinschaften geeignet.<br>Die Bebauung kann als eine gro\u00dfe Ma\u00dfnahme realisiert werden oder unkompliziert in Bauabschnitten je nach Projektentwicklungs- und Vermarktungsstrategien.<br><br><strong>CHAMPAGNEBACH<br><\/strong>Der Champagnebach wird aus seiner Verdohlung befreit und als offenes Gerinne mittig durch das neue Quartier gef\u00fchrt. Findlinge und Schilf machen ihn auch in Trockenzeiten sch\u00f6n. Ein Ost-West-Gef\u00e4lle von ca. 3 m sorgt f\u00fcr ausreichenden Flu\u00df des Wassers. Die zentralen Weg- und Platzfl\u00e4chen sind leicht zum Bauchlauf geneigt, der so bei Starkregen gro\u00dfe Wassermengen sicher abf\u00fchren kann.<br><br><strong>QUARTIERSPLATZ: SOZIALER MITTELPUNKT<br><\/strong>Publikumsintensive Nutzungen wie Mobilit\u00e4ts-Hub, KEP-Station, Cafe, B\u00fcrgerzentrum mit Saal, kleine Einzelhandelsfl\u00e4chen im EG und Praxisr\u00e4ume im 1.OG beleben den zentralen Platz. In der Mitte unter schattenspenden B\u00e4umen liegt eine wassergebundene Fl\u00e4che; ein Platz auf<br><br><strong>B\u00dcRGERG\u00c4RTEN<\/strong><br>Die Hoffl\u00e4chen zwischen den Wohnzeilen und ihren privaten G\u00e4rten \u00f6ffnen sich nach S\u00fcden. Hier werden B\u00fcrgerg\u00e4rten angelegt: gereihte Parzellen mit Kleing\u00e4rten f\u00fcr Naturfreunde, Gartenliebhaber und Urbane Farmer.<\/p>\n\n\n\n<p><\/p>\n\n\n\n<p><\/p>\n\n\n\n<p><\/p>\n","protected":false},"excerpt":{"rendered":"<p>ST\u00c4DTEBAULICHER WETTBEWERB \u201eVFL-Post-Areal\u201cStadt Esslingen am Neckar ENTWICKLUNG DER PLIENSAUVORSTADTIm Mittelalter auf dem linken Neckarufer als ERWEITERUNG der Freien Reichsstadt Esslingen angelegt, Mitte des 19.Jhd. als INDUSTRIESTANDORT entwickelt, zun\u00e4chst Villenquartier, dann WOHNGBIET f\u00fcr Fabrikarbeiter in kleinteiliger Bauweise, ab den 50er Jahren locker gesetzte WOHNZEILEN f\u00fcr Vertriebene, ab den 80er Jahren teils gro\u00dfma\u00dfst\u00e4bliche SOLIT\u00c4RE, von 2000 bis [&hellip;]<\/p>\n","protected":false},"author":2,"featured_media":0,"parent":0,"menu_order":0,"comment_status":"closed","ping_status":"closed","template":"","meta":{"_vp_format_video_url":"","_vp_image_focal_point":[],"footnotes":""},"folder":[3],"class_list":["post-1948","page","type-page","status-publish","hentry"],"_links":{"self":[{"href":"http:\/\/einsiedel-architekten.de\/cms\/wp-json\/wp\/v2\/pages\/1948","targetHints":{"allow":["GET"]}}],"collection":[{"href":"http:\/\/einsiedel-architekten.de\/cms\/wp-json\/wp\/v2\/pages"}],"about":[{"href":"http:\/\/einsiedel-architekten.de\/cms\/wp-json\/wp\/v2\/types\/page"}],"author":[{"embeddable":true,"href":"http:\/\/einsiedel-architekten.de\/cms\/wp-json\/wp\/v2\/users\/2"}],"replies":[{"embeddable":true,"href":"http:\/\/einsiedel-architekten.de\/cms\/wp-json\/wp\/v2\/comments?post=1948"}],"version-history":[{"count":7,"href":"http:\/\/einsiedel-architekten.de\/cms\/wp-json\/wp\/v2\/pages\/1948\/revisions"}],"predecessor-version":[{"id":1999,"href":"http:\/\/einsiedel-architekten.de\/cms\/wp-json\/wp\/v2\/pages\/1948\/revisions\/1999"}],"wp:attachment":[{"href":"http:\/\/einsiedel-architekten.de\/cms\/wp-json\/wp\/v2\/media?parent=1948"}],"wp:term":[{"taxonomy":"folder","embeddable":true,"href":"http:\/\/einsiedel-architekten.de\/cms\/wp-json\/wp\/v2\/folder?post=1948"}],"curies":[{"name":"wp","href":"https:\/\/api.w.org\/{rel}","templated":true}]}}