{"id":1832,"date":"2020-08-04T15:46:32","date_gmt":"2020-08-04T13:46:32","guid":{"rendered":"http:\/\/einsiedel-architekten.de\/cms\/?page_id=1832"},"modified":"2020-09-28T11:25:11","modified_gmt":"2020-09-28T09:25:11","slug":"wb-grundschule","status":"publish","type":"page","link":"http:\/\/einsiedel-architekten.de\/cms\/wb-grundschule\/","title":{"rendered":"2020 wb grundschule, donaustauf"},"content":{"rendered":"\n\n<div class=\"vp-portfolio vp-uid-b2bf37ef vp-id-1858 \"\n\tdata-vp-layout=\"slider\" data-vp-content-source=\"images\" data-vp-items-style=\"default\" data-vp-items-click-action=\"popup_gallery\" data-vp-items-gap=\"15\" data-vp-items-gap-vertical=\"\" data-vp-pagination=\"load-more\" data-vp-next-page-url=\"\" data-vp-slider-effect=\"slide\" data-vp-slider-items-height=\"80%\" data-vp-slider-items-min-height=\"\" data-vp-slider-slides-per-view=\"2\" data-vp-slider-speed=\"1\" data-vp-slider-autoplay=\"4\" data-vp-slider-autoplay-hover-pause=\"false\" data-vp-slider-centered-slides=\"true\" data-vp-slider-loop=\"false\" data-vp-slider-free-mode=\"true\" data-vp-slider-free-mode-sticky=\"false\" data-vp-slider-arrows=\"true\" data-vp-slider-bullets=\"true\" data-vp-slider-bullets-dynamic=\"true\" data-vp-slider-mousewheel=\"false\" data-vp-slider-thumbnails=\"false\" >\n\t<div class=\"vp-portfolio__preloader-wrap\">\n\t\t<div class=\"vp-portfolio__preloader\">\n\t\t\t<img decoding=\"async\" loading=\"eager\" src=\"http:\/\/einsiedel-architekten.de\/cms\/wp-content\/plugins\/visual-portfolio\/assets\/images\/logo-dark.svg\" alt=\"Visual Portfolio, Posts &amp; Image Gallery for WordPress\" width=\"20\" height=\"20\" data-skip-lazy>\n\t\t<\/div>\n\t<\/div>\n\t\t<div class=\"vp-portfolio__items-wrap\">\n\t\t\t\n<div class=\"vp-portfolio__items vp-portfolio__items-style-default vp-portfolio__items-show-overlay-hover\">\n\n\t\t<div\t\tclass=\"vp-portfolio__item-wrap vp-portfolio__item-uid-c9b08f4f\" data-vp-filter=\"\" \t\t>\n\t\t\t<template class=\"vp-portfolio__item-popup\" data-vp-popup-img=\"http:\/\/einsiedel-architekten.de\/cms\/wp-content\/uploads\/2020\/08\/2020-wb-grundschule-masterplan-1920x1255.jpg\" data-vp-popup-img-srcset=\"http:\/\/einsiedel-architekten.de\/cms\/wp-content\/uploads\/2020\/08\/2020-wb-grundschule-masterplan-1920x1255.jpg 1920w, http:\/\/einsiedel-architekten.de\/cms\/wp-content\/uploads\/2020\/08\/2020-wb-grundschule-masterplan-300x196.jpg 300w, http:\/\/einsiedel-architekten.de\/cms\/wp-content\/uploads\/2020\/08\/2020-wb-grundschule-masterplan-1024x669.jpg 1024w, http:\/\/einsiedel-architekten.de\/cms\/wp-content\/uploads\/2020\/08\/2020-wb-grundschule-masterplan-768x502.jpg 768w, http:\/\/einsiedel-architekten.de\/cms\/wp-content\/uploads\/2020\/08\/2020-wb-grundschule-masterplan-500x327.jpg 500w, http:\/\/einsiedel-architekten.de\/cms\/wp-content\/uploads\/2020\/08\/2020-wb-grundschule-masterplan-800x523.jpg 800w, http:\/\/einsiedel-architekten.de\/cms\/wp-content\/uploads\/2020\/08\/2020-wb-grundschule-masterplan-1280x837.jpg 1280w, http:\/\/einsiedel-architekten.de\/cms\/wp-content\/uploads\/2020\/08\/2020-wb-grundschule-masterplan-1536x1004.jpg 1536w, http:\/\/einsiedel-architekten.de\/cms\/wp-content\/uploads\/2020\/08\/2020-wb-grundschule-masterplan-2048x1339.jpg 2048w, http:\/\/einsiedel-architekten.de\/cms\/wp-content\/uploads\/2020\/08\/2020-wb-grundschule-masterplan-1010x660.jpg 1010w\" data-vp-popup-img-size=\"1920x1255\" data-vp-popup-md-img=\"http:\/\/einsiedel-architekten.de\/cms\/wp-content\/uploads\/2020\/08\/2020-wb-grundschule-masterplan-800x523.jpg\" data-vp-popup-md-img-size=\"800x523\" data-vp-popup-sm-img=\"http:\/\/einsiedel-architekten.de\/cms\/wp-content\/uploads\/2020\/08\/2020-wb-grundschule-masterplan-500x327.jpg\" data-vp-popup-sm-img-size=\"500x327\">\n\t<\/template>\n\t\t\t\t\t\t<figure class=\"vp-portfolio__item\">\n\t\t\t\t\n<div class=\"vp-portfolio__item-img-wrap\">\n\t<div class=\"vp-portfolio__item-img\">\n\t\t\t<a\n\t\thref=\"http:\/\/einsiedel-architekten.de\/cms\/wp-content\/uploads\/2020\/08\/2020-wb-grundschule-masterplan-1920x1255.jpg\"\n\t\taria-label=\"Open image\" \t data-rel=\"lightbox-image-0\" data-rl_title=\"\" data-rl_caption=\"\" title=\"\">\n\t\n\t\t<noscript><img loading=\"lazy\" decoding=\"async\" width=\"1920\" height=\"1255\" data-skip-lazy src=\"http:\/\/einsiedel-architekten.de\/cms\/wp-content\/uploads\/2020\/08\/2020-wb-grundschule-masterplan-1920x1255.jpg\" class=\"wp-image-1840\" alt=\"\" srcset=\"http:\/\/einsiedel-architekten.de\/cms\/wp-content\/uploads\/2020\/08\/2020-wb-grundschule-masterplan-1920x1255.jpg 1920w, http:\/\/einsiedel-architekten.de\/cms\/wp-content\/uploads\/2020\/08\/2020-wb-grundschule-masterplan-300x196.jpg 300w, http:\/\/einsiedel-architekten.de\/cms\/wp-content\/uploads\/2020\/08\/2020-wb-grundschule-masterplan-1024x669.jpg 1024w, http:\/\/einsiedel-architekten.de\/cms\/wp-content\/uploads\/2020\/08\/2020-wb-grundschule-masterplan-768x502.jpg 768w, http:\/\/einsiedel-architekten.de\/cms\/wp-content\/uploads\/2020\/08\/2020-wb-grundschule-masterplan-500x327.jpg 500w, http:\/\/einsiedel-architekten.de\/cms\/wp-content\/uploads\/2020\/08\/2020-wb-grundschule-masterplan-800x523.jpg 800w, http:\/\/einsiedel-architekten.de\/cms\/wp-content\/uploads\/2020\/08\/2020-wb-grundschule-masterplan-1280x837.jpg 1280w, http:\/\/einsiedel-architekten.de\/cms\/wp-content\/uploads\/2020\/08\/2020-wb-grundschule-masterplan-1536x1004.jpg 1536w, http:\/\/einsiedel-architekten.de\/cms\/wp-content\/uploads\/2020\/08\/2020-wb-grundschule-masterplan-2048x1339.jpg 2048w, http:\/\/einsiedel-architekten.de\/cms\/wp-content\/uploads\/2020\/08\/2020-wb-grundschule-masterplan-1010x660.jpg 1010w\" sizes=\"auto, (max-width: 1920px) 100vw, 1920px\" \/><\/noscript><img fetchpriority=\"high\" decoding=\"async\" width=\"1920\" height=\"1255\" src=\"http:\/\/einsiedel-architekten.de\/cms\/wp-content\/uploads\/2020\/08\/2020-wb-grundschule-masterplan-1920x1255.jpg\" class=\"wp-image-1840 vp-lazyload\" alt srcset=\"data:image\/svg+xml;base64,PHN2ZyB3aWR0aD0iMTkyMCIgaGVpZ2h0PSIxMjU1IiB2aWV3Qm94PSIwIDAgMTkyMCAxMjU1IiBmaWxsPSJub25lIiB4bWxucz0iaHR0cDovL3d3dy53My5vcmcvMjAwMC9zdmciPjwvc3ZnPg==\" data-src=\"http:\/\/einsiedel-architekten.de\/cms\/wp-content\/uploads\/2020\/08\/2020-wb-grundschule-masterplan-1920x1255.jpg\" data-srcset=\"http:\/\/einsiedel-architekten.de\/cms\/wp-content\/uploads\/2020\/08\/2020-wb-grundschule-masterplan-1920x1255.jpg 1920w, http:\/\/einsiedel-architekten.de\/cms\/wp-content\/uploads\/2020\/08\/2020-wb-grundschule-masterplan-300x196.jpg 300w, http:\/\/einsiedel-architekten.de\/cms\/wp-content\/uploads\/2020\/08\/2020-wb-grundschule-masterplan-1024x669.jpg 1024w, http:\/\/einsiedel-architekten.de\/cms\/wp-content\/uploads\/2020\/08\/2020-wb-grundschule-masterplan-768x502.jpg 768w, http:\/\/einsiedel-architekten.de\/cms\/wp-content\/uploads\/2020\/08\/2020-wb-grundschule-masterplan-500x327.jpg 500w, http:\/\/einsiedel-architekten.de\/cms\/wp-content\/uploads\/2020\/08\/2020-wb-grundschule-masterplan-800x523.jpg 800w, http:\/\/einsiedel-architekten.de\/cms\/wp-content\/uploads\/2020\/08\/2020-wb-grundschule-masterplan-1280x837.jpg 1280w, http:\/\/einsiedel-architekten.de\/cms\/wp-content\/uploads\/2020\/08\/2020-wb-grundschule-masterplan-1536x1004.jpg 1536w, http:\/\/einsiedel-architekten.de\/cms\/wp-content\/uploads\/2020\/08\/2020-wb-grundschule-masterplan-2048x1339.jpg 2048w, http:\/\/einsiedel-architekten.de\/cms\/wp-content\/uploads\/2020\/08\/2020-wb-grundschule-masterplan-1010x660.jpg 1010w\" data-sizes=\"auto\" loading=\"eager\">\n\t\t<div class=\"vp-portfolio__item-overlay\">\n\t\t\t\t\t<\/div>\n\n\t\t<\/a>\t<\/div>\n<\/div>\n\n\t\t\t<\/figure>\n\t\t\t\t\t<\/div>\n\t\t\n\t\t<div\t\tclass=\"vp-portfolio__item-wrap vp-portfolio__item-uid-c24d889c\" data-vp-filter=\"\" \t\t>\n\t\t\t<template class=\"vp-portfolio__item-popup\" data-vp-popup-img=\"http:\/\/einsiedel-architekten.de\/cms\/wp-content\/uploads\/2020\/08\/2020-wb-grundschule-isometrie-1920x1171.jpg\" data-vp-popup-img-srcset=\"http:\/\/einsiedel-architekten.de\/cms\/wp-content\/uploads\/2020\/08\/2020-wb-grundschule-isometrie-1920x1171.jpg 1920w, http:\/\/einsiedel-architekten.de\/cms\/wp-content\/uploads\/2020\/08\/2020-wb-grundschule-isometrie-300x183.jpg 300w, http:\/\/einsiedel-architekten.de\/cms\/wp-content\/uploads\/2020\/08\/2020-wb-grundschule-isometrie-1024x625.jpg 1024w, http:\/\/einsiedel-architekten.de\/cms\/wp-content\/uploads\/2020\/08\/2020-wb-grundschule-isometrie-768x469.jpg 768w, http:\/\/einsiedel-architekten.de\/cms\/wp-content\/uploads\/2020\/08\/2020-wb-grundschule-isometrie-500x305.jpg 500w, http:\/\/einsiedel-architekten.de\/cms\/wp-content\/uploads\/2020\/08\/2020-wb-grundschule-isometrie-800x488.jpg 800w, http:\/\/einsiedel-architekten.de\/cms\/wp-content\/uploads\/2020\/08\/2020-wb-grundschule-isometrie-1280x781.jpg 1280w, http:\/\/einsiedel-architekten.de\/cms\/wp-content\/uploads\/2020\/08\/2020-wb-grundschule-isometrie-1536x937.jpg 1536w, http:\/\/einsiedel-architekten.de\/cms\/wp-content\/uploads\/2020\/08\/2020-wb-grundschule-isometrie-2048x1249.jpg 2048w, http:\/\/einsiedel-architekten.de\/cms\/wp-content\/uploads\/2020\/08\/2020-wb-grundschule-isometrie-1082x660.jpg 1082w\" data-vp-popup-img-size=\"1920x1171\" data-vp-popup-md-img=\"http:\/\/einsiedel-architekten.de\/cms\/wp-content\/uploads\/2020\/08\/2020-wb-grundschule-isometrie-800x488.jpg\" data-vp-popup-md-img-size=\"800x488\" data-vp-popup-sm-img=\"http:\/\/einsiedel-architekten.de\/cms\/wp-content\/uploads\/2020\/08\/2020-wb-grundschule-isometrie-500x305.jpg\" data-vp-popup-sm-img-size=\"500x305\">\n\t<\/template>\n\t\t\t\t\t\t<figure class=\"vp-portfolio__item\">\n\t\t\t\t\n<div class=\"vp-portfolio__item-img-wrap\">\n\t<div class=\"vp-portfolio__item-img\">\n\t\t\t<a\n\t\thref=\"http:\/\/einsiedel-architekten.de\/cms\/wp-content\/uploads\/2020\/08\/2020-wb-grundschule-isometrie-1920x1171.jpg\"\n\t\taria-label=\"Open image\" \t data-rel=\"lightbox-image-1\" data-rl_title=\"\" data-rl_caption=\"\" title=\"\">\n\t\n\t\t<noscript><img loading=\"lazy\" decoding=\"async\" width=\"1920\" height=\"1171\" data-skip-lazy src=\"http:\/\/einsiedel-architekten.de\/cms\/wp-content\/uploads\/2020\/08\/2020-wb-grundschule-isometrie-1920x1171.jpg\" class=\"wp-image-1839\" alt=\"\" srcset=\"http:\/\/einsiedel-architekten.de\/cms\/wp-content\/uploads\/2020\/08\/2020-wb-grundschule-isometrie-1920x1171.jpg 1920w, http:\/\/einsiedel-architekten.de\/cms\/wp-content\/uploads\/2020\/08\/2020-wb-grundschule-isometrie-300x183.jpg 300w, http:\/\/einsiedel-architekten.de\/cms\/wp-content\/uploads\/2020\/08\/2020-wb-grundschule-isometrie-1024x625.jpg 1024w, http:\/\/einsiedel-architekten.de\/cms\/wp-content\/uploads\/2020\/08\/2020-wb-grundschule-isometrie-768x469.jpg 768w, http:\/\/einsiedel-architekten.de\/cms\/wp-content\/uploads\/2020\/08\/2020-wb-grundschule-isometrie-500x305.jpg 500w, http:\/\/einsiedel-architekten.de\/cms\/wp-content\/uploads\/2020\/08\/2020-wb-grundschule-isometrie-800x488.jpg 800w, http:\/\/einsiedel-architekten.de\/cms\/wp-content\/uploads\/2020\/08\/2020-wb-grundschule-isometrie-1280x781.jpg 1280w, http:\/\/einsiedel-architekten.de\/cms\/wp-content\/uploads\/2020\/08\/2020-wb-grundschule-isometrie-1536x937.jpg 1536w, http:\/\/einsiedel-architekten.de\/cms\/wp-content\/uploads\/2020\/08\/2020-wb-grundschule-isometrie-2048x1249.jpg 2048w, http:\/\/einsiedel-architekten.de\/cms\/wp-content\/uploads\/2020\/08\/2020-wb-grundschule-isometrie-1082x660.jpg 1082w\" sizes=\"auto, (max-width: 1920px) 100vw, 1920px\" \/><\/noscript><img decoding=\"async\" width=\"1920\" height=\"1171\" src=\"http:\/\/einsiedel-architekten.de\/cms\/wp-content\/uploads\/2020\/08\/2020-wb-grundschule-isometrie-1920x1171.jpg\" class=\"wp-image-1839 vp-lazyload\" alt srcset=\"data:image\/svg+xml;base64,PHN2ZyB3aWR0aD0iMTkyMCIgaGVpZ2h0PSIxMTcxIiB2aWV3Qm94PSIwIDAgMTkyMCAxMTcxIiBmaWxsPSJub25lIiB4bWxucz0iaHR0cDovL3d3dy53My5vcmcvMjAwMC9zdmciPjwvc3ZnPg==\" data-src=\"http:\/\/einsiedel-architekten.de\/cms\/wp-content\/uploads\/2020\/08\/2020-wb-grundschule-isometrie-1920x1171.jpg\" data-srcset=\"http:\/\/einsiedel-architekten.de\/cms\/wp-content\/uploads\/2020\/08\/2020-wb-grundschule-isometrie-1920x1171.jpg 1920w, http:\/\/einsiedel-architekten.de\/cms\/wp-content\/uploads\/2020\/08\/2020-wb-grundschule-isometrie-300x183.jpg 300w, http:\/\/einsiedel-architekten.de\/cms\/wp-content\/uploads\/2020\/08\/2020-wb-grundschule-isometrie-1024x625.jpg 1024w, http:\/\/einsiedel-architekten.de\/cms\/wp-content\/uploads\/2020\/08\/2020-wb-grundschule-isometrie-768x469.jpg 768w, http:\/\/einsiedel-architekten.de\/cms\/wp-content\/uploads\/2020\/08\/2020-wb-grundschule-isometrie-500x305.jpg 500w, http:\/\/einsiedel-architekten.de\/cms\/wp-content\/uploads\/2020\/08\/2020-wb-grundschule-isometrie-800x488.jpg 800w, http:\/\/einsiedel-architekten.de\/cms\/wp-content\/uploads\/2020\/08\/2020-wb-grundschule-isometrie-1280x781.jpg 1280w, http:\/\/einsiedel-architekten.de\/cms\/wp-content\/uploads\/2020\/08\/2020-wb-grundschule-isometrie-1536x937.jpg 1536w, http:\/\/einsiedel-architekten.de\/cms\/wp-content\/uploads\/2020\/08\/2020-wb-grundschule-isometrie-2048x1249.jpg 2048w, http:\/\/einsiedel-architekten.de\/cms\/wp-content\/uploads\/2020\/08\/2020-wb-grundschule-isometrie-1082x660.jpg 1082w\" data-sizes=\"auto\" loading=\"eager\">\n\t\t<div class=\"vp-portfolio__item-overlay\">\n\t\t\t\t\t<\/div>\n\n\t\t<\/a>\t<\/div>\n<\/div>\n\n\t\t\t<\/figure>\n\t\t\t\t\t<\/div>\n\t\t\n\t\t<div\t\tclass=\"vp-portfolio__item-wrap vp-portfolio__item-uid-f2eac2da\" data-vp-filter=\"\" \t\t>\n\t\t\t<template class=\"vp-portfolio__item-popup\" data-vp-popup-img=\"http:\/\/einsiedel-architekten.de\/cms\/wp-content\/uploads\/2020\/08\/2020-wb-grundschule-innen-perspektive-1920x1404.jpg\" data-vp-popup-img-srcset=\"http:\/\/einsiedel-architekten.de\/cms\/wp-content\/uploads\/2020\/08\/2020-wb-grundschule-innen-perspektive-1920x1404.jpg 1920w, http:\/\/einsiedel-architekten.de\/cms\/wp-content\/uploads\/2020\/08\/2020-wb-grundschule-innen-perspektive-300x219.jpg 300w, http:\/\/einsiedel-architekten.de\/cms\/wp-content\/uploads\/2020\/08\/2020-wb-grundschule-innen-perspektive-1024x749.jpg 1024w, http:\/\/einsiedel-architekten.de\/cms\/wp-content\/uploads\/2020\/08\/2020-wb-grundschule-innen-perspektive-768x561.jpg 768w, http:\/\/einsiedel-architekten.de\/cms\/wp-content\/uploads\/2020\/08\/2020-wb-grundschule-innen-perspektive-500x366.jpg 500w, http:\/\/einsiedel-architekten.de\/cms\/wp-content\/uploads\/2020\/08\/2020-wb-grundschule-innen-perspektive-800x585.jpg 800w, http:\/\/einsiedel-architekten.de\/cms\/wp-content\/uploads\/2020\/08\/2020-wb-grundschule-innen-perspektive-1280x936.jpg 1280w, http:\/\/einsiedel-architekten.de\/cms\/wp-content\/uploads\/2020\/08\/2020-wb-grundschule-innen-perspektive-1536x1123.jpg 1536w, http:\/\/einsiedel-architekten.de\/cms\/wp-content\/uploads\/2020\/08\/2020-wb-grundschule-innen-perspektive-2048x1497.jpg 2048w, http:\/\/einsiedel-architekten.de\/cms\/wp-content\/uploads\/2020\/08\/2020-wb-grundschule-innen-perspektive-903x660.jpg 903w\" data-vp-popup-img-size=\"1920x1404\" data-vp-popup-md-img=\"http:\/\/einsiedel-architekten.de\/cms\/wp-content\/uploads\/2020\/08\/2020-wb-grundschule-innen-perspektive-800x585.jpg\" data-vp-popup-md-img-size=\"800x585\" data-vp-popup-sm-img=\"http:\/\/einsiedel-architekten.de\/cms\/wp-content\/uploads\/2020\/08\/2020-wb-grundschule-innen-perspektive-500x366.jpg\" data-vp-popup-sm-img-size=\"500x366\">\n\t<\/template>\n\t\t\t\t\t\t<figure class=\"vp-portfolio__item\">\n\t\t\t\t\n<div class=\"vp-portfolio__item-img-wrap\">\n\t<div class=\"vp-portfolio__item-img\">\n\t\t\t<a\n\t\thref=\"http:\/\/einsiedel-architekten.de\/cms\/wp-content\/uploads\/2020\/08\/2020-wb-grundschule-innen-perspektive-1920x1404.jpg\"\n\t\taria-label=\"Open image\" \t data-rel=\"lightbox-image-2\" data-rl_title=\"\" data-rl_caption=\"\" title=\"\">\n\t\n\t\t<noscript><img loading=\"lazy\" decoding=\"async\" width=\"1920\" height=\"1404\" data-skip-lazy src=\"http:\/\/einsiedel-architekten.de\/cms\/wp-content\/uploads\/2020\/08\/2020-wb-grundschule-innen-perspektive-1920x1404.jpg\" class=\"wp-image-1838\" alt=\"\" srcset=\"http:\/\/einsiedel-architekten.de\/cms\/wp-content\/uploads\/2020\/08\/2020-wb-grundschule-innen-perspektive-1920x1404.jpg 1920w, http:\/\/einsiedel-architekten.de\/cms\/wp-content\/uploads\/2020\/08\/2020-wb-grundschule-innen-perspektive-300x219.jpg 300w, http:\/\/einsiedel-architekten.de\/cms\/wp-content\/uploads\/2020\/08\/2020-wb-grundschule-innen-perspektive-1024x749.jpg 1024w, http:\/\/einsiedel-architekten.de\/cms\/wp-content\/uploads\/2020\/08\/2020-wb-grundschule-innen-perspektive-768x561.jpg 768w, http:\/\/einsiedel-architekten.de\/cms\/wp-content\/uploads\/2020\/08\/2020-wb-grundschule-innen-perspektive-500x366.jpg 500w, http:\/\/einsiedel-architekten.de\/cms\/wp-content\/uploads\/2020\/08\/2020-wb-grundschule-innen-perspektive-800x585.jpg 800w, http:\/\/einsiedel-architekten.de\/cms\/wp-content\/uploads\/2020\/08\/2020-wb-grundschule-innen-perspektive-1280x936.jpg 1280w, http:\/\/einsiedel-architekten.de\/cms\/wp-content\/uploads\/2020\/08\/2020-wb-grundschule-innen-perspektive-1536x1123.jpg 1536w, http:\/\/einsiedel-architekten.de\/cms\/wp-content\/uploads\/2020\/08\/2020-wb-grundschule-innen-perspektive-2048x1497.jpg 2048w, http:\/\/einsiedel-architekten.de\/cms\/wp-content\/uploads\/2020\/08\/2020-wb-grundschule-innen-perspektive-903x660.jpg 903w\" sizes=\"auto, (max-width: 1920px) 100vw, 1920px\" \/><\/noscript><img decoding=\"async\" width=\"1920\" height=\"1404\" src=\"http:\/\/einsiedel-architekten.de\/cms\/wp-content\/uploads\/2020\/08\/2020-wb-grundschule-innen-perspektive-1920x1404.jpg\" class=\"wp-image-1838 vp-lazyload\" alt srcset=\"data:image\/svg+xml;base64,PHN2ZyB3aWR0aD0iMTkyMCIgaGVpZ2h0PSIxNDA0IiB2aWV3Qm94PSIwIDAgMTkyMCAxNDA0IiBmaWxsPSJub25lIiB4bWxucz0iaHR0cDovL3d3dy53My5vcmcvMjAwMC9zdmciPjwvc3ZnPg==\" data-src=\"http:\/\/einsiedel-architekten.de\/cms\/wp-content\/uploads\/2020\/08\/2020-wb-grundschule-innen-perspektive-1920x1404.jpg\" data-srcset=\"http:\/\/einsiedel-architekten.de\/cms\/wp-content\/uploads\/2020\/08\/2020-wb-grundschule-innen-perspektive-1920x1404.jpg 1920w, http:\/\/einsiedel-architekten.de\/cms\/wp-content\/uploads\/2020\/08\/2020-wb-grundschule-innen-perspektive-300x219.jpg 300w, http:\/\/einsiedel-architekten.de\/cms\/wp-content\/uploads\/2020\/08\/2020-wb-grundschule-innen-perspektive-1024x749.jpg 1024w, http:\/\/einsiedel-architekten.de\/cms\/wp-content\/uploads\/2020\/08\/2020-wb-grundschule-innen-perspektive-768x561.jpg 768w, http:\/\/einsiedel-architekten.de\/cms\/wp-content\/uploads\/2020\/08\/2020-wb-grundschule-innen-perspektive-500x366.jpg 500w, http:\/\/einsiedel-architekten.de\/cms\/wp-content\/uploads\/2020\/08\/2020-wb-grundschule-innen-perspektive-800x585.jpg 800w, http:\/\/einsiedel-architekten.de\/cms\/wp-content\/uploads\/2020\/08\/2020-wb-grundschule-innen-perspektive-1280x936.jpg 1280w, http:\/\/einsiedel-architekten.de\/cms\/wp-content\/uploads\/2020\/08\/2020-wb-grundschule-innen-perspektive-1536x1123.jpg 1536w, http:\/\/einsiedel-architekten.de\/cms\/wp-content\/uploads\/2020\/08\/2020-wb-grundschule-innen-perspektive-2048x1497.jpg 2048w, http:\/\/einsiedel-architekten.de\/cms\/wp-content\/uploads\/2020\/08\/2020-wb-grundschule-innen-perspektive-903x660.jpg 903w\" data-sizes=\"auto\" loading=\"eager\">\n\t\t<div class=\"vp-portfolio__item-overlay\">\n\t\t\t\t\t<\/div>\n\n\t\t<\/a>\t<\/div>\n<\/div>\n\n\t\t\t<\/figure>\n\t\t\t\t\t<\/div>\n\t\t\n\t\t<div\t\tclass=\"vp-portfolio__item-wrap vp-portfolio__item-uid-f917c509\" data-vp-filter=\"\" \t\t>\n\t\t\t<template class=\"vp-portfolio__item-popup\" data-vp-popup-img=\"http:\/\/einsiedel-architekten.de\/cms\/wp-content\/uploads\/2020\/08\/2020-wb-grundschule-nutzungen.jpg\" data-vp-popup-img-srcset=\"http:\/\/einsiedel-architekten.de\/cms\/wp-content\/uploads\/2020\/08\/2020-wb-grundschule-nutzungen-281x300.jpg 281w, http:\/\/einsiedel-architekten.de\/cms\/wp-content\/uploads\/2020\/08\/2020-wb-grundschule-nutzungen-961x1024.jpg 961w, http:\/\/einsiedel-architekten.de\/cms\/wp-content\/uploads\/2020\/08\/2020-wb-grundschule-nutzungen-768x819.jpg 768w, http:\/\/einsiedel-architekten.de\/cms\/wp-content\/uploads\/2020\/08\/2020-wb-grundschule-nutzungen-500x533.jpg 500w, http:\/\/einsiedel-architekten.de\/cms\/wp-content\/uploads\/2020\/08\/2020-wb-grundschule-nutzungen-800x853.jpg 800w, http:\/\/einsiedel-architekten.de\/cms\/wp-content\/uploads\/2020\/08\/2020-wb-grundschule-nutzungen-1280x1364.jpg 1280w, http:\/\/einsiedel-architekten.de\/cms\/wp-content\/uploads\/2020\/08\/2020-wb-grundschule-nutzungen-1441x1536.jpg 1441w, http:\/\/einsiedel-architekten.de\/cms\/wp-content\/uploads\/2020\/08\/2020-wb-grundschule-nutzungen-619x660.jpg 619w\" data-vp-popup-img-size=\"1595x1700\" data-vp-popup-md-img=\"http:\/\/einsiedel-architekten.de\/cms\/wp-content\/uploads\/2020\/08\/2020-wb-grundschule-nutzungen-800x853.jpg\" data-vp-popup-md-img-size=\"800x853\" data-vp-popup-sm-img=\"http:\/\/einsiedel-architekten.de\/cms\/wp-content\/uploads\/2020\/08\/2020-wb-grundschule-nutzungen-500x533.jpg\" data-vp-popup-sm-img-size=\"500x533\">\n\t<\/template>\n\t\t\t\t\t\t<figure class=\"vp-portfolio__item\">\n\t\t\t\t\n<div class=\"vp-portfolio__item-img-wrap\">\n\t<div class=\"vp-portfolio__item-img\">\n\t\t\t<a\n\t\thref=\"http:\/\/einsiedel-architekten.de\/cms\/wp-content\/uploads\/2020\/08\/2020-wb-grundschule-nutzungen.jpg\"\n\t\taria-label=\"Open image\" \t data-rel=\"lightbox-image-3\" data-rl_title=\"\" data-rl_caption=\"\" title=\"\">\n\t\n\t\t<noscript><img loading=\"lazy\" decoding=\"async\" width=\"1595\" height=\"1700\" data-skip-lazy src=\"http:\/\/einsiedel-architekten.de\/cms\/wp-content\/uploads\/2020\/08\/2020-wb-grundschule-nutzungen.jpg\" class=\"wp-image-1841\" alt=\"\" srcset=\"http:\/\/einsiedel-architekten.de\/cms\/wp-content\/uploads\/2020\/08\/2020-wb-grundschule-nutzungen-281x300.jpg 281w, http:\/\/einsiedel-architekten.de\/cms\/wp-content\/uploads\/2020\/08\/2020-wb-grundschule-nutzungen-961x1024.jpg 961w, http:\/\/einsiedel-architekten.de\/cms\/wp-content\/uploads\/2020\/08\/2020-wb-grundschule-nutzungen-768x819.jpg 768w, http:\/\/einsiedel-architekten.de\/cms\/wp-content\/uploads\/2020\/08\/2020-wb-grundschule-nutzungen-500x533.jpg 500w, http:\/\/einsiedel-architekten.de\/cms\/wp-content\/uploads\/2020\/08\/2020-wb-grundschule-nutzungen-800x853.jpg 800w, http:\/\/einsiedel-architekten.de\/cms\/wp-content\/uploads\/2020\/08\/2020-wb-grundschule-nutzungen-1280x1364.jpg 1280w, http:\/\/einsiedel-architekten.de\/cms\/wp-content\/uploads\/2020\/08\/2020-wb-grundschule-nutzungen-1441x1536.jpg 1441w, http:\/\/einsiedel-architekten.de\/cms\/wp-content\/uploads\/2020\/08\/2020-wb-grundschule-nutzungen-619x660.jpg 619w\" sizes=\"auto, (max-width: 1595px) 100vw, 1595px\" \/><\/noscript><img decoding=\"async\" width=\"1595\" height=\"1700\" src=\"http:\/\/einsiedel-architekten.de\/cms\/wp-content\/uploads\/2020\/08\/2020-wb-grundschule-nutzungen.jpg\" class=\"wp-image-1841 vp-lazyload\" alt srcset=\"data:image\/svg+xml;base64,PHN2ZyB3aWR0aD0iMTU5NSIgaGVpZ2h0PSIxNzAwIiB2aWV3Qm94PSIwIDAgMTU5NSAxNzAwIiBmaWxsPSJub25lIiB4bWxucz0iaHR0cDovL3d3dy53My5vcmcvMjAwMC9zdmciPjwvc3ZnPg==\" data-src=\"http:\/\/einsiedel-architekten.de\/cms\/wp-content\/uploads\/2020\/08\/2020-wb-grundschule-nutzungen.jpg\" data-srcset=\"http:\/\/einsiedel-architekten.de\/cms\/wp-content\/uploads\/2020\/08\/2020-wb-grundschule-nutzungen-281x300.jpg 281w, http:\/\/einsiedel-architekten.de\/cms\/wp-content\/uploads\/2020\/08\/2020-wb-grundschule-nutzungen-961x1024.jpg 961w, http:\/\/einsiedel-architekten.de\/cms\/wp-content\/uploads\/2020\/08\/2020-wb-grundschule-nutzungen-768x819.jpg 768w, http:\/\/einsiedel-architekten.de\/cms\/wp-content\/uploads\/2020\/08\/2020-wb-grundschule-nutzungen-500x533.jpg 500w, http:\/\/einsiedel-architekten.de\/cms\/wp-content\/uploads\/2020\/08\/2020-wb-grundschule-nutzungen-800x853.jpg 800w, http:\/\/einsiedel-architekten.de\/cms\/wp-content\/uploads\/2020\/08\/2020-wb-grundschule-nutzungen-1280x1364.jpg 1280w, http:\/\/einsiedel-architekten.de\/cms\/wp-content\/uploads\/2020\/08\/2020-wb-grundschule-nutzungen-1441x1536.jpg 1441w, http:\/\/einsiedel-architekten.de\/cms\/wp-content\/uploads\/2020\/08\/2020-wb-grundschule-nutzungen-619x660.jpg 619w\" data-sizes=\"auto\" loading=\"eager\">\n\t\t<div class=\"vp-portfolio__item-overlay\">\n\t\t\t\t\t<\/div>\n\n\t\t<\/a>\t<\/div>\n<\/div>\n\n\t\t\t<\/figure>\n\t\t\t\t\t<\/div>\n\t\t\n\t\t<div\t\tclass=\"vp-portfolio__item-wrap vp-portfolio__item-uid-3b5ded96\" data-vp-filter=\"\" \t\t>\n\t\t\t<template class=\"vp-portfolio__item-popup\" data-vp-popup-img=\"http:\/\/einsiedel-architekten.de\/cms\/wp-content\/uploads\/2020\/08\/2020-wb-grundschule-schwarzweiss-1920x1344.jpg\" data-vp-popup-img-srcset=\"http:\/\/einsiedel-architekten.de\/cms\/wp-content\/uploads\/2020\/08\/2020-wb-grundschule-schwarzweiss-1920x1344.jpg 1920w, http:\/\/einsiedel-architekten.de\/cms\/wp-content\/uploads\/2020\/08\/2020-wb-grundschule-schwarzweiss-300x210.jpg 300w, http:\/\/einsiedel-architekten.de\/cms\/wp-content\/uploads\/2020\/08\/2020-wb-grundschule-schwarzweiss-1024x717.jpg 1024w, http:\/\/einsiedel-architekten.de\/cms\/wp-content\/uploads\/2020\/08\/2020-wb-grundschule-schwarzweiss-768x538.jpg 768w, http:\/\/einsiedel-architekten.de\/cms\/wp-content\/uploads\/2020\/08\/2020-wb-grundschule-schwarzweiss-500x350.jpg 500w, http:\/\/einsiedel-architekten.de\/cms\/wp-content\/uploads\/2020\/08\/2020-wb-grundschule-schwarzweiss-800x560.jpg 800w, http:\/\/einsiedel-architekten.de\/cms\/wp-content\/uploads\/2020\/08\/2020-wb-grundschule-schwarzweiss-1280x896.jpg 1280w, http:\/\/einsiedel-architekten.de\/cms\/wp-content\/uploads\/2020\/08\/2020-wb-grundschule-schwarzweiss-1536x1075.jpg 1536w, http:\/\/einsiedel-architekten.de\/cms\/wp-content\/uploads\/2020\/08\/2020-wb-grundschule-schwarzweiss-2048x1434.jpg 2048w, http:\/\/einsiedel-architekten.de\/cms\/wp-content\/uploads\/2020\/08\/2020-wb-grundschule-schwarzweiss-943x660.jpg 943w\" data-vp-popup-img-size=\"1920x1344\" data-vp-popup-md-img=\"http:\/\/einsiedel-architekten.de\/cms\/wp-content\/uploads\/2020\/08\/2020-wb-grundschule-schwarzweiss-800x560.jpg\" data-vp-popup-md-img-size=\"800x560\" data-vp-popup-sm-img=\"http:\/\/einsiedel-architekten.de\/cms\/wp-content\/uploads\/2020\/08\/2020-wb-grundschule-schwarzweiss-500x350.jpg\" data-vp-popup-sm-img-size=\"500x350\">\n\t<\/template>\n\t\t\t\t\t\t<figure class=\"vp-portfolio__item\">\n\t\t\t\t\n<div class=\"vp-portfolio__item-img-wrap\">\n\t<div class=\"vp-portfolio__item-img\">\n\t\t\t<a\n\t\thref=\"http:\/\/einsiedel-architekten.de\/cms\/wp-content\/uploads\/2020\/08\/2020-wb-grundschule-schwarzweiss-1920x1344.jpg\"\n\t\taria-label=\"Open image\" \t data-rel=\"lightbox-image-4\" data-rl_title=\"\" data-rl_caption=\"\" title=\"\">\n\t\n\t\t<noscript><img loading=\"lazy\" decoding=\"async\" width=\"1920\" height=\"1344\" data-skip-lazy src=\"http:\/\/einsiedel-architekten.de\/cms\/wp-content\/uploads\/2020\/08\/2020-wb-grundschule-schwarzweiss-1920x1344.jpg\" class=\"wp-image-1844\" alt=\"\" srcset=\"http:\/\/einsiedel-architekten.de\/cms\/wp-content\/uploads\/2020\/08\/2020-wb-grundschule-schwarzweiss-1920x1344.jpg 1920w, http:\/\/einsiedel-architekten.de\/cms\/wp-content\/uploads\/2020\/08\/2020-wb-grundschule-schwarzweiss-300x210.jpg 300w, http:\/\/einsiedel-architekten.de\/cms\/wp-content\/uploads\/2020\/08\/2020-wb-grundschule-schwarzweiss-1024x717.jpg 1024w, http:\/\/einsiedel-architekten.de\/cms\/wp-content\/uploads\/2020\/08\/2020-wb-grundschule-schwarzweiss-768x538.jpg 768w, http:\/\/einsiedel-architekten.de\/cms\/wp-content\/uploads\/2020\/08\/2020-wb-grundschule-schwarzweiss-500x350.jpg 500w, http:\/\/einsiedel-architekten.de\/cms\/wp-content\/uploads\/2020\/08\/2020-wb-grundschule-schwarzweiss-800x560.jpg 800w, http:\/\/einsiedel-architekten.de\/cms\/wp-content\/uploads\/2020\/08\/2020-wb-grundschule-schwarzweiss-1280x896.jpg 1280w, http:\/\/einsiedel-architekten.de\/cms\/wp-content\/uploads\/2020\/08\/2020-wb-grundschule-schwarzweiss-1536x1075.jpg 1536w, http:\/\/einsiedel-architekten.de\/cms\/wp-content\/uploads\/2020\/08\/2020-wb-grundschule-schwarzweiss-2048x1434.jpg 2048w, http:\/\/einsiedel-architekten.de\/cms\/wp-content\/uploads\/2020\/08\/2020-wb-grundschule-schwarzweiss-943x660.jpg 943w\" sizes=\"auto, (max-width: 1920px) 100vw, 1920px\" \/><\/noscript><img decoding=\"async\" width=\"1920\" height=\"1344\" src=\"http:\/\/einsiedel-architekten.de\/cms\/wp-content\/uploads\/2020\/08\/2020-wb-grundschule-schwarzweiss-1920x1344.jpg\" class=\"wp-image-1844 vp-lazyload\" alt srcset=\"data:image\/svg+xml;base64,PHN2ZyB3aWR0aD0iMTkyMCIgaGVpZ2h0PSIxMzQ0IiB2aWV3Qm94PSIwIDAgMTkyMCAxMzQ0IiBmaWxsPSJub25lIiB4bWxucz0iaHR0cDovL3d3dy53My5vcmcvMjAwMC9zdmciPjwvc3ZnPg==\" data-src=\"http:\/\/einsiedel-architekten.de\/cms\/wp-content\/uploads\/2020\/08\/2020-wb-grundschule-schwarzweiss-1920x1344.jpg\" data-srcset=\"http:\/\/einsiedel-architekten.de\/cms\/wp-content\/uploads\/2020\/08\/2020-wb-grundschule-schwarzweiss-1920x1344.jpg 1920w, http:\/\/einsiedel-architekten.de\/cms\/wp-content\/uploads\/2020\/08\/2020-wb-grundschule-schwarzweiss-300x210.jpg 300w, http:\/\/einsiedel-architekten.de\/cms\/wp-content\/uploads\/2020\/08\/2020-wb-grundschule-schwarzweiss-1024x717.jpg 1024w, http:\/\/einsiedel-architekten.de\/cms\/wp-content\/uploads\/2020\/08\/2020-wb-grundschule-schwarzweiss-768x538.jpg 768w, http:\/\/einsiedel-architekten.de\/cms\/wp-content\/uploads\/2020\/08\/2020-wb-grundschule-schwarzweiss-500x350.jpg 500w, http:\/\/einsiedel-architekten.de\/cms\/wp-content\/uploads\/2020\/08\/2020-wb-grundschule-schwarzweiss-800x560.jpg 800w, http:\/\/einsiedel-architekten.de\/cms\/wp-content\/uploads\/2020\/08\/2020-wb-grundschule-schwarzweiss-1280x896.jpg 1280w, http:\/\/einsiedel-architekten.de\/cms\/wp-content\/uploads\/2020\/08\/2020-wb-grundschule-schwarzweiss-1536x1075.jpg 1536w, http:\/\/einsiedel-architekten.de\/cms\/wp-content\/uploads\/2020\/08\/2020-wb-grundschule-schwarzweiss-2048x1434.jpg 2048w, http:\/\/einsiedel-architekten.de\/cms\/wp-content\/uploads\/2020\/08\/2020-wb-grundschule-schwarzweiss-943x660.jpg 943w\" data-sizes=\"auto\" loading=\"eager\">\n\t\t<div class=\"vp-portfolio__item-overlay\">\n\t\t\t\t\t<\/div>\n\n\t\t<\/a>\t<\/div>\n<\/div>\n\n\t\t\t<\/figure>\n\t\t\t\t\t<\/div>\n\t\t\n<\/div>\n\n<div class=\"vp-portfolio__items-arrow vp-portfolio__items-arrow-prev\" tabindex=\"0\" role=\"button\" aria-label=\"Previous Slide\">\n\t\n<svg class=\"vp-svg-icon\" width=\"20\" height=\"20\" viewBox=\"0 0 20 20\" fill=\"none\" xmlns=\"http:\/\/www.w3.org\/2000\/svg\">\n\t<path d=\"M12 4L6 10L12 16\" stroke=\"currentColor\" stroke-width=\"1.5\" stroke-linecap=\"round\" stroke-linejoin=\"round\" fill=\"transparent\" \/>\n<\/svg>\n<\/div>\n<div class=\"vp-portfolio__items-arrow vp-portfolio__items-arrow-next\" tabindex=\"0\" role=\"button\" aria-label=\"Next Slide\">\n\t\n<svg class=\"vp-svg-icon\" width=\"20\" height=\"20\" viewBox=\"0 0 20 20\" fill=\"none\" xmlns=\"http:\/\/www.w3.org\/2000\/svg\">\n\t<path d=\"M8 4L14 10L8 16\" stroke=\"currentColor\" stroke-width=\"1.5\" stroke-linecap=\"round\" stroke-linejoin=\"round\" fill=\"transparent\" \/>\n<\/svg>\n<\/div>\n\n<div class=\"vp-portfolio__items-bullets\"><\/div>\n\t\t<\/div>\n\t\t\n<\/div>\n\n\n\n\n<p><\/p>\n\n\n\n<p style=\"color:#dd890b\" class=\"has-text-color\">REALISIERUNGSWETTBEWERB &#8222;Neubau der Grundschule Donaustauf mit Sportanlagen&#8220;<br>Markt Donaustauf<br><br><\/p>\n\n\n\n<p>PLATZIERUNG der BAUK\u00d6RPER und AUSSENFL\u00c4CHEN<br>Neu und KOMPAKT gebaut wird im S\u00dcDEN auf Flurstk. 431; im NORDEN bleibt Flurstk. 469 frei und als NATURRAUM erhalten. Die Schulgeb\u00e4ude halten m\u00f6glichst GROSSE ABST\u00c4NDE zum FHH-Gebiet ein, die Aussensportfl\u00e4chen wegen L\u00c4RMSCHUTZ zu den Wohnh\u00e4usern.<\/p>\n\n\n\n<p>NACHHALTIGER BETRIEB<br>PLUSENERGIE-STANDARD mit in die Dachfl\u00e4chen integrierten PV-Paneelen, ggf. Geothermie, REGENWASERMANGEMENT mit GRAUWASSER f\u00fcr WCs, ZISTERNE zur Bew\u00e4sserung von Pflanz- und Gartenfl\u00e4chen sowie mit \u00dcberlauf in Versickerungsmulde bei Starkregen.<\/p>\n\n\n\n<p>SCHULE als VORBILD<br>PR\u00c4SENTATION der REGENERATIVEN ENERGIEGEWINNUNG im Foyer; KLASSENPROJEKTE zur Anlage und Pflege von ZIER- und NUTZG\u00c4RTEN im Gel\u00e4nde und auf dem Flachdach.<\/p>\n\n\n\n<p>SCHULWEGSICHERHEIT und BARRIEREFREIHEIT<br>GETRENNTE VERKEHRSTR\u00d6ME der Fu\u00dfg\u00e4nger, R\u00e4der und Pkws; KONTROLLIERTE ZUG\u00c4NGE : westlich und \u00f6stlich je eine Toranlage bzw. ein Geb\u00e4udezugang, BARRIEREFREIHEIT mit stufenlosen Zug\u00e4ngen f\u00fcr das EG bzw. mit Aufz\u00fcgen f\u00fcr jeweilige OGs<\/p>\n\n\n\n<p>FUNKTIONAL und GESTALTERISCH DIFFERENZIERTE FREIR\u00c4UME<br>GR\u00dcNE KLASSENZIMMER zwischen Lernh\u00e4usern; PAUSENHOF direkt am Foyer, nahe zur MENSA, f\u00fcr Feste und AUSSENB\u00dcHNE geeignet, mit Trib\u00fcne aus Natursteinbl\u00f6cken; FREIFL\u00c4CHE des Gemeinschaftshauses bzw. OGTS mit Zier- und Nutzgarten; DACH\u00dcBERST\u00c4NDE als Wetterschutz<br>BEGEHBARER DACHGARTEN auf Flachdach Mittelbau; \u00fcber OGs der H\u00e4user betretbar, ggf. 2.RW.<\/p>\n\n\n\n<p>S\u00dcDLICH zwischen SCHULE und ORT wird der alte SCHULGARTEN erweitert und mit Spielplatz u. -ger\u00e4ten unter B\u00e4umen neu gestaltet; Synergien zwischen Kita und Grundschule werden m\u00f6glich<\/p>\n\n\n\n<p>N\u00d6RDLICH am \u00dcBERGANG ZUM LANDSCHAFTSRAUM Flurstk 469 als naturbelassene STREUOBSTWIESE, vorhandener Graben wird VERSICKERUNGSMULDE ( \u00dcberlauf Zisterne bzw. Zulauf vom Hang ), mit Staudengew\u00e4chsen, Findlingen und Holzstegen gestaltet; NEUE RAD- und FUSSWEGVERBINDUNG au\u00dferhalb Schulgel\u00e4nde zwischen Jahn- und Ludwigstra\u00dfe.<\/p>\n\n\n\n<p>FORM FOLLOWS FUNCTION: LERNHAUSKONZEPTION als P\u00c4DAGOGISCHES RAUMKONZEPT &gt; STRASSENDORF-SCHULE: die H\u00e4user werden an der zwischen Jahn- und Ludwigstra\u00dfe spannenden \u201eDORFSTRASSE\u201c aufgereiht und \u00fcber eine offene und lichte Mittelzone, dem HERZ der SCHULE, vernetzt und verbunden.<br>SCHEUNENARTIGE BAUK\u00d6RPER als TYPOLOGIE: Die Lernh\u00e4user 1 und 2 ( +3 ) mit Klassen- und Gruppenr\u00e4umen, das Gemeinschaftshaus mit der separat zug\u00e4nglichen Gemeindeb\u00fccherei, der OGTS, dem integrierten Hort und der Mensa im EG und mit der Verwaltung im OG; die teilbare Turnhalle mit direktem Zugang zu den Au\u00dfenbereichen und einer Zuschauergalerie oberhalb des Umkleidetrakts.<\/p>\n\n\n\n<p>LERNH\u00c4USER 1 und 2 (+ 3): KLASSENR\u00c4UME im EG und OG, zwischengeschaltete GRUPPENR\u00c4UME, keine Flure, sondern HELLE und OFFENE ORTE als ARBEITS- und RUHEINSELN, im OG als Galerie ; nach au\u00dfen verbunden mit GR\u00dcNEN KLASSENZIMMERN; PLATZHALTER f\u00fcr die Erweiterung ist eine Bodenplatte, von Hecken gefasst u. als weiterer Hof f\u00fcr die BEWEGTE PAUSE nutzbar.<br>HOLZ als DOMINIERENDES MATERIAL f\u00fcr Tragwerk und Fassaden, Au\u00dfen- und Innenw\u00e4nde, Decken, B\u00f6den und M\u00f6blierung. Alle H\u00e4user sind MODULAR in Konstruktion und Raumgef\u00fcge; sie sind MULTIFUNKTIONAL und FLEXIBEL nutzbar.<\/p>\n","protected":false},"excerpt":{"rendered":"<p>REALISIERUNGSWETTBEWERB &#8222;Neubau der Grundschule Donaustauf mit Sportanlagen&#8220;Markt Donaustauf PLATZIERUNG der BAUK\u00d6RPER und AUSSENFL\u00c4CHENNeu und KOMPAKT gebaut wird im S\u00dcDEN auf Flurstk. 431; im NORDEN bleibt Flurstk. 469 frei und als NATURRAUM erhalten. Die Schulgeb\u00e4ude halten m\u00f6glichst GROSSE ABST\u00c4NDE zum FHH-Gebiet ein, die Aussensportfl\u00e4chen wegen L\u00c4RMSCHUTZ zu den Wohnh\u00e4usern. NACHHALTIGER BETRIEBPLUSENERGIE-STANDARD mit in die Dachfl\u00e4chen integrierten [&hellip;]<\/p>\n","protected":false},"author":2,"featured_media":0,"parent":0,"menu_order":0,"comment_status":"closed","ping_status":"closed","template":"","meta":{"_vp_format_video_url":"","_vp_image_focal_point":[],"footnotes":""},"folder":[3],"class_list":["post-1832","page","type-page","status-publish","hentry"],"_links":{"self":[{"href":"http:\/\/einsiedel-architekten.de\/cms\/wp-json\/wp\/v2\/pages\/1832","targetHints":{"allow":["GET"]}}],"collection":[{"href":"http:\/\/einsiedel-architekten.de\/cms\/wp-json\/wp\/v2\/pages"}],"about":[{"href":"http:\/\/einsiedel-architekten.de\/cms\/wp-json\/wp\/v2\/types\/page"}],"author":[{"embeddable":true,"href":"http:\/\/einsiedel-architekten.de\/cms\/wp-json\/wp\/v2\/users\/2"}],"replies":[{"embeddable":true,"href":"http:\/\/einsiedel-architekten.de\/cms\/wp-json\/wp\/v2\/comments?post=1832"}],"version-history":[{"count":10,"href":"http:\/\/einsiedel-architekten.de\/cms\/wp-json\/wp\/v2\/pages\/1832\/revisions"}],"predecessor-version":[{"id":1867,"href":"http:\/\/einsiedel-architekten.de\/cms\/wp-json\/wp\/v2\/pages\/1832\/revisions\/1867"}],"wp:attachment":[{"href":"http:\/\/einsiedel-architekten.de\/cms\/wp-json\/wp\/v2\/media?parent=1832"}],"wp:term":[{"taxonomy":"folder","embeddable":true,"href":"http:\/\/einsiedel-architekten.de\/cms\/wp-json\/wp\/v2\/folder?post=1832"}],"curies":[{"name":"wp","href":"https:\/\/api.w.org\/{rel}","templated":true}]}}