{"id":182,"date":"2019-10-18T13:36:21","date_gmt":"2019-10-18T11:36:21","guid":{"rendered":"http:\/\/einsiedel-architekten.de\/cms\/?page_id=182"},"modified":"2019-11-20T16:14:00","modified_gmt":"2019-11-20T15:14:00","slug":"jungbluthgasse","status":"publish","type":"page","link":"http:\/\/einsiedel-architekten.de\/cms\/jungbluthgasse\/","title":{"rendered":"2000 jungbluthgasse, weiden"},"content":{"rendered":"\n<div class=\"wp-block-nk-visual-portfolio\">\n<div class=\"vp-portfolio vp-uid-e82bf011 vp-id-668 \"\n\tdata-vp-layout=\"slider\" data-vp-content-source=\"images\" data-vp-items-style=\"fly\" data-vp-items-click-action=\"popup_gallery\" data-vp-items-gap=\"15\" data-vp-items-gap-vertical=\"\" data-vp-pagination=\"load-more\" data-vp-next-page-url=\"\" data-vp-slider-effect=\"slide\" data-vp-slider-items-height=\"80%\" data-vp-slider-items-min-height=\"\" data-vp-slider-slides-per-view=\"2\" data-vp-slider-speed=\"1.5\" data-vp-slider-autoplay=\"4\" data-vp-slider-autoplay-hover-pause=\"false\" data-vp-slider-centered-slides=\"true\" data-vp-slider-loop=\"false\" data-vp-slider-free-mode=\"false\" data-vp-slider-free-mode-sticky=\"false\" data-vp-slider-arrows=\"true\" data-vp-slider-bullets=\"true\" data-vp-slider-bullets-dynamic=\"false\" data-vp-slider-mousewheel=\"false\" data-vp-slider-thumbnails=\"false\" >\n\t<div class=\"vp-portfolio__preloader-wrap\">\n\t\t<div class=\"vp-portfolio__preloader\">\n\t\t\t<img decoding=\"async\" loading=\"eager\" src=\"http:\/\/einsiedel-architekten.de\/cms\/wp-content\/plugins\/visual-portfolio\/assets\/images\/logo-dark.svg\" alt=\"Visual Portfolio, Posts &amp; Image Gallery for WordPress\" width=\"20\" height=\"20\" data-skip-lazy>\n\t\t<\/div>\n\t<\/div>\n\t\t<div class=\"vp-portfolio__items-wrap\">\n\t\t\t\n<div class=\"vp-portfolio__items vp-portfolio__items-style-fly vp-portfolio__items-show-overlay-hover\">\n\n\t\t<div\t\tclass=\"vp-portfolio__item-wrap vp-portfolio__item-uid-b66d17cd\" data-vp-filter=\"\" \t\t>\n\t\t\t<template class=\"vp-portfolio__item-popup\" data-vp-popup-img=\"http:\/\/einsiedel-architekten.de\/cms\/wp-content\/uploads\/2019\/11\/jungbluthgasse-fassade-1.jpg\" data-vp-popup-img-srcset=\"http:\/\/einsiedel-architekten.de\/cms\/wp-content\/uploads\/2019\/11\/jungbluthgasse-fassade-1.jpg 1388w, http:\/\/einsiedel-architekten.de\/cms\/wp-content\/uploads\/2019\/11\/jungbluthgasse-fassade-1-300x231.jpg 300w, http:\/\/einsiedel-architekten.de\/cms\/wp-content\/uploads\/2019\/11\/jungbluthgasse-fassade-1-768x593.jpg 768w, http:\/\/einsiedel-architekten.de\/cms\/wp-content\/uploads\/2019\/11\/jungbluthgasse-fassade-1-1024x790.jpg 1024w, http:\/\/einsiedel-architekten.de\/cms\/wp-content\/uploads\/2019\/11\/jungbluthgasse-fassade-1-500x386.jpg 500w, http:\/\/einsiedel-architekten.de\/cms\/wp-content\/uploads\/2019\/11\/jungbluthgasse-fassade-1-800x617.jpg 800w, http:\/\/einsiedel-architekten.de\/cms\/wp-content\/uploads\/2019\/11\/jungbluthgasse-fassade-1-1280x988.jpg 1280w, http:\/\/einsiedel-architekten.de\/cms\/wp-content\/uploads\/2019\/11\/jungbluthgasse-fassade-1-855x660.jpg 855w\" data-vp-popup-img-size=\"1388x1071\" data-vp-popup-md-img=\"http:\/\/einsiedel-architekten.de\/cms\/wp-content\/uploads\/2019\/11\/jungbluthgasse-fassade-1-800x617.jpg\" data-vp-popup-md-img-size=\"800x617\" data-vp-popup-sm-img=\"http:\/\/einsiedel-architekten.de\/cms\/wp-content\/uploads\/2019\/11\/jungbluthgasse-fassade-1-500x386.jpg\" data-vp-popup-sm-img-size=\"500x386\">\n\t<\/template>\n\t\t\t\t\t\t<figure class=\"vp-portfolio__item\">\n\t\t\t\t\n<div class=\"vp-portfolio__item-img-wrap\">\n\t<div class=\"vp-portfolio__item-img\">\n\t\t\t<a\n\t\thref=\"http:\/\/einsiedel-architekten.de\/cms\/wp-content\/uploads\/2019\/11\/jungbluthgasse-fassade-1.jpg\"\n\t\taria-label=\"jungbluthgasse fassade 1\" \t data-rel=\"lightbox-image-0\" data-rl_title=\"\" data-rl_caption=\"\" title=\"\">\n\t\n\t\t<noscript><img loading=\"lazy\" decoding=\"async\" width=\"1388\" height=\"1071\" data-skip-lazy src=\"http:\/\/einsiedel-architekten.de\/cms\/wp-content\/uploads\/2019\/11\/jungbluthgasse-fassade-1.jpg\" class=\"wp-image-663\" alt=\"\" srcset=\"http:\/\/einsiedel-architekten.de\/cms\/wp-content\/uploads\/2019\/11\/jungbluthgasse-fassade-1.jpg 1388w, http:\/\/einsiedel-architekten.de\/cms\/wp-content\/uploads\/2019\/11\/jungbluthgasse-fassade-1-300x231.jpg 300w, http:\/\/einsiedel-architekten.de\/cms\/wp-content\/uploads\/2019\/11\/jungbluthgasse-fassade-1-768x593.jpg 768w, http:\/\/einsiedel-architekten.de\/cms\/wp-content\/uploads\/2019\/11\/jungbluthgasse-fassade-1-1024x790.jpg 1024w, http:\/\/einsiedel-architekten.de\/cms\/wp-content\/uploads\/2019\/11\/jungbluthgasse-fassade-1-500x386.jpg 500w, http:\/\/einsiedel-architekten.de\/cms\/wp-content\/uploads\/2019\/11\/jungbluthgasse-fassade-1-800x617.jpg 800w, http:\/\/einsiedel-architekten.de\/cms\/wp-content\/uploads\/2019\/11\/jungbluthgasse-fassade-1-1280x988.jpg 1280w, http:\/\/einsiedel-architekten.de\/cms\/wp-content\/uploads\/2019\/11\/jungbluthgasse-fassade-1-855x660.jpg 855w\" sizes=\"auto, (max-width: 1388px) 100vw, 1388px\" \/><\/noscript><img fetchpriority=\"high\" decoding=\"async\" width=\"1388\" height=\"1071\" src=\"http:\/\/einsiedel-architekten.de\/cms\/wp-content\/uploads\/2019\/11\/jungbluthgasse-fassade-1.jpg\" class=\"wp-image-663 vp-lazyload\" alt srcset=\"data:image\/svg+xml;base64,PHN2ZyB3aWR0aD0iMTM4OCIgaGVpZ2h0PSIxMDcxIiB2aWV3Qm94PSIwIDAgMTM4OCAxMDcxIiBmaWxsPSJub25lIiB4bWxucz0iaHR0cDovL3d3dy53My5vcmcvMjAwMC9zdmciPjwvc3ZnPg==\" data-src=\"http:\/\/einsiedel-architekten.de\/cms\/wp-content\/uploads\/2019\/11\/jungbluthgasse-fassade-1.jpg\" data-srcset=\"http:\/\/einsiedel-architekten.de\/cms\/wp-content\/uploads\/2019\/11\/jungbluthgasse-fassade-1.jpg 1388w, http:\/\/einsiedel-architekten.de\/cms\/wp-content\/uploads\/2019\/11\/jungbluthgasse-fassade-1-300x231.jpg 300w, http:\/\/einsiedel-architekten.de\/cms\/wp-content\/uploads\/2019\/11\/jungbluthgasse-fassade-1-768x593.jpg 768w, http:\/\/einsiedel-architekten.de\/cms\/wp-content\/uploads\/2019\/11\/jungbluthgasse-fassade-1-1024x790.jpg 1024w, http:\/\/einsiedel-architekten.de\/cms\/wp-content\/uploads\/2019\/11\/jungbluthgasse-fassade-1-500x386.jpg 500w, http:\/\/einsiedel-architekten.de\/cms\/wp-content\/uploads\/2019\/11\/jungbluthgasse-fassade-1-800x617.jpg 800w, http:\/\/einsiedel-architekten.de\/cms\/wp-content\/uploads\/2019\/11\/jungbluthgasse-fassade-1-1280x988.jpg 1280w, http:\/\/einsiedel-architekten.de\/cms\/wp-content\/uploads\/2019\/11\/jungbluthgasse-fassade-1-855x660.jpg 855w\" data-sizes=\"auto\" loading=\"eager\">\n\t\t<\/a>\t<\/div>\n<\/div>\n\t<div class=\"vp-portfolio__item-overlay\">\n\t\t\t<a\n\t\thref=\"http:\/\/einsiedel-architekten.de\/cms\/wp-content\/uploads\/2019\/11\/jungbluthgasse-fassade-1.jpg\"\n\t\ttabindex=\"-1\" class=\"vp-portfolio__item-meta\" aria-label=\"jungbluthgasse fassade 1\" \t data-rel=\"lightbox-image-1\" data-rl_title=\"\" data-rl_caption=\"\" title=\"\">\n\t\t\t<\/a>\t<\/div>\n\t\t\t\t<\/figure>\n\t\t\t\t\t<\/div>\n\t\t\n\t\t<div\t\tclass=\"vp-portfolio__item-wrap vp-portfolio__item-uid-e7b2d59d\" data-vp-filter=\"\" \t\t>\n\t\t\t<template class=\"vp-portfolio__item-popup\" data-vp-popup-img=\"http:\/\/einsiedel-architekten.de\/cms\/wp-content\/uploads\/2019\/11\/jungbluthgasse-fassade-3.jpg\" data-vp-popup-img-srcset=\"http:\/\/einsiedel-architekten.de\/cms\/wp-content\/uploads\/2019\/11\/jungbluthgasse-fassade-3.jpg 1295w, http:\/\/einsiedel-architekten.de\/cms\/wp-content\/uploads\/2019\/11\/jungbluthgasse-fassade-3-300x209.jpg 300w, http:\/\/einsiedel-architekten.de\/cms\/wp-content\/uploads\/2019\/11\/jungbluthgasse-fassade-3-768x535.jpg 768w, http:\/\/einsiedel-architekten.de\/cms\/wp-content\/uploads\/2019\/11\/jungbluthgasse-fassade-3-1024x713.jpg 1024w, http:\/\/einsiedel-architekten.de\/cms\/wp-content\/uploads\/2019\/11\/jungbluthgasse-fassade-3-500x348.jpg 500w, http:\/\/einsiedel-architekten.de\/cms\/wp-content\/uploads\/2019\/11\/jungbluthgasse-fassade-3-800x557.jpg 800w, http:\/\/einsiedel-architekten.de\/cms\/wp-content\/uploads\/2019\/11\/jungbluthgasse-fassade-3-1280x892.jpg 1280w, http:\/\/einsiedel-architekten.de\/cms\/wp-content\/uploads\/2019\/11\/jungbluthgasse-fassade-3-948x660.jpg 948w\" data-vp-popup-img-size=\"1295x902\" data-vp-popup-md-img=\"http:\/\/einsiedel-architekten.de\/cms\/wp-content\/uploads\/2019\/11\/jungbluthgasse-fassade-3-800x557.jpg\" data-vp-popup-md-img-size=\"800x557\" data-vp-popup-sm-img=\"http:\/\/einsiedel-architekten.de\/cms\/wp-content\/uploads\/2019\/11\/jungbluthgasse-fassade-3-500x348.jpg\" data-vp-popup-sm-img-size=\"500x348\">\n\t<\/template>\n\t\t\t\t\t\t<figure class=\"vp-portfolio__item\">\n\t\t\t\t\n<div class=\"vp-portfolio__item-img-wrap\">\n\t<div class=\"vp-portfolio__item-img\">\n\t\t\t<a\n\t\thref=\"http:\/\/einsiedel-architekten.de\/cms\/wp-content\/uploads\/2019\/11\/jungbluthgasse-fassade-3.jpg\"\n\t\taria-label=\"jungbluthgasse fassade 3\" \t data-rel=\"lightbox-image-2\" data-rl_title=\"\" data-rl_caption=\"\" title=\"\">\n\t\n\t\t<noscript><img loading=\"lazy\" decoding=\"async\" width=\"1295\" height=\"902\" data-skip-lazy src=\"http:\/\/einsiedel-architekten.de\/cms\/wp-content\/uploads\/2019\/11\/jungbluthgasse-fassade-3.jpg\" class=\"wp-image-665\" alt=\"\" srcset=\"http:\/\/einsiedel-architekten.de\/cms\/wp-content\/uploads\/2019\/11\/jungbluthgasse-fassade-3.jpg 1295w, http:\/\/einsiedel-architekten.de\/cms\/wp-content\/uploads\/2019\/11\/jungbluthgasse-fassade-3-300x209.jpg 300w, http:\/\/einsiedel-architekten.de\/cms\/wp-content\/uploads\/2019\/11\/jungbluthgasse-fassade-3-768x535.jpg 768w, http:\/\/einsiedel-architekten.de\/cms\/wp-content\/uploads\/2019\/11\/jungbluthgasse-fassade-3-1024x713.jpg 1024w, http:\/\/einsiedel-architekten.de\/cms\/wp-content\/uploads\/2019\/11\/jungbluthgasse-fassade-3-500x348.jpg 500w, http:\/\/einsiedel-architekten.de\/cms\/wp-content\/uploads\/2019\/11\/jungbluthgasse-fassade-3-800x557.jpg 800w, http:\/\/einsiedel-architekten.de\/cms\/wp-content\/uploads\/2019\/11\/jungbluthgasse-fassade-3-1280x892.jpg 1280w, http:\/\/einsiedel-architekten.de\/cms\/wp-content\/uploads\/2019\/11\/jungbluthgasse-fassade-3-948x660.jpg 948w\" sizes=\"auto, (max-width: 1295px) 100vw, 1295px\" \/><\/noscript><img decoding=\"async\" width=\"1295\" height=\"902\" src=\"http:\/\/einsiedel-architekten.de\/cms\/wp-content\/uploads\/2019\/11\/jungbluthgasse-fassade-3.jpg\" class=\"wp-image-665 vp-lazyload\" alt srcset=\"data:image\/svg+xml;base64,PHN2ZyB3aWR0aD0iMTI5NSIgaGVpZ2h0PSI5MDIiIHZpZXdCb3g9IjAgMCAxMjk1IDkwMiIgZmlsbD0ibm9uZSIgeG1sbnM9Imh0dHA6Ly93d3cudzMub3JnLzIwMDAvc3ZnIj48L3N2Zz4=\" data-src=\"http:\/\/einsiedel-architekten.de\/cms\/wp-content\/uploads\/2019\/11\/jungbluthgasse-fassade-3.jpg\" data-srcset=\"http:\/\/einsiedel-architekten.de\/cms\/wp-content\/uploads\/2019\/11\/jungbluthgasse-fassade-3.jpg 1295w, http:\/\/einsiedel-architekten.de\/cms\/wp-content\/uploads\/2019\/11\/jungbluthgasse-fassade-3-300x209.jpg 300w, http:\/\/einsiedel-architekten.de\/cms\/wp-content\/uploads\/2019\/11\/jungbluthgasse-fassade-3-768x535.jpg 768w, http:\/\/einsiedel-architekten.de\/cms\/wp-content\/uploads\/2019\/11\/jungbluthgasse-fassade-3-1024x713.jpg 1024w, http:\/\/einsiedel-architekten.de\/cms\/wp-content\/uploads\/2019\/11\/jungbluthgasse-fassade-3-500x348.jpg 500w, http:\/\/einsiedel-architekten.de\/cms\/wp-content\/uploads\/2019\/11\/jungbluthgasse-fassade-3-800x557.jpg 800w, http:\/\/einsiedel-architekten.de\/cms\/wp-content\/uploads\/2019\/11\/jungbluthgasse-fassade-3-1280x892.jpg 1280w, http:\/\/einsiedel-architekten.de\/cms\/wp-content\/uploads\/2019\/11\/jungbluthgasse-fassade-3-948x660.jpg 948w\" data-sizes=\"auto\" loading=\"eager\">\n\t\t<\/a>\t<\/div>\n<\/div>\n\t<div class=\"vp-portfolio__item-overlay\">\n\t\t\t<a\n\t\thref=\"http:\/\/einsiedel-architekten.de\/cms\/wp-content\/uploads\/2019\/11\/jungbluthgasse-fassade-3.jpg\"\n\t\ttabindex=\"-1\" class=\"vp-portfolio__item-meta\" aria-label=\"jungbluthgasse fassade 3\" \t data-rel=\"lightbox-image-3\" data-rl_title=\"\" data-rl_caption=\"\" title=\"\">\n\t\t\t<\/a>\t<\/div>\n\t\t\t\t<\/figure>\n\t\t\t\t\t<\/div>\n\t\t\n\t\t<div\t\tclass=\"vp-portfolio__item-wrap vp-portfolio__item-uid-82004ae5\" data-vp-filter=\"\" \t\t>\n\t\t\t<template class=\"vp-portfolio__item-popup\" data-vp-popup-img=\"http:\/\/einsiedel-architekten.de\/cms\/wp-content\/uploads\/2019\/11\/jungbluthgasse-fassade-2.jpg\" data-vp-popup-img-srcset=\"http:\/\/einsiedel-architekten.de\/cms\/wp-content\/uploads\/2019\/11\/jungbluthgasse-fassade-2.jpg 1388w, http:\/\/einsiedel-architekten.de\/cms\/wp-content\/uploads\/2019\/11\/jungbluthgasse-fassade-2-300x235.jpg 300w, http:\/\/einsiedel-architekten.de\/cms\/wp-content\/uploads\/2019\/11\/jungbluthgasse-fassade-2-768x601.jpg 768w, http:\/\/einsiedel-architekten.de\/cms\/wp-content\/uploads\/2019\/11\/jungbluthgasse-fassade-2-1024x801.jpg 1024w, http:\/\/einsiedel-architekten.de\/cms\/wp-content\/uploads\/2019\/11\/jungbluthgasse-fassade-2-500x391.jpg 500w, http:\/\/einsiedel-architekten.de\/cms\/wp-content\/uploads\/2019\/11\/jungbluthgasse-fassade-2-800x626.jpg 800w, http:\/\/einsiedel-architekten.de\/cms\/wp-content\/uploads\/2019\/11\/jungbluthgasse-fassade-2-1280x1001.jpg 1280w, http:\/\/einsiedel-architekten.de\/cms\/wp-content\/uploads\/2019\/11\/jungbluthgasse-fassade-2-844x660.jpg 844w\" data-vp-popup-img-size=\"1388x1086\" data-vp-popup-md-img=\"http:\/\/einsiedel-architekten.de\/cms\/wp-content\/uploads\/2019\/11\/jungbluthgasse-fassade-2-800x626.jpg\" data-vp-popup-md-img-size=\"800x626\" data-vp-popup-sm-img=\"http:\/\/einsiedel-architekten.de\/cms\/wp-content\/uploads\/2019\/11\/jungbluthgasse-fassade-2-500x391.jpg\" data-vp-popup-sm-img-size=\"500x391\">\n\t<\/template>\n\t\t\t\t\t\t<figure class=\"vp-portfolio__item\">\n\t\t\t\t\n<div class=\"vp-portfolio__item-img-wrap\">\n\t<div class=\"vp-portfolio__item-img\">\n\t\t\t<a\n\t\thref=\"http:\/\/einsiedel-architekten.de\/cms\/wp-content\/uploads\/2019\/11\/jungbluthgasse-fassade-2.jpg\"\n\t\taria-label=\"jungbluthgasse fassade 2\" \t data-rel=\"lightbox-image-4\" data-rl_title=\"\" data-rl_caption=\"\" title=\"\">\n\t\n\t\t<noscript><img loading=\"lazy\" decoding=\"async\" width=\"1388\" height=\"1086\" data-skip-lazy src=\"http:\/\/einsiedel-architekten.de\/cms\/wp-content\/uploads\/2019\/11\/jungbluthgasse-fassade-2.jpg\" class=\"wp-image-664\" alt=\"\" srcset=\"http:\/\/einsiedel-architekten.de\/cms\/wp-content\/uploads\/2019\/11\/jungbluthgasse-fassade-2.jpg 1388w, http:\/\/einsiedel-architekten.de\/cms\/wp-content\/uploads\/2019\/11\/jungbluthgasse-fassade-2-300x235.jpg 300w, http:\/\/einsiedel-architekten.de\/cms\/wp-content\/uploads\/2019\/11\/jungbluthgasse-fassade-2-768x601.jpg 768w, http:\/\/einsiedel-architekten.de\/cms\/wp-content\/uploads\/2019\/11\/jungbluthgasse-fassade-2-1024x801.jpg 1024w, http:\/\/einsiedel-architekten.de\/cms\/wp-content\/uploads\/2019\/11\/jungbluthgasse-fassade-2-500x391.jpg 500w, http:\/\/einsiedel-architekten.de\/cms\/wp-content\/uploads\/2019\/11\/jungbluthgasse-fassade-2-800x626.jpg 800w, http:\/\/einsiedel-architekten.de\/cms\/wp-content\/uploads\/2019\/11\/jungbluthgasse-fassade-2-1280x1001.jpg 1280w, http:\/\/einsiedel-architekten.de\/cms\/wp-content\/uploads\/2019\/11\/jungbluthgasse-fassade-2-844x660.jpg 844w\" sizes=\"auto, (max-width: 1388px) 100vw, 1388px\" \/><\/noscript><img decoding=\"async\" width=\"1388\" height=\"1086\" src=\"http:\/\/einsiedel-architekten.de\/cms\/wp-content\/uploads\/2019\/11\/jungbluthgasse-fassade-2.jpg\" class=\"wp-image-664 vp-lazyload\" alt srcset=\"data:image\/svg+xml;base64,PHN2ZyB3aWR0aD0iMTM4OCIgaGVpZ2h0PSIxMDg2IiB2aWV3Qm94PSIwIDAgMTM4OCAxMDg2IiBmaWxsPSJub25lIiB4bWxucz0iaHR0cDovL3d3dy53My5vcmcvMjAwMC9zdmciPjwvc3ZnPg==\" data-src=\"http:\/\/einsiedel-architekten.de\/cms\/wp-content\/uploads\/2019\/11\/jungbluthgasse-fassade-2.jpg\" data-srcset=\"http:\/\/einsiedel-architekten.de\/cms\/wp-content\/uploads\/2019\/11\/jungbluthgasse-fassade-2.jpg 1388w, http:\/\/einsiedel-architekten.de\/cms\/wp-content\/uploads\/2019\/11\/jungbluthgasse-fassade-2-300x235.jpg 300w, http:\/\/einsiedel-architekten.de\/cms\/wp-content\/uploads\/2019\/11\/jungbluthgasse-fassade-2-768x601.jpg 768w, http:\/\/einsiedel-architekten.de\/cms\/wp-content\/uploads\/2019\/11\/jungbluthgasse-fassade-2-1024x801.jpg 1024w, http:\/\/einsiedel-architekten.de\/cms\/wp-content\/uploads\/2019\/11\/jungbluthgasse-fassade-2-500x391.jpg 500w, http:\/\/einsiedel-architekten.de\/cms\/wp-content\/uploads\/2019\/11\/jungbluthgasse-fassade-2-800x626.jpg 800w, http:\/\/einsiedel-architekten.de\/cms\/wp-content\/uploads\/2019\/11\/jungbluthgasse-fassade-2-1280x1001.jpg 1280w, http:\/\/einsiedel-architekten.de\/cms\/wp-content\/uploads\/2019\/11\/jungbluthgasse-fassade-2-844x660.jpg 844w\" data-sizes=\"auto\" loading=\"eager\">\n\t\t<\/a>\t<\/div>\n<\/div>\n\t<div class=\"vp-portfolio__item-overlay\">\n\t\t\t<a\n\t\thref=\"http:\/\/einsiedel-architekten.de\/cms\/wp-content\/uploads\/2019\/11\/jungbluthgasse-fassade-2.jpg\"\n\t\ttabindex=\"-1\" class=\"vp-portfolio__item-meta\" aria-label=\"jungbluthgasse fassade 2\" \t data-rel=\"lightbox-image-5\" data-rl_title=\"\" data-rl_caption=\"\" title=\"\">\n\t\t\t<\/a>\t<\/div>\n\t\t\t\t<\/figure>\n\t\t\t\t\t<\/div>\n\t\t\n\t\t<div\t\tclass=\"vp-portfolio__item-wrap vp-portfolio__item-uid-d4b24cac\" data-vp-filter=\"\" \t\t>\n\t\t\t<template class=\"vp-portfolio__item-popup\" data-vp-popup-img=\"http:\/\/einsiedel-architekten.de\/cms\/wp-content\/uploads\/2019\/11\/jungbluthgasse-fassade-4.jpg\" data-vp-popup-img-srcset=\"http:\/\/einsiedel-architekten.de\/cms\/wp-content\/uploads\/2019\/11\/jungbluthgasse-fassade-4-228x300.jpg 228w, http:\/\/einsiedel-architekten.de\/cms\/wp-content\/uploads\/2019\/11\/jungbluthgasse-fassade-4-768x1013.jpg 768w, http:\/\/einsiedel-architekten.de\/cms\/wp-content\/uploads\/2019\/11\/jungbluthgasse-fassade-4-777x1024.jpg 777w, http:\/\/einsiedel-architekten.de\/cms\/wp-content\/uploads\/2019\/11\/jungbluthgasse-fassade-4-379x500.jpg 379w, http:\/\/einsiedel-architekten.de\/cms\/wp-content\/uploads\/2019\/11\/jungbluthgasse-fassade-4-607x800.jpg 607w, http:\/\/einsiedel-architekten.de\/cms\/wp-content\/uploads\/2019\/11\/jungbluthgasse-fassade-4-971x1280.jpg 971w, http:\/\/einsiedel-architekten.de\/cms\/wp-content\/uploads\/2019\/11\/jungbluthgasse-fassade-4-501x660.jpg 501w\" data-vp-popup-img-size=\"1064x1403\" data-vp-popup-md-img=\"http:\/\/einsiedel-architekten.de\/cms\/wp-content\/uploads\/2019\/11\/jungbluthgasse-fassade-4-607x800.jpg\" data-vp-popup-md-img-size=\"607x800\" data-vp-popup-sm-img=\"http:\/\/einsiedel-architekten.de\/cms\/wp-content\/uploads\/2019\/11\/jungbluthgasse-fassade-4-379x500.jpg\" data-vp-popup-sm-img-size=\"379x500\">\n\t<\/template>\n\t\t\t\t\t\t<figure class=\"vp-portfolio__item\">\n\t\t\t\t\n<div class=\"vp-portfolio__item-img-wrap\">\n\t<div class=\"vp-portfolio__item-img\">\n\t\t\t<a\n\t\thref=\"http:\/\/einsiedel-architekten.de\/cms\/wp-content\/uploads\/2019\/11\/jungbluthgasse-fassade-4.jpg\"\n\t\taria-label=\"jungbluthgasse fassade 4\" \t data-rel=\"lightbox-image-6\" data-rl_title=\"\" data-rl_caption=\"\" title=\"\">\n\t\n\t\t<noscript><img loading=\"lazy\" decoding=\"async\" width=\"1064\" height=\"1403\" data-skip-lazy src=\"http:\/\/einsiedel-architekten.de\/cms\/wp-content\/uploads\/2019\/11\/jungbluthgasse-fassade-4.jpg\" class=\"wp-image-666\" alt=\"\" srcset=\"http:\/\/einsiedel-architekten.de\/cms\/wp-content\/uploads\/2019\/11\/jungbluthgasse-fassade-4-228x300.jpg 228w, http:\/\/einsiedel-architekten.de\/cms\/wp-content\/uploads\/2019\/11\/jungbluthgasse-fassade-4-768x1013.jpg 768w, http:\/\/einsiedel-architekten.de\/cms\/wp-content\/uploads\/2019\/11\/jungbluthgasse-fassade-4-777x1024.jpg 777w, http:\/\/einsiedel-architekten.de\/cms\/wp-content\/uploads\/2019\/11\/jungbluthgasse-fassade-4-379x500.jpg 379w, http:\/\/einsiedel-architekten.de\/cms\/wp-content\/uploads\/2019\/11\/jungbluthgasse-fassade-4-607x800.jpg 607w, http:\/\/einsiedel-architekten.de\/cms\/wp-content\/uploads\/2019\/11\/jungbluthgasse-fassade-4-971x1280.jpg 971w, http:\/\/einsiedel-architekten.de\/cms\/wp-content\/uploads\/2019\/11\/jungbluthgasse-fassade-4-501x660.jpg 501w\" sizes=\"auto, (max-width: 1064px) 100vw, 1064px\" \/><\/noscript><img decoding=\"async\" width=\"1064\" height=\"1403\" src=\"http:\/\/einsiedel-architekten.de\/cms\/wp-content\/uploads\/2019\/11\/jungbluthgasse-fassade-4.jpg\" class=\"wp-image-666 vp-lazyload\" alt srcset=\"data:image\/svg+xml;base64,PHN2ZyB3aWR0aD0iMTA2NCIgaGVpZ2h0PSIxNDAzIiB2aWV3Qm94PSIwIDAgMTA2NCAxNDAzIiBmaWxsPSJub25lIiB4bWxucz0iaHR0cDovL3d3dy53My5vcmcvMjAwMC9zdmciPjwvc3ZnPg==\" data-src=\"http:\/\/einsiedel-architekten.de\/cms\/wp-content\/uploads\/2019\/11\/jungbluthgasse-fassade-4.jpg\" data-srcset=\"http:\/\/einsiedel-architekten.de\/cms\/wp-content\/uploads\/2019\/11\/jungbluthgasse-fassade-4-228x300.jpg 228w, http:\/\/einsiedel-architekten.de\/cms\/wp-content\/uploads\/2019\/11\/jungbluthgasse-fassade-4-768x1013.jpg 768w, http:\/\/einsiedel-architekten.de\/cms\/wp-content\/uploads\/2019\/11\/jungbluthgasse-fassade-4-777x1024.jpg 777w, http:\/\/einsiedel-architekten.de\/cms\/wp-content\/uploads\/2019\/11\/jungbluthgasse-fassade-4-379x500.jpg 379w, http:\/\/einsiedel-architekten.de\/cms\/wp-content\/uploads\/2019\/11\/jungbluthgasse-fassade-4-607x800.jpg 607w, http:\/\/einsiedel-architekten.de\/cms\/wp-content\/uploads\/2019\/11\/jungbluthgasse-fassade-4-971x1280.jpg 971w, http:\/\/einsiedel-architekten.de\/cms\/wp-content\/uploads\/2019\/11\/jungbluthgasse-fassade-4-501x660.jpg 501w\" data-sizes=\"auto\" loading=\"eager\">\n\t\t<\/a>\t<\/div>\n<\/div>\n\t<div class=\"vp-portfolio__item-overlay\">\n\t\t\t<a\n\t\thref=\"http:\/\/einsiedel-architekten.de\/cms\/wp-content\/uploads\/2019\/11\/jungbluthgasse-fassade-4.jpg\"\n\t\ttabindex=\"-1\" class=\"vp-portfolio__item-meta\" aria-label=\"jungbluthgasse fassade 4\" \t data-rel=\"lightbox-image-7\" data-rl_title=\"\" data-rl_caption=\"\" title=\"\">\n\t\t\t<\/a>\t<\/div>\n\t\t\t\t<\/figure>\n\t\t\t\t\t<\/div>\n\t\t\n\t\t<div\t\tclass=\"vp-portfolio__item-wrap vp-portfolio__item-uid-3e624483\" data-vp-filter=\"\" \t\t>\n\t\t\t<template class=\"vp-portfolio__item-popup\" data-vp-popup-img=\"http:\/\/einsiedel-architekten.de\/cms\/wp-content\/uploads\/2019\/11\/jungbluthgasse-fassade-5-1485x1920.jpg\" data-vp-popup-img-srcset=\"http:\/\/einsiedel-architekten.de\/cms\/wp-content\/uploads\/2019\/11\/jungbluthgasse-fassade-5-1485x1920.jpg 1485w, http:\/\/einsiedel-architekten.de\/cms\/wp-content\/uploads\/2019\/11\/jungbluthgasse-fassade-5-232x300.jpg 232w, http:\/\/einsiedel-architekten.de\/cms\/wp-content\/uploads\/2019\/11\/jungbluthgasse-fassade-5-768x993.jpg 768w, http:\/\/einsiedel-architekten.de\/cms\/wp-content\/uploads\/2019\/11\/jungbluthgasse-fassade-5-792x1024.jpg 792w, http:\/\/einsiedel-architekten.de\/cms\/wp-content\/uploads\/2019\/11\/jungbluthgasse-fassade-5-387x500.jpg 387w, http:\/\/einsiedel-architekten.de\/cms\/wp-content\/uploads\/2019\/11\/jungbluthgasse-fassade-5-619x800.jpg 619w, http:\/\/einsiedel-architekten.de\/cms\/wp-content\/uploads\/2019\/11\/jungbluthgasse-fassade-5-990x1280.jpg 990w, http:\/\/einsiedel-architekten.de\/cms\/wp-content\/uploads\/2019\/11\/jungbluthgasse-fassade-5-510x660.jpg 510w\" data-vp-popup-img-size=\"1485x1920\" data-vp-popup-md-img=\"http:\/\/einsiedel-architekten.de\/cms\/wp-content\/uploads\/2019\/11\/jungbluthgasse-fassade-5-619x800.jpg\" data-vp-popup-md-img-size=\"619x800\" data-vp-popup-sm-img=\"http:\/\/einsiedel-architekten.de\/cms\/wp-content\/uploads\/2019\/11\/jungbluthgasse-fassade-5-387x500.jpg\" data-vp-popup-sm-img-size=\"387x500\">\n\t<\/template>\n\t\t\t\t\t\t<figure class=\"vp-portfolio__item\">\n\t\t\t\t\n<div class=\"vp-portfolio__item-img-wrap\">\n\t<div class=\"vp-portfolio__item-img\">\n\t\t\t<a\n\t\thref=\"http:\/\/einsiedel-architekten.de\/cms\/wp-content\/uploads\/2019\/11\/jungbluthgasse-fassade-5-1485x1920.jpg\"\n\t\taria-label=\"jungbluthgasse fassade 5\" \t data-rel=\"lightbox-image-8\" data-rl_title=\"\" data-rl_caption=\"\" title=\"\">\n\t\n\t\t<noscript><img loading=\"lazy\" decoding=\"async\" width=\"1485\" height=\"1920\" data-skip-lazy src=\"http:\/\/einsiedel-architekten.de\/cms\/wp-content\/uploads\/2019\/11\/jungbluthgasse-fassade-5-1485x1920.jpg\" class=\"wp-image-667\" alt=\"\" srcset=\"http:\/\/einsiedel-architekten.de\/cms\/wp-content\/uploads\/2019\/11\/jungbluthgasse-fassade-5-1485x1920.jpg 1485w, http:\/\/einsiedel-architekten.de\/cms\/wp-content\/uploads\/2019\/11\/jungbluthgasse-fassade-5-232x300.jpg 232w, http:\/\/einsiedel-architekten.de\/cms\/wp-content\/uploads\/2019\/11\/jungbluthgasse-fassade-5-768x993.jpg 768w, http:\/\/einsiedel-architekten.de\/cms\/wp-content\/uploads\/2019\/11\/jungbluthgasse-fassade-5-792x1024.jpg 792w, http:\/\/einsiedel-architekten.de\/cms\/wp-content\/uploads\/2019\/11\/jungbluthgasse-fassade-5-387x500.jpg 387w, http:\/\/einsiedel-architekten.de\/cms\/wp-content\/uploads\/2019\/11\/jungbluthgasse-fassade-5-619x800.jpg 619w, http:\/\/einsiedel-architekten.de\/cms\/wp-content\/uploads\/2019\/11\/jungbluthgasse-fassade-5-990x1280.jpg 990w, http:\/\/einsiedel-architekten.de\/cms\/wp-content\/uploads\/2019\/11\/jungbluthgasse-fassade-5-510x660.jpg 510w\" sizes=\"auto, (max-width: 1485px) 100vw, 1485px\" \/><\/noscript><img decoding=\"async\" width=\"1485\" height=\"1920\" src=\"http:\/\/einsiedel-architekten.de\/cms\/wp-content\/uploads\/2019\/11\/jungbluthgasse-fassade-5-1485x1920.jpg\" class=\"wp-image-667 vp-lazyload\" alt srcset=\"data:image\/svg+xml;base64,PHN2ZyB3aWR0aD0iMTQ4NSIgaGVpZ2h0PSIxOTIwIiB2aWV3Qm94PSIwIDAgMTQ4NSAxOTIwIiBmaWxsPSJub25lIiB4bWxucz0iaHR0cDovL3d3dy53My5vcmcvMjAwMC9zdmciPjwvc3ZnPg==\" data-src=\"http:\/\/einsiedel-architekten.de\/cms\/wp-content\/uploads\/2019\/11\/jungbluthgasse-fassade-5-1485x1920.jpg\" data-srcset=\"http:\/\/einsiedel-architekten.de\/cms\/wp-content\/uploads\/2019\/11\/jungbluthgasse-fassade-5-1485x1920.jpg 1485w, http:\/\/einsiedel-architekten.de\/cms\/wp-content\/uploads\/2019\/11\/jungbluthgasse-fassade-5-232x300.jpg 232w, http:\/\/einsiedel-architekten.de\/cms\/wp-content\/uploads\/2019\/11\/jungbluthgasse-fassade-5-768x993.jpg 768w, http:\/\/einsiedel-architekten.de\/cms\/wp-content\/uploads\/2019\/11\/jungbluthgasse-fassade-5-792x1024.jpg 792w, http:\/\/einsiedel-architekten.de\/cms\/wp-content\/uploads\/2019\/11\/jungbluthgasse-fassade-5-387x500.jpg 387w, http:\/\/einsiedel-architekten.de\/cms\/wp-content\/uploads\/2019\/11\/jungbluthgasse-fassade-5-619x800.jpg 619w, http:\/\/einsiedel-architekten.de\/cms\/wp-content\/uploads\/2019\/11\/jungbluthgasse-fassade-5-990x1280.jpg 990w, http:\/\/einsiedel-architekten.de\/cms\/wp-content\/uploads\/2019\/11\/jungbluthgasse-fassade-5-510x660.jpg 510w\" data-sizes=\"auto\" loading=\"eager\">\n\t\t<\/a>\t<\/div>\n<\/div>\n\t<div class=\"vp-portfolio__item-overlay\">\n\t\t\t<a\n\t\thref=\"http:\/\/einsiedel-architekten.de\/cms\/wp-content\/uploads\/2019\/11\/jungbluthgasse-fassade-5-1485x1920.jpg\"\n\t\ttabindex=\"-1\" class=\"vp-portfolio__item-meta\" aria-label=\"jungbluthgasse fassade 5\" \t data-rel=\"lightbox-image-9\" data-rl_title=\"\" data-rl_caption=\"\" title=\"\">\n\t\t\t<\/a>\t<\/div>\n\t\t\t\t<\/figure>\n\t\t\t\t\t<\/div>\n\t\t\n\t\t<div\t\tclass=\"vp-portfolio__item-wrap vp-portfolio__item-uid-f6b4d769\" data-vp-filter=\"\" \t\t>\n\t\t\t<template class=\"vp-portfolio__item-popup\" data-vp-popup-img=\"http:\/\/einsiedel-architekten.de\/cms\/wp-content\/uploads\/2019\/11\/jungbluthgasse-isometrie-1511x1920.jpg\" data-vp-popup-img-srcset=\"http:\/\/einsiedel-architekten.de\/cms\/wp-content\/uploads\/2019\/11\/jungbluthgasse-isometrie-1511x1920.jpg 1511w, http:\/\/einsiedel-architekten.de\/cms\/wp-content\/uploads\/2019\/11\/jungbluthgasse-isometrie-236x300.jpg 236w, http:\/\/einsiedel-architekten.de\/cms\/wp-content\/uploads\/2019\/11\/jungbluthgasse-isometrie-768x976.jpg 768w, http:\/\/einsiedel-architekten.de\/cms\/wp-content\/uploads\/2019\/11\/jungbluthgasse-isometrie-806x1024.jpg 806w, http:\/\/einsiedel-architekten.de\/cms\/wp-content\/uploads\/2019\/11\/jungbluthgasse-isometrie-394x500.jpg 394w, http:\/\/einsiedel-architekten.de\/cms\/wp-content\/uploads\/2019\/11\/jungbluthgasse-isometrie-630x800.jpg 630w, http:\/\/einsiedel-architekten.de\/cms\/wp-content\/uploads\/2019\/11\/jungbluthgasse-isometrie-1008x1280.jpg 1008w, http:\/\/einsiedel-architekten.de\/cms\/wp-content\/uploads\/2019\/11\/jungbluthgasse-isometrie-520x660.jpg 520w\" data-vp-popup-img-size=\"1511x1920\" data-vp-popup-md-img=\"http:\/\/einsiedel-architekten.de\/cms\/wp-content\/uploads\/2019\/11\/jungbluthgasse-isometrie-630x800.jpg\" data-vp-popup-md-img-size=\"630x800\" data-vp-popup-sm-img=\"http:\/\/einsiedel-architekten.de\/cms\/wp-content\/uploads\/2019\/11\/jungbluthgasse-isometrie-394x500.jpg\" data-vp-popup-sm-img-size=\"394x500\">\n\t<\/template>\n\t\t\t\t\t\t<figure class=\"vp-portfolio__item\">\n\t\t\t\t\n<div class=\"vp-portfolio__item-img-wrap\">\n\t<div class=\"vp-portfolio__item-img\">\n\t\t\t<a\n\t\thref=\"http:\/\/einsiedel-architekten.de\/cms\/wp-content\/uploads\/2019\/11\/jungbluthgasse-isometrie-1511x1920.jpg\"\n\t\taria-label=\"jungbluthgasse isometrie\" \t data-rel=\"lightbox-image-10\" data-rl_title=\"\" data-rl_caption=\"\" title=\"\">\n\t\n\t\t<noscript><img loading=\"lazy\" decoding=\"async\" width=\"1511\" height=\"1920\" data-skip-lazy src=\"http:\/\/einsiedel-architekten.de\/cms\/wp-content\/uploads\/2019\/11\/jungbluthgasse-isometrie-1511x1920.jpg\" class=\"wp-image-662\" alt=\"\" srcset=\"http:\/\/einsiedel-architekten.de\/cms\/wp-content\/uploads\/2019\/11\/jungbluthgasse-isometrie-1511x1920.jpg 1511w, http:\/\/einsiedel-architekten.de\/cms\/wp-content\/uploads\/2019\/11\/jungbluthgasse-isometrie-236x300.jpg 236w, http:\/\/einsiedel-architekten.de\/cms\/wp-content\/uploads\/2019\/11\/jungbluthgasse-isometrie-768x976.jpg 768w, http:\/\/einsiedel-architekten.de\/cms\/wp-content\/uploads\/2019\/11\/jungbluthgasse-isometrie-806x1024.jpg 806w, http:\/\/einsiedel-architekten.de\/cms\/wp-content\/uploads\/2019\/11\/jungbluthgasse-isometrie-394x500.jpg 394w, http:\/\/einsiedel-architekten.de\/cms\/wp-content\/uploads\/2019\/11\/jungbluthgasse-isometrie-630x800.jpg 630w, http:\/\/einsiedel-architekten.de\/cms\/wp-content\/uploads\/2019\/11\/jungbluthgasse-isometrie-1008x1280.jpg 1008w, http:\/\/einsiedel-architekten.de\/cms\/wp-content\/uploads\/2019\/11\/jungbluthgasse-isometrie-520x660.jpg 520w\" sizes=\"auto, (max-width: 1511px) 100vw, 1511px\" \/><\/noscript><img decoding=\"async\" width=\"1511\" height=\"1920\" src=\"http:\/\/einsiedel-architekten.de\/cms\/wp-content\/uploads\/2019\/11\/jungbluthgasse-isometrie-1511x1920.jpg\" class=\"wp-image-662 vp-lazyload\" alt srcset=\"data:image\/svg+xml;base64,PHN2ZyB3aWR0aD0iMTUxMSIgaGVpZ2h0PSIxOTIwIiB2aWV3Qm94PSIwIDAgMTUxMSAxOTIwIiBmaWxsPSJub25lIiB4bWxucz0iaHR0cDovL3d3dy53My5vcmcvMjAwMC9zdmciPjwvc3ZnPg==\" data-src=\"http:\/\/einsiedel-architekten.de\/cms\/wp-content\/uploads\/2019\/11\/jungbluthgasse-isometrie-1511x1920.jpg\" data-srcset=\"http:\/\/einsiedel-architekten.de\/cms\/wp-content\/uploads\/2019\/11\/jungbluthgasse-isometrie-1511x1920.jpg 1511w, http:\/\/einsiedel-architekten.de\/cms\/wp-content\/uploads\/2019\/11\/jungbluthgasse-isometrie-236x300.jpg 236w, http:\/\/einsiedel-architekten.de\/cms\/wp-content\/uploads\/2019\/11\/jungbluthgasse-isometrie-768x976.jpg 768w, http:\/\/einsiedel-architekten.de\/cms\/wp-content\/uploads\/2019\/11\/jungbluthgasse-isometrie-806x1024.jpg 806w, http:\/\/einsiedel-architekten.de\/cms\/wp-content\/uploads\/2019\/11\/jungbluthgasse-isometrie-394x500.jpg 394w, http:\/\/einsiedel-architekten.de\/cms\/wp-content\/uploads\/2019\/11\/jungbluthgasse-isometrie-630x800.jpg 630w, http:\/\/einsiedel-architekten.de\/cms\/wp-content\/uploads\/2019\/11\/jungbluthgasse-isometrie-1008x1280.jpg 1008w, http:\/\/einsiedel-architekten.de\/cms\/wp-content\/uploads\/2019\/11\/jungbluthgasse-isometrie-520x660.jpg 520w\" data-sizes=\"auto\" loading=\"eager\">\n\t\t<\/a>\t<\/div>\n<\/div>\n\t<div class=\"vp-portfolio__item-overlay\">\n\t\t\t<a\n\t\thref=\"http:\/\/einsiedel-architekten.de\/cms\/wp-content\/uploads\/2019\/11\/jungbluthgasse-isometrie-1511x1920.jpg\"\n\t\ttabindex=\"-1\" class=\"vp-portfolio__item-meta\" aria-label=\"jungbluthgasse isometrie\" \t data-rel=\"lightbox-image-11\" data-rl_title=\"\" data-rl_caption=\"\" title=\"\">\n\t\t\t<\/a>\t<\/div>\n\t\t\t\t<\/figure>\n\t\t\t\t\t<\/div>\n\t\t\n<\/div>\n\n<div class=\"vp-portfolio__items-arrow vp-portfolio__items-arrow-prev\" tabindex=\"0\" role=\"button\" aria-label=\"Previous Slide\">\n\t\n<svg class=\"vp-svg-icon\" width=\"20\" height=\"20\" viewBox=\"0 0 20 20\" fill=\"none\" xmlns=\"http:\/\/www.w3.org\/2000\/svg\">\n\t<path d=\"M12 4L6 10L12 16\" stroke=\"currentColor\" stroke-width=\"1.5\" stroke-linecap=\"round\" stroke-linejoin=\"round\" fill=\"transparent\" \/>\n<\/svg>\n<\/div>\n<div class=\"vp-portfolio__items-arrow vp-portfolio__items-arrow-next\" tabindex=\"0\" role=\"button\" aria-label=\"Next Slide\">\n\t\n<svg class=\"vp-svg-icon\" width=\"20\" height=\"20\" viewBox=\"0 0 20 20\" fill=\"none\" xmlns=\"http:\/\/www.w3.org\/2000\/svg\">\n\t<path d=\"M8 4L14 10L8 16\" stroke=\"currentColor\" stroke-width=\"1.5\" stroke-linecap=\"round\" stroke-linejoin=\"round\" fill=\"transparent\" \/>\n<\/svg>\n<\/div>\n\n<div class=\"vp-portfolio__items-bullets\"><\/div>\n\t\t<\/div>\n\t\t\n<\/div>\n<\/div>\n\n\n\n<p><\/p>\n\n\n\n<p style=\"color:#dd890b\" class=\"has-text-color\">JUNGBLUTHGASSE<br>Jungbluthgasse, K\u00f6ln-Weiden<br>Wohnbebauung und Seniorenwohnanlage<br><br><\/p>\n\n\n\n<p>ECKDATEN<br>Bauherr Rhenus GmbH \/ Dr. Rolf KG, K\u00f6ln<br>Planungs- und Bauzeit 1997-2000<br>St\u00e4dtebaul. Rahmenplanung u. LP 1-5 f. BA 1: Prof. Ulrich Coersmeier, K\u00f6ln Planung LP 1-5 f\u00fcr BA 2+3: <br>von Einsiedel Haeffner Architekten, K\u00f6ln<br>BA 2 + 3 : BGF  10.300 qm, <br>Baukosten KG 300-500  11,2 Mio EUR<br><br><\/p>\n\n\n\n<p>Eine am Ortsrand von Weiden gelegene ehemalige Ackerfl\u00e4che in der N\u00e4he der Autobahn wurde zu einem Stadtteilpark und Wohngebiet umstrukturiert. Begr\u00fcnte H\u00fcgel im Park und eine Bauzeile \u00fcber die ganze L\u00e4nge des Wohngebiets schirmen das Innere gegen L\u00e4rm ab.<\/p>\n\n\n\n<p>Auf Basis des B-Plans haben B\u00fcro Coersmeier und wir drei Wohnbautypen entwickelt :<\/p>\n\n\n\n<p>BA 1 als kammartige Struktur mit 3 Riegeln und flachem Verbindungsbau mit gl\u00e4seren Schallschutzwand \/ Betreutes Wohnen<\/p>\n\n\n\n<p>BA 2 als Zeile aus vier addierten Wohnh\u00e4usern; EG u.1.OG Maisonetten, 2.OG bis DG 2- u. 3-Zi-Woh. \/ Mietwohnungen<\/p>\n\n\n\n<p>BA 3 als sechs kompakte Stadtvillen,z.T. durch mittige Halle zu Doppelhaus zusammengefasst, mit Maisonetten EG u. 1.OG bzw. 2.OG u. DG \/ Eigentumswohnungen<\/p>\n\n\n\n<p>Die Zeilenbauten des BA 2 werden von einem Ziegelsockel, einer hell verputzten Mittelzone und einem farblich abgesetzten Staffelgescho\u00df gebildet. Auf der Westfassade sind den Maisonetten kleine Privatg\u00e4rten vorgelagert und den oberen Wohnungen erkerartige Winterg\u00e4rten vorgesetzt. <\/p>\n\n\n\n<p>Die Stadtvillen als dreigescho\u00dfige Ziegelkuben mit zur\u00fcckgesetztem, verputzten bzw. verglastem Staffelgescho\u00df ausgebildet. Die Bauk\u00f6rper werden durch vorspringende Balkone und eingeschnittene Loggien weiter differenziert. Allen Wohnungen sind private Au\u00dfenfl\u00e4chen zugeordnet, G\u00e4rten im EG und Dachterrassen im 3.OG<\/p>\n\n\n\n<p>Hecken, Baumreihen und Wasserfl\u00e4chen schaffen einen hochwertigen und zusammenh\u00e4ngenden Binnenraum zwischen den einzelnen H\u00e4usern der Anlage.<\/p>\n","protected":false},"excerpt":{"rendered":"<p>JUNGBLUTHGASSEJungbluthgasse, K\u00f6ln-WeidenWohnbebauung und Seniorenwohnanlage ECKDATENBauherr Rhenus GmbH \/ Dr. Rolf KG, K\u00f6lnPlanungs- und Bauzeit 1997-2000St\u00e4dtebaul. Rahmenplanung u. LP 1-5 f. BA 1: Prof. Ulrich Coersmeier, K\u00f6ln Planung LP 1-5 f\u00fcr BA 2+3: von Einsiedel Haeffner Architekten, K\u00f6lnBA 2 + 3 : BGF 10.300 qm, Baukosten KG 300-500 11,2 Mio EUR Eine am Ortsrand von Weiden [&hellip;]<\/p>\n","protected":false},"author":2,"featured_media":0,"parent":0,"menu_order":0,"comment_status":"closed","ping_status":"closed","template":"","meta":{"_vp_format_video_url":"","_vp_image_focal_point":[],"footnotes":""},"folder":[5],"class_list":["post-182","page","type-page","status-publish","hentry"],"_links":{"self":[{"href":"http:\/\/einsiedel-architekten.de\/cms\/wp-json\/wp\/v2\/pages\/182","targetHints":{"allow":["GET"]}}],"collection":[{"href":"http:\/\/einsiedel-architekten.de\/cms\/wp-json\/wp\/v2\/pages"}],"about":[{"href":"http:\/\/einsiedel-architekten.de\/cms\/wp-json\/wp\/v2\/types\/page"}],"author":[{"embeddable":true,"href":"http:\/\/einsiedel-architekten.de\/cms\/wp-json\/wp\/v2\/users\/2"}],"replies":[{"embeddable":true,"href":"http:\/\/einsiedel-architekten.de\/cms\/wp-json\/wp\/v2\/comments?post=182"}],"version-history":[{"count":8,"href":"http:\/\/einsiedel-architekten.de\/cms\/wp-json\/wp\/v2\/pages\/182\/revisions"}],"predecessor-version":[{"id":1398,"href":"http:\/\/einsiedel-architekten.de\/cms\/wp-json\/wp\/v2\/pages\/182\/revisions\/1398"}],"wp:attachment":[{"href":"http:\/\/einsiedel-architekten.de\/cms\/wp-json\/wp\/v2\/media?parent=182"}],"wp:term":[{"taxonomy":"folder","embeddable":true,"href":"http:\/\/einsiedel-architekten.de\/cms\/wp-json\/wp\/v2\/folder?post=182"}],"curies":[{"name":"wp","href":"https:\/\/api.w.org\/{rel}","templated":true}]}}