{"id":159,"date":"2019-10-18T11:37:00","date_gmt":"2019-10-18T09:37:00","guid":{"rendered":"http:\/\/einsiedel-architekten.de\/cms\/?page_id=159"},"modified":"2019-11-25T16:57:13","modified_gmt":"2019-11-25T15:57:13","slug":"schulzentrum","status":"publish","type":"page","link":"http:\/\/einsiedel-architekten.de\/cms\/schulzentrum\/","title":{"rendered":"2019 schulzentrum, stuttgart-bad cannstatt"},"content":{"rendered":"\n\n<div class=\"vp-portfolio vp-uid-f04f14ad vp-id-1471 \"\n\tdata-vp-layout=\"slider\" data-vp-content-source=\"images\" data-vp-items-style=\"fly\" data-vp-items-click-action=\"popup_gallery\" data-vp-items-gap=\"15\" data-vp-items-gap-vertical=\"\" data-vp-pagination=\"load-more\" data-vp-next-page-url=\"\" data-vp-slider-effect=\"slide\" data-vp-slider-items-height=\"80%\" data-vp-slider-items-min-height=\"\" data-vp-slider-slides-per-view=\"2\" data-vp-slider-speed=\"1.5\" data-vp-slider-autoplay=\"4\" data-vp-slider-autoplay-hover-pause=\"false\" data-vp-slider-centered-slides=\"true\" data-vp-slider-loop=\"false\" data-vp-slider-free-mode=\"false\" data-vp-slider-free-mode-sticky=\"false\" data-vp-slider-arrows=\"true\" data-vp-slider-bullets=\"true\" data-vp-slider-bullets-dynamic=\"false\" data-vp-slider-mousewheel=\"false\" data-vp-slider-thumbnails=\"false\" >\n\t<div class=\"vp-portfolio__preloader-wrap\">\n\t\t<div class=\"vp-portfolio__preloader\">\n\t\t\t<img decoding=\"async\" loading=\"eager\" src=\"http:\/\/einsiedel-architekten.de\/cms\/wp-content\/plugins\/visual-portfolio\/assets\/images\/logo-dark.svg\" alt=\"Visual Portfolio, Posts &amp; Image Gallery for WordPress\" width=\"20\" height=\"20\" data-skip-lazy>\n\t\t<\/div>\n\t<\/div>\n\t\t<div class=\"vp-portfolio__items-wrap\">\n\t\t\t\n<div class=\"vp-portfolio__items vp-portfolio__items-style-fly vp-portfolio__items-show-overlay-hover\">\n\n\t\t<div\t\tclass=\"vp-portfolio__item-wrap vp-portfolio__item-uid-6cf8810a\" data-vp-filter=\"\" \t\t>\n\t\t\t<template class=\"vp-portfolio__item-popup\" data-vp-popup-img=\"http:\/\/einsiedel-architekten.de\/cms\/wp-content\/uploads\/2019\/11\/schulzentrum-lageplan-1920x1504.jpg\" data-vp-popup-img-srcset=\"http:\/\/einsiedel-architekten.de\/cms\/wp-content\/uploads\/2019\/11\/schulzentrum-lageplan-1920x1504.jpg 1920w, http:\/\/einsiedel-architekten.de\/cms\/wp-content\/uploads\/2019\/11\/schulzentrum-lageplan-300x235.jpg 300w, http:\/\/einsiedel-architekten.de\/cms\/wp-content\/uploads\/2019\/11\/schulzentrum-lageplan-1024x802.jpg 1024w, http:\/\/einsiedel-architekten.de\/cms\/wp-content\/uploads\/2019\/11\/schulzentrum-lageplan-768x602.jpg 768w, http:\/\/einsiedel-architekten.de\/cms\/wp-content\/uploads\/2019\/11\/schulzentrum-lageplan-500x392.jpg 500w, http:\/\/einsiedel-architekten.de\/cms\/wp-content\/uploads\/2019\/11\/schulzentrum-lageplan-800x627.jpg 800w, http:\/\/einsiedel-architekten.de\/cms\/wp-content\/uploads\/2019\/11\/schulzentrum-lageplan-1280x1003.jpg 1280w, http:\/\/einsiedel-architekten.de\/cms\/wp-content\/uploads\/2019\/11\/schulzentrum-lageplan-1536x1203.jpg 1536w, http:\/\/einsiedel-architekten.de\/cms\/wp-content\/uploads\/2019\/11\/schulzentrum-lageplan-2048x1604.jpg 2048w, http:\/\/einsiedel-architekten.de\/cms\/wp-content\/uploads\/2019\/11\/schulzentrum-lageplan-842x660.jpg 842w\" data-vp-popup-img-size=\"1920x1504\" data-vp-popup-md-img=\"http:\/\/einsiedel-architekten.de\/cms\/wp-content\/uploads\/2019\/11\/schulzentrum-lageplan-800x627.jpg\" data-vp-popup-md-img-size=\"800x627\" data-vp-popup-sm-img=\"http:\/\/einsiedel-architekten.de\/cms\/wp-content\/uploads\/2019\/11\/schulzentrum-lageplan-500x392.jpg\" data-vp-popup-sm-img-size=\"500x392\">\n\t<\/template>\n\t\t\t\t\t\t<figure class=\"vp-portfolio__item\">\n\t\t\t\t\n<div class=\"vp-portfolio__item-img-wrap\">\n\t<div class=\"vp-portfolio__item-img\">\n\t\t\t<a\n\t\thref=\"http:\/\/einsiedel-architekten.de\/cms\/wp-content\/uploads\/2019\/11\/schulzentrum-lageplan-1920x1504.jpg\"\n\t\taria-label=\"2019 schulzentrum lageplan\" \t data-rel=\"lightbox-image-0\" data-rl_title=\"\" data-rl_caption=\"\" title=\"\">\n\t\n\t\t<noscript><img loading=\"lazy\" decoding=\"async\" width=\"1920\" height=\"1504\" data-skip-lazy src=\"http:\/\/einsiedel-architekten.de\/cms\/wp-content\/uploads\/2019\/11\/schulzentrum-lageplan-1920x1504.jpg\" class=\"wp-image-1467\" alt=\"\" srcset=\"http:\/\/einsiedel-architekten.de\/cms\/wp-content\/uploads\/2019\/11\/schulzentrum-lageplan-1920x1504.jpg 1920w, http:\/\/einsiedel-architekten.de\/cms\/wp-content\/uploads\/2019\/11\/schulzentrum-lageplan-300x235.jpg 300w, http:\/\/einsiedel-architekten.de\/cms\/wp-content\/uploads\/2019\/11\/schulzentrum-lageplan-1024x802.jpg 1024w, http:\/\/einsiedel-architekten.de\/cms\/wp-content\/uploads\/2019\/11\/schulzentrum-lageplan-768x602.jpg 768w, http:\/\/einsiedel-architekten.de\/cms\/wp-content\/uploads\/2019\/11\/schulzentrum-lageplan-500x392.jpg 500w, http:\/\/einsiedel-architekten.de\/cms\/wp-content\/uploads\/2019\/11\/schulzentrum-lageplan-800x627.jpg 800w, http:\/\/einsiedel-architekten.de\/cms\/wp-content\/uploads\/2019\/11\/schulzentrum-lageplan-1280x1003.jpg 1280w, http:\/\/einsiedel-architekten.de\/cms\/wp-content\/uploads\/2019\/11\/schulzentrum-lageplan-1536x1203.jpg 1536w, http:\/\/einsiedel-architekten.de\/cms\/wp-content\/uploads\/2019\/11\/schulzentrum-lageplan-2048x1604.jpg 2048w, http:\/\/einsiedel-architekten.de\/cms\/wp-content\/uploads\/2019\/11\/schulzentrum-lageplan-842x660.jpg 842w\" sizes=\"auto, (max-width: 1920px) 100vw, 1920px\" \/><\/noscript><img fetchpriority=\"high\" decoding=\"async\" width=\"1920\" height=\"1504\" src=\"http:\/\/einsiedel-architekten.de\/cms\/wp-content\/uploads\/2019\/11\/schulzentrum-lageplan-1920x1504.jpg\" class=\"wp-image-1467 vp-lazyload\" alt srcset=\"data:image\/svg+xml;base64,PHN2ZyB3aWR0aD0iMTkyMCIgaGVpZ2h0PSIxNTA0IiB2aWV3Qm94PSIwIDAgMTkyMCAxNTA0IiBmaWxsPSJub25lIiB4bWxucz0iaHR0cDovL3d3dy53My5vcmcvMjAwMC9zdmciPjwvc3ZnPg==\" data-src=\"http:\/\/einsiedel-architekten.de\/cms\/wp-content\/uploads\/2019\/11\/schulzentrum-lageplan-1920x1504.jpg\" data-srcset=\"http:\/\/einsiedel-architekten.de\/cms\/wp-content\/uploads\/2019\/11\/schulzentrum-lageplan-1920x1504.jpg 1920w, http:\/\/einsiedel-architekten.de\/cms\/wp-content\/uploads\/2019\/11\/schulzentrum-lageplan-300x235.jpg 300w, http:\/\/einsiedel-architekten.de\/cms\/wp-content\/uploads\/2019\/11\/schulzentrum-lageplan-1024x802.jpg 1024w, http:\/\/einsiedel-architekten.de\/cms\/wp-content\/uploads\/2019\/11\/schulzentrum-lageplan-768x602.jpg 768w, http:\/\/einsiedel-architekten.de\/cms\/wp-content\/uploads\/2019\/11\/schulzentrum-lageplan-500x392.jpg 500w, http:\/\/einsiedel-architekten.de\/cms\/wp-content\/uploads\/2019\/11\/schulzentrum-lageplan-800x627.jpg 800w, http:\/\/einsiedel-architekten.de\/cms\/wp-content\/uploads\/2019\/11\/schulzentrum-lageplan-1280x1003.jpg 1280w, http:\/\/einsiedel-architekten.de\/cms\/wp-content\/uploads\/2019\/11\/schulzentrum-lageplan-1536x1203.jpg 1536w, http:\/\/einsiedel-architekten.de\/cms\/wp-content\/uploads\/2019\/11\/schulzentrum-lageplan-2048x1604.jpg 2048w, http:\/\/einsiedel-architekten.de\/cms\/wp-content\/uploads\/2019\/11\/schulzentrum-lageplan-842x660.jpg 842w\" data-sizes=\"auto\" loading=\"eager\">\n\t\t<\/a>\t<\/div>\n<\/div>\n\t<div class=\"vp-portfolio__item-overlay\">\n\t\t\t<a\n\t\thref=\"http:\/\/einsiedel-architekten.de\/cms\/wp-content\/uploads\/2019\/11\/schulzentrum-lageplan-1920x1504.jpg\"\n\t\ttabindex=\"-1\" class=\"vp-portfolio__item-meta\" aria-label=\"2019 schulzentrum lageplan\" \t data-rel=\"lightbox-image-1\" data-rl_title=\"\" data-rl_caption=\"\" title=\"\">\n\t\t\t<\/a>\t<\/div>\n\t\t\t\t<\/figure>\n\t\t\t\t\t<\/div>\n\t\t\n\t\t<div\t\tclass=\"vp-portfolio__item-wrap vp-portfolio__item-uid-8e247f7a\" data-vp-filter=\"\" \t\t>\n\t\t\t<template class=\"vp-portfolio__item-popup\" data-vp-popup-img=\"http:\/\/einsiedel-architekten.de\/cms\/wp-content\/uploads\/2019\/12\/2019-schulzentrum-langschnitt-1920x848.jpg\" data-vp-popup-img-srcset=\"http:\/\/einsiedel-architekten.de\/cms\/wp-content\/uploads\/2019\/12\/2019-schulzentrum-langschnitt-1920x848.jpg 1920w, http:\/\/einsiedel-architekten.de\/cms\/wp-content\/uploads\/2019\/12\/2019-schulzentrum-langschnitt-300x132.jpg 300w, http:\/\/einsiedel-architekten.de\/cms\/wp-content\/uploads\/2019\/12\/2019-schulzentrum-langschnitt-1024x452.jpg 1024w, http:\/\/einsiedel-architekten.de\/cms\/wp-content\/uploads\/2019\/12\/2019-schulzentrum-langschnitt-768x339.jpg 768w, http:\/\/einsiedel-architekten.de\/cms\/wp-content\/uploads\/2019\/12\/2019-schulzentrum-langschnitt-500x221.jpg 500w, http:\/\/einsiedel-architekten.de\/cms\/wp-content\/uploads\/2019\/12\/2019-schulzentrum-langschnitt-800x353.jpg 800w, http:\/\/einsiedel-architekten.de\/cms\/wp-content\/uploads\/2019\/12\/2019-schulzentrum-langschnitt-1280x565.jpg 1280w, http:\/\/einsiedel-architekten.de\/cms\/wp-content\/uploads\/2019\/12\/2019-schulzentrum-langschnitt-1536x678.jpg 1536w, http:\/\/einsiedel-architekten.de\/cms\/wp-content\/uploads\/2019\/12\/2019-schulzentrum-langschnitt-2048x904.jpg 2048w, http:\/\/einsiedel-architekten.de\/cms\/wp-content\/uploads\/2019\/12\/2019-schulzentrum-langschnitt-1170x517.jpg 1170w, http:\/\/einsiedel-architekten.de\/cms\/wp-content\/uploads\/2019\/12\/2019-schulzentrum-langschnitt.jpg 2333w\" data-vp-popup-img-size=\"1920x848\" data-vp-popup-md-img=\"http:\/\/einsiedel-architekten.de\/cms\/wp-content\/uploads\/2019\/12\/2019-schulzentrum-langschnitt-800x353.jpg\" data-vp-popup-md-img-size=\"800x353\" data-vp-popup-sm-img=\"http:\/\/einsiedel-architekten.de\/cms\/wp-content\/uploads\/2019\/12\/2019-schulzentrum-langschnitt-500x221.jpg\" data-vp-popup-sm-img-size=\"500x221\">\n\t<\/template>\n\t\t\t\t\t\t<figure class=\"vp-portfolio__item\">\n\t\t\t\t\n<div class=\"vp-portfolio__item-img-wrap\">\n\t<div class=\"vp-portfolio__item-img\">\n\t\t\t<a\n\t\thref=\"http:\/\/einsiedel-architekten.de\/cms\/wp-content\/uploads\/2019\/12\/2019-schulzentrum-langschnitt-1920x848.jpg\"\n\t\taria-label=\"2019 schulzentrum langschnitt\" \t data-rel=\"lightbox-image-2\" data-rl_title=\"\" data-rl_caption=\"\" title=\"\">\n\t\n\t\t<noscript><img loading=\"lazy\" decoding=\"async\" width=\"1920\" height=\"848\" data-skip-lazy src=\"http:\/\/einsiedel-architekten.de\/cms\/wp-content\/uploads\/2019\/12\/2019-schulzentrum-langschnitt-1920x848.jpg\" class=\"wp-image-1645\" alt=\"\" srcset=\"http:\/\/einsiedel-architekten.de\/cms\/wp-content\/uploads\/2019\/12\/2019-schulzentrum-langschnitt-1920x848.jpg 1920w, http:\/\/einsiedel-architekten.de\/cms\/wp-content\/uploads\/2019\/12\/2019-schulzentrum-langschnitt-300x132.jpg 300w, http:\/\/einsiedel-architekten.de\/cms\/wp-content\/uploads\/2019\/12\/2019-schulzentrum-langschnitt-1024x452.jpg 1024w, http:\/\/einsiedel-architekten.de\/cms\/wp-content\/uploads\/2019\/12\/2019-schulzentrum-langschnitt-768x339.jpg 768w, http:\/\/einsiedel-architekten.de\/cms\/wp-content\/uploads\/2019\/12\/2019-schulzentrum-langschnitt-500x221.jpg 500w, http:\/\/einsiedel-architekten.de\/cms\/wp-content\/uploads\/2019\/12\/2019-schulzentrum-langschnitt-800x353.jpg 800w, http:\/\/einsiedel-architekten.de\/cms\/wp-content\/uploads\/2019\/12\/2019-schulzentrum-langschnitt-1280x565.jpg 1280w, http:\/\/einsiedel-architekten.de\/cms\/wp-content\/uploads\/2019\/12\/2019-schulzentrum-langschnitt-1536x678.jpg 1536w, http:\/\/einsiedel-architekten.de\/cms\/wp-content\/uploads\/2019\/12\/2019-schulzentrum-langschnitt-2048x904.jpg 2048w, http:\/\/einsiedel-architekten.de\/cms\/wp-content\/uploads\/2019\/12\/2019-schulzentrum-langschnitt-1170x517.jpg 1170w, http:\/\/einsiedel-architekten.de\/cms\/wp-content\/uploads\/2019\/12\/2019-schulzentrum-langschnitt.jpg 2333w\" sizes=\"auto, (max-width: 1920px) 100vw, 1920px\" \/><\/noscript><img decoding=\"async\" width=\"1920\" height=\"848\" src=\"http:\/\/einsiedel-architekten.de\/cms\/wp-content\/uploads\/2019\/12\/2019-schulzentrum-langschnitt-1920x848.jpg\" class=\"wp-image-1645 vp-lazyload\" alt srcset=\"data:image\/svg+xml;base64,PHN2ZyB3aWR0aD0iMTkyMCIgaGVpZ2h0PSI4NDgiIHZpZXdCb3g9IjAgMCAxOTIwIDg0OCIgZmlsbD0ibm9uZSIgeG1sbnM9Imh0dHA6Ly93d3cudzMub3JnLzIwMDAvc3ZnIj48L3N2Zz4=\" data-src=\"http:\/\/einsiedel-architekten.de\/cms\/wp-content\/uploads\/2019\/12\/2019-schulzentrum-langschnitt-1920x848.jpg\" data-srcset=\"http:\/\/einsiedel-architekten.de\/cms\/wp-content\/uploads\/2019\/12\/2019-schulzentrum-langschnitt-1920x848.jpg 1920w, http:\/\/einsiedel-architekten.de\/cms\/wp-content\/uploads\/2019\/12\/2019-schulzentrum-langschnitt-300x132.jpg 300w, http:\/\/einsiedel-architekten.de\/cms\/wp-content\/uploads\/2019\/12\/2019-schulzentrum-langschnitt-1024x452.jpg 1024w, http:\/\/einsiedel-architekten.de\/cms\/wp-content\/uploads\/2019\/12\/2019-schulzentrum-langschnitt-768x339.jpg 768w, http:\/\/einsiedel-architekten.de\/cms\/wp-content\/uploads\/2019\/12\/2019-schulzentrum-langschnitt-500x221.jpg 500w, http:\/\/einsiedel-architekten.de\/cms\/wp-content\/uploads\/2019\/12\/2019-schulzentrum-langschnitt-800x353.jpg 800w, http:\/\/einsiedel-architekten.de\/cms\/wp-content\/uploads\/2019\/12\/2019-schulzentrum-langschnitt-1280x565.jpg 1280w, http:\/\/einsiedel-architekten.de\/cms\/wp-content\/uploads\/2019\/12\/2019-schulzentrum-langschnitt-1536x678.jpg 1536w, http:\/\/einsiedel-architekten.de\/cms\/wp-content\/uploads\/2019\/12\/2019-schulzentrum-langschnitt-2048x904.jpg 2048w, http:\/\/einsiedel-architekten.de\/cms\/wp-content\/uploads\/2019\/12\/2019-schulzentrum-langschnitt-1170x517.jpg 1170w, http:\/\/einsiedel-architekten.de\/cms\/wp-content\/uploads\/2019\/12\/2019-schulzentrum-langschnitt.jpg 2333w\" data-sizes=\"auto\" loading=\"eager\">\n\t\t<\/a>\t<\/div>\n<\/div>\n\t<div class=\"vp-portfolio__item-overlay\">\n\t\t\t<a\n\t\thref=\"http:\/\/einsiedel-architekten.de\/cms\/wp-content\/uploads\/2019\/12\/2019-schulzentrum-langschnitt-1920x848.jpg\"\n\t\ttabindex=\"-1\" class=\"vp-portfolio__item-meta\" aria-label=\"2019 schulzentrum langschnitt\" \t data-rel=\"lightbox-image-3\" data-rl_title=\"\" data-rl_caption=\"\" title=\"\">\n\t\t\t<\/a>\t<\/div>\n\t\t\t\t<\/figure>\n\t\t\t\t\t<\/div>\n\t\t\n\t\t<div\t\tclass=\"vp-portfolio__item-wrap vp-portfolio__item-uid-613fe2fc\" data-vp-filter=\"\" \t\t>\n\t\t\t<template class=\"vp-portfolio__item-popup\" data-vp-popup-img=\"http:\/\/einsiedel-architekten.de\/cms\/wp-content\/uploads\/2019\/11\/schulzentrum-eg-ug-1920x937.jpg\" data-vp-popup-img-srcset=\"http:\/\/einsiedel-architekten.de\/cms\/wp-content\/uploads\/2019\/11\/schulzentrum-eg-ug-1920x937.jpg 1920w, http:\/\/einsiedel-architekten.de\/cms\/wp-content\/uploads\/2019\/11\/schulzentrum-eg-ug-300x146.jpg 300w, http:\/\/einsiedel-architekten.de\/cms\/wp-content\/uploads\/2019\/11\/schulzentrum-eg-ug-1024x500.jpg 1024w, http:\/\/einsiedel-architekten.de\/cms\/wp-content\/uploads\/2019\/11\/schulzentrum-eg-ug-768x375.jpg 768w, http:\/\/einsiedel-architekten.de\/cms\/wp-content\/uploads\/2019\/11\/schulzentrum-eg-ug-500x244.jpg 500w, http:\/\/einsiedel-architekten.de\/cms\/wp-content\/uploads\/2019\/11\/schulzentrum-eg-ug-800x390.jpg 800w, http:\/\/einsiedel-architekten.de\/cms\/wp-content\/uploads\/2019\/11\/schulzentrum-eg-ug-1280x625.jpg 1280w, http:\/\/einsiedel-architekten.de\/cms\/wp-content\/uploads\/2019\/11\/schulzentrum-eg-ug-1536x750.jpg 1536w, http:\/\/einsiedel-architekten.de\/cms\/wp-content\/uploads\/2019\/11\/schulzentrum-eg-ug-2048x1000.jpg 2048w, http:\/\/einsiedel-architekten.de\/cms\/wp-content\/uploads\/2019\/11\/schulzentrum-eg-ug-1170x571.jpg 1170w, http:\/\/einsiedel-architekten.de\/cms\/wp-content\/uploads\/2019\/11\/schulzentrum-eg-ug.jpg 2098w\" data-vp-popup-img-size=\"1920x937\" data-vp-popup-md-img=\"http:\/\/einsiedel-architekten.de\/cms\/wp-content\/uploads\/2019\/11\/schulzentrum-eg-ug-800x390.jpg\" data-vp-popup-md-img-size=\"800x390\" data-vp-popup-sm-img=\"http:\/\/einsiedel-architekten.de\/cms\/wp-content\/uploads\/2019\/11\/schulzentrum-eg-ug-500x244.jpg\" data-vp-popup-sm-img-size=\"500x244\">\n\t<\/template>\n\t\t\t\t\t\t<figure class=\"vp-portfolio__item\">\n\t\t\t\t\n<div class=\"vp-portfolio__item-img-wrap\">\n\t<div class=\"vp-portfolio__item-img\">\n\t\t\t<a\n\t\thref=\"http:\/\/einsiedel-architekten.de\/cms\/wp-content\/uploads\/2019\/11\/schulzentrum-eg-ug-1920x937.jpg\"\n\t\taria-label=\"2019 schulzentrum eg ug\" \t data-rel=\"lightbox-image-4\" data-rl_title=\"\" data-rl_caption=\"\" title=\"\">\n\t\n\t\t<noscript><img loading=\"lazy\" decoding=\"async\" width=\"1920\" height=\"937\" data-skip-lazy src=\"http:\/\/einsiedel-architekten.de\/cms\/wp-content\/uploads\/2019\/11\/schulzentrum-eg-ug-1920x937.jpg\" class=\"wp-image-1466\" alt=\"\" srcset=\"http:\/\/einsiedel-architekten.de\/cms\/wp-content\/uploads\/2019\/11\/schulzentrum-eg-ug-1920x937.jpg 1920w, http:\/\/einsiedel-architekten.de\/cms\/wp-content\/uploads\/2019\/11\/schulzentrum-eg-ug-300x146.jpg 300w, http:\/\/einsiedel-architekten.de\/cms\/wp-content\/uploads\/2019\/11\/schulzentrum-eg-ug-1024x500.jpg 1024w, http:\/\/einsiedel-architekten.de\/cms\/wp-content\/uploads\/2019\/11\/schulzentrum-eg-ug-768x375.jpg 768w, http:\/\/einsiedel-architekten.de\/cms\/wp-content\/uploads\/2019\/11\/schulzentrum-eg-ug-500x244.jpg 500w, http:\/\/einsiedel-architekten.de\/cms\/wp-content\/uploads\/2019\/11\/schulzentrum-eg-ug-800x390.jpg 800w, http:\/\/einsiedel-architekten.de\/cms\/wp-content\/uploads\/2019\/11\/schulzentrum-eg-ug-1280x625.jpg 1280w, http:\/\/einsiedel-architekten.de\/cms\/wp-content\/uploads\/2019\/11\/schulzentrum-eg-ug-1536x750.jpg 1536w, http:\/\/einsiedel-architekten.de\/cms\/wp-content\/uploads\/2019\/11\/schulzentrum-eg-ug-2048x1000.jpg 2048w, http:\/\/einsiedel-architekten.de\/cms\/wp-content\/uploads\/2019\/11\/schulzentrum-eg-ug-1170x571.jpg 1170w, http:\/\/einsiedel-architekten.de\/cms\/wp-content\/uploads\/2019\/11\/schulzentrum-eg-ug.jpg 2098w\" sizes=\"auto, (max-width: 1920px) 100vw, 1920px\" \/><\/noscript><img decoding=\"async\" width=\"1920\" height=\"937\" src=\"http:\/\/einsiedel-architekten.de\/cms\/wp-content\/uploads\/2019\/11\/schulzentrum-eg-ug-1920x937.jpg\" class=\"wp-image-1466 vp-lazyload\" alt srcset=\"data:image\/svg+xml;base64,PHN2ZyB3aWR0aD0iMTkyMCIgaGVpZ2h0PSI5MzciIHZpZXdCb3g9IjAgMCAxOTIwIDkzNyIgZmlsbD0ibm9uZSIgeG1sbnM9Imh0dHA6Ly93d3cudzMub3JnLzIwMDAvc3ZnIj48L3N2Zz4=\" data-src=\"http:\/\/einsiedel-architekten.de\/cms\/wp-content\/uploads\/2019\/11\/schulzentrum-eg-ug-1920x937.jpg\" data-srcset=\"http:\/\/einsiedel-architekten.de\/cms\/wp-content\/uploads\/2019\/11\/schulzentrum-eg-ug-1920x937.jpg 1920w, http:\/\/einsiedel-architekten.de\/cms\/wp-content\/uploads\/2019\/11\/schulzentrum-eg-ug-300x146.jpg 300w, http:\/\/einsiedel-architekten.de\/cms\/wp-content\/uploads\/2019\/11\/schulzentrum-eg-ug-1024x500.jpg 1024w, http:\/\/einsiedel-architekten.de\/cms\/wp-content\/uploads\/2019\/11\/schulzentrum-eg-ug-768x375.jpg 768w, http:\/\/einsiedel-architekten.de\/cms\/wp-content\/uploads\/2019\/11\/schulzentrum-eg-ug-500x244.jpg 500w, http:\/\/einsiedel-architekten.de\/cms\/wp-content\/uploads\/2019\/11\/schulzentrum-eg-ug-800x390.jpg 800w, http:\/\/einsiedel-architekten.de\/cms\/wp-content\/uploads\/2019\/11\/schulzentrum-eg-ug-1280x625.jpg 1280w, http:\/\/einsiedel-architekten.de\/cms\/wp-content\/uploads\/2019\/11\/schulzentrum-eg-ug-1536x750.jpg 1536w, http:\/\/einsiedel-architekten.de\/cms\/wp-content\/uploads\/2019\/11\/schulzentrum-eg-ug-2048x1000.jpg 2048w, http:\/\/einsiedel-architekten.de\/cms\/wp-content\/uploads\/2019\/11\/schulzentrum-eg-ug-1170x571.jpg 1170w, http:\/\/einsiedel-architekten.de\/cms\/wp-content\/uploads\/2019\/11\/schulzentrum-eg-ug.jpg 2098w\" data-sizes=\"auto\" loading=\"eager\">\n\t\t<\/a>\t<\/div>\n<\/div>\n\t<div class=\"vp-portfolio__item-overlay\">\n\t\t\t<a\n\t\thref=\"http:\/\/einsiedel-architekten.de\/cms\/wp-content\/uploads\/2019\/11\/schulzentrum-eg-ug-1920x937.jpg\"\n\t\ttabindex=\"-1\" class=\"vp-portfolio__item-meta\" aria-label=\"2019 schulzentrum eg ug\" \t data-rel=\"lightbox-image-5\" data-rl_title=\"\" data-rl_caption=\"\" title=\"\">\n\t\t\t<\/a>\t<\/div>\n\t\t\t\t<\/figure>\n\t\t\t\t\t<\/div>\n\t\t\n\t\t<div\t\tclass=\"vp-portfolio__item-wrap vp-portfolio__item-uid-bbe7e64b\" data-vp-filter=\"\" \t\t>\n\t\t\t<template class=\"vp-portfolio__item-popup\" data-vp-popup-img=\"http:\/\/einsiedel-architekten.de\/cms\/wp-content\/uploads\/2019\/11\/schulzentrum-ogs-1920x762.jpg\" data-vp-popup-img-srcset=\"http:\/\/einsiedel-architekten.de\/cms\/wp-content\/uploads\/2019\/11\/schulzentrum-ogs-1920x762.jpg 1920w, http:\/\/einsiedel-architekten.de\/cms\/wp-content\/uploads\/2019\/11\/schulzentrum-ogs-300x119.jpg 300w, http:\/\/einsiedel-architekten.de\/cms\/wp-content\/uploads\/2019\/11\/schulzentrum-ogs-1024x407.jpg 1024w, http:\/\/einsiedel-architekten.de\/cms\/wp-content\/uploads\/2019\/11\/schulzentrum-ogs-768x305.jpg 768w, http:\/\/einsiedel-architekten.de\/cms\/wp-content\/uploads\/2019\/11\/schulzentrum-ogs-500x199.jpg 500w, http:\/\/einsiedel-architekten.de\/cms\/wp-content\/uploads\/2019\/11\/schulzentrum-ogs-800x318.jpg 800w, http:\/\/einsiedel-architekten.de\/cms\/wp-content\/uploads\/2019\/11\/schulzentrum-ogs-1280x508.jpg 1280w, http:\/\/einsiedel-architekten.de\/cms\/wp-content\/uploads\/2019\/11\/schulzentrum-ogs-1536x610.jpg 1536w, http:\/\/einsiedel-architekten.de\/cms\/wp-content\/uploads\/2019\/11\/schulzentrum-ogs-2048x813.jpg 2048w, http:\/\/einsiedel-architekten.de\/cms\/wp-content\/uploads\/2019\/11\/schulzentrum-ogs-1170x465.jpg 1170w, http:\/\/einsiedel-architekten.de\/cms\/wp-content\/uploads\/2019\/11\/schulzentrum-ogs.jpg 2375w\" data-vp-popup-img-size=\"1920x762\" data-vp-popup-md-img=\"http:\/\/einsiedel-architekten.de\/cms\/wp-content\/uploads\/2019\/11\/schulzentrum-ogs-800x318.jpg\" data-vp-popup-md-img-size=\"800x318\" data-vp-popup-sm-img=\"http:\/\/einsiedel-architekten.de\/cms\/wp-content\/uploads\/2019\/11\/schulzentrum-ogs-500x199.jpg\" data-vp-popup-sm-img-size=\"500x199\">\n\t<\/template>\n\t\t\t\t\t\t<figure class=\"vp-portfolio__item\">\n\t\t\t\t\n<div class=\"vp-portfolio__item-img-wrap\">\n\t<div class=\"vp-portfolio__item-img\">\n\t\t\t<a\n\t\thref=\"http:\/\/einsiedel-architekten.de\/cms\/wp-content\/uploads\/2019\/11\/schulzentrum-ogs-1920x762.jpg\"\n\t\taria-label=\"2019 schulzentrum ogs\" \t data-rel=\"lightbox-image-6\" data-rl_title=\"\" data-rl_caption=\"\" title=\"\">\n\t\n\t\t<noscript><img loading=\"lazy\" decoding=\"async\" width=\"1920\" height=\"762\" data-skip-lazy src=\"http:\/\/einsiedel-architekten.de\/cms\/wp-content\/uploads\/2019\/11\/schulzentrum-ogs-1920x762.jpg\" class=\"wp-image-1468\" alt=\"\" srcset=\"http:\/\/einsiedel-architekten.de\/cms\/wp-content\/uploads\/2019\/11\/schulzentrum-ogs-1920x762.jpg 1920w, http:\/\/einsiedel-architekten.de\/cms\/wp-content\/uploads\/2019\/11\/schulzentrum-ogs-300x119.jpg 300w, http:\/\/einsiedel-architekten.de\/cms\/wp-content\/uploads\/2019\/11\/schulzentrum-ogs-1024x407.jpg 1024w, http:\/\/einsiedel-architekten.de\/cms\/wp-content\/uploads\/2019\/11\/schulzentrum-ogs-768x305.jpg 768w, http:\/\/einsiedel-architekten.de\/cms\/wp-content\/uploads\/2019\/11\/schulzentrum-ogs-500x199.jpg 500w, http:\/\/einsiedel-architekten.de\/cms\/wp-content\/uploads\/2019\/11\/schulzentrum-ogs-800x318.jpg 800w, http:\/\/einsiedel-architekten.de\/cms\/wp-content\/uploads\/2019\/11\/schulzentrum-ogs-1280x508.jpg 1280w, http:\/\/einsiedel-architekten.de\/cms\/wp-content\/uploads\/2019\/11\/schulzentrum-ogs-1536x610.jpg 1536w, http:\/\/einsiedel-architekten.de\/cms\/wp-content\/uploads\/2019\/11\/schulzentrum-ogs-2048x813.jpg 2048w, http:\/\/einsiedel-architekten.de\/cms\/wp-content\/uploads\/2019\/11\/schulzentrum-ogs-1170x465.jpg 1170w, http:\/\/einsiedel-architekten.de\/cms\/wp-content\/uploads\/2019\/11\/schulzentrum-ogs.jpg 2375w\" sizes=\"auto, (max-width: 1920px) 100vw, 1920px\" \/><\/noscript><img decoding=\"async\" width=\"1920\" height=\"762\" src=\"http:\/\/einsiedel-architekten.de\/cms\/wp-content\/uploads\/2019\/11\/schulzentrum-ogs-1920x762.jpg\" class=\"wp-image-1468 vp-lazyload\" alt srcset=\"data:image\/svg+xml;base64,PHN2ZyB3aWR0aD0iMTkyMCIgaGVpZ2h0PSI3NjIiIHZpZXdCb3g9IjAgMCAxOTIwIDc2MiIgZmlsbD0ibm9uZSIgeG1sbnM9Imh0dHA6Ly93d3cudzMub3JnLzIwMDAvc3ZnIj48L3N2Zz4=\" data-src=\"http:\/\/einsiedel-architekten.de\/cms\/wp-content\/uploads\/2019\/11\/schulzentrum-ogs-1920x762.jpg\" data-srcset=\"http:\/\/einsiedel-architekten.de\/cms\/wp-content\/uploads\/2019\/11\/schulzentrum-ogs-1920x762.jpg 1920w, http:\/\/einsiedel-architekten.de\/cms\/wp-content\/uploads\/2019\/11\/schulzentrum-ogs-300x119.jpg 300w, http:\/\/einsiedel-architekten.de\/cms\/wp-content\/uploads\/2019\/11\/schulzentrum-ogs-1024x407.jpg 1024w, http:\/\/einsiedel-architekten.de\/cms\/wp-content\/uploads\/2019\/11\/schulzentrum-ogs-768x305.jpg 768w, http:\/\/einsiedel-architekten.de\/cms\/wp-content\/uploads\/2019\/11\/schulzentrum-ogs-500x199.jpg 500w, http:\/\/einsiedel-architekten.de\/cms\/wp-content\/uploads\/2019\/11\/schulzentrum-ogs-800x318.jpg 800w, http:\/\/einsiedel-architekten.de\/cms\/wp-content\/uploads\/2019\/11\/schulzentrum-ogs-1280x508.jpg 1280w, http:\/\/einsiedel-architekten.de\/cms\/wp-content\/uploads\/2019\/11\/schulzentrum-ogs-1536x610.jpg 1536w, http:\/\/einsiedel-architekten.de\/cms\/wp-content\/uploads\/2019\/11\/schulzentrum-ogs-2048x813.jpg 2048w, http:\/\/einsiedel-architekten.de\/cms\/wp-content\/uploads\/2019\/11\/schulzentrum-ogs-1170x465.jpg 1170w, http:\/\/einsiedel-architekten.de\/cms\/wp-content\/uploads\/2019\/11\/schulzentrum-ogs.jpg 2375w\" data-sizes=\"auto\" loading=\"eager\">\n\t\t<\/a>\t<\/div>\n<\/div>\n\t<div class=\"vp-portfolio__item-overlay\">\n\t\t\t<a\n\t\thref=\"http:\/\/einsiedel-architekten.de\/cms\/wp-content\/uploads\/2019\/11\/schulzentrum-ogs-1920x762.jpg\"\n\t\ttabindex=\"-1\" class=\"vp-portfolio__item-meta\" aria-label=\"2019 schulzentrum ogs\" \t data-rel=\"lightbox-image-7\" data-rl_title=\"\" data-rl_caption=\"\" title=\"\">\n\t\t\t<\/a>\t<\/div>\n\t\t\t\t<\/figure>\n\t\t\t\t\t<\/div>\n\t\t\n\t\t<div\t\tclass=\"vp-portfolio__item-wrap vp-portfolio__item-uid-7ec00acd\" data-vp-filter=\"\" \t\t>\n\t\t\t<template class=\"vp-portfolio__item-popup\" data-vp-popup-img=\"http:\/\/einsiedel-architekten.de\/cms\/wp-content\/uploads\/2019\/11\/schulzentrum-schnitt-a-1920x722.jpg\" data-vp-popup-img-srcset=\"http:\/\/einsiedel-architekten.de\/cms\/wp-content\/uploads\/2019\/11\/schulzentrum-schnitt-a-1920x722.jpg 1920w, http:\/\/einsiedel-architekten.de\/cms\/wp-content\/uploads\/2019\/11\/schulzentrum-schnitt-a-300x113.jpg 300w, http:\/\/einsiedel-architekten.de\/cms\/wp-content\/uploads\/2019\/11\/schulzentrum-schnitt-a-1024x385.jpg 1024w, http:\/\/einsiedel-architekten.de\/cms\/wp-content\/uploads\/2019\/11\/schulzentrum-schnitt-a-768x289.jpg 768w, http:\/\/einsiedel-architekten.de\/cms\/wp-content\/uploads\/2019\/11\/schulzentrum-schnitt-a-500x188.jpg 500w, http:\/\/einsiedel-architekten.de\/cms\/wp-content\/uploads\/2019\/11\/schulzentrum-schnitt-a-800x301.jpg 800w, http:\/\/einsiedel-architekten.de\/cms\/wp-content\/uploads\/2019\/11\/schulzentrum-schnitt-a-1280x481.jpg 1280w, http:\/\/einsiedel-architekten.de\/cms\/wp-content\/uploads\/2019\/11\/schulzentrum-schnitt-a-1536x577.jpg 1536w, http:\/\/einsiedel-architekten.de\/cms\/wp-content\/uploads\/2019\/11\/schulzentrum-schnitt-a-2048x770.jpg 2048w, http:\/\/einsiedel-architekten.de\/cms\/wp-content\/uploads\/2019\/11\/schulzentrum-schnitt-a-1170x440.jpg 1170w, http:\/\/einsiedel-architekten.de\/cms\/wp-content\/uploads\/2019\/11\/schulzentrum-schnitt-a.jpg 2323w\" data-vp-popup-img-size=\"1920x722\" data-vp-popup-md-img=\"http:\/\/einsiedel-architekten.de\/cms\/wp-content\/uploads\/2019\/11\/schulzentrum-schnitt-a-800x301.jpg\" data-vp-popup-md-img-size=\"800x301\" data-vp-popup-sm-img=\"http:\/\/einsiedel-architekten.de\/cms\/wp-content\/uploads\/2019\/11\/schulzentrum-schnitt-a-500x188.jpg\" data-vp-popup-sm-img-size=\"500x188\">\n\t<\/template>\n\t\t\t\t\t\t<figure class=\"vp-portfolio__item\">\n\t\t\t\t\n<div class=\"vp-portfolio__item-img-wrap\">\n\t<div class=\"vp-portfolio__item-img\">\n\t\t\t<a\n\t\thref=\"http:\/\/einsiedel-architekten.de\/cms\/wp-content\/uploads\/2019\/11\/schulzentrum-schnitt-a-1920x722.jpg\"\n\t\taria-label=\"2019 schulzentrum schnitt a\" \t data-rel=\"lightbox-image-8\" data-rl_title=\"\" data-rl_caption=\"\" title=\"\">\n\t\n\t\t<noscript><img loading=\"lazy\" decoding=\"async\" width=\"1920\" height=\"722\" data-skip-lazy src=\"http:\/\/einsiedel-architekten.de\/cms\/wp-content\/uploads\/2019\/11\/schulzentrum-schnitt-a-1920x722.jpg\" class=\"wp-image-1469\" alt=\"\" srcset=\"http:\/\/einsiedel-architekten.de\/cms\/wp-content\/uploads\/2019\/11\/schulzentrum-schnitt-a-1920x722.jpg 1920w, http:\/\/einsiedel-architekten.de\/cms\/wp-content\/uploads\/2019\/11\/schulzentrum-schnitt-a-300x113.jpg 300w, http:\/\/einsiedel-architekten.de\/cms\/wp-content\/uploads\/2019\/11\/schulzentrum-schnitt-a-1024x385.jpg 1024w, http:\/\/einsiedel-architekten.de\/cms\/wp-content\/uploads\/2019\/11\/schulzentrum-schnitt-a-768x289.jpg 768w, http:\/\/einsiedel-architekten.de\/cms\/wp-content\/uploads\/2019\/11\/schulzentrum-schnitt-a-500x188.jpg 500w, http:\/\/einsiedel-architekten.de\/cms\/wp-content\/uploads\/2019\/11\/schulzentrum-schnitt-a-800x301.jpg 800w, http:\/\/einsiedel-architekten.de\/cms\/wp-content\/uploads\/2019\/11\/schulzentrum-schnitt-a-1280x481.jpg 1280w, http:\/\/einsiedel-architekten.de\/cms\/wp-content\/uploads\/2019\/11\/schulzentrum-schnitt-a-1536x577.jpg 1536w, http:\/\/einsiedel-architekten.de\/cms\/wp-content\/uploads\/2019\/11\/schulzentrum-schnitt-a-2048x770.jpg 2048w, http:\/\/einsiedel-architekten.de\/cms\/wp-content\/uploads\/2019\/11\/schulzentrum-schnitt-a-1170x440.jpg 1170w, http:\/\/einsiedel-architekten.de\/cms\/wp-content\/uploads\/2019\/11\/schulzentrum-schnitt-a.jpg 2323w\" sizes=\"auto, (max-width: 1920px) 100vw, 1920px\" \/><\/noscript><img decoding=\"async\" width=\"1920\" height=\"722\" src=\"http:\/\/einsiedel-architekten.de\/cms\/wp-content\/uploads\/2019\/11\/schulzentrum-schnitt-a-1920x722.jpg\" class=\"wp-image-1469 vp-lazyload\" alt srcset=\"data:image\/svg+xml;base64,PHN2ZyB3aWR0aD0iMTkyMCIgaGVpZ2h0PSI3MjIiIHZpZXdCb3g9IjAgMCAxOTIwIDcyMiIgZmlsbD0ibm9uZSIgeG1sbnM9Imh0dHA6Ly93d3cudzMub3JnLzIwMDAvc3ZnIj48L3N2Zz4=\" data-src=\"http:\/\/einsiedel-architekten.de\/cms\/wp-content\/uploads\/2019\/11\/schulzentrum-schnitt-a-1920x722.jpg\" data-srcset=\"http:\/\/einsiedel-architekten.de\/cms\/wp-content\/uploads\/2019\/11\/schulzentrum-schnitt-a-1920x722.jpg 1920w, http:\/\/einsiedel-architekten.de\/cms\/wp-content\/uploads\/2019\/11\/schulzentrum-schnitt-a-300x113.jpg 300w, http:\/\/einsiedel-architekten.de\/cms\/wp-content\/uploads\/2019\/11\/schulzentrum-schnitt-a-1024x385.jpg 1024w, http:\/\/einsiedel-architekten.de\/cms\/wp-content\/uploads\/2019\/11\/schulzentrum-schnitt-a-768x289.jpg 768w, http:\/\/einsiedel-architekten.de\/cms\/wp-content\/uploads\/2019\/11\/schulzentrum-schnitt-a-500x188.jpg 500w, http:\/\/einsiedel-architekten.de\/cms\/wp-content\/uploads\/2019\/11\/schulzentrum-schnitt-a-800x301.jpg 800w, http:\/\/einsiedel-architekten.de\/cms\/wp-content\/uploads\/2019\/11\/schulzentrum-schnitt-a-1280x481.jpg 1280w, http:\/\/einsiedel-architekten.de\/cms\/wp-content\/uploads\/2019\/11\/schulzentrum-schnitt-a-1536x577.jpg 1536w, http:\/\/einsiedel-architekten.de\/cms\/wp-content\/uploads\/2019\/11\/schulzentrum-schnitt-a-2048x770.jpg 2048w, http:\/\/einsiedel-architekten.de\/cms\/wp-content\/uploads\/2019\/11\/schulzentrum-schnitt-a-1170x440.jpg 1170w, http:\/\/einsiedel-architekten.de\/cms\/wp-content\/uploads\/2019\/11\/schulzentrum-schnitt-a.jpg 2323w\" data-sizes=\"auto\" loading=\"eager\">\n\t\t<\/a>\t<\/div>\n<\/div>\n\t<div class=\"vp-portfolio__item-overlay\">\n\t\t\t<a\n\t\thref=\"http:\/\/einsiedel-architekten.de\/cms\/wp-content\/uploads\/2019\/11\/schulzentrum-schnitt-a-1920x722.jpg\"\n\t\ttabindex=\"-1\" class=\"vp-portfolio__item-meta\" aria-label=\"2019 schulzentrum schnitt a\" \t data-rel=\"lightbox-image-9\" data-rl_title=\"\" data-rl_caption=\"\" title=\"\">\n\t\t\t<\/a>\t<\/div>\n\t\t\t\t<\/figure>\n\t\t\t\t\t<\/div>\n\t\t\n\t\t<div\t\tclass=\"vp-portfolio__item-wrap vp-portfolio__item-uid-2367aa98\" data-vp-filter=\"\" \t\t>\n\t\t\t<template class=\"vp-portfolio__item-popup\" data-vp-popup-img=\"http:\/\/einsiedel-architekten.de\/cms\/wp-content\/uploads\/2019\/11\/schulzentrum-schnitt-b.jpg\" data-vp-popup-img-srcset=\"http:\/\/einsiedel-architekten.de\/cms\/wp-content\/uploads\/2019\/11\/schulzentrum-schnitt-b-300x254.jpg 300w, http:\/\/einsiedel-architekten.de\/cms\/wp-content\/uploads\/2019\/11\/schulzentrum-schnitt-b-1024x869.jpg 1024w, http:\/\/einsiedel-architekten.de\/cms\/wp-content\/uploads\/2019\/11\/schulzentrum-schnitt-b-768x652.jpg 768w, http:\/\/einsiedel-architekten.de\/cms\/wp-content\/uploads\/2019\/11\/schulzentrum-schnitt-b-500x424.jpg 500w, http:\/\/einsiedel-architekten.de\/cms\/wp-content\/uploads\/2019\/11\/schulzentrum-schnitt-b-800x679.jpg 800w, http:\/\/einsiedel-architekten.de\/cms\/wp-content\/uploads\/2019\/11\/schulzentrum-schnitt-b-1280x1086.jpg 1280w, http:\/\/einsiedel-architekten.de\/cms\/wp-content\/uploads\/2019\/11\/schulzentrum-schnitt-b-1536x1303.jpg 1536w, http:\/\/einsiedel-architekten.de\/cms\/wp-content\/uploads\/2019\/11\/schulzentrum-schnitt-b-778x660.jpg 778w\" data-vp-popup-img-size=\"1734x1471\" data-vp-popup-md-img=\"http:\/\/einsiedel-architekten.de\/cms\/wp-content\/uploads\/2019\/11\/schulzentrum-schnitt-b-800x679.jpg\" data-vp-popup-md-img-size=\"800x679\" data-vp-popup-sm-img=\"http:\/\/einsiedel-architekten.de\/cms\/wp-content\/uploads\/2019\/11\/schulzentrum-schnitt-b-500x424.jpg\" data-vp-popup-sm-img-size=\"500x424\">\n\t<\/template>\n\t\t\t\t\t\t<figure class=\"vp-portfolio__item\">\n\t\t\t\t\n<div class=\"vp-portfolio__item-img-wrap\">\n\t<div class=\"vp-portfolio__item-img\">\n\t\t\t<a\n\t\thref=\"http:\/\/einsiedel-architekten.de\/cms\/wp-content\/uploads\/2019\/11\/schulzentrum-schnitt-b.jpg\"\n\t\taria-label=\"2019 schulzentrum schnitt b\" \t data-rel=\"lightbox-image-10\" data-rl_title=\"\" data-rl_caption=\"\" title=\"\">\n\t\n\t\t<noscript><img loading=\"lazy\" decoding=\"async\" width=\"1734\" height=\"1471\" data-skip-lazy src=\"http:\/\/einsiedel-architekten.de\/cms\/wp-content\/uploads\/2019\/11\/schulzentrum-schnitt-b.jpg\" class=\"wp-image-1470\" alt=\"\" srcset=\"http:\/\/einsiedel-architekten.de\/cms\/wp-content\/uploads\/2019\/11\/schulzentrum-schnitt-b-300x254.jpg 300w, http:\/\/einsiedel-architekten.de\/cms\/wp-content\/uploads\/2019\/11\/schulzentrum-schnitt-b-1024x869.jpg 1024w, http:\/\/einsiedel-architekten.de\/cms\/wp-content\/uploads\/2019\/11\/schulzentrum-schnitt-b-768x652.jpg 768w, http:\/\/einsiedel-architekten.de\/cms\/wp-content\/uploads\/2019\/11\/schulzentrum-schnitt-b-500x424.jpg 500w, http:\/\/einsiedel-architekten.de\/cms\/wp-content\/uploads\/2019\/11\/schulzentrum-schnitt-b-800x679.jpg 800w, http:\/\/einsiedel-architekten.de\/cms\/wp-content\/uploads\/2019\/11\/schulzentrum-schnitt-b-1280x1086.jpg 1280w, http:\/\/einsiedel-architekten.de\/cms\/wp-content\/uploads\/2019\/11\/schulzentrum-schnitt-b-1536x1303.jpg 1536w, http:\/\/einsiedel-architekten.de\/cms\/wp-content\/uploads\/2019\/11\/schulzentrum-schnitt-b-778x660.jpg 778w\" sizes=\"auto, (max-width: 1734px) 100vw, 1734px\" \/><\/noscript><img decoding=\"async\" width=\"1734\" height=\"1471\" src=\"http:\/\/einsiedel-architekten.de\/cms\/wp-content\/uploads\/2019\/11\/schulzentrum-schnitt-b.jpg\" class=\"wp-image-1470 vp-lazyload\" alt srcset=\"data:image\/svg+xml;base64,PHN2ZyB3aWR0aD0iMTczNCIgaGVpZ2h0PSIxNDcxIiB2aWV3Qm94PSIwIDAgMTczNCAxNDcxIiBmaWxsPSJub25lIiB4bWxucz0iaHR0cDovL3d3dy53My5vcmcvMjAwMC9zdmciPjwvc3ZnPg==\" data-src=\"http:\/\/einsiedel-architekten.de\/cms\/wp-content\/uploads\/2019\/11\/schulzentrum-schnitt-b.jpg\" data-srcset=\"http:\/\/einsiedel-architekten.de\/cms\/wp-content\/uploads\/2019\/11\/schulzentrum-schnitt-b-300x254.jpg 300w, http:\/\/einsiedel-architekten.de\/cms\/wp-content\/uploads\/2019\/11\/schulzentrum-schnitt-b-1024x869.jpg 1024w, http:\/\/einsiedel-architekten.de\/cms\/wp-content\/uploads\/2019\/11\/schulzentrum-schnitt-b-768x652.jpg 768w, http:\/\/einsiedel-architekten.de\/cms\/wp-content\/uploads\/2019\/11\/schulzentrum-schnitt-b-500x424.jpg 500w, http:\/\/einsiedel-architekten.de\/cms\/wp-content\/uploads\/2019\/11\/schulzentrum-schnitt-b-800x679.jpg 800w, http:\/\/einsiedel-architekten.de\/cms\/wp-content\/uploads\/2019\/11\/schulzentrum-schnitt-b-1280x1086.jpg 1280w, http:\/\/einsiedel-architekten.de\/cms\/wp-content\/uploads\/2019\/11\/schulzentrum-schnitt-b-1536x1303.jpg 1536w, http:\/\/einsiedel-architekten.de\/cms\/wp-content\/uploads\/2019\/11\/schulzentrum-schnitt-b-778x660.jpg 778w\" data-sizes=\"auto\" loading=\"eager\">\n\t\t<\/a>\t<\/div>\n<\/div>\n\t<div class=\"vp-portfolio__item-overlay\">\n\t\t\t<a\n\t\thref=\"http:\/\/einsiedel-architekten.de\/cms\/wp-content\/uploads\/2019\/11\/schulzentrum-schnitt-b.jpg\"\n\t\ttabindex=\"-1\" class=\"vp-portfolio__item-meta\" aria-label=\"2019 schulzentrum schnitt b\" \t data-rel=\"lightbox-image-11\" data-rl_title=\"\" data-rl_caption=\"\" title=\"\">\n\t\t\t<\/a>\t<\/div>\n\t\t\t\t<\/figure>\n\t\t\t\t\t<\/div>\n\t\t\n\t\t<div\t\tclass=\"vp-portfolio__item-wrap vp-portfolio__item-uid-7ab12510\" data-vp-filter=\"\" \t\t>\n\t\t\t<template class=\"vp-portfolio__item-popup\" data-vp-popup-img=\"http:\/\/einsiedel-architekten.de\/cms\/wp-content\/uploads\/2019\/11\/schulzentrum-ansicht-s\u00fcdost-1920x694.jpg\" data-vp-popup-img-srcset=\"http:\/\/einsiedel-architekten.de\/cms\/wp-content\/uploads\/2019\/11\/schulzentrum-ansicht-s\u00fcdost-1920x694.jpg 1920w, http:\/\/einsiedel-architekten.de\/cms\/wp-content\/uploads\/2019\/11\/schulzentrum-ansicht-s\u00fcdost-300x108.jpg 300w, http:\/\/einsiedel-architekten.de\/cms\/wp-content\/uploads\/2019\/11\/schulzentrum-ansicht-s\u00fcdost-1024x370.jpg 1024w, http:\/\/einsiedel-architekten.de\/cms\/wp-content\/uploads\/2019\/11\/schulzentrum-ansicht-s\u00fcdost-768x278.jpg 768w, http:\/\/einsiedel-architekten.de\/cms\/wp-content\/uploads\/2019\/11\/schulzentrum-ansicht-s\u00fcdost-500x181.jpg 500w, http:\/\/einsiedel-architekten.de\/cms\/wp-content\/uploads\/2019\/11\/schulzentrum-ansicht-s\u00fcdost-800x289.jpg 800w, http:\/\/einsiedel-architekten.de\/cms\/wp-content\/uploads\/2019\/11\/schulzentrum-ansicht-s\u00fcdost-1280x463.jpg 1280w, http:\/\/einsiedel-architekten.de\/cms\/wp-content\/uploads\/2019\/11\/schulzentrum-ansicht-s\u00fcdost-1536x555.jpg 1536w, http:\/\/einsiedel-architekten.de\/cms\/wp-content\/uploads\/2019\/11\/schulzentrum-ansicht-s\u00fcdost-2048x740.jpg 2048w, http:\/\/einsiedel-architekten.de\/cms\/wp-content\/uploads\/2019\/11\/schulzentrum-ansicht-s\u00fcdost-1170x423.jpg 1170w, http:\/\/einsiedel-architekten.de\/cms\/wp-content\/uploads\/2019\/11\/schulzentrum-ansicht-s\u00fcdost.jpg 2081w\" data-vp-popup-img-size=\"1920x694\" data-vp-popup-md-img=\"http:\/\/einsiedel-architekten.de\/cms\/wp-content\/uploads\/2019\/11\/schulzentrum-ansicht-s\u00fcdost-800x289.jpg\" data-vp-popup-md-img-size=\"800x289\" data-vp-popup-sm-img=\"http:\/\/einsiedel-architekten.de\/cms\/wp-content\/uploads\/2019\/11\/schulzentrum-ansicht-s\u00fcdost-500x181.jpg\" data-vp-popup-sm-img-size=\"500x181\">\n\t<\/template>\n\t\t\t\t\t\t<figure class=\"vp-portfolio__item\">\n\t\t\t\t\n<div class=\"vp-portfolio__item-img-wrap\">\n\t<div class=\"vp-portfolio__item-img\">\n\t\t\t<a\n\t\thref=\"http:\/\/einsiedel-architekten.de\/cms\/wp-content\/uploads\/2019\/11\/schulzentrum-ansicht-s\u00fcdost-1920x694.jpg\"\n\t\taria-label=\"2019 schulzentrum ansicht s\u00fcdost\" \t data-rel=\"lightbox-image-12\" data-rl_title=\"\" data-rl_caption=\"\" title=\"\">\n\t\n\t\t<noscript><img loading=\"lazy\" decoding=\"async\" width=\"1920\" height=\"694\" data-skip-lazy src=\"http:\/\/einsiedel-architekten.de\/cms\/wp-content\/uploads\/2019\/11\/schulzentrum-ansicht-s\u00fcdost-1920x694.jpg\" class=\"wp-image-1464\" alt=\"\" srcset=\"http:\/\/einsiedel-architekten.de\/cms\/wp-content\/uploads\/2019\/11\/schulzentrum-ansicht-s\u00fcdost-1920x694.jpg 1920w, http:\/\/einsiedel-architekten.de\/cms\/wp-content\/uploads\/2019\/11\/schulzentrum-ansicht-s\u00fcdost-300x108.jpg 300w, http:\/\/einsiedel-architekten.de\/cms\/wp-content\/uploads\/2019\/11\/schulzentrum-ansicht-s\u00fcdost-1024x370.jpg 1024w, http:\/\/einsiedel-architekten.de\/cms\/wp-content\/uploads\/2019\/11\/schulzentrum-ansicht-s\u00fcdost-768x278.jpg 768w, http:\/\/einsiedel-architekten.de\/cms\/wp-content\/uploads\/2019\/11\/schulzentrum-ansicht-s\u00fcdost-500x181.jpg 500w, http:\/\/einsiedel-architekten.de\/cms\/wp-content\/uploads\/2019\/11\/schulzentrum-ansicht-s\u00fcdost-800x289.jpg 800w, http:\/\/einsiedel-architekten.de\/cms\/wp-content\/uploads\/2019\/11\/schulzentrum-ansicht-s\u00fcdost-1280x463.jpg 1280w, http:\/\/einsiedel-architekten.de\/cms\/wp-content\/uploads\/2019\/11\/schulzentrum-ansicht-s\u00fcdost-1536x555.jpg 1536w, http:\/\/einsiedel-architekten.de\/cms\/wp-content\/uploads\/2019\/11\/schulzentrum-ansicht-s\u00fcdost-2048x740.jpg 2048w, http:\/\/einsiedel-architekten.de\/cms\/wp-content\/uploads\/2019\/11\/schulzentrum-ansicht-s\u00fcdost-1170x423.jpg 1170w, http:\/\/einsiedel-architekten.de\/cms\/wp-content\/uploads\/2019\/11\/schulzentrum-ansicht-s\u00fcdost.jpg 2081w\" sizes=\"auto, (max-width: 1920px) 100vw, 1920px\" \/><\/noscript><img decoding=\"async\" width=\"1920\" height=\"694\" src=\"http:\/\/einsiedel-architekten.de\/cms\/wp-content\/uploads\/2019\/11\/schulzentrum-ansicht-s\u00fcdost-1920x694.jpg\" class=\"wp-image-1464 vp-lazyload\" alt srcset=\"data:image\/svg+xml;base64,PHN2ZyB3aWR0aD0iMTkyMCIgaGVpZ2h0PSI2OTQiIHZpZXdCb3g9IjAgMCAxOTIwIDY5NCIgZmlsbD0ibm9uZSIgeG1sbnM9Imh0dHA6Ly93d3cudzMub3JnLzIwMDAvc3ZnIj48L3N2Zz4=\" data-src=\"http:\/\/einsiedel-architekten.de\/cms\/wp-content\/uploads\/2019\/11\/schulzentrum-ansicht-s\u00fcdost-1920x694.jpg\" data-srcset=\"http:\/\/einsiedel-architekten.de\/cms\/wp-content\/uploads\/2019\/11\/schulzentrum-ansicht-s\u00fcdost-1920x694.jpg 1920w, http:\/\/einsiedel-architekten.de\/cms\/wp-content\/uploads\/2019\/11\/schulzentrum-ansicht-s\u00fcdost-300x108.jpg 300w, http:\/\/einsiedel-architekten.de\/cms\/wp-content\/uploads\/2019\/11\/schulzentrum-ansicht-s\u00fcdost-1024x370.jpg 1024w, http:\/\/einsiedel-architekten.de\/cms\/wp-content\/uploads\/2019\/11\/schulzentrum-ansicht-s\u00fcdost-768x278.jpg 768w, http:\/\/einsiedel-architekten.de\/cms\/wp-content\/uploads\/2019\/11\/schulzentrum-ansicht-s\u00fcdost-500x181.jpg 500w, http:\/\/einsiedel-architekten.de\/cms\/wp-content\/uploads\/2019\/11\/schulzentrum-ansicht-s\u00fcdost-800x289.jpg 800w, http:\/\/einsiedel-architekten.de\/cms\/wp-content\/uploads\/2019\/11\/schulzentrum-ansicht-s\u00fcdost-1280x463.jpg 1280w, http:\/\/einsiedel-architekten.de\/cms\/wp-content\/uploads\/2019\/11\/schulzentrum-ansicht-s\u00fcdost-1536x555.jpg 1536w, http:\/\/einsiedel-architekten.de\/cms\/wp-content\/uploads\/2019\/11\/schulzentrum-ansicht-s\u00fcdost-2048x740.jpg 2048w, http:\/\/einsiedel-architekten.de\/cms\/wp-content\/uploads\/2019\/11\/schulzentrum-ansicht-s\u00fcdost-1170x423.jpg 1170w, http:\/\/einsiedel-architekten.de\/cms\/wp-content\/uploads\/2019\/11\/schulzentrum-ansicht-s\u00fcdost.jpg 2081w\" data-sizes=\"auto\" loading=\"eager\">\n\t\t<\/a>\t<\/div>\n<\/div>\n\t<div class=\"vp-portfolio__item-overlay\">\n\t\t\t<a\n\t\thref=\"http:\/\/einsiedel-architekten.de\/cms\/wp-content\/uploads\/2019\/11\/schulzentrum-ansicht-s\u00fcdost-1920x694.jpg\"\n\t\ttabindex=\"-1\" class=\"vp-portfolio__item-meta\" aria-label=\"2019 schulzentrum ansicht s\u00fcdost\" \t data-rel=\"lightbox-image-13\" data-rl_title=\"\" data-rl_caption=\"\" title=\"\">\n\t\t\t<\/a>\t<\/div>\n\t\t\t\t<\/figure>\n\t\t\t\t\t<\/div>\n\t\t\n\t\t<div\t\tclass=\"vp-portfolio__item-wrap vp-portfolio__item-uid-30d63c36\" data-vp-filter=\"\" \t\t>\n\t\t\t<template class=\"vp-portfolio__item-popup\" data-vp-popup-img=\"http:\/\/einsiedel-architekten.de\/cms\/wp-content\/uploads\/2019\/11\/schulzentrum-ansicht-s\u00fcdwest-1920x741.jpg\" data-vp-popup-img-srcset=\"http:\/\/einsiedel-architekten.de\/cms\/wp-content\/uploads\/2019\/11\/schulzentrum-ansicht-s\u00fcdwest-1920x741.jpg 1920w, http:\/\/einsiedel-architekten.de\/cms\/wp-content\/uploads\/2019\/11\/schulzentrum-ansicht-s\u00fcdwest-300x116.jpg 300w, http:\/\/einsiedel-architekten.de\/cms\/wp-content\/uploads\/2019\/11\/schulzentrum-ansicht-s\u00fcdwest-1024x395.jpg 1024w, http:\/\/einsiedel-architekten.de\/cms\/wp-content\/uploads\/2019\/11\/schulzentrum-ansicht-s\u00fcdwest-768x296.jpg 768w, http:\/\/einsiedel-architekten.de\/cms\/wp-content\/uploads\/2019\/11\/schulzentrum-ansicht-s\u00fcdwest-500x193.jpg 500w, http:\/\/einsiedel-architekten.de\/cms\/wp-content\/uploads\/2019\/11\/schulzentrum-ansicht-s\u00fcdwest-800x309.jpg 800w, http:\/\/einsiedel-architekten.de\/cms\/wp-content\/uploads\/2019\/11\/schulzentrum-ansicht-s\u00fcdwest-1280x494.jpg 1280w, http:\/\/einsiedel-architekten.de\/cms\/wp-content\/uploads\/2019\/11\/schulzentrum-ansicht-s\u00fcdwest-1536x592.jpg 1536w, http:\/\/einsiedel-architekten.de\/cms\/wp-content\/uploads\/2019\/11\/schulzentrum-ansicht-s\u00fcdwest-2048x790.jpg 2048w, http:\/\/einsiedel-architekten.de\/cms\/wp-content\/uploads\/2019\/11\/schulzentrum-ansicht-s\u00fcdwest-1170x451.jpg 1170w, http:\/\/einsiedel-architekten.de\/cms\/wp-content\/uploads\/2019\/11\/schulzentrum-ansicht-s\u00fcdwest.jpg 2310w\" data-vp-popup-img-size=\"1920x741\" data-vp-popup-md-img=\"http:\/\/einsiedel-architekten.de\/cms\/wp-content\/uploads\/2019\/11\/schulzentrum-ansicht-s\u00fcdwest-800x309.jpg\" data-vp-popup-md-img-size=\"800x309\" data-vp-popup-sm-img=\"http:\/\/einsiedel-architekten.de\/cms\/wp-content\/uploads\/2019\/11\/schulzentrum-ansicht-s\u00fcdwest-500x193.jpg\" data-vp-popup-sm-img-size=\"500x193\">\n\t<\/template>\n\t\t\t\t\t\t<figure class=\"vp-portfolio__item\">\n\t\t\t\t\n<div class=\"vp-portfolio__item-img-wrap\">\n\t<div class=\"vp-portfolio__item-img\">\n\t\t\t<a\n\t\thref=\"http:\/\/einsiedel-architekten.de\/cms\/wp-content\/uploads\/2019\/11\/schulzentrum-ansicht-s\u00fcdwest-1920x741.jpg\"\n\t\taria-label=\"2019 schulzentrum ansicht s\u00fcdwest\" \t data-rel=\"lightbox-image-14\" data-rl_title=\"\" data-rl_caption=\"\" title=\"\">\n\t\n\t\t<noscript><img loading=\"lazy\" decoding=\"async\" width=\"1920\" height=\"741\" data-skip-lazy src=\"http:\/\/einsiedel-architekten.de\/cms\/wp-content\/uploads\/2019\/11\/schulzentrum-ansicht-s\u00fcdwest-1920x741.jpg\" class=\"wp-image-1465\" alt=\"\" srcset=\"http:\/\/einsiedel-architekten.de\/cms\/wp-content\/uploads\/2019\/11\/schulzentrum-ansicht-s\u00fcdwest-1920x741.jpg 1920w, http:\/\/einsiedel-architekten.de\/cms\/wp-content\/uploads\/2019\/11\/schulzentrum-ansicht-s\u00fcdwest-300x116.jpg 300w, http:\/\/einsiedel-architekten.de\/cms\/wp-content\/uploads\/2019\/11\/schulzentrum-ansicht-s\u00fcdwest-1024x395.jpg 1024w, http:\/\/einsiedel-architekten.de\/cms\/wp-content\/uploads\/2019\/11\/schulzentrum-ansicht-s\u00fcdwest-768x296.jpg 768w, http:\/\/einsiedel-architekten.de\/cms\/wp-content\/uploads\/2019\/11\/schulzentrum-ansicht-s\u00fcdwest-500x193.jpg 500w, http:\/\/einsiedel-architekten.de\/cms\/wp-content\/uploads\/2019\/11\/schulzentrum-ansicht-s\u00fcdwest-800x309.jpg 800w, http:\/\/einsiedel-architekten.de\/cms\/wp-content\/uploads\/2019\/11\/schulzentrum-ansicht-s\u00fcdwest-1280x494.jpg 1280w, http:\/\/einsiedel-architekten.de\/cms\/wp-content\/uploads\/2019\/11\/schulzentrum-ansicht-s\u00fcdwest-1536x592.jpg 1536w, http:\/\/einsiedel-architekten.de\/cms\/wp-content\/uploads\/2019\/11\/schulzentrum-ansicht-s\u00fcdwest-2048x790.jpg 2048w, http:\/\/einsiedel-architekten.de\/cms\/wp-content\/uploads\/2019\/11\/schulzentrum-ansicht-s\u00fcdwest-1170x451.jpg 1170w, http:\/\/einsiedel-architekten.de\/cms\/wp-content\/uploads\/2019\/11\/schulzentrum-ansicht-s\u00fcdwest.jpg 2310w\" sizes=\"auto, (max-width: 1920px) 100vw, 1920px\" \/><\/noscript><img decoding=\"async\" width=\"1920\" height=\"741\" src=\"http:\/\/einsiedel-architekten.de\/cms\/wp-content\/uploads\/2019\/11\/schulzentrum-ansicht-s\u00fcdwest-1920x741.jpg\" class=\"wp-image-1465 vp-lazyload\" alt srcset=\"data:image\/svg+xml;base64,PHN2ZyB3aWR0aD0iMTkyMCIgaGVpZ2h0PSI3NDEiIHZpZXdCb3g9IjAgMCAxOTIwIDc0MSIgZmlsbD0ibm9uZSIgeG1sbnM9Imh0dHA6Ly93d3cudzMub3JnLzIwMDAvc3ZnIj48L3N2Zz4=\" data-src=\"http:\/\/einsiedel-architekten.de\/cms\/wp-content\/uploads\/2019\/11\/schulzentrum-ansicht-s\u00fcdwest-1920x741.jpg\" data-srcset=\"http:\/\/einsiedel-architekten.de\/cms\/wp-content\/uploads\/2019\/11\/schulzentrum-ansicht-s\u00fcdwest-1920x741.jpg 1920w, http:\/\/einsiedel-architekten.de\/cms\/wp-content\/uploads\/2019\/11\/schulzentrum-ansicht-s\u00fcdwest-300x116.jpg 300w, http:\/\/einsiedel-architekten.de\/cms\/wp-content\/uploads\/2019\/11\/schulzentrum-ansicht-s\u00fcdwest-1024x395.jpg 1024w, http:\/\/einsiedel-architekten.de\/cms\/wp-content\/uploads\/2019\/11\/schulzentrum-ansicht-s\u00fcdwest-768x296.jpg 768w, http:\/\/einsiedel-architekten.de\/cms\/wp-content\/uploads\/2019\/11\/schulzentrum-ansicht-s\u00fcdwest-500x193.jpg 500w, http:\/\/einsiedel-architekten.de\/cms\/wp-content\/uploads\/2019\/11\/schulzentrum-ansicht-s\u00fcdwest-800x309.jpg 800w, http:\/\/einsiedel-architekten.de\/cms\/wp-content\/uploads\/2019\/11\/schulzentrum-ansicht-s\u00fcdwest-1280x494.jpg 1280w, http:\/\/einsiedel-architekten.de\/cms\/wp-content\/uploads\/2019\/11\/schulzentrum-ansicht-s\u00fcdwest-1536x592.jpg 1536w, http:\/\/einsiedel-architekten.de\/cms\/wp-content\/uploads\/2019\/11\/schulzentrum-ansicht-s\u00fcdwest-2048x790.jpg 2048w, http:\/\/einsiedel-architekten.de\/cms\/wp-content\/uploads\/2019\/11\/schulzentrum-ansicht-s\u00fcdwest-1170x451.jpg 1170w, http:\/\/einsiedel-architekten.de\/cms\/wp-content\/uploads\/2019\/11\/schulzentrum-ansicht-s\u00fcdwest.jpg 2310w\" data-sizes=\"auto\" loading=\"eager\">\n\t\t<\/a>\t<\/div>\n<\/div>\n\t<div class=\"vp-portfolio__item-overlay\">\n\t\t\t<a\n\t\thref=\"http:\/\/einsiedel-architekten.de\/cms\/wp-content\/uploads\/2019\/11\/schulzentrum-ansicht-s\u00fcdwest-1920x741.jpg\"\n\t\ttabindex=\"-1\" class=\"vp-portfolio__item-meta\" aria-label=\"2019 schulzentrum ansicht s\u00fcdwest\" \t data-rel=\"lightbox-image-15\" data-rl_title=\"\" data-rl_caption=\"\" title=\"\">\n\t\t\t<\/a>\t<\/div>\n\t\t\t\t<\/figure>\n\t\t\t\t\t<\/div>\n\t\t\n<\/div>\n\n<div class=\"vp-portfolio__items-arrow vp-portfolio__items-arrow-prev\" tabindex=\"0\" role=\"button\" aria-label=\"Previous Slide\">\n\t\n<svg class=\"vp-svg-icon\" width=\"20\" height=\"20\" viewBox=\"0 0 20 20\" fill=\"none\" xmlns=\"http:\/\/www.w3.org\/2000\/svg\">\n\t<path d=\"M12 4L6 10L12 16\" stroke=\"currentColor\" stroke-width=\"1.5\" stroke-linecap=\"round\" stroke-linejoin=\"round\" fill=\"transparent\" \/>\n<\/svg>\n<\/div>\n<div class=\"vp-portfolio__items-arrow vp-portfolio__items-arrow-next\" tabindex=\"0\" role=\"button\" aria-label=\"Next Slide\">\n\t\n<svg class=\"vp-svg-icon\" width=\"20\" height=\"20\" viewBox=\"0 0 20 20\" fill=\"none\" xmlns=\"http:\/\/www.w3.org\/2000\/svg\">\n\t<path d=\"M8 4L14 10L8 16\" stroke=\"currentColor\" stroke-width=\"1.5\" stroke-linecap=\"round\" stroke-linejoin=\"round\" fill=\"transparent\" \/>\n<\/svg>\n<\/div>\n\n<div class=\"vp-portfolio__items-bullets\"><\/div>\n\t\t<\/div>\n\t\t\n<\/div>\n\n\n\n\n<p><\/p>\n\n\n\n<p class=\"has-text-color has-vivid-red-color\">VORENTWURF<\/p>\n\n\n\n<p style=\"color:#dd890b\" class=\"has-text-color\">SCHULZENTRUM ELWERTSTRASSE<br>Elwertstra\u00dfe 8, 70372 Stuttgart <br>Kolping-Bildungswerk W\u00fcrttemberg e.V.<br><br><\/p>\n\n\n\n<p>ECKDATEN<br>Grundst\u00fccksfl\u00e4che: 3.860m\u00b2<br>NF: 9.400m\u00b2 <br>BGF: 10.670m\u00b2<br>GRZ: 0.84, GFZ: 2.14<br><br><\/p>\n\n\n\n<p>ST\u00c4DTEBAULICHE RAHMENBEDINGUNGEN<br>Das Grundst\u00fcck liegt im Quartier zwischen Bahnlinie und Neckarstra\u00dfe, das mit einer heterogenen Mischung aus Wohnh\u00e4usern, Industrie- und Verwaltungsbauten bebaut ist. Einige \u00d6ffentliche Einrichtungen sind erst in der letzten Dekade entstanden: das Familien- und Jugendzentrum CANN, die Kindertages-st\u00e4tte Storchennest, das Stra\u00dfenbahndepot als Museum und die Skaterhalle neben dem Bahndamm.<br>Das Viertel ist im Nordosten \u00fcber eine Passage \/ Tunnel mit dem Cannstatter Bahnhof und dem an-schlie\u00dfenden Stadteilzentrum verkn\u00fcpft; im S\u00fcdwesten von der Neckarstr \/ B 10 begrenzt, hinter der sich der Neckarpark als geplante Entwicklungs- und Stadterweiterungsfl\u00e4che anschlie\u00dft. Diese Lage-gunst und das Freiwerden gewerblicher Fl\u00e4chen bescheren dem Viertel ein gro\u00dfes Entwicklungspotential.<br>Der B-Plan von 2006 erlaubt mit MK, GFZ von 2,2 bzw. GRZ von 0,85 und einer Geb\u00e4udeh\u00f6he bis zu 18 m an der Stra\u00dfe und bis zu 14 m im Blockinnenraum eine dichte und intensiv genutzte Bebauung. St\u00e4dtebaulich w\u00fcnschenswert ist die Fortsetzung des Blockrands nach Nordosten.<\/p>\n\n\n\n<p>K\u00dcNFTIGE NUTZUNG<strong> <\/strong><br>Das Projekt Elwertstra\u00dfe bietet die gro\u00dfe Chance, bestehende Einrichtungen zusammenzufassen und daf\u00fcr innovative bauliche Konzepte f\u00fcr zukunftsweisende Lebens- und Lernformen zu realisieren. Die neue Bebauung soll eine inspirierende und synergetische Mischung aus R\u00e4umen f\u00fcr Lernen, Kultur, Arbeiten und ggf. dem Standort angemessenen besonderen Wohnformen werden.<\/p>\n\n\n\n<p>BAUSTRUKTUR<br>Das 65 m tiefe und 55m breite Grundst\u00fcck wird mit einem sockelartigen EG gro\u00dffl\u00e4chig \u00fcberbaut; teils mit Grenzabst\u00e4nden, teils als Grenzbebauung an bestehende Nachbarbauten. In der Mitte des Schul-zentrums liegt die ins UG abgesenkte Mehrzweckhalle, \u00fcber eine breite Treppen\/Trib\u00fcne vom Foyer erreichbar und von den umlaufenden Fluren \/ Galerien im EG einsehbar. Die Gr\u00f6\u00dfe entspricht einer 3-Feldhalle, die au\u00dferhalb der Schulzeiten auch von Vereinen o.\u00e4. genutzt werden kann. <br>Drei Querriegel nehmen die Funktionsr\u00e4ume des Schulzentrums auf: der erste der Stra\u00dfe 4 Gescho\u00dfe mit Staffelung, die beiden im Blockinneren jeweils 3. Der erste Zwischenraum ist eine offene und lichte Halle, gleichsam das Herz der Schule, der zweite ein begr\u00fcnter Innenhof. Die Fl\u00e4chen des Vorentwurfs: ca. 9.415 m\u00b2 NUF, davon 3.420 m\u00b2 Unterrichtsr\u00e4ume in Form von Klassen und offenen Lernlandschaften. <\/p>\n\n\n\n<p>BAUWEISE<br>Das Geb\u00e4ude wird in nachhaltiger und langlebiger Bauweise errichtet, in UG und EG als Massivbau, ab 1.\u20133.OG als Holzskelett mit Holz-Beton-Verbunddecken. Angestrebt wird der Niedrigenergiestandard bzw. Plusenergie, falls technisch und wirtschaftlich. Die Grundst\u00fccksgr\u00f6\u00dfe, die im B-Plan festgelegte Dach-begr\u00fcnung und die Lage im Heilquellenschutzgebiet setzen der Erzeugung regenerativer Energien ( mit PV-Paneelen auf Flachd\u00e4chern und oberfl\u00e4chennaher Geothermie ) hier leider Grenzen.<\/p>\n\n\n\n<p>FASSADEN<br>mit gleichm\u00e4\u00dfigem St\u00fctzraster, im EG verklinkert wie das Stra\u00dfenbahndepot vis-a-vis, ab 1.OG vertikale Holzschalung als Vorhangfassade; s\u00fcdostorientiert zur Elwertstr steuerbare Glaslamellen mit integrierter PV f\u00fcr thermische Kontrolle und Lichtlenkung; ggf. schmale Begr\u00fcnung an Rankgittern; nicht befenster-bare Stirnw\u00e4nde komplett mit im Erdreich wurzelndem \u201egr\u00fcnem Pelz\u201c \u00fcberzogen<\/p>\n\n\n\n<p>AUSSENRAUM UND BEGR\u00dcNUNG<br>Die nicht bebauten und begr\u00fcnten Bodenfl\u00e4chen machen 15% des Grundst\u00fccks aus; f\u00fcr sich allein zu wenig als Au\u00dfenfl\u00e4che f\u00fcr die Schule. Zusammen mit den seitlichen Balkonen im 1.u.2.OG, dem Innenhof, der Dachterrasse im 3.OG und der Dachfl\u00e4che mit partiellem Sportbelag auf dem mittleren Riegels entstehen \u00fcber 3.000 m\u00b2 Freifl\u00e4chen \u2013 nicht ganz die empfohlenen 5m\u00b2\/Sch\u00fcler, was wir aber angesichts der innerst\u00e4dtischen Lage der Schule und ihrer N\u00e4he zum Neckarpark f\u00fcr akzeptabel halten.<br>Eine intensive Dach- und Fassadenbegr\u00fcnung des neuen Schulzentrums soll das Mikroklima und das energetische Verhalten und die Anmutung des Geb\u00e4udes positiv beeinflussen: sommerlicher W\u00e4rme-schutz durch Verschattung und Verdunstung, W\u00e4rmed\u00e4mmung, Biotop als Lebensraum, L\u00e4rmschutz, Schutz der Bausubstanz, optische Aufwertung des teils monotonen Gewerbegebiets.<\/p>\n\n\n\n<p><\/p>\n","protected":false},"excerpt":{"rendered":"<p>VORENTWURF SCHULZENTRUM ELWERTSTRASSEElwertstra\u00dfe 8, 70372 Stuttgart Kolping-Bildungswerk W\u00fcrttemberg e.V. ECKDATENGrundst\u00fccksfl\u00e4che: 3.860m\u00b2NF: 9.400m\u00b2 BGF: 10.670m\u00b2GRZ: 0.84, GFZ: 2.14 ST\u00c4DTEBAULICHE RAHMENBEDINGUNGENDas Grundst\u00fcck liegt im Quartier zwischen Bahnlinie und Neckarstra\u00dfe, das mit einer heterogenen Mischung aus Wohnh\u00e4usern, Industrie- und Verwaltungsbauten bebaut ist. Einige \u00d6ffentliche Einrichtungen sind erst in der letzten Dekade entstanden: das Familien- und Jugendzentrum CANN, die [&hellip;]<\/p>\n","protected":false},"author":2,"featured_media":0,"parent":0,"menu_order":0,"comment_status":"closed","ping_status":"closed","template":"","meta":{"_vp_format_video_url":"","_vp_image_focal_point":[],"footnotes":""},"folder":[5],"class_list":["post-159","page","type-page","status-publish","hentry"],"_links":{"self":[{"href":"http:\/\/einsiedel-architekten.de\/cms\/wp-json\/wp\/v2\/pages\/159","targetHints":{"allow":["GET"]}}],"collection":[{"href":"http:\/\/einsiedel-architekten.de\/cms\/wp-json\/wp\/v2\/pages"}],"about":[{"href":"http:\/\/einsiedel-architekten.de\/cms\/wp-json\/wp\/v2\/types\/page"}],"author":[{"embeddable":true,"href":"http:\/\/einsiedel-architekten.de\/cms\/wp-json\/wp\/v2\/users\/2"}],"replies":[{"embeddable":true,"href":"http:\/\/einsiedel-architekten.de\/cms\/wp-json\/wp\/v2\/comments?post=159"}],"version-history":[{"count":11,"href":"http:\/\/einsiedel-architekten.de\/cms\/wp-json\/wp\/v2\/pages\/159\/revisions"}],"predecessor-version":[{"id":1484,"href":"http:\/\/einsiedel-architekten.de\/cms\/wp-json\/wp\/v2\/pages\/159\/revisions\/1484"}],"wp:attachment":[{"href":"http:\/\/einsiedel-architekten.de\/cms\/wp-json\/wp\/v2\/media?parent=159"}],"wp:term":[{"taxonomy":"folder","embeddable":true,"href":"http:\/\/einsiedel-architekten.de\/cms\/wp-json\/wp\/v2\/folder?post=159"}],"curies":[{"name":"wp","href":"https:\/\/api.w.org\/{rel}","templated":true}]}}