{"id":157,"date":"2019-10-18T11:30:24","date_gmt":"2019-10-18T09:30:24","guid":{"rendered":"http:\/\/einsiedel-architekten.de\/cms\/?page_id=157"},"modified":"2019-11-20T17:19:54","modified_gmt":"2019-11-20T16:19:54","slug":"schloss-schaumburg","status":"publish","type":"page","link":"http:\/\/einsiedel-architekten.de\/cms\/schloss-schaumburg\/","title":{"rendered":"2018 schloss schaumburg, balduinstein"},"content":{"rendered":"\n<div class=\"wp-block-nk-visual-portfolio\">\n<div class=\"vp-portfolio vp-uid-5ea4be89 vp-id-602 \"\n\tdata-vp-layout=\"slider\" data-vp-content-source=\"images\" data-vp-items-style=\"fly\" data-vp-items-click-action=\"popup_gallery\" data-vp-items-gap=\"15\" data-vp-items-gap-vertical=\"\" data-vp-pagination=\"load-more\" data-vp-next-page-url=\"\" data-vp-slider-effect=\"slide\" data-vp-slider-items-height=\"80%\" data-vp-slider-items-min-height=\"\" data-vp-slider-slides-per-view=\"2\" data-vp-slider-speed=\"1.5\" data-vp-slider-autoplay=\"4\" data-vp-slider-autoplay-hover-pause=\"false\" data-vp-slider-centered-slides=\"true\" data-vp-slider-loop=\"false\" data-vp-slider-free-mode=\"false\" data-vp-slider-free-mode-sticky=\"false\" data-vp-slider-arrows=\"true\" data-vp-slider-bullets=\"true\" data-vp-slider-bullets-dynamic=\"false\" data-vp-slider-mousewheel=\"false\" data-vp-slider-thumbnails=\"false\" >\n\t<div class=\"vp-portfolio__preloader-wrap\">\n\t\t<div class=\"vp-portfolio__preloader\">\n\t\t\t<img decoding=\"async\" loading=\"eager\" src=\"http:\/\/einsiedel-architekten.de\/cms\/wp-content\/plugins\/visual-portfolio\/assets\/images\/logo-dark.svg\" alt=\"Visual Portfolio, Posts &amp; Image Gallery for WordPress\" width=\"20\" height=\"20\" data-skip-lazy>\n\t\t<\/div>\n\t<\/div>\n\t\t<div class=\"vp-portfolio__items-wrap\">\n\t\t\t\n<div class=\"vp-portfolio__items vp-portfolio__items-style-fly vp-portfolio__items-show-overlay-hover\">\n\n\t\t<div\t\tclass=\"vp-portfolio__item-wrap vp-portfolio__item-uid-add720f8\" data-vp-filter=\"\" \t\t>\n\t\t\t<template class=\"vp-portfolio__item-popup\" data-vp-popup-img=\"http:\/\/einsiedel-architekten.de\/cms\/wp-content\/uploads\/2019\/11\/Schaumburg-Fassade-1920x1440.jpg\" data-vp-popup-img-srcset=\"http:\/\/einsiedel-architekten.de\/cms\/wp-content\/uploads\/2019\/11\/Schaumburg-Fassade-1920x1440.jpg 1920w, http:\/\/einsiedel-architekten.de\/cms\/wp-content\/uploads\/2019\/11\/Schaumburg-Fassade-300x225.jpg 300w, http:\/\/einsiedel-architekten.de\/cms\/wp-content\/uploads\/2019\/11\/Schaumburg-Fassade-768x576.jpg 768w, http:\/\/einsiedel-architekten.de\/cms\/wp-content\/uploads\/2019\/11\/Schaumburg-Fassade-1024x768.jpg 1024w, http:\/\/einsiedel-architekten.de\/cms\/wp-content\/uploads\/2019\/11\/Schaumburg-Fassade-500x375.jpg 500w, http:\/\/einsiedel-architekten.de\/cms\/wp-content\/uploads\/2019\/11\/Schaumburg-Fassade-800x600.jpg 800w, http:\/\/einsiedel-architekten.de\/cms\/wp-content\/uploads\/2019\/11\/Schaumburg-Fassade-1280x960.jpg 1280w, http:\/\/einsiedel-architekten.de\/cms\/wp-content\/uploads\/2019\/11\/Schaumburg-Fassade-880x660.jpg 880w\" data-vp-popup-img-size=\"1920x1440\" data-vp-popup-md-img=\"http:\/\/einsiedel-architekten.de\/cms\/wp-content\/uploads\/2019\/11\/Schaumburg-Fassade-800x600.jpg\" data-vp-popup-md-img-size=\"800x600\" data-vp-popup-sm-img=\"http:\/\/einsiedel-architekten.de\/cms\/wp-content\/uploads\/2019\/11\/Schaumburg-Fassade-500x375.jpg\" data-vp-popup-sm-img-size=\"500x375\">\n\t<\/template>\n\t\t\t\t\t\t<figure class=\"vp-portfolio__item\">\n\t\t\t\t\n<div class=\"vp-portfolio__item-img-wrap\">\n\t<div class=\"vp-portfolio__item-img\">\n\t\t\t<a\n\t\thref=\"http:\/\/einsiedel-architekten.de\/cms\/wp-content\/uploads\/2019\/11\/Schaumburg-Fassade-1920x1440.jpg\"\n\t\taria-label=\"Schaumburg Fassade\" \t data-rel=\"lightbox-image-0\" data-rl_title=\"\" data-rl_caption=\"\" title=\"\">\n\t\n\t\t<noscript><img loading=\"lazy\" decoding=\"async\" width=\"1920\" height=\"1440\" data-skip-lazy src=\"http:\/\/einsiedel-architekten.de\/cms\/wp-content\/uploads\/2019\/11\/Schaumburg-Fassade-1920x1440.jpg\" class=\"wp-image-594\" alt=\"\" srcset=\"http:\/\/einsiedel-architekten.de\/cms\/wp-content\/uploads\/2019\/11\/Schaumburg-Fassade-1920x1440.jpg 1920w, http:\/\/einsiedel-architekten.de\/cms\/wp-content\/uploads\/2019\/11\/Schaumburg-Fassade-300x225.jpg 300w, http:\/\/einsiedel-architekten.de\/cms\/wp-content\/uploads\/2019\/11\/Schaumburg-Fassade-768x576.jpg 768w, http:\/\/einsiedel-architekten.de\/cms\/wp-content\/uploads\/2019\/11\/Schaumburg-Fassade-1024x768.jpg 1024w, http:\/\/einsiedel-architekten.de\/cms\/wp-content\/uploads\/2019\/11\/Schaumburg-Fassade-500x375.jpg 500w, http:\/\/einsiedel-architekten.de\/cms\/wp-content\/uploads\/2019\/11\/Schaumburg-Fassade-800x600.jpg 800w, http:\/\/einsiedel-architekten.de\/cms\/wp-content\/uploads\/2019\/11\/Schaumburg-Fassade-1280x960.jpg 1280w, http:\/\/einsiedel-architekten.de\/cms\/wp-content\/uploads\/2019\/11\/Schaumburg-Fassade-880x660.jpg 880w\" sizes=\"auto, (max-width: 1920px) 100vw, 1920px\" \/><\/noscript><img fetchpriority=\"high\" decoding=\"async\" width=\"1920\" height=\"1440\" src=\"http:\/\/einsiedel-architekten.de\/cms\/wp-content\/uploads\/2019\/11\/Schaumburg-Fassade-1920x1440.jpg\" class=\"wp-image-594 vp-lazyload\" alt srcset=\"data:image\/svg+xml;base64,PHN2ZyB3aWR0aD0iMTkyMCIgaGVpZ2h0PSIxNDQwIiB2aWV3Qm94PSIwIDAgMTkyMCAxNDQwIiBmaWxsPSJub25lIiB4bWxucz0iaHR0cDovL3d3dy53My5vcmcvMjAwMC9zdmciPjwvc3ZnPg==\" data-src=\"http:\/\/einsiedel-architekten.de\/cms\/wp-content\/uploads\/2019\/11\/Schaumburg-Fassade-1920x1440.jpg\" data-srcset=\"http:\/\/einsiedel-architekten.de\/cms\/wp-content\/uploads\/2019\/11\/Schaumburg-Fassade-1920x1440.jpg 1920w, http:\/\/einsiedel-architekten.de\/cms\/wp-content\/uploads\/2019\/11\/Schaumburg-Fassade-300x225.jpg 300w, http:\/\/einsiedel-architekten.de\/cms\/wp-content\/uploads\/2019\/11\/Schaumburg-Fassade-768x576.jpg 768w, http:\/\/einsiedel-architekten.de\/cms\/wp-content\/uploads\/2019\/11\/Schaumburg-Fassade-1024x768.jpg 1024w, http:\/\/einsiedel-architekten.de\/cms\/wp-content\/uploads\/2019\/11\/Schaumburg-Fassade-500x375.jpg 500w, http:\/\/einsiedel-architekten.de\/cms\/wp-content\/uploads\/2019\/11\/Schaumburg-Fassade-800x600.jpg 800w, http:\/\/einsiedel-architekten.de\/cms\/wp-content\/uploads\/2019\/11\/Schaumburg-Fassade-1280x960.jpg 1280w, http:\/\/einsiedel-architekten.de\/cms\/wp-content\/uploads\/2019\/11\/Schaumburg-Fassade-880x660.jpg 880w\" data-sizes=\"auto\" loading=\"eager\">\n\t\t<\/a>\t<\/div>\n<\/div>\n\t<div class=\"vp-portfolio__item-overlay\">\n\t\t\t<a\n\t\thref=\"http:\/\/einsiedel-architekten.de\/cms\/wp-content\/uploads\/2019\/11\/Schaumburg-Fassade-1920x1440.jpg\"\n\t\ttabindex=\"-1\" class=\"vp-portfolio__item-meta\" aria-label=\"Schaumburg Fassade\" \t data-rel=\"lightbox-image-1\" data-rl_title=\"\" data-rl_caption=\"\" title=\"\">\n\t\t\t<\/a>\t<\/div>\n\t\t\t\t<\/figure>\n\t\t\t\t\t<\/div>\n\t\t\n\t\t<div\t\tclass=\"vp-portfolio__item-wrap vp-portfolio__item-uid-fc08e2a8\" data-vp-filter=\"\" \t\t>\n\t\t\t<template class=\"vp-portfolio__item-popup\" data-vp-popup-img=\"http:\/\/einsiedel-architekten.de\/cms\/wp-content\/uploads\/2019\/11\/Schaumburg-Dach-1440x1920.jpg\" data-vp-popup-img-srcset=\"http:\/\/einsiedel-architekten.de\/cms\/wp-content\/uploads\/2019\/11\/Schaumburg-Dach-1440x1920.jpg 1440w, http:\/\/einsiedel-architekten.de\/cms\/wp-content\/uploads\/2019\/11\/Schaumburg-Dach-225x300.jpg 225w, http:\/\/einsiedel-architekten.de\/cms\/wp-content\/uploads\/2019\/11\/Schaumburg-Dach-768x1024.jpg 768w, http:\/\/einsiedel-architekten.de\/cms\/wp-content\/uploads\/2019\/11\/Schaumburg-Dach-375x500.jpg 375w, http:\/\/einsiedel-architekten.de\/cms\/wp-content\/uploads\/2019\/11\/Schaumburg-Dach-600x800.jpg 600w, http:\/\/einsiedel-architekten.de\/cms\/wp-content\/uploads\/2019\/11\/Schaumburg-Dach-960x1280.jpg 960w, http:\/\/einsiedel-architekten.de\/cms\/wp-content\/uploads\/2019\/11\/Schaumburg-Dach-495x660.jpg 495w\" data-vp-popup-img-size=\"1440x1920\" data-vp-popup-md-img=\"http:\/\/einsiedel-architekten.de\/cms\/wp-content\/uploads\/2019\/11\/Schaumburg-Dach-600x800.jpg\" data-vp-popup-md-img-size=\"600x800\" data-vp-popup-sm-img=\"http:\/\/einsiedel-architekten.de\/cms\/wp-content\/uploads\/2019\/11\/Schaumburg-Dach-375x500.jpg\" data-vp-popup-sm-img-size=\"375x500\">\n\t<\/template>\n\t\t\t\t\t\t<figure class=\"vp-portfolio__item\">\n\t\t\t\t\n<div class=\"vp-portfolio__item-img-wrap\">\n\t<div class=\"vp-portfolio__item-img\">\n\t\t\t<a\n\t\thref=\"http:\/\/einsiedel-architekten.de\/cms\/wp-content\/uploads\/2019\/11\/Schaumburg-Dach-1440x1920.jpg\"\n\t\taria-label=\"Schaumburg Dach\" \t data-rel=\"lightbox-image-2\" data-rl_title=\"\" data-rl_caption=\"\" title=\"\">\n\t\n\t\t<noscript><img loading=\"lazy\" decoding=\"async\" width=\"1440\" height=\"1920\" data-skip-lazy src=\"http:\/\/einsiedel-architekten.de\/cms\/wp-content\/uploads\/2019\/11\/Schaumburg-Dach-1440x1920.jpg\" class=\"wp-image-592\" alt=\"\" srcset=\"http:\/\/einsiedel-architekten.de\/cms\/wp-content\/uploads\/2019\/11\/Schaumburg-Dach-1440x1920.jpg 1440w, http:\/\/einsiedel-architekten.de\/cms\/wp-content\/uploads\/2019\/11\/Schaumburg-Dach-225x300.jpg 225w, http:\/\/einsiedel-architekten.de\/cms\/wp-content\/uploads\/2019\/11\/Schaumburg-Dach-768x1024.jpg 768w, http:\/\/einsiedel-architekten.de\/cms\/wp-content\/uploads\/2019\/11\/Schaumburg-Dach-375x500.jpg 375w, http:\/\/einsiedel-architekten.de\/cms\/wp-content\/uploads\/2019\/11\/Schaumburg-Dach-600x800.jpg 600w, http:\/\/einsiedel-architekten.de\/cms\/wp-content\/uploads\/2019\/11\/Schaumburg-Dach-960x1280.jpg 960w, http:\/\/einsiedel-architekten.de\/cms\/wp-content\/uploads\/2019\/11\/Schaumburg-Dach-495x660.jpg 495w\" sizes=\"auto, (max-width: 1440px) 100vw, 1440px\" \/><\/noscript><img decoding=\"async\" width=\"1440\" height=\"1920\" src=\"http:\/\/einsiedel-architekten.de\/cms\/wp-content\/uploads\/2019\/11\/Schaumburg-Dach-1440x1920.jpg\" class=\"wp-image-592 vp-lazyload\" alt srcset=\"data:image\/svg+xml;base64,PHN2ZyB3aWR0aD0iMTQ0MCIgaGVpZ2h0PSIxOTIwIiB2aWV3Qm94PSIwIDAgMTQ0MCAxOTIwIiBmaWxsPSJub25lIiB4bWxucz0iaHR0cDovL3d3dy53My5vcmcvMjAwMC9zdmciPjwvc3ZnPg==\" data-src=\"http:\/\/einsiedel-architekten.de\/cms\/wp-content\/uploads\/2019\/11\/Schaumburg-Dach-1440x1920.jpg\" data-srcset=\"http:\/\/einsiedel-architekten.de\/cms\/wp-content\/uploads\/2019\/11\/Schaumburg-Dach-1440x1920.jpg 1440w, http:\/\/einsiedel-architekten.de\/cms\/wp-content\/uploads\/2019\/11\/Schaumburg-Dach-225x300.jpg 225w, http:\/\/einsiedel-architekten.de\/cms\/wp-content\/uploads\/2019\/11\/Schaumburg-Dach-768x1024.jpg 768w, http:\/\/einsiedel-architekten.de\/cms\/wp-content\/uploads\/2019\/11\/Schaumburg-Dach-375x500.jpg 375w, http:\/\/einsiedel-architekten.de\/cms\/wp-content\/uploads\/2019\/11\/Schaumburg-Dach-600x800.jpg 600w, http:\/\/einsiedel-architekten.de\/cms\/wp-content\/uploads\/2019\/11\/Schaumburg-Dach-960x1280.jpg 960w, http:\/\/einsiedel-architekten.de\/cms\/wp-content\/uploads\/2019\/11\/Schaumburg-Dach-495x660.jpg 495w\" data-sizes=\"auto\" loading=\"eager\">\n\t\t<\/a>\t<\/div>\n<\/div>\n\t<div class=\"vp-portfolio__item-overlay\">\n\t\t\t<a\n\t\thref=\"http:\/\/einsiedel-architekten.de\/cms\/wp-content\/uploads\/2019\/11\/Schaumburg-Dach-1440x1920.jpg\"\n\t\ttabindex=\"-1\" class=\"vp-portfolio__item-meta\" aria-label=\"Schaumburg Dach\" \t data-rel=\"lightbox-image-3\" data-rl_title=\"\" data-rl_caption=\"\" title=\"\">\n\t\t\t<\/a>\t<\/div>\n\t\t\t\t<\/figure>\n\t\t\t\t\t<\/div>\n\t\t\n\t\t<div\t\tclass=\"vp-portfolio__item-wrap vp-portfolio__item-uid-70d9d8e5\" data-vp-filter=\"\" \t\t>\n\t\t\t<template class=\"vp-portfolio__item-popup\" data-vp-popup-img=\"http:\/\/einsiedel-architekten.de\/cms\/wp-content\/uploads\/2019\/11\/Schaumburg-Mineralienkabinett-1440x1920.jpg\" data-vp-popup-img-srcset=\"http:\/\/einsiedel-architekten.de\/cms\/wp-content\/uploads\/2019\/11\/Schaumburg-Mineralienkabinett-1440x1920.jpg 1440w, http:\/\/einsiedel-architekten.de\/cms\/wp-content\/uploads\/2019\/11\/Schaumburg-Mineralienkabinett-225x300.jpg 225w, http:\/\/einsiedel-architekten.de\/cms\/wp-content\/uploads\/2019\/11\/Schaumburg-Mineralienkabinett-768x1024.jpg 768w, http:\/\/einsiedel-architekten.de\/cms\/wp-content\/uploads\/2019\/11\/Schaumburg-Mineralienkabinett-375x500.jpg 375w, http:\/\/einsiedel-architekten.de\/cms\/wp-content\/uploads\/2019\/11\/Schaumburg-Mineralienkabinett-600x800.jpg 600w, http:\/\/einsiedel-architekten.de\/cms\/wp-content\/uploads\/2019\/11\/Schaumburg-Mineralienkabinett-960x1280.jpg 960w, http:\/\/einsiedel-architekten.de\/cms\/wp-content\/uploads\/2019\/11\/Schaumburg-Mineralienkabinett-495x660.jpg 495w\" data-vp-popup-img-size=\"1440x1920\" data-vp-popup-md-img=\"http:\/\/einsiedel-architekten.de\/cms\/wp-content\/uploads\/2019\/11\/Schaumburg-Mineralienkabinett-600x800.jpg\" data-vp-popup-md-img-size=\"600x800\" data-vp-popup-sm-img=\"http:\/\/einsiedel-architekten.de\/cms\/wp-content\/uploads\/2019\/11\/Schaumburg-Mineralienkabinett-375x500.jpg\" data-vp-popup-sm-img-size=\"375x500\">\n\t<\/template>\n\t\t\t\t\t\t<figure class=\"vp-portfolio__item\">\n\t\t\t\t\n<div class=\"vp-portfolio__item-img-wrap\">\n\t<div class=\"vp-portfolio__item-img\">\n\t\t\t<a\n\t\thref=\"http:\/\/einsiedel-architekten.de\/cms\/wp-content\/uploads\/2019\/11\/Schaumburg-Mineralienkabinett-1440x1920.jpg\"\n\t\taria-label=\"Schaumburg Mineralienkabinett\" \t data-rel=\"lightbox-image-4\" data-rl_title=\"\" data-rl_caption=\"\" title=\"\">\n\t\n\t\t<noscript><img loading=\"lazy\" decoding=\"async\" width=\"1440\" height=\"1920\" data-skip-lazy src=\"http:\/\/einsiedel-architekten.de\/cms\/wp-content\/uploads\/2019\/11\/Schaumburg-Mineralienkabinett-1440x1920.jpg\" class=\"wp-image-595\" alt=\"\" srcset=\"http:\/\/einsiedel-architekten.de\/cms\/wp-content\/uploads\/2019\/11\/Schaumburg-Mineralienkabinett-1440x1920.jpg 1440w, http:\/\/einsiedel-architekten.de\/cms\/wp-content\/uploads\/2019\/11\/Schaumburg-Mineralienkabinett-225x300.jpg 225w, http:\/\/einsiedel-architekten.de\/cms\/wp-content\/uploads\/2019\/11\/Schaumburg-Mineralienkabinett-768x1024.jpg 768w, http:\/\/einsiedel-architekten.de\/cms\/wp-content\/uploads\/2019\/11\/Schaumburg-Mineralienkabinett-375x500.jpg 375w, http:\/\/einsiedel-architekten.de\/cms\/wp-content\/uploads\/2019\/11\/Schaumburg-Mineralienkabinett-600x800.jpg 600w, http:\/\/einsiedel-architekten.de\/cms\/wp-content\/uploads\/2019\/11\/Schaumburg-Mineralienkabinett-960x1280.jpg 960w, http:\/\/einsiedel-architekten.de\/cms\/wp-content\/uploads\/2019\/11\/Schaumburg-Mineralienkabinett-495x660.jpg 495w\" sizes=\"auto, (max-width: 1440px) 100vw, 1440px\" \/><\/noscript><img decoding=\"async\" width=\"1440\" height=\"1920\" src=\"http:\/\/einsiedel-architekten.de\/cms\/wp-content\/uploads\/2019\/11\/Schaumburg-Mineralienkabinett-1440x1920.jpg\" class=\"wp-image-595 vp-lazyload\" alt srcset=\"data:image\/svg+xml;base64,PHN2ZyB3aWR0aD0iMTQ0MCIgaGVpZ2h0PSIxOTIwIiB2aWV3Qm94PSIwIDAgMTQ0MCAxOTIwIiBmaWxsPSJub25lIiB4bWxucz0iaHR0cDovL3d3dy53My5vcmcvMjAwMC9zdmciPjwvc3ZnPg==\" data-src=\"http:\/\/einsiedel-architekten.de\/cms\/wp-content\/uploads\/2019\/11\/Schaumburg-Mineralienkabinett-1440x1920.jpg\" data-srcset=\"http:\/\/einsiedel-architekten.de\/cms\/wp-content\/uploads\/2019\/11\/Schaumburg-Mineralienkabinett-1440x1920.jpg 1440w, http:\/\/einsiedel-architekten.de\/cms\/wp-content\/uploads\/2019\/11\/Schaumburg-Mineralienkabinett-225x300.jpg 225w, http:\/\/einsiedel-architekten.de\/cms\/wp-content\/uploads\/2019\/11\/Schaumburg-Mineralienkabinett-768x1024.jpg 768w, http:\/\/einsiedel-architekten.de\/cms\/wp-content\/uploads\/2019\/11\/Schaumburg-Mineralienkabinett-375x500.jpg 375w, http:\/\/einsiedel-architekten.de\/cms\/wp-content\/uploads\/2019\/11\/Schaumburg-Mineralienkabinett-600x800.jpg 600w, http:\/\/einsiedel-architekten.de\/cms\/wp-content\/uploads\/2019\/11\/Schaumburg-Mineralienkabinett-960x1280.jpg 960w, http:\/\/einsiedel-architekten.de\/cms\/wp-content\/uploads\/2019\/11\/Schaumburg-Mineralienkabinett-495x660.jpg 495w\" data-sizes=\"auto\" loading=\"eager\">\n\t\t<\/a>\t<\/div>\n<\/div>\n\t<div class=\"vp-portfolio__item-overlay\">\n\t\t\t<a\n\t\thref=\"http:\/\/einsiedel-architekten.de\/cms\/wp-content\/uploads\/2019\/11\/Schaumburg-Mineralienkabinett-1440x1920.jpg\"\n\t\ttabindex=\"-1\" class=\"vp-portfolio__item-meta\" aria-label=\"Schaumburg Mineralienkabinett\" \t data-rel=\"lightbox-image-5\" data-rl_title=\"\" data-rl_caption=\"\" title=\"\">\n\t\t\t<\/a>\t<\/div>\n\t\t\t\t<\/figure>\n\t\t\t\t\t<\/div>\n\t\t\n\t\t<div\t\tclass=\"vp-portfolio__item-wrap vp-portfolio__item-uid-1c8c7e89\" data-vp-filter=\"\" \t\t>\n\t\t\t<template class=\"vp-portfolio__item-popup\" data-vp-popup-img=\"http:\/\/einsiedel-architekten.de\/cms\/wp-content\/uploads\/2019\/11\/Schaumburg-Cafe-im-Marstall.jpg\" data-vp-popup-img-srcset=\"http:\/\/einsiedel-architekten.de\/cms\/wp-content\/uploads\/2019\/11\/Schaumburg-Cafe-im-Marstall.jpg 1187w, http:\/\/einsiedel-architekten.de\/cms\/wp-content\/uploads\/2019\/11\/Schaumburg-Cafe-im-Marstall-300x205.jpg 300w, http:\/\/einsiedel-architekten.de\/cms\/wp-content\/uploads\/2019\/11\/Schaumburg-Cafe-im-Marstall-768x526.jpg 768w, http:\/\/einsiedel-architekten.de\/cms\/wp-content\/uploads\/2019\/11\/Schaumburg-Cafe-im-Marstall-1024x701.jpg 1024w, http:\/\/einsiedel-architekten.de\/cms\/wp-content\/uploads\/2019\/11\/Schaumburg-Cafe-im-Marstall-500x342.jpg 500w, http:\/\/einsiedel-architekten.de\/cms\/wp-content\/uploads\/2019\/11\/Schaumburg-Cafe-im-Marstall-800x548.jpg 800w, http:\/\/einsiedel-architekten.de\/cms\/wp-content\/uploads\/2019\/11\/Schaumburg-Cafe-im-Marstall-964x660.jpg 964w\" data-vp-popup-img-size=\"1187x813\" data-vp-popup-md-img=\"http:\/\/einsiedel-architekten.de\/cms\/wp-content\/uploads\/2019\/11\/Schaumburg-Cafe-im-Marstall-800x548.jpg\" data-vp-popup-md-img-size=\"800x548\" data-vp-popup-sm-img=\"http:\/\/einsiedel-architekten.de\/cms\/wp-content\/uploads\/2019\/11\/Schaumburg-Cafe-im-Marstall-500x342.jpg\" data-vp-popup-sm-img-size=\"500x342\">\n\t<\/template>\n\t\t\t\t\t\t<figure class=\"vp-portfolio__item\">\n\t\t\t\t\n<div class=\"vp-portfolio__item-img-wrap\">\n\t<div class=\"vp-portfolio__item-img\">\n\t\t\t<a\n\t\thref=\"http:\/\/einsiedel-architekten.de\/cms\/wp-content\/uploads\/2019\/11\/Schaumburg-Cafe-im-Marstall.jpg\"\n\t\taria-label=\"Schaumburg Cafe im Marstall\" \t data-rel=\"lightbox-image-6\" data-rl_title=\"\" data-rl_caption=\"\" title=\"\">\n\t\n\t\t<noscript><img loading=\"lazy\" decoding=\"async\" width=\"1187\" height=\"813\" data-skip-lazy src=\"http:\/\/einsiedel-architekten.de\/cms\/wp-content\/uploads\/2019\/11\/Schaumburg-Cafe-im-Marstall.jpg\" class=\"wp-image-601\" alt=\"\" srcset=\"http:\/\/einsiedel-architekten.de\/cms\/wp-content\/uploads\/2019\/11\/Schaumburg-Cafe-im-Marstall.jpg 1187w, http:\/\/einsiedel-architekten.de\/cms\/wp-content\/uploads\/2019\/11\/Schaumburg-Cafe-im-Marstall-300x205.jpg 300w, http:\/\/einsiedel-architekten.de\/cms\/wp-content\/uploads\/2019\/11\/Schaumburg-Cafe-im-Marstall-768x526.jpg 768w, http:\/\/einsiedel-architekten.de\/cms\/wp-content\/uploads\/2019\/11\/Schaumburg-Cafe-im-Marstall-1024x701.jpg 1024w, http:\/\/einsiedel-architekten.de\/cms\/wp-content\/uploads\/2019\/11\/Schaumburg-Cafe-im-Marstall-500x342.jpg 500w, http:\/\/einsiedel-architekten.de\/cms\/wp-content\/uploads\/2019\/11\/Schaumburg-Cafe-im-Marstall-800x548.jpg 800w, http:\/\/einsiedel-architekten.de\/cms\/wp-content\/uploads\/2019\/11\/Schaumburg-Cafe-im-Marstall-964x660.jpg 964w\" sizes=\"auto, (max-width: 1187px) 100vw, 1187px\" \/><\/noscript><img decoding=\"async\" width=\"1187\" height=\"813\" src=\"http:\/\/einsiedel-architekten.de\/cms\/wp-content\/uploads\/2019\/11\/Schaumburg-Cafe-im-Marstall.jpg\" class=\"wp-image-601 vp-lazyload\" alt srcset=\"data:image\/svg+xml;base64,PHN2ZyB3aWR0aD0iMTE4NyIgaGVpZ2h0PSI4MTMiIHZpZXdCb3g9IjAgMCAxMTg3IDgxMyIgZmlsbD0ibm9uZSIgeG1sbnM9Imh0dHA6Ly93d3cudzMub3JnLzIwMDAvc3ZnIj48L3N2Zz4=\" data-src=\"http:\/\/einsiedel-architekten.de\/cms\/wp-content\/uploads\/2019\/11\/Schaumburg-Cafe-im-Marstall.jpg\" data-srcset=\"http:\/\/einsiedel-architekten.de\/cms\/wp-content\/uploads\/2019\/11\/Schaumburg-Cafe-im-Marstall.jpg 1187w, http:\/\/einsiedel-architekten.de\/cms\/wp-content\/uploads\/2019\/11\/Schaumburg-Cafe-im-Marstall-300x205.jpg 300w, http:\/\/einsiedel-architekten.de\/cms\/wp-content\/uploads\/2019\/11\/Schaumburg-Cafe-im-Marstall-768x526.jpg 768w, http:\/\/einsiedel-architekten.de\/cms\/wp-content\/uploads\/2019\/11\/Schaumburg-Cafe-im-Marstall-1024x701.jpg 1024w, http:\/\/einsiedel-architekten.de\/cms\/wp-content\/uploads\/2019\/11\/Schaumburg-Cafe-im-Marstall-500x342.jpg 500w, http:\/\/einsiedel-architekten.de\/cms\/wp-content\/uploads\/2019\/11\/Schaumburg-Cafe-im-Marstall-800x548.jpg 800w, http:\/\/einsiedel-architekten.de\/cms\/wp-content\/uploads\/2019\/11\/Schaumburg-Cafe-im-Marstall-964x660.jpg 964w\" data-sizes=\"auto\" loading=\"eager\">\n\t\t<\/a>\t<\/div>\n<\/div>\n\t<div class=\"vp-portfolio__item-overlay\">\n\t\t\t<a\n\t\thref=\"http:\/\/einsiedel-architekten.de\/cms\/wp-content\/uploads\/2019\/11\/Schaumburg-Cafe-im-Marstall.jpg\"\n\t\ttabindex=\"-1\" class=\"vp-portfolio__item-meta\" aria-label=\"Schaumburg Cafe im Marstall\" \t data-rel=\"lightbox-image-7\" data-rl_title=\"\" data-rl_caption=\"\" title=\"\">\n\t\t\t<\/a>\t<\/div>\n\t\t\t\t<\/figure>\n\t\t\t\t\t<\/div>\n\t\t\n\t\t<div\t\tclass=\"vp-portfolio__item-wrap vp-portfolio__item-uid-2b03fb84\" data-vp-filter=\"\" \t\t>\n\t\t\t<template class=\"vp-portfolio__item-popup\" data-vp-popup-img=\"http:\/\/einsiedel-architekten.de\/cms\/wp-content\/uploads\/2019\/11\/Schaumburg-Museum-OG-1427x1920.jpg\" data-vp-popup-img-srcset=\"http:\/\/einsiedel-architekten.de\/cms\/wp-content\/uploads\/2019\/11\/Schaumburg-Museum-OG-1427x1920.jpg 1427w, http:\/\/einsiedel-architekten.de\/cms\/wp-content\/uploads\/2019\/11\/Schaumburg-Museum-OG-223x300.jpg 223w, http:\/\/einsiedel-architekten.de\/cms\/wp-content\/uploads\/2019\/11\/Schaumburg-Museum-OG-768x1033.jpg 768w, http:\/\/einsiedel-architekten.de\/cms\/wp-content\/uploads\/2019\/11\/Schaumburg-Museum-OG-761x1024.jpg 761w, http:\/\/einsiedel-architekten.de\/cms\/wp-content\/uploads\/2019\/11\/Schaumburg-Museum-OG-372x500.jpg 372w, http:\/\/einsiedel-architekten.de\/cms\/wp-content\/uploads\/2019\/11\/Schaumburg-Museum-OG-595x800.jpg 595w, http:\/\/einsiedel-architekten.de\/cms\/wp-content\/uploads\/2019\/11\/Schaumburg-Museum-OG-952x1280.jpg 952w, http:\/\/einsiedel-architekten.de\/cms\/wp-content\/uploads\/2019\/11\/Schaumburg-Museum-OG-491x660.jpg 491w\" data-vp-popup-img-size=\"1427x1920\" data-vp-popup-md-img=\"http:\/\/einsiedel-architekten.de\/cms\/wp-content\/uploads\/2019\/11\/Schaumburg-Museum-OG-595x800.jpg\" data-vp-popup-md-img-size=\"595x800\" data-vp-popup-sm-img=\"http:\/\/einsiedel-architekten.de\/cms\/wp-content\/uploads\/2019\/11\/Schaumburg-Museum-OG-372x500.jpg\" data-vp-popup-sm-img-size=\"372x500\">\n\t<\/template>\n\t\t\t\t\t\t<figure class=\"vp-portfolio__item\">\n\t\t\t\t\n<div class=\"vp-portfolio__item-img-wrap\">\n\t<div class=\"vp-portfolio__item-img\">\n\t\t\t<a\n\t\thref=\"http:\/\/einsiedel-architekten.de\/cms\/wp-content\/uploads\/2019\/11\/Schaumburg-Museum-OG-1427x1920.jpg\"\n\t\taria-label=\"Schaumburg Museum OG\" \t data-rel=\"lightbox-image-8\" data-rl_title=\"\" data-rl_caption=\"\" title=\"\">\n\t\n\t\t<noscript><img loading=\"lazy\" decoding=\"async\" width=\"1427\" height=\"1920\" data-skip-lazy src=\"http:\/\/einsiedel-architekten.de\/cms\/wp-content\/uploads\/2019\/11\/Schaumburg-Museum-OG-1427x1920.jpg\" class=\"wp-image-598\" alt=\"\" srcset=\"http:\/\/einsiedel-architekten.de\/cms\/wp-content\/uploads\/2019\/11\/Schaumburg-Museum-OG-1427x1920.jpg 1427w, http:\/\/einsiedel-architekten.de\/cms\/wp-content\/uploads\/2019\/11\/Schaumburg-Museum-OG-223x300.jpg 223w, http:\/\/einsiedel-architekten.de\/cms\/wp-content\/uploads\/2019\/11\/Schaumburg-Museum-OG-768x1033.jpg 768w, http:\/\/einsiedel-architekten.de\/cms\/wp-content\/uploads\/2019\/11\/Schaumburg-Museum-OG-761x1024.jpg 761w, http:\/\/einsiedel-architekten.de\/cms\/wp-content\/uploads\/2019\/11\/Schaumburg-Museum-OG-372x500.jpg 372w, http:\/\/einsiedel-architekten.de\/cms\/wp-content\/uploads\/2019\/11\/Schaumburg-Museum-OG-595x800.jpg 595w, http:\/\/einsiedel-architekten.de\/cms\/wp-content\/uploads\/2019\/11\/Schaumburg-Museum-OG-952x1280.jpg 952w, http:\/\/einsiedel-architekten.de\/cms\/wp-content\/uploads\/2019\/11\/Schaumburg-Museum-OG-491x660.jpg 491w\" sizes=\"auto, (max-width: 1427px) 100vw, 1427px\" \/><\/noscript><img decoding=\"async\" width=\"1427\" height=\"1920\" src=\"http:\/\/einsiedel-architekten.de\/cms\/wp-content\/uploads\/2019\/11\/Schaumburg-Museum-OG-1427x1920.jpg\" class=\"wp-image-598 vp-lazyload\" alt srcset=\"data:image\/svg+xml;base64,PHN2ZyB3aWR0aD0iMTQyNyIgaGVpZ2h0PSIxOTIwIiB2aWV3Qm94PSIwIDAgMTQyNyAxOTIwIiBmaWxsPSJub25lIiB4bWxucz0iaHR0cDovL3d3dy53My5vcmcvMjAwMC9zdmciPjwvc3ZnPg==\" data-src=\"http:\/\/einsiedel-architekten.de\/cms\/wp-content\/uploads\/2019\/11\/Schaumburg-Museum-OG-1427x1920.jpg\" data-srcset=\"http:\/\/einsiedel-architekten.de\/cms\/wp-content\/uploads\/2019\/11\/Schaumburg-Museum-OG-1427x1920.jpg 1427w, http:\/\/einsiedel-architekten.de\/cms\/wp-content\/uploads\/2019\/11\/Schaumburg-Museum-OG-223x300.jpg 223w, http:\/\/einsiedel-architekten.de\/cms\/wp-content\/uploads\/2019\/11\/Schaumburg-Museum-OG-768x1033.jpg 768w, http:\/\/einsiedel-architekten.de\/cms\/wp-content\/uploads\/2019\/11\/Schaumburg-Museum-OG-761x1024.jpg 761w, http:\/\/einsiedel-architekten.de\/cms\/wp-content\/uploads\/2019\/11\/Schaumburg-Museum-OG-372x500.jpg 372w, http:\/\/einsiedel-architekten.de\/cms\/wp-content\/uploads\/2019\/11\/Schaumburg-Museum-OG-595x800.jpg 595w, http:\/\/einsiedel-architekten.de\/cms\/wp-content\/uploads\/2019\/11\/Schaumburg-Museum-OG-952x1280.jpg 952w, http:\/\/einsiedel-architekten.de\/cms\/wp-content\/uploads\/2019\/11\/Schaumburg-Museum-OG-491x660.jpg 491w\" data-sizes=\"auto\" loading=\"eager\">\n\t\t<\/a>\t<\/div>\n<\/div>\n\t<div class=\"vp-portfolio__item-overlay\">\n\t\t\t<a\n\t\thref=\"http:\/\/einsiedel-architekten.de\/cms\/wp-content\/uploads\/2019\/11\/Schaumburg-Museum-OG-1427x1920.jpg\"\n\t\ttabindex=\"-1\" class=\"vp-portfolio__item-meta\" aria-label=\"Schaumburg Museum OG\" \t data-rel=\"lightbox-image-9\" data-rl_title=\"\" data-rl_caption=\"\" title=\"\">\n\t\t\t<\/a>\t<\/div>\n\t\t\t\t<\/figure>\n\t\t\t\t\t<\/div>\n\t\t\n\t\t<div\t\tclass=\"vp-portfolio__item-wrap vp-portfolio__item-uid-03008170\" data-vp-filter=\"\" \t\t>\n\t\t\t<template class=\"vp-portfolio__item-popup\" data-vp-popup-img=\"http:\/\/einsiedel-architekten.de\/cms\/wp-content\/uploads\/2019\/11\/Schaumburg-Treppe-1440x1920.jpg\" data-vp-popup-img-srcset=\"http:\/\/einsiedel-architekten.de\/cms\/wp-content\/uploads\/2019\/11\/Schaumburg-Treppe-1440x1920.jpg 1440w, http:\/\/einsiedel-architekten.de\/cms\/wp-content\/uploads\/2019\/11\/Schaumburg-Treppe-225x300.jpg 225w, http:\/\/einsiedel-architekten.de\/cms\/wp-content\/uploads\/2019\/11\/Schaumburg-Treppe-768x1024.jpg 768w, http:\/\/einsiedel-architekten.de\/cms\/wp-content\/uploads\/2019\/11\/Schaumburg-Treppe-375x500.jpg 375w, http:\/\/einsiedel-architekten.de\/cms\/wp-content\/uploads\/2019\/11\/Schaumburg-Treppe-600x800.jpg 600w, http:\/\/einsiedel-architekten.de\/cms\/wp-content\/uploads\/2019\/11\/Schaumburg-Treppe-960x1280.jpg 960w, http:\/\/einsiedel-architekten.de\/cms\/wp-content\/uploads\/2019\/11\/Schaumburg-Treppe-495x660.jpg 495w\" data-vp-popup-img-size=\"1440x1920\" data-vp-popup-md-img=\"http:\/\/einsiedel-architekten.de\/cms\/wp-content\/uploads\/2019\/11\/Schaumburg-Treppe-600x800.jpg\" data-vp-popup-md-img-size=\"600x800\" data-vp-popup-sm-img=\"http:\/\/einsiedel-architekten.de\/cms\/wp-content\/uploads\/2019\/11\/Schaumburg-Treppe-375x500.jpg\" data-vp-popup-sm-img-size=\"375x500\">\n\t<\/template>\n\t\t\t\t\t\t<figure class=\"vp-portfolio__item\">\n\t\t\t\t\n<div class=\"vp-portfolio__item-img-wrap\">\n\t<div class=\"vp-portfolio__item-img\">\n\t\t\t<a\n\t\thref=\"http:\/\/einsiedel-architekten.de\/cms\/wp-content\/uploads\/2019\/11\/Schaumburg-Treppe-1440x1920.jpg\"\n\t\taria-label=\"Schaumburg Treppe\" \t data-rel=\"lightbox-image-10\" data-rl_title=\"\" data-rl_caption=\"\" title=\"\">\n\t\n\t\t<noscript><img loading=\"lazy\" decoding=\"async\" width=\"1440\" height=\"1920\" data-skip-lazy src=\"http:\/\/einsiedel-architekten.de\/cms\/wp-content\/uploads\/2019\/11\/Schaumburg-Treppe-1440x1920.jpg\" class=\"wp-image-597\" alt=\"\" srcset=\"http:\/\/einsiedel-architekten.de\/cms\/wp-content\/uploads\/2019\/11\/Schaumburg-Treppe-1440x1920.jpg 1440w, http:\/\/einsiedel-architekten.de\/cms\/wp-content\/uploads\/2019\/11\/Schaumburg-Treppe-225x300.jpg 225w, http:\/\/einsiedel-architekten.de\/cms\/wp-content\/uploads\/2019\/11\/Schaumburg-Treppe-768x1024.jpg 768w, http:\/\/einsiedel-architekten.de\/cms\/wp-content\/uploads\/2019\/11\/Schaumburg-Treppe-375x500.jpg 375w, http:\/\/einsiedel-architekten.de\/cms\/wp-content\/uploads\/2019\/11\/Schaumburg-Treppe-600x800.jpg 600w, http:\/\/einsiedel-architekten.de\/cms\/wp-content\/uploads\/2019\/11\/Schaumburg-Treppe-960x1280.jpg 960w, http:\/\/einsiedel-architekten.de\/cms\/wp-content\/uploads\/2019\/11\/Schaumburg-Treppe-495x660.jpg 495w\" sizes=\"auto, (max-width: 1440px) 100vw, 1440px\" \/><\/noscript><img decoding=\"async\" width=\"1440\" height=\"1920\" src=\"http:\/\/einsiedel-architekten.de\/cms\/wp-content\/uploads\/2019\/11\/Schaumburg-Treppe-1440x1920.jpg\" class=\"wp-image-597 vp-lazyload\" alt srcset=\"data:image\/svg+xml;base64,PHN2ZyB3aWR0aD0iMTQ0MCIgaGVpZ2h0PSIxOTIwIiB2aWV3Qm94PSIwIDAgMTQ0MCAxOTIwIiBmaWxsPSJub25lIiB4bWxucz0iaHR0cDovL3d3dy53My5vcmcvMjAwMC9zdmciPjwvc3ZnPg==\" data-src=\"http:\/\/einsiedel-architekten.de\/cms\/wp-content\/uploads\/2019\/11\/Schaumburg-Treppe-1440x1920.jpg\" data-srcset=\"http:\/\/einsiedel-architekten.de\/cms\/wp-content\/uploads\/2019\/11\/Schaumburg-Treppe-1440x1920.jpg 1440w, http:\/\/einsiedel-architekten.de\/cms\/wp-content\/uploads\/2019\/11\/Schaumburg-Treppe-225x300.jpg 225w, http:\/\/einsiedel-architekten.de\/cms\/wp-content\/uploads\/2019\/11\/Schaumburg-Treppe-768x1024.jpg 768w, http:\/\/einsiedel-architekten.de\/cms\/wp-content\/uploads\/2019\/11\/Schaumburg-Treppe-375x500.jpg 375w, http:\/\/einsiedel-architekten.de\/cms\/wp-content\/uploads\/2019\/11\/Schaumburg-Treppe-600x800.jpg 600w, http:\/\/einsiedel-architekten.de\/cms\/wp-content\/uploads\/2019\/11\/Schaumburg-Treppe-960x1280.jpg 960w, http:\/\/einsiedel-architekten.de\/cms\/wp-content\/uploads\/2019\/11\/Schaumburg-Treppe-495x660.jpg 495w\" data-sizes=\"auto\" loading=\"eager\">\n\t\t<\/a>\t<\/div>\n<\/div>\n\t<div class=\"vp-portfolio__item-overlay\">\n\t\t\t<a\n\t\thref=\"http:\/\/einsiedel-architekten.de\/cms\/wp-content\/uploads\/2019\/11\/Schaumburg-Treppe-1440x1920.jpg\"\n\t\ttabindex=\"-1\" class=\"vp-portfolio__item-meta\" aria-label=\"Schaumburg Treppe\" \t data-rel=\"lightbox-image-11\" data-rl_title=\"\" data-rl_caption=\"\" title=\"\">\n\t\t\t<\/a>\t<\/div>\n\t\t\t\t<\/figure>\n\t\t\t\t\t<\/div>\n\t\t\n\t\t<div\t\tclass=\"vp-portfolio__item-wrap vp-portfolio__item-uid-66b21e08\" data-vp-filter=\"\" \t\t>\n\t\t\t<template class=\"vp-portfolio__item-popup\" data-vp-popup-img=\"http:\/\/einsiedel-architekten.de\/cms\/wp-content\/uploads\/2019\/11\/Schaumburg-Skizze-Terrassen-s\u00fcd-1393x1920.jpg\" data-vp-popup-img-srcset=\"http:\/\/einsiedel-architekten.de\/cms\/wp-content\/uploads\/2019\/11\/Schaumburg-Skizze-Terrassen-s\u00fcd-1393x1920.jpg 1393w, http:\/\/einsiedel-architekten.de\/cms\/wp-content\/uploads\/2019\/11\/Schaumburg-Skizze-Terrassen-s\u00fcd-218x300.jpg 218w, http:\/\/einsiedel-architekten.de\/cms\/wp-content\/uploads\/2019\/11\/Schaumburg-Skizze-Terrassen-s\u00fcd-768x1058.jpg 768w, http:\/\/einsiedel-architekten.de\/cms\/wp-content\/uploads\/2019\/11\/Schaumburg-Skizze-Terrassen-s\u00fcd-743x1024.jpg 743w, http:\/\/einsiedel-architekten.de\/cms\/wp-content\/uploads\/2019\/11\/Schaumburg-Skizze-Terrassen-s\u00fcd-363x500.jpg 363w, http:\/\/einsiedel-architekten.de\/cms\/wp-content\/uploads\/2019\/11\/Schaumburg-Skizze-Terrassen-s\u00fcd-581x800.jpg 581w, http:\/\/einsiedel-architekten.de\/cms\/wp-content\/uploads\/2019\/11\/Schaumburg-Skizze-Terrassen-s\u00fcd-929x1280.jpg 929w, http:\/\/einsiedel-architekten.de\/cms\/wp-content\/uploads\/2019\/11\/Schaumburg-Skizze-Terrassen-s\u00fcd-479x660.jpg 479w\" data-vp-popup-img-size=\"1393x1920\" data-vp-popup-md-img=\"http:\/\/einsiedel-architekten.de\/cms\/wp-content\/uploads\/2019\/11\/Schaumburg-Skizze-Terrassen-s\u00fcd-581x800.jpg\" data-vp-popup-md-img-size=\"581x800\" data-vp-popup-sm-img=\"http:\/\/einsiedel-architekten.de\/cms\/wp-content\/uploads\/2019\/11\/Schaumburg-Skizze-Terrassen-s\u00fcd-363x500.jpg\" data-vp-popup-sm-img-size=\"363x500\">\n\t<\/template>\n\t\t\t\t\t\t<figure class=\"vp-portfolio__item\">\n\t\t\t\t\n<div class=\"vp-portfolio__item-img-wrap\">\n\t<div class=\"vp-portfolio__item-img\">\n\t\t\t<a\n\t\thref=\"http:\/\/einsiedel-architekten.de\/cms\/wp-content\/uploads\/2019\/11\/Schaumburg-Skizze-Terrassen-s\u00fcd-1393x1920.jpg\"\n\t\taria-label=\"Schaumburg Skizze Terrassen s\u00fcd\" \t data-rel=\"lightbox-image-12\" data-rl_title=\"\" data-rl_caption=\"\" title=\"\">\n\t\n\t\t<noscript><img loading=\"lazy\" decoding=\"async\" width=\"1393\" height=\"1920\" data-skip-lazy src=\"http:\/\/einsiedel-architekten.de\/cms\/wp-content\/uploads\/2019\/11\/Schaumburg-Skizze-Terrassen-s\u00fcd-1393x1920.jpg\" class=\"wp-image-596\" alt=\"\" srcset=\"http:\/\/einsiedel-architekten.de\/cms\/wp-content\/uploads\/2019\/11\/Schaumburg-Skizze-Terrassen-s\u00fcd-1393x1920.jpg 1393w, http:\/\/einsiedel-architekten.de\/cms\/wp-content\/uploads\/2019\/11\/Schaumburg-Skizze-Terrassen-s\u00fcd-218x300.jpg 218w, http:\/\/einsiedel-architekten.de\/cms\/wp-content\/uploads\/2019\/11\/Schaumburg-Skizze-Terrassen-s\u00fcd-768x1058.jpg 768w, http:\/\/einsiedel-architekten.de\/cms\/wp-content\/uploads\/2019\/11\/Schaumburg-Skizze-Terrassen-s\u00fcd-743x1024.jpg 743w, http:\/\/einsiedel-architekten.de\/cms\/wp-content\/uploads\/2019\/11\/Schaumburg-Skizze-Terrassen-s\u00fcd-363x500.jpg 363w, http:\/\/einsiedel-architekten.de\/cms\/wp-content\/uploads\/2019\/11\/Schaumburg-Skizze-Terrassen-s\u00fcd-581x800.jpg 581w, http:\/\/einsiedel-architekten.de\/cms\/wp-content\/uploads\/2019\/11\/Schaumburg-Skizze-Terrassen-s\u00fcd-929x1280.jpg 929w, http:\/\/einsiedel-architekten.de\/cms\/wp-content\/uploads\/2019\/11\/Schaumburg-Skizze-Terrassen-s\u00fcd-479x660.jpg 479w\" sizes=\"auto, (max-width: 1393px) 100vw, 1393px\" \/><\/noscript><img decoding=\"async\" width=\"1393\" height=\"1920\" src=\"http:\/\/einsiedel-architekten.de\/cms\/wp-content\/uploads\/2019\/11\/Schaumburg-Skizze-Terrassen-s\u00fcd-1393x1920.jpg\" class=\"wp-image-596 vp-lazyload\" alt srcset=\"data:image\/svg+xml;base64,PHN2ZyB3aWR0aD0iMTM5MyIgaGVpZ2h0PSIxOTIwIiB2aWV3Qm94PSIwIDAgMTM5MyAxOTIwIiBmaWxsPSJub25lIiB4bWxucz0iaHR0cDovL3d3dy53My5vcmcvMjAwMC9zdmciPjwvc3ZnPg==\" data-src=\"http:\/\/einsiedel-architekten.de\/cms\/wp-content\/uploads\/2019\/11\/Schaumburg-Skizze-Terrassen-s\u00fcd-1393x1920.jpg\" data-srcset=\"http:\/\/einsiedel-architekten.de\/cms\/wp-content\/uploads\/2019\/11\/Schaumburg-Skizze-Terrassen-s\u00fcd-1393x1920.jpg 1393w, http:\/\/einsiedel-architekten.de\/cms\/wp-content\/uploads\/2019\/11\/Schaumburg-Skizze-Terrassen-s\u00fcd-218x300.jpg 218w, http:\/\/einsiedel-architekten.de\/cms\/wp-content\/uploads\/2019\/11\/Schaumburg-Skizze-Terrassen-s\u00fcd-768x1058.jpg 768w, http:\/\/einsiedel-architekten.de\/cms\/wp-content\/uploads\/2019\/11\/Schaumburg-Skizze-Terrassen-s\u00fcd-743x1024.jpg 743w, http:\/\/einsiedel-architekten.de\/cms\/wp-content\/uploads\/2019\/11\/Schaumburg-Skizze-Terrassen-s\u00fcd-363x500.jpg 363w, http:\/\/einsiedel-architekten.de\/cms\/wp-content\/uploads\/2019\/11\/Schaumburg-Skizze-Terrassen-s\u00fcd-581x800.jpg 581w, http:\/\/einsiedel-architekten.de\/cms\/wp-content\/uploads\/2019\/11\/Schaumburg-Skizze-Terrassen-s\u00fcd-929x1280.jpg 929w, http:\/\/einsiedel-architekten.de\/cms\/wp-content\/uploads\/2019\/11\/Schaumburg-Skizze-Terrassen-s\u00fcd-479x660.jpg 479w\" data-sizes=\"auto\" loading=\"eager\">\n\t\t<\/a>\t<\/div>\n<\/div>\n\t<div class=\"vp-portfolio__item-overlay\">\n\t\t\t<a\n\t\thref=\"http:\/\/einsiedel-architekten.de\/cms\/wp-content\/uploads\/2019\/11\/Schaumburg-Skizze-Terrassen-s\u00fcd-1393x1920.jpg\"\n\t\ttabindex=\"-1\" class=\"vp-portfolio__item-meta\" aria-label=\"Schaumburg Skizze Terrassen s\u00fcd\" \t data-rel=\"lightbox-image-13\" data-rl_title=\"\" data-rl_caption=\"\" title=\"\">\n\t\t\t<\/a>\t<\/div>\n\t\t\t\t<\/figure>\n\t\t\t\t\t<\/div>\n\t\t\n\t\t<div\t\tclass=\"vp-portfolio__item-wrap vp-portfolio__item-uid-4eb164fc\" data-vp-filter=\"\" \t\t>\n\t\t\t<template class=\"vp-portfolio__item-popup\" data-vp-popup-img=\"http:\/\/einsiedel-architekten.de\/cms\/wp-content\/uploads\/2019\/11\/Schaumburg-Skizze-Wiga.jpg\" data-vp-popup-img-srcset=\"http:\/\/einsiedel-architekten.de\/cms\/wp-content\/uploads\/2019\/11\/Schaumburg-Skizze-Wiga.jpg 1601w, http:\/\/einsiedel-architekten.de\/cms\/wp-content\/uploads\/2019\/11\/Schaumburg-Skizze-Wiga-300x208.jpg 300w, http:\/\/einsiedel-architekten.de\/cms\/wp-content\/uploads\/2019\/11\/Schaumburg-Skizze-Wiga-768x532.jpg 768w, http:\/\/einsiedel-architekten.de\/cms\/wp-content\/uploads\/2019\/11\/Schaumburg-Skizze-Wiga-1024x709.jpg 1024w, http:\/\/einsiedel-architekten.de\/cms\/wp-content\/uploads\/2019\/11\/Schaumburg-Skizze-Wiga-500x346.jpg 500w, http:\/\/einsiedel-architekten.de\/cms\/wp-content\/uploads\/2019\/11\/Schaumburg-Skizze-Wiga-800x554.jpg 800w, http:\/\/einsiedel-architekten.de\/cms\/wp-content\/uploads\/2019\/11\/Schaumburg-Skizze-Wiga-1280x886.jpg 1280w, http:\/\/einsiedel-architekten.de\/cms\/wp-content\/uploads\/2019\/11\/Schaumburg-Skizze-Wiga-954x660.jpg 954w\" data-vp-popup-img-size=\"1601x1108\" data-vp-popup-md-img=\"http:\/\/einsiedel-architekten.de\/cms\/wp-content\/uploads\/2019\/11\/Schaumburg-Skizze-Wiga-800x554.jpg\" data-vp-popup-md-img-size=\"800x554\" data-vp-popup-sm-img=\"http:\/\/einsiedel-architekten.de\/cms\/wp-content\/uploads\/2019\/11\/Schaumburg-Skizze-Wiga-500x346.jpg\" data-vp-popup-sm-img-size=\"500x346\">\n\t<\/template>\n\t\t\t\t\t\t<figure class=\"vp-portfolio__item\">\n\t\t\t\t\n<div class=\"vp-portfolio__item-img-wrap\">\n\t<div class=\"vp-portfolio__item-img\">\n\t\t\t<a\n\t\thref=\"http:\/\/einsiedel-architekten.de\/cms\/wp-content\/uploads\/2019\/11\/Schaumburg-Skizze-Wiga.jpg\"\n\t\taria-label=\"Schaumburg Skizze Wiga\" \t data-rel=\"lightbox-image-14\" data-rl_title=\"\" data-rl_caption=\"\" title=\"\">\n\t\n\t\t<noscript><img loading=\"lazy\" decoding=\"async\" width=\"1601\" height=\"1108\" data-skip-lazy src=\"http:\/\/einsiedel-architekten.de\/cms\/wp-content\/uploads\/2019\/11\/Schaumburg-Skizze-Wiga.jpg\" class=\"wp-image-599\" alt=\"\" srcset=\"http:\/\/einsiedel-architekten.de\/cms\/wp-content\/uploads\/2019\/11\/Schaumburg-Skizze-Wiga.jpg 1601w, http:\/\/einsiedel-architekten.de\/cms\/wp-content\/uploads\/2019\/11\/Schaumburg-Skizze-Wiga-300x208.jpg 300w, http:\/\/einsiedel-architekten.de\/cms\/wp-content\/uploads\/2019\/11\/Schaumburg-Skizze-Wiga-768x532.jpg 768w, http:\/\/einsiedel-architekten.de\/cms\/wp-content\/uploads\/2019\/11\/Schaumburg-Skizze-Wiga-1024x709.jpg 1024w, http:\/\/einsiedel-architekten.de\/cms\/wp-content\/uploads\/2019\/11\/Schaumburg-Skizze-Wiga-500x346.jpg 500w, http:\/\/einsiedel-architekten.de\/cms\/wp-content\/uploads\/2019\/11\/Schaumburg-Skizze-Wiga-800x554.jpg 800w, http:\/\/einsiedel-architekten.de\/cms\/wp-content\/uploads\/2019\/11\/Schaumburg-Skizze-Wiga-1280x886.jpg 1280w, http:\/\/einsiedel-architekten.de\/cms\/wp-content\/uploads\/2019\/11\/Schaumburg-Skizze-Wiga-954x660.jpg 954w\" sizes=\"auto, (max-width: 1601px) 100vw, 1601px\" \/><\/noscript><img decoding=\"async\" width=\"1601\" height=\"1108\" src=\"http:\/\/einsiedel-architekten.de\/cms\/wp-content\/uploads\/2019\/11\/Schaumburg-Skizze-Wiga.jpg\" class=\"wp-image-599 vp-lazyload\" alt srcset=\"data:image\/svg+xml;base64,PHN2ZyB3aWR0aD0iMTYwMSIgaGVpZ2h0PSIxMTA4IiB2aWV3Qm94PSIwIDAgMTYwMSAxMTA4IiBmaWxsPSJub25lIiB4bWxucz0iaHR0cDovL3d3dy53My5vcmcvMjAwMC9zdmciPjwvc3ZnPg==\" data-src=\"http:\/\/einsiedel-architekten.de\/cms\/wp-content\/uploads\/2019\/11\/Schaumburg-Skizze-Wiga.jpg\" data-srcset=\"http:\/\/einsiedel-architekten.de\/cms\/wp-content\/uploads\/2019\/11\/Schaumburg-Skizze-Wiga.jpg 1601w, http:\/\/einsiedel-architekten.de\/cms\/wp-content\/uploads\/2019\/11\/Schaumburg-Skizze-Wiga-300x208.jpg 300w, http:\/\/einsiedel-architekten.de\/cms\/wp-content\/uploads\/2019\/11\/Schaumburg-Skizze-Wiga-768x532.jpg 768w, http:\/\/einsiedel-architekten.de\/cms\/wp-content\/uploads\/2019\/11\/Schaumburg-Skizze-Wiga-1024x709.jpg 1024w, http:\/\/einsiedel-architekten.de\/cms\/wp-content\/uploads\/2019\/11\/Schaumburg-Skizze-Wiga-500x346.jpg 500w, http:\/\/einsiedel-architekten.de\/cms\/wp-content\/uploads\/2019\/11\/Schaumburg-Skizze-Wiga-800x554.jpg 800w, http:\/\/einsiedel-architekten.de\/cms\/wp-content\/uploads\/2019\/11\/Schaumburg-Skizze-Wiga-1280x886.jpg 1280w, http:\/\/einsiedel-architekten.de\/cms\/wp-content\/uploads\/2019\/11\/Schaumburg-Skizze-Wiga-954x660.jpg 954w\" data-sizes=\"auto\" loading=\"eager\">\n\t\t<\/a>\t<\/div>\n<\/div>\n\t<div class=\"vp-portfolio__item-overlay\">\n\t\t\t<a\n\t\thref=\"http:\/\/einsiedel-architekten.de\/cms\/wp-content\/uploads\/2019\/11\/Schaumburg-Skizze-Wiga.jpg\"\n\t\ttabindex=\"-1\" class=\"vp-portfolio__item-meta\" aria-label=\"Schaumburg Skizze Wiga\" \t data-rel=\"lightbox-image-15\" data-rl_title=\"\" data-rl_caption=\"\" title=\"\">\n\t\t\t<\/a>\t<\/div>\n\t\t\t\t<\/figure>\n\t\t\t\t\t<\/div>\n\t\t\n\t\t<div\t\tclass=\"vp-portfolio__item-wrap vp-portfolio__item-uid-f6079db4\" data-vp-filter=\"\" \t\t>\n\t\t\t<template class=\"vp-portfolio__item-popup\" data-vp-popup-img=\"http:\/\/einsiedel-architekten.de\/cms\/wp-content\/uploads\/2019\/11\/Schaumburg-Grundrisse-1565x1920.jpg\" data-vp-popup-img-srcset=\"http:\/\/einsiedel-architekten.de\/cms\/wp-content\/uploads\/2019\/11\/Schaumburg-Grundrisse-1565x1920.jpg 1565w, http:\/\/einsiedel-architekten.de\/cms\/wp-content\/uploads\/2019\/11\/Schaumburg-Grundrisse-245x300.jpg 245w, http:\/\/einsiedel-architekten.de\/cms\/wp-content\/uploads\/2019\/11\/Schaumburg-Grundrisse-768x942.jpg 768w, http:\/\/einsiedel-architekten.de\/cms\/wp-content\/uploads\/2019\/11\/Schaumburg-Grundrisse-835x1024.jpg 835w, http:\/\/einsiedel-architekten.de\/cms\/wp-content\/uploads\/2019\/11\/Schaumburg-Grundrisse-408x500.jpg 408w, http:\/\/einsiedel-architekten.de\/cms\/wp-content\/uploads\/2019\/11\/Schaumburg-Grundrisse-652x800.jpg 652w, http:\/\/einsiedel-architekten.de\/cms\/wp-content\/uploads\/2019\/11\/Schaumburg-Grundrisse-1044x1280.jpg 1044w, http:\/\/einsiedel-architekten.de\/cms\/wp-content\/uploads\/2019\/11\/Schaumburg-Grundrisse-538x660.jpg 538w\" data-vp-popup-img-size=\"1565x1920\" data-vp-popup-md-img=\"http:\/\/einsiedel-architekten.de\/cms\/wp-content\/uploads\/2019\/11\/Schaumburg-Grundrisse-652x800.jpg\" data-vp-popup-md-img-size=\"652x800\" data-vp-popup-sm-img=\"http:\/\/einsiedel-architekten.de\/cms\/wp-content\/uploads\/2019\/11\/Schaumburg-Grundrisse-408x500.jpg\" data-vp-popup-sm-img-size=\"408x500\">\n\t<\/template>\n\t\t\t\t\t\t<figure class=\"vp-portfolio__item\">\n\t\t\t\t\n<div class=\"vp-portfolio__item-img-wrap\">\n\t<div class=\"vp-portfolio__item-img\">\n\t\t\t<a\n\t\thref=\"http:\/\/einsiedel-architekten.de\/cms\/wp-content\/uploads\/2019\/11\/Schaumburg-Grundrisse-1565x1920.jpg\"\n\t\taria-label=\"Schaumburg Grundrisse\" \t data-rel=\"lightbox-image-16\" data-rl_title=\"\" data-rl_caption=\"\" title=\"\">\n\t\n\t\t<noscript><img loading=\"lazy\" decoding=\"async\" width=\"1565\" height=\"1920\" data-skip-lazy src=\"http:\/\/einsiedel-architekten.de\/cms\/wp-content\/uploads\/2019\/11\/Schaumburg-Grundrisse-1565x1920.jpg\" class=\"wp-image-593\" alt=\"\" srcset=\"http:\/\/einsiedel-architekten.de\/cms\/wp-content\/uploads\/2019\/11\/Schaumburg-Grundrisse-1565x1920.jpg 1565w, http:\/\/einsiedel-architekten.de\/cms\/wp-content\/uploads\/2019\/11\/Schaumburg-Grundrisse-245x300.jpg 245w, http:\/\/einsiedel-architekten.de\/cms\/wp-content\/uploads\/2019\/11\/Schaumburg-Grundrisse-768x942.jpg 768w, http:\/\/einsiedel-architekten.de\/cms\/wp-content\/uploads\/2019\/11\/Schaumburg-Grundrisse-835x1024.jpg 835w, http:\/\/einsiedel-architekten.de\/cms\/wp-content\/uploads\/2019\/11\/Schaumburg-Grundrisse-408x500.jpg 408w, http:\/\/einsiedel-architekten.de\/cms\/wp-content\/uploads\/2019\/11\/Schaumburg-Grundrisse-652x800.jpg 652w, http:\/\/einsiedel-architekten.de\/cms\/wp-content\/uploads\/2019\/11\/Schaumburg-Grundrisse-1044x1280.jpg 1044w, http:\/\/einsiedel-architekten.de\/cms\/wp-content\/uploads\/2019\/11\/Schaumburg-Grundrisse-538x660.jpg 538w\" sizes=\"auto, (max-width: 1565px) 100vw, 1565px\" \/><\/noscript><img decoding=\"async\" width=\"1565\" height=\"1920\" src=\"http:\/\/einsiedel-architekten.de\/cms\/wp-content\/uploads\/2019\/11\/Schaumburg-Grundrisse-1565x1920.jpg\" class=\"wp-image-593 vp-lazyload\" alt srcset=\"data:image\/svg+xml;base64,PHN2ZyB3aWR0aD0iMTU2NSIgaGVpZ2h0PSIxOTIwIiB2aWV3Qm94PSIwIDAgMTU2NSAxOTIwIiBmaWxsPSJub25lIiB4bWxucz0iaHR0cDovL3d3dy53My5vcmcvMjAwMC9zdmciPjwvc3ZnPg==\" data-src=\"http:\/\/einsiedel-architekten.de\/cms\/wp-content\/uploads\/2019\/11\/Schaumburg-Grundrisse-1565x1920.jpg\" data-srcset=\"http:\/\/einsiedel-architekten.de\/cms\/wp-content\/uploads\/2019\/11\/Schaumburg-Grundrisse-1565x1920.jpg 1565w, http:\/\/einsiedel-architekten.de\/cms\/wp-content\/uploads\/2019\/11\/Schaumburg-Grundrisse-245x300.jpg 245w, http:\/\/einsiedel-architekten.de\/cms\/wp-content\/uploads\/2019\/11\/Schaumburg-Grundrisse-768x942.jpg 768w, http:\/\/einsiedel-architekten.de\/cms\/wp-content\/uploads\/2019\/11\/Schaumburg-Grundrisse-835x1024.jpg 835w, http:\/\/einsiedel-architekten.de\/cms\/wp-content\/uploads\/2019\/11\/Schaumburg-Grundrisse-408x500.jpg 408w, http:\/\/einsiedel-architekten.de\/cms\/wp-content\/uploads\/2019\/11\/Schaumburg-Grundrisse-652x800.jpg 652w, http:\/\/einsiedel-architekten.de\/cms\/wp-content\/uploads\/2019\/11\/Schaumburg-Grundrisse-1044x1280.jpg 1044w, http:\/\/einsiedel-architekten.de\/cms\/wp-content\/uploads\/2019\/11\/Schaumburg-Grundrisse-538x660.jpg 538w\" data-sizes=\"auto\" loading=\"eager\">\n\t\t<\/a>\t<\/div>\n<\/div>\n\t<div class=\"vp-portfolio__item-overlay\">\n\t\t\t<a\n\t\thref=\"http:\/\/einsiedel-architekten.de\/cms\/wp-content\/uploads\/2019\/11\/Schaumburg-Grundrisse-1565x1920.jpg\"\n\t\ttabindex=\"-1\" class=\"vp-portfolio__item-meta\" aria-label=\"Schaumburg Grundrisse\" \t data-rel=\"lightbox-image-17\" data-rl_title=\"\" data-rl_caption=\"\" title=\"\">\n\t\t\t<\/a>\t<\/div>\n\t\t\t\t<\/figure>\n\t\t\t\t\t<\/div>\n\t\t\n\t\t<div\t\tclass=\"vp-portfolio__item-wrap vp-portfolio__item-uid-0436ae7b\" data-vp-filter=\"\" \t\t>\n\t\t\t<template class=\"vp-portfolio__item-popup\" data-vp-popup-img=\"http:\/\/einsiedel-architekten.de\/cms\/wp-content\/uploads\/2019\/11\/Schaumburg-Turm-Grundrisse.jpg\" data-vp-popup-img-srcset=\"http:\/\/einsiedel-architekten.de\/cms\/wp-content\/uploads\/2019\/11\/Schaumburg-Turm-Grundrisse.jpg 1687w, http:\/\/einsiedel-architekten.de\/cms\/wp-content\/uploads\/2019\/11\/Schaumburg-Turm-Grundrisse-300x205.jpg 300w, http:\/\/einsiedel-architekten.de\/cms\/wp-content\/uploads\/2019\/11\/Schaumburg-Turm-Grundrisse-768x524.jpg 768w, http:\/\/einsiedel-architekten.de\/cms\/wp-content\/uploads\/2019\/11\/Schaumburg-Turm-Grundrisse-1024x699.jpg 1024w, http:\/\/einsiedel-architekten.de\/cms\/wp-content\/uploads\/2019\/11\/Schaumburg-Turm-Grundrisse-500x341.jpg 500w, http:\/\/einsiedel-architekten.de\/cms\/wp-content\/uploads\/2019\/11\/Schaumburg-Turm-Grundrisse-800x546.jpg 800w, http:\/\/einsiedel-architekten.de\/cms\/wp-content\/uploads\/2019\/11\/Schaumburg-Turm-Grundrisse-1280x874.jpg 1280w, http:\/\/einsiedel-architekten.de\/cms\/wp-content\/uploads\/2019\/11\/Schaumburg-Turm-Grundrisse-967x660.jpg 967w\" data-vp-popup-img-size=\"1687x1152\" data-vp-popup-md-img=\"http:\/\/einsiedel-architekten.de\/cms\/wp-content\/uploads\/2019\/11\/Schaumburg-Turm-Grundrisse-800x546.jpg\" data-vp-popup-md-img-size=\"800x546\" data-vp-popup-sm-img=\"http:\/\/einsiedel-architekten.de\/cms\/wp-content\/uploads\/2019\/11\/Schaumburg-Turm-Grundrisse-500x341.jpg\" data-vp-popup-sm-img-size=\"500x341\">\n\t<\/template>\n\t\t\t\t\t\t<figure class=\"vp-portfolio__item\">\n\t\t\t\t\n<div class=\"vp-portfolio__item-img-wrap\">\n\t<div class=\"vp-portfolio__item-img\">\n\t\t\t<a\n\t\thref=\"http:\/\/einsiedel-architekten.de\/cms\/wp-content\/uploads\/2019\/11\/Schaumburg-Turm-Grundrisse.jpg\"\n\t\taria-label=\"Schaumburg Turm Grundrisse\" \t data-rel=\"lightbox-image-18\" data-rl_title=\"\" data-rl_caption=\"\" title=\"\">\n\t\n\t\t<noscript><img loading=\"lazy\" decoding=\"async\" width=\"1687\" height=\"1152\" data-skip-lazy src=\"http:\/\/einsiedel-architekten.de\/cms\/wp-content\/uploads\/2019\/11\/Schaumburg-Turm-Grundrisse.jpg\" class=\"wp-image-600\" alt=\"\" srcset=\"http:\/\/einsiedel-architekten.de\/cms\/wp-content\/uploads\/2019\/11\/Schaumburg-Turm-Grundrisse.jpg 1687w, http:\/\/einsiedel-architekten.de\/cms\/wp-content\/uploads\/2019\/11\/Schaumburg-Turm-Grundrisse-300x205.jpg 300w, http:\/\/einsiedel-architekten.de\/cms\/wp-content\/uploads\/2019\/11\/Schaumburg-Turm-Grundrisse-768x524.jpg 768w, http:\/\/einsiedel-architekten.de\/cms\/wp-content\/uploads\/2019\/11\/Schaumburg-Turm-Grundrisse-1024x699.jpg 1024w, http:\/\/einsiedel-architekten.de\/cms\/wp-content\/uploads\/2019\/11\/Schaumburg-Turm-Grundrisse-500x341.jpg 500w, http:\/\/einsiedel-architekten.de\/cms\/wp-content\/uploads\/2019\/11\/Schaumburg-Turm-Grundrisse-800x546.jpg 800w, http:\/\/einsiedel-architekten.de\/cms\/wp-content\/uploads\/2019\/11\/Schaumburg-Turm-Grundrisse-1280x874.jpg 1280w, http:\/\/einsiedel-architekten.de\/cms\/wp-content\/uploads\/2019\/11\/Schaumburg-Turm-Grundrisse-967x660.jpg 967w\" sizes=\"auto, (max-width: 1687px) 100vw, 1687px\" \/><\/noscript><img decoding=\"async\" width=\"1687\" height=\"1152\" src=\"http:\/\/einsiedel-architekten.de\/cms\/wp-content\/uploads\/2019\/11\/Schaumburg-Turm-Grundrisse.jpg\" class=\"wp-image-600 vp-lazyload\" alt srcset=\"data:image\/svg+xml;base64,PHN2ZyB3aWR0aD0iMTY4NyIgaGVpZ2h0PSIxMTUyIiB2aWV3Qm94PSIwIDAgMTY4NyAxMTUyIiBmaWxsPSJub25lIiB4bWxucz0iaHR0cDovL3d3dy53My5vcmcvMjAwMC9zdmciPjwvc3ZnPg==\" data-src=\"http:\/\/einsiedel-architekten.de\/cms\/wp-content\/uploads\/2019\/11\/Schaumburg-Turm-Grundrisse.jpg\" data-srcset=\"http:\/\/einsiedel-architekten.de\/cms\/wp-content\/uploads\/2019\/11\/Schaumburg-Turm-Grundrisse.jpg 1687w, http:\/\/einsiedel-architekten.de\/cms\/wp-content\/uploads\/2019\/11\/Schaumburg-Turm-Grundrisse-300x205.jpg 300w, http:\/\/einsiedel-architekten.de\/cms\/wp-content\/uploads\/2019\/11\/Schaumburg-Turm-Grundrisse-768x524.jpg 768w, http:\/\/einsiedel-architekten.de\/cms\/wp-content\/uploads\/2019\/11\/Schaumburg-Turm-Grundrisse-1024x699.jpg 1024w, http:\/\/einsiedel-architekten.de\/cms\/wp-content\/uploads\/2019\/11\/Schaumburg-Turm-Grundrisse-500x341.jpg 500w, http:\/\/einsiedel-architekten.de\/cms\/wp-content\/uploads\/2019\/11\/Schaumburg-Turm-Grundrisse-800x546.jpg 800w, http:\/\/einsiedel-architekten.de\/cms\/wp-content\/uploads\/2019\/11\/Schaumburg-Turm-Grundrisse-1280x874.jpg 1280w, http:\/\/einsiedel-architekten.de\/cms\/wp-content\/uploads\/2019\/11\/Schaumburg-Turm-Grundrisse-967x660.jpg 967w\" data-sizes=\"auto\" loading=\"eager\">\n\t\t<\/a>\t<\/div>\n<\/div>\n\t<div class=\"vp-portfolio__item-overlay\">\n\t\t\t<a\n\t\thref=\"http:\/\/einsiedel-architekten.de\/cms\/wp-content\/uploads\/2019\/11\/Schaumburg-Turm-Grundrisse.jpg\"\n\t\ttabindex=\"-1\" class=\"vp-portfolio__item-meta\" aria-label=\"Schaumburg Turm Grundrisse\" \t data-rel=\"lightbox-image-19\" data-rl_title=\"\" data-rl_caption=\"\" title=\"\">\n\t\t\t<\/a>\t<\/div>\n\t\t\t\t<\/figure>\n\t\t\t\t\t<\/div>\n\t\t\n<\/div>\n\n<div class=\"vp-portfolio__items-arrow vp-portfolio__items-arrow-prev\" tabindex=\"0\" role=\"button\" aria-label=\"Previous Slide\">\n\t\n<svg class=\"vp-svg-icon\" width=\"20\" height=\"20\" viewBox=\"0 0 20 20\" fill=\"none\" xmlns=\"http:\/\/www.w3.org\/2000\/svg\">\n\t<path d=\"M12 4L6 10L12 16\" stroke=\"currentColor\" stroke-width=\"1.5\" stroke-linecap=\"round\" stroke-linejoin=\"round\" fill=\"transparent\" \/>\n<\/svg>\n<\/div>\n<div class=\"vp-portfolio__items-arrow vp-portfolio__items-arrow-next\" tabindex=\"0\" role=\"button\" aria-label=\"Next Slide\">\n\t\n<svg class=\"vp-svg-icon\" width=\"20\" height=\"20\" viewBox=\"0 0 20 20\" fill=\"none\" xmlns=\"http:\/\/www.w3.org\/2000\/svg\">\n\t<path d=\"M8 4L14 10L8 16\" stroke=\"currentColor\" stroke-width=\"1.5\" stroke-linecap=\"round\" stroke-linejoin=\"round\" fill=\"transparent\" \/>\n<\/svg>\n<\/div>\n\n<div class=\"vp-portfolio__items-bullets\"><\/div>\n\t\t<\/div>\n\t\t\n<\/div>\n<\/div>\n\n\n\n<p><\/p>\n\n\n\n<p style=\"color:#dd890b\" class=\"has-text-color\">SCHLOSS SCHAUMBURG<br>Schloss Schaumburg, 65558 Balduinstein <br>Revitalisierung von Schloss Schaumburg<br><br><\/p>\n\n\n\n<p>Das urspr\u00fcnglich mittelalterliche, Mitte des 19.Jhd. von Erzherzog Stephan von Habsburg und seinem Architekten im Stil der Neogotik \u00fcberformte Schlo\u00df und die zugeh\u00f6rige 100 ha gro\u00dfe Parkanlage sind ein bedeutendes Bau- und Gartendenkmal. Es stand lange leer und wurde von der Schlo\u00df Schaumburg GmbH 2015 erworben, die es als neue Eigent\u00fcmerin denkmalgerecht instandsetzen, sanieren und wieder zu einem kulturell und touristisch bedeutsamen Ort machen m\u00f6chte. <\/p>\n\n\n\n<p>Die GmbH hat daf\u00fcr ein Raumordnungsverfahren in Gang gesetzt, das die Umnutzung des Schlo\u00dfes und gr\u00f6\u00dfere Bauma\u00dfnahmen im Au\u00dfenbereich zum Ziel hat. Als Einstieg sind im denkmalgesch\u00fctzten kleinere Einzelma\u00dfnahmen beantragt worden, teils schon umgesetzt, teils noch im Baugenehmigungsverfahren.<br><br><\/p>\n\n\n\n<p>PROJEKTE IM RAHMEN DES RAUMORDNUNGSVERFAHRENS:<\/p>\n\n\n\n<p>&#8211; NUTZUNG DES SCHLOSSES ALS INTERNATIONALES WEINHANDELSZENTRUM<br>R\u00e4ume f\u00fcr Lagerung und Pr\u00e4sentation der weltweit wichtigsten Weine, Veranstaltungen und Seminare, Weinproben u.-verkauf, Ausstellung \/ Museum \u00fcber Wein-herstellung, Spezialbibliothek und Datenbank, Labore und Designb\u00fcros, B\u00fcros und Repr\u00e4sentationsr\u00e4ume f\u00fcr Weinhersteller und -h\u00e4ndler o.\u00e4.<\/p>\n\n\n\n<p>&#8211; REKONSTRUKTION DES VERLORENGEGANGEN WINTERGARTENS<br>mit historischem Volumen und in moderner Architektursprache; f\u00fcr Weinpr\u00e4sentation und -verkostung und Gastronomie<br><br>&#8211; FREILEGUNG DER HISTORISCHEN TERRASSENG\u00c4RTEN; BEPFLANZUNG UND SPARSAME BEBAUUNG<br>Sanierung der historischen Mauern und Treppen; Bepflanzung der Freifl\u00e4chen, ggf. mit Obst und Wein; filigrane, aufgest\u00e4nderte Pavillions in Holzbauweise als Cafe + Restaurants; <\/p>\n\n\n\n<p> &#8211;  HOTELANLAGE + GASTRONOMIE IM WALD<br>Bau von kleinteiligen Hausgruppen mit Restaurant-Pavillions im Wald n\u00f6rdlich und westlich des Schlo\u00dfes; hochwertiger Standard mit besonderem Design; innovative und nachhaltige, architektonisch hochwertige Bauweise mit Holz- und ggf. Baumh\u00e4usern;<\/p>\n\n\n\n<p> &#8211;  UMNUTZUNG HOLZLAGER UND ENTWICKLUNG DES WESTLICHEN GRUNDST\u00dcCKS<br>Sanierung der denkmalgesch\u00fctzten Halle und Nutzung f\u00fcr Gastronomie, Ausstellungen, Veranstaltungen etc. ggf. kompakte Hotelbebauung<\/p>\n\n\n\n<p>EINZELMASSNAHMEN OHNE PLANUNGSRECHTLICHE VERFAHREN<br>Das Mineralienkabinett kann seit 2019 als Veranstaltungssaal, die Schlo\u00dfkapelle f\u00fcr Hochzeiten und zugeordnete R\u00e4ume als Standesamt genutzt werden. Die Sanierung des Marstalls und die Einrichtung eines Tagescafes sind in Arbeit; Planungen laufen f\u00fcr ein Museum im EG und 1.OG des Mittelbaus sowie f\u00fcr die Sanierung des Uhrenturms als spektakul\u00e4rem Aussichtsturm.<\/p>\n","protected":false},"excerpt":{"rendered":"<p>SCHLOSS SCHAUMBURGSchloss Schaumburg, 65558 Balduinstein Revitalisierung von Schloss Schaumburg Das urspr\u00fcnglich mittelalterliche, Mitte des 19.Jhd. von Erzherzog Stephan von Habsburg und seinem Architekten im Stil der Neogotik \u00fcberformte Schlo\u00df und die zugeh\u00f6rige 100 ha gro\u00dfe Parkanlage sind ein bedeutendes Bau- und Gartendenkmal. Es stand lange leer und wurde von der Schlo\u00df Schaumburg GmbH 2015 erworben, [&hellip;]<\/p>\n","protected":false},"author":2,"featured_media":0,"parent":0,"menu_order":0,"comment_status":"closed","ping_status":"closed","template":"","meta":{"_vp_format_video_url":"","_vp_image_focal_point":[],"footnotes":""},"folder":[5],"class_list":["post-157","page","type-page","status-publish","hentry"],"_links":{"self":[{"href":"http:\/\/einsiedel-architekten.de\/cms\/wp-json\/wp\/v2\/pages\/157","targetHints":{"allow":["GET"]}}],"collection":[{"href":"http:\/\/einsiedel-architekten.de\/cms\/wp-json\/wp\/v2\/pages"}],"about":[{"href":"http:\/\/einsiedel-architekten.de\/cms\/wp-json\/wp\/v2\/types\/page"}],"author":[{"embeddable":true,"href":"http:\/\/einsiedel-architekten.de\/cms\/wp-json\/wp\/v2\/users\/2"}],"replies":[{"embeddable":true,"href":"http:\/\/einsiedel-architekten.de\/cms\/wp-json\/wp\/v2\/comments?post=157"}],"version-history":[{"count":12,"href":"http:\/\/einsiedel-architekten.de\/cms\/wp-json\/wp\/v2\/pages\/157\/revisions"}],"predecessor-version":[{"id":1417,"href":"http:\/\/einsiedel-architekten.de\/cms\/wp-json\/wp\/v2\/pages\/157\/revisions\/1417"}],"wp:attachment":[{"href":"http:\/\/einsiedel-architekten.de\/cms\/wp-json\/wp\/v2\/media?parent=157"}],"wp:term":[{"taxonomy":"folder","embeddable":true,"href":"http:\/\/einsiedel-architekten.de\/cms\/wp-json\/wp\/v2\/folder?post=157"}],"curies":[{"name":"wp","href":"https:\/\/api.w.org\/{rel}","templated":true}]}}