{"id":153,"date":"2019-10-18T11:18:21","date_gmt":"2019-10-18T09:18:21","guid":{"rendered":"http:\/\/einsiedel-architekten.de\/cms\/?page_id=153"},"modified":"2019-11-20T17:07:03","modified_gmt":"2019-11-20T16:07:03","slug":"villa-scheufelen","status":"publish","type":"page","link":"http:\/\/einsiedel-architekten.de\/cms\/villa-scheufelen\/","title":{"rendered":"2016 villa scheufelen, stuttgart"},"content":{"rendered":"\n<div class=\"wp-block-nk-visual-portfolio\">\n<div class=\"vp-portfolio vp-uid-5750ae34 vp-id-453 \"\n\tdata-vp-layout=\"slider\" data-vp-content-source=\"images\" data-vp-items-style=\"fly\" data-vp-items-click-action=\"popup_gallery\" data-vp-items-gap=\"15\" data-vp-items-gap-vertical=\"\" data-vp-pagination=\"load-more\" data-vp-next-page-url=\"\" data-vp-slider-effect=\"slide\" data-vp-slider-items-height=\"80%\" data-vp-slider-items-min-height=\"\" data-vp-slider-slides-per-view=\"2\" data-vp-slider-speed=\"1.5\" data-vp-slider-autoplay=\"4\" data-vp-slider-autoplay-hover-pause=\"false\" data-vp-slider-centered-slides=\"true\" data-vp-slider-loop=\"false\" data-vp-slider-free-mode=\"false\" data-vp-slider-free-mode-sticky=\"false\" data-vp-slider-arrows=\"true\" data-vp-slider-bullets=\"true\" data-vp-slider-bullets-dynamic=\"false\" data-vp-slider-mousewheel=\"false\" data-vp-slider-thumbnails=\"false\" >\n\t<div class=\"vp-portfolio__preloader-wrap\">\n\t\t<div class=\"vp-portfolio__preloader\">\n\t\t\t<img decoding=\"async\" loading=\"eager\" src=\"http:\/\/einsiedel-architekten.de\/cms\/wp-content\/plugins\/visual-portfolio\/assets\/images\/logo-dark.svg\" alt=\"Visual Portfolio, Posts &amp; Image Gallery for WordPress\" width=\"20\" height=\"20\" data-skip-lazy>\n\t\t<\/div>\n\t<\/div>\n\t\t<div class=\"vp-portfolio__items-wrap\">\n\t\t\t\n<div class=\"vp-portfolio__items vp-portfolio__items-style-fly vp-portfolio__items-show-overlay-hover\">\n\n\t\t<div\t\tclass=\"vp-portfolio__item-wrap vp-portfolio__item-uid-d2ef3b10\" data-vp-filter=\"\" \t\t>\n\t\t\t<template class=\"vp-portfolio__item-popup\" data-vp-popup-img=\"http:\/\/einsiedel-architekten.de\/cms\/wp-content\/uploads\/2019\/11\/2016-villa-scheufelen.jpg\" data-vp-popup-img-srcset=\"http:\/\/einsiedel-architekten.de\/cms\/wp-content\/uploads\/2019\/11\/2016-villa-scheufelen.jpg 1876w, http:\/\/einsiedel-architekten.de\/cms\/wp-content\/uploads\/2019\/11\/2016-villa-scheufelen-300x200.jpg 300w, http:\/\/einsiedel-architekten.de\/cms\/wp-content\/uploads\/2019\/11\/2016-villa-scheufelen-1024x683.jpg 1024w, http:\/\/einsiedel-architekten.de\/cms\/wp-content\/uploads\/2019\/11\/2016-villa-scheufelen-768x512.jpg 768w, http:\/\/einsiedel-architekten.de\/cms\/wp-content\/uploads\/2019\/11\/2016-villa-scheufelen-500x333.jpg 500w, http:\/\/einsiedel-architekten.de\/cms\/wp-content\/uploads\/2019\/11\/2016-villa-scheufelen-800x533.jpg 800w, http:\/\/einsiedel-architekten.de\/cms\/wp-content\/uploads\/2019\/11\/2016-villa-scheufelen-1280x854.jpg 1280w, http:\/\/einsiedel-architekten.de\/cms\/wp-content\/uploads\/2019\/11\/2016-villa-scheufelen-1536x1024.jpg 1536w, http:\/\/einsiedel-architekten.de\/cms\/wp-content\/uploads\/2019\/11\/2016-villa-scheufelen-990x660.jpg 990w\" data-vp-popup-img-size=\"1876x1251\" data-vp-popup-md-img=\"http:\/\/einsiedel-architekten.de\/cms\/wp-content\/uploads\/2019\/11\/2016-villa-scheufelen-800x533.jpg\" data-vp-popup-md-img-size=\"800x533\" data-vp-popup-sm-img=\"http:\/\/einsiedel-architekten.de\/cms\/wp-content\/uploads\/2019\/11\/2016-villa-scheufelen-500x333.jpg\" data-vp-popup-sm-img-size=\"500x333\">\n\t<\/template>\n\t\t\t\t\t\t<figure class=\"vp-portfolio__item\">\n\t\t\t\t\n<div class=\"vp-portfolio__item-img-wrap\">\n\t<div class=\"vp-portfolio__item-img\">\n\t\t\t<a\n\t\thref=\"http:\/\/einsiedel-architekten.de\/cms\/wp-content\/uploads\/2019\/11\/2016-villa-scheufelen.jpg\"\n\t\taria-label=\"SCH Garten\" \t data-rel=\"lightbox-image-0\" data-rl_title=\"\" data-rl_caption=\"\" title=\"\">\n\t\n\t\t<noscript><img loading=\"lazy\" decoding=\"async\" width=\"1876\" height=\"1251\" data-skip-lazy src=\"http:\/\/einsiedel-architekten.de\/cms\/wp-content\/uploads\/2019\/11\/2016-villa-scheufelen.jpg\" class=\"wp-image-872\" alt=\"\" srcset=\"http:\/\/einsiedel-architekten.de\/cms\/wp-content\/uploads\/2019\/11\/2016-villa-scheufelen.jpg 1876w, http:\/\/einsiedel-architekten.de\/cms\/wp-content\/uploads\/2019\/11\/2016-villa-scheufelen-300x200.jpg 300w, http:\/\/einsiedel-architekten.de\/cms\/wp-content\/uploads\/2019\/11\/2016-villa-scheufelen-1024x683.jpg 1024w, http:\/\/einsiedel-architekten.de\/cms\/wp-content\/uploads\/2019\/11\/2016-villa-scheufelen-768x512.jpg 768w, http:\/\/einsiedel-architekten.de\/cms\/wp-content\/uploads\/2019\/11\/2016-villa-scheufelen-500x333.jpg 500w, http:\/\/einsiedel-architekten.de\/cms\/wp-content\/uploads\/2019\/11\/2016-villa-scheufelen-800x533.jpg 800w, http:\/\/einsiedel-architekten.de\/cms\/wp-content\/uploads\/2019\/11\/2016-villa-scheufelen-1280x854.jpg 1280w, http:\/\/einsiedel-architekten.de\/cms\/wp-content\/uploads\/2019\/11\/2016-villa-scheufelen-1536x1024.jpg 1536w, http:\/\/einsiedel-architekten.de\/cms\/wp-content\/uploads\/2019\/11\/2016-villa-scheufelen-990x660.jpg 990w\" sizes=\"auto, (max-width: 1876px) 100vw, 1876px\" \/><\/noscript><img fetchpriority=\"high\" decoding=\"async\" width=\"1876\" height=\"1251\" src=\"http:\/\/einsiedel-architekten.de\/cms\/wp-content\/uploads\/2019\/11\/2016-villa-scheufelen.jpg\" class=\"wp-image-872 vp-lazyload\" alt srcset=\"data:image\/svg+xml;base64,PHN2ZyB3aWR0aD0iMTg3NiIgaGVpZ2h0PSIxMjUxIiB2aWV3Qm94PSIwIDAgMTg3NiAxMjUxIiBmaWxsPSJub25lIiB4bWxucz0iaHR0cDovL3d3dy53My5vcmcvMjAwMC9zdmciPjwvc3ZnPg==\" data-src=\"http:\/\/einsiedel-architekten.de\/cms\/wp-content\/uploads\/2019\/11\/2016-villa-scheufelen.jpg\" data-srcset=\"http:\/\/einsiedel-architekten.de\/cms\/wp-content\/uploads\/2019\/11\/2016-villa-scheufelen.jpg 1876w, http:\/\/einsiedel-architekten.de\/cms\/wp-content\/uploads\/2019\/11\/2016-villa-scheufelen-300x200.jpg 300w, http:\/\/einsiedel-architekten.de\/cms\/wp-content\/uploads\/2019\/11\/2016-villa-scheufelen-1024x683.jpg 1024w, http:\/\/einsiedel-architekten.de\/cms\/wp-content\/uploads\/2019\/11\/2016-villa-scheufelen-768x512.jpg 768w, http:\/\/einsiedel-architekten.de\/cms\/wp-content\/uploads\/2019\/11\/2016-villa-scheufelen-500x333.jpg 500w, http:\/\/einsiedel-architekten.de\/cms\/wp-content\/uploads\/2019\/11\/2016-villa-scheufelen-800x533.jpg 800w, http:\/\/einsiedel-architekten.de\/cms\/wp-content\/uploads\/2019\/11\/2016-villa-scheufelen-1280x854.jpg 1280w, http:\/\/einsiedel-architekten.de\/cms\/wp-content\/uploads\/2019\/11\/2016-villa-scheufelen-1536x1024.jpg 1536w, http:\/\/einsiedel-architekten.de\/cms\/wp-content\/uploads\/2019\/11\/2016-villa-scheufelen-990x660.jpg 990w\" data-sizes=\"auto\" loading=\"eager\">\n\t\t<\/a>\t<\/div>\n<\/div>\n\t<div class=\"vp-portfolio__item-overlay\">\n\t\t\t<a\n\t\thref=\"http:\/\/einsiedel-architekten.de\/cms\/wp-content\/uploads\/2019\/11\/2016-villa-scheufelen.jpg\"\n\t\ttabindex=\"-1\" class=\"vp-portfolio__item-meta\" aria-label=\"SCH Garten\" \t data-rel=\"lightbox-image-1\" data-rl_title=\"\" data-rl_caption=\"\" title=\"\">\n\t\t\t<\/a>\t<\/div>\n\t\t\t\t<\/figure>\n\t\t\t\t\t<\/div>\n\t\t\n\t\t<div\t\tclass=\"vp-portfolio__item-wrap vp-portfolio__item-uid-1d546ce3\" data-vp-filter=\"\" \t\t>\n\t\t\t<template class=\"vp-portfolio__item-popup\" data-vp-popup-img=\"http:\/\/einsiedel-architekten.de\/cms\/wp-content\/uploads\/2019\/11\/Dach.jpg\" data-vp-popup-img-srcset=\"http:\/\/einsiedel-architekten.de\/cms\/wp-content\/uploads\/2019\/11\/Dach.jpg 1876w, http:\/\/einsiedel-architekten.de\/cms\/wp-content\/uploads\/2019\/11\/Dach-300x200.jpg 300w, http:\/\/einsiedel-architekten.de\/cms\/wp-content\/uploads\/2019\/11\/Dach-1024x683.jpg 1024w, http:\/\/einsiedel-architekten.de\/cms\/wp-content\/uploads\/2019\/11\/Dach-768x512.jpg 768w, http:\/\/einsiedel-architekten.de\/cms\/wp-content\/uploads\/2019\/11\/Dach-500x333.jpg 500w, http:\/\/einsiedel-architekten.de\/cms\/wp-content\/uploads\/2019\/11\/Dach-800x533.jpg 800w, http:\/\/einsiedel-architekten.de\/cms\/wp-content\/uploads\/2019\/11\/Dach-1280x854.jpg 1280w, http:\/\/einsiedel-architekten.de\/cms\/wp-content\/uploads\/2019\/11\/Dach-1536x1024.jpg 1536w, http:\/\/einsiedel-architekten.de\/cms\/wp-content\/uploads\/2019\/11\/Dach-990x660.jpg 990w\" data-vp-popup-img-size=\"1876x1251\" data-vp-popup-md-img=\"http:\/\/einsiedel-architekten.de\/cms\/wp-content\/uploads\/2019\/11\/Dach-800x533.jpg\" data-vp-popup-md-img-size=\"800x533\" data-vp-popup-sm-img=\"http:\/\/einsiedel-architekten.de\/cms\/wp-content\/uploads\/2019\/11\/Dach-500x333.jpg\" data-vp-popup-sm-img-size=\"500x333\">\n\t<\/template>\n\t\t\t\t\t\t<figure class=\"vp-portfolio__item\">\n\t\t\t\t\n<div class=\"vp-portfolio__item-img-wrap\">\n\t<div class=\"vp-portfolio__item-img\">\n\t\t\t<a\n\t\thref=\"http:\/\/einsiedel-architekten.de\/cms\/wp-content\/uploads\/2019\/11\/Dach.jpg\"\n\t\taria-label=\"Scheufelen Dach\" \t data-rel=\"lightbox-image-2\" data-rl_title=\"\" data-rl_caption=\"\" title=\"\">\n\t\n\t\t<noscript><img loading=\"lazy\" decoding=\"async\" width=\"1876\" height=\"1251\" data-skip-lazy src=\"http:\/\/einsiedel-architekten.de\/cms\/wp-content\/uploads\/2019\/11\/Dach.jpg\" class=\"wp-image-873\" alt=\"\" srcset=\"http:\/\/einsiedel-architekten.de\/cms\/wp-content\/uploads\/2019\/11\/Dach.jpg 1876w, http:\/\/einsiedel-architekten.de\/cms\/wp-content\/uploads\/2019\/11\/Dach-300x200.jpg 300w, http:\/\/einsiedel-architekten.de\/cms\/wp-content\/uploads\/2019\/11\/Dach-1024x683.jpg 1024w, http:\/\/einsiedel-architekten.de\/cms\/wp-content\/uploads\/2019\/11\/Dach-768x512.jpg 768w, http:\/\/einsiedel-architekten.de\/cms\/wp-content\/uploads\/2019\/11\/Dach-500x333.jpg 500w, http:\/\/einsiedel-architekten.de\/cms\/wp-content\/uploads\/2019\/11\/Dach-800x533.jpg 800w, http:\/\/einsiedel-architekten.de\/cms\/wp-content\/uploads\/2019\/11\/Dach-1280x854.jpg 1280w, http:\/\/einsiedel-architekten.de\/cms\/wp-content\/uploads\/2019\/11\/Dach-1536x1024.jpg 1536w, http:\/\/einsiedel-architekten.de\/cms\/wp-content\/uploads\/2019\/11\/Dach-990x660.jpg 990w\" sizes=\"auto, (max-width: 1876px) 100vw, 1876px\" \/><\/noscript><img decoding=\"async\" width=\"1876\" height=\"1251\" src=\"http:\/\/einsiedel-architekten.de\/cms\/wp-content\/uploads\/2019\/11\/Dach.jpg\" class=\"wp-image-873 vp-lazyload\" alt srcset=\"data:image\/svg+xml;base64,PHN2ZyB3aWR0aD0iMTg3NiIgaGVpZ2h0PSIxMjUxIiB2aWV3Qm94PSIwIDAgMTg3NiAxMjUxIiBmaWxsPSJub25lIiB4bWxucz0iaHR0cDovL3d3dy53My5vcmcvMjAwMC9zdmciPjwvc3ZnPg==\" data-src=\"http:\/\/einsiedel-architekten.de\/cms\/wp-content\/uploads\/2019\/11\/Dach.jpg\" data-srcset=\"http:\/\/einsiedel-architekten.de\/cms\/wp-content\/uploads\/2019\/11\/Dach.jpg 1876w, http:\/\/einsiedel-architekten.de\/cms\/wp-content\/uploads\/2019\/11\/Dach-300x200.jpg 300w, http:\/\/einsiedel-architekten.de\/cms\/wp-content\/uploads\/2019\/11\/Dach-1024x683.jpg 1024w, http:\/\/einsiedel-architekten.de\/cms\/wp-content\/uploads\/2019\/11\/Dach-768x512.jpg 768w, http:\/\/einsiedel-architekten.de\/cms\/wp-content\/uploads\/2019\/11\/Dach-500x333.jpg 500w, http:\/\/einsiedel-architekten.de\/cms\/wp-content\/uploads\/2019\/11\/Dach-800x533.jpg 800w, http:\/\/einsiedel-architekten.de\/cms\/wp-content\/uploads\/2019\/11\/Dach-1280x854.jpg 1280w, http:\/\/einsiedel-architekten.de\/cms\/wp-content\/uploads\/2019\/11\/Dach-1536x1024.jpg 1536w, http:\/\/einsiedel-architekten.de\/cms\/wp-content\/uploads\/2019\/11\/Dach-990x660.jpg 990w\" data-sizes=\"auto\" loading=\"eager\">\n\t\t<\/a>\t<\/div>\n<\/div>\n\t<div class=\"vp-portfolio__item-overlay\">\n\t\t\t<a\n\t\thref=\"http:\/\/einsiedel-architekten.de\/cms\/wp-content\/uploads\/2019\/11\/Dach.jpg\"\n\t\ttabindex=\"-1\" class=\"vp-portfolio__item-meta\" aria-label=\"Scheufelen Dach\" \t data-rel=\"lightbox-image-3\" data-rl_title=\"\" data-rl_caption=\"\" title=\"\">\n\t\t\t<\/a>\t<\/div>\n\t\t\t\t<\/figure>\n\t\t\t\t\t<\/div>\n\t\t\n\t\t<div\t\tclass=\"vp-portfolio__item-wrap vp-portfolio__item-uid-918556ae\" data-vp-filter=\"\" \t\t>\n\t\t\t<template class=\"vp-portfolio__item-popup\" data-vp-popup-img=\"http:\/\/einsiedel-architekten.de\/cms\/wp-content\/uploads\/2019\/11\/Fassade.jpg\" data-vp-popup-img-srcset=\"http:\/\/einsiedel-architekten.de\/cms\/wp-content\/uploads\/2019\/11\/Fassade.jpg 1876w, http:\/\/einsiedel-architekten.de\/cms\/wp-content\/uploads\/2019\/11\/Fassade-300x200.jpg 300w, http:\/\/einsiedel-architekten.de\/cms\/wp-content\/uploads\/2019\/11\/Fassade-1024x683.jpg 1024w, http:\/\/einsiedel-architekten.de\/cms\/wp-content\/uploads\/2019\/11\/Fassade-768x512.jpg 768w, http:\/\/einsiedel-architekten.de\/cms\/wp-content\/uploads\/2019\/11\/Fassade-500x333.jpg 500w, http:\/\/einsiedel-architekten.de\/cms\/wp-content\/uploads\/2019\/11\/Fassade-800x533.jpg 800w, http:\/\/einsiedel-architekten.de\/cms\/wp-content\/uploads\/2019\/11\/Fassade-1280x854.jpg 1280w, http:\/\/einsiedel-architekten.de\/cms\/wp-content\/uploads\/2019\/11\/Fassade-1536x1024.jpg 1536w, http:\/\/einsiedel-architekten.de\/cms\/wp-content\/uploads\/2019\/11\/Fassade-990x660.jpg 990w\" data-vp-popup-img-size=\"1876x1251\" data-vp-popup-md-img=\"http:\/\/einsiedel-architekten.de\/cms\/wp-content\/uploads\/2019\/11\/Fassade-800x533.jpg\" data-vp-popup-md-img-size=\"800x533\" data-vp-popup-sm-img=\"http:\/\/einsiedel-architekten.de\/cms\/wp-content\/uploads\/2019\/11\/Fassade-500x333.jpg\" data-vp-popup-sm-img-size=\"500x333\">\n\t<\/template>\n\t\t\t\t\t\t<figure class=\"vp-portfolio__item\">\n\t\t\t\t\n<div class=\"vp-portfolio__item-img-wrap\">\n\t<div class=\"vp-portfolio__item-img\">\n\t\t\t<a\n\t\thref=\"http:\/\/einsiedel-architekten.de\/cms\/wp-content\/uploads\/2019\/11\/Fassade.jpg\"\n\t\taria-label=\"Scheufelen Fassade\" \t data-rel=\"lightbox-image-4\" data-rl_title=\"\" data-rl_caption=\"\" title=\"\">\n\t\n\t\t<noscript><img loading=\"lazy\" decoding=\"async\" width=\"1876\" height=\"1251\" data-skip-lazy src=\"http:\/\/einsiedel-architekten.de\/cms\/wp-content\/uploads\/2019\/11\/Fassade.jpg\" class=\"wp-image-874\" alt=\"\" srcset=\"http:\/\/einsiedel-architekten.de\/cms\/wp-content\/uploads\/2019\/11\/Fassade.jpg 1876w, http:\/\/einsiedel-architekten.de\/cms\/wp-content\/uploads\/2019\/11\/Fassade-300x200.jpg 300w, http:\/\/einsiedel-architekten.de\/cms\/wp-content\/uploads\/2019\/11\/Fassade-1024x683.jpg 1024w, http:\/\/einsiedel-architekten.de\/cms\/wp-content\/uploads\/2019\/11\/Fassade-768x512.jpg 768w, http:\/\/einsiedel-architekten.de\/cms\/wp-content\/uploads\/2019\/11\/Fassade-500x333.jpg 500w, http:\/\/einsiedel-architekten.de\/cms\/wp-content\/uploads\/2019\/11\/Fassade-800x533.jpg 800w, http:\/\/einsiedel-architekten.de\/cms\/wp-content\/uploads\/2019\/11\/Fassade-1280x854.jpg 1280w, http:\/\/einsiedel-architekten.de\/cms\/wp-content\/uploads\/2019\/11\/Fassade-1536x1024.jpg 1536w, http:\/\/einsiedel-architekten.de\/cms\/wp-content\/uploads\/2019\/11\/Fassade-990x660.jpg 990w\" sizes=\"auto, (max-width: 1876px) 100vw, 1876px\" \/><\/noscript><img decoding=\"async\" width=\"1876\" height=\"1251\" src=\"http:\/\/einsiedel-architekten.de\/cms\/wp-content\/uploads\/2019\/11\/Fassade.jpg\" class=\"wp-image-874 vp-lazyload\" alt srcset=\"data:image\/svg+xml;base64,PHN2ZyB3aWR0aD0iMTg3NiIgaGVpZ2h0PSIxMjUxIiB2aWV3Qm94PSIwIDAgMTg3NiAxMjUxIiBmaWxsPSJub25lIiB4bWxucz0iaHR0cDovL3d3dy53My5vcmcvMjAwMC9zdmciPjwvc3ZnPg==\" data-src=\"http:\/\/einsiedel-architekten.de\/cms\/wp-content\/uploads\/2019\/11\/Fassade.jpg\" data-srcset=\"http:\/\/einsiedel-architekten.de\/cms\/wp-content\/uploads\/2019\/11\/Fassade.jpg 1876w, http:\/\/einsiedel-architekten.de\/cms\/wp-content\/uploads\/2019\/11\/Fassade-300x200.jpg 300w, http:\/\/einsiedel-architekten.de\/cms\/wp-content\/uploads\/2019\/11\/Fassade-1024x683.jpg 1024w, http:\/\/einsiedel-architekten.de\/cms\/wp-content\/uploads\/2019\/11\/Fassade-768x512.jpg 768w, http:\/\/einsiedel-architekten.de\/cms\/wp-content\/uploads\/2019\/11\/Fassade-500x333.jpg 500w, http:\/\/einsiedel-architekten.de\/cms\/wp-content\/uploads\/2019\/11\/Fassade-800x533.jpg 800w, http:\/\/einsiedel-architekten.de\/cms\/wp-content\/uploads\/2019\/11\/Fassade-1280x854.jpg 1280w, http:\/\/einsiedel-architekten.de\/cms\/wp-content\/uploads\/2019\/11\/Fassade-1536x1024.jpg 1536w, http:\/\/einsiedel-architekten.de\/cms\/wp-content\/uploads\/2019\/11\/Fassade-990x660.jpg 990w\" data-sizes=\"auto\" loading=\"eager\">\n\t\t<\/a>\t<\/div>\n<\/div>\n\t<div class=\"vp-portfolio__item-overlay\">\n\t\t\t<a\n\t\thref=\"http:\/\/einsiedel-architekten.de\/cms\/wp-content\/uploads\/2019\/11\/Fassade.jpg\"\n\t\ttabindex=\"-1\" class=\"vp-portfolio__item-meta\" aria-label=\"Scheufelen Fassade\" \t data-rel=\"lightbox-image-5\" data-rl_title=\"\" data-rl_caption=\"\" title=\"\">\n\t\t\t<\/a>\t<\/div>\n\t\t\t\t<\/figure>\n\t\t\t\t\t<\/div>\n\t\t\n\t\t<div\t\tclass=\"vp-portfolio__item-wrap vp-portfolio__item-uid-e500fa40\" data-vp-filter=\"\" \t\t>\n\t\t\t<template class=\"vp-portfolio__item-popup\" data-vp-popup-img=\"http:\/\/einsiedel-architekten.de\/cms\/wp-content\/uploads\/2019\/10\/Flur-1278x1920.jpg\" data-vp-popup-img-srcset=\"http:\/\/einsiedel-architekten.de\/cms\/wp-content\/uploads\/2019\/10\/Flur-1278x1920.jpg 1278w, http:\/\/einsiedel-architekten.de\/cms\/wp-content\/uploads\/2019\/10\/Flur-200x300.jpg 200w, http:\/\/einsiedel-architekten.de\/cms\/wp-content\/uploads\/2019\/10\/Flur-768x1154.jpg 768w, http:\/\/einsiedel-architekten.de\/cms\/wp-content\/uploads\/2019\/10\/Flur-681x1024.jpg 681w, http:\/\/einsiedel-architekten.de\/cms\/wp-content\/uploads\/2019\/10\/Flur-333x500.jpg 333w, http:\/\/einsiedel-architekten.de\/cms\/wp-content\/uploads\/2019\/10\/Flur-532x800.jpg 532w, http:\/\/einsiedel-architekten.de\/cms\/wp-content\/uploads\/2019\/10\/Flur-852x1280.jpg 852w, http:\/\/einsiedel-architekten.de\/cms\/wp-content\/uploads\/2019\/10\/Flur-439x660.jpg 439w\" data-vp-popup-img-size=\"1278x1920\" data-vp-popup-md-img=\"http:\/\/einsiedel-architekten.de\/cms\/wp-content\/uploads\/2019\/10\/Flur-532x800.jpg\" data-vp-popup-md-img-size=\"532x800\" data-vp-popup-sm-img=\"http:\/\/einsiedel-architekten.de\/cms\/wp-content\/uploads\/2019\/10\/Flur-333x500.jpg\" data-vp-popup-sm-img-size=\"333x500\">\n\t<\/template>\n\t\t\t\t\t\t<figure class=\"vp-portfolio__item\">\n\t\t\t\t\n<div class=\"vp-portfolio__item-img-wrap\">\n\t<div class=\"vp-portfolio__item-img\">\n\t\t\t<a\n\t\thref=\"http:\/\/einsiedel-architekten.de\/cms\/wp-content\/uploads\/2019\/10\/Flur-1278x1920.jpg\"\n\t\taria-label=\"SCH Flur\" \t data-rel=\"lightbox-image-6\" data-rl_title=\"\" data-rl_caption=\"\" title=\"\">\n\t\n\t\t<noscript><img loading=\"lazy\" decoding=\"async\" width=\"1278\" height=\"1920\" data-skip-lazy src=\"http:\/\/einsiedel-architekten.de\/cms\/wp-content\/uploads\/2019\/10\/Flur-1278x1920.jpg\" class=\"wp-image-446\" alt=\"\" srcset=\"http:\/\/einsiedel-architekten.de\/cms\/wp-content\/uploads\/2019\/10\/Flur-1278x1920.jpg 1278w, http:\/\/einsiedel-architekten.de\/cms\/wp-content\/uploads\/2019\/10\/Flur-200x300.jpg 200w, http:\/\/einsiedel-architekten.de\/cms\/wp-content\/uploads\/2019\/10\/Flur-768x1154.jpg 768w, http:\/\/einsiedel-architekten.de\/cms\/wp-content\/uploads\/2019\/10\/Flur-681x1024.jpg 681w, http:\/\/einsiedel-architekten.de\/cms\/wp-content\/uploads\/2019\/10\/Flur-333x500.jpg 333w, http:\/\/einsiedel-architekten.de\/cms\/wp-content\/uploads\/2019\/10\/Flur-532x800.jpg 532w, http:\/\/einsiedel-architekten.de\/cms\/wp-content\/uploads\/2019\/10\/Flur-852x1280.jpg 852w, http:\/\/einsiedel-architekten.de\/cms\/wp-content\/uploads\/2019\/10\/Flur-439x660.jpg 439w\" sizes=\"auto, (max-width: 1278px) 100vw, 1278px\" \/><\/noscript><img decoding=\"async\" width=\"1278\" height=\"1920\" src=\"http:\/\/einsiedel-architekten.de\/cms\/wp-content\/uploads\/2019\/10\/Flur-1278x1920.jpg\" class=\"wp-image-446 vp-lazyload\" alt srcset=\"data:image\/svg+xml;base64,PHN2ZyB3aWR0aD0iMTI3OCIgaGVpZ2h0PSIxOTIwIiB2aWV3Qm94PSIwIDAgMTI3OCAxOTIwIiBmaWxsPSJub25lIiB4bWxucz0iaHR0cDovL3d3dy53My5vcmcvMjAwMC9zdmciPjwvc3ZnPg==\" data-src=\"http:\/\/einsiedel-architekten.de\/cms\/wp-content\/uploads\/2019\/10\/Flur-1278x1920.jpg\" data-srcset=\"http:\/\/einsiedel-architekten.de\/cms\/wp-content\/uploads\/2019\/10\/Flur-1278x1920.jpg 1278w, http:\/\/einsiedel-architekten.de\/cms\/wp-content\/uploads\/2019\/10\/Flur-200x300.jpg 200w, http:\/\/einsiedel-architekten.de\/cms\/wp-content\/uploads\/2019\/10\/Flur-768x1154.jpg 768w, http:\/\/einsiedel-architekten.de\/cms\/wp-content\/uploads\/2019\/10\/Flur-681x1024.jpg 681w, http:\/\/einsiedel-architekten.de\/cms\/wp-content\/uploads\/2019\/10\/Flur-333x500.jpg 333w, http:\/\/einsiedel-architekten.de\/cms\/wp-content\/uploads\/2019\/10\/Flur-532x800.jpg 532w, http:\/\/einsiedel-architekten.de\/cms\/wp-content\/uploads\/2019\/10\/Flur-852x1280.jpg 852w, http:\/\/einsiedel-architekten.de\/cms\/wp-content\/uploads\/2019\/10\/Flur-439x660.jpg 439w\" data-sizes=\"auto\" loading=\"eager\">\n\t\t<\/a>\t<\/div>\n<\/div>\n\t<div class=\"vp-portfolio__item-overlay\">\n\t\t\t<a\n\t\thref=\"http:\/\/einsiedel-architekten.de\/cms\/wp-content\/uploads\/2019\/10\/Flur-1278x1920.jpg\"\n\t\ttabindex=\"-1\" class=\"vp-portfolio__item-meta\" aria-label=\"SCH Flur\" \t data-rel=\"lightbox-image-7\" data-rl_title=\"\" data-rl_caption=\"\" title=\"\">\n\t\t\t<\/a>\t<\/div>\n\t\t\t\t<\/figure>\n\t\t\t\t\t<\/div>\n\t\t\n\t\t<div\t\tclass=\"vp-portfolio__item-wrap vp-portfolio__item-uid-66a137a1\" data-vp-filter=\"\" \t\t>\n\t\t\t<template class=\"vp-portfolio__item-popup\" data-vp-popup-img=\"http:\/\/einsiedel-architekten.de\/cms\/wp-content\/uploads\/2019\/10\/Zimmer.jpg\" data-vp-popup-img-srcset=\"http:\/\/einsiedel-architekten.de\/cms\/wp-content\/uploads\/2019\/10\/Zimmer.jpg 1876w, http:\/\/einsiedel-architekten.de\/cms\/wp-content\/uploads\/2019\/10\/Zimmer-300x200.jpg 300w, http:\/\/einsiedel-architekten.de\/cms\/wp-content\/uploads\/2019\/10\/Zimmer-768x512.jpg 768w, http:\/\/einsiedel-architekten.de\/cms\/wp-content\/uploads\/2019\/10\/Zimmer-1024x683.jpg 1024w, http:\/\/einsiedel-architekten.de\/cms\/wp-content\/uploads\/2019\/10\/Zimmer-500x333.jpg 500w, http:\/\/einsiedel-architekten.de\/cms\/wp-content\/uploads\/2019\/10\/Zimmer-800x533.jpg 800w, http:\/\/einsiedel-architekten.de\/cms\/wp-content\/uploads\/2019\/10\/Zimmer-1280x854.jpg 1280w, http:\/\/einsiedel-architekten.de\/cms\/wp-content\/uploads\/2019\/10\/Zimmer-990x660.jpg 990w\" data-vp-popup-img-size=\"1876x1251\" data-vp-popup-md-img=\"http:\/\/einsiedel-architekten.de\/cms\/wp-content\/uploads\/2019\/10\/Zimmer-800x533.jpg\" data-vp-popup-md-img-size=\"800x533\" data-vp-popup-sm-img=\"http:\/\/einsiedel-architekten.de\/cms\/wp-content\/uploads\/2019\/10\/Zimmer-500x333.jpg\" data-vp-popup-sm-img-size=\"500x333\">\n\t<\/template>\n\t\t\t\t\t\t<figure class=\"vp-portfolio__item\">\n\t\t\t\t\n<div class=\"vp-portfolio__item-img-wrap\">\n\t<div class=\"vp-portfolio__item-img\">\n\t\t\t<a\n\t\thref=\"http:\/\/einsiedel-architekten.de\/cms\/wp-content\/uploads\/2019\/10\/Zimmer.jpg\"\n\t\taria-label=\"SCH Zimmer\" \t data-rel=\"lightbox-image-8\" data-rl_title=\"\" data-rl_caption=\"\" title=\"\">\n\t\n\t\t<noscript><img loading=\"lazy\" decoding=\"async\" width=\"1876\" height=\"1251\" data-skip-lazy src=\"http:\/\/einsiedel-architekten.de\/cms\/wp-content\/uploads\/2019\/10\/Zimmer.jpg\" class=\"wp-image-452\" alt=\"\" srcset=\"http:\/\/einsiedel-architekten.de\/cms\/wp-content\/uploads\/2019\/10\/Zimmer.jpg 1876w, http:\/\/einsiedel-architekten.de\/cms\/wp-content\/uploads\/2019\/10\/Zimmer-300x200.jpg 300w, http:\/\/einsiedel-architekten.de\/cms\/wp-content\/uploads\/2019\/10\/Zimmer-768x512.jpg 768w, http:\/\/einsiedel-architekten.de\/cms\/wp-content\/uploads\/2019\/10\/Zimmer-1024x683.jpg 1024w, http:\/\/einsiedel-architekten.de\/cms\/wp-content\/uploads\/2019\/10\/Zimmer-500x333.jpg 500w, http:\/\/einsiedel-architekten.de\/cms\/wp-content\/uploads\/2019\/10\/Zimmer-800x533.jpg 800w, http:\/\/einsiedel-architekten.de\/cms\/wp-content\/uploads\/2019\/10\/Zimmer-1280x854.jpg 1280w, http:\/\/einsiedel-architekten.de\/cms\/wp-content\/uploads\/2019\/10\/Zimmer-990x660.jpg 990w\" sizes=\"auto, (max-width: 1876px) 100vw, 1876px\" \/><\/noscript><img decoding=\"async\" width=\"1876\" height=\"1251\" src=\"http:\/\/einsiedel-architekten.de\/cms\/wp-content\/uploads\/2019\/10\/Zimmer.jpg\" class=\"wp-image-452 vp-lazyload\" alt srcset=\"data:image\/svg+xml;base64,PHN2ZyB3aWR0aD0iMTg3NiIgaGVpZ2h0PSIxMjUxIiB2aWV3Qm94PSIwIDAgMTg3NiAxMjUxIiBmaWxsPSJub25lIiB4bWxucz0iaHR0cDovL3d3dy53My5vcmcvMjAwMC9zdmciPjwvc3ZnPg==\" data-src=\"http:\/\/einsiedel-architekten.de\/cms\/wp-content\/uploads\/2019\/10\/Zimmer.jpg\" data-srcset=\"http:\/\/einsiedel-architekten.de\/cms\/wp-content\/uploads\/2019\/10\/Zimmer.jpg 1876w, http:\/\/einsiedel-architekten.de\/cms\/wp-content\/uploads\/2019\/10\/Zimmer-300x200.jpg 300w, http:\/\/einsiedel-architekten.de\/cms\/wp-content\/uploads\/2019\/10\/Zimmer-768x512.jpg 768w, http:\/\/einsiedel-architekten.de\/cms\/wp-content\/uploads\/2019\/10\/Zimmer-1024x683.jpg 1024w, http:\/\/einsiedel-architekten.de\/cms\/wp-content\/uploads\/2019\/10\/Zimmer-500x333.jpg 500w, http:\/\/einsiedel-architekten.de\/cms\/wp-content\/uploads\/2019\/10\/Zimmer-800x533.jpg 800w, http:\/\/einsiedel-architekten.de\/cms\/wp-content\/uploads\/2019\/10\/Zimmer-1280x854.jpg 1280w, http:\/\/einsiedel-architekten.de\/cms\/wp-content\/uploads\/2019\/10\/Zimmer-990x660.jpg 990w\" data-sizes=\"auto\" loading=\"eager\">\n\t\t<\/a>\t<\/div>\n<\/div>\n\t<div class=\"vp-portfolio__item-overlay\">\n\t\t\t<a\n\t\thref=\"http:\/\/einsiedel-architekten.de\/cms\/wp-content\/uploads\/2019\/10\/Zimmer.jpg\"\n\t\ttabindex=\"-1\" class=\"vp-portfolio__item-meta\" aria-label=\"SCH Zimmer\" \t data-rel=\"lightbox-image-9\" data-rl_title=\"\" data-rl_caption=\"\" title=\"\">\n\t\t\t<\/a>\t<\/div>\n\t\t\t\t<\/figure>\n\t\t\t\t\t<\/div>\n\t\t\n\t\t<div\t\tclass=\"vp-portfolio__item-wrap vp-portfolio__item-uid-4714017e\" data-vp-filter=\"\" \t\t>\n\t\t\t<template class=\"vp-portfolio__item-popup\" data-vp-popup-img=\"http:\/\/einsiedel-architekten.de\/cms\/wp-content\/uploads\/2019\/10\/Schiebefenster.jpg\" data-vp-popup-img-srcset=\"http:\/\/einsiedel-architekten.de\/cms\/wp-content\/uploads\/2019\/10\/Schiebefenster.jpg 1876w, http:\/\/einsiedel-architekten.de\/cms\/wp-content\/uploads\/2019\/10\/Schiebefenster-300x200.jpg 300w, http:\/\/einsiedel-architekten.de\/cms\/wp-content\/uploads\/2019\/10\/Schiebefenster-768x512.jpg 768w, http:\/\/einsiedel-architekten.de\/cms\/wp-content\/uploads\/2019\/10\/Schiebefenster-1024x683.jpg 1024w, http:\/\/einsiedel-architekten.de\/cms\/wp-content\/uploads\/2019\/10\/Schiebefenster-500x333.jpg 500w, http:\/\/einsiedel-architekten.de\/cms\/wp-content\/uploads\/2019\/10\/Schiebefenster-800x533.jpg 800w, http:\/\/einsiedel-architekten.de\/cms\/wp-content\/uploads\/2019\/10\/Schiebefenster-1280x854.jpg 1280w, http:\/\/einsiedel-architekten.de\/cms\/wp-content\/uploads\/2019\/10\/Schiebefenster-990x660.jpg 990w\" data-vp-popup-img-size=\"1876x1251\" data-vp-popup-md-img=\"http:\/\/einsiedel-architekten.de\/cms\/wp-content\/uploads\/2019\/10\/Schiebefenster-800x533.jpg\" data-vp-popup-md-img-size=\"800x533\" data-vp-popup-sm-img=\"http:\/\/einsiedel-architekten.de\/cms\/wp-content\/uploads\/2019\/10\/Schiebefenster-500x333.jpg\" data-vp-popup-sm-img-size=\"500x333\">\n\t<\/template>\n\t\t\t\t\t\t<figure class=\"vp-portfolio__item\">\n\t\t\t\t\n<div class=\"vp-portfolio__item-img-wrap\">\n\t<div class=\"vp-portfolio__item-img\">\n\t\t\t<a\n\t\thref=\"http:\/\/einsiedel-architekten.de\/cms\/wp-content\/uploads\/2019\/10\/Schiebefenster.jpg\"\n\t\taria-label=\"SCH Fenster\" \t data-rel=\"lightbox-image-10\" data-rl_title=\"\" data-rl_caption=\"\" title=\"\">\n\t\n\t\t<noscript><img loading=\"lazy\" decoding=\"async\" width=\"1876\" height=\"1251\" data-skip-lazy src=\"http:\/\/einsiedel-architekten.de\/cms\/wp-content\/uploads\/2019\/10\/Schiebefenster.jpg\" class=\"wp-image-451\" alt=\"\" srcset=\"http:\/\/einsiedel-architekten.de\/cms\/wp-content\/uploads\/2019\/10\/Schiebefenster.jpg 1876w, http:\/\/einsiedel-architekten.de\/cms\/wp-content\/uploads\/2019\/10\/Schiebefenster-300x200.jpg 300w, http:\/\/einsiedel-architekten.de\/cms\/wp-content\/uploads\/2019\/10\/Schiebefenster-768x512.jpg 768w, http:\/\/einsiedel-architekten.de\/cms\/wp-content\/uploads\/2019\/10\/Schiebefenster-1024x683.jpg 1024w, http:\/\/einsiedel-architekten.de\/cms\/wp-content\/uploads\/2019\/10\/Schiebefenster-500x333.jpg 500w, http:\/\/einsiedel-architekten.de\/cms\/wp-content\/uploads\/2019\/10\/Schiebefenster-800x533.jpg 800w, http:\/\/einsiedel-architekten.de\/cms\/wp-content\/uploads\/2019\/10\/Schiebefenster-1280x854.jpg 1280w, http:\/\/einsiedel-architekten.de\/cms\/wp-content\/uploads\/2019\/10\/Schiebefenster-990x660.jpg 990w\" sizes=\"auto, (max-width: 1876px) 100vw, 1876px\" \/><\/noscript><img decoding=\"async\" width=\"1876\" height=\"1251\" src=\"http:\/\/einsiedel-architekten.de\/cms\/wp-content\/uploads\/2019\/10\/Schiebefenster.jpg\" class=\"wp-image-451 vp-lazyload\" alt srcset=\"data:image\/svg+xml;base64,PHN2ZyB3aWR0aD0iMTg3NiIgaGVpZ2h0PSIxMjUxIiB2aWV3Qm94PSIwIDAgMTg3NiAxMjUxIiBmaWxsPSJub25lIiB4bWxucz0iaHR0cDovL3d3dy53My5vcmcvMjAwMC9zdmciPjwvc3ZnPg==\" data-src=\"http:\/\/einsiedel-architekten.de\/cms\/wp-content\/uploads\/2019\/10\/Schiebefenster.jpg\" data-srcset=\"http:\/\/einsiedel-architekten.de\/cms\/wp-content\/uploads\/2019\/10\/Schiebefenster.jpg 1876w, http:\/\/einsiedel-architekten.de\/cms\/wp-content\/uploads\/2019\/10\/Schiebefenster-300x200.jpg 300w, http:\/\/einsiedel-architekten.de\/cms\/wp-content\/uploads\/2019\/10\/Schiebefenster-768x512.jpg 768w, http:\/\/einsiedel-architekten.de\/cms\/wp-content\/uploads\/2019\/10\/Schiebefenster-1024x683.jpg 1024w, http:\/\/einsiedel-architekten.de\/cms\/wp-content\/uploads\/2019\/10\/Schiebefenster-500x333.jpg 500w, http:\/\/einsiedel-architekten.de\/cms\/wp-content\/uploads\/2019\/10\/Schiebefenster-800x533.jpg 800w, http:\/\/einsiedel-architekten.de\/cms\/wp-content\/uploads\/2019\/10\/Schiebefenster-1280x854.jpg 1280w, http:\/\/einsiedel-architekten.de\/cms\/wp-content\/uploads\/2019\/10\/Schiebefenster-990x660.jpg 990w\" data-sizes=\"auto\" loading=\"eager\">\n\t\t<\/a>\t<\/div>\n<\/div>\n\t<div class=\"vp-portfolio__item-overlay\">\n\t\t\t<a\n\t\thref=\"http:\/\/einsiedel-architekten.de\/cms\/wp-content\/uploads\/2019\/10\/Schiebefenster.jpg\"\n\t\ttabindex=\"-1\" class=\"vp-portfolio__item-meta\" aria-label=\"SCH Fenster\" \t data-rel=\"lightbox-image-11\" data-rl_title=\"\" data-rl_caption=\"\" title=\"\">\n\t\t\t<\/a>\t<\/div>\n\t\t\t\t<\/figure>\n\t\t\t\t\t<\/div>\n\t\t\n\t\t<div\t\tclass=\"vp-portfolio__item-wrap vp-portfolio__item-uid-35662775\" data-vp-filter=\"\" \t\t>\n\t\t\t<template class=\"vp-portfolio__item-popup\" data-vp-popup-img=\"http:\/\/einsiedel-architekten.de\/cms\/wp-content\/uploads\/2019\/10\/K\u00fcche-1278x1920.jpg\" data-vp-popup-img-srcset=\"http:\/\/einsiedel-architekten.de\/cms\/wp-content\/uploads\/2019\/10\/K\u00fcche-1278x1920.jpg 1278w, http:\/\/einsiedel-architekten.de\/cms\/wp-content\/uploads\/2019\/10\/K\u00fcche-200x300.jpg 200w, http:\/\/einsiedel-architekten.de\/cms\/wp-content\/uploads\/2019\/10\/K\u00fcche-768x1154.jpg 768w, http:\/\/einsiedel-architekten.de\/cms\/wp-content\/uploads\/2019\/10\/K\u00fcche-681x1024.jpg 681w, http:\/\/einsiedel-architekten.de\/cms\/wp-content\/uploads\/2019\/10\/K\u00fcche-333x500.jpg 333w, http:\/\/einsiedel-architekten.de\/cms\/wp-content\/uploads\/2019\/10\/K\u00fcche-532x800.jpg 532w, http:\/\/einsiedel-architekten.de\/cms\/wp-content\/uploads\/2019\/10\/K\u00fcche-852x1280.jpg 852w, http:\/\/einsiedel-architekten.de\/cms\/wp-content\/uploads\/2019\/10\/K\u00fcche-439x660.jpg 439w\" data-vp-popup-img-size=\"1278x1920\" data-vp-popup-md-img=\"http:\/\/einsiedel-architekten.de\/cms\/wp-content\/uploads\/2019\/10\/K\u00fcche-532x800.jpg\" data-vp-popup-md-img-size=\"532x800\" data-vp-popup-sm-img=\"http:\/\/einsiedel-architekten.de\/cms\/wp-content\/uploads\/2019\/10\/K\u00fcche-333x500.jpg\" data-vp-popup-sm-img-size=\"333x500\">\n\t<\/template>\n\t\t\t\t\t\t<figure class=\"vp-portfolio__item\">\n\t\t\t\t\n<div class=\"vp-portfolio__item-img-wrap\">\n\t<div class=\"vp-portfolio__item-img\">\n\t\t\t<a\n\t\thref=\"http:\/\/einsiedel-architekten.de\/cms\/wp-content\/uploads\/2019\/10\/K\u00fcche-1278x1920.jpg\"\n\t\taria-label=\"SCH K\u00fcche\" \t data-rel=\"lightbox-image-12\" data-rl_title=\"\" data-rl_caption=\"\" title=\"\">\n\t\n\t\t<noscript><img loading=\"lazy\" decoding=\"async\" width=\"1278\" height=\"1920\" data-skip-lazy src=\"http:\/\/einsiedel-architekten.de\/cms\/wp-content\/uploads\/2019\/10\/K\u00fcche-1278x1920.jpg\" class=\"wp-image-448\" alt=\"\" srcset=\"http:\/\/einsiedel-architekten.de\/cms\/wp-content\/uploads\/2019\/10\/K\u00fcche-1278x1920.jpg 1278w, http:\/\/einsiedel-architekten.de\/cms\/wp-content\/uploads\/2019\/10\/K\u00fcche-200x300.jpg 200w, http:\/\/einsiedel-architekten.de\/cms\/wp-content\/uploads\/2019\/10\/K\u00fcche-768x1154.jpg 768w, http:\/\/einsiedel-architekten.de\/cms\/wp-content\/uploads\/2019\/10\/K\u00fcche-681x1024.jpg 681w, http:\/\/einsiedel-architekten.de\/cms\/wp-content\/uploads\/2019\/10\/K\u00fcche-333x500.jpg 333w, http:\/\/einsiedel-architekten.de\/cms\/wp-content\/uploads\/2019\/10\/K\u00fcche-532x800.jpg 532w, http:\/\/einsiedel-architekten.de\/cms\/wp-content\/uploads\/2019\/10\/K\u00fcche-852x1280.jpg 852w, http:\/\/einsiedel-architekten.de\/cms\/wp-content\/uploads\/2019\/10\/K\u00fcche-439x660.jpg 439w\" sizes=\"auto, (max-width: 1278px) 100vw, 1278px\" \/><\/noscript><img decoding=\"async\" width=\"1278\" height=\"1920\" src=\"http:\/\/einsiedel-architekten.de\/cms\/wp-content\/uploads\/2019\/10\/K\u00fcche-1278x1920.jpg\" class=\"wp-image-448 vp-lazyload\" alt srcset=\"data:image\/svg+xml;base64,PHN2ZyB3aWR0aD0iMTI3OCIgaGVpZ2h0PSIxOTIwIiB2aWV3Qm94PSIwIDAgMTI3OCAxOTIwIiBmaWxsPSJub25lIiB4bWxucz0iaHR0cDovL3d3dy53My5vcmcvMjAwMC9zdmciPjwvc3ZnPg==\" data-src=\"http:\/\/einsiedel-architekten.de\/cms\/wp-content\/uploads\/2019\/10\/K\u00fcche-1278x1920.jpg\" data-srcset=\"http:\/\/einsiedel-architekten.de\/cms\/wp-content\/uploads\/2019\/10\/K\u00fcche-1278x1920.jpg 1278w, http:\/\/einsiedel-architekten.de\/cms\/wp-content\/uploads\/2019\/10\/K\u00fcche-200x300.jpg 200w, http:\/\/einsiedel-architekten.de\/cms\/wp-content\/uploads\/2019\/10\/K\u00fcche-768x1154.jpg 768w, http:\/\/einsiedel-architekten.de\/cms\/wp-content\/uploads\/2019\/10\/K\u00fcche-681x1024.jpg 681w, http:\/\/einsiedel-architekten.de\/cms\/wp-content\/uploads\/2019\/10\/K\u00fcche-333x500.jpg 333w, http:\/\/einsiedel-architekten.de\/cms\/wp-content\/uploads\/2019\/10\/K\u00fcche-532x800.jpg 532w, http:\/\/einsiedel-architekten.de\/cms\/wp-content\/uploads\/2019\/10\/K\u00fcche-852x1280.jpg 852w, http:\/\/einsiedel-architekten.de\/cms\/wp-content\/uploads\/2019\/10\/K\u00fcche-439x660.jpg 439w\" data-sizes=\"auto\" loading=\"eager\">\n\t\t<\/a>\t<\/div>\n<\/div>\n\t<div class=\"vp-portfolio__item-overlay\">\n\t\t\t<a\n\t\thref=\"http:\/\/einsiedel-architekten.de\/cms\/wp-content\/uploads\/2019\/10\/K\u00fcche-1278x1920.jpg\"\n\t\ttabindex=\"-1\" class=\"vp-portfolio__item-meta\" aria-label=\"SCH K\u00fcche\" \t data-rel=\"lightbox-image-13\" data-rl_title=\"\" data-rl_caption=\"\" title=\"\">\n\t\t\t<\/a>\t<\/div>\n\t\t\t\t<\/figure>\n\t\t\t\t\t<\/div>\n\t\t\n\t\t<div\t\tclass=\"vp-portfolio__item-wrap vp-portfolio__item-uid-9a1af963\" data-vp-filter=\"\" \t\t>\n\t\t\t<template class=\"vp-portfolio__item-popup\" data-vp-popup-img=\"http:\/\/einsiedel-architekten.de\/cms\/wp-content\/uploads\/2019\/10\/SCH-B-1920x1357.jpg\" data-vp-popup-img-srcset=\"http:\/\/einsiedel-architekten.de\/cms\/wp-content\/uploads\/2019\/10\/SCH-B-1920x1357.jpg 1920w, http:\/\/einsiedel-architekten.de\/cms\/wp-content\/uploads\/2019\/10\/SCH-B-300x212.jpg 300w, http:\/\/einsiedel-architekten.de\/cms\/wp-content\/uploads\/2019\/10\/SCH-B-768x543.jpg 768w, http:\/\/einsiedel-architekten.de\/cms\/wp-content\/uploads\/2019\/10\/SCH-B-1024x724.jpg 1024w, http:\/\/einsiedel-architekten.de\/cms\/wp-content\/uploads\/2019\/10\/SCH-B-500x353.jpg 500w, http:\/\/einsiedel-architekten.de\/cms\/wp-content\/uploads\/2019\/10\/SCH-B-800x565.jpg 800w, http:\/\/einsiedel-architekten.de\/cms\/wp-content\/uploads\/2019\/10\/SCH-B-1280x905.jpg 1280w, http:\/\/einsiedel-architekten.de\/cms\/wp-content\/uploads\/2019\/10\/SCH-B-934x660.jpg 934w\" data-vp-popup-img-size=\"1920x1357\" data-vp-popup-md-img=\"http:\/\/einsiedel-architekten.de\/cms\/wp-content\/uploads\/2019\/10\/SCH-B-800x565.jpg\" data-vp-popup-md-img-size=\"800x565\" data-vp-popup-sm-img=\"http:\/\/einsiedel-architekten.de\/cms\/wp-content\/uploads\/2019\/10\/SCH-B-500x353.jpg\" data-vp-popup-sm-img-size=\"500x353\">\n\t<\/template>\n\t\t\t\t\t\t<figure class=\"vp-portfolio__item\">\n\t\t\t\t\n<div class=\"vp-portfolio__item-img-wrap\">\n\t<div class=\"vp-portfolio__item-img\">\n\t\t\t<a\n\t\thref=\"http:\/\/einsiedel-architekten.de\/cms\/wp-content\/uploads\/2019\/10\/SCH-B-1920x1357.jpg\"\n\t\taria-label=\"SCH SCH B\" \t data-rel=\"lightbox-image-14\" data-rl_title=\"\" data-rl_caption=\"\" title=\"\">\n\t\n\t\t<noscript><img loading=\"lazy\" decoding=\"async\" width=\"1920\" height=\"1357\" data-skip-lazy src=\"http:\/\/einsiedel-architekten.de\/cms\/wp-content\/uploads\/2019\/10\/SCH-B-1920x1357.jpg\" class=\"wp-image-450\" alt=\"\" srcset=\"http:\/\/einsiedel-architekten.de\/cms\/wp-content\/uploads\/2019\/10\/SCH-B-1920x1357.jpg 1920w, http:\/\/einsiedel-architekten.de\/cms\/wp-content\/uploads\/2019\/10\/SCH-B-300x212.jpg 300w, http:\/\/einsiedel-architekten.de\/cms\/wp-content\/uploads\/2019\/10\/SCH-B-768x543.jpg 768w, http:\/\/einsiedel-architekten.de\/cms\/wp-content\/uploads\/2019\/10\/SCH-B-1024x724.jpg 1024w, http:\/\/einsiedel-architekten.de\/cms\/wp-content\/uploads\/2019\/10\/SCH-B-500x353.jpg 500w, http:\/\/einsiedel-architekten.de\/cms\/wp-content\/uploads\/2019\/10\/SCH-B-800x565.jpg 800w, http:\/\/einsiedel-architekten.de\/cms\/wp-content\/uploads\/2019\/10\/SCH-B-1280x905.jpg 1280w, http:\/\/einsiedel-architekten.de\/cms\/wp-content\/uploads\/2019\/10\/SCH-B-934x660.jpg 934w\" sizes=\"auto, (max-width: 1920px) 100vw, 1920px\" \/><\/noscript><img decoding=\"async\" width=\"1920\" height=\"1357\" src=\"http:\/\/einsiedel-architekten.de\/cms\/wp-content\/uploads\/2019\/10\/SCH-B-1920x1357.jpg\" class=\"wp-image-450 vp-lazyload\" alt srcset=\"data:image\/svg+xml;base64,PHN2ZyB3aWR0aD0iMTkyMCIgaGVpZ2h0PSIxMzU3IiB2aWV3Qm94PSIwIDAgMTkyMCAxMzU3IiBmaWxsPSJub25lIiB4bWxucz0iaHR0cDovL3d3dy53My5vcmcvMjAwMC9zdmciPjwvc3ZnPg==\" data-src=\"http:\/\/einsiedel-architekten.de\/cms\/wp-content\/uploads\/2019\/10\/SCH-B-1920x1357.jpg\" data-srcset=\"http:\/\/einsiedel-architekten.de\/cms\/wp-content\/uploads\/2019\/10\/SCH-B-1920x1357.jpg 1920w, http:\/\/einsiedel-architekten.de\/cms\/wp-content\/uploads\/2019\/10\/SCH-B-300x212.jpg 300w, http:\/\/einsiedel-architekten.de\/cms\/wp-content\/uploads\/2019\/10\/SCH-B-768x543.jpg 768w, http:\/\/einsiedel-architekten.de\/cms\/wp-content\/uploads\/2019\/10\/SCH-B-1024x724.jpg 1024w, http:\/\/einsiedel-architekten.de\/cms\/wp-content\/uploads\/2019\/10\/SCH-B-500x353.jpg 500w, http:\/\/einsiedel-architekten.de\/cms\/wp-content\/uploads\/2019\/10\/SCH-B-800x565.jpg 800w, http:\/\/einsiedel-architekten.de\/cms\/wp-content\/uploads\/2019\/10\/SCH-B-1280x905.jpg 1280w, http:\/\/einsiedel-architekten.de\/cms\/wp-content\/uploads\/2019\/10\/SCH-B-934x660.jpg 934w\" data-sizes=\"auto\" loading=\"eager\">\n\t\t<\/a>\t<\/div>\n<\/div>\n\t<div class=\"vp-portfolio__item-overlay\">\n\t\t\t<a\n\t\thref=\"http:\/\/einsiedel-architekten.de\/cms\/wp-content\/uploads\/2019\/10\/SCH-B-1920x1357.jpg\"\n\t\ttabindex=\"-1\" class=\"vp-portfolio__item-meta\" aria-label=\"SCH SCH B\" \t data-rel=\"lightbox-image-15\" data-rl_title=\"\" data-rl_caption=\"\" title=\"\">\n\t\t\t<\/a>\t<\/div>\n\t\t\t\t<\/figure>\n\t\t\t\t\t<\/div>\n\t\t\n<\/div>\n\n<div class=\"vp-portfolio__items-arrow vp-portfolio__items-arrow-prev\" tabindex=\"0\" role=\"button\" aria-label=\"Previous Slide\">\n\t\n<svg class=\"vp-svg-icon\" width=\"20\" height=\"20\" viewBox=\"0 0 20 20\" fill=\"none\" xmlns=\"http:\/\/www.w3.org\/2000\/svg\">\n\t<path d=\"M12 4L6 10L12 16\" stroke=\"currentColor\" stroke-width=\"1.5\" stroke-linecap=\"round\" stroke-linejoin=\"round\" fill=\"transparent\" \/>\n<\/svg>\n<\/div>\n<div class=\"vp-portfolio__items-arrow vp-portfolio__items-arrow-next\" tabindex=\"0\" role=\"button\" aria-label=\"Next Slide\">\n\t\n<svg class=\"vp-svg-icon\" width=\"20\" height=\"20\" viewBox=\"0 0 20 20\" fill=\"none\" xmlns=\"http:\/\/www.w3.org\/2000\/svg\">\n\t<path d=\"M8 4L14 10L8 16\" stroke=\"currentColor\" stroke-width=\"1.5\" stroke-linecap=\"round\" stroke-linejoin=\"round\" fill=\"transparent\" \/>\n<\/svg>\n<\/div>\n\n<div class=\"vp-portfolio__items-bullets\"><\/div>\n\t\t<\/div>\n\t\t\n<\/div>\n<\/div>\n\n\n\n<p><\/p>\n\n\n\n<p style=\"color:#dd890b\" class=\"has-text-color\">VILLA SCHEUFELEN<br>Pfizerstrasse 2E, 70184 Stuttgart<br>Sanierung und Umnutzung Villa Scheufelen zur Freien Grundschule<br><br>Denkmalschutzpreis 2016 Baden-W\u00fcrttemberg <br><br><\/p>\n\n\n\n<p>ECKDATEN<br>Bauherr Marcus Lehmann<br>BGF 520 qm, Unterrichtsr\u00e4ume f\u00fcr Freie Grundschule des <br>Kolping-Bildungswerks BW<br>Planungs- und Bauzeit 2013-15<br>Baukosten KG 300-400 750 T\u20ac<br>von Einsiedel Architekten, Stuttgart<br><br><\/p>\n\n\n\n<p>Der Architekt Kurt D\u00fcbbers, Partner im B\u00fcro von Paul Bonatz, hat  1936 das 4-gescho\u00dfige Wohnhaus am Hang mit Blick auf die Stadt  f\u00fcr den Industriellen Heinrich Scheuffelen errichtet. Es liegt inmitten  einer gro\u00dfen, vom Landschaftsarchitekten Otto Valentien gestalteten Gartenanlage. Im Rahmen einer Ausschreibung hat die Stadt einer neuen Nutzung des Geb\u00e4udes als Grundschule zugestimmt und es mit dieser  Auflage verkauft. Das reformp\u00e4dagogische Schulkonzept war mit  minimalen Eingriffen in die Denkmalsubstanz m\u00f6glich.<\/p>\n\n\n\n<p><br>Die vorhandenen Bauelemente und Oberfl\u00e4chen wurden behutsam repariert und aufgearbeitet, die haustechnischen Installationen nur  soweit n\u00f6tig modifiziert und erg\u00e4nzt, die wenigen, durch Bauvorschriften f\u00fcr Schulbau bestimmten neuen Bauelemente zur\u00fcckhaltend gestaltetet und dem historischen Bestand eingepasst. Die besondere Qualit\u00e4t des Projekts besteht in einer weitestgehend  konfliktfreien und harmonischen Symbiose von zwei auf ersten Blick  gegens\u00e4tzlichen Anforderungen: der Nutzungs\u00e4nderung von Wohnen zu chule und der Sicherung eines bedeutenden Baudenkmals.<\/p>\n","protected":false},"excerpt":{"rendered":"<p>VILLA SCHEUFELENPfizerstrasse 2E, 70184 StuttgartSanierung und Umnutzung Villa Scheufelen zur Freien Grundschule Denkmalschutzpreis 2016 Baden-W\u00fcrttemberg ECKDATENBauherr Marcus LehmannBGF 520 qm, Unterrichtsr\u00e4ume f\u00fcr Freie Grundschule des Kolping-Bildungswerks BWPlanungs- und Bauzeit 2013-15Baukosten KG 300-400 750 T\u20acvon Einsiedel Architekten, Stuttgart Der Architekt Kurt D\u00fcbbers, Partner im B\u00fcro von Paul Bonatz, hat 1936 das 4-gescho\u00dfige Wohnhaus am Hang mit [&hellip;]<\/p>\n","protected":false},"author":2,"featured_media":0,"parent":0,"menu_order":0,"comment_status":"closed","ping_status":"closed","template":"","meta":{"_vp_format_video_url":"","_vp_image_focal_point":[],"footnotes":""},"folder":[5],"class_list":["post-153","page","type-page","status-publish","hentry"],"_links":{"self":[{"href":"http:\/\/einsiedel-architekten.de\/cms\/wp-json\/wp\/v2\/pages\/153","targetHints":{"allow":["GET"]}}],"collection":[{"href":"http:\/\/einsiedel-architekten.de\/cms\/wp-json\/wp\/v2\/pages"}],"about":[{"href":"http:\/\/einsiedel-architekten.de\/cms\/wp-json\/wp\/v2\/types\/page"}],"author":[{"embeddable":true,"href":"http:\/\/einsiedel-architekten.de\/cms\/wp-json\/wp\/v2\/users\/2"}],"replies":[{"embeddable":true,"href":"http:\/\/einsiedel-architekten.de\/cms\/wp-json\/wp\/v2\/comments?post=153"}],"version-history":[{"count":23,"href":"http:\/\/einsiedel-architekten.de\/cms\/wp-json\/wp\/v2\/pages\/153\/revisions"}],"predecessor-version":[{"id":1404,"href":"http:\/\/einsiedel-architekten.de\/cms\/wp-json\/wp\/v2\/pages\/153\/revisions\/1404"}],"wp:attachment":[{"href":"http:\/\/einsiedel-architekten.de\/cms\/wp-json\/wp\/v2\/media?parent=153"}],"wp:term":[{"taxonomy":"folder","embeddable":true,"href":"http:\/\/einsiedel-architekten.de\/cms\/wp-json\/wp\/v2\/folder?post=153"}],"curies":[{"name":"wp","href":"https:\/\/api.w.org\/{rel}","templated":true}]}}