{"id":145,"date":"2019-10-18T11:16:04","date_gmt":"2019-10-18T09:16:04","guid":{"rendered":"http:\/\/einsiedel-architekten.de\/cms\/?page_id=145"},"modified":"2019-11-20T17:07:21","modified_gmt":"2019-11-20T16:07:21","slug":"villa-sinner","status":"publish","type":"page","link":"http:\/\/einsiedel-architekten.de\/cms\/villa-sinner\/","title":{"rendered":"2018 villa sinner, karlsruhe"},"content":{"rendered":"\n\n<div class=\"vp-portfolio vp-uid-e2b5dd1b vp-id-868 \"\n\tdata-vp-layout=\"slider\" data-vp-content-source=\"images\" data-vp-items-style=\"fly\" data-vp-items-click-action=\"popup_gallery\" data-vp-items-gap=\"15\" data-vp-items-gap-vertical=\"\" data-vp-pagination=\"load-more\" data-vp-next-page-url=\"\" data-vp-slider-effect=\"slide\" data-vp-slider-items-height=\"80%\" data-vp-slider-items-min-height=\"\" data-vp-slider-slides-per-view=\"2\" data-vp-slider-speed=\"1.5\" data-vp-slider-autoplay=\"4\" data-vp-slider-autoplay-hover-pause=\"false\" data-vp-slider-centered-slides=\"true\" data-vp-slider-loop=\"false\" data-vp-slider-free-mode=\"false\" data-vp-slider-free-mode-sticky=\"false\" data-vp-slider-arrows=\"true\" data-vp-slider-bullets=\"true\" data-vp-slider-bullets-dynamic=\"false\" data-vp-slider-mousewheel=\"false\" data-vp-slider-thumbnails=\"false\" >\n\t<div class=\"vp-portfolio__preloader-wrap\">\n\t\t<div class=\"vp-portfolio__preloader\">\n\t\t\t<img decoding=\"async\" loading=\"eager\" src=\"http:\/\/einsiedel-architekten.de\/cms\/wp-content\/plugins\/visual-portfolio\/assets\/images\/logo-dark.svg\" alt=\"Visual Portfolio, Posts &amp; Image Gallery for WordPress\" width=\"20\" height=\"20\" data-skip-lazy>\n\t\t<\/div>\n\t<\/div>\n\t\t<div class=\"vp-portfolio__items-wrap\">\n\t\t\t\n<div class=\"vp-portfolio__items vp-portfolio__items-style-fly vp-portfolio__items-show-overlay-hover\">\n\n\t\t<div\t\tclass=\"vp-portfolio__item-wrap vp-portfolio__item-uid-55909ff2\" data-vp-filter=\"\" \t\t>\n\t\t\t<template class=\"vp-portfolio__item-popup\" data-vp-popup-img=\"http:\/\/einsiedel-architekten.de\/cms\/wp-content\/uploads\/2019\/11\/villa-sinner-treppe-1-1920x1440.jpg\" data-vp-popup-img-srcset=\"http:\/\/einsiedel-architekten.de\/cms\/wp-content\/uploads\/2019\/11\/villa-sinner-treppe-1-1920x1440.jpg 1920w, http:\/\/einsiedel-architekten.de\/cms\/wp-content\/uploads\/2019\/11\/villa-sinner-treppe-1-300x225.jpg 300w, http:\/\/einsiedel-architekten.de\/cms\/wp-content\/uploads\/2019\/11\/villa-sinner-treppe-1-1024x768.jpg 1024w, http:\/\/einsiedel-architekten.de\/cms\/wp-content\/uploads\/2019\/11\/villa-sinner-treppe-1-768x576.jpg 768w, http:\/\/einsiedel-architekten.de\/cms\/wp-content\/uploads\/2019\/11\/villa-sinner-treppe-1-500x375.jpg 500w, http:\/\/einsiedel-architekten.de\/cms\/wp-content\/uploads\/2019\/11\/villa-sinner-treppe-1-800x600.jpg 800w, http:\/\/einsiedel-architekten.de\/cms\/wp-content\/uploads\/2019\/11\/villa-sinner-treppe-1-1280x960.jpg 1280w, http:\/\/einsiedel-architekten.de\/cms\/wp-content\/uploads\/2019\/11\/villa-sinner-treppe-1-1536x1152.jpg 1536w, http:\/\/einsiedel-architekten.de\/cms\/wp-content\/uploads\/2019\/11\/villa-sinner-treppe-1-2048x1536.jpg 2048w, http:\/\/einsiedel-architekten.de\/cms\/wp-content\/uploads\/2019\/11\/villa-sinner-treppe-1-880x660.jpg 880w\" data-vp-popup-img-size=\"1920x1440\" data-vp-popup-md-img=\"http:\/\/einsiedel-architekten.de\/cms\/wp-content\/uploads\/2019\/11\/villa-sinner-treppe-1-800x600.jpg\" data-vp-popup-md-img-size=\"800x600\" data-vp-popup-sm-img=\"http:\/\/einsiedel-architekten.de\/cms\/wp-content\/uploads\/2019\/11\/villa-sinner-treppe-1-500x375.jpg\" data-vp-popup-sm-img-size=\"500x375\">\n\t<\/template>\n\t\t\t\t\t\t<figure class=\"vp-portfolio__item\">\n\t\t\t\t\n<div class=\"vp-portfolio__item-img-wrap\">\n\t<div class=\"vp-portfolio__item-img\">\n\t\t\t<a\n\t\thref=\"http:\/\/einsiedel-architekten.de\/cms\/wp-content\/uploads\/2019\/11\/villa-sinner-treppe-1-1920x1440.jpg\"\n\t\taria-label=\"villa sinner treppe\" \t data-rel=\"lightbox-image-0\" data-rl_title=\"\" data-rl_caption=\"\" title=\"\">\n\t\n\t\t<noscript><img loading=\"lazy\" decoding=\"async\" width=\"1920\" height=\"1440\" data-skip-lazy src=\"http:\/\/einsiedel-architekten.de\/cms\/wp-content\/uploads\/2019\/11\/villa-sinner-treppe-1-1920x1440.jpg\" class=\"wp-image-865\" alt=\"\" srcset=\"http:\/\/einsiedel-architekten.de\/cms\/wp-content\/uploads\/2019\/11\/villa-sinner-treppe-1-1920x1440.jpg 1920w, http:\/\/einsiedel-architekten.de\/cms\/wp-content\/uploads\/2019\/11\/villa-sinner-treppe-1-300x225.jpg 300w, http:\/\/einsiedel-architekten.de\/cms\/wp-content\/uploads\/2019\/11\/villa-sinner-treppe-1-1024x768.jpg 1024w, http:\/\/einsiedel-architekten.de\/cms\/wp-content\/uploads\/2019\/11\/villa-sinner-treppe-1-768x576.jpg 768w, http:\/\/einsiedel-architekten.de\/cms\/wp-content\/uploads\/2019\/11\/villa-sinner-treppe-1-500x375.jpg 500w, http:\/\/einsiedel-architekten.de\/cms\/wp-content\/uploads\/2019\/11\/villa-sinner-treppe-1-800x600.jpg 800w, http:\/\/einsiedel-architekten.de\/cms\/wp-content\/uploads\/2019\/11\/villa-sinner-treppe-1-1280x960.jpg 1280w, http:\/\/einsiedel-architekten.de\/cms\/wp-content\/uploads\/2019\/11\/villa-sinner-treppe-1-1536x1152.jpg 1536w, http:\/\/einsiedel-architekten.de\/cms\/wp-content\/uploads\/2019\/11\/villa-sinner-treppe-1-2048x1536.jpg 2048w, http:\/\/einsiedel-architekten.de\/cms\/wp-content\/uploads\/2019\/11\/villa-sinner-treppe-1-880x660.jpg 880w\" sizes=\"auto, (max-width: 1920px) 100vw, 1920px\" \/><\/noscript><img fetchpriority=\"high\" decoding=\"async\" width=\"1920\" height=\"1440\" src=\"http:\/\/einsiedel-architekten.de\/cms\/wp-content\/uploads\/2019\/11\/villa-sinner-treppe-1-1920x1440.jpg\" class=\"wp-image-865 vp-lazyload\" alt srcset=\"data:image\/svg+xml;base64,PHN2ZyB3aWR0aD0iMTkyMCIgaGVpZ2h0PSIxNDQwIiB2aWV3Qm94PSIwIDAgMTkyMCAxNDQwIiBmaWxsPSJub25lIiB4bWxucz0iaHR0cDovL3d3dy53My5vcmcvMjAwMC9zdmciPjwvc3ZnPg==\" data-src=\"http:\/\/einsiedel-architekten.de\/cms\/wp-content\/uploads\/2019\/11\/villa-sinner-treppe-1-1920x1440.jpg\" data-srcset=\"http:\/\/einsiedel-architekten.de\/cms\/wp-content\/uploads\/2019\/11\/villa-sinner-treppe-1-1920x1440.jpg 1920w, http:\/\/einsiedel-architekten.de\/cms\/wp-content\/uploads\/2019\/11\/villa-sinner-treppe-1-300x225.jpg 300w, http:\/\/einsiedel-architekten.de\/cms\/wp-content\/uploads\/2019\/11\/villa-sinner-treppe-1-1024x768.jpg 1024w, http:\/\/einsiedel-architekten.de\/cms\/wp-content\/uploads\/2019\/11\/villa-sinner-treppe-1-768x576.jpg 768w, http:\/\/einsiedel-architekten.de\/cms\/wp-content\/uploads\/2019\/11\/villa-sinner-treppe-1-500x375.jpg 500w, http:\/\/einsiedel-architekten.de\/cms\/wp-content\/uploads\/2019\/11\/villa-sinner-treppe-1-800x600.jpg 800w, http:\/\/einsiedel-architekten.de\/cms\/wp-content\/uploads\/2019\/11\/villa-sinner-treppe-1-1280x960.jpg 1280w, http:\/\/einsiedel-architekten.de\/cms\/wp-content\/uploads\/2019\/11\/villa-sinner-treppe-1-1536x1152.jpg 1536w, http:\/\/einsiedel-architekten.de\/cms\/wp-content\/uploads\/2019\/11\/villa-sinner-treppe-1-2048x1536.jpg 2048w, http:\/\/einsiedel-architekten.de\/cms\/wp-content\/uploads\/2019\/11\/villa-sinner-treppe-1-880x660.jpg 880w\" data-sizes=\"auto\" loading=\"eager\">\n\t\t<\/a>\t<\/div>\n<\/div>\n\t<div class=\"vp-portfolio__item-overlay\">\n\t\t\t<a\n\t\thref=\"http:\/\/einsiedel-architekten.de\/cms\/wp-content\/uploads\/2019\/11\/villa-sinner-treppe-1-1920x1440.jpg\"\n\t\ttabindex=\"-1\" class=\"vp-portfolio__item-meta\" aria-label=\"villa sinner treppe\" \t data-rel=\"lightbox-image-1\" data-rl_title=\"\" data-rl_caption=\"\" title=\"\">\n\t\t\t<\/a>\t<\/div>\n\t\t\t\t<\/figure>\n\t\t\t\t\t<\/div>\n\t\t\n\t\t<div\t\tclass=\"vp-portfolio__item-wrap vp-portfolio__item-uid-7425a92d\" data-vp-filter=\"\" \t\t>\n\t\t\t<template class=\"vp-portfolio__item-popup\" data-vp-popup-img=\"http:\/\/einsiedel-architekten.de\/cms\/wp-content\/uploads\/2019\/11\/villa-sinner-treppe-2-1440x1920.jpg\" data-vp-popup-img-srcset=\"http:\/\/einsiedel-architekten.de\/cms\/wp-content\/uploads\/2019\/11\/villa-sinner-treppe-2-1440x1920.jpg 1440w, http:\/\/einsiedel-architekten.de\/cms\/wp-content\/uploads\/2019\/11\/villa-sinner-treppe-2-225x300.jpg 225w, http:\/\/einsiedel-architekten.de\/cms\/wp-content\/uploads\/2019\/11\/villa-sinner-treppe-2-768x1024.jpg 768w, http:\/\/einsiedel-architekten.de\/cms\/wp-content\/uploads\/2019\/11\/villa-sinner-treppe-2-375x500.jpg 375w, http:\/\/einsiedel-architekten.de\/cms\/wp-content\/uploads\/2019\/11\/villa-sinner-treppe-2-600x800.jpg 600w, http:\/\/einsiedel-architekten.de\/cms\/wp-content\/uploads\/2019\/11\/villa-sinner-treppe-2-960x1280.jpg 960w, http:\/\/einsiedel-architekten.de\/cms\/wp-content\/uploads\/2019\/11\/villa-sinner-treppe-2-1152x1536.jpg 1152w, http:\/\/einsiedel-architekten.de\/cms\/wp-content\/uploads\/2019\/11\/villa-sinner-treppe-2-1536x2048.jpg 1536w, http:\/\/einsiedel-architekten.de\/cms\/wp-content\/uploads\/2019\/11\/villa-sinner-treppe-2-495x660.jpg 495w\" data-vp-popup-img-size=\"1440x1920\" data-vp-popup-md-img=\"http:\/\/einsiedel-architekten.de\/cms\/wp-content\/uploads\/2019\/11\/villa-sinner-treppe-2-600x800.jpg\" data-vp-popup-md-img-size=\"600x800\" data-vp-popup-sm-img=\"http:\/\/einsiedel-architekten.de\/cms\/wp-content\/uploads\/2019\/11\/villa-sinner-treppe-2-375x500.jpg\" data-vp-popup-sm-img-size=\"375x500\">\n\t<\/template>\n\t\t\t\t\t\t<figure class=\"vp-portfolio__item\">\n\t\t\t\t\n<div class=\"vp-portfolio__item-img-wrap\">\n\t<div class=\"vp-portfolio__item-img\">\n\t\t\t<a\n\t\thref=\"http:\/\/einsiedel-architekten.de\/cms\/wp-content\/uploads\/2019\/11\/villa-sinner-treppe-2-1440x1920.jpg\"\n\t\taria-label=\"villa sinner treppe 2\" \t data-rel=\"lightbox-image-2\" data-rl_title=\"\" data-rl_caption=\"\" title=\"\">\n\t\n\t\t<noscript><img loading=\"lazy\" decoding=\"async\" width=\"1440\" height=\"1920\" data-skip-lazy src=\"http:\/\/einsiedel-architekten.de\/cms\/wp-content\/uploads\/2019\/11\/villa-sinner-treppe-2-1440x1920.jpg\" class=\"wp-image-866\" alt=\"\" srcset=\"http:\/\/einsiedel-architekten.de\/cms\/wp-content\/uploads\/2019\/11\/villa-sinner-treppe-2-1440x1920.jpg 1440w, http:\/\/einsiedel-architekten.de\/cms\/wp-content\/uploads\/2019\/11\/villa-sinner-treppe-2-225x300.jpg 225w, http:\/\/einsiedel-architekten.de\/cms\/wp-content\/uploads\/2019\/11\/villa-sinner-treppe-2-768x1024.jpg 768w, http:\/\/einsiedel-architekten.de\/cms\/wp-content\/uploads\/2019\/11\/villa-sinner-treppe-2-375x500.jpg 375w, http:\/\/einsiedel-architekten.de\/cms\/wp-content\/uploads\/2019\/11\/villa-sinner-treppe-2-600x800.jpg 600w, http:\/\/einsiedel-architekten.de\/cms\/wp-content\/uploads\/2019\/11\/villa-sinner-treppe-2-960x1280.jpg 960w, http:\/\/einsiedel-architekten.de\/cms\/wp-content\/uploads\/2019\/11\/villa-sinner-treppe-2-1152x1536.jpg 1152w, http:\/\/einsiedel-architekten.de\/cms\/wp-content\/uploads\/2019\/11\/villa-sinner-treppe-2-1536x2048.jpg 1536w, http:\/\/einsiedel-architekten.de\/cms\/wp-content\/uploads\/2019\/11\/villa-sinner-treppe-2-495x660.jpg 495w\" sizes=\"auto, (max-width: 1440px) 100vw, 1440px\" \/><\/noscript><img decoding=\"async\" width=\"1440\" height=\"1920\" src=\"http:\/\/einsiedel-architekten.de\/cms\/wp-content\/uploads\/2019\/11\/villa-sinner-treppe-2-1440x1920.jpg\" class=\"wp-image-866 vp-lazyload\" alt srcset=\"data:image\/svg+xml;base64,PHN2ZyB3aWR0aD0iMTQ0MCIgaGVpZ2h0PSIxOTIwIiB2aWV3Qm94PSIwIDAgMTQ0MCAxOTIwIiBmaWxsPSJub25lIiB4bWxucz0iaHR0cDovL3d3dy53My5vcmcvMjAwMC9zdmciPjwvc3ZnPg==\" data-src=\"http:\/\/einsiedel-architekten.de\/cms\/wp-content\/uploads\/2019\/11\/villa-sinner-treppe-2-1440x1920.jpg\" data-srcset=\"http:\/\/einsiedel-architekten.de\/cms\/wp-content\/uploads\/2019\/11\/villa-sinner-treppe-2-1440x1920.jpg 1440w, http:\/\/einsiedel-architekten.de\/cms\/wp-content\/uploads\/2019\/11\/villa-sinner-treppe-2-225x300.jpg 225w, http:\/\/einsiedel-architekten.de\/cms\/wp-content\/uploads\/2019\/11\/villa-sinner-treppe-2-768x1024.jpg 768w, http:\/\/einsiedel-architekten.de\/cms\/wp-content\/uploads\/2019\/11\/villa-sinner-treppe-2-375x500.jpg 375w, http:\/\/einsiedel-architekten.de\/cms\/wp-content\/uploads\/2019\/11\/villa-sinner-treppe-2-600x800.jpg 600w, http:\/\/einsiedel-architekten.de\/cms\/wp-content\/uploads\/2019\/11\/villa-sinner-treppe-2-960x1280.jpg 960w, http:\/\/einsiedel-architekten.de\/cms\/wp-content\/uploads\/2019\/11\/villa-sinner-treppe-2-1152x1536.jpg 1152w, http:\/\/einsiedel-architekten.de\/cms\/wp-content\/uploads\/2019\/11\/villa-sinner-treppe-2-1536x2048.jpg 1536w, http:\/\/einsiedel-architekten.de\/cms\/wp-content\/uploads\/2019\/11\/villa-sinner-treppe-2-495x660.jpg 495w\" data-sizes=\"auto\" loading=\"eager\">\n\t\t<\/a>\t<\/div>\n<\/div>\n\t<div class=\"vp-portfolio__item-overlay\">\n\t\t\t<a\n\t\thref=\"http:\/\/einsiedel-architekten.de\/cms\/wp-content\/uploads\/2019\/11\/villa-sinner-treppe-2-1440x1920.jpg\"\n\t\ttabindex=\"-1\" class=\"vp-portfolio__item-meta\" aria-label=\"villa sinner treppe 2\" \t data-rel=\"lightbox-image-3\" data-rl_title=\"\" data-rl_caption=\"\" title=\"\">\n\t\t\t<\/a>\t<\/div>\n\t\t\t\t<\/figure>\n\t\t\t\t\t<\/div>\n\t\t\n\t\t<div\t\tclass=\"vp-portfolio__item-wrap vp-portfolio__item-uid-61fdc2da\" data-vp-filter=\"\" \t\t>\n\t\t\t<template class=\"vp-portfolio__item-popup\" data-vp-popup-img=\"http:\/\/einsiedel-architekten.de\/cms\/wp-content\/uploads\/2019\/11\/villa-sinner-innentreppe-1920x1440.jpg\" data-vp-popup-img-srcset=\"http:\/\/einsiedel-architekten.de\/cms\/wp-content\/uploads\/2019\/11\/villa-sinner-innentreppe-1920x1440.jpg 1920w, http:\/\/einsiedel-architekten.de\/cms\/wp-content\/uploads\/2019\/11\/villa-sinner-innentreppe-300x225.jpg 300w, http:\/\/einsiedel-architekten.de\/cms\/wp-content\/uploads\/2019\/11\/villa-sinner-innentreppe-1024x768.jpg 1024w, http:\/\/einsiedel-architekten.de\/cms\/wp-content\/uploads\/2019\/11\/villa-sinner-innentreppe-768x576.jpg 768w, http:\/\/einsiedel-architekten.de\/cms\/wp-content\/uploads\/2019\/11\/villa-sinner-innentreppe-500x375.jpg 500w, http:\/\/einsiedel-architekten.de\/cms\/wp-content\/uploads\/2019\/11\/villa-sinner-innentreppe-800x600.jpg 800w, http:\/\/einsiedel-architekten.de\/cms\/wp-content\/uploads\/2019\/11\/villa-sinner-innentreppe-1280x960.jpg 1280w, http:\/\/einsiedel-architekten.de\/cms\/wp-content\/uploads\/2019\/11\/villa-sinner-innentreppe-1536x1152.jpg 1536w, http:\/\/einsiedel-architekten.de\/cms\/wp-content\/uploads\/2019\/11\/villa-sinner-innentreppe-2048x1536.jpg 2048w, http:\/\/einsiedel-architekten.de\/cms\/wp-content\/uploads\/2019\/11\/villa-sinner-innentreppe-880x660.jpg 880w\" data-vp-popup-img-size=\"1920x1440\" data-vp-popup-md-img=\"http:\/\/einsiedel-architekten.de\/cms\/wp-content\/uploads\/2019\/11\/villa-sinner-innentreppe-800x600.jpg\" data-vp-popup-md-img-size=\"800x600\" data-vp-popup-sm-img=\"http:\/\/einsiedel-architekten.de\/cms\/wp-content\/uploads\/2019\/11\/villa-sinner-innentreppe-500x375.jpg\" data-vp-popup-sm-img-size=\"500x375\">\n\t<\/template>\n\t\t\t\t\t\t<figure class=\"vp-portfolio__item\">\n\t\t\t\t\n<div class=\"vp-portfolio__item-img-wrap\">\n\t<div class=\"vp-portfolio__item-img\">\n\t\t\t<a\n\t\thref=\"http:\/\/einsiedel-architekten.de\/cms\/wp-content\/uploads\/2019\/11\/villa-sinner-innentreppe-1920x1440.jpg\"\n\t\taria-label=\"villa sinner innentreppe\" \t data-rel=\"lightbox-image-4\" data-rl_title=\"\" data-rl_caption=\"\" title=\"\">\n\t\n\t\t<noscript><img loading=\"lazy\" decoding=\"async\" width=\"1920\" height=\"1440\" data-skip-lazy src=\"http:\/\/einsiedel-architekten.de\/cms\/wp-content\/uploads\/2019\/11\/villa-sinner-innentreppe-1920x1440.jpg\" class=\"wp-image-862\" alt=\"\" srcset=\"http:\/\/einsiedel-architekten.de\/cms\/wp-content\/uploads\/2019\/11\/villa-sinner-innentreppe-1920x1440.jpg 1920w, http:\/\/einsiedel-architekten.de\/cms\/wp-content\/uploads\/2019\/11\/villa-sinner-innentreppe-300x225.jpg 300w, http:\/\/einsiedel-architekten.de\/cms\/wp-content\/uploads\/2019\/11\/villa-sinner-innentreppe-1024x768.jpg 1024w, http:\/\/einsiedel-architekten.de\/cms\/wp-content\/uploads\/2019\/11\/villa-sinner-innentreppe-768x576.jpg 768w, http:\/\/einsiedel-architekten.de\/cms\/wp-content\/uploads\/2019\/11\/villa-sinner-innentreppe-500x375.jpg 500w, http:\/\/einsiedel-architekten.de\/cms\/wp-content\/uploads\/2019\/11\/villa-sinner-innentreppe-800x600.jpg 800w, http:\/\/einsiedel-architekten.de\/cms\/wp-content\/uploads\/2019\/11\/villa-sinner-innentreppe-1280x960.jpg 1280w, http:\/\/einsiedel-architekten.de\/cms\/wp-content\/uploads\/2019\/11\/villa-sinner-innentreppe-1536x1152.jpg 1536w, http:\/\/einsiedel-architekten.de\/cms\/wp-content\/uploads\/2019\/11\/villa-sinner-innentreppe-2048x1536.jpg 2048w, http:\/\/einsiedel-architekten.de\/cms\/wp-content\/uploads\/2019\/11\/villa-sinner-innentreppe-880x660.jpg 880w\" sizes=\"auto, (max-width: 1920px) 100vw, 1920px\" \/><\/noscript><img decoding=\"async\" width=\"1920\" height=\"1440\" src=\"http:\/\/einsiedel-architekten.de\/cms\/wp-content\/uploads\/2019\/11\/villa-sinner-innentreppe-1920x1440.jpg\" class=\"wp-image-862 vp-lazyload\" alt srcset=\"data:image\/svg+xml;base64,PHN2ZyB3aWR0aD0iMTkyMCIgaGVpZ2h0PSIxNDQwIiB2aWV3Qm94PSIwIDAgMTkyMCAxNDQwIiBmaWxsPSJub25lIiB4bWxucz0iaHR0cDovL3d3dy53My5vcmcvMjAwMC9zdmciPjwvc3ZnPg==\" data-src=\"http:\/\/einsiedel-architekten.de\/cms\/wp-content\/uploads\/2019\/11\/villa-sinner-innentreppe-1920x1440.jpg\" data-srcset=\"http:\/\/einsiedel-architekten.de\/cms\/wp-content\/uploads\/2019\/11\/villa-sinner-innentreppe-1920x1440.jpg 1920w, http:\/\/einsiedel-architekten.de\/cms\/wp-content\/uploads\/2019\/11\/villa-sinner-innentreppe-300x225.jpg 300w, http:\/\/einsiedel-architekten.de\/cms\/wp-content\/uploads\/2019\/11\/villa-sinner-innentreppe-1024x768.jpg 1024w, http:\/\/einsiedel-architekten.de\/cms\/wp-content\/uploads\/2019\/11\/villa-sinner-innentreppe-768x576.jpg 768w, http:\/\/einsiedel-architekten.de\/cms\/wp-content\/uploads\/2019\/11\/villa-sinner-innentreppe-500x375.jpg 500w, http:\/\/einsiedel-architekten.de\/cms\/wp-content\/uploads\/2019\/11\/villa-sinner-innentreppe-800x600.jpg 800w, http:\/\/einsiedel-architekten.de\/cms\/wp-content\/uploads\/2019\/11\/villa-sinner-innentreppe-1280x960.jpg 1280w, http:\/\/einsiedel-architekten.de\/cms\/wp-content\/uploads\/2019\/11\/villa-sinner-innentreppe-1536x1152.jpg 1536w, http:\/\/einsiedel-architekten.de\/cms\/wp-content\/uploads\/2019\/11\/villa-sinner-innentreppe-2048x1536.jpg 2048w, http:\/\/einsiedel-architekten.de\/cms\/wp-content\/uploads\/2019\/11\/villa-sinner-innentreppe-880x660.jpg 880w\" data-sizes=\"auto\" loading=\"eager\">\n\t\t<\/a>\t<\/div>\n<\/div>\n\t<div class=\"vp-portfolio__item-overlay\">\n\t\t\t<a\n\t\thref=\"http:\/\/einsiedel-architekten.de\/cms\/wp-content\/uploads\/2019\/11\/villa-sinner-innentreppe-1920x1440.jpg\"\n\t\ttabindex=\"-1\" class=\"vp-portfolio__item-meta\" aria-label=\"villa sinner innentreppe\" \t data-rel=\"lightbox-image-5\" data-rl_title=\"\" data-rl_caption=\"\" title=\"\">\n\t\t\t<\/a>\t<\/div>\n\t\t\t\t<\/figure>\n\t\t\t\t\t<\/div>\n\t\t\n\t\t<div\t\tclass=\"vp-portfolio__item-wrap vp-portfolio__item-uid-3022008a\" data-vp-filter=\"\" \t\t>\n\t\t\t<template class=\"vp-portfolio__item-popup\" data-vp-popup-img=\"http:\/\/einsiedel-architekten.de\/cms\/wp-content\/uploads\/2019\/11\/villa-sinner-raum.jpg\" data-vp-popup-img-srcset=\"http:\/\/einsiedel-architekten.de\/cms\/wp-content\/uploads\/2019\/11\/villa-sinner-raum.jpg 1772w, http:\/\/einsiedel-architekten.de\/cms\/wp-content\/uploads\/2019\/11\/villa-sinner-raum-300x225.jpg 300w, http:\/\/einsiedel-architekten.de\/cms\/wp-content\/uploads\/2019\/11\/villa-sinner-raum-1024x768.jpg 1024w, http:\/\/einsiedel-architekten.de\/cms\/wp-content\/uploads\/2019\/11\/villa-sinner-raum-768x576.jpg 768w, http:\/\/einsiedel-architekten.de\/cms\/wp-content\/uploads\/2019\/11\/villa-sinner-raum-500x375.jpg 500w, http:\/\/einsiedel-architekten.de\/cms\/wp-content\/uploads\/2019\/11\/villa-sinner-raum-800x600.jpg 800w, http:\/\/einsiedel-architekten.de\/cms\/wp-content\/uploads\/2019\/11\/villa-sinner-raum-1280x960.jpg 1280w, http:\/\/einsiedel-architekten.de\/cms\/wp-content\/uploads\/2019\/11\/villa-sinner-raum-1536x1152.jpg 1536w, http:\/\/einsiedel-architekten.de\/cms\/wp-content\/uploads\/2019\/11\/villa-sinner-raum-880x660.jpg 880w\" data-vp-popup-img-size=\"1772x1329\" data-vp-popup-md-img=\"http:\/\/einsiedel-architekten.de\/cms\/wp-content\/uploads\/2019\/11\/villa-sinner-raum-800x600.jpg\" data-vp-popup-md-img-size=\"800x600\" data-vp-popup-sm-img=\"http:\/\/einsiedel-architekten.de\/cms\/wp-content\/uploads\/2019\/11\/villa-sinner-raum-500x375.jpg\" data-vp-popup-sm-img-size=\"500x375\">\n\t<\/template>\n\t\t\t\t\t\t<figure class=\"vp-portfolio__item\">\n\t\t\t\t\n<div class=\"vp-portfolio__item-img-wrap\">\n\t<div class=\"vp-portfolio__item-img\">\n\t\t\t<a\n\t\thref=\"http:\/\/einsiedel-architekten.de\/cms\/wp-content\/uploads\/2019\/11\/villa-sinner-raum.jpg\"\n\t\taria-label=\"villa sinner raum\" \t data-rel=\"lightbox-image-6\" data-rl_title=\"\" data-rl_caption=\"\" title=\"\">\n\t\n\t\t<noscript><img loading=\"lazy\" decoding=\"async\" width=\"1772\" height=\"1329\" data-skip-lazy src=\"http:\/\/einsiedel-architekten.de\/cms\/wp-content\/uploads\/2019\/11\/villa-sinner-raum.jpg\" class=\"wp-image-864\" alt=\"\" srcset=\"http:\/\/einsiedel-architekten.de\/cms\/wp-content\/uploads\/2019\/11\/villa-sinner-raum.jpg 1772w, http:\/\/einsiedel-architekten.de\/cms\/wp-content\/uploads\/2019\/11\/villa-sinner-raum-300x225.jpg 300w, http:\/\/einsiedel-architekten.de\/cms\/wp-content\/uploads\/2019\/11\/villa-sinner-raum-1024x768.jpg 1024w, http:\/\/einsiedel-architekten.de\/cms\/wp-content\/uploads\/2019\/11\/villa-sinner-raum-768x576.jpg 768w, http:\/\/einsiedel-architekten.de\/cms\/wp-content\/uploads\/2019\/11\/villa-sinner-raum-500x375.jpg 500w, http:\/\/einsiedel-architekten.de\/cms\/wp-content\/uploads\/2019\/11\/villa-sinner-raum-800x600.jpg 800w, http:\/\/einsiedel-architekten.de\/cms\/wp-content\/uploads\/2019\/11\/villa-sinner-raum-1280x960.jpg 1280w, http:\/\/einsiedel-architekten.de\/cms\/wp-content\/uploads\/2019\/11\/villa-sinner-raum-1536x1152.jpg 1536w, http:\/\/einsiedel-architekten.de\/cms\/wp-content\/uploads\/2019\/11\/villa-sinner-raum-880x660.jpg 880w\" sizes=\"auto, (max-width: 1772px) 100vw, 1772px\" \/><\/noscript><img decoding=\"async\" width=\"1772\" height=\"1329\" src=\"http:\/\/einsiedel-architekten.de\/cms\/wp-content\/uploads\/2019\/11\/villa-sinner-raum.jpg\" class=\"wp-image-864 vp-lazyload\" alt srcset=\"data:image\/svg+xml;base64,PHN2ZyB3aWR0aD0iMTc3MiIgaGVpZ2h0PSIxMzI5IiB2aWV3Qm94PSIwIDAgMTc3MiAxMzI5IiBmaWxsPSJub25lIiB4bWxucz0iaHR0cDovL3d3dy53My5vcmcvMjAwMC9zdmciPjwvc3ZnPg==\" data-src=\"http:\/\/einsiedel-architekten.de\/cms\/wp-content\/uploads\/2019\/11\/villa-sinner-raum.jpg\" data-srcset=\"http:\/\/einsiedel-architekten.de\/cms\/wp-content\/uploads\/2019\/11\/villa-sinner-raum.jpg 1772w, http:\/\/einsiedel-architekten.de\/cms\/wp-content\/uploads\/2019\/11\/villa-sinner-raum-300x225.jpg 300w, http:\/\/einsiedel-architekten.de\/cms\/wp-content\/uploads\/2019\/11\/villa-sinner-raum-1024x768.jpg 1024w, http:\/\/einsiedel-architekten.de\/cms\/wp-content\/uploads\/2019\/11\/villa-sinner-raum-768x576.jpg 768w, http:\/\/einsiedel-architekten.de\/cms\/wp-content\/uploads\/2019\/11\/villa-sinner-raum-500x375.jpg 500w, http:\/\/einsiedel-architekten.de\/cms\/wp-content\/uploads\/2019\/11\/villa-sinner-raum-800x600.jpg 800w, http:\/\/einsiedel-architekten.de\/cms\/wp-content\/uploads\/2019\/11\/villa-sinner-raum-1280x960.jpg 1280w, http:\/\/einsiedel-architekten.de\/cms\/wp-content\/uploads\/2019\/11\/villa-sinner-raum-1536x1152.jpg 1536w, http:\/\/einsiedel-architekten.de\/cms\/wp-content\/uploads\/2019\/11\/villa-sinner-raum-880x660.jpg 880w\" data-sizes=\"auto\" loading=\"eager\">\n\t\t<\/a>\t<\/div>\n<\/div>\n\t<div class=\"vp-portfolio__item-overlay\">\n\t\t\t<a\n\t\thref=\"http:\/\/einsiedel-architekten.de\/cms\/wp-content\/uploads\/2019\/11\/villa-sinner-raum.jpg\"\n\t\ttabindex=\"-1\" class=\"vp-portfolio__item-meta\" aria-label=\"villa sinner raum\" \t data-rel=\"lightbox-image-7\" data-rl_title=\"\" data-rl_caption=\"\" title=\"\">\n\t\t\t<\/a>\t<\/div>\n\t\t\t\t<\/figure>\n\t\t\t\t\t<\/div>\n\t\t\n\t\t<div\t\tclass=\"vp-portfolio__item-wrap vp-portfolio__item-uid-34fc6989\" data-vp-filter=\"\" \t\t>\n\t\t\t<template class=\"vp-portfolio__item-popup\" data-vp-popup-img=\"http:\/\/einsiedel-architekten.de\/cms\/wp-content\/uploads\/2019\/11\/villa-sinner-ug-1920x1440.jpg\" data-vp-popup-img-srcset=\"http:\/\/einsiedel-architekten.de\/cms\/wp-content\/uploads\/2019\/11\/villa-sinner-ug-1920x1440.jpg 1920w, http:\/\/einsiedel-architekten.de\/cms\/wp-content\/uploads\/2019\/11\/villa-sinner-ug-300x225.jpg 300w, http:\/\/einsiedel-architekten.de\/cms\/wp-content\/uploads\/2019\/11\/villa-sinner-ug-1024x768.jpg 1024w, http:\/\/einsiedel-architekten.de\/cms\/wp-content\/uploads\/2019\/11\/villa-sinner-ug-768x576.jpg 768w, http:\/\/einsiedel-architekten.de\/cms\/wp-content\/uploads\/2019\/11\/villa-sinner-ug-500x375.jpg 500w, http:\/\/einsiedel-architekten.de\/cms\/wp-content\/uploads\/2019\/11\/villa-sinner-ug-800x600.jpg 800w, http:\/\/einsiedel-architekten.de\/cms\/wp-content\/uploads\/2019\/11\/villa-sinner-ug-1280x960.jpg 1280w, http:\/\/einsiedel-architekten.de\/cms\/wp-content\/uploads\/2019\/11\/villa-sinner-ug-1536x1152.jpg 1536w, http:\/\/einsiedel-architekten.de\/cms\/wp-content\/uploads\/2019\/11\/villa-sinner-ug-2048x1536.jpg 2048w, http:\/\/einsiedel-architekten.de\/cms\/wp-content\/uploads\/2019\/11\/villa-sinner-ug-880x660.jpg 880w\" data-vp-popup-img-size=\"1920x1440\" data-vp-popup-md-img=\"http:\/\/einsiedel-architekten.de\/cms\/wp-content\/uploads\/2019\/11\/villa-sinner-ug-800x600.jpg\" data-vp-popup-md-img-size=\"800x600\" data-vp-popup-sm-img=\"http:\/\/einsiedel-architekten.de\/cms\/wp-content\/uploads\/2019\/11\/villa-sinner-ug-500x375.jpg\" data-vp-popup-sm-img-size=\"500x375\">\n\t<\/template>\n\t\t\t\t\t\t<figure class=\"vp-portfolio__item\">\n\t\t\t\t\n<div class=\"vp-portfolio__item-img-wrap\">\n\t<div class=\"vp-portfolio__item-img\">\n\t\t\t<a\n\t\thref=\"http:\/\/einsiedel-architekten.de\/cms\/wp-content\/uploads\/2019\/11\/villa-sinner-ug-1920x1440.jpg\"\n\t\taria-label=\"villa sinner ug\" \t data-rel=\"lightbox-image-8\" data-rl_title=\"\" data-rl_caption=\"\" title=\"\">\n\t\n\t\t<noscript><img loading=\"lazy\" decoding=\"async\" width=\"1920\" height=\"1440\" data-skip-lazy src=\"http:\/\/einsiedel-architekten.de\/cms\/wp-content\/uploads\/2019\/11\/villa-sinner-ug-1920x1440.jpg\" class=\"wp-image-867\" alt=\"\" srcset=\"http:\/\/einsiedel-architekten.de\/cms\/wp-content\/uploads\/2019\/11\/villa-sinner-ug-1920x1440.jpg 1920w, http:\/\/einsiedel-architekten.de\/cms\/wp-content\/uploads\/2019\/11\/villa-sinner-ug-300x225.jpg 300w, http:\/\/einsiedel-architekten.de\/cms\/wp-content\/uploads\/2019\/11\/villa-sinner-ug-1024x768.jpg 1024w, http:\/\/einsiedel-architekten.de\/cms\/wp-content\/uploads\/2019\/11\/villa-sinner-ug-768x576.jpg 768w, http:\/\/einsiedel-architekten.de\/cms\/wp-content\/uploads\/2019\/11\/villa-sinner-ug-500x375.jpg 500w, http:\/\/einsiedel-architekten.de\/cms\/wp-content\/uploads\/2019\/11\/villa-sinner-ug-800x600.jpg 800w, http:\/\/einsiedel-architekten.de\/cms\/wp-content\/uploads\/2019\/11\/villa-sinner-ug-1280x960.jpg 1280w, http:\/\/einsiedel-architekten.de\/cms\/wp-content\/uploads\/2019\/11\/villa-sinner-ug-1536x1152.jpg 1536w, http:\/\/einsiedel-architekten.de\/cms\/wp-content\/uploads\/2019\/11\/villa-sinner-ug-2048x1536.jpg 2048w, http:\/\/einsiedel-architekten.de\/cms\/wp-content\/uploads\/2019\/11\/villa-sinner-ug-880x660.jpg 880w\" sizes=\"auto, (max-width: 1920px) 100vw, 1920px\" \/><\/noscript><img decoding=\"async\" width=\"1920\" height=\"1440\" src=\"http:\/\/einsiedel-architekten.de\/cms\/wp-content\/uploads\/2019\/11\/villa-sinner-ug-1920x1440.jpg\" class=\"wp-image-867 vp-lazyload\" alt srcset=\"data:image\/svg+xml;base64,PHN2ZyB3aWR0aD0iMTkyMCIgaGVpZ2h0PSIxNDQwIiB2aWV3Qm94PSIwIDAgMTkyMCAxNDQwIiBmaWxsPSJub25lIiB4bWxucz0iaHR0cDovL3d3dy53My5vcmcvMjAwMC9zdmciPjwvc3ZnPg==\" data-src=\"http:\/\/einsiedel-architekten.de\/cms\/wp-content\/uploads\/2019\/11\/villa-sinner-ug-1920x1440.jpg\" data-srcset=\"http:\/\/einsiedel-architekten.de\/cms\/wp-content\/uploads\/2019\/11\/villa-sinner-ug-1920x1440.jpg 1920w, http:\/\/einsiedel-architekten.de\/cms\/wp-content\/uploads\/2019\/11\/villa-sinner-ug-300x225.jpg 300w, http:\/\/einsiedel-architekten.de\/cms\/wp-content\/uploads\/2019\/11\/villa-sinner-ug-1024x768.jpg 1024w, http:\/\/einsiedel-architekten.de\/cms\/wp-content\/uploads\/2019\/11\/villa-sinner-ug-768x576.jpg 768w, http:\/\/einsiedel-architekten.de\/cms\/wp-content\/uploads\/2019\/11\/villa-sinner-ug-500x375.jpg 500w, http:\/\/einsiedel-architekten.de\/cms\/wp-content\/uploads\/2019\/11\/villa-sinner-ug-800x600.jpg 800w, http:\/\/einsiedel-architekten.de\/cms\/wp-content\/uploads\/2019\/11\/villa-sinner-ug-1280x960.jpg 1280w, http:\/\/einsiedel-architekten.de\/cms\/wp-content\/uploads\/2019\/11\/villa-sinner-ug-1536x1152.jpg 1536w, http:\/\/einsiedel-architekten.de\/cms\/wp-content\/uploads\/2019\/11\/villa-sinner-ug-2048x1536.jpg 2048w, http:\/\/einsiedel-architekten.de\/cms\/wp-content\/uploads\/2019\/11\/villa-sinner-ug-880x660.jpg 880w\" data-sizes=\"auto\" loading=\"eager\">\n\t\t<\/a>\t<\/div>\n<\/div>\n\t<div class=\"vp-portfolio__item-overlay\">\n\t\t\t<a\n\t\thref=\"http:\/\/einsiedel-architekten.de\/cms\/wp-content\/uploads\/2019\/11\/villa-sinner-ug-1920x1440.jpg\"\n\t\ttabindex=\"-1\" class=\"vp-portfolio__item-meta\" aria-label=\"villa sinner ug\" \t data-rel=\"lightbox-image-9\" data-rl_title=\"\" data-rl_caption=\"\" title=\"\">\n\t\t\t<\/a>\t<\/div>\n\t\t\t\t<\/figure>\n\t\t\t\t\t<\/div>\n\t\t\n\t\t<div\t\tclass=\"vp-portfolio__item-wrap vp-portfolio__item-uid-6523abd9\" data-vp-filter=\"\" \t\t>\n\t\t\t<template class=\"vp-portfolio__item-popup\" data-vp-popup-img=\"http:\/\/einsiedel-architekten.de\/cms\/wp-content\/uploads\/2019\/11\/villa-sinner-grundriss-1920x1655.jpg\" data-vp-popup-img-srcset=\"http:\/\/einsiedel-architekten.de\/cms\/wp-content\/uploads\/2019\/11\/villa-sinner-grundriss-1920x1655.jpg 1920w, http:\/\/einsiedel-architekten.de\/cms\/wp-content\/uploads\/2019\/11\/villa-sinner-grundriss-300x259.jpg 300w, http:\/\/einsiedel-architekten.de\/cms\/wp-content\/uploads\/2019\/11\/villa-sinner-grundriss-1024x883.jpg 1024w, http:\/\/einsiedel-architekten.de\/cms\/wp-content\/uploads\/2019\/11\/villa-sinner-grundriss-768x662.jpg 768w, http:\/\/einsiedel-architekten.de\/cms\/wp-content\/uploads\/2019\/11\/villa-sinner-grundriss-500x431.jpg 500w, http:\/\/einsiedel-architekten.de\/cms\/wp-content\/uploads\/2019\/11\/villa-sinner-grundriss-800x690.jpg 800w, http:\/\/einsiedel-architekten.de\/cms\/wp-content\/uploads\/2019\/11\/villa-sinner-grundriss-1280x1103.jpg 1280w, http:\/\/einsiedel-architekten.de\/cms\/wp-content\/uploads\/2019\/11\/villa-sinner-grundriss-1536x1324.jpg 1536w, http:\/\/einsiedel-architekten.de\/cms\/wp-content\/uploads\/2019\/11\/villa-sinner-grundriss-2048x1765.jpg 2048w, http:\/\/einsiedel-architekten.de\/cms\/wp-content\/uploads\/2019\/11\/villa-sinner-grundriss-766x660.jpg 766w\" data-vp-popup-img-size=\"1920x1655\" data-vp-popup-md-img=\"http:\/\/einsiedel-architekten.de\/cms\/wp-content\/uploads\/2019\/11\/villa-sinner-grundriss-800x690.jpg\" data-vp-popup-md-img-size=\"800x690\" data-vp-popup-sm-img=\"http:\/\/einsiedel-architekten.de\/cms\/wp-content\/uploads\/2019\/11\/villa-sinner-grundriss-500x431.jpg\" data-vp-popup-sm-img-size=\"500x431\">\n\t<\/template>\n\t\t\t\t\t\t<figure class=\"vp-portfolio__item\">\n\t\t\t\t\n<div class=\"vp-portfolio__item-img-wrap\">\n\t<div class=\"vp-portfolio__item-img\">\n\t\t\t<a\n\t\thref=\"http:\/\/einsiedel-architekten.de\/cms\/wp-content\/uploads\/2019\/11\/villa-sinner-grundriss-1920x1655.jpg\"\n\t\taria-label=\"villa sinner grundriss\" \t data-rel=\"lightbox-image-10\" data-rl_title=\"\" data-rl_caption=\"\" title=\"\">\n\t\n\t\t<noscript><img loading=\"lazy\" decoding=\"async\" width=\"1920\" height=\"1655\" data-skip-lazy src=\"http:\/\/einsiedel-architekten.de\/cms\/wp-content\/uploads\/2019\/11\/villa-sinner-grundriss-1920x1655.jpg\" class=\"wp-image-861\" alt=\"\" srcset=\"http:\/\/einsiedel-architekten.de\/cms\/wp-content\/uploads\/2019\/11\/villa-sinner-grundriss-1920x1655.jpg 1920w, http:\/\/einsiedel-architekten.de\/cms\/wp-content\/uploads\/2019\/11\/villa-sinner-grundriss-300x259.jpg 300w, http:\/\/einsiedel-architekten.de\/cms\/wp-content\/uploads\/2019\/11\/villa-sinner-grundriss-1024x883.jpg 1024w, http:\/\/einsiedel-architekten.de\/cms\/wp-content\/uploads\/2019\/11\/villa-sinner-grundriss-768x662.jpg 768w, http:\/\/einsiedel-architekten.de\/cms\/wp-content\/uploads\/2019\/11\/villa-sinner-grundriss-500x431.jpg 500w, http:\/\/einsiedel-architekten.de\/cms\/wp-content\/uploads\/2019\/11\/villa-sinner-grundriss-800x690.jpg 800w, http:\/\/einsiedel-architekten.de\/cms\/wp-content\/uploads\/2019\/11\/villa-sinner-grundriss-1280x1103.jpg 1280w, http:\/\/einsiedel-architekten.de\/cms\/wp-content\/uploads\/2019\/11\/villa-sinner-grundriss-1536x1324.jpg 1536w, http:\/\/einsiedel-architekten.de\/cms\/wp-content\/uploads\/2019\/11\/villa-sinner-grundriss-2048x1765.jpg 2048w, http:\/\/einsiedel-architekten.de\/cms\/wp-content\/uploads\/2019\/11\/villa-sinner-grundriss-766x660.jpg 766w\" sizes=\"auto, (max-width: 1920px) 100vw, 1920px\" \/><\/noscript><img decoding=\"async\" width=\"1920\" height=\"1655\" src=\"http:\/\/einsiedel-architekten.de\/cms\/wp-content\/uploads\/2019\/11\/villa-sinner-grundriss-1920x1655.jpg\" class=\"wp-image-861 vp-lazyload\" alt srcset=\"data:image\/svg+xml;base64,PHN2ZyB3aWR0aD0iMTkyMCIgaGVpZ2h0PSIxNjU1IiB2aWV3Qm94PSIwIDAgMTkyMCAxNjU1IiBmaWxsPSJub25lIiB4bWxucz0iaHR0cDovL3d3dy53My5vcmcvMjAwMC9zdmciPjwvc3ZnPg==\" data-src=\"http:\/\/einsiedel-architekten.de\/cms\/wp-content\/uploads\/2019\/11\/villa-sinner-grundriss-1920x1655.jpg\" data-srcset=\"http:\/\/einsiedel-architekten.de\/cms\/wp-content\/uploads\/2019\/11\/villa-sinner-grundriss-1920x1655.jpg 1920w, http:\/\/einsiedel-architekten.de\/cms\/wp-content\/uploads\/2019\/11\/villa-sinner-grundriss-300x259.jpg 300w, http:\/\/einsiedel-architekten.de\/cms\/wp-content\/uploads\/2019\/11\/villa-sinner-grundriss-1024x883.jpg 1024w, http:\/\/einsiedel-architekten.de\/cms\/wp-content\/uploads\/2019\/11\/villa-sinner-grundriss-768x662.jpg 768w, http:\/\/einsiedel-architekten.de\/cms\/wp-content\/uploads\/2019\/11\/villa-sinner-grundriss-500x431.jpg 500w, http:\/\/einsiedel-architekten.de\/cms\/wp-content\/uploads\/2019\/11\/villa-sinner-grundriss-800x690.jpg 800w, http:\/\/einsiedel-architekten.de\/cms\/wp-content\/uploads\/2019\/11\/villa-sinner-grundriss-1280x1103.jpg 1280w, http:\/\/einsiedel-architekten.de\/cms\/wp-content\/uploads\/2019\/11\/villa-sinner-grundriss-1536x1324.jpg 1536w, http:\/\/einsiedel-architekten.de\/cms\/wp-content\/uploads\/2019\/11\/villa-sinner-grundriss-2048x1765.jpg 2048w, http:\/\/einsiedel-architekten.de\/cms\/wp-content\/uploads\/2019\/11\/villa-sinner-grundriss-766x660.jpg 766w\" data-sizes=\"auto\" loading=\"eager\">\n\t\t<\/a>\t<\/div>\n<\/div>\n\t<div class=\"vp-portfolio__item-overlay\">\n\t\t\t<a\n\t\thref=\"http:\/\/einsiedel-architekten.de\/cms\/wp-content\/uploads\/2019\/11\/villa-sinner-grundriss-1920x1655.jpg\"\n\t\ttabindex=\"-1\" class=\"vp-portfolio__item-meta\" aria-label=\"villa sinner grundriss\" \t data-rel=\"lightbox-image-11\" data-rl_title=\"\" data-rl_caption=\"\" title=\"\">\n\t\t\t<\/a>\t<\/div>\n\t\t\t\t<\/figure>\n\t\t\t\t\t<\/div>\n\t\t\n\t\t<div\t\tclass=\"vp-portfolio__item-wrap vp-portfolio__item-uid-009134a1\" data-vp-filter=\"\" \t\t>\n\t\t\t<template class=\"vp-portfolio__item-popup\" data-vp-popup-img=\"http:\/\/einsiedel-architekten.de\/cms\/wp-content\/uploads\/2019\/11\/villa-sinner-fluchttreppe-1135x1920.jpg\" data-vp-popup-img-srcset=\"http:\/\/einsiedel-architekten.de\/cms\/wp-content\/uploads\/2019\/11\/villa-sinner-fluchttreppe-1135x1920.jpg 1135w, http:\/\/einsiedel-architekten.de\/cms\/wp-content\/uploads\/2019\/11\/villa-sinner-fluchttreppe-177x300.jpg 177w, http:\/\/einsiedel-architekten.de\/cms\/wp-content\/uploads\/2019\/11\/villa-sinner-fluchttreppe-605x1024.jpg 605w, http:\/\/einsiedel-architekten.de\/cms\/wp-content\/uploads\/2019\/11\/villa-sinner-fluchttreppe-768x1300.jpg 768w, http:\/\/einsiedel-architekten.de\/cms\/wp-content\/uploads\/2019\/11\/villa-sinner-fluchttreppe-295x500.jpg 295w, http:\/\/einsiedel-architekten.de\/cms\/wp-content\/uploads\/2019\/11\/villa-sinner-fluchttreppe-473x800.jpg 473w, http:\/\/einsiedel-architekten.de\/cms\/wp-content\/uploads\/2019\/11\/villa-sinner-fluchttreppe-756x1280.jpg 756w, http:\/\/einsiedel-architekten.de\/cms\/wp-content\/uploads\/2019\/11\/villa-sinner-fluchttreppe-908x1536.jpg 908w, http:\/\/einsiedel-architekten.de\/cms\/wp-content\/uploads\/2019\/11\/villa-sinner-fluchttreppe-1210x2048.jpg 1210w, http:\/\/einsiedel-architekten.de\/cms\/wp-content\/uploads\/2019\/11\/villa-sinner-fluchttreppe-390x660.jpg 390w\" data-vp-popup-img-size=\"1135x1920\" data-vp-popup-md-img=\"http:\/\/einsiedel-architekten.de\/cms\/wp-content\/uploads\/2019\/11\/villa-sinner-fluchttreppe-473x800.jpg\" data-vp-popup-md-img-size=\"473x800\" data-vp-popup-sm-img=\"http:\/\/einsiedel-architekten.de\/cms\/wp-content\/uploads\/2019\/11\/villa-sinner-fluchttreppe-295x500.jpg\" data-vp-popup-sm-img-size=\"295x500\">\n\t<\/template>\n\t\t\t\t\t\t<figure class=\"vp-portfolio__item\">\n\t\t\t\t\n<div class=\"vp-portfolio__item-img-wrap\">\n\t<div class=\"vp-portfolio__item-img\">\n\t\t\t<a\n\t\thref=\"http:\/\/einsiedel-architekten.de\/cms\/wp-content\/uploads\/2019\/11\/villa-sinner-fluchttreppe-1135x1920.jpg\"\n\t\taria-label=\"villa sinner fluchttreppe\" \t data-rel=\"lightbox-image-12\" data-rl_title=\"\" data-rl_caption=\"\" title=\"\">\n\t\n\t\t<noscript><img loading=\"lazy\" decoding=\"async\" width=\"1135\" height=\"1920\" data-skip-lazy src=\"http:\/\/einsiedel-architekten.de\/cms\/wp-content\/uploads\/2019\/11\/villa-sinner-fluchttreppe-1135x1920.jpg\" class=\"wp-image-860\" alt=\"\" srcset=\"http:\/\/einsiedel-architekten.de\/cms\/wp-content\/uploads\/2019\/11\/villa-sinner-fluchttreppe-1135x1920.jpg 1135w, http:\/\/einsiedel-architekten.de\/cms\/wp-content\/uploads\/2019\/11\/villa-sinner-fluchttreppe-177x300.jpg 177w, http:\/\/einsiedel-architekten.de\/cms\/wp-content\/uploads\/2019\/11\/villa-sinner-fluchttreppe-605x1024.jpg 605w, http:\/\/einsiedel-architekten.de\/cms\/wp-content\/uploads\/2019\/11\/villa-sinner-fluchttreppe-768x1300.jpg 768w, http:\/\/einsiedel-architekten.de\/cms\/wp-content\/uploads\/2019\/11\/villa-sinner-fluchttreppe-295x500.jpg 295w, http:\/\/einsiedel-architekten.de\/cms\/wp-content\/uploads\/2019\/11\/villa-sinner-fluchttreppe-473x800.jpg 473w, http:\/\/einsiedel-architekten.de\/cms\/wp-content\/uploads\/2019\/11\/villa-sinner-fluchttreppe-756x1280.jpg 756w, http:\/\/einsiedel-architekten.de\/cms\/wp-content\/uploads\/2019\/11\/villa-sinner-fluchttreppe-908x1536.jpg 908w, http:\/\/einsiedel-architekten.de\/cms\/wp-content\/uploads\/2019\/11\/villa-sinner-fluchttreppe-1210x2048.jpg 1210w, http:\/\/einsiedel-architekten.de\/cms\/wp-content\/uploads\/2019\/11\/villa-sinner-fluchttreppe-390x660.jpg 390w\" sizes=\"auto, (max-width: 1135px) 100vw, 1135px\" \/><\/noscript><img decoding=\"async\" width=\"1135\" height=\"1920\" src=\"http:\/\/einsiedel-architekten.de\/cms\/wp-content\/uploads\/2019\/11\/villa-sinner-fluchttreppe-1135x1920.jpg\" class=\"wp-image-860 vp-lazyload\" alt srcset=\"data:image\/svg+xml;base64,PHN2ZyB3aWR0aD0iMTEzNSIgaGVpZ2h0PSIxOTIwIiB2aWV3Qm94PSIwIDAgMTEzNSAxOTIwIiBmaWxsPSJub25lIiB4bWxucz0iaHR0cDovL3d3dy53My5vcmcvMjAwMC9zdmciPjwvc3ZnPg==\" data-src=\"http:\/\/einsiedel-architekten.de\/cms\/wp-content\/uploads\/2019\/11\/villa-sinner-fluchttreppe-1135x1920.jpg\" data-srcset=\"http:\/\/einsiedel-architekten.de\/cms\/wp-content\/uploads\/2019\/11\/villa-sinner-fluchttreppe-1135x1920.jpg 1135w, http:\/\/einsiedel-architekten.de\/cms\/wp-content\/uploads\/2019\/11\/villa-sinner-fluchttreppe-177x300.jpg 177w, http:\/\/einsiedel-architekten.de\/cms\/wp-content\/uploads\/2019\/11\/villa-sinner-fluchttreppe-605x1024.jpg 605w, http:\/\/einsiedel-architekten.de\/cms\/wp-content\/uploads\/2019\/11\/villa-sinner-fluchttreppe-768x1300.jpg 768w, http:\/\/einsiedel-architekten.de\/cms\/wp-content\/uploads\/2019\/11\/villa-sinner-fluchttreppe-295x500.jpg 295w, http:\/\/einsiedel-architekten.de\/cms\/wp-content\/uploads\/2019\/11\/villa-sinner-fluchttreppe-473x800.jpg 473w, http:\/\/einsiedel-architekten.de\/cms\/wp-content\/uploads\/2019\/11\/villa-sinner-fluchttreppe-756x1280.jpg 756w, http:\/\/einsiedel-architekten.de\/cms\/wp-content\/uploads\/2019\/11\/villa-sinner-fluchttreppe-908x1536.jpg 908w, http:\/\/einsiedel-architekten.de\/cms\/wp-content\/uploads\/2019\/11\/villa-sinner-fluchttreppe-1210x2048.jpg 1210w, http:\/\/einsiedel-architekten.de\/cms\/wp-content\/uploads\/2019\/11\/villa-sinner-fluchttreppe-390x660.jpg 390w\" data-sizes=\"auto\" loading=\"eager\">\n\t\t<\/a>\t<\/div>\n<\/div>\n\t<div class=\"vp-portfolio__item-overlay\">\n\t\t\t<a\n\t\thref=\"http:\/\/einsiedel-architekten.de\/cms\/wp-content\/uploads\/2019\/11\/villa-sinner-fluchttreppe-1135x1920.jpg\"\n\t\ttabindex=\"-1\" class=\"vp-portfolio__item-meta\" aria-label=\"villa sinner fluchttreppe\" \t data-rel=\"lightbox-image-13\" data-rl_title=\"\" data-rl_caption=\"\" title=\"\">\n\t\t\t<\/a>\t<\/div>\n\t\t\t\t<\/figure>\n\t\t\t\t\t<\/div>\n\t\t\n<\/div>\n\n<div class=\"vp-portfolio__items-arrow vp-portfolio__items-arrow-prev\" tabindex=\"0\" role=\"button\" aria-label=\"Previous Slide\">\n\t\n<svg class=\"vp-svg-icon\" width=\"20\" height=\"20\" viewBox=\"0 0 20 20\" fill=\"none\" xmlns=\"http:\/\/www.w3.org\/2000\/svg\">\n\t<path d=\"M12 4L6 10L12 16\" stroke=\"currentColor\" stroke-width=\"1.5\" stroke-linecap=\"round\" stroke-linejoin=\"round\" fill=\"transparent\" \/>\n<\/svg>\n<\/div>\n<div class=\"vp-portfolio__items-arrow vp-portfolio__items-arrow-next\" tabindex=\"0\" role=\"button\" aria-label=\"Next Slide\">\n\t\n<svg class=\"vp-svg-icon\" width=\"20\" height=\"20\" viewBox=\"0 0 20 20\" fill=\"none\" xmlns=\"http:\/\/www.w3.org\/2000\/svg\">\n\t<path d=\"M8 4L14 10L8 16\" stroke=\"currentColor\" stroke-width=\"1.5\" stroke-linecap=\"round\" stroke-linejoin=\"round\" fill=\"transparent\" \/>\n<\/svg>\n<\/div>\n\n<div class=\"vp-portfolio__items-bullets\"><\/div>\n\t\t<\/div>\n\t\t\n<\/div>\n\n\n\n\n<p><\/p>\n\n\n\n<p style=\"color:#dd890b\" class=\"has-text-color\">VILLA SINNER<br>Durmersheimer Str. 61, 76185 Karlsruhe<br>Sanierung und Umnutzung zu Kindertagesst\u00e4tte<br><br><\/p>\n\n\n\n<p>ECKDATEN<br>Bauherr Henrik Rohde, Rheinstetten <br>NGF 690 qm; Gruppen- und Nebenr\u00e4ume Kindertagesst\u00e4tte<br>Planungs- und Bauzeit 2016-18<br>Baukosten KG 300-400 690 T\u20ac<br>von Einsiedel + Matheis Architekten<br><br><\/p>\n\n\n\n<p>Die denkmalgesch\u00fctzte Villa Sinner \u2013 etwa 1860 auf dem Gel\u00e4nde der Brauerei Sinner errichtet und im Inneren wegen etlicher Umbauten l\u00e4ngst nicht mehr bauzeitlich &#8211; sollte umfassend renoviert und f\u00fcr eine 4-gruppige Kindertagesst\u00e4tte umgenutzt werden.<\/p>\n\n\n\n<p>F\u00fcr die neue Nutzung zwingend waren: Sicherheit ( Ert\u00fcchtigung schmiedeeiserener Treppengel\u00e4nder durch vorgesetztes Glasgel\u00e4nder ), Verbesserung Brandschutz ( Einbau Rauchschutzt\u00fcren, Brandmelde- und RWA-Anlage, je eine innen- und au\u00dfenliegende Fluchttreppe ).<br><\/p>\n\n\n\n<p>Konstruktiv-bauliche Ma\u00dfnahmen: Erneuerung einer maroden Decke im EG, Einbau eines Treppenraums in 1. u. 2.OG einschl. Verst\u00e4rkung von Dachstuhl, Speiseaufzugs als Stahlskelett Vorhandenen Innenausstattungen: Erg\u00e4nzung und Aufarbeitung Geb\u00e4udeh\u00fclle: Erneuerung Aussenputz u. Dachdeckung sp\u00e4ter Haustechnik: Kompletterneuerung Elektro, Einbau von 4 WC-Anlagen f\u00fcr Kinder und Personal. <\/p>\n","protected":false},"excerpt":{"rendered":"<p>VILLA SINNERDurmersheimer Str. 61, 76185 KarlsruheSanierung und Umnutzung zu Kindertagesst\u00e4tte ECKDATENBauherr Henrik Rohde, Rheinstetten NGF 690 qm; Gruppen- und Nebenr\u00e4ume Kindertagesst\u00e4ttePlanungs- und Bauzeit 2016-18Baukosten KG 300-400 690 T\u20acvon Einsiedel + Matheis Architekten Die denkmalgesch\u00fctzte Villa Sinner \u2013 etwa 1860 auf dem Gel\u00e4nde der Brauerei Sinner errichtet und im Inneren wegen etlicher Umbauten l\u00e4ngst nicht mehr [&hellip;]<\/p>\n","protected":false},"author":2,"featured_media":0,"parent":0,"menu_order":0,"comment_status":"closed","ping_status":"closed","template":"","meta":{"_vp_format_video_url":"","_vp_image_focal_point":[],"footnotes":""},"folder":[5],"class_list":["post-145","page","type-page","status-publish","hentry"],"_links":{"self":[{"href":"http:\/\/einsiedel-architekten.de\/cms\/wp-json\/wp\/v2\/pages\/145","targetHints":{"allow":["GET"]}}],"collection":[{"href":"http:\/\/einsiedel-architekten.de\/cms\/wp-json\/wp\/v2\/pages"}],"about":[{"href":"http:\/\/einsiedel-architekten.de\/cms\/wp-json\/wp\/v2\/types\/page"}],"author":[{"embeddable":true,"href":"http:\/\/einsiedel-architekten.de\/cms\/wp-json\/wp\/v2\/users\/2"}],"replies":[{"embeddable":true,"href":"http:\/\/einsiedel-architekten.de\/cms\/wp-json\/wp\/v2\/comments?post=145"}],"version-history":[{"count":15,"href":"http:\/\/einsiedel-architekten.de\/cms\/wp-json\/wp\/v2\/pages\/145\/revisions"}],"predecessor-version":[{"id":1407,"href":"http:\/\/einsiedel-architekten.de\/cms\/wp-json\/wp\/v2\/pages\/145\/revisions\/1407"}],"wp:attachment":[{"href":"http:\/\/einsiedel-architekten.de\/cms\/wp-json\/wp\/v2\/media?parent=145"}],"wp:term":[{"taxonomy":"folder","embeddable":true,"href":"http:\/\/einsiedel-architekten.de\/cms\/wp-json\/wp\/v2\/folder?post=145"}],"curies":[{"name":"wp","href":"https:\/\/api.w.org\/{rel}","templated":true}]}}