{"id":1431,"date":"2019-11-25T12:42:55","date_gmt":"2019-11-25T11:42:55","guid":{"rendered":"http:\/\/einsiedel-architekten.de\/cms\/?page_id=1431"},"modified":"2019-11-25T14:51:02","modified_gmt":"2019-11-25T13:51:02","slug":"wb-stoeckach","status":"publish","type":"page","link":"http:\/\/einsiedel-architekten.de\/cms\/wb-stoeckach\/","title":{"rendered":"2019 wb st\u00f6ckach, stuttgart"},"content":{"rendered":"\n\n<div class=\"vp-portfolio vp-uid-a2beffca vp-id-1448 \"\n\tdata-vp-layout=\"slider\" data-vp-content-source=\"images\" data-vp-items-style=\"fly\" data-vp-items-click-action=\"popup_gallery\" data-vp-items-gap=\"15\" data-vp-items-gap-vertical=\"\" data-vp-pagination=\"load-more\" data-vp-next-page-url=\"\" data-vp-slider-effect=\"slide\" data-vp-slider-items-height=\"80%\" data-vp-slider-items-min-height=\"\" data-vp-slider-slides-per-view=\"2\" data-vp-slider-speed=\"1.5\" data-vp-slider-autoplay=\"4\" data-vp-slider-autoplay-hover-pause=\"false\" data-vp-slider-centered-slides=\"true\" data-vp-slider-loop=\"false\" data-vp-slider-free-mode=\"false\" data-vp-slider-free-mode-sticky=\"false\" data-vp-slider-arrows=\"true\" data-vp-slider-bullets=\"true\" data-vp-slider-bullets-dynamic=\"false\" data-vp-slider-mousewheel=\"false\" data-vp-slider-thumbnails=\"false\" >\n\t<div class=\"vp-portfolio__preloader-wrap\">\n\t\t<div class=\"vp-portfolio__preloader\">\n\t\t\t<img decoding=\"async\" loading=\"eager\" src=\"http:\/\/einsiedel-architekten.de\/cms\/wp-content\/plugins\/visual-portfolio\/assets\/images\/logo-dark.svg\" alt=\"Visual Portfolio, Posts &amp; Image Gallery for WordPress\" width=\"20\" height=\"20\" data-skip-lazy>\n\t\t<\/div>\n\t<\/div>\n\t\t<div class=\"vp-portfolio__items-wrap\">\n\t\t\t\n<div class=\"vp-portfolio__items vp-portfolio__items-style-fly vp-portfolio__items-show-overlay-hover\">\n\n\t\t<div\t\tclass=\"vp-portfolio__item-wrap vp-portfolio__item-uid-b976ce8f\" data-vp-filter=\"\" \t\t>\n\t\t\t<template class=\"vp-portfolio__item-popup\" data-vp-popup-img=\"http:\/\/einsiedel-architekten.de\/cms\/wp-content\/uploads\/2019\/11\/wb-st\u00f6kach-masterplan-1920x1577.jpg\" data-vp-popup-img-srcset=\"http:\/\/einsiedel-architekten.de\/cms\/wp-content\/uploads\/2019\/11\/wb-st\u00f6kach-masterplan-1920x1577.jpg 1920w, http:\/\/einsiedel-architekten.de\/cms\/wp-content\/uploads\/2019\/11\/wb-st\u00f6kach-masterplan-300x246.jpg 300w, http:\/\/einsiedel-architekten.de\/cms\/wp-content\/uploads\/2019\/11\/wb-st\u00f6kach-masterplan-1024x841.jpg 1024w, http:\/\/einsiedel-architekten.de\/cms\/wp-content\/uploads\/2019\/11\/wb-st\u00f6kach-masterplan-768x631.jpg 768w, http:\/\/einsiedel-architekten.de\/cms\/wp-content\/uploads\/2019\/11\/wb-st\u00f6kach-masterplan-500x411.jpg 500w, http:\/\/einsiedel-architekten.de\/cms\/wp-content\/uploads\/2019\/11\/wb-st\u00f6kach-masterplan-800x657.jpg 800w, http:\/\/einsiedel-architekten.de\/cms\/wp-content\/uploads\/2019\/11\/wb-st\u00f6kach-masterplan-1280x1051.jpg 1280w, http:\/\/einsiedel-architekten.de\/cms\/wp-content\/uploads\/2019\/11\/wb-st\u00f6kach-masterplan-1536x1262.jpg 1536w, http:\/\/einsiedel-architekten.de\/cms\/wp-content\/uploads\/2019\/11\/wb-st\u00f6kach-masterplan-2048x1682.jpg 2048w, http:\/\/einsiedel-architekten.de\/cms\/wp-content\/uploads\/2019\/11\/wb-st\u00f6kach-masterplan-804x660.jpg 804w\" data-vp-popup-img-size=\"1920x1577\" data-vp-popup-md-img=\"http:\/\/einsiedel-architekten.de\/cms\/wp-content\/uploads\/2019\/11\/wb-st\u00f6kach-masterplan-800x657.jpg\" data-vp-popup-md-img-size=\"800x657\" data-vp-popup-sm-img=\"http:\/\/einsiedel-architekten.de\/cms\/wp-content\/uploads\/2019\/11\/wb-st\u00f6kach-masterplan-500x411.jpg\" data-vp-popup-sm-img-size=\"500x411\">\n\t<\/template>\n\t\t\t\t\t\t<figure class=\"vp-portfolio__item\">\n\t\t\t\t\n<div class=\"vp-portfolio__item-img-wrap\">\n\t<div class=\"vp-portfolio__item-img\">\n\t\t\t<a\n\t\thref=\"http:\/\/einsiedel-architekten.de\/cms\/wp-content\/uploads\/2019\/11\/wb-st\u00f6kach-masterplan-1920x1577.jpg\"\n\t\taria-label=\"2019 wb st\u00f6kach masterplan\" \t data-rel=\"lightbox-image-0\" data-rl_title=\"\" data-rl_caption=\"\" title=\"\">\n\t\n\t\t<noscript><img loading=\"lazy\" decoding=\"async\" width=\"1920\" height=\"1577\" data-skip-lazy src=\"http:\/\/einsiedel-architekten.de\/cms\/wp-content\/uploads\/2019\/11\/wb-st\u00f6kach-masterplan-1920x1577.jpg\" class=\"wp-image-1449\" alt=\"\" srcset=\"http:\/\/einsiedel-architekten.de\/cms\/wp-content\/uploads\/2019\/11\/wb-st\u00f6kach-masterplan-1920x1577.jpg 1920w, http:\/\/einsiedel-architekten.de\/cms\/wp-content\/uploads\/2019\/11\/wb-st\u00f6kach-masterplan-300x246.jpg 300w, http:\/\/einsiedel-architekten.de\/cms\/wp-content\/uploads\/2019\/11\/wb-st\u00f6kach-masterplan-1024x841.jpg 1024w, http:\/\/einsiedel-architekten.de\/cms\/wp-content\/uploads\/2019\/11\/wb-st\u00f6kach-masterplan-768x631.jpg 768w, http:\/\/einsiedel-architekten.de\/cms\/wp-content\/uploads\/2019\/11\/wb-st\u00f6kach-masterplan-500x411.jpg 500w, http:\/\/einsiedel-architekten.de\/cms\/wp-content\/uploads\/2019\/11\/wb-st\u00f6kach-masterplan-800x657.jpg 800w, http:\/\/einsiedel-architekten.de\/cms\/wp-content\/uploads\/2019\/11\/wb-st\u00f6kach-masterplan-1280x1051.jpg 1280w, http:\/\/einsiedel-architekten.de\/cms\/wp-content\/uploads\/2019\/11\/wb-st\u00f6kach-masterplan-1536x1262.jpg 1536w, http:\/\/einsiedel-architekten.de\/cms\/wp-content\/uploads\/2019\/11\/wb-st\u00f6kach-masterplan-2048x1682.jpg 2048w, http:\/\/einsiedel-architekten.de\/cms\/wp-content\/uploads\/2019\/11\/wb-st\u00f6kach-masterplan-804x660.jpg 804w\" sizes=\"auto, (max-width: 1920px) 100vw, 1920px\" \/><\/noscript><img fetchpriority=\"high\" decoding=\"async\" width=\"1920\" height=\"1577\" src=\"http:\/\/einsiedel-architekten.de\/cms\/wp-content\/uploads\/2019\/11\/wb-st\u00f6kach-masterplan-1920x1577.jpg\" class=\"wp-image-1449 vp-lazyload\" alt srcset=\"data:image\/svg+xml;base64,PHN2ZyB3aWR0aD0iMTkyMCIgaGVpZ2h0PSIxNTc3IiB2aWV3Qm94PSIwIDAgMTkyMCAxNTc3IiBmaWxsPSJub25lIiB4bWxucz0iaHR0cDovL3d3dy53My5vcmcvMjAwMC9zdmciPjwvc3ZnPg==\" data-src=\"http:\/\/einsiedel-architekten.de\/cms\/wp-content\/uploads\/2019\/11\/wb-st\u00f6kach-masterplan-1920x1577.jpg\" data-srcset=\"http:\/\/einsiedel-architekten.de\/cms\/wp-content\/uploads\/2019\/11\/wb-st\u00f6kach-masterplan-1920x1577.jpg 1920w, http:\/\/einsiedel-architekten.de\/cms\/wp-content\/uploads\/2019\/11\/wb-st\u00f6kach-masterplan-300x246.jpg 300w, http:\/\/einsiedel-architekten.de\/cms\/wp-content\/uploads\/2019\/11\/wb-st\u00f6kach-masterplan-1024x841.jpg 1024w, http:\/\/einsiedel-architekten.de\/cms\/wp-content\/uploads\/2019\/11\/wb-st\u00f6kach-masterplan-768x631.jpg 768w, http:\/\/einsiedel-architekten.de\/cms\/wp-content\/uploads\/2019\/11\/wb-st\u00f6kach-masterplan-500x411.jpg 500w, http:\/\/einsiedel-architekten.de\/cms\/wp-content\/uploads\/2019\/11\/wb-st\u00f6kach-masterplan-800x657.jpg 800w, http:\/\/einsiedel-architekten.de\/cms\/wp-content\/uploads\/2019\/11\/wb-st\u00f6kach-masterplan-1280x1051.jpg 1280w, http:\/\/einsiedel-architekten.de\/cms\/wp-content\/uploads\/2019\/11\/wb-st\u00f6kach-masterplan-1536x1262.jpg 1536w, http:\/\/einsiedel-architekten.de\/cms\/wp-content\/uploads\/2019\/11\/wb-st\u00f6kach-masterplan-2048x1682.jpg 2048w, http:\/\/einsiedel-architekten.de\/cms\/wp-content\/uploads\/2019\/11\/wb-st\u00f6kach-masterplan-804x660.jpg 804w\" data-sizes=\"auto\" loading=\"eager\">\n\t\t<\/a>\t<\/div>\n<\/div>\n\t<div class=\"vp-portfolio__item-overlay\">\n\t\t\t<a\n\t\thref=\"http:\/\/einsiedel-architekten.de\/cms\/wp-content\/uploads\/2019\/11\/wb-st\u00f6kach-masterplan-1920x1577.jpg\"\n\t\ttabindex=\"-1\" class=\"vp-portfolio__item-meta\" aria-label=\"2019 wb st\u00f6kach masterplan\" \t data-rel=\"lightbox-image-1\" data-rl_title=\"\" data-rl_caption=\"\" title=\"\">\n\t\t\t<\/a>\t<\/div>\n\t\t\t\t<\/figure>\n\t\t\t\t\t<\/div>\n\t\t\n\t\t<div\t\tclass=\"vp-portfolio__item-wrap vp-portfolio__item-uid-e4d16eda\" data-vp-filter=\"\" \t\t>\n\t\t\t<template class=\"vp-portfolio__item-popup\" data-vp-popup-img=\"http:\/\/einsiedel-architekten.de\/cms\/wp-content\/uploads\/2019\/11\/wb-st\u00f6kach-isometrie-1920x1487.jpg\" data-vp-popup-img-srcset=\"http:\/\/einsiedel-architekten.de\/cms\/wp-content\/uploads\/2019\/11\/wb-st\u00f6kach-isometrie-1920x1487.jpg 1920w, http:\/\/einsiedel-architekten.de\/cms\/wp-content\/uploads\/2019\/11\/wb-st\u00f6kach-isometrie-300x232.jpg 300w, http:\/\/einsiedel-architekten.de\/cms\/wp-content\/uploads\/2019\/11\/wb-st\u00f6kach-isometrie-1024x793.jpg 1024w, http:\/\/einsiedel-architekten.de\/cms\/wp-content\/uploads\/2019\/11\/wb-st\u00f6kach-isometrie-768x595.jpg 768w, http:\/\/einsiedel-architekten.de\/cms\/wp-content\/uploads\/2019\/11\/wb-st\u00f6kach-isometrie-500x387.jpg 500w, http:\/\/einsiedel-architekten.de\/cms\/wp-content\/uploads\/2019\/11\/wb-st\u00f6kach-isometrie-800x620.jpg 800w, http:\/\/einsiedel-architekten.de\/cms\/wp-content\/uploads\/2019\/11\/wb-st\u00f6kach-isometrie-1280x991.jpg 1280w, http:\/\/einsiedel-architekten.de\/cms\/wp-content\/uploads\/2019\/11\/wb-st\u00f6kach-isometrie-1536x1189.jpg 1536w, http:\/\/einsiedel-architekten.de\/cms\/wp-content\/uploads\/2019\/11\/wb-st\u00f6kach-isometrie-2048x1586.jpg 2048w, http:\/\/einsiedel-architekten.de\/cms\/wp-content\/uploads\/2019\/11\/wb-st\u00f6kach-isometrie-852x660.jpg 852w\" data-vp-popup-img-size=\"1920x1487\" data-vp-popup-md-img=\"http:\/\/einsiedel-architekten.de\/cms\/wp-content\/uploads\/2019\/11\/wb-st\u00f6kach-isometrie-800x620.jpg\" data-vp-popup-md-img-size=\"800x620\" data-vp-popup-sm-img=\"http:\/\/einsiedel-architekten.de\/cms\/wp-content\/uploads\/2019\/11\/wb-st\u00f6kach-isometrie-500x387.jpg\" data-vp-popup-sm-img-size=\"500x387\">\n\t<\/template>\n\t\t\t\t\t\t<figure class=\"vp-portfolio__item\">\n\t\t\t\t\n<div class=\"vp-portfolio__item-img-wrap\">\n\t<div class=\"vp-portfolio__item-img\">\n\t\t\t<a\n\t\thref=\"http:\/\/einsiedel-architekten.de\/cms\/wp-content\/uploads\/2019\/11\/wb-st\u00f6kach-isometrie-1920x1487.jpg\"\n\t\taria-label=\"2019 wb st\u00f6kach isometrie\" \t data-rel=\"lightbox-image-2\" data-rl_title=\"\" data-rl_caption=\"\" title=\"\">\n\t\n\t\t<noscript><img loading=\"lazy\" decoding=\"async\" width=\"1920\" height=\"1487\" data-skip-lazy src=\"http:\/\/einsiedel-architekten.de\/cms\/wp-content\/uploads\/2019\/11\/wb-st\u00f6kach-isometrie-1920x1487.jpg\" class=\"wp-image-1450\" alt=\"\" srcset=\"http:\/\/einsiedel-architekten.de\/cms\/wp-content\/uploads\/2019\/11\/wb-st\u00f6kach-isometrie-1920x1487.jpg 1920w, http:\/\/einsiedel-architekten.de\/cms\/wp-content\/uploads\/2019\/11\/wb-st\u00f6kach-isometrie-300x232.jpg 300w, http:\/\/einsiedel-architekten.de\/cms\/wp-content\/uploads\/2019\/11\/wb-st\u00f6kach-isometrie-1024x793.jpg 1024w, http:\/\/einsiedel-architekten.de\/cms\/wp-content\/uploads\/2019\/11\/wb-st\u00f6kach-isometrie-768x595.jpg 768w, http:\/\/einsiedel-architekten.de\/cms\/wp-content\/uploads\/2019\/11\/wb-st\u00f6kach-isometrie-500x387.jpg 500w, http:\/\/einsiedel-architekten.de\/cms\/wp-content\/uploads\/2019\/11\/wb-st\u00f6kach-isometrie-800x620.jpg 800w, http:\/\/einsiedel-architekten.de\/cms\/wp-content\/uploads\/2019\/11\/wb-st\u00f6kach-isometrie-1280x991.jpg 1280w, http:\/\/einsiedel-architekten.de\/cms\/wp-content\/uploads\/2019\/11\/wb-st\u00f6kach-isometrie-1536x1189.jpg 1536w, http:\/\/einsiedel-architekten.de\/cms\/wp-content\/uploads\/2019\/11\/wb-st\u00f6kach-isometrie-2048x1586.jpg 2048w, http:\/\/einsiedel-architekten.de\/cms\/wp-content\/uploads\/2019\/11\/wb-st\u00f6kach-isometrie-852x660.jpg 852w\" sizes=\"auto, (max-width: 1920px) 100vw, 1920px\" \/><\/noscript><img decoding=\"async\" width=\"1920\" height=\"1487\" src=\"http:\/\/einsiedel-architekten.de\/cms\/wp-content\/uploads\/2019\/11\/wb-st\u00f6kach-isometrie-1920x1487.jpg\" class=\"wp-image-1450 vp-lazyload\" alt srcset=\"data:image\/svg+xml;base64,PHN2ZyB3aWR0aD0iMTkyMCIgaGVpZ2h0PSIxNDg3IiB2aWV3Qm94PSIwIDAgMTkyMCAxNDg3IiBmaWxsPSJub25lIiB4bWxucz0iaHR0cDovL3d3dy53My5vcmcvMjAwMC9zdmciPjwvc3ZnPg==\" data-src=\"http:\/\/einsiedel-architekten.de\/cms\/wp-content\/uploads\/2019\/11\/wb-st\u00f6kach-isometrie-1920x1487.jpg\" data-srcset=\"http:\/\/einsiedel-architekten.de\/cms\/wp-content\/uploads\/2019\/11\/wb-st\u00f6kach-isometrie-1920x1487.jpg 1920w, http:\/\/einsiedel-architekten.de\/cms\/wp-content\/uploads\/2019\/11\/wb-st\u00f6kach-isometrie-300x232.jpg 300w, http:\/\/einsiedel-architekten.de\/cms\/wp-content\/uploads\/2019\/11\/wb-st\u00f6kach-isometrie-1024x793.jpg 1024w, http:\/\/einsiedel-architekten.de\/cms\/wp-content\/uploads\/2019\/11\/wb-st\u00f6kach-isometrie-768x595.jpg 768w, http:\/\/einsiedel-architekten.de\/cms\/wp-content\/uploads\/2019\/11\/wb-st\u00f6kach-isometrie-500x387.jpg 500w, http:\/\/einsiedel-architekten.de\/cms\/wp-content\/uploads\/2019\/11\/wb-st\u00f6kach-isometrie-800x620.jpg 800w, http:\/\/einsiedel-architekten.de\/cms\/wp-content\/uploads\/2019\/11\/wb-st\u00f6kach-isometrie-1280x991.jpg 1280w, http:\/\/einsiedel-architekten.de\/cms\/wp-content\/uploads\/2019\/11\/wb-st\u00f6kach-isometrie-1536x1189.jpg 1536w, http:\/\/einsiedel-architekten.de\/cms\/wp-content\/uploads\/2019\/11\/wb-st\u00f6kach-isometrie-2048x1586.jpg 2048w, http:\/\/einsiedel-architekten.de\/cms\/wp-content\/uploads\/2019\/11\/wb-st\u00f6kach-isometrie-852x660.jpg 852w\" data-sizes=\"auto\" loading=\"eager\">\n\t\t<\/a>\t<\/div>\n<\/div>\n\t<div class=\"vp-portfolio__item-overlay\">\n\t\t\t<a\n\t\thref=\"http:\/\/einsiedel-architekten.de\/cms\/wp-content\/uploads\/2019\/11\/wb-st\u00f6kach-isometrie-1920x1487.jpg\"\n\t\ttabindex=\"-1\" class=\"vp-portfolio__item-meta\" aria-label=\"2019 wb st\u00f6kach isometrie\" \t data-rel=\"lightbox-image-3\" data-rl_title=\"\" data-rl_caption=\"\" title=\"\">\n\t\t\t<\/a>\t<\/div>\n\t\t\t\t<\/figure>\n\t\t\t\t\t<\/div>\n\t\t\n\t\t<div\t\tclass=\"vp-portfolio__item-wrap vp-portfolio__item-uid-4d7f7526\" data-vp-filter=\"\" \t\t>\n\t\t\t<template class=\"vp-portfolio__item-popup\" data-vp-popup-img=\"http:\/\/einsiedel-architekten.de\/cms\/wp-content\/uploads\/2019\/11\/wb-st\u00f6kach-schnitte-1920x776.jpg\" data-vp-popup-img-srcset=\"http:\/\/einsiedel-architekten.de\/cms\/wp-content\/uploads\/2019\/11\/wb-st\u00f6kach-schnitte-1920x776.jpg 1920w, http:\/\/einsiedel-architekten.de\/cms\/wp-content\/uploads\/2019\/11\/wb-st\u00f6kach-schnitte-300x121.jpg 300w, http:\/\/einsiedel-architekten.de\/cms\/wp-content\/uploads\/2019\/11\/wb-st\u00f6kach-schnitte-1024x414.jpg 1024w, http:\/\/einsiedel-architekten.de\/cms\/wp-content\/uploads\/2019\/11\/wb-st\u00f6kach-schnitte-768x310.jpg 768w, http:\/\/einsiedel-architekten.de\/cms\/wp-content\/uploads\/2019\/11\/wb-st\u00f6kach-schnitte-500x202.jpg 500w, http:\/\/einsiedel-architekten.de\/cms\/wp-content\/uploads\/2019\/11\/wb-st\u00f6kach-schnitte-800x323.jpg 800w, http:\/\/einsiedel-architekten.de\/cms\/wp-content\/uploads\/2019\/11\/wb-st\u00f6kach-schnitte-1280x517.jpg 1280w, http:\/\/einsiedel-architekten.de\/cms\/wp-content\/uploads\/2019\/11\/wb-st\u00f6kach-schnitte-1536x621.jpg 1536w, http:\/\/einsiedel-architekten.de\/cms\/wp-content\/uploads\/2019\/11\/wb-st\u00f6kach-schnitte-2048x828.jpg 2048w, http:\/\/einsiedel-architekten.de\/cms\/wp-content\/uploads\/2019\/11\/wb-st\u00f6kach-schnitte-1170x473.jpg 1170w\" data-vp-popup-img-size=\"1920x776\" data-vp-popup-md-img=\"http:\/\/einsiedel-architekten.de\/cms\/wp-content\/uploads\/2019\/11\/wb-st\u00f6kach-schnitte-800x323.jpg\" data-vp-popup-md-img-size=\"800x323\" data-vp-popup-sm-img=\"http:\/\/einsiedel-architekten.de\/cms\/wp-content\/uploads\/2019\/11\/wb-st\u00f6kach-schnitte-500x202.jpg\" data-vp-popup-sm-img-size=\"500x202\">\n\t<\/template>\n\t\t\t\t\t\t<figure class=\"vp-portfolio__item\">\n\t\t\t\t\n<div class=\"vp-portfolio__item-img-wrap\">\n\t<div class=\"vp-portfolio__item-img\">\n\t\t\t<a\n\t\thref=\"http:\/\/einsiedel-architekten.de\/cms\/wp-content\/uploads\/2019\/11\/wb-st\u00f6kach-schnitte-1920x776.jpg\"\n\t\taria-label=\"2019 wb st\u00f6kach schnitte\" \t data-rel=\"lightbox-image-4\" data-rl_title=\"\" data-rl_caption=\"\" title=\"\">\n\t\n\t\t<noscript><img loading=\"lazy\" decoding=\"async\" width=\"1920\" height=\"776\" data-skip-lazy src=\"http:\/\/einsiedel-architekten.de\/cms\/wp-content\/uploads\/2019\/11\/wb-st\u00f6kach-schnitte-1920x776.jpg\" class=\"wp-image-1452\" alt=\"\" srcset=\"http:\/\/einsiedel-architekten.de\/cms\/wp-content\/uploads\/2019\/11\/wb-st\u00f6kach-schnitte-1920x776.jpg 1920w, http:\/\/einsiedel-architekten.de\/cms\/wp-content\/uploads\/2019\/11\/wb-st\u00f6kach-schnitte-300x121.jpg 300w, http:\/\/einsiedel-architekten.de\/cms\/wp-content\/uploads\/2019\/11\/wb-st\u00f6kach-schnitte-1024x414.jpg 1024w, http:\/\/einsiedel-architekten.de\/cms\/wp-content\/uploads\/2019\/11\/wb-st\u00f6kach-schnitte-768x310.jpg 768w, http:\/\/einsiedel-architekten.de\/cms\/wp-content\/uploads\/2019\/11\/wb-st\u00f6kach-schnitte-500x202.jpg 500w, http:\/\/einsiedel-architekten.de\/cms\/wp-content\/uploads\/2019\/11\/wb-st\u00f6kach-schnitte-800x323.jpg 800w, http:\/\/einsiedel-architekten.de\/cms\/wp-content\/uploads\/2019\/11\/wb-st\u00f6kach-schnitte-1280x517.jpg 1280w, http:\/\/einsiedel-architekten.de\/cms\/wp-content\/uploads\/2019\/11\/wb-st\u00f6kach-schnitte-1536x621.jpg 1536w, http:\/\/einsiedel-architekten.de\/cms\/wp-content\/uploads\/2019\/11\/wb-st\u00f6kach-schnitte-2048x828.jpg 2048w, http:\/\/einsiedel-architekten.de\/cms\/wp-content\/uploads\/2019\/11\/wb-st\u00f6kach-schnitte-1170x473.jpg 1170w\" sizes=\"auto, (max-width: 1920px) 100vw, 1920px\" \/><\/noscript><img decoding=\"async\" width=\"1920\" height=\"776\" src=\"http:\/\/einsiedel-architekten.de\/cms\/wp-content\/uploads\/2019\/11\/wb-st\u00f6kach-schnitte-1920x776.jpg\" class=\"wp-image-1452 vp-lazyload\" alt srcset=\"data:image\/svg+xml;base64,PHN2ZyB3aWR0aD0iMTkyMCIgaGVpZ2h0PSI3NzYiIHZpZXdCb3g9IjAgMCAxOTIwIDc3NiIgZmlsbD0ibm9uZSIgeG1sbnM9Imh0dHA6Ly93d3cudzMub3JnLzIwMDAvc3ZnIj48L3N2Zz4=\" data-src=\"http:\/\/einsiedel-architekten.de\/cms\/wp-content\/uploads\/2019\/11\/wb-st\u00f6kach-schnitte-1920x776.jpg\" data-srcset=\"http:\/\/einsiedel-architekten.de\/cms\/wp-content\/uploads\/2019\/11\/wb-st\u00f6kach-schnitte-1920x776.jpg 1920w, http:\/\/einsiedel-architekten.de\/cms\/wp-content\/uploads\/2019\/11\/wb-st\u00f6kach-schnitte-300x121.jpg 300w, http:\/\/einsiedel-architekten.de\/cms\/wp-content\/uploads\/2019\/11\/wb-st\u00f6kach-schnitte-1024x414.jpg 1024w, http:\/\/einsiedel-architekten.de\/cms\/wp-content\/uploads\/2019\/11\/wb-st\u00f6kach-schnitte-768x310.jpg 768w, http:\/\/einsiedel-architekten.de\/cms\/wp-content\/uploads\/2019\/11\/wb-st\u00f6kach-schnitte-500x202.jpg 500w, http:\/\/einsiedel-architekten.de\/cms\/wp-content\/uploads\/2019\/11\/wb-st\u00f6kach-schnitte-800x323.jpg 800w, http:\/\/einsiedel-architekten.de\/cms\/wp-content\/uploads\/2019\/11\/wb-st\u00f6kach-schnitte-1280x517.jpg 1280w, http:\/\/einsiedel-architekten.de\/cms\/wp-content\/uploads\/2019\/11\/wb-st\u00f6kach-schnitte-1536x621.jpg 1536w, http:\/\/einsiedel-architekten.de\/cms\/wp-content\/uploads\/2019\/11\/wb-st\u00f6kach-schnitte-2048x828.jpg 2048w, http:\/\/einsiedel-architekten.de\/cms\/wp-content\/uploads\/2019\/11\/wb-st\u00f6kach-schnitte-1170x473.jpg 1170w\" data-sizes=\"auto\" loading=\"eager\">\n\t\t<\/a>\t<\/div>\n<\/div>\n\t<div class=\"vp-portfolio__item-overlay\">\n\t\t\t<a\n\t\thref=\"http:\/\/einsiedel-architekten.de\/cms\/wp-content\/uploads\/2019\/11\/wb-st\u00f6kach-schnitte-1920x776.jpg\"\n\t\ttabindex=\"-1\" class=\"vp-portfolio__item-meta\" aria-label=\"2019 wb st\u00f6kach schnitte\" \t data-rel=\"lightbox-image-5\" data-rl_title=\"\" data-rl_caption=\"\" title=\"\">\n\t\t\t<\/a>\t<\/div>\n\t\t\t\t<\/figure>\n\t\t\t\t\t<\/div>\n\t\t\n\t\t<div\t\tclass=\"vp-portfolio__item-wrap vp-portfolio__item-uid-e9160d2c\" data-vp-filter=\"\" \t\t>\n\t\t\t<template class=\"vp-portfolio__item-popup\" data-vp-popup-img=\"http:\/\/einsiedel-architekten.de\/cms\/wp-content\/uploads\/2019\/11\/wb-st\u00f6kach-umnutzung-1920x813.jpg\" data-vp-popup-img-srcset=\"http:\/\/einsiedel-architekten.de\/cms\/wp-content\/uploads\/2019\/11\/wb-st\u00f6kach-umnutzung-1920x813.jpg 1920w, http:\/\/einsiedel-architekten.de\/cms\/wp-content\/uploads\/2019\/11\/wb-st\u00f6kach-umnutzung-300x127.jpg 300w, http:\/\/einsiedel-architekten.de\/cms\/wp-content\/uploads\/2019\/11\/wb-st\u00f6kach-umnutzung-1024x434.jpg 1024w, http:\/\/einsiedel-architekten.de\/cms\/wp-content\/uploads\/2019\/11\/wb-st\u00f6kach-umnutzung-768x325.jpg 768w, http:\/\/einsiedel-architekten.de\/cms\/wp-content\/uploads\/2019\/11\/wb-st\u00f6kach-umnutzung-500x212.jpg 500w, http:\/\/einsiedel-architekten.de\/cms\/wp-content\/uploads\/2019\/11\/wb-st\u00f6kach-umnutzung-800x339.jpg 800w, http:\/\/einsiedel-architekten.de\/cms\/wp-content\/uploads\/2019\/11\/wb-st\u00f6kach-umnutzung-1280x542.jpg 1280w, http:\/\/einsiedel-architekten.de\/cms\/wp-content\/uploads\/2019\/11\/wb-st\u00f6kach-umnutzung-1536x650.jpg 1536w, http:\/\/einsiedel-architekten.de\/cms\/wp-content\/uploads\/2019\/11\/wb-st\u00f6kach-umnutzung-2048x867.jpg 2048w, http:\/\/einsiedel-architekten.de\/cms\/wp-content\/uploads\/2019\/11\/wb-st\u00f6kach-umnutzung-1170x495.jpg 1170w\" data-vp-popup-img-size=\"1920x813\" data-vp-popup-md-img=\"http:\/\/einsiedel-architekten.de\/cms\/wp-content\/uploads\/2019\/11\/wb-st\u00f6kach-umnutzung-800x339.jpg\" data-vp-popup-md-img-size=\"800x339\" data-vp-popup-sm-img=\"http:\/\/einsiedel-architekten.de\/cms\/wp-content\/uploads\/2019\/11\/wb-st\u00f6kach-umnutzung-500x212.jpg\" data-vp-popup-sm-img-size=\"500x212\">\n\t<\/template>\n\t\t\t\t\t\t<figure class=\"vp-portfolio__item\">\n\t\t\t\t\n<div class=\"vp-portfolio__item-img-wrap\">\n\t<div class=\"vp-portfolio__item-img\">\n\t\t\t<a\n\t\thref=\"http:\/\/einsiedel-architekten.de\/cms\/wp-content\/uploads\/2019\/11\/wb-st\u00f6kach-umnutzung-1920x813.jpg\"\n\t\taria-label=\"2019 wb st\u00f6kach umnutzung\" \t data-rel=\"lightbox-image-6\" data-rl_title=\"\" data-rl_caption=\"\" title=\"\">\n\t\n\t\t<noscript><img loading=\"lazy\" decoding=\"async\" width=\"1920\" height=\"813\" data-skip-lazy src=\"http:\/\/einsiedel-architekten.de\/cms\/wp-content\/uploads\/2019\/11\/wb-st\u00f6kach-umnutzung-1920x813.jpg\" class=\"wp-image-1451\" alt=\"\" srcset=\"http:\/\/einsiedel-architekten.de\/cms\/wp-content\/uploads\/2019\/11\/wb-st\u00f6kach-umnutzung-1920x813.jpg 1920w, http:\/\/einsiedel-architekten.de\/cms\/wp-content\/uploads\/2019\/11\/wb-st\u00f6kach-umnutzung-300x127.jpg 300w, http:\/\/einsiedel-architekten.de\/cms\/wp-content\/uploads\/2019\/11\/wb-st\u00f6kach-umnutzung-1024x434.jpg 1024w, http:\/\/einsiedel-architekten.de\/cms\/wp-content\/uploads\/2019\/11\/wb-st\u00f6kach-umnutzung-768x325.jpg 768w, http:\/\/einsiedel-architekten.de\/cms\/wp-content\/uploads\/2019\/11\/wb-st\u00f6kach-umnutzung-500x212.jpg 500w, http:\/\/einsiedel-architekten.de\/cms\/wp-content\/uploads\/2019\/11\/wb-st\u00f6kach-umnutzung-800x339.jpg 800w, http:\/\/einsiedel-architekten.de\/cms\/wp-content\/uploads\/2019\/11\/wb-st\u00f6kach-umnutzung-1280x542.jpg 1280w, http:\/\/einsiedel-architekten.de\/cms\/wp-content\/uploads\/2019\/11\/wb-st\u00f6kach-umnutzung-1536x650.jpg 1536w, http:\/\/einsiedel-architekten.de\/cms\/wp-content\/uploads\/2019\/11\/wb-st\u00f6kach-umnutzung-2048x867.jpg 2048w, http:\/\/einsiedel-architekten.de\/cms\/wp-content\/uploads\/2019\/11\/wb-st\u00f6kach-umnutzung-1170x495.jpg 1170w\" sizes=\"auto, (max-width: 1920px) 100vw, 1920px\" \/><\/noscript><img decoding=\"async\" width=\"1920\" height=\"813\" src=\"http:\/\/einsiedel-architekten.de\/cms\/wp-content\/uploads\/2019\/11\/wb-st\u00f6kach-umnutzung-1920x813.jpg\" class=\"wp-image-1451 vp-lazyload\" alt srcset=\"data:image\/svg+xml;base64,PHN2ZyB3aWR0aD0iMTkyMCIgaGVpZ2h0PSI4MTMiIHZpZXdCb3g9IjAgMCAxOTIwIDgxMyIgZmlsbD0ibm9uZSIgeG1sbnM9Imh0dHA6Ly93d3cudzMub3JnLzIwMDAvc3ZnIj48L3N2Zz4=\" data-src=\"http:\/\/einsiedel-architekten.de\/cms\/wp-content\/uploads\/2019\/11\/wb-st\u00f6kach-umnutzung-1920x813.jpg\" data-srcset=\"http:\/\/einsiedel-architekten.de\/cms\/wp-content\/uploads\/2019\/11\/wb-st\u00f6kach-umnutzung-1920x813.jpg 1920w, http:\/\/einsiedel-architekten.de\/cms\/wp-content\/uploads\/2019\/11\/wb-st\u00f6kach-umnutzung-300x127.jpg 300w, http:\/\/einsiedel-architekten.de\/cms\/wp-content\/uploads\/2019\/11\/wb-st\u00f6kach-umnutzung-1024x434.jpg 1024w, http:\/\/einsiedel-architekten.de\/cms\/wp-content\/uploads\/2019\/11\/wb-st\u00f6kach-umnutzung-768x325.jpg 768w, http:\/\/einsiedel-architekten.de\/cms\/wp-content\/uploads\/2019\/11\/wb-st\u00f6kach-umnutzung-500x212.jpg 500w, http:\/\/einsiedel-architekten.de\/cms\/wp-content\/uploads\/2019\/11\/wb-st\u00f6kach-umnutzung-800x339.jpg 800w, http:\/\/einsiedel-architekten.de\/cms\/wp-content\/uploads\/2019\/11\/wb-st\u00f6kach-umnutzung-1280x542.jpg 1280w, http:\/\/einsiedel-architekten.de\/cms\/wp-content\/uploads\/2019\/11\/wb-st\u00f6kach-umnutzung-1536x650.jpg 1536w, http:\/\/einsiedel-architekten.de\/cms\/wp-content\/uploads\/2019\/11\/wb-st\u00f6kach-umnutzung-2048x867.jpg 2048w, http:\/\/einsiedel-architekten.de\/cms\/wp-content\/uploads\/2019\/11\/wb-st\u00f6kach-umnutzung-1170x495.jpg 1170w\" data-sizes=\"auto\" loading=\"eager\">\n\t\t<\/a>\t<\/div>\n<\/div>\n\t<div class=\"vp-portfolio__item-overlay\">\n\t\t\t<a\n\t\thref=\"http:\/\/einsiedel-architekten.de\/cms\/wp-content\/uploads\/2019\/11\/wb-st\u00f6kach-umnutzung-1920x813.jpg\"\n\t\ttabindex=\"-1\" class=\"vp-portfolio__item-meta\" aria-label=\"2019 wb st\u00f6kach umnutzung\" \t data-rel=\"lightbox-image-7\" data-rl_title=\"\" data-rl_caption=\"\" title=\"\">\n\t\t\t<\/a>\t<\/div>\n\t\t\t\t<\/figure>\n\t\t\t\t\t<\/div>\n\t\t\n\t\t<div\t\tclass=\"vp-portfolio__item-wrap vp-portfolio__item-uid-b538b010\" data-vp-filter=\"\" \t\t>\n\t\t\t<template class=\"vp-portfolio__item-popup\" data-vp-popup-img=\"http:\/\/einsiedel-architekten.de\/cms\/wp-content\/uploads\/2019\/11\/2019-wb-st\u00f6kach-stadtplatz-1.jpg\" data-vp-popup-img-srcset=\"http:\/\/einsiedel-architekten.de\/cms\/wp-content\/uploads\/2019\/11\/2019-wb-st\u00f6kach-stadtplatz-1.jpg 1619w, http:\/\/einsiedel-architekten.de\/cms\/wp-content\/uploads\/2019\/11\/2019-wb-st\u00f6kach-stadtplatz-1-300x214.jpg 300w, http:\/\/einsiedel-architekten.de\/cms\/wp-content\/uploads\/2019\/11\/2019-wb-st\u00f6kach-stadtplatz-1-1024x729.jpg 1024w, http:\/\/einsiedel-architekten.de\/cms\/wp-content\/uploads\/2019\/11\/2019-wb-st\u00f6kach-stadtplatz-1-768x547.jpg 768w, http:\/\/einsiedel-architekten.de\/cms\/wp-content\/uploads\/2019\/11\/2019-wb-st\u00f6kach-stadtplatz-1-500x356.jpg 500w, http:\/\/einsiedel-architekten.de\/cms\/wp-content\/uploads\/2019\/11\/2019-wb-st\u00f6kach-stadtplatz-1-800x570.jpg 800w, http:\/\/einsiedel-architekten.de\/cms\/wp-content\/uploads\/2019\/11\/2019-wb-st\u00f6kach-stadtplatz-1-1280x912.jpg 1280w, http:\/\/einsiedel-architekten.de\/cms\/wp-content\/uploads\/2019\/11\/2019-wb-st\u00f6kach-stadtplatz-1-1536x1094.jpg 1536w, http:\/\/einsiedel-architekten.de\/cms\/wp-content\/uploads\/2019\/11\/2019-wb-st\u00f6kach-stadtplatz-1-927x660.jpg 927w\" data-vp-popup-img-size=\"1619x1153\" data-vp-popup-md-img=\"http:\/\/einsiedel-architekten.de\/cms\/wp-content\/uploads\/2019\/11\/2019-wb-st\u00f6kach-stadtplatz-1-800x570.jpg\" data-vp-popup-md-img-size=\"800x570\" data-vp-popup-sm-img=\"http:\/\/einsiedel-architekten.de\/cms\/wp-content\/uploads\/2019\/11\/2019-wb-st\u00f6kach-stadtplatz-1-500x356.jpg\" data-vp-popup-sm-img-size=\"500x356\">\n\t<\/template>\n\t\t\t\t\t\t<figure class=\"vp-portfolio__item\">\n\t\t\t\t\n<div class=\"vp-portfolio__item-img-wrap\">\n\t<div class=\"vp-portfolio__item-img\">\n\t\t\t<a\n\t\thref=\"http:\/\/einsiedel-architekten.de\/cms\/wp-content\/uploads\/2019\/11\/2019-wb-st\u00f6kach-stadtplatz-1.jpg\"\n\t\taria-label=\"2019 wb st\u00f6kach stadtplatz\" \t data-rel=\"lightbox-image-8\" data-rl_title=\"\" data-rl_caption=\"\" title=\"\">\n\t\n\t\t<noscript><img loading=\"lazy\" decoding=\"async\" width=\"1619\" height=\"1153\" data-skip-lazy src=\"http:\/\/einsiedel-architekten.de\/cms\/wp-content\/uploads\/2019\/11\/2019-wb-st\u00f6kach-stadtplatz-1.jpg\" class=\"wp-image-1453\" alt=\"\" srcset=\"http:\/\/einsiedel-architekten.de\/cms\/wp-content\/uploads\/2019\/11\/2019-wb-st\u00f6kach-stadtplatz-1.jpg 1619w, http:\/\/einsiedel-architekten.de\/cms\/wp-content\/uploads\/2019\/11\/2019-wb-st\u00f6kach-stadtplatz-1-300x214.jpg 300w, http:\/\/einsiedel-architekten.de\/cms\/wp-content\/uploads\/2019\/11\/2019-wb-st\u00f6kach-stadtplatz-1-1024x729.jpg 1024w, http:\/\/einsiedel-architekten.de\/cms\/wp-content\/uploads\/2019\/11\/2019-wb-st\u00f6kach-stadtplatz-1-768x547.jpg 768w, http:\/\/einsiedel-architekten.de\/cms\/wp-content\/uploads\/2019\/11\/2019-wb-st\u00f6kach-stadtplatz-1-500x356.jpg 500w, http:\/\/einsiedel-architekten.de\/cms\/wp-content\/uploads\/2019\/11\/2019-wb-st\u00f6kach-stadtplatz-1-800x570.jpg 800w, http:\/\/einsiedel-architekten.de\/cms\/wp-content\/uploads\/2019\/11\/2019-wb-st\u00f6kach-stadtplatz-1-1280x912.jpg 1280w, http:\/\/einsiedel-architekten.de\/cms\/wp-content\/uploads\/2019\/11\/2019-wb-st\u00f6kach-stadtplatz-1-1536x1094.jpg 1536w, http:\/\/einsiedel-architekten.de\/cms\/wp-content\/uploads\/2019\/11\/2019-wb-st\u00f6kach-stadtplatz-1-927x660.jpg 927w\" sizes=\"auto, (max-width: 1619px) 100vw, 1619px\" \/><\/noscript><img decoding=\"async\" width=\"1619\" height=\"1153\" src=\"http:\/\/einsiedel-architekten.de\/cms\/wp-content\/uploads\/2019\/11\/2019-wb-st\u00f6kach-stadtplatz-1.jpg\" class=\"wp-image-1453 vp-lazyload\" alt srcset=\"data:image\/svg+xml;base64,PHN2ZyB3aWR0aD0iMTYxOSIgaGVpZ2h0PSIxMTUzIiB2aWV3Qm94PSIwIDAgMTYxOSAxMTUzIiBmaWxsPSJub25lIiB4bWxucz0iaHR0cDovL3d3dy53My5vcmcvMjAwMC9zdmciPjwvc3ZnPg==\" data-src=\"http:\/\/einsiedel-architekten.de\/cms\/wp-content\/uploads\/2019\/11\/2019-wb-st\u00f6kach-stadtplatz-1.jpg\" data-srcset=\"http:\/\/einsiedel-architekten.de\/cms\/wp-content\/uploads\/2019\/11\/2019-wb-st\u00f6kach-stadtplatz-1.jpg 1619w, http:\/\/einsiedel-architekten.de\/cms\/wp-content\/uploads\/2019\/11\/2019-wb-st\u00f6kach-stadtplatz-1-300x214.jpg 300w, http:\/\/einsiedel-architekten.de\/cms\/wp-content\/uploads\/2019\/11\/2019-wb-st\u00f6kach-stadtplatz-1-1024x729.jpg 1024w, http:\/\/einsiedel-architekten.de\/cms\/wp-content\/uploads\/2019\/11\/2019-wb-st\u00f6kach-stadtplatz-1-768x547.jpg 768w, http:\/\/einsiedel-architekten.de\/cms\/wp-content\/uploads\/2019\/11\/2019-wb-st\u00f6kach-stadtplatz-1-500x356.jpg 500w, http:\/\/einsiedel-architekten.de\/cms\/wp-content\/uploads\/2019\/11\/2019-wb-st\u00f6kach-stadtplatz-1-800x570.jpg 800w, http:\/\/einsiedel-architekten.de\/cms\/wp-content\/uploads\/2019\/11\/2019-wb-st\u00f6kach-stadtplatz-1-1280x912.jpg 1280w, http:\/\/einsiedel-architekten.de\/cms\/wp-content\/uploads\/2019\/11\/2019-wb-st\u00f6kach-stadtplatz-1-1536x1094.jpg 1536w, http:\/\/einsiedel-architekten.de\/cms\/wp-content\/uploads\/2019\/11\/2019-wb-st\u00f6kach-stadtplatz-1-927x660.jpg 927w\" data-sizes=\"auto\" loading=\"eager\">\n\t\t<\/a>\t<\/div>\n<\/div>\n\t<div class=\"vp-portfolio__item-overlay\">\n\t\t\t<a\n\t\thref=\"http:\/\/einsiedel-architekten.de\/cms\/wp-content\/uploads\/2019\/11\/2019-wb-st\u00f6kach-stadtplatz-1.jpg\"\n\t\ttabindex=\"-1\" class=\"vp-portfolio__item-meta\" aria-label=\"2019 wb st\u00f6kach stadtplatz\" \t data-rel=\"lightbox-image-9\" data-rl_title=\"\" data-rl_caption=\"\" title=\"\">\n\t\t\t<\/a>\t<\/div>\n\t\t\t\t<\/figure>\n\t\t\t\t\t<\/div>\n\t\t\n\t\t<div\t\tclass=\"vp-portfolio__item-wrap vp-portfolio__item-uid-f8326d2f\" data-vp-filter=\"\" \t\t>\n\t\t\t<template class=\"vp-portfolio__item-popup\" data-vp-popup-img=\"http:\/\/einsiedel-architekten.de\/cms\/wp-content\/uploads\/2019\/11\/2019-wb-st\u00f6kach-quartiersplatz-1.jpg\" data-vp-popup-img-srcset=\"http:\/\/einsiedel-architekten.de\/cms\/wp-content\/uploads\/2019\/11\/2019-wb-st\u00f6kach-quartiersplatz-1.jpg 1669w, http:\/\/einsiedel-architekten.de\/cms\/wp-content\/uploads\/2019\/11\/2019-wb-st\u00f6kach-quartiersplatz-1-300x221.jpg 300w, http:\/\/einsiedel-architekten.de\/cms\/wp-content\/uploads\/2019\/11\/2019-wb-st\u00f6kach-quartiersplatz-1-1024x755.jpg 1024w, http:\/\/einsiedel-architekten.de\/cms\/wp-content\/uploads\/2019\/11\/2019-wb-st\u00f6kach-quartiersplatz-1-768x566.jpg 768w, http:\/\/einsiedel-architekten.de\/cms\/wp-content\/uploads\/2019\/11\/2019-wb-st\u00f6kach-quartiersplatz-1-500x368.jpg 500w, http:\/\/einsiedel-architekten.de\/cms\/wp-content\/uploads\/2019\/11\/2019-wb-st\u00f6kach-quartiersplatz-1-800x590.jpg 800w, http:\/\/einsiedel-architekten.de\/cms\/wp-content\/uploads\/2019\/11\/2019-wb-st\u00f6kach-quartiersplatz-1-1280x943.jpg 1280w, http:\/\/einsiedel-architekten.de\/cms\/wp-content\/uploads\/2019\/11\/2019-wb-st\u00f6kach-quartiersplatz-1-1536x1132.jpg 1536w, http:\/\/einsiedel-architekten.de\/cms\/wp-content\/uploads\/2019\/11\/2019-wb-st\u00f6kach-quartiersplatz-1-896x660.jpg 896w\" data-vp-popup-img-size=\"1669x1230\" data-vp-popup-md-img=\"http:\/\/einsiedel-architekten.de\/cms\/wp-content\/uploads\/2019\/11\/2019-wb-st\u00f6kach-quartiersplatz-1-800x590.jpg\" data-vp-popup-md-img-size=\"800x590\" data-vp-popup-sm-img=\"http:\/\/einsiedel-architekten.de\/cms\/wp-content\/uploads\/2019\/11\/2019-wb-st\u00f6kach-quartiersplatz-1-500x368.jpg\" data-vp-popup-sm-img-size=\"500x368\">\n\t<\/template>\n\t\t\t\t\t\t<figure class=\"vp-portfolio__item\">\n\t\t\t\t\n<div class=\"vp-portfolio__item-img-wrap\">\n\t<div class=\"vp-portfolio__item-img\">\n\t\t\t<a\n\t\thref=\"http:\/\/einsiedel-architekten.de\/cms\/wp-content\/uploads\/2019\/11\/2019-wb-st\u00f6kach-quartiersplatz-1.jpg\"\n\t\taria-label=\"2019 wb st\u00f6kach quartiersplatz\" \t data-rel=\"lightbox-image-10\" data-rl_title=\"\" data-rl_caption=\"\" title=\"\">\n\t\n\t\t<noscript><img loading=\"lazy\" decoding=\"async\" width=\"1669\" height=\"1230\" data-skip-lazy src=\"http:\/\/einsiedel-architekten.de\/cms\/wp-content\/uploads\/2019\/11\/2019-wb-st\u00f6kach-quartiersplatz-1.jpg\" class=\"wp-image-1456\" alt=\"\" srcset=\"http:\/\/einsiedel-architekten.de\/cms\/wp-content\/uploads\/2019\/11\/2019-wb-st\u00f6kach-quartiersplatz-1.jpg 1669w, http:\/\/einsiedel-architekten.de\/cms\/wp-content\/uploads\/2019\/11\/2019-wb-st\u00f6kach-quartiersplatz-1-300x221.jpg 300w, http:\/\/einsiedel-architekten.de\/cms\/wp-content\/uploads\/2019\/11\/2019-wb-st\u00f6kach-quartiersplatz-1-1024x755.jpg 1024w, http:\/\/einsiedel-architekten.de\/cms\/wp-content\/uploads\/2019\/11\/2019-wb-st\u00f6kach-quartiersplatz-1-768x566.jpg 768w, http:\/\/einsiedel-architekten.de\/cms\/wp-content\/uploads\/2019\/11\/2019-wb-st\u00f6kach-quartiersplatz-1-500x368.jpg 500w, http:\/\/einsiedel-architekten.de\/cms\/wp-content\/uploads\/2019\/11\/2019-wb-st\u00f6kach-quartiersplatz-1-800x590.jpg 800w, http:\/\/einsiedel-architekten.de\/cms\/wp-content\/uploads\/2019\/11\/2019-wb-st\u00f6kach-quartiersplatz-1-1280x943.jpg 1280w, http:\/\/einsiedel-architekten.de\/cms\/wp-content\/uploads\/2019\/11\/2019-wb-st\u00f6kach-quartiersplatz-1-1536x1132.jpg 1536w, http:\/\/einsiedel-architekten.de\/cms\/wp-content\/uploads\/2019\/11\/2019-wb-st\u00f6kach-quartiersplatz-1-896x660.jpg 896w\" sizes=\"auto, (max-width: 1669px) 100vw, 1669px\" \/><\/noscript><img decoding=\"async\" width=\"1669\" height=\"1230\" src=\"http:\/\/einsiedel-architekten.de\/cms\/wp-content\/uploads\/2019\/11\/2019-wb-st\u00f6kach-quartiersplatz-1.jpg\" class=\"wp-image-1456 vp-lazyload\" alt srcset=\"data:image\/svg+xml;base64,PHN2ZyB3aWR0aD0iMTY2OSIgaGVpZ2h0PSIxMjMwIiB2aWV3Qm94PSIwIDAgMTY2OSAxMjMwIiBmaWxsPSJub25lIiB4bWxucz0iaHR0cDovL3d3dy53My5vcmcvMjAwMC9zdmciPjwvc3ZnPg==\" data-src=\"http:\/\/einsiedel-architekten.de\/cms\/wp-content\/uploads\/2019\/11\/2019-wb-st\u00f6kach-quartiersplatz-1.jpg\" data-srcset=\"http:\/\/einsiedel-architekten.de\/cms\/wp-content\/uploads\/2019\/11\/2019-wb-st\u00f6kach-quartiersplatz-1.jpg 1669w, http:\/\/einsiedel-architekten.de\/cms\/wp-content\/uploads\/2019\/11\/2019-wb-st\u00f6kach-quartiersplatz-1-300x221.jpg 300w, http:\/\/einsiedel-architekten.de\/cms\/wp-content\/uploads\/2019\/11\/2019-wb-st\u00f6kach-quartiersplatz-1-1024x755.jpg 1024w, http:\/\/einsiedel-architekten.de\/cms\/wp-content\/uploads\/2019\/11\/2019-wb-st\u00f6kach-quartiersplatz-1-768x566.jpg 768w, http:\/\/einsiedel-architekten.de\/cms\/wp-content\/uploads\/2019\/11\/2019-wb-st\u00f6kach-quartiersplatz-1-500x368.jpg 500w, http:\/\/einsiedel-architekten.de\/cms\/wp-content\/uploads\/2019\/11\/2019-wb-st\u00f6kach-quartiersplatz-1-800x590.jpg 800w, http:\/\/einsiedel-architekten.de\/cms\/wp-content\/uploads\/2019\/11\/2019-wb-st\u00f6kach-quartiersplatz-1-1280x943.jpg 1280w, http:\/\/einsiedel-architekten.de\/cms\/wp-content\/uploads\/2019\/11\/2019-wb-st\u00f6kach-quartiersplatz-1-1536x1132.jpg 1536w, http:\/\/einsiedel-architekten.de\/cms\/wp-content\/uploads\/2019\/11\/2019-wb-st\u00f6kach-quartiersplatz-1-896x660.jpg 896w\" data-sizes=\"auto\" loading=\"eager\">\n\t\t<\/a>\t<\/div>\n<\/div>\n\t<div class=\"vp-portfolio__item-overlay\">\n\t\t\t<a\n\t\thref=\"http:\/\/einsiedel-architekten.de\/cms\/wp-content\/uploads\/2019\/11\/2019-wb-st\u00f6kach-quartiersplatz-1.jpg\"\n\t\ttabindex=\"-1\" class=\"vp-portfolio__item-meta\" aria-label=\"2019 wb st\u00f6kach quartiersplatz\" \t data-rel=\"lightbox-image-11\" data-rl_title=\"\" data-rl_caption=\"\" title=\"\">\n\t\t\t<\/a>\t<\/div>\n\t\t\t\t<\/figure>\n\t\t\t\t\t<\/div>\n\t\t\n\t\t<div\t\tclass=\"vp-portfolio__item-wrap vp-portfolio__item-uid-c8952769\" data-vp-filter=\"\" \t\t>\n\t\t\t<template class=\"vp-portfolio__item-popup\" data-vp-popup-img=\"http:\/\/einsiedel-architekten.de\/cms\/wp-content\/uploads\/2019\/11\/2019-wb-st\u00f6kach-werkhof-1.jpg\" data-vp-popup-img-srcset=\"http:\/\/einsiedel-architekten.de\/cms\/wp-content\/uploads\/2019\/11\/2019-wb-st\u00f6kach-werkhof-1.jpg 1814w, http:\/\/einsiedel-architekten.de\/cms\/wp-content\/uploads\/2019\/11\/2019-wb-st\u00f6kach-werkhof-1-300x224.jpg 300w, http:\/\/einsiedel-architekten.de\/cms\/wp-content\/uploads\/2019\/11\/2019-wb-st\u00f6kach-werkhof-1-1024x765.jpg 1024w, http:\/\/einsiedel-architekten.de\/cms\/wp-content\/uploads\/2019\/11\/2019-wb-st\u00f6kach-werkhof-1-768x574.jpg 768w, http:\/\/einsiedel-architekten.de\/cms\/wp-content\/uploads\/2019\/11\/2019-wb-st\u00f6kach-werkhof-1-500x374.jpg 500w, http:\/\/einsiedel-architekten.de\/cms\/wp-content\/uploads\/2019\/11\/2019-wb-st\u00f6kach-werkhof-1-800x598.jpg 800w, http:\/\/einsiedel-architekten.de\/cms\/wp-content\/uploads\/2019\/11\/2019-wb-st\u00f6kach-werkhof-1-1280x957.jpg 1280w, http:\/\/einsiedel-architekten.de\/cms\/wp-content\/uploads\/2019\/11\/2019-wb-st\u00f6kach-werkhof-1-1536x1148.jpg 1536w, http:\/\/einsiedel-architekten.de\/cms\/wp-content\/uploads\/2019\/11\/2019-wb-st\u00f6kach-werkhof-1-883x660.jpg 883w\" data-vp-popup-img-size=\"1814x1356\" data-vp-popup-md-img=\"http:\/\/einsiedel-architekten.de\/cms\/wp-content\/uploads\/2019\/11\/2019-wb-st\u00f6kach-werkhof-1-800x598.jpg\" data-vp-popup-md-img-size=\"800x598\" data-vp-popup-sm-img=\"http:\/\/einsiedel-architekten.de\/cms\/wp-content\/uploads\/2019\/11\/2019-wb-st\u00f6kach-werkhof-1-500x374.jpg\" data-vp-popup-sm-img-size=\"500x374\">\n\t<\/template>\n\t\t\t\t\t\t<figure class=\"vp-portfolio__item\">\n\t\t\t\t\n<div class=\"vp-portfolio__item-img-wrap\">\n\t<div class=\"vp-portfolio__item-img\">\n\t\t\t<a\n\t\thref=\"http:\/\/einsiedel-architekten.de\/cms\/wp-content\/uploads\/2019\/11\/2019-wb-st\u00f6kach-werkhof-1.jpg\"\n\t\taria-label=\"2019 wb st\u00f6kach werkhof\" \t data-rel=\"lightbox-image-12\" data-rl_title=\"\" data-rl_caption=\"\" title=\"\">\n\t\n\t\t<noscript><img loading=\"lazy\" decoding=\"async\" width=\"1814\" height=\"1356\" data-skip-lazy src=\"http:\/\/einsiedel-architekten.de\/cms\/wp-content\/uploads\/2019\/11\/2019-wb-st\u00f6kach-werkhof-1.jpg\" class=\"wp-image-1457\" alt=\"\" srcset=\"http:\/\/einsiedel-architekten.de\/cms\/wp-content\/uploads\/2019\/11\/2019-wb-st\u00f6kach-werkhof-1.jpg 1814w, http:\/\/einsiedel-architekten.de\/cms\/wp-content\/uploads\/2019\/11\/2019-wb-st\u00f6kach-werkhof-1-300x224.jpg 300w, http:\/\/einsiedel-architekten.de\/cms\/wp-content\/uploads\/2019\/11\/2019-wb-st\u00f6kach-werkhof-1-1024x765.jpg 1024w, http:\/\/einsiedel-architekten.de\/cms\/wp-content\/uploads\/2019\/11\/2019-wb-st\u00f6kach-werkhof-1-768x574.jpg 768w, http:\/\/einsiedel-architekten.de\/cms\/wp-content\/uploads\/2019\/11\/2019-wb-st\u00f6kach-werkhof-1-500x374.jpg 500w, http:\/\/einsiedel-architekten.de\/cms\/wp-content\/uploads\/2019\/11\/2019-wb-st\u00f6kach-werkhof-1-800x598.jpg 800w, http:\/\/einsiedel-architekten.de\/cms\/wp-content\/uploads\/2019\/11\/2019-wb-st\u00f6kach-werkhof-1-1280x957.jpg 1280w, http:\/\/einsiedel-architekten.de\/cms\/wp-content\/uploads\/2019\/11\/2019-wb-st\u00f6kach-werkhof-1-1536x1148.jpg 1536w, http:\/\/einsiedel-architekten.de\/cms\/wp-content\/uploads\/2019\/11\/2019-wb-st\u00f6kach-werkhof-1-883x660.jpg 883w\" sizes=\"auto, (max-width: 1814px) 100vw, 1814px\" \/><\/noscript><img decoding=\"async\" width=\"1814\" height=\"1356\" src=\"http:\/\/einsiedel-architekten.de\/cms\/wp-content\/uploads\/2019\/11\/2019-wb-st\u00f6kach-werkhof-1.jpg\" class=\"wp-image-1457 vp-lazyload\" alt srcset=\"data:image\/svg+xml;base64,PHN2ZyB3aWR0aD0iMTgxNCIgaGVpZ2h0PSIxMzU2IiB2aWV3Qm94PSIwIDAgMTgxNCAxMzU2IiBmaWxsPSJub25lIiB4bWxucz0iaHR0cDovL3d3dy53My5vcmcvMjAwMC9zdmciPjwvc3ZnPg==\" data-src=\"http:\/\/einsiedel-architekten.de\/cms\/wp-content\/uploads\/2019\/11\/2019-wb-st\u00f6kach-werkhof-1.jpg\" data-srcset=\"http:\/\/einsiedel-architekten.de\/cms\/wp-content\/uploads\/2019\/11\/2019-wb-st\u00f6kach-werkhof-1.jpg 1814w, http:\/\/einsiedel-architekten.de\/cms\/wp-content\/uploads\/2019\/11\/2019-wb-st\u00f6kach-werkhof-1-300x224.jpg 300w, http:\/\/einsiedel-architekten.de\/cms\/wp-content\/uploads\/2019\/11\/2019-wb-st\u00f6kach-werkhof-1-1024x765.jpg 1024w, http:\/\/einsiedel-architekten.de\/cms\/wp-content\/uploads\/2019\/11\/2019-wb-st\u00f6kach-werkhof-1-768x574.jpg 768w, http:\/\/einsiedel-architekten.de\/cms\/wp-content\/uploads\/2019\/11\/2019-wb-st\u00f6kach-werkhof-1-500x374.jpg 500w, http:\/\/einsiedel-architekten.de\/cms\/wp-content\/uploads\/2019\/11\/2019-wb-st\u00f6kach-werkhof-1-800x598.jpg 800w, http:\/\/einsiedel-architekten.de\/cms\/wp-content\/uploads\/2019\/11\/2019-wb-st\u00f6kach-werkhof-1-1280x957.jpg 1280w, http:\/\/einsiedel-architekten.de\/cms\/wp-content\/uploads\/2019\/11\/2019-wb-st\u00f6kach-werkhof-1-1536x1148.jpg 1536w, http:\/\/einsiedel-architekten.de\/cms\/wp-content\/uploads\/2019\/11\/2019-wb-st\u00f6kach-werkhof-1-883x660.jpg 883w\" data-sizes=\"auto\" loading=\"eager\">\n\t\t<\/a>\t<\/div>\n<\/div>\n\t<div class=\"vp-portfolio__item-overlay\">\n\t\t\t<a\n\t\thref=\"http:\/\/einsiedel-architekten.de\/cms\/wp-content\/uploads\/2019\/11\/2019-wb-st\u00f6kach-werkhof-1.jpg\"\n\t\ttabindex=\"-1\" class=\"vp-portfolio__item-meta\" aria-label=\"2019 wb st\u00f6kach werkhof\" \t data-rel=\"lightbox-image-13\" data-rl_title=\"\" data-rl_caption=\"\" title=\"\">\n\t\t\t<\/a>\t<\/div>\n\t\t\t\t<\/figure>\n\t\t\t\t\t<\/div>\n\t\t\n\t\t<div\t\tclass=\"vp-portfolio__item-wrap vp-portfolio__item-uid-1bfb6ff5\" data-vp-filter=\"\" \t\t>\n\t\t\t<template class=\"vp-portfolio__item-popup\" data-vp-popup-img=\"http:\/\/einsiedel-architekten.de\/cms\/wp-content\/uploads\/2019\/11\/2019-wb-st\u00f6kach-wohnhof-1.jpg\" data-vp-popup-img-srcset=\"http:\/\/einsiedel-architekten.de\/cms\/wp-content\/uploads\/2019\/11\/2019-wb-st\u00f6kach-wohnhof-1.jpg 1538w, http:\/\/einsiedel-architekten.de\/cms\/wp-content\/uploads\/2019\/11\/2019-wb-st\u00f6kach-wohnhof-1-300x224.jpg 300w, http:\/\/einsiedel-architekten.de\/cms\/wp-content\/uploads\/2019\/11\/2019-wb-st\u00f6kach-wohnhof-1-1024x766.jpg 1024w, http:\/\/einsiedel-architekten.de\/cms\/wp-content\/uploads\/2019\/11\/2019-wb-st\u00f6kach-wohnhof-1-768x574.jpg 768w, http:\/\/einsiedel-architekten.de\/cms\/wp-content\/uploads\/2019\/11\/2019-wb-st\u00f6kach-wohnhof-1-500x374.jpg 500w, http:\/\/einsiedel-architekten.de\/cms\/wp-content\/uploads\/2019\/11\/2019-wb-st\u00f6kach-wohnhof-1-800x598.jpg 800w, http:\/\/einsiedel-architekten.de\/cms\/wp-content\/uploads\/2019\/11\/2019-wb-st\u00f6kach-wohnhof-1-1280x957.jpg 1280w, http:\/\/einsiedel-architekten.de\/cms\/wp-content\/uploads\/2019\/11\/2019-wb-st\u00f6kach-wohnhof-1-1536x1149.jpg 1536w, http:\/\/einsiedel-architekten.de\/cms\/wp-content\/uploads\/2019\/11\/2019-wb-st\u00f6kach-wohnhof-1-883x660.jpg 883w\" data-vp-popup-img-size=\"1538x1150\" data-vp-popup-md-img=\"http:\/\/einsiedel-architekten.de\/cms\/wp-content\/uploads\/2019\/11\/2019-wb-st\u00f6kach-wohnhof-1-800x598.jpg\" data-vp-popup-md-img-size=\"800x598\" data-vp-popup-sm-img=\"http:\/\/einsiedel-architekten.de\/cms\/wp-content\/uploads\/2019\/11\/2019-wb-st\u00f6kach-wohnhof-1-500x374.jpg\" data-vp-popup-sm-img-size=\"500x374\">\n\t<\/template>\n\t\t\t\t\t\t<figure class=\"vp-portfolio__item\">\n\t\t\t\t\n<div class=\"vp-portfolio__item-img-wrap\">\n\t<div class=\"vp-portfolio__item-img\">\n\t\t\t<a\n\t\thref=\"http:\/\/einsiedel-architekten.de\/cms\/wp-content\/uploads\/2019\/11\/2019-wb-st\u00f6kach-wohnhof-1.jpg\"\n\t\taria-label=\"2019 wb st\u00f6kach wohnhof\" \t data-rel=\"lightbox-image-14\" data-rl_title=\"\" data-rl_caption=\"\" title=\"\">\n\t\n\t\t<noscript><img loading=\"lazy\" decoding=\"async\" width=\"1538\" height=\"1150\" data-skip-lazy src=\"http:\/\/einsiedel-architekten.de\/cms\/wp-content\/uploads\/2019\/11\/2019-wb-st\u00f6kach-wohnhof-1.jpg\" class=\"wp-image-1455\" alt=\"\" srcset=\"http:\/\/einsiedel-architekten.de\/cms\/wp-content\/uploads\/2019\/11\/2019-wb-st\u00f6kach-wohnhof-1.jpg 1538w, http:\/\/einsiedel-architekten.de\/cms\/wp-content\/uploads\/2019\/11\/2019-wb-st\u00f6kach-wohnhof-1-300x224.jpg 300w, http:\/\/einsiedel-architekten.de\/cms\/wp-content\/uploads\/2019\/11\/2019-wb-st\u00f6kach-wohnhof-1-1024x766.jpg 1024w, http:\/\/einsiedel-architekten.de\/cms\/wp-content\/uploads\/2019\/11\/2019-wb-st\u00f6kach-wohnhof-1-768x574.jpg 768w, http:\/\/einsiedel-architekten.de\/cms\/wp-content\/uploads\/2019\/11\/2019-wb-st\u00f6kach-wohnhof-1-500x374.jpg 500w, http:\/\/einsiedel-architekten.de\/cms\/wp-content\/uploads\/2019\/11\/2019-wb-st\u00f6kach-wohnhof-1-800x598.jpg 800w, http:\/\/einsiedel-architekten.de\/cms\/wp-content\/uploads\/2019\/11\/2019-wb-st\u00f6kach-wohnhof-1-1280x957.jpg 1280w, http:\/\/einsiedel-architekten.de\/cms\/wp-content\/uploads\/2019\/11\/2019-wb-st\u00f6kach-wohnhof-1-1536x1149.jpg 1536w, http:\/\/einsiedel-architekten.de\/cms\/wp-content\/uploads\/2019\/11\/2019-wb-st\u00f6kach-wohnhof-1-883x660.jpg 883w\" sizes=\"auto, (max-width: 1538px) 100vw, 1538px\" \/><\/noscript><img decoding=\"async\" width=\"1538\" height=\"1150\" src=\"http:\/\/einsiedel-architekten.de\/cms\/wp-content\/uploads\/2019\/11\/2019-wb-st\u00f6kach-wohnhof-1.jpg\" class=\"wp-image-1455 vp-lazyload\" alt srcset=\"data:image\/svg+xml;base64,PHN2ZyB3aWR0aD0iMTUzOCIgaGVpZ2h0PSIxMTUwIiB2aWV3Qm94PSIwIDAgMTUzOCAxMTUwIiBmaWxsPSJub25lIiB4bWxucz0iaHR0cDovL3d3dy53My5vcmcvMjAwMC9zdmciPjwvc3ZnPg==\" data-src=\"http:\/\/einsiedel-architekten.de\/cms\/wp-content\/uploads\/2019\/11\/2019-wb-st\u00f6kach-wohnhof-1.jpg\" data-srcset=\"http:\/\/einsiedel-architekten.de\/cms\/wp-content\/uploads\/2019\/11\/2019-wb-st\u00f6kach-wohnhof-1.jpg 1538w, http:\/\/einsiedel-architekten.de\/cms\/wp-content\/uploads\/2019\/11\/2019-wb-st\u00f6kach-wohnhof-1-300x224.jpg 300w, http:\/\/einsiedel-architekten.de\/cms\/wp-content\/uploads\/2019\/11\/2019-wb-st\u00f6kach-wohnhof-1-1024x766.jpg 1024w, http:\/\/einsiedel-architekten.de\/cms\/wp-content\/uploads\/2019\/11\/2019-wb-st\u00f6kach-wohnhof-1-768x574.jpg 768w, http:\/\/einsiedel-architekten.de\/cms\/wp-content\/uploads\/2019\/11\/2019-wb-st\u00f6kach-wohnhof-1-500x374.jpg 500w, http:\/\/einsiedel-architekten.de\/cms\/wp-content\/uploads\/2019\/11\/2019-wb-st\u00f6kach-wohnhof-1-800x598.jpg 800w, http:\/\/einsiedel-architekten.de\/cms\/wp-content\/uploads\/2019\/11\/2019-wb-st\u00f6kach-wohnhof-1-1280x957.jpg 1280w, http:\/\/einsiedel-architekten.de\/cms\/wp-content\/uploads\/2019\/11\/2019-wb-st\u00f6kach-wohnhof-1-1536x1149.jpg 1536w, http:\/\/einsiedel-architekten.de\/cms\/wp-content\/uploads\/2019\/11\/2019-wb-st\u00f6kach-wohnhof-1-883x660.jpg 883w\" data-sizes=\"auto\" loading=\"eager\">\n\t\t<\/a>\t<\/div>\n<\/div>\n\t<div class=\"vp-portfolio__item-overlay\">\n\t\t\t<a\n\t\thref=\"http:\/\/einsiedel-architekten.de\/cms\/wp-content\/uploads\/2019\/11\/2019-wb-st\u00f6kach-wohnhof-1.jpg\"\n\t\ttabindex=\"-1\" class=\"vp-portfolio__item-meta\" aria-label=\"2019 wb st\u00f6kach wohnhof\" \t data-rel=\"lightbox-image-15\" data-rl_title=\"\" data-rl_caption=\"\" title=\"\">\n\t\t\t<\/a>\t<\/div>\n\t\t\t\t<\/figure>\n\t\t\t\t\t<\/div>\n\t\t\n<\/div>\n\n<div class=\"vp-portfolio__items-arrow vp-portfolio__items-arrow-prev\" tabindex=\"0\" role=\"button\" aria-label=\"Previous Slide\">\n\t\n<svg class=\"vp-svg-icon\" width=\"20\" height=\"20\" viewBox=\"0 0 20 20\" fill=\"none\" xmlns=\"http:\/\/www.w3.org\/2000\/svg\">\n\t<path d=\"M12 4L6 10L12 16\" stroke=\"currentColor\" stroke-width=\"1.5\" stroke-linecap=\"round\" stroke-linejoin=\"round\" fill=\"transparent\" \/>\n<\/svg>\n<\/div>\n<div class=\"vp-portfolio__items-arrow vp-portfolio__items-arrow-next\" tabindex=\"0\" role=\"button\" aria-label=\"Next Slide\">\n\t\n<svg class=\"vp-svg-icon\" width=\"20\" height=\"20\" viewBox=\"0 0 20 20\" fill=\"none\" xmlns=\"http:\/\/www.w3.org\/2000\/svg\">\n\t<path d=\"M8 4L14 10L8 16\" stroke=\"currentColor\" stroke-width=\"1.5\" stroke-linecap=\"round\" stroke-linejoin=\"round\" fill=\"transparent\" \/>\n<\/svg>\n<\/div>\n\n<div class=\"vp-portfolio__items-bullets\"><\/div>\n\t\t<\/div>\n\t\t\n<\/div>\n\n\n\n\n<p><\/p>\n\n\n\n<p style=\"color:#dd890b\" class=\"has-text-color\">ST\u00c4DTEBAULICHER REALISIERUNGSWETTBEWERB &#8222;EIN GUTES ST\u00dcCK STUTTGART. DER NEUE ST\u00d6CKACH&#8220;<br>Stadt Stuttgart<br><br><br><\/p>\n\n\n\n<p>ECKDATEN<br>Bebaute Fl\u00e4che: \u00dcberbaute Fl\u00e4che 93.000m\u00b2, Unterirdische Bauten 13.400m\u00b2<br>Geschossfl\u00e4che: Neubau 52.000m\u00b2 , Umnutzung 41.000 m\u00b2<br>BGF: 69.000m\u00b2 Wohnen, 12.000m\u00b2 Gewerbe, 4.000m\u00b2 Produktion, 6.000m\u00b2 Soziale Infrastruktur, 3.000m\u00b2 Sport, 16.000m\u00b2 Quartiersgaragen<br><br><br><\/p>\n\n\n\n<p>STADTREPARATUR <br>Die wieder ge\u00f6ffnete Sickstr reaktiviert die gr\u00fcne Verbindung des Schlossgartens mit dem Park der Villa Berg. Die historische Form des Heilandplatzes wird vervollst\u00e4ndigt: die Schwarenbergstr. als breite Allee in der Achse der Kirche, die restlichen Stra\u00dfen: Werder-, Metz- und Sickstra\u00dfe, bleiben schm\u00e4ler.<\/p>\n\n\n\n<p>LEUCHTTURMPROJEKT<br>Die umgenutzten, teils aufgestockten EnBW-Geb\u00e4ude 32 und 50 werden zu \u201eLeuchtt\u00fcrmen\u201c: weithin sichtbar als st\u00e4dtebauliche Hochpunkte und mit ihren neuen, begr\u00fcnten Fassaden Zeichen des \u00f6kologischen Wandels in Quartier und Stadtteil.<\/p>\n\n\n\n<p>TRANSFORMATION<br>Das bisher nicht zug\u00e4ngliche EnBW-Betriebs-gel\u00e4nde wird ins urbane Gewebe von St\u00f6ckach integriert. Der Stadtplatz an der Hackstr. wird zum wichtigsten Zugang des Quartiers von au\u00dfen und verkn\u00fcpft es mit dem Stadtteil. Der mittige Quartiersplatz wird zum Zentrum f\u00fcr die im Quartier lebenden und arbeitenden Menschen.<\/p>\n\n\n\n<p>NEU-INTERPRETATION DER K\u00d6RNIGKEIT<br>Die historischen Baustrukturen der Stuttgarter Wohnviertel werden aufgegriffen und weiter entwickelt: erste und zweite Reihe bzw. Blockrand und Blockinnenraum sowie der Bauwich. Diese K\u00f6rnigkeit wird zum Regelwerk f\u00fcr die neuen Bl\u00f6cke und ihre Geb\u00e4ude. <br>Der Bauwich wird neu interpretiert: subtil gliedernd, dynamisch geformt, die Durchl\u00fcftung f\u00f6rdernd, viele Wohnungen 3-seitig belichtend. Sanft rotierte und leicht schiefwinklige Geb\u00e4ude schaffen aufgelockerte Hofr\u00e4ume und vermeiden ein frontales vis-a- vis zwischen Fassaden.<\/p>\n\n\n\n<p>HOHE DICHTE \/ URBANES GEBIET<br>Innerhalb der Bl\u00f6cke r\u00fccken die H\u00e4user eng zusammen: hohe Dichte verbindet sich mit hohen r\u00e4umlichen und sozialen Qualit\u00e4ten. Das neue Baurecht erlaubt im Urbanen Gebiet a = 0,2.<\/p>\n\n\n\n<p>VERKN\u00dcPFUNG QUARTIER MIT STADTTEIL<br>Differenzierte Ein- und Ausg\u00e4nge: Stadtplatz mit Treppenanlage, aufgewerteter Heilandsplatz, Sickstr. mit Spielplatz; Durchbruch Geb.10 als Verl\u00e4ngerung der Sedanstr; neuer Wohnweg am Geb\u00e4ude 50; Ecke Metzstr. \/ Geb\u00e4ude 50 mit kleinem Marktplatz<\/p>\n\n\n\n<p>DNS ALS EnBW-QUARTIER DER ZUKUNFT UND STADT-REALLABOR<br>Wir brauchen ein \u00f6kologisches Umdenken, das nicht als Verzicht, sondern als Gewinn f\u00fcr den Einzelnen und die Gesellschaft erfahrbar wird. Wir brauchen eine neue Kultur des Pflegens und Reparierens.Ein integriertes und zukunftsf\u00e4higes Stadtquartier kann \u00fcber die Transformation des Bestehenden \u00f6konomisch, \u00f6kologisch und sozial einfacher und besser realisiert werden als mit fl\u00e4chen-deckendem Abriss und Neubau.<\/p>\n\n\n\n<p>BESTAND IM DNS: OFFENHEIT, PROGRAMMIERUNG, IDENTIFIKATION<br>Der vielf\u00e4ltige Bestand im EnBW-Areal ist offen f\u00fcr die gew\u00fcnschte funktionale und soziale Mischung des neuen Quartiers. Er reicht von kleinen zellenartigen bis hin zu sehr gro\u00dfen Einheiten, hat brauchbare Erschlie\u00dfungskerne, denen weitere einfach hinzugef\u00fcgt werden k\u00f6nnen, ist \u00fcberwiegend in Skelettbauweise errichtet, die einen modifizierten oder neuen Innenausbau einfach zul\u00e4sst. <br>Gerade in den gro\u00dfen Geb\u00e4udekomplexen 30 \u2013 32 und 50 kann unter \u201eeinem Dach\u201c ein stark gemischtes Programm mit besonders intensiven Wechselwirkungen zwischen den jeweiligen Funktionen realisiert werden. R\u00e4umliche N\u00e4he und Vernetzung f\u00f6rdern Austausch und erlauben mehrfache oder zeitversetzte Nutzungen. Die \u00d6ffnung und Umprogrammierung eines bisher unzu-g\u00e4nglichen Bestands kann die Identifikation der Nutzer und Bewohner mit dem Projekt f\u00f6rdern.<\/p>\n\n\n\n<p>BESTAND IM DNS: VERF\u00dcGBARKEIT, SPARSAMKEIT, EXPERIMENT<br>Umnutzung in Verbindung mit moderaten Standards spart Zeit und Kosten im Vergleich mit Neubau, kann dringend ben\u00f6tigten preisg\u00fcnstigen Wohnraum kurzfristig schaffen, erleichtert k\u00fcnftige Anpassungen und \u00c4nderungen durch geringeren Kapitaleinsatz, ist offen f\u00fcr Experimente und Provisorien. Mit architektonisch-baulich Mitteln wie Addition ( z.B. Anbauen, Anf\u00fcgen, Aufstocken) und Sub-straktion ( z.B. Ein- oder Wegschneiden, Aush\u00f6hlen, Durchl\u00f6chern ) werden funktionale und r\u00e4umliche Qualit\u00e4ten weiter differenziert und gesteigert .<\/p>\n\n\n\n<p>VIELFALT DER WOHN- UND EIGENTUMSFORMEN<br>40% gef\u00f6rderter Wohnungsbau als SMW, MME und preisg\u00fcnstiges Wohneigentum f\u00fcr Singles, Familien, Senioren: XS, S, M, L, XL; Baugemeinschaften; Mehrgenerationenwohnen, betreutes Wohnen, tempor\u00e4res und kollektives Wohnen, Wohnen und Arbeiten; Mikro- und Clusterwohnungen; Boarding House, G\u00e4steappartments, EG-Wohnungen mit Minigarten \/ gr\u00fcnem Zimmer<br>Verteilung entsprechend dem Geb\u00e4udemix mit seinen unterschiedlichen Raumtiefen: Plus \/ bis 20m (Geb\u00e4uden 30, 32, 50) f\u00fcr Mischformen aus Wohnen und Arbeiten, Clusterwohnungen und Betreutes Wohnen; S-XL \/ bis 13m .(Geb\u00e4ude 10 + Neuba ) f\u00fcr Familienwohnen etc ; XS \/ bis 8m\u00a0 (Geb\u00e4ude 31) f\u00fcr Mikro- und Gast-Wohnen <\/p>\n\n\n\n<p>INKLUSIVE UND GEMISCHTE STADT MIT R\u00c4UMLICHEN UND SOZIALEM MITEINANDER<br>Durchmischte Verteilung unterschiedlicher Nutzungen wie Wohnen, Arbeiten, Nahversorgung, Dienstleistungen und soziale Infrastruktur; Mischformen von Wohnen und Arbeiten, innerhalb von Bl\u00f6cken, Geb\u00e4uden \/ innerhalb einzelner Nutzungseinheiten; nutzungsoffene EG-Zonen entlang \u00f6ffentlicher Stra\u00dfen und im Werkhof, <br>Gewerbe als kleinteilige Einheiten in Wohnbauten und gro\u00dffl\u00e4chige in Bestandsgeb\u00e4uden; Einzelhandel, Gastronomie, B\u00fcros, Co-Working, Werkst\u00e4tten, Repair-Cafes, smarte Produktion, Gesundheitswesen, Sport und Fitness<br>Soziale<strong> <\/strong>Infrastruktur<strong> <\/strong>mit Stadteilb\u00fcro und Nachbarschaftshilfe am Stadtplatz, Pflegeheim, vier Kitas mit je 4 Grup-pen + Au\u00dfenbereichen, mit Cafe + B\u00fcrgerzentrum am Quartiersplatz mit Cafe, Kinderspielpl\u00e4tze, Nachbarschaftstreffs, Minisport-Anlagen<\/p>\n\n\n\n<p>DNS ALS NEUES KREATIVQUARTIER <br>Gerade die nutzungsoffenen Fl\u00e4chen der bestehenden Industriegeb\u00e4ude eignen sich f\u00fcr kreative und neue produktive Nutzer und Akteure. Sie sind relativ schnell und schrittweise aneignenbar, offen f\u00fcr tempor\u00e4re Zwischennutzungen und f\u00fcr variable, von finanziellen M\u00f6glichkeiten bestimmten Ausbaustandards. Im Geb\u00e4udekomplex 30-32 mit seinem speziellen, vom zentralen Werkhof bestimmten Ambiente kann ein lebendiges (sub)kulturelles Zentrum entstehen, das weit \u00fcber das unmittelbare Quartier ausstrahlt.<\/p>\n\n\n\n<p>PRIVATAUTOFREI UND MULTIMODAL MOBIL<br>DNS als erstes autofreies Quartier in Stuttgart, nicht f\u00fcr MIV befahrbar und ohne Stellpl\u00e4tze im \u00f6ffentlichen Raum, mit dichtem internen Wegenetz f\u00fcr Fu\u00dfg\u00e4nger und Radfahrer, mit sicheren Anschl\u00fc\u00dfen an die \u00d6PNV-Haltepunkte in der Hack- und Neckarstr.; Service und Rettungs-fahrzeuge auf internen Stra\u00dfen und Hauptwohn-wegen; zeitlich begrenzte Anlieferung f\u00fcr Nah-versorger und Gesch\u00e4fte \u00fcber die Fu\u00dfg\u00e4n-gerzone Sickstr.; direkte Zufahrt zum Werkhof<\/p>\n\n\n\n<p>MULTIMODALE ANGEBOTE <br>3 Stationen mit multimodalen Angeboten: Car- u. Bike-Sharing; Lastenr\u00e4der, E-Car-Pool Stadtplatz<br>Micro-Hubs f\u00fcr KEP ( Kurier-, Express-, Paket-dienst) in den Quartiersgaragen mit aufzugs-nahen Lagerfl\u00e4chen; Lastentransport bis zur Wohnung: TG-Aufz\u00fcge ins Freie + Umladung auf Lastenr\u00e4der oder kleine autonome E-Fahrzeuge<\/p>\n\n\n\n<p>MOBILIT\u00c4TSAGENTUR AM STADTPLATZ<br>Beratung zum Thema Mobilit\u00e4t, Ansprechpartner f\u00fcr Bewohner, Serviceangebote wie Lieferser-vice, Vergabe von Stellpl\u00e4tzen \/ Mobilit\u00e4tsmana-gement; Modellprojekt Mobilit\u00e4tskarte, in der alle Angebote integriert sind: \u00d6PNV-Zeitkarte, Sharing-Angebote, Lastenradverleih, Taxirabatt <\/p>\n\n\n\n<p>PARKEN IN QUARTIERSGARAGEN<br>Stellplatzbedarf 0,5\/WE + 60% \u00d6PNV-Minder-ung + Ersatz durch Radstellpl\u00e4tze; 3 Quartiersgaragen mit \u00fcber 500 Stellpl\u00e4tzen in den bestehenden, teils innen zu erweiternden unterirdischen Garagenbauten in den Geb\u00e4uden 10, 32 und 50; Zufahrten \u00fcber neu zu bauende Rampen direkt vom umgebenden Stra\u00dfennetz<\/p>\n\n\n\n<p>BESUCHERPARKEN<br>je 20 L\u00e4ngsparker St\u00f6ckachstr. + Metzstr + 20 Parkdeck Schwarenbergstr. = 60 Pkw = 13%<\/p>\n\n\n\n<p>FAHRR\u00c4DER<br>2 R\u00e4der \/ WE = 1600 Fahrradstellpl\u00e4tze in EGs \/ Gemeinschaftsbereichen der Geb\u00e4ude, 400 im \u00f6ffentl. Raum des Quartiers<\/p>\n\n\n\n<p>BARRIEREFREIHEIT<br>in allen Geb\u00e4uden + durchg\u00e4ngig im gesamten Gel\u00e4nde; Nord-S\u00fcd-Verbindungen Hack-, Sick- und Schwarenbergstr. wegen starker H\u00f6henunter-schiede mit Hubplattformen oder Treppenlifte<\/p>\n\n\n\n<p>MODERNE M\u00dcLLENTSORGUNG<br>z.B. M\u00fcllabsaugsystem mit dezentralen, nach M\u00fcllarten getrennten Tonnen, Rohrsystemen und zentralen Abholstationen; M\u00fcllfahrzeuge m\u00fcssen i.d.R. nicht ins Quartiers fahren!<\/p>\n\n\n\n<p>GRAUE ENERGIE UND KLIMAWANDEL<br>Die Geb\u00e4ude 10, 30-32, 40 und 50 haben einen BRI von ca. 150.000 m\u00b3. Die hier gespeicherte Graue Energie ist enorm und ginge bei einem Abriss verloren. Neu errichtete, energetisch vor-teilhaftere Geb\u00e4ude m\u00fcssten aber min. 30 Jahre betrieben werden, um diese Verluste zu kom-pensieren. Wir m\u00fcssen aber schon heute dringend sparen und nicht erst in der Zukunft. Die zyklische Lebensdauer der meisten Bauelemente ist ohnehin k\u00fcrzer als 30 Jahre. <\/p>\n\n\n\n<p>KLIMANEUTRAL UND PLUSENERGIE<br>Der Energiebedarf muss durch energieeffiziente, kompakte und solaroptimierte Bauk\u00f6rper mini-miert und soll insbesondere f\u00fcr Raumheizung und Warmwasser lokale erneuerbare Energien ge-deckt werden. Alle Wohngeb\u00e4ude werden in Passivhaus-Standard oder als KfW-Effizienzgeb\u00e4ude 40, alle Gewerbe- und Sozial-bauten als KfW-Effizienzgeb\u00e4ude 40 Plus erstellt.  Die Energieversorgung des Quartiers basiert auf einer sinnvollen Verkn\u00fcpfung von Abwasserw\u00e4rmenutzung, Geothermie und Fernw\u00e4rmer\u00fccklauf aus dem vorhandenen Netz, zentraler, hybrider W\u00e4rme\u00aderzeugung mit W\u00e4rmepumpen (WP) sowie gro\u00dffl\u00e4chiger Photovoltaikanlagen (PV) zur Eigennutzung. Drei thematisch unterschiedliche energetische Cluster werden intelligent vernetzt. \u00dcber einen \u201eenergetischen Knoten\u201c am Marktplatz k\u00f6nnen diese w\u00e4rme- und stromseitig vernetzt und tempor\u00e4re \u00dcbersch\u00fcsse und Defizite ausgeglichen werden. <\/p>\n\n\n\n<p><\/p>\n","protected":false},"excerpt":{"rendered":"<p>ST\u00c4DTEBAULICHER REALISIERUNGSWETTBEWERB &#8222;EIN GUTES ST\u00dcCK STUTTGART. DER NEUE ST\u00d6CKACH&#8220;Stadt Stuttgart ECKDATENBebaute Fl\u00e4che: \u00dcberbaute Fl\u00e4che 93.000m\u00b2, Unterirdische Bauten 13.400m\u00b2Geschossfl\u00e4che: Neubau 52.000m\u00b2 , Umnutzung 41.000 m\u00b2BGF: 69.000m\u00b2 Wohnen, 12.000m\u00b2 Gewerbe, 4.000m\u00b2 Produktion, 6.000m\u00b2 Soziale Infrastruktur, 3.000m\u00b2 Sport, 16.000m\u00b2 Quartiersgaragen STADTREPARATUR Die wieder ge\u00f6ffnete Sickstr reaktiviert die gr\u00fcne Verbindung des Schlossgartens mit dem Park der Villa Berg. Die [&hellip;]<\/p>\n","protected":false},"author":2,"featured_media":0,"parent":0,"menu_order":0,"comment_status":"closed","ping_status":"closed","template":"","meta":{"_vp_format_video_url":"","_vp_image_focal_point":[],"footnotes":""},"folder":[3],"class_list":["post-1431","page","type-page","status-publish","hentry"],"_links":{"self":[{"href":"http:\/\/einsiedel-architekten.de\/cms\/wp-json\/wp\/v2\/pages\/1431","targetHints":{"allow":["GET"]}}],"collection":[{"href":"http:\/\/einsiedel-architekten.de\/cms\/wp-json\/wp\/v2\/pages"}],"about":[{"href":"http:\/\/einsiedel-architekten.de\/cms\/wp-json\/wp\/v2\/types\/page"}],"author":[{"embeddable":true,"href":"http:\/\/einsiedel-architekten.de\/cms\/wp-json\/wp\/v2\/users\/2"}],"replies":[{"embeddable":true,"href":"http:\/\/einsiedel-architekten.de\/cms\/wp-json\/wp\/v2\/comments?post=1431"}],"version-history":[{"count":11,"href":"http:\/\/einsiedel-architekten.de\/cms\/wp-json\/wp\/v2\/pages\/1431\/revisions"}],"predecessor-version":[{"id":1460,"href":"http:\/\/einsiedel-architekten.de\/cms\/wp-json\/wp\/v2\/pages\/1431\/revisions\/1460"}],"wp:attachment":[{"href":"http:\/\/einsiedel-architekten.de\/cms\/wp-json\/wp\/v2\/media?parent=1431"}],"wp:term":[{"taxonomy":"folder","embeddable":true,"href":"http:\/\/einsiedel-architekten.de\/cms\/wp-json\/wp\/v2\/folder?post=1431"}],"curies":[{"name":"wp","href":"https:\/\/api.w.org\/{rel}","templated":true}]}}