{"id":1274,"date":"2019-11-20T11:35:18","date_gmt":"2019-11-20T10:35:18","guid":{"rendered":"http:\/\/einsiedel-architekten.de\/cms\/?page_id=1274"},"modified":"2019-11-20T16:39:18","modified_gmt":"2019-11-20T15:39:18","slug":"silberburg","status":"publish","type":"page","link":"http:\/\/einsiedel-architekten.de\/cms\/silberburg\/","title":{"rendered":"2011 silberburg, stuttgart"},"content":{"rendered":"\n\n<div class=\"vp-portfolio vp-uid-fa19e02d vp-id-1279 \"\n\tdata-vp-layout=\"slider\" data-vp-content-source=\"images\" data-vp-items-style=\"fly\" data-vp-items-click-action=\"popup_gallery\" data-vp-items-gap=\"15\" data-vp-items-gap-vertical=\"\" data-vp-pagination=\"load-more\" data-vp-next-page-url=\"\" data-vp-slider-effect=\"slide\" data-vp-slider-items-height=\"80%\" data-vp-slider-items-min-height=\"\" data-vp-slider-slides-per-view=\"2\" data-vp-slider-speed=\"1.5\" data-vp-slider-autoplay=\"4\" data-vp-slider-autoplay-hover-pause=\"false\" data-vp-slider-centered-slides=\"true\" data-vp-slider-loop=\"false\" data-vp-slider-free-mode=\"false\" data-vp-slider-free-mode-sticky=\"false\" data-vp-slider-arrows=\"true\" data-vp-slider-bullets=\"true\" data-vp-slider-bullets-dynamic=\"false\" data-vp-slider-mousewheel=\"false\" data-vp-slider-thumbnails=\"false\" >\n\t<div class=\"vp-portfolio__preloader-wrap\">\n\t\t<div class=\"vp-portfolio__preloader\">\n\t\t\t<img decoding=\"async\" loading=\"eager\" src=\"http:\/\/einsiedel-architekten.de\/cms\/wp-content\/plugins\/visual-portfolio\/assets\/images\/logo-dark.svg\" alt=\"Visual Portfolio, Posts &amp; Image Gallery for WordPress\" width=\"20\" height=\"20\" data-skip-lazy>\n\t\t<\/div>\n\t<\/div>\n\t\t<div class=\"vp-portfolio__items-wrap\">\n\t\t\t\n<div class=\"vp-portfolio__items vp-portfolio__items-style-fly vp-portfolio__items-show-overlay-hover\">\n\n\t\t<div\t\tclass=\"vp-portfolio__item-wrap vp-portfolio__item-uid-9baf8df1\" data-vp-filter=\"\" \t\t>\n\t\t\t<template class=\"vp-portfolio__item-popup\" data-vp-popup-img=\"http:\/\/einsiedel-architekten.de\/cms\/wp-content\/uploads\/2019\/12\/2011-Silberburg-perspektive-3.jpg\" data-vp-popup-img-srcset=\"http:\/\/einsiedel-architekten.de\/cms\/wp-content\/uploads\/2019\/12\/2011-Silberburg-perspektive-3.jpg 1410w, http:\/\/einsiedel-architekten.de\/cms\/wp-content\/uploads\/2019\/12\/2011-Silberburg-perspektive-3-300x300.jpg 300w, http:\/\/einsiedel-architekten.de\/cms\/wp-content\/uploads\/2019\/12\/2011-Silberburg-perspektive-3-1024x1024.jpg 1024w, http:\/\/einsiedel-architekten.de\/cms\/wp-content\/uploads\/2019\/12\/2011-Silberburg-perspektive-3-150x150.jpg 150w, http:\/\/einsiedel-architekten.de\/cms\/wp-content\/uploads\/2019\/12\/2011-Silberburg-perspektive-3-768x767.jpg 768w, http:\/\/einsiedel-architekten.de\/cms\/wp-content\/uploads\/2019\/12\/2011-Silberburg-perspektive-3-500x500.jpg 500w, http:\/\/einsiedel-architekten.de\/cms\/wp-content\/uploads\/2019\/12\/2011-Silberburg-perspektive-3-800x800.jpg 800w, http:\/\/einsiedel-architekten.de\/cms\/wp-content\/uploads\/2019\/12\/2011-Silberburg-perspektive-3-1280x1280.jpg 1280w, http:\/\/einsiedel-architekten.de\/cms\/wp-content\/uploads\/2019\/12\/2011-Silberburg-perspektive-3-660x660.jpg 660w\" data-vp-popup-img-size=\"1410x1409\" data-vp-popup-md-img=\"http:\/\/einsiedel-architekten.de\/cms\/wp-content\/uploads\/2019\/12\/2011-Silberburg-perspektive-3-800x800.jpg\" data-vp-popup-md-img-size=\"800x800\" data-vp-popup-sm-img=\"http:\/\/einsiedel-architekten.de\/cms\/wp-content\/uploads\/2019\/12\/2011-Silberburg-perspektive-3-500x500.jpg\" data-vp-popup-sm-img-size=\"500x500\">\n\t<\/template>\n\t\t\t\t\t\t<figure class=\"vp-portfolio__item\">\n\t\t\t\t\n<div class=\"vp-portfolio__item-img-wrap\">\n\t<div class=\"vp-portfolio__item-img\">\n\t\t\t<a\n\t\thref=\"http:\/\/einsiedel-architekten.de\/cms\/wp-content\/uploads\/2019\/12\/2011-Silberburg-perspektive-3.jpg\"\n\t\taria-label=\"2011 Silberburg perspektive 3\" \t data-rel=\"lightbox-image-0\" data-rl_title=\"\" data-rl_caption=\"\" title=\"\">\n\t\n\t\t<noscript><img loading=\"lazy\" decoding=\"async\" width=\"1410\" height=\"1409\" data-skip-lazy src=\"http:\/\/einsiedel-architekten.de\/cms\/wp-content\/uploads\/2019\/12\/2011-Silberburg-perspektive-3.jpg\" class=\"wp-image-1628\" alt=\"\" srcset=\"http:\/\/einsiedel-architekten.de\/cms\/wp-content\/uploads\/2019\/12\/2011-Silberburg-perspektive-3.jpg 1410w, http:\/\/einsiedel-architekten.de\/cms\/wp-content\/uploads\/2019\/12\/2011-Silberburg-perspektive-3-300x300.jpg 300w, http:\/\/einsiedel-architekten.de\/cms\/wp-content\/uploads\/2019\/12\/2011-Silberburg-perspektive-3-1024x1024.jpg 1024w, http:\/\/einsiedel-architekten.de\/cms\/wp-content\/uploads\/2019\/12\/2011-Silberburg-perspektive-3-150x150.jpg 150w, http:\/\/einsiedel-architekten.de\/cms\/wp-content\/uploads\/2019\/12\/2011-Silberburg-perspektive-3-768x767.jpg 768w, http:\/\/einsiedel-architekten.de\/cms\/wp-content\/uploads\/2019\/12\/2011-Silberburg-perspektive-3-500x500.jpg 500w, http:\/\/einsiedel-architekten.de\/cms\/wp-content\/uploads\/2019\/12\/2011-Silberburg-perspektive-3-800x800.jpg 800w, http:\/\/einsiedel-architekten.de\/cms\/wp-content\/uploads\/2019\/12\/2011-Silberburg-perspektive-3-1280x1280.jpg 1280w, http:\/\/einsiedel-architekten.de\/cms\/wp-content\/uploads\/2019\/12\/2011-Silberburg-perspektive-3-660x660.jpg 660w\" sizes=\"auto, (max-width: 1410px) 100vw, 1410px\" \/><\/noscript><img fetchpriority=\"high\" decoding=\"async\" width=\"1410\" height=\"1409\" src=\"http:\/\/einsiedel-architekten.de\/cms\/wp-content\/uploads\/2019\/12\/2011-Silberburg-perspektive-3.jpg\" class=\"wp-image-1628 vp-lazyload\" alt srcset=\"data:image\/svg+xml;base64,PHN2ZyB3aWR0aD0iMTQxMCIgaGVpZ2h0PSIxNDA5IiB2aWV3Qm94PSIwIDAgMTQxMCAxNDA5IiBmaWxsPSJub25lIiB4bWxucz0iaHR0cDovL3d3dy53My5vcmcvMjAwMC9zdmciPjwvc3ZnPg==\" data-src=\"http:\/\/einsiedel-architekten.de\/cms\/wp-content\/uploads\/2019\/12\/2011-Silberburg-perspektive-3.jpg\" data-srcset=\"http:\/\/einsiedel-architekten.de\/cms\/wp-content\/uploads\/2019\/12\/2011-Silberburg-perspektive-3.jpg 1410w, http:\/\/einsiedel-architekten.de\/cms\/wp-content\/uploads\/2019\/12\/2011-Silberburg-perspektive-3-300x300.jpg 300w, http:\/\/einsiedel-architekten.de\/cms\/wp-content\/uploads\/2019\/12\/2011-Silberburg-perspektive-3-1024x1024.jpg 1024w, http:\/\/einsiedel-architekten.de\/cms\/wp-content\/uploads\/2019\/12\/2011-Silberburg-perspektive-3-150x150.jpg 150w, http:\/\/einsiedel-architekten.de\/cms\/wp-content\/uploads\/2019\/12\/2011-Silberburg-perspektive-3-768x767.jpg 768w, http:\/\/einsiedel-architekten.de\/cms\/wp-content\/uploads\/2019\/12\/2011-Silberburg-perspektive-3-500x500.jpg 500w, http:\/\/einsiedel-architekten.de\/cms\/wp-content\/uploads\/2019\/12\/2011-Silberburg-perspektive-3-800x800.jpg 800w, http:\/\/einsiedel-architekten.de\/cms\/wp-content\/uploads\/2019\/12\/2011-Silberburg-perspektive-3-1280x1280.jpg 1280w, http:\/\/einsiedel-architekten.de\/cms\/wp-content\/uploads\/2019\/12\/2011-Silberburg-perspektive-3-660x660.jpg 660w\" data-sizes=\"auto\" loading=\"eager\">\n\t\t<\/a>\t<\/div>\n<\/div>\n\t<div class=\"vp-portfolio__item-overlay\">\n\t\t\t<a\n\t\thref=\"http:\/\/einsiedel-architekten.de\/cms\/wp-content\/uploads\/2019\/12\/2011-Silberburg-perspektive-3.jpg\"\n\t\ttabindex=\"-1\" class=\"vp-portfolio__item-meta\" aria-label=\"2011 Silberburg perspektive 3\" \t data-rel=\"lightbox-image-1\" data-rl_title=\"\" data-rl_caption=\"\" title=\"\">\n\t\t\t<\/a>\t<\/div>\n\t\t\t\t<\/figure>\n\t\t\t\t\t<\/div>\n\t\t\n\t\t<div\t\tclass=\"vp-portfolio__item-wrap vp-portfolio__item-uid-dcb1f8d8\" data-vp-filter=\"\" \t\t>\n\t\t\t<template class=\"vp-portfolio__item-popup\" data-vp-popup-img=\"http:\/\/einsiedel-architekten.de\/cms\/wp-content\/uploads\/2019\/11\/2011-Silberburg-perspektive-2-1440x1920.jpg\" data-vp-popup-img-srcset=\"http:\/\/einsiedel-architekten.de\/cms\/wp-content\/uploads\/2019\/11\/2011-Silberburg-perspektive-2-1440x1920.jpg 1440w, http:\/\/einsiedel-architekten.de\/cms\/wp-content\/uploads\/2019\/11\/2011-Silberburg-perspektive-2-225x300.jpg 225w, http:\/\/einsiedel-architekten.de\/cms\/wp-content\/uploads\/2019\/11\/2011-Silberburg-perspektive-2-768x1024.jpg 768w, http:\/\/einsiedel-architekten.de\/cms\/wp-content\/uploads\/2019\/11\/2011-Silberburg-perspektive-2-375x500.jpg 375w, http:\/\/einsiedel-architekten.de\/cms\/wp-content\/uploads\/2019\/11\/2011-Silberburg-perspektive-2-600x800.jpg 600w, http:\/\/einsiedel-architekten.de\/cms\/wp-content\/uploads\/2019\/11\/2011-Silberburg-perspektive-2-960x1280.jpg 960w, http:\/\/einsiedel-architekten.de\/cms\/wp-content\/uploads\/2019\/11\/2011-Silberburg-perspektive-2-1152x1536.jpg 1152w, http:\/\/einsiedel-architekten.de\/cms\/wp-content\/uploads\/2019\/11\/2011-Silberburg-perspektive-2-1536x2048.jpg 1536w, http:\/\/einsiedel-architekten.de\/cms\/wp-content\/uploads\/2019\/11\/2011-Silberburg-perspektive-2-495x660.jpg 495w\" data-vp-popup-img-size=\"1440x1920\" data-vp-popup-md-img=\"http:\/\/einsiedel-architekten.de\/cms\/wp-content\/uploads\/2019\/11\/2011-Silberburg-perspektive-2-600x800.jpg\" data-vp-popup-md-img-size=\"600x800\" data-vp-popup-sm-img=\"http:\/\/einsiedel-architekten.de\/cms\/wp-content\/uploads\/2019\/11\/2011-Silberburg-perspektive-2-375x500.jpg\" data-vp-popup-sm-img-size=\"375x500\">\n\t<\/template>\n\t\t\t\t\t\t<figure class=\"vp-portfolio__item\">\n\t\t\t\t\n<div class=\"vp-portfolio__item-img-wrap\">\n\t<div class=\"vp-portfolio__item-img\">\n\t\t\t<a\n\t\thref=\"http:\/\/einsiedel-architekten.de\/cms\/wp-content\/uploads\/2019\/11\/2011-Silberburg-perspektive-2-1440x1920.jpg\"\n\t\taria-label=\"2011 Silberburg perspektive 2\" \t data-rel=\"lightbox-image-2\" data-rl_title=\"\" data-rl_caption=\"\" title=\"\">\n\t\n\t\t<noscript><img loading=\"lazy\" decoding=\"async\" width=\"1440\" height=\"1920\" data-skip-lazy src=\"http:\/\/einsiedel-architekten.de\/cms\/wp-content\/uploads\/2019\/11\/2011-Silberburg-perspektive-2-1440x1920.jpg\" class=\"wp-image-1278\" alt=\"\" srcset=\"http:\/\/einsiedel-architekten.de\/cms\/wp-content\/uploads\/2019\/11\/2011-Silberburg-perspektive-2-1440x1920.jpg 1440w, http:\/\/einsiedel-architekten.de\/cms\/wp-content\/uploads\/2019\/11\/2011-Silberburg-perspektive-2-225x300.jpg 225w, http:\/\/einsiedel-architekten.de\/cms\/wp-content\/uploads\/2019\/11\/2011-Silberburg-perspektive-2-768x1024.jpg 768w, http:\/\/einsiedel-architekten.de\/cms\/wp-content\/uploads\/2019\/11\/2011-Silberburg-perspektive-2-375x500.jpg 375w, http:\/\/einsiedel-architekten.de\/cms\/wp-content\/uploads\/2019\/11\/2011-Silberburg-perspektive-2-600x800.jpg 600w, http:\/\/einsiedel-architekten.de\/cms\/wp-content\/uploads\/2019\/11\/2011-Silberburg-perspektive-2-960x1280.jpg 960w, http:\/\/einsiedel-architekten.de\/cms\/wp-content\/uploads\/2019\/11\/2011-Silberburg-perspektive-2-1152x1536.jpg 1152w, http:\/\/einsiedel-architekten.de\/cms\/wp-content\/uploads\/2019\/11\/2011-Silberburg-perspektive-2-1536x2048.jpg 1536w, http:\/\/einsiedel-architekten.de\/cms\/wp-content\/uploads\/2019\/11\/2011-Silberburg-perspektive-2-495x660.jpg 495w\" sizes=\"auto, (max-width: 1440px) 100vw, 1440px\" \/><\/noscript><img decoding=\"async\" width=\"1440\" height=\"1920\" src=\"http:\/\/einsiedel-architekten.de\/cms\/wp-content\/uploads\/2019\/11\/2011-Silberburg-perspektive-2-1440x1920.jpg\" class=\"wp-image-1278 vp-lazyload\" alt srcset=\"data:image\/svg+xml;base64,PHN2ZyB3aWR0aD0iMTQ0MCIgaGVpZ2h0PSIxOTIwIiB2aWV3Qm94PSIwIDAgMTQ0MCAxOTIwIiBmaWxsPSJub25lIiB4bWxucz0iaHR0cDovL3d3dy53My5vcmcvMjAwMC9zdmciPjwvc3ZnPg==\" data-src=\"http:\/\/einsiedel-architekten.de\/cms\/wp-content\/uploads\/2019\/11\/2011-Silberburg-perspektive-2-1440x1920.jpg\" data-srcset=\"http:\/\/einsiedel-architekten.de\/cms\/wp-content\/uploads\/2019\/11\/2011-Silberburg-perspektive-2-1440x1920.jpg 1440w, http:\/\/einsiedel-architekten.de\/cms\/wp-content\/uploads\/2019\/11\/2011-Silberburg-perspektive-2-225x300.jpg 225w, http:\/\/einsiedel-architekten.de\/cms\/wp-content\/uploads\/2019\/11\/2011-Silberburg-perspektive-2-768x1024.jpg 768w, http:\/\/einsiedel-architekten.de\/cms\/wp-content\/uploads\/2019\/11\/2011-Silberburg-perspektive-2-375x500.jpg 375w, http:\/\/einsiedel-architekten.de\/cms\/wp-content\/uploads\/2019\/11\/2011-Silberburg-perspektive-2-600x800.jpg 600w, http:\/\/einsiedel-architekten.de\/cms\/wp-content\/uploads\/2019\/11\/2011-Silberburg-perspektive-2-960x1280.jpg 960w, http:\/\/einsiedel-architekten.de\/cms\/wp-content\/uploads\/2019\/11\/2011-Silberburg-perspektive-2-1152x1536.jpg 1152w, http:\/\/einsiedel-architekten.de\/cms\/wp-content\/uploads\/2019\/11\/2011-Silberburg-perspektive-2-1536x2048.jpg 1536w, http:\/\/einsiedel-architekten.de\/cms\/wp-content\/uploads\/2019\/11\/2011-Silberburg-perspektive-2-495x660.jpg 495w\" data-sizes=\"auto\" loading=\"eager\">\n\t\t<\/a>\t<\/div>\n<\/div>\n\t<div class=\"vp-portfolio__item-overlay\">\n\t\t\t<a\n\t\thref=\"http:\/\/einsiedel-architekten.de\/cms\/wp-content\/uploads\/2019\/11\/2011-Silberburg-perspektive-2-1440x1920.jpg\"\n\t\ttabindex=\"-1\" class=\"vp-portfolio__item-meta\" aria-label=\"2011 Silberburg perspektive 2\" \t data-rel=\"lightbox-image-3\" data-rl_title=\"\" data-rl_caption=\"\" title=\"\">\n\t\t\t<\/a>\t<\/div>\n\t\t\t\t<\/figure>\n\t\t\t\t\t<\/div>\n\t\t\n\t\t<div\t\tclass=\"vp-portfolio__item-wrap vp-portfolio__item-uid-e5a0feb5\" data-vp-filter=\"\" \t\t>\n\t\t\t<template class=\"vp-portfolio__item-popup\" data-vp-popup-img=\"http:\/\/einsiedel-architekten.de\/cms\/wp-content\/uploads\/2019\/11\/2011-Silberburg-grundriss-dg1.jpg\" data-vp-popup-img-srcset=\"http:\/\/einsiedel-architekten.de\/cms\/wp-content\/uploads\/2019\/11\/2011-Silberburg-grundriss-dg1-300x243.jpg 300w, http:\/\/einsiedel-architekten.de\/cms\/wp-content\/uploads\/2019\/11\/2011-Silberburg-grundriss-dg1-1024x829.jpg 1024w, http:\/\/einsiedel-architekten.de\/cms\/wp-content\/uploads\/2019\/11\/2011-Silberburg-grundriss-dg1-768x622.jpg 768w, http:\/\/einsiedel-architekten.de\/cms\/wp-content\/uploads\/2019\/11\/2011-Silberburg-grundriss-dg1-500x405.jpg 500w, http:\/\/einsiedel-architekten.de\/cms\/wp-content\/uploads\/2019\/11\/2011-Silberburg-grundriss-dg1-800x648.jpg 800w, http:\/\/einsiedel-architekten.de\/cms\/wp-content\/uploads\/2019\/11\/2011-Silberburg-grundriss-dg1-1280x1036.jpg 1280w, http:\/\/einsiedel-architekten.de\/cms\/wp-content\/uploads\/2019\/11\/2011-Silberburg-grundriss-dg1-1536x1243.jpg 1536w, http:\/\/einsiedel-architekten.de\/cms\/wp-content\/uploads\/2019\/11\/2011-Silberburg-grundriss-dg1-815x660.jpg 815w\" data-vp-popup-img-size=\"1801x1458\" data-vp-popup-md-img=\"http:\/\/einsiedel-architekten.de\/cms\/wp-content\/uploads\/2019\/11\/2011-Silberburg-grundriss-dg1-800x648.jpg\" data-vp-popup-md-img-size=\"800x648\" data-vp-popup-sm-img=\"http:\/\/einsiedel-architekten.de\/cms\/wp-content\/uploads\/2019\/11\/2011-Silberburg-grundriss-dg1-500x405.jpg\" data-vp-popup-sm-img-size=\"500x405\">\n\t<\/template>\n\t\t\t\t\t\t<figure class=\"vp-portfolio__item\">\n\t\t\t\t\n<div class=\"vp-portfolio__item-img-wrap\">\n\t<div class=\"vp-portfolio__item-img\">\n\t\t\t<a\n\t\thref=\"http:\/\/einsiedel-architekten.de\/cms\/wp-content\/uploads\/2019\/11\/2011-Silberburg-grundriss-dg1.jpg\"\n\t\taria-label=\"2011 Silberburg grundriss dg1\" \t data-rel=\"lightbox-image-4\" data-rl_title=\"\" data-rl_caption=\"\" title=\"\">\n\t\n\t\t<noscript><img loading=\"lazy\" decoding=\"async\" width=\"1801\" height=\"1458\" data-skip-lazy src=\"http:\/\/einsiedel-architekten.de\/cms\/wp-content\/uploads\/2019\/11\/2011-Silberburg-grundriss-dg1.jpg\" class=\"wp-image-1275\" alt=\"\" srcset=\"http:\/\/einsiedel-architekten.de\/cms\/wp-content\/uploads\/2019\/11\/2011-Silberburg-grundriss-dg1-300x243.jpg 300w, http:\/\/einsiedel-architekten.de\/cms\/wp-content\/uploads\/2019\/11\/2011-Silberburg-grundriss-dg1-1024x829.jpg 1024w, http:\/\/einsiedel-architekten.de\/cms\/wp-content\/uploads\/2019\/11\/2011-Silberburg-grundriss-dg1-768x622.jpg 768w, http:\/\/einsiedel-architekten.de\/cms\/wp-content\/uploads\/2019\/11\/2011-Silberburg-grundriss-dg1-500x405.jpg 500w, http:\/\/einsiedel-architekten.de\/cms\/wp-content\/uploads\/2019\/11\/2011-Silberburg-grundriss-dg1-800x648.jpg 800w, http:\/\/einsiedel-architekten.de\/cms\/wp-content\/uploads\/2019\/11\/2011-Silberburg-grundriss-dg1-1280x1036.jpg 1280w, http:\/\/einsiedel-architekten.de\/cms\/wp-content\/uploads\/2019\/11\/2011-Silberburg-grundriss-dg1-1536x1243.jpg 1536w, http:\/\/einsiedel-architekten.de\/cms\/wp-content\/uploads\/2019\/11\/2011-Silberburg-grundriss-dg1-815x660.jpg 815w\" sizes=\"auto, (max-width: 1801px) 100vw, 1801px\" \/><\/noscript><img decoding=\"async\" width=\"1801\" height=\"1458\" src=\"http:\/\/einsiedel-architekten.de\/cms\/wp-content\/uploads\/2019\/11\/2011-Silberburg-grundriss-dg1.jpg\" class=\"wp-image-1275 vp-lazyload\" alt srcset=\"data:image\/svg+xml;base64,PHN2ZyB3aWR0aD0iMTgwMSIgaGVpZ2h0PSIxNDU4IiB2aWV3Qm94PSIwIDAgMTgwMSAxNDU4IiBmaWxsPSJub25lIiB4bWxucz0iaHR0cDovL3d3dy53My5vcmcvMjAwMC9zdmciPjwvc3ZnPg==\" data-src=\"http:\/\/einsiedel-architekten.de\/cms\/wp-content\/uploads\/2019\/11\/2011-Silberburg-grundriss-dg1.jpg\" data-srcset=\"http:\/\/einsiedel-architekten.de\/cms\/wp-content\/uploads\/2019\/11\/2011-Silberburg-grundriss-dg1-300x243.jpg 300w, http:\/\/einsiedel-architekten.de\/cms\/wp-content\/uploads\/2019\/11\/2011-Silberburg-grundriss-dg1-1024x829.jpg 1024w, http:\/\/einsiedel-architekten.de\/cms\/wp-content\/uploads\/2019\/11\/2011-Silberburg-grundriss-dg1-768x622.jpg 768w, http:\/\/einsiedel-architekten.de\/cms\/wp-content\/uploads\/2019\/11\/2011-Silberburg-grundriss-dg1-500x405.jpg 500w, http:\/\/einsiedel-architekten.de\/cms\/wp-content\/uploads\/2019\/11\/2011-Silberburg-grundriss-dg1-800x648.jpg 800w, http:\/\/einsiedel-architekten.de\/cms\/wp-content\/uploads\/2019\/11\/2011-Silberburg-grundriss-dg1-1280x1036.jpg 1280w, http:\/\/einsiedel-architekten.de\/cms\/wp-content\/uploads\/2019\/11\/2011-Silberburg-grundriss-dg1-1536x1243.jpg 1536w, http:\/\/einsiedel-architekten.de\/cms\/wp-content\/uploads\/2019\/11\/2011-Silberburg-grundriss-dg1-815x660.jpg 815w\" data-sizes=\"auto\" loading=\"eager\">\n\t\t<\/a>\t<\/div>\n<\/div>\n\t<div class=\"vp-portfolio__item-overlay\">\n\t\t\t<a\n\t\thref=\"http:\/\/einsiedel-architekten.de\/cms\/wp-content\/uploads\/2019\/11\/2011-Silberburg-grundriss-dg1.jpg\"\n\t\ttabindex=\"-1\" class=\"vp-portfolio__item-meta\" aria-label=\"2011 Silberburg grundriss dg1\" \t data-rel=\"lightbox-image-5\" data-rl_title=\"\" data-rl_caption=\"\" title=\"\">\n\t\t\t<\/a>\t<\/div>\n\t\t\t\t<\/figure>\n\t\t\t\t\t<\/div>\n\t\t\n\t\t<div\t\tclass=\"vp-portfolio__item-wrap vp-portfolio__item-uid-31a37230\" data-vp-filter=\"\" \t\t>\n\t\t\t<template class=\"vp-portfolio__item-popup\" data-vp-popup-img=\"http:\/\/einsiedel-architekten.de\/cms\/wp-content\/uploads\/2019\/11\/2011-Silberburg-grundriss-dg.jpg\" data-vp-popup-img-srcset=\"http:\/\/einsiedel-architekten.de\/cms\/wp-content\/uploads\/2019\/11\/2011-Silberburg-grundriss-dg.jpg 1517w, http:\/\/einsiedel-architekten.de\/cms\/wp-content\/uploads\/2019\/11\/2011-Silberburg-grundriss-dg-300x278.jpg 300w, http:\/\/einsiedel-architekten.de\/cms\/wp-content\/uploads\/2019\/11\/2011-Silberburg-grundriss-dg-1024x949.jpg 1024w, http:\/\/einsiedel-architekten.de\/cms\/wp-content\/uploads\/2019\/11\/2011-Silberburg-grundriss-dg-768x712.jpg 768w, http:\/\/einsiedel-architekten.de\/cms\/wp-content\/uploads\/2019\/11\/2011-Silberburg-grundriss-dg-500x463.jpg 500w, http:\/\/einsiedel-architekten.de\/cms\/wp-content\/uploads\/2019\/11\/2011-Silberburg-grundriss-dg-800x741.jpg 800w, http:\/\/einsiedel-architekten.de\/cms\/wp-content\/uploads\/2019\/11\/2011-Silberburg-grundriss-dg-1280x1186.jpg 1280w, http:\/\/einsiedel-architekten.de\/cms\/wp-content\/uploads\/2019\/11\/2011-Silberburg-grundriss-dg-712x660.jpg 712w\" data-vp-popup-img-size=\"1517x1406\" data-vp-popup-md-img=\"http:\/\/einsiedel-architekten.de\/cms\/wp-content\/uploads\/2019\/11\/2011-Silberburg-grundriss-dg-800x741.jpg\" data-vp-popup-md-img-size=\"800x741\" data-vp-popup-sm-img=\"http:\/\/einsiedel-architekten.de\/cms\/wp-content\/uploads\/2019\/11\/2011-Silberburg-grundriss-dg-500x463.jpg\" data-vp-popup-sm-img-size=\"500x463\">\n\t<\/template>\n\t\t\t\t\t\t<figure class=\"vp-portfolio__item\">\n\t\t\t\t\n<div class=\"vp-portfolio__item-img-wrap\">\n\t<div class=\"vp-portfolio__item-img\">\n\t\t\t<a\n\t\thref=\"http:\/\/einsiedel-architekten.de\/cms\/wp-content\/uploads\/2019\/11\/2011-Silberburg-grundriss-dg.jpg\"\n\t\taria-label=\"2011 Silberburg grundriss dg\" \t data-rel=\"lightbox-image-6\" data-rl_title=\"\" data-rl_caption=\"\" title=\"\">\n\t\n\t\t<noscript><img loading=\"lazy\" decoding=\"async\" width=\"1517\" height=\"1406\" data-skip-lazy src=\"http:\/\/einsiedel-architekten.de\/cms\/wp-content\/uploads\/2019\/11\/2011-Silberburg-grundriss-dg.jpg\" class=\"wp-image-1273\" alt=\"\" srcset=\"http:\/\/einsiedel-architekten.de\/cms\/wp-content\/uploads\/2019\/11\/2011-Silberburg-grundriss-dg.jpg 1517w, http:\/\/einsiedel-architekten.de\/cms\/wp-content\/uploads\/2019\/11\/2011-Silberburg-grundriss-dg-300x278.jpg 300w, http:\/\/einsiedel-architekten.de\/cms\/wp-content\/uploads\/2019\/11\/2011-Silberburg-grundriss-dg-1024x949.jpg 1024w, http:\/\/einsiedel-architekten.de\/cms\/wp-content\/uploads\/2019\/11\/2011-Silberburg-grundriss-dg-768x712.jpg 768w, http:\/\/einsiedel-architekten.de\/cms\/wp-content\/uploads\/2019\/11\/2011-Silberburg-grundriss-dg-500x463.jpg 500w, http:\/\/einsiedel-architekten.de\/cms\/wp-content\/uploads\/2019\/11\/2011-Silberburg-grundriss-dg-800x741.jpg 800w, http:\/\/einsiedel-architekten.de\/cms\/wp-content\/uploads\/2019\/11\/2011-Silberburg-grundriss-dg-1280x1186.jpg 1280w, http:\/\/einsiedel-architekten.de\/cms\/wp-content\/uploads\/2019\/11\/2011-Silberburg-grundriss-dg-712x660.jpg 712w\" sizes=\"auto, (max-width: 1517px) 100vw, 1517px\" \/><\/noscript><img decoding=\"async\" width=\"1517\" height=\"1406\" src=\"http:\/\/einsiedel-architekten.de\/cms\/wp-content\/uploads\/2019\/11\/2011-Silberburg-grundriss-dg.jpg\" class=\"wp-image-1273 vp-lazyload\" alt srcset=\"data:image\/svg+xml;base64,PHN2ZyB3aWR0aD0iMTUxNyIgaGVpZ2h0PSIxNDA2IiB2aWV3Qm94PSIwIDAgMTUxNyAxNDA2IiBmaWxsPSJub25lIiB4bWxucz0iaHR0cDovL3d3dy53My5vcmcvMjAwMC9zdmciPjwvc3ZnPg==\" data-src=\"http:\/\/einsiedel-architekten.de\/cms\/wp-content\/uploads\/2019\/11\/2011-Silberburg-grundriss-dg.jpg\" data-srcset=\"http:\/\/einsiedel-architekten.de\/cms\/wp-content\/uploads\/2019\/11\/2011-Silberburg-grundriss-dg.jpg 1517w, http:\/\/einsiedel-architekten.de\/cms\/wp-content\/uploads\/2019\/11\/2011-Silberburg-grundriss-dg-300x278.jpg 300w, http:\/\/einsiedel-architekten.de\/cms\/wp-content\/uploads\/2019\/11\/2011-Silberburg-grundriss-dg-1024x949.jpg 1024w, http:\/\/einsiedel-architekten.de\/cms\/wp-content\/uploads\/2019\/11\/2011-Silberburg-grundriss-dg-768x712.jpg 768w, http:\/\/einsiedel-architekten.de\/cms\/wp-content\/uploads\/2019\/11\/2011-Silberburg-grundriss-dg-500x463.jpg 500w, http:\/\/einsiedel-architekten.de\/cms\/wp-content\/uploads\/2019\/11\/2011-Silberburg-grundriss-dg-800x741.jpg 800w, http:\/\/einsiedel-architekten.de\/cms\/wp-content\/uploads\/2019\/11\/2011-Silberburg-grundriss-dg-1280x1186.jpg 1280w, http:\/\/einsiedel-architekten.de\/cms\/wp-content\/uploads\/2019\/11\/2011-Silberburg-grundriss-dg-712x660.jpg 712w\" data-sizes=\"auto\" loading=\"eager\">\n\t\t<\/a>\t<\/div>\n<\/div>\n\t<div class=\"vp-portfolio__item-overlay\">\n\t\t\t<a\n\t\thref=\"http:\/\/einsiedel-architekten.de\/cms\/wp-content\/uploads\/2019\/11\/2011-Silberburg-grundriss-dg.jpg\"\n\t\ttabindex=\"-1\" class=\"vp-portfolio__item-meta\" aria-label=\"2011 Silberburg grundriss dg\" \t data-rel=\"lightbox-image-7\" data-rl_title=\"\" data-rl_caption=\"\" title=\"\">\n\t\t\t<\/a>\t<\/div>\n\t\t\t\t<\/figure>\n\t\t\t\t\t<\/div>\n\t\t\n\t\t<div\t\tclass=\"vp-portfolio__item-wrap vp-portfolio__item-uid-9d12e355\" data-vp-filter=\"\" \t\t>\n\t\t\t<template class=\"vp-portfolio__item-popup\" data-vp-popup-img=\"http:\/\/einsiedel-architekten.de\/cms\/wp-content\/uploads\/2019\/11\/2011-Silberburg-schnitt-1920x1587.jpg\" data-vp-popup-img-srcset=\"http:\/\/einsiedel-architekten.de\/cms\/wp-content\/uploads\/2019\/11\/2011-Silberburg-schnitt-1920x1587.jpg 1920w, http:\/\/einsiedel-architekten.de\/cms\/wp-content\/uploads\/2019\/11\/2011-Silberburg-schnitt-300x248.jpg 300w, http:\/\/einsiedel-architekten.de\/cms\/wp-content\/uploads\/2019\/11\/2011-Silberburg-schnitt-1024x846.jpg 1024w, http:\/\/einsiedel-architekten.de\/cms\/wp-content\/uploads\/2019\/11\/2011-Silberburg-schnitt-768x635.jpg 768w, http:\/\/einsiedel-architekten.de\/cms\/wp-content\/uploads\/2019\/11\/2011-Silberburg-schnitt-500x413.jpg 500w, http:\/\/einsiedel-architekten.de\/cms\/wp-content\/uploads\/2019\/11\/2011-Silberburg-schnitt-800x661.jpg 800w, http:\/\/einsiedel-architekten.de\/cms\/wp-content\/uploads\/2019\/11\/2011-Silberburg-schnitt-1280x1058.jpg 1280w, http:\/\/einsiedel-architekten.de\/cms\/wp-content\/uploads\/2019\/11\/2011-Silberburg-schnitt-1536x1270.jpg 1536w, http:\/\/einsiedel-architekten.de\/cms\/wp-content\/uploads\/2019\/11\/2011-Silberburg-schnitt-799x660.jpg 799w\" data-vp-popup-img-size=\"1920x1587\" data-vp-popup-md-img=\"http:\/\/einsiedel-architekten.de\/cms\/wp-content\/uploads\/2019\/11\/2011-Silberburg-schnitt-800x661.jpg\" data-vp-popup-md-img-size=\"800x661\" data-vp-popup-sm-img=\"http:\/\/einsiedel-architekten.de\/cms\/wp-content\/uploads\/2019\/11\/2011-Silberburg-schnitt-500x413.jpg\" data-vp-popup-sm-img-size=\"500x413\">\n\t<\/template>\n\t\t\t\t\t\t<figure class=\"vp-portfolio__item\">\n\t\t\t\t\n<div class=\"vp-portfolio__item-img-wrap\">\n\t<div class=\"vp-portfolio__item-img\">\n\t\t\t<a\n\t\thref=\"http:\/\/einsiedel-architekten.de\/cms\/wp-content\/uploads\/2019\/11\/2011-Silberburg-schnitt-1920x1587.jpg\"\n\t\taria-label=\"2011 Silberburg schnitt\" \t data-rel=\"lightbox-image-8\" data-rl_title=\"\" data-rl_caption=\"\" title=\"\">\n\t\n\t\t<noscript><img loading=\"lazy\" decoding=\"async\" width=\"1920\" height=\"1587\" data-skip-lazy src=\"http:\/\/einsiedel-architekten.de\/cms\/wp-content\/uploads\/2019\/11\/2011-Silberburg-schnitt-1920x1587.jpg\" class=\"wp-image-1280\" alt=\"\" srcset=\"http:\/\/einsiedel-architekten.de\/cms\/wp-content\/uploads\/2019\/11\/2011-Silberburg-schnitt-1920x1587.jpg 1920w, http:\/\/einsiedel-architekten.de\/cms\/wp-content\/uploads\/2019\/11\/2011-Silberburg-schnitt-300x248.jpg 300w, http:\/\/einsiedel-architekten.de\/cms\/wp-content\/uploads\/2019\/11\/2011-Silberburg-schnitt-1024x846.jpg 1024w, http:\/\/einsiedel-architekten.de\/cms\/wp-content\/uploads\/2019\/11\/2011-Silberburg-schnitt-768x635.jpg 768w, http:\/\/einsiedel-architekten.de\/cms\/wp-content\/uploads\/2019\/11\/2011-Silberburg-schnitt-500x413.jpg 500w, http:\/\/einsiedel-architekten.de\/cms\/wp-content\/uploads\/2019\/11\/2011-Silberburg-schnitt-800x661.jpg 800w, http:\/\/einsiedel-architekten.de\/cms\/wp-content\/uploads\/2019\/11\/2011-Silberburg-schnitt-1280x1058.jpg 1280w, http:\/\/einsiedel-architekten.de\/cms\/wp-content\/uploads\/2019\/11\/2011-Silberburg-schnitt-1536x1270.jpg 1536w, http:\/\/einsiedel-architekten.de\/cms\/wp-content\/uploads\/2019\/11\/2011-Silberburg-schnitt-799x660.jpg 799w\" sizes=\"auto, (max-width: 1920px) 100vw, 1920px\" \/><\/noscript><img decoding=\"async\" width=\"1920\" height=\"1587\" src=\"http:\/\/einsiedel-architekten.de\/cms\/wp-content\/uploads\/2019\/11\/2011-Silberburg-schnitt-1920x1587.jpg\" class=\"wp-image-1280 vp-lazyload\" alt srcset=\"data:image\/svg+xml;base64,PHN2ZyB3aWR0aD0iMTkyMCIgaGVpZ2h0PSIxNTg3IiB2aWV3Qm94PSIwIDAgMTkyMCAxNTg3IiBmaWxsPSJub25lIiB4bWxucz0iaHR0cDovL3d3dy53My5vcmcvMjAwMC9zdmciPjwvc3ZnPg==\" data-src=\"http:\/\/einsiedel-architekten.de\/cms\/wp-content\/uploads\/2019\/11\/2011-Silberburg-schnitt-1920x1587.jpg\" data-srcset=\"http:\/\/einsiedel-architekten.de\/cms\/wp-content\/uploads\/2019\/11\/2011-Silberburg-schnitt-1920x1587.jpg 1920w, http:\/\/einsiedel-architekten.de\/cms\/wp-content\/uploads\/2019\/11\/2011-Silberburg-schnitt-300x248.jpg 300w, http:\/\/einsiedel-architekten.de\/cms\/wp-content\/uploads\/2019\/11\/2011-Silberburg-schnitt-1024x846.jpg 1024w, http:\/\/einsiedel-architekten.de\/cms\/wp-content\/uploads\/2019\/11\/2011-Silberburg-schnitt-768x635.jpg 768w, http:\/\/einsiedel-architekten.de\/cms\/wp-content\/uploads\/2019\/11\/2011-Silberburg-schnitt-500x413.jpg 500w, http:\/\/einsiedel-architekten.de\/cms\/wp-content\/uploads\/2019\/11\/2011-Silberburg-schnitt-800x661.jpg 800w, http:\/\/einsiedel-architekten.de\/cms\/wp-content\/uploads\/2019\/11\/2011-Silberburg-schnitt-1280x1058.jpg 1280w, http:\/\/einsiedel-architekten.de\/cms\/wp-content\/uploads\/2019\/11\/2011-Silberburg-schnitt-1536x1270.jpg 1536w, http:\/\/einsiedel-architekten.de\/cms\/wp-content\/uploads\/2019\/11\/2011-Silberburg-schnitt-799x660.jpg 799w\" data-sizes=\"auto\" loading=\"eager\">\n\t\t<\/a>\t<\/div>\n<\/div>\n\t<div class=\"vp-portfolio__item-overlay\">\n\t\t\t<a\n\t\thref=\"http:\/\/einsiedel-architekten.de\/cms\/wp-content\/uploads\/2019\/11\/2011-Silberburg-schnitt-1920x1587.jpg\"\n\t\ttabindex=\"-1\" class=\"vp-portfolio__item-meta\" aria-label=\"2011 Silberburg schnitt\" \t data-rel=\"lightbox-image-9\" data-rl_title=\"\" data-rl_caption=\"\" title=\"\">\n\t\t\t<\/a>\t<\/div>\n\t\t\t\t<\/figure>\n\t\t\t\t\t<\/div>\n\t\t\n<\/div>\n\n<div class=\"vp-portfolio__items-arrow vp-portfolio__items-arrow-prev\" tabindex=\"0\" role=\"button\" aria-label=\"Previous Slide\">\n\t\n<svg class=\"vp-svg-icon\" width=\"20\" height=\"20\" viewBox=\"0 0 20 20\" fill=\"none\" xmlns=\"http:\/\/www.w3.org\/2000\/svg\">\n\t<path d=\"M12 4L6 10L12 16\" stroke=\"currentColor\" stroke-width=\"1.5\" stroke-linecap=\"round\" stroke-linejoin=\"round\" fill=\"transparent\" \/>\n<\/svg>\n<\/div>\n<div class=\"vp-portfolio__items-arrow vp-portfolio__items-arrow-next\" tabindex=\"0\" role=\"button\" aria-label=\"Next Slide\">\n\t\n<svg class=\"vp-svg-icon\" width=\"20\" height=\"20\" viewBox=\"0 0 20 20\" fill=\"none\" xmlns=\"http:\/\/www.w3.org\/2000\/svg\">\n\t<path d=\"M8 4L14 10L8 16\" stroke=\"currentColor\" stroke-width=\"1.5\" stroke-linecap=\"round\" stroke-linejoin=\"round\" fill=\"transparent\" \/>\n<\/svg>\n<\/div>\n\n<div class=\"vp-portfolio__items-bullets\"><\/div>\n\t\t<\/div>\n\t\t\n<\/div>\n\n\n\n\n<p><\/p>\n\n\n\n<p style=\"color:#dd890b\" class=\"has-text-color\">SILBERBURG<br>Silberburgstra\u00dfe, 70176 Stuttgart-West<br>Umbau und Aufstockung MFH Silberburgstra\u00dfe<br><br><\/p>\n\n\n\n<p>ECKDATEN<br>Bauherr COPRO-GmbH, Berlin<br>Wohnfl\u00e4che Umbau 4.OG 130 m\u00b2 + Aufstockung DG + Galerie 150 qm<br>Planungs- und Bauzeit 2010-11<br>Baukosten KG 300-400 600 T\u20ac<br><br><\/p>\n\n\n\n<p>Ziel des Umbaus war es, neue und attraktive Wohnfl\u00e4chen im\nbeliebten Stadtviertel Stuttgart-West zu schaffen. Die leerstehende B\u00fcroetage\nim 4.OG des Wohn- und Gesch\u00e4ftshaus der 60er-Jahre konnte zu zwei 3-Zi-Wohnungen\nmit zeitgem\u00e4\u00dfer Ausstattung umgebaut werden. Das flache und nicht ausgebaute\nDach wurde abgebrochen und durch ein neues, h\u00f6heres Dachgescho\u00df ersetzt, in dem\nzwei Wohnungen mit internen Galerien und kleinen Terrassen angeordnet sind. Der\ngeplante Anbau eines Aufzugs am Treppenhaus wurde nicht realisiert.<\/p>\n","protected":false},"excerpt":{"rendered":"<p>SILBERBURGSilberburgstra\u00dfe, 70176 Stuttgart-WestUmbau und Aufstockung MFH Silberburgstra\u00dfe ECKDATENBauherr COPRO-GmbH, BerlinWohnfl\u00e4che Umbau 4.OG 130 m\u00b2 + Aufstockung DG + Galerie 150 qmPlanungs- und Bauzeit 2010-11Baukosten KG 300-400 600 T\u20ac Ziel des Umbaus war es, neue und attraktive Wohnfl\u00e4chen im beliebten Stadtviertel Stuttgart-West zu schaffen. Die leerstehende B\u00fcroetage im 4.OG des Wohn- und Gesch\u00e4ftshaus der 60er-Jahre konnte [&hellip;]<\/p>\n","protected":false},"author":2,"featured_media":0,"parent":0,"menu_order":0,"comment_status":"closed","ping_status":"closed","template":"","meta":{"_vp_format_video_url":"","_vp_image_focal_point":[],"footnotes":""},"folder":[5],"class_list":["post-1274","page","type-page","status-publish","hentry"],"_links":{"self":[{"href":"http:\/\/einsiedel-architekten.de\/cms\/wp-json\/wp\/v2\/pages\/1274","targetHints":{"allow":["GET"]}}],"collection":[{"href":"http:\/\/einsiedel-architekten.de\/cms\/wp-json\/wp\/v2\/pages"}],"about":[{"href":"http:\/\/einsiedel-architekten.de\/cms\/wp-json\/wp\/v2\/types\/page"}],"author":[{"embeddable":true,"href":"http:\/\/einsiedel-architekten.de\/cms\/wp-json\/wp\/v2\/users\/2"}],"replies":[{"embeddable":true,"href":"http:\/\/einsiedel-architekten.de\/cms\/wp-json\/wp\/v2\/comments?post=1274"}],"version-history":[{"count":4,"href":"http:\/\/einsiedel-architekten.de\/cms\/wp-json\/wp\/v2\/pages\/1274\/revisions"}],"predecessor-version":[{"id":1413,"href":"http:\/\/einsiedel-architekten.de\/cms\/wp-json\/wp\/v2\/pages\/1274\/revisions\/1413"}],"wp:attachment":[{"href":"http:\/\/einsiedel-architekten.de\/cms\/wp-json\/wp\/v2\/media?parent=1274"}],"wp:term":[{"taxonomy":"folder","embeddable":true,"href":"http:\/\/einsiedel-architekten.de\/cms\/wp-json\/wp\/v2\/folder?post=1274"}],"curies":[{"name":"wp","href":"https:\/\/api.w.org\/{rel}","templated":true}]}}